{"id":560,"date":"2025-10-31T11:50:16","date_gmt":"2025-10-31T10:50:16","guid":{"rendered":"https:\/\/redesign.imlaufderzeit.de\/?page_id=560"},"modified":"2026-04-05T17:07:12","modified_gmt":"2026-04-05T15:07:12","slug":"frickenhofer-strasse","status":"publish","type":"page","link":"https:\/\/redesign.imlaufderzeit.de\/?page_id=560","title":{"rendered":"Frickenhofer Stra\u00dfe"},"content":{"rendered":"<h2 class=\"wp-block-post-title\">Frickenhofer Stra\u00dfe<\/h2>\n\n\n<figure class=\"wp-block-gallery has-nested-images columns-2 wp-block-gallery-1 is-layout-flex wp-block-gallery-is-layout-flex\">\n<figure data-wp-context=\"{&quot;imageId&quot;:&quot;69edef711e244&quot;}\" data-wp-interactive=\"core\/image\" data-wp-key=\"69edef711e244\" class=\"wp-block-image size-large wp-lightbox-container\"><img loading=\"lazy\" decoding=\"async\" width=\"1024\" height=\"520\" data-wp-class--hide=\"state.isContentHidden\" data-wp-class--show=\"state.isContentVisible\" data-wp-init=\"callbacks.setButtonStyles\" data-wp-on--click=\"actions.showLightbox\" data-wp-on--load=\"callbacks.setButtonStyles\" data-wp-on-window--resize=\"callbacks.setButtonStyles\" data-id=\"100\" src=\"https:\/\/redesign.imlaufderzeit.de\/wp-content\/uploads\/Gschwend_Frickenhofer Str_Nr 04__1938-1024x520.jpg\" alt=\"Gschwend - Frickenhofer Str - Hausnummer 4 - 1938000000\" class=\"wp-image-100\" srcset=\"https:\/\/redesign.imlaufderzeit.de\/wp-content\/uploads\/Gschwend_Frickenhofer%20Str_Nr%2004__1938-1024x520.jpg 1024w, https:\/\/redesign.imlaufderzeit.de\/wp-content\/uploads\/Gschwend_Frickenhofer%20Str_Nr%2004__1938-300x152.jpg 300w, https:\/\/redesign.imlaufderzeit.de\/wp-content\/uploads\/Gschwend_Frickenhofer%20Str_Nr%2004__1938-768x390.jpg 768w, https:\/\/redesign.imlaufderzeit.de\/wp-content\/uploads\/Gschwend_Frickenhofer%20Str_Nr%2004__1938-1536x780.jpg 1536w, https:\/\/redesign.imlaufderzeit.de\/wp-content\/uploads\/Gschwend_Frickenhofer%20Str_Nr%2004__1938.jpg 1920w\" sizes=\"auto, (max-width: 1024px) 100vw, 1024px\" \/><button\n\t\t\tclass=\"lightbox-trigger\"\n\t\t\ttype=\"button\"\n\t\t\taria-haspopup=\"dialog\"\n\t\t\taria-label=\"Vergr\u00f6\u00dfern\"\n\t\t\tdata-wp-init=\"callbacks.initTriggerButton\"\n\t\t\tdata-wp-on--click=\"actions.showLightbox\"\n\t\t\tdata-wp-style--right=\"state.imageButtonRight\"\n\t\t\tdata-wp-style--top=\"state.imageButtonTop\"\n\t\t>\n\t\t\t<svg xmlns=\"http:\/\/www.w3.org\/2000\/svg\" width=\"12\" height=\"12\" fill=\"none\" viewBox=\"0 0 12 12\">\n\t\t\t\t<path fill=\"#fff\" d=\"M2 0a2 2 0 0 0-2 2v2h1.5V2a.5.5 0 0 1 .5-.5h2V0H2Zm2 10.5H2a.5.5 0 0 1-.5-.5V8H0v2a2 2 0 0 0 2 2h2v-1.5ZM8 12v-1.5h2a.5.5 0 0 0 .5-.5V8H12v2a2 2 0 0 1-2 2H8Zm2-12a2 2 0 0 1 2 2v2h-1.5V2a.5.5 0 0 0-.5-.5H8V0h2Z\" \/>\n\t\t\t<\/svg>\n\t\t<\/button><figcaption class=\"wp-element-caption\">Gschwend &#8211; Frickenhofer Str &#8211; Hausnummer 4 &#8211; 1938<br>Der Schafstall des R\u00f6ssle wurde zu der Zeit in den Gemischwarenladen Bursiek umgebaut.<br>Rechts die R\u00f6sslesscheuer.<\/figcaption><\/figure>\n\n\n\n<figure data-wp-context=\"{&quot;imageId&quot;:&quot;69edef711e7de&quot;}\" data-wp-interactive=\"core\/image\" data-wp-key=\"69edef711e7de\" class=\"wp-block-image size-large wp-lightbox-container\"><img loading=\"lazy\" decoding=\"async\" width=\"1024\" height=\"652\" data-wp-class--hide=\"state.isContentHidden\" data-wp-class--show=\"state.isContentVisible\" data-wp-init=\"callbacks.setButtonStyles\" data-wp-on--click=\"actions.showLightbox\" data-wp-on--load=\"callbacks.setButtonStyles\" data-wp-on-window--resize=\"callbacks.setButtonStyles\" data-id=\"101\" src=\"https:\/\/redesign.imlaufderzeit.de\/wp-content\/uploads\/Gschwend_Frickenhofer Str_Nr 04__anlaegle_1960-1024x652.jpg\" alt=\"Gschwend - Frickenhofer Str - Hausnummer 4 - 1960000000\" class=\"wp-image-101\" srcset=\"https:\/\/redesign.imlaufderzeit.de\/wp-content\/uploads\/Gschwend_Frickenhofer%20Str_Nr%2004__anlaegle_1960-1024x652.jpg 1024w, https:\/\/redesign.imlaufderzeit.de\/wp-content\/uploads\/Gschwend_Frickenhofer%20Str_Nr%2004__anlaegle_1960-300x191.jpg 300w, https:\/\/redesign.imlaufderzeit.de\/wp-content\/uploads\/Gschwend_Frickenhofer%20Str_Nr%2004__anlaegle_1960-768x489.jpg 768w, https:\/\/redesign.imlaufderzeit.de\/wp-content\/uploads\/Gschwend_Frickenhofer%20Str_Nr%2004__anlaegle_1960-1536x978.jpg 1536w, https:\/\/redesign.imlaufderzeit.de\/wp-content\/uploads\/Gschwend_Frickenhofer%20Str_Nr%2004__anlaegle_1960.jpg 1920w\" sizes=\"auto, (max-width: 1024px) 100vw, 1024px\" \/><button\n\t\t\tclass=\"lightbox-trigger\"\n\t\t\ttype=\"button\"\n\t\t\taria-haspopup=\"dialog\"\n\t\t\taria-label=\"Vergr\u00f6\u00dfern\"\n\t\t\tdata-wp-init=\"callbacks.initTriggerButton\"\n\t\t\tdata-wp-on--click=\"actions.showLightbox\"\n\t\t\tdata-wp-style--right=\"state.imageButtonRight\"\n\t\t\tdata-wp-style--top=\"state.imageButtonTop\"\n\t\t>\n\t\t\t<svg xmlns=\"http:\/\/www.w3.org\/2000\/svg\" width=\"12\" height=\"12\" fill=\"none\" viewBox=\"0 0 12 12\">\n\t\t\t\t<path fill=\"#fff\" d=\"M2 0a2 2 0 0 0-2 2v2h1.5V2a.5.5 0 0 1 .5-.5h2V0H2Zm2 10.5H2a.5.5 0 0 1-.5-.5V8H0v2a2 2 0 0 0 2 2h2v-1.5ZM8 12v-1.5h2a.5.5 0 0 0 .5-.5V8H12v2a2 2 0 0 1-2 2H8Zm2-12a2 2 0 0 1 2 2v2h-1.5V2a.5.5 0 0 0-.5-.5H8V0h2Z\" \/>\n\t\t\t<\/svg>\n\t\t<\/button><figcaption class=\"wp-element-caption\">Gschwend &#8211; Frickenhofer Str &#8211; Hausnummer 4 &#8211; 1960<br>Das legend\u00e4re Anl\u00e4gle zwischen Haus Moll und Haus Wahlenbeck. <br>Im Hintergrund links R\u00f6ssle, Bursiek und Garagen von Bursiek<\/figcaption><\/figure>\n\n\n\n<figure data-wp-context=\"{&quot;imageId&quot;:&quot;69edef711ecc0&quot;}\" data-wp-interactive=\"core\/image\" data-wp-key=\"69edef711ecc0\" class=\"wp-block-image size-large wp-lightbox-container\"><img loading=\"lazy\" decoding=\"async\" width=\"1024\" height=\"685\" data-wp-class--hide=\"state.isContentHidden\" data-wp-class--show=\"state.isContentVisible\" data-wp-init=\"callbacks.setButtonStyles\" data-wp-on--click=\"actions.showLightbox\" data-wp-on--load=\"callbacks.setButtonStyles\" data-wp-on-window--resize=\"callbacks.setButtonStyles\" data-id=\"96\" src=\"https:\/\/redesign.imlaufderzeit.de\/wp-content\/uploads\/Gschwend_Frickenhofer Str_Nr 04__01-1024x685.jpg\" alt=\"Gschwend - Frickenhofer Str - Hausnummer 4 - 2007000000\" class=\"wp-image-96\" srcset=\"https:\/\/redesign.imlaufderzeit.de\/wp-content\/uploads\/Gschwend_Frickenhofer%20Str_Nr%2004__01-1024x685.jpg 1024w, https:\/\/redesign.imlaufderzeit.de\/wp-content\/uploads\/Gschwend_Frickenhofer%20Str_Nr%2004__01-300x201.jpg 300w, https:\/\/redesign.imlaufderzeit.de\/wp-content\/uploads\/Gschwend_Frickenhofer%20Str_Nr%2004__01-768x514.jpg 768w, https:\/\/redesign.imlaufderzeit.de\/wp-content\/uploads\/Gschwend_Frickenhofer%20Str_Nr%2004__01-1536x1028.jpg 1536w, https:\/\/redesign.imlaufderzeit.de\/wp-content\/uploads\/Gschwend_Frickenhofer%20Str_Nr%2004__01.JPG 1920w\" sizes=\"auto, (max-width: 1024px) 100vw, 1024px\" \/><button\n\t\t\tclass=\"lightbox-trigger\"\n\t\t\ttype=\"button\"\n\t\t\taria-haspopup=\"dialog\"\n\t\t\taria-label=\"Vergr\u00f6\u00dfern\"\n\t\t\tdata-wp-init=\"callbacks.initTriggerButton\"\n\t\t\tdata-wp-on--click=\"actions.showLightbox\"\n\t\t\tdata-wp-style--right=\"state.imageButtonRight\"\n\t\t\tdata-wp-style--top=\"state.imageButtonTop\"\n\t\t>\n\t\t\t<svg xmlns=\"http:\/\/www.w3.org\/2000\/svg\" width=\"12\" height=\"12\" fill=\"none\" viewBox=\"0 0 12 12\">\n\t\t\t\t<path fill=\"#fff\" d=\"M2 0a2 2 0 0 0-2 2v2h1.5V2a.5.5 0 0 1 .5-.5h2V0H2Zm2 10.5H2a.5.5 0 0 1-.5-.5V8H0v2a2 2 0 0 0 2 2h2v-1.5ZM8 12v-1.5h2a.5.5 0 0 0 .5-.5V8H12v2a2 2 0 0 1-2 2H8Zm2-12a2 2 0 0 1 2 2v2h-1.5V2a.5.5 0 0 0-.5-.5H8V0h2Z\" \/>\n\t\t\t<\/svg>\n\t\t<\/button><figcaption class=\"wp-element-caption\">Gschwend &#8211; Frickenhofer Str &#8211; Hausnummer 4 &#8211; 2007<br>Fr\u00fcher Textil-, Spielwaren ( M\u00e4rklin, Lego, Playmobil usw. ) Bursiek.<br>Zu dieser Zeit Betten Schmidt u. Schlecker. <br>Foto Klaus Ockert<\/figcaption><\/figure>\n\n\n\n<figure data-wp-context=\"{&quot;imageId&quot;:&quot;69edef711f148&quot;}\" data-wp-interactive=\"core\/image\" data-wp-key=\"69edef711f148\" class=\"wp-block-image size-large wp-lightbox-container\"><img loading=\"lazy\" decoding=\"async\" width=\"1024\" height=\"685\" data-wp-class--hide=\"state.isContentHidden\" data-wp-class--show=\"state.isContentVisible\" data-wp-init=\"callbacks.setButtonStyles\" data-wp-on--click=\"actions.showLightbox\" data-wp-on--load=\"callbacks.setButtonStyles\" data-wp-on-window--resize=\"callbacks.setButtonStyles\" data-id=\"98\" src=\"https:\/\/redesign.imlaufderzeit.de\/wp-content\/uploads\/Gschwend_Frickenhofer Str_Nr 04__03-1024x685.jpg\" alt=\"Gschwend - Frickenhofer Str - Hausnummer 4 - 2007000000\" class=\"wp-image-98\" srcset=\"https:\/\/redesign.imlaufderzeit.de\/wp-content\/uploads\/Gschwend_Frickenhofer%20Str_Nr%2004__03-1024x685.jpg 1024w, https:\/\/redesign.imlaufderzeit.de\/wp-content\/uploads\/Gschwend_Frickenhofer%20Str_Nr%2004__03-300x201.jpg 300w, https:\/\/redesign.imlaufderzeit.de\/wp-content\/uploads\/Gschwend_Frickenhofer%20Str_Nr%2004__03-768x514.jpg 768w, https:\/\/redesign.imlaufderzeit.de\/wp-content\/uploads\/Gschwend_Frickenhofer%20Str_Nr%2004__03-1536x1028.jpg 1536w, https:\/\/redesign.imlaufderzeit.de\/wp-content\/uploads\/Gschwend_Frickenhofer%20Str_Nr%2004__03.JPG 1920w\" sizes=\"auto, (max-width: 1024px) 100vw, 1024px\" \/><button\n\t\t\tclass=\"lightbox-trigger\"\n\t\t\ttype=\"button\"\n\t\t\taria-haspopup=\"dialog\"\n\t\t\taria-label=\"Vergr\u00f6\u00dfern\"\n\t\t\tdata-wp-init=\"callbacks.initTriggerButton\"\n\t\t\tdata-wp-on--click=\"actions.showLightbox\"\n\t\t\tdata-wp-style--right=\"state.imageButtonRight\"\n\t\t\tdata-wp-style--top=\"state.imageButtonTop\"\n\t\t>\n\t\t\t<svg xmlns=\"http:\/\/www.w3.org\/2000\/svg\" width=\"12\" height=\"12\" fill=\"none\" viewBox=\"0 0 12 12\">\n\t\t\t\t<path fill=\"#fff\" d=\"M2 0a2 2 0 0 0-2 2v2h1.5V2a.5.5 0 0 1 .5-.5h2V0H2Zm2 10.5H2a.5.5 0 0 1-.5-.5V8H0v2a2 2 0 0 0 2 2h2v-1.5ZM8 12v-1.5h2a.5.5 0 0 0 .5-.5V8H12v2a2 2 0 0 1-2 2H8Zm2-12a2 2 0 0 1 2 2v2h-1.5V2a.5.5 0 0 0-.5-.5H8V0h2Z\" \/>\n\t\t\t<\/svg>\n\t\t<\/button><figcaption class=\"wp-element-caption\">Gschwend &#8211; Frickenhofer Str &#8211; Hausnummer 4 &#8211; 2007<br>Fr\u00fcher Textil-, Spielwaren ( M\u00e4rklin, Lego, Playmobil usw. ) Bursiek.<br>Zu dieser Zeit Betten Schmidt u. Schlecker. <br>Foto Klaus Ockert<\/figcaption><\/figure>\n\n\n\n<figure data-wp-context=\"{&quot;imageId&quot;:&quot;69edef711f5b7&quot;}\" data-wp-interactive=\"core\/image\" data-wp-key=\"69edef711f5b7\" class=\"wp-block-image size-large wp-lightbox-container\"><img loading=\"lazy\" decoding=\"async\" width=\"1024\" height=\"685\" data-wp-class--hide=\"state.isContentHidden\" data-wp-class--show=\"state.isContentVisible\" data-wp-init=\"callbacks.setButtonStyles\" data-wp-on--click=\"actions.showLightbox\" data-wp-on--load=\"callbacks.setButtonStyles\" data-wp-on-window--resize=\"callbacks.setButtonStyles\" data-id=\"99\" src=\"https:\/\/redesign.imlaufderzeit.de\/wp-content\/uploads\/Gschwend_Frickenhofer Str_Nr 04__04-1024x685.jpg\" alt=\"Gschwend - Frickenhofer Str - Hausnummer 4 - 2007000000\" class=\"wp-image-99\" srcset=\"https:\/\/redesign.imlaufderzeit.de\/wp-content\/uploads\/Gschwend_Frickenhofer%20Str_Nr%2004__04-1024x685.jpg 1024w, https:\/\/redesign.imlaufderzeit.de\/wp-content\/uploads\/Gschwend_Frickenhofer%20Str_Nr%2004__04-300x201.jpg 300w, https:\/\/redesign.imlaufderzeit.de\/wp-content\/uploads\/Gschwend_Frickenhofer%20Str_Nr%2004__04-768x514.jpg 768w, https:\/\/redesign.imlaufderzeit.de\/wp-content\/uploads\/Gschwend_Frickenhofer%20Str_Nr%2004__04-1536x1028.jpg 1536w, https:\/\/redesign.imlaufderzeit.de\/wp-content\/uploads\/Gschwend_Frickenhofer%20Str_Nr%2004__04.JPG 1920w\" sizes=\"auto, (max-width: 1024px) 100vw, 1024px\" \/><button\n\t\t\tclass=\"lightbox-trigger\"\n\t\t\ttype=\"button\"\n\t\t\taria-haspopup=\"dialog\"\n\t\t\taria-label=\"Vergr\u00f6\u00dfern\"\n\t\t\tdata-wp-init=\"callbacks.initTriggerButton\"\n\t\t\tdata-wp-on--click=\"actions.showLightbox\"\n\t\t\tdata-wp-style--right=\"state.imageButtonRight\"\n\t\t\tdata-wp-style--top=\"state.imageButtonTop\"\n\t\t>\n\t\t\t<svg xmlns=\"http:\/\/www.w3.org\/2000\/svg\" width=\"12\" height=\"12\" fill=\"none\" viewBox=\"0 0 12 12\">\n\t\t\t\t<path fill=\"#fff\" d=\"M2 0a2 2 0 0 0-2 2v2h1.5V2a.5.5 0 0 1 .5-.5h2V0H2Zm2 10.5H2a.5.5 0 0 1-.5-.5V8H0v2a2 2 0 0 0 2 2h2v-1.5ZM8 12v-1.5h2a.5.5 0 0 0 .5-.5V8H12v2a2 2 0 0 1-2 2H8Zm2-12a2 2 0 0 1 2 2v2h-1.5V2a.5.5 0 0 0-.5-.5H8V0h2Z\" \/>\n\t\t\t<\/svg>\n\t\t<\/button><figcaption class=\"wp-element-caption\">Gschwend &#8211; Frickenhofer Str &#8211; Hausnummer 4 &#8211; 2007<br>Fr\u00fcher Textil-, Spielwaren ( M\u00e4rklin, Lego, Playmobil usw. ) Bursiek. <br>Foto Klaus Ockert<br><\/figcaption><\/figure>\n\n\n\n<figure data-wp-context=\"{&quot;imageId&quot;:&quot;69edef711fa39&quot;}\" data-wp-interactive=\"core\/image\" data-wp-key=\"69edef711fa39\" class=\"wp-block-image size-large wp-lightbox-container\"><img loading=\"lazy\" decoding=\"async\" width=\"1024\" height=\"685\" data-wp-class--hide=\"state.isContentHidden\" data-wp-class--show=\"state.isContentVisible\" data-wp-init=\"callbacks.setButtonStyles\" data-wp-on--click=\"actions.showLightbox\" data-wp-on--load=\"callbacks.setButtonStyles\" data-wp-on-window--resize=\"callbacks.setButtonStyles\" data-id=\"97\" src=\"https:\/\/redesign.imlaufderzeit.de\/wp-content\/uploads\/Gschwend_Frickenhofer Str_Nr 04__02-1024x685.jpg\" alt=\"Gschwend - Frickenhofer Str - Hausnummer 4 - 2007000000\" class=\"wp-image-97\" srcset=\"https:\/\/redesign.imlaufderzeit.de\/wp-content\/uploads\/Gschwend_Frickenhofer%20Str_Nr%2004__02-1024x685.jpg 1024w, https:\/\/redesign.imlaufderzeit.de\/wp-content\/uploads\/Gschwend_Frickenhofer%20Str_Nr%2004__02-300x201.jpg 300w, https:\/\/redesign.imlaufderzeit.de\/wp-content\/uploads\/Gschwend_Frickenhofer%20Str_Nr%2004__02-768x514.jpg 768w, https:\/\/redesign.imlaufderzeit.de\/wp-content\/uploads\/Gschwend_Frickenhofer%20Str_Nr%2004__02-1536x1028.jpg 1536w, https:\/\/redesign.imlaufderzeit.de\/wp-content\/uploads\/Gschwend_Frickenhofer%20Str_Nr%2004__02.JPG 1920w\" sizes=\"auto, (max-width: 1024px) 100vw, 1024px\" \/><button\n\t\t\tclass=\"lightbox-trigger\"\n\t\t\ttype=\"button\"\n\t\t\taria-haspopup=\"dialog\"\n\t\t\taria-label=\"Vergr\u00f6\u00dfern\"\n\t\t\tdata-wp-init=\"callbacks.initTriggerButton\"\n\t\t\tdata-wp-on--click=\"actions.showLightbox\"\n\t\t\tdata-wp-style--right=\"state.imageButtonRight\"\n\t\t\tdata-wp-style--top=\"state.imageButtonTop\"\n\t\t>\n\t\t\t<svg xmlns=\"http:\/\/www.w3.org\/2000\/svg\" width=\"12\" height=\"12\" fill=\"none\" viewBox=\"0 0 12 12\">\n\t\t\t\t<path fill=\"#fff\" d=\"M2 0a2 2 0 0 0-2 2v2h1.5V2a.5.5 0 0 1 .5-.5h2V0H2Zm2 10.5H2a.5.5 0 0 1-.5-.5V8H0v2a2 2 0 0 0 2 2h2v-1.5ZM8 12v-1.5h2a.5.5 0 0 0 .5-.5V8H12v2a2 2 0 0 1-2 2H8Zm2-12a2 2 0 0 1 2 2v2h-1.5V2a.5.5 0 0 0-.5-.5H8V0h2Z\" \/>\n\t\t\t<\/svg>\n\t\t<\/button><figcaption class=\"wp-element-caption\">Gschwend &#8211; Frickenhofer Str &#8211; Hausnummer 4 &#8211; 2007<br>Von hinten. <br>Foto Klaus Ockert<\/figcaption><\/figure>\n\n\n\n<figure data-wp-context=\"{&quot;imageId&quot;:&quot;69edef711feb1&quot;}\" data-wp-interactive=\"core\/image\" data-wp-key=\"69edef711feb1\" class=\"wp-block-image size-large wp-lightbox-container\"><img loading=\"lazy\" decoding=\"async\" width=\"1024\" height=\"683\" data-wp-class--hide=\"state.isContentHidden\" data-wp-class--show=\"state.isContentVisible\" data-wp-init=\"callbacks.setButtonStyles\" data-wp-on--click=\"actions.showLightbox\" data-wp-on--load=\"callbacks.setButtonStyles\" data-wp-on-window--resize=\"callbacks.setButtonStyles\" data-id=\"102\" src=\"https:\/\/redesign.imlaufderzeit.de\/wp-content\/uploads\/Gschwend_Frickenhofer Str_Nr 05-1__IMG_7034-1024x683.jpg\" alt=\"Gschwend - Frickenhofer Str - Hausnummer 4 - 2014000000\" class=\"wp-image-102\" srcset=\"https:\/\/redesign.imlaufderzeit.de\/wp-content\/uploads\/Gschwend_Frickenhofer%20Str_Nr%2005-1__IMG_7034-1024x683.jpg 1024w, https:\/\/redesign.imlaufderzeit.de\/wp-content\/uploads\/Gschwend_Frickenhofer%20Str_Nr%2005-1__IMG_7034-300x200.jpg 300w, https:\/\/redesign.imlaufderzeit.de\/wp-content\/uploads\/Gschwend_Frickenhofer%20Str_Nr%2005-1__IMG_7034-768x512.jpg 768w, https:\/\/redesign.imlaufderzeit.de\/wp-content\/uploads\/Gschwend_Frickenhofer%20Str_Nr%2005-1__IMG_7034-1536x1024.jpg 1536w, https:\/\/redesign.imlaufderzeit.de\/wp-content\/uploads\/Gschwend_Frickenhofer%20Str_Nr%2005-1__IMG_7034.JPG 1920w\" sizes=\"auto, (max-width: 1024px) 100vw, 1024px\" \/><button\n\t\t\tclass=\"lightbox-trigger\"\n\t\t\ttype=\"button\"\n\t\t\taria-haspopup=\"dialog\"\n\t\t\taria-label=\"Vergr\u00f6\u00dfern\"\n\t\t\tdata-wp-init=\"callbacks.initTriggerButton\"\n\t\t\tdata-wp-on--click=\"actions.showLightbox\"\n\t\t\tdata-wp-style--right=\"state.imageButtonRight\"\n\t\t\tdata-wp-style--top=\"state.imageButtonTop\"\n\t\t>\n\t\t\t<svg xmlns=\"http:\/\/www.w3.org\/2000\/svg\" width=\"12\" height=\"12\" fill=\"none\" viewBox=\"0 0 12 12\">\n\t\t\t\t<path fill=\"#fff\" d=\"M2 0a2 2 0 0 0-2 2v2h1.5V2a.5.5 0 0 1 .5-.5h2V0H2Zm2 10.5H2a.5.5 0 0 1-.5-.5V8H0v2a2 2 0 0 0 2 2h2v-1.5ZM8 12v-1.5h2a.5.5 0 0 0 .5-.5V8H12v2a2 2 0 0 1-2 2H8Zm2-12a2 2 0 0 1 2 2v2h-1.5V2a.5.5 0 0 0-.5-.5H8V0h2Z\" \/>\n\t\t\t<\/svg>\n\t\t<\/button><figcaption class=\"wp-element-caption\">Gschwend &#8211; Frickenhofer Str &#8211; Hausnummer 5-1 &#8211; 2014<br>Trafostation der EnBw <br>Foto Klaus Ockert<\/figcaption><\/figure>\n\n\n\n<figure data-wp-context=\"{&quot;imageId&quot;:&quot;69edef7120304&quot;}\" data-wp-interactive=\"core\/image\" data-wp-key=\"69edef7120304\" class=\"wp-block-image size-large wp-lightbox-container\"><img loading=\"lazy\" decoding=\"async\" width=\"1024\" height=\"683\" data-wp-class--hide=\"state.isContentHidden\" data-wp-class--show=\"state.isContentVisible\" data-wp-init=\"callbacks.setButtonStyles\" data-wp-on--click=\"actions.showLightbox\" data-wp-on--load=\"callbacks.setButtonStyles\" data-wp-on-window--resize=\"callbacks.setButtonStyles\" data-id=\"108\" src=\"https:\/\/redesign.imlaufderzeit.de\/wp-content\/uploads\/Gschwend_Frickenhofer Str_Nr 07__hasenstall-1024x683.jpg\" alt=\"Gschwend - Frickenhofer Str - Hausnummer 7 - 1954000000\" class=\"wp-image-108\" srcset=\"https:\/\/redesign.imlaufderzeit.de\/wp-content\/uploads\/Gschwend_Frickenhofer%20Str_Nr%2007__hasenstall-1024x683.jpg 1024w, https:\/\/redesign.imlaufderzeit.de\/wp-content\/uploads\/Gschwend_Frickenhofer%20Str_Nr%2007__hasenstall-300x200.jpg 300w, https:\/\/redesign.imlaufderzeit.de\/wp-content\/uploads\/Gschwend_Frickenhofer%20Str_Nr%2007__hasenstall-768x512.jpg 768w, https:\/\/redesign.imlaufderzeit.de\/wp-content\/uploads\/Gschwend_Frickenhofer%20Str_Nr%2007__hasenstall-1536x1025.jpg 1536w, https:\/\/redesign.imlaufderzeit.de\/wp-content\/uploads\/Gschwend_Frickenhofer%20Str_Nr%2007__hasenstall.jpg 1920w\" sizes=\"auto, (max-width: 1024px) 100vw, 1024px\" \/><button\n\t\t\tclass=\"lightbox-trigger\"\n\t\t\ttype=\"button\"\n\t\t\taria-haspopup=\"dialog\"\n\t\t\taria-label=\"Vergr\u00f6\u00dfern\"\n\t\t\tdata-wp-init=\"callbacks.initTriggerButton\"\n\t\t\tdata-wp-on--click=\"actions.showLightbox\"\n\t\t\tdata-wp-style--right=\"state.imageButtonRight\"\n\t\t\tdata-wp-style--top=\"state.imageButtonTop\"\n\t\t>\n\t\t\t<svg xmlns=\"http:\/\/www.w3.org\/2000\/svg\" width=\"12\" height=\"12\" fill=\"none\" viewBox=\"0 0 12 12\">\n\t\t\t\t<path fill=\"#fff\" d=\"M2 0a2 2 0 0 0-2 2v2h1.5V2a.5.5 0 0 1 .5-.5h2V0H2Zm2 10.5H2a.5.5 0 0 1-.5-.5V8H0v2a2 2 0 0 0 2 2h2v-1.5ZM8 12v-1.5h2a.5.5 0 0 0 .5-.5V8H12v2a2 2 0 0 1-2 2H8Zm2-12a2 2 0 0 1 2 2v2h-1.5V2a.5.5 0 0 0-.5-.5H8V0h2Z\" \/>\n\t\t\t<\/svg>\n\t\t<\/button><figcaption class=\"wp-element-caption\">Gschwend &#8211; Frickenhofer Str &#8211; Hausnummer 7 &#8211; 1954<br>Kastanienw\u00e4ldchen zwischen Nr 9 und Nummer 7. <br>Hier hatte die Familie Sczencny einen gro\u00dfen Hasenstall.<br><\/figcaption><\/figure>\n\n\n\n<figure data-wp-context=\"{&quot;imageId&quot;:&quot;69edef712075a&quot;}\" data-wp-interactive=\"core\/image\" data-wp-key=\"69edef712075a\" class=\"wp-block-image size-large wp-lightbox-container\"><img loading=\"lazy\" decoding=\"async\" width=\"1024\" height=\"717\" data-wp-class--hide=\"state.isContentHidden\" data-wp-class--show=\"state.isContentVisible\" data-wp-init=\"callbacks.setButtonStyles\" data-wp-on--click=\"actions.showLightbox\" data-wp-on--load=\"callbacks.setButtonStyles\" data-wp-on-window--resize=\"callbacks.setButtonStyles\" data-id=\"128\" src=\"https:\/\/redesign.imlaufderzeit.de\/wp-content\/uploads\/Gschwend_Frickenhofer Str_Nr 11__erntewagen1955-1024x717.jpg\" alt=\"Gschwend - Frickenhofer Str - Hausnummer 11 - 1955000000\" class=\"wp-image-128\" srcset=\"https:\/\/redesign.imlaufderzeit.de\/wp-content\/uploads\/Gschwend_Frickenhofer%20Str_Nr%2011__erntewagen1955-1024x717.jpg 1024w, https:\/\/redesign.imlaufderzeit.de\/wp-content\/uploads\/Gschwend_Frickenhofer%20Str_Nr%2011__erntewagen1955-300x210.jpg 300w, https:\/\/redesign.imlaufderzeit.de\/wp-content\/uploads\/Gschwend_Frickenhofer%20Str_Nr%2011__erntewagen1955-768x538.jpg 768w, https:\/\/redesign.imlaufderzeit.de\/wp-content\/uploads\/Gschwend_Frickenhofer%20Str_Nr%2011__erntewagen1955-1536x1076.jpg 1536w, https:\/\/redesign.imlaufderzeit.de\/wp-content\/uploads\/Gschwend_Frickenhofer%20Str_Nr%2011__erntewagen1955.jpg 1920w\" sizes=\"auto, (max-width: 1024px) 100vw, 1024px\" \/><button\n\t\t\tclass=\"lightbox-trigger\"\n\t\t\ttype=\"button\"\n\t\t\taria-haspopup=\"dialog\"\n\t\t\taria-label=\"Vergr\u00f6\u00dfern\"\n\t\t\tdata-wp-init=\"callbacks.initTriggerButton\"\n\t\t\tdata-wp-on--click=\"actions.showLightbox\"\n\t\t\tdata-wp-style--right=\"state.imageButtonRight\"\n\t\t\tdata-wp-style--top=\"state.imageButtonTop\"\n\t\t>\n\t\t\t<svg xmlns=\"http:\/\/www.w3.org\/2000\/svg\" width=\"12\" height=\"12\" fill=\"none\" viewBox=\"0 0 12 12\">\n\t\t\t\t<path fill=\"#fff\" d=\"M2 0a2 2 0 0 0-2 2v2h1.5V2a.5.5 0 0 1 .5-.5h2V0H2Zm2 10.5H2a.5.5 0 0 1-.5-.5V8H0v2a2 2 0 0 0 2 2h2v-1.5ZM8 12v-1.5h2a.5.5 0 0 0 .5-.5V8H12v2a2 2 0 0 1-2 2H8Zm2-12a2 2 0 0 1 2 2v2h-1.5V2a.5.5 0 0 0-.5-.5H8V0h2Z\" \/>\n\t\t\t<\/svg>\n\t\t<\/button><figcaption class=\"wp-element-caption\">Gschwend &#8211; Frickenhofer Str &#8211; Hausnummer 7 &#8211; 1955<br>Unglaublich die Menge, der Teilnehmer am Umzug!!<br>Erntewagen- rechts die R\u00f6sslesscheuer.<br>Foto Kranich<\/figcaption><\/figure>\n\n\n\n<figure data-wp-context=\"{&quot;imageId&quot;:&quot;69edef7120bce&quot;}\" data-wp-interactive=\"core\/image\" data-wp-key=\"69edef7120bce\" class=\"wp-block-image size-large wp-lightbox-container\"><img loading=\"lazy\" decoding=\"async\" width=\"1024\" height=\"716\" data-wp-class--hide=\"state.isContentHidden\" data-wp-class--show=\"state.isContentVisible\" data-wp-init=\"callbacks.setButtonStyles\" data-wp-on--click=\"actions.showLightbox\" data-wp-on--load=\"callbacks.setButtonStyles\" data-wp-on-window--resize=\"callbacks.setButtonStyles\" data-id=\"127\" src=\"https:\/\/redesign.imlaufderzeit.de\/wp-content\/uploads\/Gschwend_Frickenhofer Str_Nr 11__erntewagen-1024x716.jpg\" alt=\"Gschwend - Frickenhofer Str - Hausnummer 11 - 1960000000\" class=\"wp-image-127\" srcset=\"https:\/\/redesign.imlaufderzeit.de\/wp-content\/uploads\/Gschwend_Frickenhofer%20Str_Nr%2011__erntewagen-1024x716.jpg 1024w, https:\/\/redesign.imlaufderzeit.de\/wp-content\/uploads\/Gschwend_Frickenhofer%20Str_Nr%2011__erntewagen-300x210.jpg 300w, https:\/\/redesign.imlaufderzeit.de\/wp-content\/uploads\/Gschwend_Frickenhofer%20Str_Nr%2011__erntewagen-768x537.jpg 768w, https:\/\/redesign.imlaufderzeit.de\/wp-content\/uploads\/Gschwend_Frickenhofer%20Str_Nr%2011__erntewagen-1536x1074.jpg 1536w, https:\/\/redesign.imlaufderzeit.de\/wp-content\/uploads\/Gschwend_Frickenhofer%20Str_Nr%2011__erntewagen.jpg 1920w\" sizes=\"auto, (max-width: 1024px) 100vw, 1024px\" \/><button\n\t\t\tclass=\"lightbox-trigger\"\n\t\t\ttype=\"button\"\n\t\t\taria-haspopup=\"dialog\"\n\t\t\taria-label=\"Vergr\u00f6\u00dfern\"\n\t\t\tdata-wp-init=\"callbacks.initTriggerButton\"\n\t\t\tdata-wp-on--click=\"actions.showLightbox\"\n\t\t\tdata-wp-style--right=\"state.imageButtonRight\"\n\t\t\tdata-wp-style--top=\"state.imageButtonTop\"\n\t\t>\n\t\t\t<svg xmlns=\"http:\/\/www.w3.org\/2000\/svg\" width=\"12\" height=\"12\" fill=\"none\" viewBox=\"0 0 12 12\">\n\t\t\t\t<path fill=\"#fff\" d=\"M2 0a2 2 0 0 0-2 2v2h1.5V2a.5.5 0 0 1 .5-.5h2V0H2Zm2 10.5H2a.5.5 0 0 1-.5-.5V8H0v2a2 2 0 0 0 2 2h2v-1.5ZM8 12v-1.5h2a.5.5 0 0 0 .5-.5V8H12v2a2 2 0 0 1-2 2H8Zm2-12a2 2 0 0 1 2 2v2h-1.5V2a.5.5 0 0 0-.5-.5H8V0h2Z\" \/>\n\t\t\t<\/svg>\n\t\t<\/button><figcaption class=\"wp-element-caption\">Gschwend &#8211; Frickenhofer Str &#8211; Hausnummer 7 &#8211; 1960<br>Erntewagen 1960<br>Foto Kranich<\/figcaption><\/figure>\n\n\n\n<figure data-wp-context=\"{&quot;imageId&quot;:&quot;69edef7121043&quot;}\" data-wp-interactive=\"core\/image\" data-wp-key=\"69edef7121043\" class=\"wp-block-image size-large wp-lightbox-container\"><img loading=\"lazy\" decoding=\"async\" width=\"1024\" height=\"669\" data-wp-class--hide=\"state.isContentHidden\" data-wp-class--show=\"state.isContentVisible\" data-wp-init=\"callbacks.setButtonStyles\" data-wp-on--click=\"actions.showLightbox\" data-wp-on--load=\"callbacks.setButtonStyles\" data-wp-on-window--resize=\"callbacks.setButtonStyles\" data-id=\"109\" src=\"https:\/\/redesign.imlaufderzeit.de\/wp-content\/uploads\/Gschwend_Frickenhofer Str_Nr 07__roesslesscheuer 1974-1024x669.jpg\" alt=\"Gschwend - Frickenhofer Str - Hausnummer 7 - 1974000000\" class=\"wp-image-109\" srcset=\"https:\/\/redesign.imlaufderzeit.de\/wp-content\/uploads\/Gschwend_Frickenhofer%20Str_Nr%2007__roesslesscheuer%201974-1024x669.jpg 1024w, https:\/\/redesign.imlaufderzeit.de\/wp-content\/uploads\/Gschwend_Frickenhofer%20Str_Nr%2007__roesslesscheuer%201974-300x196.jpg 300w, https:\/\/redesign.imlaufderzeit.de\/wp-content\/uploads\/Gschwend_Frickenhofer%20Str_Nr%2007__roesslesscheuer%201974-768x502.jpg 768w, https:\/\/redesign.imlaufderzeit.de\/wp-content\/uploads\/Gschwend_Frickenhofer%20Str_Nr%2007__roesslesscheuer%201974-1536x1004.jpg 1536w, https:\/\/redesign.imlaufderzeit.de\/wp-content\/uploads\/Gschwend_Frickenhofer%20Str_Nr%2007__roesslesscheuer%201974.jpg 1920w\" sizes=\"auto, (max-width: 1024px) 100vw, 1024px\" \/><button\n\t\t\tclass=\"lightbox-trigger\"\n\t\t\ttype=\"button\"\n\t\t\taria-haspopup=\"dialog\"\n\t\t\taria-label=\"Vergr\u00f6\u00dfern\"\n\t\t\tdata-wp-init=\"callbacks.initTriggerButton\"\n\t\t\tdata-wp-on--click=\"actions.showLightbox\"\n\t\t\tdata-wp-style--right=\"state.imageButtonRight\"\n\t\t\tdata-wp-style--top=\"state.imageButtonTop\"\n\t\t>\n\t\t\t<svg xmlns=\"http:\/\/www.w3.org\/2000\/svg\" width=\"12\" height=\"12\" fill=\"none\" viewBox=\"0 0 12 12\">\n\t\t\t\t<path fill=\"#fff\" d=\"M2 0a2 2 0 0 0-2 2v2h1.5V2a.5.5 0 0 1 .5-.5h2V0H2Zm2 10.5H2a.5.5 0 0 1-.5-.5V8H0v2a2 2 0 0 0 2 2h2v-1.5ZM8 12v-1.5h2a.5.5 0 0 0 .5-.5V8H12v2a2 2 0 0 1-2 2H8Zm2-12a2 2 0 0 1 2 2v2h-1.5V2a.5.5 0 0 0-.5-.5H8V0h2Z\" \/>\n\t\t\t<\/svg>\n\t\t<\/button><figcaption class=\"wp-element-caption\">Gschwend &#8211; Frickenhofer Str &#8211; Hausnummer 7 &#8211; 1974<br>Die R\u00f6sslesscheuer wurde f\u00fcr den Neubau der Volksbank Gaildorf 1998 abgerissen.<br>Foto Klaus Ockert<br><\/figcaption><\/figure>\n\n\n\n<figure data-wp-context=\"{&quot;imageId&quot;:&quot;69edef71214b4&quot;}\" data-wp-interactive=\"core\/image\" data-wp-key=\"69edef71214b4\" class=\"wp-block-image size-large wp-lightbox-container\"><img loading=\"lazy\" decoding=\"async\" width=\"1024\" height=\"685\" data-wp-class--hide=\"state.isContentHidden\" data-wp-class--show=\"state.isContentVisible\" data-wp-init=\"callbacks.setButtonStyles\" data-wp-on--click=\"actions.showLightbox\" data-wp-on--load=\"callbacks.setButtonStyles\" data-wp-on-window--resize=\"callbacks.setButtonStyles\" data-id=\"105\" src=\"https:\/\/redesign.imlaufderzeit.de\/wp-content\/uploads\/Gschwend_Frickenhofer Str_Nr 07__03-1024x685.jpg\" alt=\"Gschwend - Frickenhofer Str - Hausnummer 7 - 2007000000\" class=\"wp-image-105\" srcset=\"https:\/\/redesign.imlaufderzeit.de\/wp-content\/uploads\/Gschwend_Frickenhofer%20Str_Nr%2007__03-1024x685.jpg 1024w, https:\/\/redesign.imlaufderzeit.de\/wp-content\/uploads\/Gschwend_Frickenhofer%20Str_Nr%2007__03-300x201.jpg 300w, https:\/\/redesign.imlaufderzeit.de\/wp-content\/uploads\/Gschwend_Frickenhofer%20Str_Nr%2007__03-768x514.jpg 768w, https:\/\/redesign.imlaufderzeit.de\/wp-content\/uploads\/Gschwend_Frickenhofer%20Str_Nr%2007__03-1536x1028.jpg 1536w, https:\/\/redesign.imlaufderzeit.de\/wp-content\/uploads\/Gschwend_Frickenhofer%20Str_Nr%2007__03.JPG 1920w\" sizes=\"auto, (max-width: 1024px) 100vw, 1024px\" \/><button\n\t\t\tclass=\"lightbox-trigger\"\n\t\t\ttype=\"button\"\n\t\t\taria-haspopup=\"dialog\"\n\t\t\taria-label=\"Vergr\u00f6\u00dfern\"\n\t\t\tdata-wp-init=\"callbacks.initTriggerButton\"\n\t\t\tdata-wp-on--click=\"actions.showLightbox\"\n\t\t\tdata-wp-style--right=\"state.imageButtonRight\"\n\t\t\tdata-wp-style--top=\"state.imageButtonTop\"\n\t\t>\n\t\t\t<svg xmlns=\"http:\/\/www.w3.org\/2000\/svg\" width=\"12\" height=\"12\" fill=\"none\" viewBox=\"0 0 12 12\">\n\t\t\t\t<path fill=\"#fff\" d=\"M2 0a2 2 0 0 0-2 2v2h1.5V2a.5.5 0 0 1 .5-.5h2V0H2Zm2 10.5H2a.5.5 0 0 1-.5-.5V8H0v2a2 2 0 0 0 2 2h2v-1.5ZM8 12v-1.5h2a.5.5 0 0 0 .5-.5V8H12v2a2 2 0 0 1-2 2H8Zm2-12a2 2 0 0 1 2 2v2h-1.5V2a.5.5 0 0 0-.5-.5H8V0h2Z\" \/>\n\t\t\t<\/svg>\n\t\t<\/button><figcaption class=\"wp-element-caption\">Gschwend &#8211; Frickenhofer Str &#8211; Hausnummer 7 &#8211; 2007<br>Zu der Zeit Volksbank Schw\u00e4bisch Hall. Fr\u00fcher Limpurger Bank Gaildorf.<br>Foto Klaus Ockert<\/figcaption><\/figure>\n\n\n\n<figure data-wp-context=\"{&quot;imageId&quot;:&quot;69edef7121912&quot;}\" data-wp-interactive=\"core\/image\" data-wp-key=\"69edef7121912\" class=\"wp-block-image size-large wp-lightbox-container\"><img loading=\"lazy\" decoding=\"async\" width=\"1024\" height=\"685\" data-wp-class--hide=\"state.isContentHidden\" data-wp-class--show=\"state.isContentVisible\" data-wp-init=\"callbacks.setButtonStyles\" data-wp-on--click=\"actions.showLightbox\" data-wp-on--load=\"callbacks.setButtonStyles\" data-wp-on-window--resize=\"callbacks.setButtonStyles\" data-id=\"107\" src=\"https:\/\/redesign.imlaufderzeit.de\/wp-content\/uploads\/Gschwend_Frickenhofer Str_Nr 07__05-1024x685.jpg\" alt=\"Gschwend - Frickenhofer Str - Hausnummer 7 - 2007000000\" class=\"wp-image-107\" srcset=\"https:\/\/redesign.imlaufderzeit.de\/wp-content\/uploads\/Gschwend_Frickenhofer%20Str_Nr%2007__05-1024x685.jpg 1024w, https:\/\/redesign.imlaufderzeit.de\/wp-content\/uploads\/Gschwend_Frickenhofer%20Str_Nr%2007__05-300x201.jpg 300w, https:\/\/redesign.imlaufderzeit.de\/wp-content\/uploads\/Gschwend_Frickenhofer%20Str_Nr%2007__05-768x514.jpg 768w, https:\/\/redesign.imlaufderzeit.de\/wp-content\/uploads\/Gschwend_Frickenhofer%20Str_Nr%2007__05-1536x1028.jpg 1536w, https:\/\/redesign.imlaufderzeit.de\/wp-content\/uploads\/Gschwend_Frickenhofer%20Str_Nr%2007__05.JPG 1920w\" sizes=\"auto, (max-width: 1024px) 100vw, 1024px\" \/><button\n\t\t\tclass=\"lightbox-trigger\"\n\t\t\ttype=\"button\"\n\t\t\taria-haspopup=\"dialog\"\n\t\t\taria-label=\"Vergr\u00f6\u00dfern\"\n\t\t\tdata-wp-init=\"callbacks.initTriggerButton\"\n\t\t\tdata-wp-on--click=\"actions.showLightbox\"\n\t\t\tdata-wp-style--right=\"state.imageButtonRight\"\n\t\t\tdata-wp-style--top=\"state.imageButtonTop\"\n\t\t>\n\t\t\t<svg xmlns=\"http:\/\/www.w3.org\/2000\/svg\" width=\"12\" height=\"12\" fill=\"none\" viewBox=\"0 0 12 12\">\n\t\t\t\t<path fill=\"#fff\" d=\"M2 0a2 2 0 0 0-2 2v2h1.5V2a.5.5 0 0 1 .5-.5h2V0H2Zm2 10.5H2a.5.5 0 0 1-.5-.5V8H0v2a2 2 0 0 0 2 2h2v-1.5ZM8 12v-1.5h2a.5.5 0 0 0 .5-.5V8H12v2a2 2 0 0 1-2 2H8Zm2-12a2 2 0 0 1 2 2v2h-1.5V2a.5.5 0 0 0-.5-.5H8V0h2Z\" \/>\n\t\t\t<\/svg>\n\t\t<\/button><figcaption class=\"wp-element-caption\">Gschwend &#8211; Frickenhofer Str &#8211; Hausnummer 7 &#8211; 2007<br>Vom Marktplatz ausgesehen.<br>Foto Klaus Ockert<\/figcaption><\/figure>\n\n\n\n<figure data-wp-context=\"{&quot;imageId&quot;:&quot;69edef7121d73&quot;}\" data-wp-interactive=\"core\/image\" data-wp-key=\"69edef7121d73\" class=\"wp-block-image size-large wp-lightbox-container\"><img loading=\"lazy\" decoding=\"async\" width=\"1024\" height=\"685\" data-wp-class--hide=\"state.isContentHidden\" data-wp-class--show=\"state.isContentVisible\" data-wp-init=\"callbacks.setButtonStyles\" data-wp-on--click=\"actions.showLightbox\" data-wp-on--load=\"callbacks.setButtonStyles\" data-wp-on-window--resize=\"callbacks.setButtonStyles\" data-id=\"106\" src=\"https:\/\/redesign.imlaufderzeit.de\/wp-content\/uploads\/Gschwend_Frickenhofer Str_Nr 07__04-1024x685.jpg\" alt=\"Gschwend - Frickenhofer Str - Hausnummer 7 - 2007000000\" class=\"wp-image-106\" srcset=\"https:\/\/redesign.imlaufderzeit.de\/wp-content\/uploads\/Gschwend_Frickenhofer%20Str_Nr%2007__04-1024x685.jpg 1024w, https:\/\/redesign.imlaufderzeit.de\/wp-content\/uploads\/Gschwend_Frickenhofer%20Str_Nr%2007__04-300x201.jpg 300w, https:\/\/redesign.imlaufderzeit.de\/wp-content\/uploads\/Gschwend_Frickenhofer%20Str_Nr%2007__04-768x514.jpg 768w, https:\/\/redesign.imlaufderzeit.de\/wp-content\/uploads\/Gschwend_Frickenhofer%20Str_Nr%2007__04-1536x1028.jpg 1536w, https:\/\/redesign.imlaufderzeit.de\/wp-content\/uploads\/Gschwend_Frickenhofer%20Str_Nr%2007__04.JPG 1920w\" sizes=\"auto, (max-width: 1024px) 100vw, 1024px\" \/><button\n\t\t\tclass=\"lightbox-trigger\"\n\t\t\ttype=\"button\"\n\t\t\taria-haspopup=\"dialog\"\n\t\t\taria-label=\"Vergr\u00f6\u00dfern\"\n\t\t\tdata-wp-init=\"callbacks.initTriggerButton\"\n\t\t\tdata-wp-on--click=\"actions.showLightbox\"\n\t\t\tdata-wp-style--right=\"state.imageButtonRight\"\n\t\t\tdata-wp-style--top=\"state.imageButtonTop\"\n\t\t>\n\t\t\t<svg xmlns=\"http:\/\/www.w3.org\/2000\/svg\" width=\"12\" height=\"12\" fill=\"none\" viewBox=\"0 0 12 12\">\n\t\t\t\t<path fill=\"#fff\" d=\"M2 0a2 2 0 0 0-2 2v2h1.5V2a.5.5 0 0 1 .5-.5h2V0H2Zm2 10.5H2a.5.5 0 0 1-.5-.5V8H0v2a2 2 0 0 0 2 2h2v-1.5ZM8 12v-1.5h2a.5.5 0 0 0 .5-.5V8H12v2a2 2 0 0 1-2 2H8Zm2-12a2 2 0 0 1 2 2v2h-1.5V2a.5.5 0 0 0-.5-.5H8V0h2Z\" \/>\n\t\t\t<\/svg>\n\t\t<\/button><figcaption class=\"wp-element-caption\">Gschwend &#8211; Frickenhofer Str &#8211; Hausnummer 7 &#8211; 2007<br>Von hinten.<br>Foto Klaus Ockert<\/figcaption><\/figure>\n\n\n\n<figure data-wp-context=\"{&quot;imageId&quot;:&quot;69edef71221cc&quot;}\" data-wp-interactive=\"core\/image\" data-wp-key=\"69edef71221cc\" class=\"wp-block-image size-large wp-lightbox-container\"><img loading=\"lazy\" decoding=\"async\" width=\"1024\" height=\"668\" data-wp-class--hide=\"state.isContentHidden\" data-wp-class--show=\"state.isContentVisible\" data-wp-init=\"callbacks.setButtonStyles\" data-wp-on--click=\"actions.showLightbox\" data-wp-on--load=\"callbacks.setButtonStyles\" data-wp-on-window--resize=\"callbacks.setButtonStyles\" data-id=\"233\" src=\"https:\/\/redesign.imlaufderzeit.de\/wp-content\/uploads\/Gschwend_Frickenhofer Str_\u00f6ffentl_waage__waage-1024x668.jpg\" alt=\"Gschwend_- Frickenhofer Str_- \u00f6ffentliche Waage - 2008\" class=\"wp-image-233\" srcset=\"https:\/\/redesign.imlaufderzeit.de\/wp-content\/uploads\/Gschwend_Frickenhofer%20Str_\u00f6ffentl_waage__waage-1024x668.jpg 1024w, https:\/\/redesign.imlaufderzeit.de\/wp-content\/uploads\/Gschwend_Frickenhofer%20Str_\u00f6ffentl_waage__waage-300x196.jpg 300w, https:\/\/redesign.imlaufderzeit.de\/wp-content\/uploads\/Gschwend_Frickenhofer%20Str_\u00f6ffentl_waage__waage-768x501.jpg 768w, https:\/\/redesign.imlaufderzeit.de\/wp-content\/uploads\/Gschwend_Frickenhofer%20Str_\u00f6ffentl_waage__waage-1536x1002.jpg 1536w, https:\/\/redesign.imlaufderzeit.de\/wp-content\/uploads\/Gschwend_Frickenhofer%20Str_\u00f6ffentl_waage__waage.jpg 1920w\" sizes=\"auto, (max-width: 1024px) 100vw, 1024px\" \/><button\n\t\t\tclass=\"lightbox-trigger\"\n\t\t\ttype=\"button\"\n\t\t\taria-haspopup=\"dialog\"\n\t\t\taria-label=\"Vergr\u00f6\u00dfern\"\n\t\t\tdata-wp-init=\"callbacks.initTriggerButton\"\n\t\t\tdata-wp-on--click=\"actions.showLightbox\"\n\t\t\tdata-wp-style--right=\"state.imageButtonRight\"\n\t\t\tdata-wp-style--top=\"state.imageButtonTop\"\n\t\t>\n\t\t\t<svg xmlns=\"http:\/\/www.w3.org\/2000\/svg\" width=\"12\" height=\"12\" fill=\"none\" viewBox=\"0 0 12 12\">\n\t\t\t\t<path fill=\"#fff\" d=\"M2 0a2 2 0 0 0-2 2v2h1.5V2a.5.5 0 0 1 .5-.5h2V0H2Zm2 10.5H2a.5.5 0 0 1-.5-.5V8H0v2a2 2 0 0 0 2 2h2v-1.5ZM8 12v-1.5h2a.5.5 0 0 0 .5-.5V8H12v2a2 2 0 0 1-2 2H8Zm2-12a2 2 0 0 1 2 2v2h-1.5V2a.5.5 0 0 0-.5-.5H8V0h2Z\" \/>\n\t\t\t<\/svg>\n\t\t<\/button><figcaption class=\"wp-element-caption\">Gschwend &#8211; Frickenhofer Str &#8211; \u00f6ffentliche Waage &#8211; 2008<br>Wurde 2009 abgebrochen.<br>Bild von Klaus Ockert<\/figcaption><\/figure>\n\n\n\n<figure data-wp-context=\"{&quot;imageId&quot;:&quot;69edef7122617&quot;}\" data-wp-interactive=\"core\/image\" data-wp-key=\"69edef7122617\" class=\"wp-block-image size-large wp-lightbox-container\"><img loading=\"lazy\" decoding=\"async\" width=\"1024\" height=\"645\" data-wp-class--hide=\"state.isContentHidden\" data-wp-class--show=\"state.isContentVisible\" data-wp-init=\"callbacks.setButtonStyles\" data-wp-on--click=\"actions.showLightbox\" data-wp-on--load=\"callbacks.setButtonStyles\" data-wp-on-window--resize=\"callbacks.setButtonStyles\" data-id=\"114\" src=\"https:\/\/redesign.imlaufderzeit.de\/wp-content\/uploads\/Gschwend_Frickenhofer Str_Nr 08__altes_anwesen-1024x645.jpg\" alt=\"Gschwend - Frickenhofer Str - Hausnummer 8 - 1948000000\" class=\"wp-image-114\" srcset=\"https:\/\/redesign.imlaufderzeit.de\/wp-content\/uploads\/Gschwend_Frickenhofer%20Str_Nr%2008__altes_anwesen-1024x645.jpg 1024w, https:\/\/redesign.imlaufderzeit.de\/wp-content\/uploads\/Gschwend_Frickenhofer%20Str_Nr%2008__altes_anwesen-300x189.jpg 300w, https:\/\/redesign.imlaufderzeit.de\/wp-content\/uploads\/Gschwend_Frickenhofer%20Str_Nr%2008__altes_anwesen-768x484.jpg 768w, https:\/\/redesign.imlaufderzeit.de\/wp-content\/uploads\/Gschwend_Frickenhofer%20Str_Nr%2008__altes_anwesen-1536x968.jpg 1536w, https:\/\/redesign.imlaufderzeit.de\/wp-content\/uploads\/Gschwend_Frickenhofer%20Str_Nr%2008__altes_anwesen.jpg 1920w\" sizes=\"auto, (max-width: 1024px) 100vw, 1024px\" \/><button\n\t\t\tclass=\"lightbox-trigger\"\n\t\t\ttype=\"button\"\n\t\t\taria-haspopup=\"dialog\"\n\t\t\taria-label=\"Vergr\u00f6\u00dfern\"\n\t\t\tdata-wp-init=\"callbacks.initTriggerButton\"\n\t\t\tdata-wp-on--click=\"actions.showLightbox\"\n\t\t\tdata-wp-style--right=\"state.imageButtonRight\"\n\t\t\tdata-wp-style--top=\"state.imageButtonTop\"\n\t\t>\n\t\t\t<svg xmlns=\"http:\/\/www.w3.org\/2000\/svg\" width=\"12\" height=\"12\" fill=\"none\" viewBox=\"0 0 12 12\">\n\t\t\t\t<path fill=\"#fff\" d=\"M2 0a2 2 0 0 0-2 2v2h1.5V2a.5.5 0 0 1 .5-.5h2V0H2Zm2 10.5H2a.5.5 0 0 1-.5-.5V8H0v2a2 2 0 0 0 2 2h2v-1.5ZM8 12v-1.5h2a.5.5 0 0 0 .5-.5V8H12v2a2 2 0 0 1-2 2H8Zm2-12a2 2 0 0 1 2 2v2h-1.5V2a.5.5 0 0 0-.5-.5H8V0h2Z\" \/>\n\t\t\t<\/svg>\n\t\t<\/button><figcaption class=\"wp-element-caption\">Gschwend &#8211; Frickenhofer Str &#8211; Hausnummer 8 &#8211; 1948<br>Haus und Scheuer wurden 1951 abgebrochen.<\/figcaption><\/figure>\n\n\n\n<figure data-wp-context=\"{&quot;imageId&quot;:&quot;69edef71229a4&quot;}\" data-wp-interactive=\"core\/image\" data-wp-key=\"69edef71229a4\" class=\"wp-block-image size-large wp-lightbox-container\"><img loading=\"lazy\" decoding=\"async\" width=\"1024\" height=\"685\" data-wp-class--hide=\"state.isContentHidden\" data-wp-class--show=\"state.isContentVisible\" data-wp-init=\"callbacks.setButtonStyles\" data-wp-on--click=\"actions.showLightbox\" data-wp-on--load=\"callbacks.setButtonStyles\" data-wp-on-window--resize=\"callbacks.setButtonStyles\" data-id=\"115\" src=\"https:\/\/redesign.imlaufderzeit.de\/wp-content\/uploads\/Gschwend_Frickenhofer Str_Nr 08__baustelle1956-1024x685.jpg\" alt=\"Gschwend - Frickenhofer Str - Hausnummer 8 - 1956000000\" class=\"wp-image-115\" srcset=\"https:\/\/redesign.imlaufderzeit.de\/wp-content\/uploads\/Gschwend_Frickenhofer%20Str_Nr%2008__baustelle1956-1024x685.jpg 1024w, https:\/\/redesign.imlaufderzeit.de\/wp-content\/uploads\/Gschwend_Frickenhofer%20Str_Nr%2008__baustelle1956-300x201.jpg 300w, https:\/\/redesign.imlaufderzeit.de\/wp-content\/uploads\/Gschwend_Frickenhofer%20Str_Nr%2008__baustelle1956-768x514.jpg 768w, https:\/\/redesign.imlaufderzeit.de\/wp-content\/uploads\/Gschwend_Frickenhofer%20Str_Nr%2008__baustelle1956-1536x1027.jpg 1536w, https:\/\/redesign.imlaufderzeit.de\/wp-content\/uploads\/Gschwend_Frickenhofer%20Str_Nr%2008__baustelle1956.jpg 1920w\" sizes=\"auto, (max-width: 1024px) 100vw, 1024px\" \/><button\n\t\t\tclass=\"lightbox-trigger\"\n\t\t\ttype=\"button\"\n\t\t\taria-haspopup=\"dialog\"\n\t\t\taria-label=\"Vergr\u00f6\u00dfern\"\n\t\t\tdata-wp-init=\"callbacks.initTriggerButton\"\n\t\t\tdata-wp-on--click=\"actions.showLightbox\"\n\t\t\tdata-wp-style--right=\"state.imageButtonRight\"\n\t\t\tdata-wp-style--top=\"state.imageButtonTop\"\n\t\t>\n\t\t\t<svg xmlns=\"http:\/\/www.w3.org\/2000\/svg\" width=\"12\" height=\"12\" fill=\"none\" viewBox=\"0 0 12 12\">\n\t\t\t\t<path fill=\"#fff\" d=\"M2 0a2 2 0 0 0-2 2v2h1.5V2a.5.5 0 0 1 .5-.5h2V0H2Zm2 10.5H2a.5.5 0 0 1-.5-.5V8H0v2a2 2 0 0 0 2 2h2v-1.5ZM8 12v-1.5h2a.5.5 0 0 0 .5-.5V8H12v2a2 2 0 0 1-2 2H8Zm2-12a2 2 0 0 1 2 2v2h-1.5V2a.5.5 0 0 0-.5-.5H8V0h2Z\" \/>\n\t\t\t<\/svg>\n\t\t<\/button><figcaption class=\"wp-element-caption\">Gschwend &#8211; Frickenhofer Str &#8211; Hausnummer 8 &#8211; 1956<br>Baubeginn<br>Foto Kranich<\/figcaption><\/figure>\n\n\n\n<figure data-wp-context=\"{&quot;imageId&quot;:&quot;69edef7122d26&quot;}\" data-wp-interactive=\"core\/image\" data-wp-key=\"69edef7122d26\" class=\"wp-block-image size-large wp-lightbox-container\"><img loading=\"lazy\" decoding=\"async\" width=\"1024\" height=\"676\" data-wp-class--hide=\"state.isContentHidden\" data-wp-class--show=\"state.isContentVisible\" data-wp-init=\"callbacks.setButtonStyles\" data-wp-on--click=\"actions.showLightbox\" data-wp-on--load=\"callbacks.setButtonStyles\" data-wp-on-window--resize=\"callbacks.setButtonStyles\" data-id=\"117\" src=\"https:\/\/redesign.imlaufderzeit.de\/wp-content\/uploads\/Gschwend_Frickenhofer Str_Nr 08__unser_haus_1957-1024x676.jpg\" alt=\"Gschwend - Frickenhofer Str - Hausnummer 8 - 1957000000\" class=\"wp-image-117\" srcset=\"https:\/\/redesign.imlaufderzeit.de\/wp-content\/uploads\/Gschwend_Frickenhofer%20Str_Nr%2008__unser_haus_1957-1024x676.jpg 1024w, https:\/\/redesign.imlaufderzeit.de\/wp-content\/uploads\/Gschwend_Frickenhofer%20Str_Nr%2008__unser_haus_1957-300x198.jpg 300w, https:\/\/redesign.imlaufderzeit.de\/wp-content\/uploads\/Gschwend_Frickenhofer%20Str_Nr%2008__unser_haus_1957-768x507.jpg 768w, https:\/\/redesign.imlaufderzeit.de\/wp-content\/uploads\/Gschwend_Frickenhofer%20Str_Nr%2008__unser_haus_1957-1536x1014.jpg 1536w, https:\/\/redesign.imlaufderzeit.de\/wp-content\/uploads\/Gschwend_Frickenhofer%20Str_Nr%2008__unser_haus_1957.jpg 1920w\" sizes=\"auto, (max-width: 1024px) 100vw, 1024px\" \/><button\n\t\t\tclass=\"lightbox-trigger\"\n\t\t\ttype=\"button\"\n\t\t\taria-haspopup=\"dialog\"\n\t\t\taria-label=\"Vergr\u00f6\u00dfern\"\n\t\t\tdata-wp-init=\"callbacks.initTriggerButton\"\n\t\t\tdata-wp-on--click=\"actions.showLightbox\"\n\t\t\tdata-wp-style--right=\"state.imageButtonRight\"\n\t\t\tdata-wp-style--top=\"state.imageButtonTop\"\n\t\t>\n\t\t\t<svg xmlns=\"http:\/\/www.w3.org\/2000\/svg\" width=\"12\" height=\"12\" fill=\"none\" viewBox=\"0 0 12 12\">\n\t\t\t\t<path fill=\"#fff\" d=\"M2 0a2 2 0 0 0-2 2v2h1.5V2a.5.5 0 0 1 .5-.5h2V0H2Zm2 10.5H2a.5.5 0 0 1-.5-.5V8H0v2a2 2 0 0 0 2 2h2v-1.5ZM8 12v-1.5h2a.5.5 0 0 0 .5-.5V8H12v2a2 2 0 0 1-2 2H8Zm2-12a2 2 0 0 1 2 2v2h-1.5V2a.5.5 0 0 0-.5-.5H8V0h2Z\" \/>\n\t\t\t<\/svg>\n\t\t<\/button><figcaption class=\"wp-element-caption\">Gschwend &#8211; Frickenhofer Str &#8211; Hausnummer 8 &#8211; 1957<br>Haus im Rohbau. Rechts Fa. Kranich, Mitte Hof Schober.<br>Foto Kranich<\/figcaption><\/figure>\n\n\n\n<figure data-wp-context=\"{&quot;imageId&quot;:&quot;69edef712308c&quot;}\" data-wp-interactive=\"core\/image\" data-wp-key=\"69edef712308c\" class=\"wp-block-image size-large wp-lightbox-container\"><img loading=\"lazy\" decoding=\"async\" width=\"1024\" height=\"685\" data-wp-class--hide=\"state.isContentHidden\" data-wp-class--show=\"state.isContentVisible\" data-wp-init=\"callbacks.setButtonStyles\" data-wp-on--click=\"actions.showLightbox\" data-wp-on--load=\"callbacks.setButtonStyles\" data-wp-on-window--resize=\"callbacks.setButtonStyles\" data-id=\"112\" src=\"https:\/\/redesign.imlaufderzeit.de\/wp-content\/uploads\/Gschwend_Frickenhofer Str_Nr 08__01-1024x685.jpg\" alt=\"Gschwend - Frickenhofer Str - Hausnummer 8 - 2007000000\" class=\"wp-image-112\" srcset=\"https:\/\/redesign.imlaufderzeit.de\/wp-content\/uploads\/Gschwend_Frickenhofer%20Str_Nr%2008__01-1024x685.jpg 1024w, https:\/\/redesign.imlaufderzeit.de\/wp-content\/uploads\/Gschwend_Frickenhofer%20Str_Nr%2008__01-300x201.jpg 300w, https:\/\/redesign.imlaufderzeit.de\/wp-content\/uploads\/Gschwend_Frickenhofer%20Str_Nr%2008__01-768x514.jpg 768w, https:\/\/redesign.imlaufderzeit.de\/wp-content\/uploads\/Gschwend_Frickenhofer%20Str_Nr%2008__01-1536x1028.jpg 1536w, https:\/\/redesign.imlaufderzeit.de\/wp-content\/uploads\/Gschwend_Frickenhofer%20Str_Nr%2008__01.JPG 1920w\" sizes=\"auto, (max-width: 1024px) 100vw, 1024px\" \/><button\n\t\t\tclass=\"lightbox-trigger\"\n\t\t\ttype=\"button\"\n\t\t\taria-haspopup=\"dialog\"\n\t\t\taria-label=\"Vergr\u00f6\u00dfern\"\n\t\t\tdata-wp-init=\"callbacks.initTriggerButton\"\n\t\t\tdata-wp-on--click=\"actions.showLightbox\"\n\t\t\tdata-wp-style--right=\"state.imageButtonRight\"\n\t\t\tdata-wp-style--top=\"state.imageButtonTop\"\n\t\t>\n\t\t\t<svg xmlns=\"http:\/\/www.w3.org\/2000\/svg\" width=\"12\" height=\"12\" fill=\"none\" viewBox=\"0 0 12 12\">\n\t\t\t\t<path fill=\"#fff\" d=\"M2 0a2 2 0 0 0-2 2v2h1.5V2a.5.5 0 0 1 .5-.5h2V0H2Zm2 10.5H2a.5.5 0 0 1-.5-.5V8H0v2a2 2 0 0 0 2 2h2v-1.5ZM8 12v-1.5h2a.5.5 0 0 0 .5-.5V8H12v2a2 2 0 0 1-2 2H8Zm2-12a2 2 0 0 1 2 2v2h-1.5V2a.5.5 0 0 0-.5-.5H8V0h2Z\" \/>\n\t\t\t<\/svg>\n\t\t<\/button><figcaption class=\"wp-element-caption\">Gschwend &#8211; Frickenhofer Str &#8211; Hausnummer 8 &#8211; 2007<br>Friseur-Salon Ockert<br>Foto Klaus Ockert<\/figcaption><\/figure>\n\n\n\n<figure data-wp-context=\"{&quot;imageId&quot;:&quot;69edef71233e9&quot;}\" data-wp-interactive=\"core\/image\" data-wp-key=\"69edef71233e9\" class=\"wp-block-image size-large wp-lightbox-container\"><img loading=\"lazy\" decoding=\"async\" width=\"1024\" height=\"768\" data-wp-class--hide=\"state.isContentHidden\" data-wp-class--show=\"state.isContentVisible\" data-wp-init=\"callbacks.setButtonStyles\" data-wp-on--click=\"actions.showLightbox\" data-wp-on--load=\"callbacks.setButtonStyles\" data-wp-on-window--resize=\"callbacks.setButtonStyles\" data-id=\"113\" src=\"https:\/\/redesign.imlaufderzeit.de\/wp-content\/uploads\/Gschwend_Frickenhofer Str_Nr 08__02-1024x768.jpg\" alt=\"Gschwend - Frickenhofer Str - Hausnummer 8 - 2004000000\" class=\"wp-image-113\" srcset=\"https:\/\/redesign.imlaufderzeit.de\/wp-content\/uploads\/Gschwend_Frickenhofer%20Str_Nr%2008__02-1024x768.jpg 1024w, https:\/\/redesign.imlaufderzeit.de\/wp-content\/uploads\/Gschwend_Frickenhofer%20Str_Nr%2008__02-300x225.jpg 300w, https:\/\/redesign.imlaufderzeit.de\/wp-content\/uploads\/Gschwend_Frickenhofer%20Str_Nr%2008__02-768x576.jpg 768w, https:\/\/redesign.imlaufderzeit.de\/wp-content\/uploads\/Gschwend_Frickenhofer%20Str_Nr%2008__02-1536x1152.jpg 1536w, https:\/\/redesign.imlaufderzeit.de\/wp-content\/uploads\/Gschwend_Frickenhofer%20Str_Nr%2008__02.JPG 1920w\" sizes=\"auto, (max-width: 1024px) 100vw, 1024px\" \/><button\n\t\t\tclass=\"lightbox-trigger\"\n\t\t\ttype=\"button\"\n\t\t\taria-haspopup=\"dialog\"\n\t\t\taria-label=\"Vergr\u00f6\u00dfern\"\n\t\t\tdata-wp-init=\"callbacks.initTriggerButton\"\n\t\t\tdata-wp-on--click=\"actions.showLightbox\"\n\t\t\tdata-wp-style--right=\"state.imageButtonRight\"\n\t\t\tdata-wp-style--top=\"state.imageButtonTop\"\n\t\t>\n\t\t\t<svg xmlns=\"http:\/\/www.w3.org\/2000\/svg\" width=\"12\" height=\"12\" fill=\"none\" viewBox=\"0 0 12 12\">\n\t\t\t\t<path fill=\"#fff\" d=\"M2 0a2 2 0 0 0-2 2v2h1.5V2a.5.5 0 0 1 .5-.5h2V0H2Zm2 10.5H2a.5.5 0 0 1-.5-.5V8H0v2a2 2 0 0 0 2 2h2v-1.5ZM8 12v-1.5h2a.5.5 0 0 0 .5-.5V8H12v2a2 2 0 0 1-2 2H8Zm2-12a2 2 0 0 1 2 2v2h-1.5V2a.5.5 0 0 0-.5-.5H8V0h2Z\" \/>\n\t\t\t<\/svg>\n\t\t<\/button><figcaption class=\"wp-element-caption\">Gschwend &#8211; Frickenhofer Str &#8211; Hausnummer 8 &#8211; 2004<br>Friseur-Salon Ockert<br>Foto Klaus Ockert<\/figcaption><\/figure>\n\n\n\n<figure class=\"wp-block-image size-large\"><img loading=\"lazy\" decoding=\"async\" width=\"1024\" height=\"576\" data-id=\"1466\" src=\"https:\/\/redesign.imlaufderzeit.de\/wp-content\/uploads\/2026\/03\/IMG-7_1839-1024x576.jpg\" alt=\"Gschwend - Frickenhofer Str - Hausnummer 8 - 2026\" class=\"wp-image-1466\" srcset=\"https:\/\/redesign.imlaufderzeit.de\/wp-content\/uploads\/2026\/03\/IMG-7_1839-1024x576.jpg 1024w, https:\/\/redesign.imlaufderzeit.de\/wp-content\/uploads\/2026\/03\/IMG-7_1839-300x169.jpg 300w, https:\/\/redesign.imlaufderzeit.de\/wp-content\/uploads\/2026\/03\/IMG-7_1839-768x432.jpg 768w, https:\/\/redesign.imlaufderzeit.de\/wp-content\/uploads\/2026\/03\/IMG-7_1839-1536x864.jpg 1536w, https:\/\/redesign.imlaufderzeit.de\/wp-content\/uploads\/2026\/03\/IMG-7_1839.jpg 1920w\" sizes=\"auto, (max-width: 1024px) 100vw, 1024px\" \/><figcaption class=\"wp-element-caption\">Gschwend &#8211; Frickenhofer Str &#8211; Hausnummer 8 &#8211; 2026 <br>Foto Klaus Ockert<\/figcaption><\/figure>\n\n\n\n<figure data-wp-context=\"{&quot;imageId&quot;:&quot;69edef7124139&quot;}\" data-wp-interactive=\"core\/image\" data-wp-key=\"69edef7124139\" class=\"wp-block-image size-large wp-lightbox-container\"><img loading=\"lazy\" decoding=\"async\" width=\"1024\" height=\"723\" data-wp-class--hide=\"state.isContentHidden\" data-wp-class--show=\"state.isContentVisible\" data-wp-init=\"callbacks.setButtonStyles\" data-wp-on--click=\"actions.showLightbox\" data-wp-on--load=\"callbacks.setButtonStyles\" data-wp-on-window--resize=\"callbacks.setButtonStyles\" data-id=\"118\" src=\"https:\/\/redesign.imlaufderzeit.de\/wp-content\/uploads\/Gschwend_Frickenhofer Str_Nr 09__1957-1024x723.jpg\" alt=\"Gschwend - Frickenhofer Str - Hausnummer 9 - 1957000000\" class=\"wp-image-118\" srcset=\"https:\/\/redesign.imlaufderzeit.de\/wp-content\/uploads\/Gschwend_Frickenhofer%20Str_Nr%2009__1957-1024x723.jpg 1024w, https:\/\/redesign.imlaufderzeit.de\/wp-content\/uploads\/Gschwend_Frickenhofer%20Str_Nr%2009__1957-300x212.jpg 300w, https:\/\/redesign.imlaufderzeit.de\/wp-content\/uploads\/Gschwend_Frickenhofer%20Str_Nr%2009__1957-768x542.jpg 768w, https:\/\/redesign.imlaufderzeit.de\/wp-content\/uploads\/Gschwend_Frickenhofer%20Str_Nr%2009__1957-1536x1084.jpg 1536w, https:\/\/redesign.imlaufderzeit.de\/wp-content\/uploads\/Gschwend_Frickenhofer%20Str_Nr%2009__1957.jpg 1920w\" sizes=\"auto, (max-width: 1024px) 100vw, 1024px\" \/><button\n\t\t\tclass=\"lightbox-trigger\"\n\t\t\ttype=\"button\"\n\t\t\taria-haspopup=\"dialog\"\n\t\t\taria-label=\"Vergr\u00f6\u00dfern\"\n\t\t\tdata-wp-init=\"callbacks.initTriggerButton\"\n\t\t\tdata-wp-on--click=\"actions.showLightbox\"\n\t\t\tdata-wp-style--right=\"state.imageButtonRight\"\n\t\t\tdata-wp-style--top=\"state.imageButtonTop\"\n\t\t>\n\t\t\t<svg xmlns=\"http:\/\/www.w3.org\/2000\/svg\" width=\"12\" height=\"12\" fill=\"none\" viewBox=\"0 0 12 12\">\n\t\t\t\t<path fill=\"#fff\" d=\"M2 0a2 2 0 0 0-2 2v2h1.5V2a.5.5 0 0 1 .5-.5h2V0H2Zm2 10.5H2a.5.5 0 0 1-.5-.5V8H0v2a2 2 0 0 0 2 2h2v-1.5ZM8 12v-1.5h2a.5.5 0 0 0 .5-.5V8H12v2a2 2 0 0 1-2 2H8Zm2-12a2 2 0 0 1 2 2v2h-1.5V2a.5.5 0 0 0-.5-.5H8V0h2Z\" \/>\n\t\t\t<\/svg>\n\t\t<\/button><figcaption class=\"wp-element-caption\">Gschwend &#8211; Frickenhofer Str &#8211; Hausnummer 9 &#8211; 1957<br>Scheuer der Familie Moll<br>Foto Moll<\/figcaption><\/figure>\n\n\n\n<figure data-wp-context=\"{&quot;imageId&quot;:&quot;69edef71244af&quot;}\" data-wp-interactive=\"core\/image\" data-wp-key=\"69edef71244af\" class=\"wp-block-image size-large wp-lightbox-container\"><img loading=\"lazy\" decoding=\"async\" width=\"1024\" height=\"668\" data-wp-class--hide=\"state.isContentHidden\" data-wp-class--show=\"state.isContentVisible\" data-wp-init=\"callbacks.setButtonStyles\" data-wp-on--click=\"actions.showLightbox\" data-wp-on--load=\"callbacks.setButtonStyles\" data-wp-on-window--resize=\"callbacks.setButtonStyles\" data-id=\"119\" src=\"https:\/\/redesign.imlaufderzeit.de\/wp-content\/uploads\/Gschwend_Frickenhofer Str_Nr 09__1994-1024x668.jpg\" alt=\"Gschwend - Frickenhofer Str - Hausnummer 9 - 1994000000\" class=\"wp-image-119\" srcset=\"https:\/\/redesign.imlaufderzeit.de\/wp-content\/uploads\/Gschwend_Frickenhofer%20Str_Nr%2009__1994-1024x668.jpg 1024w, https:\/\/redesign.imlaufderzeit.de\/wp-content\/uploads\/Gschwend_Frickenhofer%20Str_Nr%2009__1994-300x196.jpg 300w, https:\/\/redesign.imlaufderzeit.de\/wp-content\/uploads\/Gschwend_Frickenhofer%20Str_Nr%2009__1994-768x501.jpg 768w, https:\/\/redesign.imlaufderzeit.de\/wp-content\/uploads\/Gschwend_Frickenhofer%20Str_Nr%2009__1994-1536x1002.jpg 1536w, https:\/\/redesign.imlaufderzeit.de\/wp-content\/uploads\/Gschwend_Frickenhofer%20Str_Nr%2009__1994.jpg 1920w\" sizes=\"auto, (max-width: 1024px) 100vw, 1024px\" \/><button\n\t\t\tclass=\"lightbox-trigger\"\n\t\t\ttype=\"button\"\n\t\t\taria-haspopup=\"dialog\"\n\t\t\taria-label=\"Vergr\u00f6\u00dfern\"\n\t\t\tdata-wp-init=\"callbacks.initTriggerButton\"\n\t\t\tdata-wp-on--click=\"actions.showLightbox\"\n\t\t\tdata-wp-style--right=\"state.imageButtonRight\"\n\t\t\tdata-wp-style--top=\"state.imageButtonTop\"\n\t\t>\n\t\t\t<svg xmlns=\"http:\/\/www.w3.org\/2000\/svg\" width=\"12\" height=\"12\" fill=\"none\" viewBox=\"0 0 12 12\">\n\t\t\t\t<path fill=\"#fff\" d=\"M2 0a2 2 0 0 0-2 2v2h1.5V2a.5.5 0 0 1 .5-.5h2V0H2Zm2 10.5H2a.5.5 0 0 1-.5-.5V8H0v2a2 2 0 0 0 2 2h2v-1.5ZM8 12v-1.5h2a.5.5 0 0 0 .5-.5V8H12v2a2 2 0 0 1-2 2H8Zm2-12a2 2 0 0 1 2 2v2h-1.5V2a.5.5 0 0 0-.5-.5H8V0h2Z\" \/>\n\t\t\t<\/svg>\n\t\t<\/button><figcaption class=\"wp-element-caption\">Gschwend &#8211; Frickenhofer Str &#8211; Hausnummer 9 &#8211; 1994<br>Scheuer der Familie Moll<br>Foto Ullrich Kunze<\/figcaption><\/figure>\n\n\n\n<figure data-wp-context=\"{&quot;imageId&quot;:&quot;69edef7124820&quot;}\" data-wp-interactive=\"core\/image\" data-wp-key=\"69edef7124820\" class=\"wp-block-image size-large wp-lightbox-container\"><img loading=\"lazy\" decoding=\"async\" width=\"1024\" height=\"685\" data-wp-class--hide=\"state.isContentHidden\" data-wp-class--show=\"state.isContentVisible\" data-wp-init=\"callbacks.setButtonStyles\" data-wp-on--click=\"actions.showLightbox\" data-wp-on--load=\"callbacks.setButtonStyles\" data-wp-on-window--resize=\"callbacks.setButtonStyles\" data-id=\"121\" src=\"https:\/\/redesign.imlaufderzeit.de\/wp-content\/uploads\/Gschwend_Frickenhofer Str_Nr 09__2008-1024x685.jpg\" alt=\"Gschwend - Frickenhofer Str - Hausnummer 9 - 2008000000\" class=\"wp-image-121\" srcset=\"https:\/\/redesign.imlaufderzeit.de\/wp-content\/uploads\/Gschwend_Frickenhofer%20Str_Nr%2009__2008-1024x685.jpg 1024w, https:\/\/redesign.imlaufderzeit.de\/wp-content\/uploads\/Gschwend_Frickenhofer%20Str_Nr%2009__2008-300x201.jpg 300w, https:\/\/redesign.imlaufderzeit.de\/wp-content\/uploads\/Gschwend_Frickenhofer%20Str_Nr%2009__2008-768x514.jpg 768w, https:\/\/redesign.imlaufderzeit.de\/wp-content\/uploads\/Gschwend_Frickenhofer%20Str_Nr%2009__2008-1536x1028.jpg 1536w, https:\/\/redesign.imlaufderzeit.de\/wp-content\/uploads\/Gschwend_Frickenhofer%20Str_Nr%2009__2008.JPG 1920w\" sizes=\"auto, (max-width: 1024px) 100vw, 1024px\" \/><button\n\t\t\tclass=\"lightbox-trigger\"\n\t\t\ttype=\"button\"\n\t\t\taria-haspopup=\"dialog\"\n\t\t\taria-label=\"Vergr\u00f6\u00dfern\"\n\t\t\tdata-wp-init=\"callbacks.initTriggerButton\"\n\t\t\tdata-wp-on--click=\"actions.showLightbox\"\n\t\t\tdata-wp-style--right=\"state.imageButtonRight\"\n\t\t\tdata-wp-style--top=\"state.imageButtonTop\"\n\t\t>\n\t\t\t<svg xmlns=\"http:\/\/www.w3.org\/2000\/svg\" width=\"12\" height=\"12\" fill=\"none\" viewBox=\"0 0 12 12\">\n\t\t\t\t<path fill=\"#fff\" d=\"M2 0a2 2 0 0 0-2 2v2h1.5V2a.5.5 0 0 1 .5-.5h2V0H2Zm2 10.5H2a.5.5 0 0 1-.5-.5V8H0v2a2 2 0 0 0 2 2h2v-1.5ZM8 12v-1.5h2a.5.5 0 0 0 .5-.5V8H12v2a2 2 0 0 1-2 2H8Zm2-12a2 2 0 0 1 2 2v2h-1.5V2a.5.5 0 0 0-.5-.5H8V0h2Z\" \/>\n\t\t\t<\/svg>\n\t\t<\/button><figcaption class=\"wp-element-caption\">Gschwend &#8211; Frickenhofer Str &#8211; Hausnummer 9 &#8211; 2008<br>Foto Klaus Ockert<\/figcaption><\/figure>\n\n\n\n<figure data-wp-context=\"{&quot;imageId&quot;:&quot;69edef7124b94&quot;}\" data-wp-interactive=\"core\/image\" data-wp-key=\"69edef7124b94\" class=\"wp-block-image size-large wp-lightbox-container\"><img loading=\"lazy\" decoding=\"async\" width=\"1024\" height=\"685\" data-wp-class--hide=\"state.isContentHidden\" data-wp-class--show=\"state.isContentVisible\" data-wp-init=\"callbacks.setButtonStyles\" data-wp-on--click=\"actions.showLightbox\" data-wp-on--load=\"callbacks.setButtonStyles\" data-wp-on-window--resize=\"callbacks.setButtonStyles\" data-id=\"120\" src=\"https:\/\/redesign.imlaufderzeit.de\/wp-content\/uploads\/Gschwend_Frickenhofer Str_Nr 09__2008-1-1024x685.jpg\" alt=\"Gschwend - Frickenhofer Str - Hausnummer 9 - 2008000000\" class=\"wp-image-120\" srcset=\"https:\/\/redesign.imlaufderzeit.de\/wp-content\/uploads\/Gschwend_Frickenhofer%20Str_Nr%2009__2008-1-1024x685.jpg 1024w, https:\/\/redesign.imlaufderzeit.de\/wp-content\/uploads\/Gschwend_Frickenhofer%20Str_Nr%2009__2008-1-300x201.jpg 300w, https:\/\/redesign.imlaufderzeit.de\/wp-content\/uploads\/Gschwend_Frickenhofer%20Str_Nr%2009__2008-1-768x514.jpg 768w, https:\/\/redesign.imlaufderzeit.de\/wp-content\/uploads\/Gschwend_Frickenhofer%20Str_Nr%2009__2008-1-1536x1028.jpg 1536w, https:\/\/redesign.imlaufderzeit.de\/wp-content\/uploads\/Gschwend_Frickenhofer%20Str_Nr%2009__2008-1.JPG 1920w\" sizes=\"auto, (max-width: 1024px) 100vw, 1024px\" \/><button\n\t\t\tclass=\"lightbox-trigger\"\n\t\t\ttype=\"button\"\n\t\t\taria-haspopup=\"dialog\"\n\t\t\taria-label=\"Vergr\u00f6\u00dfern\"\n\t\t\tdata-wp-init=\"callbacks.initTriggerButton\"\n\t\t\tdata-wp-on--click=\"actions.showLightbox\"\n\t\t\tdata-wp-style--right=\"state.imageButtonRight\"\n\t\t\tdata-wp-style--top=\"state.imageButtonTop\"\n\t\t>\n\t\t\t<svg xmlns=\"http:\/\/www.w3.org\/2000\/svg\" width=\"12\" height=\"12\" fill=\"none\" viewBox=\"0 0 12 12\">\n\t\t\t\t<path fill=\"#fff\" d=\"M2 0a2 2 0 0 0-2 2v2h1.5V2a.5.5 0 0 1 .5-.5h2V0H2Zm2 10.5H2a.5.5 0 0 1-.5-.5V8H0v2a2 2 0 0 0 2 2h2v-1.5ZM8 12v-1.5h2a.5.5 0 0 0 .5-.5V8H12v2a2 2 0 0 1-2 2H8Zm2-12a2 2 0 0 1 2 2v2h-1.5V2a.5.5 0 0 0-.5-.5H8V0h2Z\" \/>\n\t\t\t<\/svg>\n\t\t<\/button><figcaption class=\"wp-element-caption\">Gschwend &#8211; Frickenhofer Str &#8211; Hausnummer 9 &#8211; 2008<br>Vom St\u00f6cklesgarten aus gesehen.<br>Foto Klaus Ockert<\/figcaption><\/figure>\n\n\n\n<figure data-wp-context=\"{&quot;imageId&quot;:&quot;69edef7124ef5&quot;}\" data-wp-interactive=\"core\/image\" data-wp-key=\"69edef7124ef5\" class=\"wp-block-image size-large wp-lightbox-container\"><img loading=\"lazy\" decoding=\"async\" width=\"1024\" height=\"683\" data-wp-class--hide=\"state.isContentHidden\" data-wp-class--show=\"state.isContentVisible\" data-wp-init=\"callbacks.setButtonStyles\" data-wp-on--click=\"actions.showLightbox\" data-wp-on--load=\"callbacks.setButtonStyles\" data-wp-on-window--resize=\"callbacks.setButtonStyles\" data-id=\"124\" src=\"https:\/\/redesign.imlaufderzeit.de\/wp-content\/uploads\/Gschwend_Frickenhofer Str_Nr 09__2025-1024x683.jpg\" alt=\"Gschwend - Frickenhofer Str - Hausnummer 11 - 2025000000\" class=\"wp-image-124\" srcset=\"https:\/\/redesign.imlaufderzeit.de\/wp-content\/uploads\/Gschwend_Frickenhofer%20Str_Nr%2009__2025-1024x683.jpg 1024w, https:\/\/redesign.imlaufderzeit.de\/wp-content\/uploads\/Gschwend_Frickenhofer%20Str_Nr%2009__2025-300x200.jpg 300w, https:\/\/redesign.imlaufderzeit.de\/wp-content\/uploads\/Gschwend_Frickenhofer%20Str_Nr%2009__2025-768x512.jpg 768w, https:\/\/redesign.imlaufderzeit.de\/wp-content\/uploads\/Gschwend_Frickenhofer%20Str_Nr%2009__2025-1536x1024.jpg 1536w, https:\/\/redesign.imlaufderzeit.de\/wp-content\/uploads\/Gschwend_Frickenhofer%20Str_Nr%2009__2025.JPG 1920w\" sizes=\"auto, (max-width: 1024px) 100vw, 1024px\" \/><button\n\t\t\tclass=\"lightbox-trigger\"\n\t\t\ttype=\"button\"\n\t\t\taria-haspopup=\"dialog\"\n\t\t\taria-label=\"Vergr\u00f6\u00dfern\"\n\t\t\tdata-wp-init=\"callbacks.initTriggerButton\"\n\t\t\tdata-wp-on--click=\"actions.showLightbox\"\n\t\t\tdata-wp-style--right=\"state.imageButtonRight\"\n\t\t\tdata-wp-style--top=\"state.imageButtonTop\"\n\t\t>\n\t\t\t<svg xmlns=\"http:\/\/www.w3.org\/2000\/svg\" width=\"12\" height=\"12\" fill=\"none\" viewBox=\"0 0 12 12\">\n\t\t\t\t<path fill=\"#fff\" d=\"M2 0a2 2 0 0 0-2 2v2h1.5V2a.5.5 0 0 1 .5-.5h2V0H2Zm2 10.5H2a.5.5 0 0 1-.5-.5V8H0v2a2 2 0 0 0 2 2h2v-1.5ZM8 12v-1.5h2a.5.5 0 0 0 .5-.5V8H12v2a2 2 0 0 1-2 2H8Zm2-12a2 2 0 0 1 2 2v2h-1.5V2a.5.5 0 0 0-.5-.5H8V0h2Z\" \/>\n\t\t\t<\/svg>\n\t\t<\/button><figcaption class=\"wp-element-caption\">Gschwend &#8211; Frickenhofer Str &#8211; Hausnummer 9 &#8211; 2025<br>Die Garagen der Firma Bursiek werden abgerissen.<br>Foto Klaus Ockert<\/figcaption><\/figure>\n\n\n\n<figure data-wp-context=\"{&quot;imageId&quot;:&quot;69edef712525f&quot;}\" data-wp-interactive=\"core\/image\" data-wp-key=\"69edef712525f\" class=\"wp-block-image size-large wp-lightbox-container\"><img loading=\"lazy\" decoding=\"async\" width=\"1024\" height=\"768\" data-wp-class--hide=\"state.isContentHidden\" data-wp-class--show=\"state.isContentVisible\" data-wp-init=\"callbacks.setButtonStyles\" data-wp-on--click=\"actions.showLightbox\" data-wp-on--load=\"callbacks.setButtonStyles\" data-wp-on-window--resize=\"callbacks.setButtonStyles\" data-id=\"122\" src=\"https:\/\/redesign.imlaufderzeit.de\/wp-content\/uploads\/Gschwend_Frickenhofer Str_Nr 09__2025-1-1024x768.jpg\" alt=\"Gschwend - Frickenhofer Str - Hausnummer 9 - 2025000000\" class=\"wp-image-122\" srcset=\"https:\/\/redesign.imlaufderzeit.de\/wp-content\/uploads\/Gschwend_Frickenhofer%20Str_Nr%2009__2025-1-1024x768.jpg 1024w, https:\/\/redesign.imlaufderzeit.de\/wp-content\/uploads\/Gschwend_Frickenhofer%20Str_Nr%2009__2025-1-300x225.jpg 300w, https:\/\/redesign.imlaufderzeit.de\/wp-content\/uploads\/Gschwend_Frickenhofer%20Str_Nr%2009__2025-1-768x576.jpg 768w, https:\/\/redesign.imlaufderzeit.de\/wp-content\/uploads\/Gschwend_Frickenhofer%20Str_Nr%2009__2025-1-1536x1152.jpg 1536w, https:\/\/redesign.imlaufderzeit.de\/wp-content\/uploads\/Gschwend_Frickenhofer%20Str_Nr%2009__2025-1.jpg 1920w\" sizes=\"auto, (max-width: 1024px) 100vw, 1024px\" \/><button\n\t\t\tclass=\"lightbox-trigger\"\n\t\t\ttype=\"button\"\n\t\t\taria-haspopup=\"dialog\"\n\t\t\taria-label=\"Vergr\u00f6\u00dfern\"\n\t\t\tdata-wp-init=\"callbacks.initTriggerButton\"\n\t\t\tdata-wp-on--click=\"actions.showLightbox\"\n\t\t\tdata-wp-style--right=\"state.imageButtonRight\"\n\t\t\tdata-wp-style--top=\"state.imageButtonTop\"\n\t\t>\n\t\t\t<svg xmlns=\"http:\/\/www.w3.org\/2000\/svg\" width=\"12\" height=\"12\" fill=\"none\" viewBox=\"0 0 12 12\">\n\t\t\t\t<path fill=\"#fff\" d=\"M2 0a2 2 0 0 0-2 2v2h1.5V2a.5.5 0 0 1 .5-.5h2V0H2Zm2 10.5H2a.5.5 0 0 1-.5-.5V8H0v2a2 2 0 0 0 2 2h2v-1.5ZM8 12v-1.5h2a.5.5 0 0 0 .5-.5V8H12v2a2 2 0 0 1-2 2H8Zm2-12a2 2 0 0 1 2 2v2h-1.5V2a.5.5 0 0 0-.5-.5H8V0h2Z\" \/>\n\t\t\t<\/svg>\n\t\t<\/button><figcaption class=\"wp-element-caption\">Gschwend &#8211; Frickenhofer Str &#8211; Hausnummer 9 &#8211; 2025<br>Abriss der 3 Garagen geh\u00f6rten fr\u00fcher der Fa. Busiek<br>Foto Klaus Ockert<\/figcaption><\/figure>\n\n\n\n<figure data-wp-context=\"{&quot;imageId&quot;:&quot;69edef71255be&quot;}\" data-wp-interactive=\"core\/image\" data-wp-key=\"69edef71255be\" class=\"wp-block-image size-large wp-lightbox-container\"><img loading=\"lazy\" decoding=\"async\" width=\"1024\" height=\"680\" data-wp-class--hide=\"state.isContentHidden\" data-wp-class--show=\"state.isContentVisible\" data-wp-init=\"callbacks.setButtonStyles\" data-wp-on--click=\"actions.showLightbox\" data-wp-on--load=\"callbacks.setButtonStyles\" data-wp-on-window--resize=\"callbacks.setButtonStyles\" data-id=\"129\" src=\"https:\/\/redesign.imlaufderzeit.de\/wp-content\/uploads\/Gschwend_Frickenhofer Str_Nr 11__kranich-1024x680.jpg\" alt=\"Gschwend - Frickenhofer Str - Hausnummer 11 - 1938000000 Foto Kranich\" class=\"wp-image-129\" srcset=\"https:\/\/redesign.imlaufderzeit.de\/wp-content\/uploads\/Gschwend_Frickenhofer%20Str_Nr%2011__kranich-1024x680.jpg 1024w, https:\/\/redesign.imlaufderzeit.de\/wp-content\/uploads\/Gschwend_Frickenhofer%20Str_Nr%2011__kranich-300x199.jpg 300w, https:\/\/redesign.imlaufderzeit.de\/wp-content\/uploads\/Gschwend_Frickenhofer%20Str_Nr%2011__kranich-768x510.jpg 768w, https:\/\/redesign.imlaufderzeit.de\/wp-content\/uploads\/Gschwend_Frickenhofer%20Str_Nr%2011__kranich-1536x1020.jpg 1536w, https:\/\/redesign.imlaufderzeit.de\/wp-content\/uploads\/Gschwend_Frickenhofer%20Str_Nr%2011__kranich.jpg 1920w\" sizes=\"auto, (max-width: 1024px) 100vw, 1024px\" \/><button\n\t\t\tclass=\"lightbox-trigger\"\n\t\t\ttype=\"button\"\n\t\t\taria-haspopup=\"dialog\"\n\t\t\taria-label=\"Vergr\u00f6\u00dfern\"\n\t\t\tdata-wp-init=\"callbacks.initTriggerButton\"\n\t\t\tdata-wp-on--click=\"actions.showLightbox\"\n\t\t\tdata-wp-style--right=\"state.imageButtonRight\"\n\t\t\tdata-wp-style--top=\"state.imageButtonTop\"\n\t\t>\n\t\t\t<svg xmlns=\"http:\/\/www.w3.org\/2000\/svg\" width=\"12\" height=\"12\" fill=\"none\" viewBox=\"0 0 12 12\">\n\t\t\t\t<path fill=\"#fff\" d=\"M2 0a2 2 0 0 0-2 2v2h1.5V2a.5.5 0 0 1 .5-.5h2V0H2Zm2 10.5H2a.5.5 0 0 1-.5-.5V8H0v2a2 2 0 0 0 2 2h2v-1.5ZM8 12v-1.5h2a.5.5 0 0 0 .5-.5V8H12v2a2 2 0 0 1-2 2H8Zm2-12a2 2 0 0 1 2 2v2h-1.5V2a.5.5 0 0 0-.5-.5H8V0h2Z\" \/>\n\t\t\t<\/svg>\n\t\t<\/button><figcaption class=\"wp-element-caption\">Gschwend &#8211; Frickenhofer Str &#8211; Hausnummer 11 &#8211; 1938<br>Derop war der Vorg\u00e4nger von Aral<\/figcaption><\/figure>\n\n\n\n<figure data-wp-context=\"{&quot;imageId&quot;:&quot;69edef7125917&quot;}\" data-wp-interactive=\"core\/image\" data-wp-key=\"69edef7125917\" class=\"wp-block-image size-large wp-lightbox-container\"><img loading=\"lazy\" decoding=\"async\" width=\"1024\" height=\"643\" data-wp-class--hide=\"state.isContentHidden\" data-wp-class--show=\"state.isContentVisible\" data-wp-init=\"callbacks.setButtonStyles\" data-wp-on--click=\"actions.showLightbox\" data-wp-on--load=\"callbacks.setButtonStyles\" data-wp-on-window--resize=\"callbacks.setButtonStyles\" data-id=\"131\" src=\"https:\/\/redesign.imlaufderzeit.de\/wp-content\/uploads\/Gschwend_Frickenhofer Str_Nr 11__tankstelle1941-1024x643.jpg\" alt=\"Gschwend - Frickenhofer Str - Hausnummer 11 - 1941000000\" class=\"wp-image-131\" srcset=\"https:\/\/redesign.imlaufderzeit.de\/wp-content\/uploads\/Gschwend_Frickenhofer%20Str_Nr%2011__tankstelle1941-1024x643.jpg 1024w, https:\/\/redesign.imlaufderzeit.de\/wp-content\/uploads\/Gschwend_Frickenhofer%20Str_Nr%2011__tankstelle1941-300x188.jpg 300w, https:\/\/redesign.imlaufderzeit.de\/wp-content\/uploads\/Gschwend_Frickenhofer%20Str_Nr%2011__tankstelle1941-768x482.jpg 768w, https:\/\/redesign.imlaufderzeit.de\/wp-content\/uploads\/Gschwend_Frickenhofer%20Str_Nr%2011__tankstelle1941-1536x965.jpg 1536w, https:\/\/redesign.imlaufderzeit.de\/wp-content\/uploads\/Gschwend_Frickenhofer%20Str_Nr%2011__tankstelle1941.jpg 1920w\" sizes=\"auto, (max-width: 1024px) 100vw, 1024px\" \/><button\n\t\t\tclass=\"lightbox-trigger\"\n\t\t\ttype=\"button\"\n\t\t\taria-haspopup=\"dialog\"\n\t\t\taria-label=\"Vergr\u00f6\u00dfern\"\n\t\t\tdata-wp-init=\"callbacks.initTriggerButton\"\n\t\t\tdata-wp-on--click=\"actions.showLightbox\"\n\t\t\tdata-wp-style--right=\"state.imageButtonRight\"\n\t\t\tdata-wp-style--top=\"state.imageButtonTop\"\n\t\t>\n\t\t\t<svg xmlns=\"http:\/\/www.w3.org\/2000\/svg\" width=\"12\" height=\"12\" fill=\"none\" viewBox=\"0 0 12 12\">\n\t\t\t\t<path fill=\"#fff\" d=\"M2 0a2 2 0 0 0-2 2v2h1.5V2a.5.5 0 0 1 .5-.5h2V0H2Zm2 10.5H2a.5.5 0 0 1-.5-.5V8H0v2a2 2 0 0 0 2 2h2v-1.5ZM8 12v-1.5h2a.5.5 0 0 0 .5-.5V8H12v2a2 2 0 0 1-2 2H8Zm2-12a2 2 0 0 1 2 2v2h-1.5V2a.5.5 0 0 0-.5-.5H8V0h2Z\" \/>\n\t\t\t<\/svg>\n\t\t<\/button><figcaption class=\"wp-element-caption\">Gschwend &#8211; Frickenhofer Str &#8211; Hausnummer 11 &#8211; 1941<br>Benzin von Esso f\u00fcr Araltankstelle.<br>Foto Kranich<\/figcaption><\/figure>\n\n\n\n<figure data-wp-context=\"{&quot;imageId&quot;:&quot;69edef7125cca&quot;}\" data-wp-interactive=\"core\/image\" data-wp-key=\"69edef7125cca\" class=\"wp-block-image size-large wp-lightbox-container\"><img loading=\"lazy\" decoding=\"async\" width=\"1024\" height=\"660\" data-wp-class--hide=\"state.isContentHidden\" data-wp-class--show=\"state.isContentVisible\" data-wp-init=\"callbacks.setButtonStyles\" data-wp-on--click=\"actions.showLightbox\" data-wp-on--load=\"callbacks.setButtonStyles\" data-wp-on-window--resize=\"callbacks.setButtonStyles\" data-id=\"132\" src=\"https:\/\/redesign.imlaufderzeit.de\/wp-content\/uploads\/Gschwend_Frickenhofer Str_Nr 11__tankstelle1943-1024x660.jpg\" alt=\"Gschwend - Frickenhofer Str - Hausnummer 13 - 1943000000\" class=\"wp-image-132\" srcset=\"https:\/\/redesign.imlaufderzeit.de\/wp-content\/uploads\/Gschwend_Frickenhofer%20Str_Nr%2011__tankstelle1943-1024x660.jpg 1024w, https:\/\/redesign.imlaufderzeit.de\/wp-content\/uploads\/Gschwend_Frickenhofer%20Str_Nr%2011__tankstelle1943-300x193.jpg 300w, https:\/\/redesign.imlaufderzeit.de\/wp-content\/uploads\/Gschwend_Frickenhofer%20Str_Nr%2011__tankstelle1943-768x495.jpg 768w, https:\/\/redesign.imlaufderzeit.de\/wp-content\/uploads\/Gschwend_Frickenhofer%20Str_Nr%2011__tankstelle1943-1536x990.jpg 1536w, https:\/\/redesign.imlaufderzeit.de\/wp-content\/uploads\/Gschwend_Frickenhofer%20Str_Nr%2011__tankstelle1943.jpg 1920w\" sizes=\"auto, (max-width: 1024px) 100vw, 1024px\" \/><button\n\t\t\tclass=\"lightbox-trigger\"\n\t\t\ttype=\"button\"\n\t\t\taria-haspopup=\"dialog\"\n\t\t\taria-label=\"Vergr\u00f6\u00dfern\"\n\t\t\tdata-wp-init=\"callbacks.initTriggerButton\"\n\t\t\tdata-wp-on--click=\"actions.showLightbox\"\n\t\t\tdata-wp-style--right=\"state.imageButtonRight\"\n\t\t\tdata-wp-style--top=\"state.imageButtonTop\"\n\t\t>\n\t\t\t<svg xmlns=\"http:\/\/www.w3.org\/2000\/svg\" width=\"12\" height=\"12\" fill=\"none\" viewBox=\"0 0 12 12\">\n\t\t\t\t<path fill=\"#fff\" d=\"M2 0a2 2 0 0 0-2 2v2h1.5V2a.5.5 0 0 1 .5-.5h2V0H2Zm2 10.5H2a.5.5 0 0 1-.5-.5V8H0v2a2 2 0 0 0 2 2h2v-1.5ZM8 12v-1.5h2a.5.5 0 0 0 .5-.5V8H12v2a2 2 0 0 1-2 2H8Zm2-12a2 2 0 0 1 2 2v2h-1.5V2a.5.5 0 0 0-.5-.5H8V0h2Z\" \/>\n\t\t\t<\/svg>\n\t\t<\/button><figcaption class=\"wp-element-caption\">Gschwend &#8211; Frickenhofer Str &#8211; Hausnummer 11 &#8211; 1943<br>Foto Kranich<\/figcaption><\/figure>\n\n\n\n<figure data-wp-context=\"{&quot;imageId&quot;:&quot;69edef7126030&quot;}\" data-wp-interactive=\"core\/image\" data-wp-key=\"69edef7126030\" class=\"wp-block-image size-large wp-lightbox-container\"><img loading=\"lazy\" decoding=\"async\" width=\"1024\" height=\"712\" data-wp-class--hide=\"state.isContentHidden\" data-wp-class--show=\"state.isContentVisible\" data-wp-init=\"callbacks.setButtonStyles\" data-wp-on--click=\"actions.showLightbox\" data-wp-on--load=\"callbacks.setButtonStyles\" data-wp-on-window--resize=\"callbacks.setButtonStyles\" data-id=\"133\" src=\"https:\/\/redesign.imlaufderzeit.de\/wp-content\/uploads\/Gschwend_Frickenhofer Str_Nr 11__tankstelle1950-1024x712.jpg\" alt=\"Gschwend - Frickenhofer Str - Hausnummer 13 - 1950000000\" class=\"wp-image-133\" srcset=\"https:\/\/redesign.imlaufderzeit.de\/wp-content\/uploads\/Gschwend_Frickenhofer%20Str_Nr%2011__tankstelle1950-1024x712.jpg 1024w, https:\/\/redesign.imlaufderzeit.de\/wp-content\/uploads\/Gschwend_Frickenhofer%20Str_Nr%2011__tankstelle1950-300x209.jpg 300w, https:\/\/redesign.imlaufderzeit.de\/wp-content\/uploads\/Gschwend_Frickenhofer%20Str_Nr%2011__tankstelle1950-768x534.jpg 768w, https:\/\/redesign.imlaufderzeit.de\/wp-content\/uploads\/Gschwend_Frickenhofer%20Str_Nr%2011__tankstelle1950-1536x1068.jpg 1536w, https:\/\/redesign.imlaufderzeit.de\/wp-content\/uploads\/Gschwend_Frickenhofer%20Str_Nr%2011__tankstelle1950.jpg 1920w\" sizes=\"auto, (max-width: 1024px) 100vw, 1024px\" \/><button\n\t\t\tclass=\"lightbox-trigger\"\n\t\t\ttype=\"button\"\n\t\t\taria-haspopup=\"dialog\"\n\t\t\taria-label=\"Vergr\u00f6\u00dfern\"\n\t\t\tdata-wp-init=\"callbacks.initTriggerButton\"\n\t\t\tdata-wp-on--click=\"actions.showLightbox\"\n\t\t\tdata-wp-style--right=\"state.imageButtonRight\"\n\t\t\tdata-wp-style--top=\"state.imageButtonTop\"\n\t\t>\n\t\t\t<svg xmlns=\"http:\/\/www.w3.org\/2000\/svg\" width=\"12\" height=\"12\" fill=\"none\" viewBox=\"0 0 12 12\">\n\t\t\t\t<path fill=\"#fff\" d=\"M2 0a2 2 0 0 0-2 2v2h1.5V2a.5.5 0 0 1 .5-.5h2V0H2Zm2 10.5H2a.5.5 0 0 1-.5-.5V8H0v2a2 2 0 0 0 2 2h2v-1.5ZM8 12v-1.5h2a.5.5 0 0 0 .5-.5V8H12v2a2 2 0 0 1-2 2H8Zm2-12a2 2 0 0 1 2 2v2h-1.5V2a.5.5 0 0 0-.5-.5H8V0h2Z\" \/>\n\t\t\t<\/svg>\n\t\t<\/button><figcaption class=\"wp-element-caption\">Gschwend &#8211; Frickenhofer Str &#8211; Hausnummer 11 &#8211; 1950<br>War noch BV Aral<br>Foto Kranich<\/figcaption><\/figure>\n\n\n\n<figure data-wp-context=\"{&quot;imageId&quot;:&quot;69edef7126392&quot;}\" data-wp-interactive=\"core\/image\" data-wp-key=\"69edef7126392\" class=\"wp-block-image size-large wp-lightbox-container\"><img loading=\"lazy\" decoding=\"async\" width=\"1024\" height=\"685\" data-wp-class--hide=\"state.isContentHidden\" data-wp-class--show=\"state.isContentVisible\" data-wp-init=\"callbacks.setButtonStyles\" data-wp-on--click=\"actions.showLightbox\" data-wp-on--load=\"callbacks.setButtonStyles\" data-wp-on-window--resize=\"callbacks.setButtonStyles\" data-id=\"125\" src=\"https:\/\/redesign.imlaufderzeit.de\/wp-content\/uploads\/Gschwend_Frickenhofer Str_Nr 11__01-1024x685.jpg\" alt=\"Gschwend - Frickenhofer Str - Hausnummer 11 - 2007000000\" class=\"wp-image-125\" srcset=\"https:\/\/redesign.imlaufderzeit.de\/wp-content\/uploads\/Gschwend_Frickenhofer%20Str_Nr%2011__01-1024x685.jpg 1024w, https:\/\/redesign.imlaufderzeit.de\/wp-content\/uploads\/Gschwend_Frickenhofer%20Str_Nr%2011__01-300x201.jpg 300w, https:\/\/redesign.imlaufderzeit.de\/wp-content\/uploads\/Gschwend_Frickenhofer%20Str_Nr%2011__01-768x514.jpg 768w, https:\/\/redesign.imlaufderzeit.de\/wp-content\/uploads\/Gschwend_Frickenhofer%20Str_Nr%2011__01-1536x1028.jpg 1536w, https:\/\/redesign.imlaufderzeit.de\/wp-content\/uploads\/Gschwend_Frickenhofer%20Str_Nr%2011__01.JPG 1920w\" sizes=\"auto, (max-width: 1024px) 100vw, 1024px\" \/><button\n\t\t\tclass=\"lightbox-trigger\"\n\t\t\ttype=\"button\"\n\t\t\taria-haspopup=\"dialog\"\n\t\t\taria-label=\"Vergr\u00f6\u00dfern\"\n\t\t\tdata-wp-init=\"callbacks.initTriggerButton\"\n\t\t\tdata-wp-on--click=\"actions.showLightbox\"\n\t\t\tdata-wp-style--right=\"state.imageButtonRight\"\n\t\t\tdata-wp-style--top=\"state.imageButtonTop\"\n\t\t>\n\t\t\t<svg xmlns=\"http:\/\/www.w3.org\/2000\/svg\" width=\"12\" height=\"12\" fill=\"none\" viewBox=\"0 0 12 12\">\n\t\t\t\t<path fill=\"#fff\" d=\"M2 0a2 2 0 0 0-2 2v2h1.5V2a.5.5 0 0 1 .5-.5h2V0H2Zm2 10.5H2a.5.5 0 0 1-.5-.5V8H0v2a2 2 0 0 0 2 2h2v-1.5ZM8 12v-1.5h2a.5.5 0 0 0 .5-.5V8H12v2a2 2 0 0 1-2 2H8Zm2-12a2 2 0 0 1 2 2v2h-1.5V2a.5.5 0 0 0-.5-.5H8V0h2Z\" \/>\n\t\t\t<\/svg>\n\t\t<\/button><figcaption class=\"wp-element-caption\">Gschwend &#8211; Frickenhofer Str &#8211; Hausnummer 11 &#8211; 2007<br>Im Vordergrund Firma Kranich. Im Hintergrund Nr. 7<br>Foto Klaus Ockert<\/figcaption><\/figure>\n\n\n\n<figure data-wp-context=\"{&quot;imageId&quot;:&quot;69edef71266f4&quot;}\" data-wp-interactive=\"core\/image\" data-wp-key=\"69edef71266f4\" class=\"wp-block-image size-large wp-lightbox-container\"><img loading=\"lazy\" decoding=\"async\" width=\"1024\" height=\"685\" data-wp-class--hide=\"state.isContentHidden\" data-wp-class--show=\"state.isContentVisible\" data-wp-init=\"callbacks.setButtonStyles\" data-wp-on--click=\"actions.showLightbox\" data-wp-on--load=\"callbacks.setButtonStyles\" data-wp-on-window--resize=\"callbacks.setButtonStyles\" data-id=\"126\" src=\"https:\/\/redesign.imlaufderzeit.de\/wp-content\/uploads\/Gschwend_Frickenhofer Str_Nr 11__02-1024x685.jpg\" alt=\"Gschwend - Frickenhofer Str - Hausnummer 11 - 2007000000\" class=\"wp-image-126\" srcset=\"https:\/\/redesign.imlaufderzeit.de\/wp-content\/uploads\/Gschwend_Frickenhofer%20Str_Nr%2011__02-1024x685.jpg 1024w, https:\/\/redesign.imlaufderzeit.de\/wp-content\/uploads\/Gschwend_Frickenhofer%20Str_Nr%2011__02-300x201.jpg 300w, https:\/\/redesign.imlaufderzeit.de\/wp-content\/uploads\/Gschwend_Frickenhofer%20Str_Nr%2011__02-768x514.jpg 768w, https:\/\/redesign.imlaufderzeit.de\/wp-content\/uploads\/Gschwend_Frickenhofer%20Str_Nr%2011__02-1536x1028.jpg 1536w, https:\/\/redesign.imlaufderzeit.de\/wp-content\/uploads\/Gschwend_Frickenhofer%20Str_Nr%2011__02.JPG 1920w\" sizes=\"auto, (max-width: 1024px) 100vw, 1024px\" \/><button\n\t\t\tclass=\"lightbox-trigger\"\n\t\t\ttype=\"button\"\n\t\t\taria-haspopup=\"dialog\"\n\t\t\taria-label=\"Vergr\u00f6\u00dfern\"\n\t\t\tdata-wp-init=\"callbacks.initTriggerButton\"\n\t\t\tdata-wp-on--click=\"actions.showLightbox\"\n\t\t\tdata-wp-style--right=\"state.imageButtonRight\"\n\t\t\tdata-wp-style--top=\"state.imageButtonTop\"\n\t\t>\n\t\t\t<svg xmlns=\"http:\/\/www.w3.org\/2000\/svg\" width=\"12\" height=\"12\" fill=\"none\" viewBox=\"0 0 12 12\">\n\t\t\t\t<path fill=\"#fff\" d=\"M2 0a2 2 0 0 0-2 2v2h1.5V2a.5.5 0 0 1 .5-.5h2V0H2Zm2 10.5H2a.5.5 0 0 1-.5-.5V8H0v2a2 2 0 0 0 2 2h2v-1.5ZM8 12v-1.5h2a.5.5 0 0 0 .5-.5V8H12v2a2 2 0 0 1-2 2H8Zm2-12a2 2 0 0 1 2 2v2h-1.5V2a.5.5 0 0 0-.5-.5H8V0h2Z\" \/>\n\t\t\t<\/svg>\n\t\t<\/button><figcaption class=\"wp-element-caption\">Gschwend &#8211; Frickenhofer Str &#8211; Hausnummer 11 &#8211; 2007<br>Foto Klaus Ockert<\/figcaption><\/figure>\n\n\n\n<figure data-wp-context=\"{&quot;imageId&quot;:&quot;69edef7126a5d&quot;}\" data-wp-interactive=\"core\/image\" data-wp-key=\"69edef7126a5d\" class=\"wp-block-image size-large wp-lightbox-container\"><img loading=\"lazy\" decoding=\"async\" width=\"1024\" height=\"677\" data-wp-class--hide=\"state.isContentHidden\" data-wp-class--show=\"state.isContentVisible\" data-wp-init=\"callbacks.setButtonStyles\" data-wp-on--click=\"actions.showLightbox\" data-wp-on--load=\"callbacks.setButtonStyles\" data-wp-on-window--resize=\"callbacks.setButtonStyles\" data-id=\"137\" src=\"https:\/\/redesign.imlaufderzeit.de\/wp-content\/uploads\/Gschwend_Frickenhofer Str_Nr 13__vor_gaensslen-1024x677.jpg\" alt=\"Gschwend - Frickenhofer Str - Hausnummer 14 - 1953000000\" class=\"wp-image-137\" srcset=\"https:\/\/redesign.imlaufderzeit.de\/wp-content\/uploads\/Gschwend_Frickenhofer%20Str_Nr%2013__vor_gaensslen-1024x677.jpg 1024w, https:\/\/redesign.imlaufderzeit.de\/wp-content\/uploads\/Gschwend_Frickenhofer%20Str_Nr%2013__vor_gaensslen-300x198.jpg 300w, https:\/\/redesign.imlaufderzeit.de\/wp-content\/uploads\/Gschwend_Frickenhofer%20Str_Nr%2013__vor_gaensslen-768x508.jpg 768w, https:\/\/redesign.imlaufderzeit.de\/wp-content\/uploads\/Gschwend_Frickenhofer%20Str_Nr%2013__vor_gaensslen-1536x1016.jpg 1536w, https:\/\/redesign.imlaufderzeit.de\/wp-content\/uploads\/Gschwend_Frickenhofer%20Str_Nr%2013__vor_gaensslen.jpg 1920w\" sizes=\"auto, (max-width: 1024px) 100vw, 1024px\" \/><button\n\t\t\tclass=\"lightbox-trigger\"\n\t\t\ttype=\"button\"\n\t\t\taria-haspopup=\"dialog\"\n\t\t\taria-label=\"Vergr\u00f6\u00dfern\"\n\t\t\tdata-wp-init=\"callbacks.initTriggerButton\"\n\t\t\tdata-wp-on--click=\"actions.showLightbox\"\n\t\t\tdata-wp-style--right=\"state.imageButtonRight\"\n\t\t\tdata-wp-style--top=\"state.imageButtonTop\"\n\t\t>\n\t\t\t<svg xmlns=\"http:\/\/www.w3.org\/2000\/svg\" width=\"12\" height=\"12\" fill=\"none\" viewBox=\"0 0 12 12\">\n\t\t\t\t<path fill=\"#fff\" d=\"M2 0a2 2 0 0 0-2 2v2h1.5V2a.5.5 0 0 1 .5-.5h2V0H2Zm2 10.5H2a.5.5 0 0 1-.5-.5V8H0v2a2 2 0 0 0 2 2h2v-1.5ZM8 12v-1.5h2a.5.5 0 0 0 .5-.5V8H12v2a2 2 0 0 1-2 2H8Zm2-12a2 2 0 0 1 2 2v2h-1.5V2a.5.5 0 0 0-.5-.5H8V0h2Z\" \/>\n\t\t\t<\/svg>\n\t\t<\/button><figcaption class=\"wp-element-caption\">Gschwend &#8211; Frickenhofer Str &#8211; Hausnummer 13 &#8211; 1953<br>Rechts: Firma Kranich, Aral Tankstelle, Fahrr\u00e4der. Die B\u00e4ume werden gef\u00e4llt.<br>Links der Hof Schober<\/figcaption><\/figure>\n\n\n\n<figure data-wp-context=\"{&quot;imageId&quot;:&quot;69edef7126dc0&quot;}\" data-wp-interactive=\"core\/image\" data-wp-key=\"69edef7126dc0\" class=\"wp-block-image size-large wp-lightbox-container\"><img loading=\"lazy\" decoding=\"async\" width=\"1024\" height=\"706\" data-wp-class--hide=\"state.isContentHidden\" data-wp-class--show=\"state.isContentVisible\" data-wp-init=\"callbacks.setButtonStyles\" data-wp-on--click=\"actions.showLightbox\" data-wp-on--load=\"callbacks.setButtonStyles\" data-wp-on-window--resize=\"callbacks.setButtonStyles\" data-id=\"111\" src=\"https:\/\/redesign.imlaufderzeit.de\/wp-content\/uploads\/Gschwend_Frickenhofer Str_Nr 07__schnee_16.4.36-1024x706.jpg\" alt=\"Gschwend - Frickenhofer Str - Hausnummer 7 - 1936000000\" class=\"wp-image-111\" srcset=\"https:\/\/redesign.imlaufderzeit.de\/wp-content\/uploads\/Gschwend_Frickenhofer%20Str_Nr%2007__schnee_16.4.36-1024x706.jpg 1024w, https:\/\/redesign.imlaufderzeit.de\/wp-content\/uploads\/Gschwend_Frickenhofer%20Str_Nr%2007__schnee_16.4.36-300x207.jpg 300w, https:\/\/redesign.imlaufderzeit.de\/wp-content\/uploads\/Gschwend_Frickenhofer%20Str_Nr%2007__schnee_16.4.36-768x530.jpg 768w, https:\/\/redesign.imlaufderzeit.de\/wp-content\/uploads\/Gschwend_Frickenhofer%20Str_Nr%2007__schnee_16.4.36-1536x1059.jpg 1536w, https:\/\/redesign.imlaufderzeit.de\/wp-content\/uploads\/Gschwend_Frickenhofer%20Str_Nr%2007__schnee_16.4.36.jpg 1920w\" sizes=\"auto, (max-width: 1024px) 100vw, 1024px\" \/><button\n\t\t\tclass=\"lightbox-trigger\"\n\t\t\ttype=\"button\"\n\t\t\taria-haspopup=\"dialog\"\n\t\t\taria-label=\"Vergr\u00f6\u00dfern\"\n\t\t\tdata-wp-init=\"callbacks.initTriggerButton\"\n\t\t\tdata-wp-on--click=\"actions.showLightbox\"\n\t\t\tdata-wp-style--right=\"state.imageButtonRight\"\n\t\t\tdata-wp-style--top=\"state.imageButtonTop\"\n\t\t>\n\t\t\t<svg xmlns=\"http:\/\/www.w3.org\/2000\/svg\" width=\"12\" height=\"12\" fill=\"none\" viewBox=\"0 0 12 12\">\n\t\t\t\t<path fill=\"#fff\" d=\"M2 0a2 2 0 0 0-2 2v2h1.5V2a.5.5 0 0 1 .5-.5h2V0H2Zm2 10.5H2a.5.5 0 0 1-.5-.5V8H0v2a2 2 0 0 0 2 2h2v-1.5ZM8 12v-1.5h2a.5.5 0 0 0 .5-.5V8H12v2a2 2 0 0 1-2 2H8Zm2-12a2 2 0 0 1 2 2v2h-1.5V2a.5.5 0 0 0-.5-.5H8V0h2Z\" \/>\n\t\t\t<\/svg>\n\t\t<\/button><figcaption class=\"wp-element-caption\">Gschwend &#8211; Frickenhofer Str &#8211; Hausnummer 7 &#8211; 1936<br>Das Bild entstand am 16.4.36. Links die R\u00f6sslesscheuer, im Hintergrund Haus Kranich.<br>Da kein Bauer 6 Pferde hatte, wurden diese, f\u00fcr das ziehen des Bahnschlitten, von mehreren Bauern zusammen gespannt.<\/figcaption><\/figure>\n\n\n\n<figure data-wp-context=\"{&quot;imageId&quot;:&quot;69edef712712d&quot;}\" data-wp-interactive=\"core\/image\" data-wp-key=\"69edef712712d\" class=\"wp-block-image size-large wp-lightbox-container\"><img loading=\"lazy\" decoding=\"async\" width=\"1024\" height=\"768\" data-wp-class--hide=\"state.isContentHidden\" data-wp-class--show=\"state.isContentVisible\" data-wp-init=\"callbacks.setButtonStyles\" data-wp-on--click=\"actions.showLightbox\" data-wp-on--load=\"callbacks.setButtonStyles\" data-wp-on-window--resize=\"callbacks.setButtonStyles\" data-id=\"136\" src=\"https:\/\/redesign.imlaufderzeit.de\/wp-content\/uploads\/Gschwend_Frickenhofer Str_Nr 13__bilder_015-1024x768.jpg\" alt=\"Gschwend - Frickenhofer Str - Hausnummer 13 - 2009000000\" class=\"wp-image-136\" srcset=\"https:\/\/redesign.imlaufderzeit.de\/wp-content\/uploads\/Gschwend_Frickenhofer%20Str_Nr%2013__bilder_015-1024x768.jpg 1024w, https:\/\/redesign.imlaufderzeit.de\/wp-content\/uploads\/Gschwend_Frickenhofer%20Str_Nr%2013__bilder_015-300x225.jpg 300w, https:\/\/redesign.imlaufderzeit.de\/wp-content\/uploads\/Gschwend_Frickenhofer%20Str_Nr%2013__bilder_015-768x576.jpg 768w, https:\/\/redesign.imlaufderzeit.de\/wp-content\/uploads\/Gschwend_Frickenhofer%20Str_Nr%2013__bilder_015-1536x1152.jpg 1536w, https:\/\/redesign.imlaufderzeit.de\/wp-content\/uploads\/Gschwend_Frickenhofer%20Str_Nr%2013__bilder_015.jpg 1920w\" sizes=\"auto, (max-width: 1024px) 100vw, 1024px\" \/><button\n\t\t\tclass=\"lightbox-trigger\"\n\t\t\ttype=\"button\"\n\t\t\taria-haspopup=\"dialog\"\n\t\t\taria-label=\"Vergr\u00f6\u00dfern\"\n\t\t\tdata-wp-init=\"callbacks.initTriggerButton\"\n\t\t\tdata-wp-on--click=\"actions.showLightbox\"\n\t\t\tdata-wp-style--right=\"state.imageButtonRight\"\n\t\t\tdata-wp-style--top=\"state.imageButtonTop\"\n\t\t>\n\t\t\t<svg xmlns=\"http:\/\/www.w3.org\/2000\/svg\" width=\"12\" height=\"12\" fill=\"none\" viewBox=\"0 0 12 12\">\n\t\t\t\t<path fill=\"#fff\" d=\"M2 0a2 2 0 0 0-2 2v2h1.5V2a.5.5 0 0 1 .5-.5h2V0H2Zm2 10.5H2a.5.5 0 0 1-.5-.5V8H0v2a2 2 0 0 0 2 2h2v-1.5ZM8 12v-1.5h2a.5.5 0 0 0 .5-.5V8H12v2a2 2 0 0 1-2 2H8Zm2-12a2 2 0 0 1 2 2v2h-1.5V2a.5.5 0 0 0-.5-.5H8V0h2Z\" \/>\n\t\t\t<\/svg>\n\t\t<\/button><figcaption class=\"wp-element-caption\">Gschwend &#8211; Frickenhofer Str &#8211; Hausnummer 13 &#8211; 2009<br>Fr\u00fcher Zahnarzt G\u00e4nsslen. <br>Baujahr 1963<br>Foto von Klaus Ockert<\/figcaption><\/figure>\n\n\n\n<figure data-wp-context=\"{&quot;imageId&quot;:&quot;69edef7127490&quot;}\" data-wp-interactive=\"core\/image\" data-wp-key=\"69edef7127490\" class=\"wp-block-image size-large wp-lightbox-container\"><img loading=\"lazy\" decoding=\"async\" width=\"1024\" height=\"668\" data-wp-class--hide=\"state.isContentHidden\" data-wp-class--show=\"state.isContentVisible\" data-wp-init=\"callbacks.setButtonStyles\" data-wp-on--click=\"actions.showLightbox\" data-wp-on--load=\"callbacks.setButtonStyles\" data-wp-on-window--resize=\"callbacks.setButtonStyles\" data-id=\"135\" src=\"https:\/\/redesign.imlaufderzeit.de\/wp-content\/uploads\/Gschwend_Frickenhofer Str_Nr 13__bild_123-1024x668.jpg\" alt=\"Gschwend - Frickenhofer Str - Hausnummer 13 - 2009000000\" class=\"wp-image-135\" srcset=\"https:\/\/redesign.imlaufderzeit.de\/wp-content\/uploads\/Gschwend_Frickenhofer%20Str_Nr%2013__bild_123-1024x668.jpg 1024w, https:\/\/redesign.imlaufderzeit.de\/wp-content\/uploads\/Gschwend_Frickenhofer%20Str_Nr%2013__bild_123-300x196.jpg 300w, https:\/\/redesign.imlaufderzeit.de\/wp-content\/uploads\/Gschwend_Frickenhofer%20Str_Nr%2013__bild_123-768x501.jpg 768w, https:\/\/redesign.imlaufderzeit.de\/wp-content\/uploads\/Gschwend_Frickenhofer%20Str_Nr%2013__bild_123-1536x1002.jpg 1536w, https:\/\/redesign.imlaufderzeit.de\/wp-content\/uploads\/Gschwend_Frickenhofer%20Str_Nr%2013__bild_123.jpg 1920w\" sizes=\"auto, (max-width: 1024px) 100vw, 1024px\" \/><button\n\t\t\tclass=\"lightbox-trigger\"\n\t\t\ttype=\"button\"\n\t\t\taria-haspopup=\"dialog\"\n\t\t\taria-label=\"Vergr\u00f6\u00dfern\"\n\t\t\tdata-wp-init=\"callbacks.initTriggerButton\"\n\t\t\tdata-wp-on--click=\"actions.showLightbox\"\n\t\t\tdata-wp-style--right=\"state.imageButtonRight\"\n\t\t\tdata-wp-style--top=\"state.imageButtonTop\"\n\t\t>\n\t\t\t<svg xmlns=\"http:\/\/www.w3.org\/2000\/svg\" width=\"12\" height=\"12\" fill=\"none\" viewBox=\"0 0 12 12\">\n\t\t\t\t<path fill=\"#fff\" d=\"M2 0a2 2 0 0 0-2 2v2h1.5V2a.5.5 0 0 1 .5-.5h2V0H2Zm2 10.5H2a.5.5 0 0 1-.5-.5V8H0v2a2 2 0 0 0 2 2h2v-1.5ZM8 12v-1.5h2a.5.5 0 0 0 .5-.5V8H12v2a2 2 0 0 1-2 2H8Zm2-12a2 2 0 0 1 2 2v2h-1.5V2a.5.5 0 0 0-.5-.5H8V0h2Z\" \/>\n\t\t\t<\/svg>\n\t\t<\/button><figcaption class=\"wp-element-caption\">Gschwend &#8211; Frickenhofer Str &#8211; Hausnummer 13 &#8211; 2009 <br>Foto Klaus Ockert<\/figcaption><\/figure>\n\n\n\n<figure data-wp-context=\"{&quot;imageId&quot;:&quot;69edef71277e9&quot;}\" data-wp-interactive=\"core\/image\" data-wp-key=\"69edef71277e9\" class=\"wp-block-image size-large wp-lightbox-container\"><img loading=\"lazy\" decoding=\"async\" width=\"1024\" height=\"627\" data-wp-class--hide=\"state.isContentHidden\" data-wp-class--show=\"state.isContentVisible\" data-wp-init=\"callbacks.setButtonStyles\" data-wp-on--click=\"actions.showLightbox\" data-wp-on--load=\"callbacks.setButtonStyles\" data-wp-on-window--resize=\"callbacks.setButtonStyles\" data-id=\"134\" src=\"https:\/\/redesign.imlaufderzeit.de\/wp-content\/uploads\/Gschwend_Frickenhofer Str_Nr 13__005-1024x627.jpg\" alt=\"Gschwend - Frickenhofer Str - Hausnummer 13 - 1966000000\" class=\"wp-image-134\" srcset=\"https:\/\/redesign.imlaufderzeit.de\/wp-content\/uploads\/Gschwend_Frickenhofer%20Str_Nr%2013__005-1024x627.jpg 1024w, https:\/\/redesign.imlaufderzeit.de\/wp-content\/uploads\/Gschwend_Frickenhofer%20Str_Nr%2013__005-300x184.jpg 300w, https:\/\/redesign.imlaufderzeit.de\/wp-content\/uploads\/Gschwend_Frickenhofer%20Str_Nr%2013__005-768x470.jpg 768w, https:\/\/redesign.imlaufderzeit.de\/wp-content\/uploads\/Gschwend_Frickenhofer%20Str_Nr%2013__005-1536x941.jpg 1536w, https:\/\/redesign.imlaufderzeit.de\/wp-content\/uploads\/Gschwend_Frickenhofer%20Str_Nr%2013__005.jpg 1920w\" sizes=\"auto, (max-width: 1024px) 100vw, 1024px\" \/><button\n\t\t\tclass=\"lightbox-trigger\"\n\t\t\ttype=\"button\"\n\t\t\taria-haspopup=\"dialog\"\n\t\t\taria-label=\"Vergr\u00f6\u00dfern\"\n\t\t\tdata-wp-init=\"callbacks.initTriggerButton\"\n\t\t\tdata-wp-on--click=\"actions.showLightbox\"\n\t\t\tdata-wp-style--right=\"state.imageButtonRight\"\n\t\t\tdata-wp-style--top=\"state.imageButtonTop\"\n\t\t>\n\t\t\t<svg xmlns=\"http:\/\/www.w3.org\/2000\/svg\" width=\"12\" height=\"12\" fill=\"none\" viewBox=\"0 0 12 12\">\n\t\t\t\t<path fill=\"#fff\" d=\"M2 0a2 2 0 0 0-2 2v2h1.5V2a.5.5 0 0 1 .5-.5h2V0H2Zm2 10.5H2a.5.5 0 0 1-.5-.5V8H0v2a2 2 0 0 0 2 2h2v-1.5ZM8 12v-1.5h2a.5.5 0 0 0 .5-.5V8H12v2a2 2 0 0 1-2 2H8Zm2-12a2 2 0 0 1 2 2v2h-1.5V2a.5.5 0 0 0-.5-.5H8V0h2Z\" \/>\n\t\t\t<\/svg>\n\t\t<\/button><figcaption class=\"wp-element-caption\">Gschwend &#8211; Frickenhofer Str &#8211; Hausnummer 13 &#8211; 1966<br>Ausschnitt: Frickenhofer u. Schlechtbacher Str.<br>Ausschnitt vom Luftbild<\/figcaption><\/figure>\n\n\n\n<figure data-wp-context=\"{&quot;imageId&quot;:&quot;69edef7127b5a&quot;}\" data-wp-interactive=\"core\/image\" data-wp-key=\"69edef7127b5a\" class=\"wp-block-image size-large wp-lightbox-container\"><img loading=\"lazy\" decoding=\"async\" width=\"1024\" height=\"698\" data-wp-class--hide=\"state.isContentHidden\" data-wp-class--show=\"state.isContentVisible\" data-wp-init=\"callbacks.setButtonStyles\" data-wp-on--click=\"actions.showLightbox\" data-wp-on--load=\"callbacks.setButtonStyles\" data-wp-on-window--resize=\"callbacks.setButtonStyles\" data-id=\"140\" src=\"https:\/\/redesign.imlaufderzeit.de\/wp-content\/uploads\/Gschwend_Frickenhofer Str_Nr 14__schnee_16.4.36-1024x698.jpg\" alt=\"Gschwend - Frickenhofer Str - Hausnummer 14 - 193600000\" class=\"wp-image-140\" srcset=\"https:\/\/redesign.imlaufderzeit.de\/wp-content\/uploads\/Gschwend_Frickenhofer%20Str_Nr%2014__schnee_16.4.36-1024x698.jpg 1024w, https:\/\/redesign.imlaufderzeit.de\/wp-content\/uploads\/Gschwend_Frickenhofer%20Str_Nr%2014__schnee_16.4.36-300x205.jpg 300w, https:\/\/redesign.imlaufderzeit.de\/wp-content\/uploads\/Gschwend_Frickenhofer%20Str_Nr%2014__schnee_16.4.36-768x524.jpg 768w, https:\/\/redesign.imlaufderzeit.de\/wp-content\/uploads\/Gschwend_Frickenhofer%20Str_Nr%2014__schnee_16.4.36-1536x1047.jpg 1536w, https:\/\/redesign.imlaufderzeit.de\/wp-content\/uploads\/Gschwend_Frickenhofer%20Str_Nr%2014__schnee_16.4.36.jpg 1920w\" sizes=\"auto, (max-width: 1024px) 100vw, 1024px\" \/><button\n\t\t\tclass=\"lightbox-trigger\"\n\t\t\ttype=\"button\"\n\t\t\taria-haspopup=\"dialog\"\n\t\t\taria-label=\"Vergr\u00f6\u00dfern\"\n\t\t\tdata-wp-init=\"callbacks.initTriggerButton\"\n\t\t\tdata-wp-on--click=\"actions.showLightbox\"\n\t\t\tdata-wp-style--right=\"state.imageButtonRight\"\n\t\t\tdata-wp-style--top=\"state.imageButtonTop\"\n\t\t>\n\t\t\t<svg xmlns=\"http:\/\/www.w3.org\/2000\/svg\" width=\"12\" height=\"12\" fill=\"none\" viewBox=\"0 0 12 12\">\n\t\t\t\t<path fill=\"#fff\" d=\"M2 0a2 2 0 0 0-2 2v2h1.5V2a.5.5 0 0 1 .5-.5h2V0H2Zm2 10.5H2a.5.5 0 0 1-.5-.5V8H0v2a2 2 0 0 0 2 2h2v-1.5ZM8 12v-1.5h2a.5.5 0 0 0 .5-.5V8H12v2a2 2 0 0 1-2 2H8Zm2-12a2 2 0 0 1 2 2v2h-1.5V2a.5.5 0 0 0-.5-.5H8V0h2Z\" \/>\n\t\t\t<\/svg>\n\t\t<\/button><figcaption class=\"wp-element-caption\">Gschwend &#8211; Frickenhofer Str &#8211; Hausnummer 14 &#8211; 1936<br>Winter am 16.04.1936. Der Bahnschlitten wir 6 sp\u00e4nnig gezogen.<br>Kein Bauer hatte 6 Pferde. Aus diesem Grund wurden Pferde von mehreren Bauern &#8222;zusammengespannt&#8220;.<br>Im Hintergrund Haus Nr. 14<br><\/figcaption><\/figure>\n\n\n\n<figure data-wp-context=\"{&quot;imageId&quot;:&quot;69edef7127f8a&quot;}\" data-wp-interactive=\"core\/image\" data-wp-key=\"69edef7127f8a\" class=\"wp-block-image size-large wp-lightbox-container\"><img loading=\"lazy\" decoding=\"async\" width=\"1024\" height=\"653\" data-wp-class--hide=\"state.isContentHidden\" data-wp-class--show=\"state.isContentVisible\" data-wp-init=\"callbacks.setButtonStyles\" data-wp-on--click=\"actions.showLightbox\" data-wp-on--load=\"callbacks.setButtonStyles\" data-wp-on-window--resize=\"callbacks.setButtonStyles\" data-id=\"141\" src=\"https:\/\/redesign.imlaufderzeit.de\/wp-content\/uploads\/Gschwend_Frickenhofer Str_Nr 14__wahl-1024x653.jpg\" alt=\"Gschwend - Frickenhofer Str - Hausnummer 14 - 158000000\" class=\"wp-image-141\" srcset=\"https:\/\/redesign.imlaufderzeit.de\/wp-content\/uploads\/Gschwend_Frickenhofer%20Str_Nr%2014__wahl-1024x653.jpg 1024w, https:\/\/redesign.imlaufderzeit.de\/wp-content\/uploads\/Gschwend_Frickenhofer%20Str_Nr%2014__wahl-300x191.jpg 300w, https:\/\/redesign.imlaufderzeit.de\/wp-content\/uploads\/Gschwend_Frickenhofer%20Str_Nr%2014__wahl-768x490.jpg 768w, https:\/\/redesign.imlaufderzeit.de\/wp-content\/uploads\/Gschwend_Frickenhofer%20Str_Nr%2014__wahl-1536x980.jpg 1536w, https:\/\/redesign.imlaufderzeit.de\/wp-content\/uploads\/Gschwend_Frickenhofer%20Str_Nr%2014__wahl.jpg 1920w\" sizes=\"auto, (max-width: 1024px) 100vw, 1024px\" \/><button\n\t\t\tclass=\"lightbox-trigger\"\n\t\t\ttype=\"button\"\n\t\t\taria-haspopup=\"dialog\"\n\t\t\taria-label=\"Vergr\u00f6\u00dfern\"\n\t\t\tdata-wp-init=\"callbacks.initTriggerButton\"\n\t\t\tdata-wp-on--click=\"actions.showLightbox\"\n\t\t\tdata-wp-style--right=\"state.imageButtonRight\"\n\t\t\tdata-wp-style--top=\"state.imageButtonTop\"\n\t\t>\n\t\t\t<svg xmlns=\"http:\/\/www.w3.org\/2000\/svg\" width=\"12\" height=\"12\" fill=\"none\" viewBox=\"0 0 12 12\">\n\t\t\t\t<path fill=\"#fff\" d=\"M2 0a2 2 0 0 0-2 2v2h1.5V2a.5.5 0 0 1 .5-.5h2V0H2Zm2 10.5H2a.5.5 0 0 1-.5-.5V8H0v2a2 2 0 0 0 2 2h2v-1.5ZM8 12v-1.5h2a.5.5 0 0 0 .5-.5V8H12v2a2 2 0 0 1-2 2H8Zm2-12a2 2 0 0 1 2 2v2h-1.5V2a.5.5 0 0 0-.5-.5H8V0h2Z\" \/>\n\t\t\t<\/svg>\n\t\t<\/button><figcaption class=\"wp-element-caption\">Gschwend &#8211; Frickenhofer Str &#8211; Hausnummer 14 &#8211; 1958<br>Im Hintergrund Ausdinghaus der B\u00e4ckerei Wahl ( Wahlenbeck ).<br>Vordergrund: Die Rasselbande vom Hechtbrunnen.<br>Foto Kranich<\/figcaption><\/figure>\n\n\n\n<figure data-wp-context=\"{&quot;imageId&quot;:&quot;69edef71283ae&quot;}\" data-wp-interactive=\"core\/image\" data-wp-key=\"69edef71283ae\" class=\"wp-block-image size-large wp-lightbox-container\"><img loading=\"lazy\" decoding=\"async\" width=\"1024\" height=\"685\" data-wp-class--hide=\"state.isContentHidden\" data-wp-class--show=\"state.isContentVisible\" data-wp-init=\"callbacks.setButtonStyles\" data-wp-on--click=\"actions.showLightbox\" data-wp-on--load=\"callbacks.setButtonStyles\" data-wp-on-window--resize=\"callbacks.setButtonStyles\" data-id=\"139\" src=\"https:\/\/redesign.imlaufderzeit.de\/wp-content\/uploads\/Gschwend_Frickenhofer Str_Nr 14__2007_2-1024x685.jpg\" alt=\"Gschwend - Frickenhofer Str - Hausnummer 14 - 2007000000\" class=\"wp-image-139\" srcset=\"https:\/\/redesign.imlaufderzeit.de\/wp-content\/uploads\/Gschwend_Frickenhofer%20Str_Nr%2014__2007_2-1024x685.jpg 1024w, https:\/\/redesign.imlaufderzeit.de\/wp-content\/uploads\/Gschwend_Frickenhofer%20Str_Nr%2014__2007_2-300x201.jpg 300w, https:\/\/redesign.imlaufderzeit.de\/wp-content\/uploads\/Gschwend_Frickenhofer%20Str_Nr%2014__2007_2-768x514.jpg 768w, https:\/\/redesign.imlaufderzeit.de\/wp-content\/uploads\/Gschwend_Frickenhofer%20Str_Nr%2014__2007_2-1536x1028.jpg 1536w, https:\/\/redesign.imlaufderzeit.de\/wp-content\/uploads\/Gschwend_Frickenhofer%20Str_Nr%2014__2007_2.JPG 1920w\" sizes=\"auto, (max-width: 1024px) 100vw, 1024px\" \/><button\n\t\t\tclass=\"lightbox-trigger\"\n\t\t\ttype=\"button\"\n\t\t\taria-haspopup=\"dialog\"\n\t\t\taria-label=\"Vergr\u00f6\u00dfern\"\n\t\t\tdata-wp-init=\"callbacks.initTriggerButton\"\n\t\t\tdata-wp-on--click=\"actions.showLightbox\"\n\t\t\tdata-wp-style--right=\"state.imageButtonRight\"\n\t\t\tdata-wp-style--top=\"state.imageButtonTop\"\n\t\t>\n\t\t\t<svg xmlns=\"http:\/\/www.w3.org\/2000\/svg\" width=\"12\" height=\"12\" fill=\"none\" viewBox=\"0 0 12 12\">\n\t\t\t\t<path fill=\"#fff\" d=\"M2 0a2 2 0 0 0-2 2v2h1.5V2a.5.5 0 0 1 .5-.5h2V0H2Zm2 10.5H2a.5.5 0 0 1-.5-.5V8H0v2a2 2 0 0 0 2 2h2v-1.5ZM8 12v-1.5h2a.5.5 0 0 0 .5-.5V8H12v2a2 2 0 0 1-2 2H8Zm2-12a2 2 0 0 1 2 2v2h-1.5V2a.5.5 0 0 0-.5-.5H8V0h2Z\" \/>\n\t\t\t<\/svg>\n\t\t<\/button><figcaption class=\"wp-element-caption\">Gschwend &#8211; Frickenhofer Str &#8211; Hausnummer 14 &#8211; 2007<br>Bild von Westen, <br>Foto Klaus Ockert<\/figcaption><\/figure>\n\n\n\n<figure data-wp-context=\"{&quot;imageId&quot;:&quot;69edef71287cb&quot;}\" data-wp-interactive=\"core\/image\" data-wp-key=\"69edef71287cb\" class=\"wp-block-image size-large wp-lightbox-container\"><img loading=\"lazy\" decoding=\"async\" width=\"1024\" height=\"685\" data-wp-class--hide=\"state.isContentHidden\" data-wp-class--show=\"state.isContentVisible\" data-wp-init=\"callbacks.setButtonStyles\" data-wp-on--click=\"actions.showLightbox\" data-wp-on--load=\"callbacks.setButtonStyles\" data-wp-on-window--resize=\"callbacks.setButtonStyles\" data-id=\"138\" src=\"https:\/\/redesign.imlaufderzeit.de\/wp-content\/uploads\/Gschwend_Frickenhofer Str_Nr 14__2007_1-1024x685.jpg\" alt=\"Gschwend - Frickenhofer Str - Hausnummer 14 - 2007000000\" class=\"wp-image-138\" srcset=\"https:\/\/redesign.imlaufderzeit.de\/wp-content\/uploads\/Gschwend_Frickenhofer%20Str_Nr%2014__2007_1-1024x685.jpg 1024w, https:\/\/redesign.imlaufderzeit.de\/wp-content\/uploads\/Gschwend_Frickenhofer%20Str_Nr%2014__2007_1-300x201.jpg 300w, https:\/\/redesign.imlaufderzeit.de\/wp-content\/uploads\/Gschwend_Frickenhofer%20Str_Nr%2014__2007_1-768x514.jpg 768w, https:\/\/redesign.imlaufderzeit.de\/wp-content\/uploads\/Gschwend_Frickenhofer%20Str_Nr%2014__2007_1-1536x1028.jpg 1536w, https:\/\/redesign.imlaufderzeit.de\/wp-content\/uploads\/Gschwend_Frickenhofer%20Str_Nr%2014__2007_1.JPG 1920w\" sizes=\"auto, (max-width: 1024px) 100vw, 1024px\" \/><button\n\t\t\tclass=\"lightbox-trigger\"\n\t\t\ttype=\"button\"\n\t\t\taria-haspopup=\"dialog\"\n\t\t\taria-label=\"Vergr\u00f6\u00dfern\"\n\t\t\tdata-wp-init=\"callbacks.initTriggerButton\"\n\t\t\tdata-wp-on--click=\"actions.showLightbox\"\n\t\t\tdata-wp-style--right=\"state.imageButtonRight\"\n\t\t\tdata-wp-style--top=\"state.imageButtonTop\"\n\t\t>\n\t\t\t<svg xmlns=\"http:\/\/www.w3.org\/2000\/svg\" width=\"12\" height=\"12\" fill=\"none\" viewBox=\"0 0 12 12\">\n\t\t\t\t<path fill=\"#fff\" d=\"M2 0a2 2 0 0 0-2 2v2h1.5V2a.5.5 0 0 1 .5-.5h2V0H2Zm2 10.5H2a.5.5 0 0 1-.5-.5V8H0v2a2 2 0 0 0 2 2h2v-1.5ZM8 12v-1.5h2a.5.5 0 0 0 .5-.5V8H12v2a2 2 0 0 1-2 2H8Zm2-12a2 2 0 0 1 2 2v2h-1.5V2a.5.5 0 0 0-.5-.5H8V0h2Z\" \/>\n\t\t\t<\/svg>\n\t\t<\/button><figcaption class=\"wp-element-caption\">Gschwend &#8211; Frickenhofer Str &#8211; Hausnummer 14 &#8211; 2007 <br>Foto Klaus Ockert<\/figcaption><\/figure>\n\n\n\n<figure data-wp-context=\"{&quot;imageId&quot;:&quot;69edef7128c14&quot;}\" data-wp-interactive=\"core\/image\" data-wp-key=\"69edef7128c14\" class=\"wp-block-image size-large wp-lightbox-container\"><img decoding=\"async\" data-wp-class--hide=\"state.isContentHidden\" data-wp-class--show=\"state.isContentVisible\" data-wp-init=\"callbacks.setButtonStyles\" data-wp-on--click=\"actions.showLightbox\" data-wp-on--load=\"callbacks.setButtonStyles\" data-wp-on-window--resize=\"callbacks.setButtonStyles\" data-id=\"145\" src=\"https:\/\/redesign.imlaufderzeit.de\/wp-content\/uploads\/Gschwend_Frickenhofer Str_Nr 16__a&amp;o-1024x707.jpg\" alt=\"Gschwend - Frickenhofer Str - Hausnummer 16 - 1954000000\" class=\"wp-image-145\"\/><button\n\t\t\tclass=\"lightbox-trigger\"\n\t\t\ttype=\"button\"\n\t\t\taria-haspopup=\"dialog\"\n\t\t\taria-label=\"Vergr\u00f6\u00dfern\"\n\t\t\tdata-wp-init=\"callbacks.initTriggerButton\"\n\t\t\tdata-wp-on--click=\"actions.showLightbox\"\n\t\t\tdata-wp-style--right=\"state.imageButtonRight\"\n\t\t\tdata-wp-style--top=\"state.imageButtonTop\"\n\t\t>\n\t\t\t<svg xmlns=\"http:\/\/www.w3.org\/2000\/svg\" width=\"12\" height=\"12\" fill=\"none\" viewBox=\"0 0 12 12\">\n\t\t\t\t<path fill=\"#fff\" d=\"M2 0a2 2 0 0 0-2 2v2h1.5V2a.5.5 0 0 1 .5-.5h2V0H2Zm2 10.5H2a.5.5 0 0 1-.5-.5V8H0v2a2 2 0 0 0 2 2h2v-1.5ZM8 12v-1.5h2a.5.5 0 0 0 .5-.5V8H12v2a2 2 0 0 1-2 2H8Zm2-12a2 2 0 0 1 2 2v2h-1.5V2a.5.5 0 0 0-.5-.5H8V0h2Z\" \/>\n\t\t\t<\/svg>\n\t\t<\/button><figcaption class=\"wp-element-caption\">Gschwend &#8211; Frickenhofer Str &#8211; Hausnummer 16 &#8211; 1954<br>Zu der Zeit A&amp;O Gemischtwaren, Kohlen, Milchfuhrunternehmen f\u00fcr die Gschwender Molk nach Stuttgart.<br>Im Hintergrund Tankstelle Kranich. R\u00f6sslesscheuer.<\/figcaption><\/figure>\n\n\n\n<figure data-wp-context=\"{&quot;imageId&quot;:&quot;69edef7129034&quot;}\" data-wp-interactive=\"core\/image\" data-wp-key=\"69edef7129034\" class=\"wp-block-image size-large wp-lightbox-container\"><img loading=\"lazy\" decoding=\"async\" width=\"1024\" height=\"723\" data-wp-class--hide=\"state.isContentHidden\" data-wp-class--show=\"state.isContentVisible\" data-wp-init=\"callbacks.setButtonStyles\" data-wp-on--click=\"actions.showLightbox\" data-wp-on--load=\"callbacks.setButtonStyles\" data-wp-on-window--resize=\"callbacks.setButtonStyles\" data-id=\"110\" src=\"http:\/\/redesign.imlaufderzeit.de\/wp-content\/uploads\/Gschwend_Frickenhofer Str_Nr 07__roesslesscheuer-1024x723.jpg\" alt=\"Gschwend_Frickenhofer Str_Nr 16\" class=\"wp-image-110\" srcset=\"https:\/\/redesign.imlaufderzeit.de\/wp-content\/uploads\/Gschwend_Frickenhofer%20Str_Nr%2007__roesslesscheuer-1024x723.jpg 1024w, https:\/\/redesign.imlaufderzeit.de\/wp-content\/uploads\/Gschwend_Frickenhofer%20Str_Nr%2007__roesslesscheuer-300x212.jpg 300w, https:\/\/redesign.imlaufderzeit.de\/wp-content\/uploads\/Gschwend_Frickenhofer%20Str_Nr%2007__roesslesscheuer-768x542.jpg 768w, https:\/\/redesign.imlaufderzeit.de\/wp-content\/uploads\/Gschwend_Frickenhofer%20Str_Nr%2007__roesslesscheuer-1536x1084.jpg 1536w, https:\/\/redesign.imlaufderzeit.de\/wp-content\/uploads\/Gschwend_Frickenhofer%20Str_Nr%2007__roesslesscheuer.jpg 1920w\" sizes=\"auto, (max-width: 1024px) 100vw, 1024px\" \/><button\n\t\t\tclass=\"lightbox-trigger\"\n\t\t\ttype=\"button\"\n\t\t\taria-haspopup=\"dialog\"\n\t\t\taria-label=\"Vergr\u00f6\u00dfern\"\n\t\t\tdata-wp-init=\"callbacks.initTriggerButton\"\n\t\t\tdata-wp-on--click=\"actions.showLightbox\"\n\t\t\tdata-wp-style--right=\"state.imageButtonRight\"\n\t\t\tdata-wp-style--top=\"state.imageButtonTop\"\n\t\t>\n\t\t\t<svg xmlns=\"http:\/\/www.w3.org\/2000\/svg\" width=\"12\" height=\"12\" fill=\"none\" viewBox=\"0 0 12 12\">\n\t\t\t\t<path fill=\"#fff\" d=\"M2 0a2 2 0 0 0-2 2v2h1.5V2a.5.5 0 0 1 .5-.5h2V0H2Zm2 10.5H2a.5.5 0 0 1-.5-.5V8H0v2a2 2 0 0 0 2 2h2v-1.5ZM8 12v-1.5h2a.5.5 0 0 0 .5-.5V8H12v2a2 2 0 0 1-2 2H8Zm2-12a2 2 0 0 1 2 2v2h-1.5V2a.5.5 0 0 0-.5-.5H8V0h2Z\" \/>\n\t\t\t<\/svg>\n\t\t<\/button><figcaption class=\"wp-element-caption\"><strong>Gschwend_Frickenhofer Str &#8211; Hausnummer 16<\/strong> &#8211; 1956<br>Zu der Zeit A&amp;O Gemischtwaren, Kohlen, Milchfuhrunternehmen f\u00fcr die Gschwender Molk nach Stuttgart.<br>Familie Karl Bauer<br>Im Hintergrund Tankstelle Kranich. R\u00f6sslesscheuer.<\/figcaption><\/figure>\n\n\n\n<figure data-wp-context=\"{&quot;imageId&quot;:&quot;69edef712945a&quot;}\" data-wp-interactive=\"core\/image\" data-wp-key=\"69edef712945a\" class=\"wp-block-image size-large wp-lightbox-container\"><img loading=\"lazy\" decoding=\"async\" width=\"1024\" height=\"685\" data-wp-class--hide=\"state.isContentHidden\" data-wp-class--show=\"state.isContentVisible\" data-wp-init=\"callbacks.setButtonStyles\" data-wp-on--click=\"actions.showLightbox\" data-wp-on--load=\"callbacks.setButtonStyles\" data-wp-on-window--resize=\"callbacks.setButtonStyles\" data-id=\"142\" src=\"https:\/\/redesign.imlaufderzeit.de\/wp-content\/uploads\/Gschwend_Frickenhofer Str_Nr 16__01-1024x685.jpg\" alt=\"Gschwend - Frickenhofer Str - Hausnummer 16 - 2007000000\" class=\"wp-image-142\" srcset=\"https:\/\/redesign.imlaufderzeit.de\/wp-content\/uploads\/Gschwend_Frickenhofer%20Str_Nr%2016__01-1024x685.jpg 1024w, https:\/\/redesign.imlaufderzeit.de\/wp-content\/uploads\/Gschwend_Frickenhofer%20Str_Nr%2016__01-300x201.jpg 300w, https:\/\/redesign.imlaufderzeit.de\/wp-content\/uploads\/Gschwend_Frickenhofer%20Str_Nr%2016__01-768x514.jpg 768w, https:\/\/redesign.imlaufderzeit.de\/wp-content\/uploads\/Gschwend_Frickenhofer%20Str_Nr%2016__01-1536x1028.jpg 1536w, https:\/\/redesign.imlaufderzeit.de\/wp-content\/uploads\/Gschwend_Frickenhofer%20Str_Nr%2016__01.JPG 1920w\" sizes=\"auto, (max-width: 1024px) 100vw, 1024px\" \/><button\n\t\t\tclass=\"lightbox-trigger\"\n\t\t\ttype=\"button\"\n\t\t\taria-haspopup=\"dialog\"\n\t\t\taria-label=\"Vergr\u00f6\u00dfern\"\n\t\t\tdata-wp-init=\"callbacks.initTriggerButton\"\n\t\t\tdata-wp-on--click=\"actions.showLightbox\"\n\t\t\tdata-wp-style--right=\"state.imageButtonRight\"\n\t\t\tdata-wp-style--top=\"state.imageButtonTop\"\n\t\t>\n\t\t\t<svg xmlns=\"http:\/\/www.w3.org\/2000\/svg\" width=\"12\" height=\"12\" fill=\"none\" viewBox=\"0 0 12 12\">\n\t\t\t\t<path fill=\"#fff\" d=\"M2 0a2 2 0 0 0-2 2v2h1.5V2a.5.5 0 0 1 .5-.5h2V0H2Zm2 10.5H2a.5.5 0 0 1-.5-.5V8H0v2a2 2 0 0 0 2 2h2v-1.5ZM8 12v-1.5h2a.5.5 0 0 0 .5-.5V8H12v2a2 2 0 0 1-2 2H8Zm2-12a2 2 0 0 1 2 2v2h-1.5V2a.5.5 0 0 0-.5-.5H8V0h2Z\" \/>\n\t\t\t<\/svg>\n\t\t<\/button><figcaption class=\"wp-element-caption\">Gschwend &#8211; Frickenhofer Str &#8211; Hausnummer 16 &#8211; 2007<br>Fr\u00fcher: A&amp;O Gemischtwaren, Kohlen, Milchfuhrunternehmen f\u00fcr die Gschwender Molk nach Stuttgart.<br>Der Famile Karl Bauer. <br>Foto von Klaus Ockert<br>Sp\u00e4ter Niederlassung der Rheinelektra von Fam Buchstab<\/figcaption><\/figure>\n\n\n\n<figure data-wp-context=\"{&quot;imageId&quot;:&quot;69edef712988c&quot;}\" data-wp-interactive=\"core\/image\" data-wp-key=\"69edef712988c\" class=\"wp-block-image size-large wp-lightbox-container\"><img loading=\"lazy\" decoding=\"async\" width=\"1024\" height=\"685\" data-wp-class--hide=\"state.isContentHidden\" data-wp-class--show=\"state.isContentVisible\" data-wp-init=\"callbacks.setButtonStyles\" data-wp-on--click=\"actions.showLightbox\" data-wp-on--load=\"callbacks.setButtonStyles\" data-wp-on-window--resize=\"callbacks.setButtonStyles\" data-id=\"144\" src=\"https:\/\/redesign.imlaufderzeit.de\/wp-content\/uploads\/Gschwend_Frickenhofer Str_Nr 16__03-1024x685.jpg\" alt=\"2007000000\" class=\"wp-image-144\" srcset=\"https:\/\/redesign.imlaufderzeit.de\/wp-content\/uploads\/Gschwend_Frickenhofer%20Str_Nr%2016__03-1024x685.jpg 1024w, https:\/\/redesign.imlaufderzeit.de\/wp-content\/uploads\/Gschwend_Frickenhofer%20Str_Nr%2016__03-300x201.jpg 300w, https:\/\/redesign.imlaufderzeit.de\/wp-content\/uploads\/Gschwend_Frickenhofer%20Str_Nr%2016__03-768x514.jpg 768w, https:\/\/redesign.imlaufderzeit.de\/wp-content\/uploads\/Gschwend_Frickenhofer%20Str_Nr%2016__03-1536x1028.jpg 1536w, https:\/\/redesign.imlaufderzeit.de\/wp-content\/uploads\/Gschwend_Frickenhofer%20Str_Nr%2016__03.JPG 1920w\" sizes=\"auto, (max-width: 1024px) 100vw, 1024px\" \/><button\n\t\t\tclass=\"lightbox-trigger\"\n\t\t\ttype=\"button\"\n\t\t\taria-haspopup=\"dialog\"\n\t\t\taria-label=\"Vergr\u00f6\u00dfern\"\n\t\t\tdata-wp-init=\"callbacks.initTriggerButton\"\n\t\t\tdata-wp-on--click=\"actions.showLightbox\"\n\t\t\tdata-wp-style--right=\"state.imageButtonRight\"\n\t\t\tdata-wp-style--top=\"state.imageButtonTop\"\n\t\t>\n\t\t\t<svg xmlns=\"http:\/\/www.w3.org\/2000\/svg\" width=\"12\" height=\"12\" fill=\"none\" viewBox=\"0 0 12 12\">\n\t\t\t\t<path fill=\"#fff\" d=\"M2 0a2 2 0 0 0-2 2v2h1.5V2a.5.5 0 0 1 .5-.5h2V0H2Zm2 10.5H2a.5.5 0 0 1-.5-.5V8H0v2a2 2 0 0 0 2 2h2v-1.5ZM8 12v-1.5h2a.5.5 0 0 0 .5-.5V8H12v2a2 2 0 0 1-2 2H8Zm2-12a2 2 0 0 1 2 2v2h-1.5V2a.5.5 0 0 0-.5-.5H8V0h2Z\" \/>\n\t\t\t<\/svg>\n\t\t<\/button><figcaption class=\"wp-element-caption\">Gschwend &#8211; Frickenhofer Str &#8211; Hausnummer 16 &#8211; 2007<br>Von Hinten<br>Foto von Klaus Ockert<\/figcaption><\/figure>\n\n\n\n<figure data-wp-context=\"{&quot;imageId&quot;:&quot;69edef7129ce3&quot;}\" data-wp-interactive=\"core\/image\" data-wp-key=\"69edef7129ce3\" class=\"wp-block-image size-large wp-lightbox-container\"><img loading=\"lazy\" decoding=\"async\" width=\"1024\" height=\"685\" data-wp-class--hide=\"state.isContentHidden\" data-wp-class--show=\"state.isContentVisible\" data-wp-init=\"callbacks.setButtonStyles\" data-wp-on--click=\"actions.showLightbox\" data-wp-on--load=\"callbacks.setButtonStyles\" data-wp-on-window--resize=\"callbacks.setButtonStyles\" data-id=\"143\" src=\"https:\/\/redesign.imlaufderzeit.de\/wp-content\/uploads\/Gschwend_Frickenhofer Str_Nr 16__02-1024x685.jpg\" alt=\"Gschwend - Frickenhofer Str - Hausnummer 16 - 2007000000\" class=\"wp-image-143\" srcset=\"https:\/\/redesign.imlaufderzeit.de\/wp-content\/uploads\/Gschwend_Frickenhofer%20Str_Nr%2016__02-1024x685.jpg 1024w, https:\/\/redesign.imlaufderzeit.de\/wp-content\/uploads\/Gschwend_Frickenhofer%20Str_Nr%2016__02-300x201.jpg 300w, https:\/\/redesign.imlaufderzeit.de\/wp-content\/uploads\/Gschwend_Frickenhofer%20Str_Nr%2016__02-768x514.jpg 768w, https:\/\/redesign.imlaufderzeit.de\/wp-content\/uploads\/Gschwend_Frickenhofer%20Str_Nr%2016__02-1536x1028.jpg 1536w, https:\/\/redesign.imlaufderzeit.de\/wp-content\/uploads\/Gschwend_Frickenhofer%20Str_Nr%2016__02.JPG 1920w\" sizes=\"auto, (max-width: 1024px) 100vw, 1024px\" \/><button\n\t\t\tclass=\"lightbox-trigger\"\n\t\t\ttype=\"button\"\n\t\t\taria-haspopup=\"dialog\"\n\t\t\taria-label=\"Vergr\u00f6\u00dfern\"\n\t\t\tdata-wp-init=\"callbacks.initTriggerButton\"\n\t\t\tdata-wp-on--click=\"actions.showLightbox\"\n\t\t\tdata-wp-style--right=\"state.imageButtonRight\"\n\t\t\tdata-wp-style--top=\"state.imageButtonTop\"\n\t\t>\n\t\t\t<svg xmlns=\"http:\/\/www.w3.org\/2000\/svg\" width=\"12\" height=\"12\" fill=\"none\" viewBox=\"0 0 12 12\">\n\t\t\t\t<path fill=\"#fff\" d=\"M2 0a2 2 0 0 0-2 2v2h1.5V2a.5.5 0 0 1 .5-.5h2V0H2Zm2 10.5H2a.5.5 0 0 1-.5-.5V8H0v2a2 2 0 0 0 2 2h2v-1.5ZM8 12v-1.5h2a.5.5 0 0 0 .5-.5V8H12v2a2 2 0 0 1-2 2H8Zm2-12a2 2 0 0 1 2 2v2h-1.5V2a.5.5 0 0 0-.5-.5H8V0h2Z\" \/>\n\t\t\t<\/svg>\n\t\t<\/button><figcaption class=\"wp-element-caption\">Gschwend &#8211; Frickenhofer Str &#8211; Hausnummer 16 &#8211; 2007<br>Fr\u00fcher: A&amp;O Gemischtwaren, Kohlen, Milchfuhrunternehmen f\u00fcr die Gschwender Molk nach Stuttgart.<br>Der Famile Karl Bauer. <br>Sp\u00e4ter Niederlassung der Rheinelektra von Fam Buchstab.<br>Bild von hinten.<\/figcaption><\/figure>\n\n\n\n<figure data-wp-context=\"{&quot;imageId&quot;:&quot;69edef712a12e&quot;}\" data-wp-interactive=\"core\/image\" data-wp-key=\"69edef712a12e\" class=\"wp-block-image size-large wp-lightbox-container\"><img loading=\"lazy\" decoding=\"async\" width=\"1024\" height=\"657\" data-wp-class--hide=\"state.isContentHidden\" data-wp-class--show=\"state.isContentVisible\" data-wp-init=\"callbacks.setButtonStyles\" data-wp-on--click=\"actions.showLightbox\" data-wp-on--load=\"callbacks.setButtonStyles\" data-wp-on-window--resize=\"callbacks.setButtonStyles\" data-id=\"151\" src=\"https:\/\/redesign.imlaufderzeit.de\/wp-content\/uploads\/Gschwend_Frickenhofer Str_Nr 17__baumann_1925-1024x657.jpg\" alt=\"Gschwend - Frickenhofer Str - Hausnummer 17 - 1925000000\" class=\"wp-image-151\" srcset=\"https:\/\/redesign.imlaufderzeit.de\/wp-content\/uploads\/Gschwend_Frickenhofer%20Str_Nr%2017__baumann_1925-1024x657.jpg 1024w, https:\/\/redesign.imlaufderzeit.de\/wp-content\/uploads\/Gschwend_Frickenhofer%20Str_Nr%2017__baumann_1925-300x193.jpg 300w, https:\/\/redesign.imlaufderzeit.de\/wp-content\/uploads\/Gschwend_Frickenhofer%20Str_Nr%2017__baumann_1925-768x493.jpg 768w, https:\/\/redesign.imlaufderzeit.de\/wp-content\/uploads\/Gschwend_Frickenhofer%20Str_Nr%2017__baumann_1925-1536x986.jpg 1536w, https:\/\/redesign.imlaufderzeit.de\/wp-content\/uploads\/Gschwend_Frickenhofer%20Str_Nr%2017__baumann_1925.jpg 1920w\" sizes=\"auto, (max-width: 1024px) 100vw, 1024px\" \/><button\n\t\t\tclass=\"lightbox-trigger\"\n\t\t\ttype=\"button\"\n\t\t\taria-haspopup=\"dialog\"\n\t\t\taria-label=\"Vergr\u00f6\u00dfern\"\n\t\t\tdata-wp-init=\"callbacks.initTriggerButton\"\n\t\t\tdata-wp-on--click=\"actions.showLightbox\"\n\t\t\tdata-wp-style--right=\"state.imageButtonRight\"\n\t\t\tdata-wp-style--top=\"state.imageButtonTop\"\n\t\t>\n\t\t\t<svg xmlns=\"http:\/\/www.w3.org\/2000\/svg\" width=\"12\" height=\"12\" fill=\"none\" viewBox=\"0 0 12 12\">\n\t\t\t\t<path fill=\"#fff\" d=\"M2 0a2 2 0 0 0-2 2v2h1.5V2a.5.5 0 0 1 .5-.5h2V0H2Zm2 10.5H2a.5.5 0 0 1-.5-.5V8H0v2a2 2 0 0 0 2 2h2v-1.5ZM8 12v-1.5h2a.5.5 0 0 0 .5-.5V8H12v2a2 2 0 0 1-2 2H8Zm2-12a2 2 0 0 1 2 2v2h-1.5V2a.5.5 0 0 0-.5-.5H8V0h2Z\" \/>\n\t\t\t<\/svg>\n\t\t<\/button><figcaption class=\"wp-element-caption\">Gschwend &#8211; Frickenhofer Str &#8211; Hausnummer 17 &#8211; 1925<br>Haus von Schumacher Schurr, sp\u00e4ter Johannes M\u00fcller Prediger.<\/figcaption><\/figure>\n\n\n\n<figure data-wp-context=\"{&quot;imageId&quot;:&quot;69edef712a56d&quot;}\" data-wp-interactive=\"core\/image\" data-wp-key=\"69edef712a56d\" class=\"wp-block-image size-large wp-lightbox-container\"><img loading=\"lazy\" decoding=\"async\" width=\"1024\" height=\"683\" data-wp-class--hide=\"state.isContentHidden\" data-wp-class--show=\"state.isContentVisible\" data-wp-init=\"callbacks.setButtonStyles\" data-wp-on--click=\"actions.showLightbox\" data-wp-on--load=\"callbacks.setButtonStyles\" data-wp-on-window--resize=\"callbacks.setButtonStyles\" data-id=\"149\" src=\"https:\/\/redesign.imlaufderzeit.de\/wp-content\/uploads\/Gschwend_Frickenhofer Str_Nr 17__IMG_0440-1024x683.jpg\" alt=\"Gschwend - Frickenhofer Str - Hausnummer 17 - 2016000000\" class=\"wp-image-149\" srcset=\"https:\/\/redesign.imlaufderzeit.de\/wp-content\/uploads\/Gschwend_Frickenhofer%20Str_Nr%2017__IMG_0440-1024x683.jpg 1024w, https:\/\/redesign.imlaufderzeit.de\/wp-content\/uploads\/Gschwend_Frickenhofer%20Str_Nr%2017__IMG_0440-300x200.jpg 300w, https:\/\/redesign.imlaufderzeit.de\/wp-content\/uploads\/Gschwend_Frickenhofer%20Str_Nr%2017__IMG_0440-768x512.jpg 768w, https:\/\/redesign.imlaufderzeit.de\/wp-content\/uploads\/Gschwend_Frickenhofer%20Str_Nr%2017__IMG_0440-1536x1024.jpg 1536w, https:\/\/redesign.imlaufderzeit.de\/wp-content\/uploads\/Gschwend_Frickenhofer%20Str_Nr%2017__IMG_0440.JPG 1920w\" sizes=\"auto, (max-width: 1024px) 100vw, 1024px\" \/><button\n\t\t\tclass=\"lightbox-trigger\"\n\t\t\ttype=\"button\"\n\t\t\taria-haspopup=\"dialog\"\n\t\t\taria-label=\"Vergr\u00f6\u00dfern\"\n\t\t\tdata-wp-init=\"callbacks.initTriggerButton\"\n\t\t\tdata-wp-on--click=\"actions.showLightbox\"\n\t\t\tdata-wp-style--right=\"state.imageButtonRight\"\n\t\t\tdata-wp-style--top=\"state.imageButtonTop\"\n\t\t>\n\t\t\t<svg xmlns=\"http:\/\/www.w3.org\/2000\/svg\" width=\"12\" height=\"12\" fill=\"none\" viewBox=\"0 0 12 12\">\n\t\t\t\t<path fill=\"#fff\" d=\"M2 0a2 2 0 0 0-2 2v2h1.5V2a.5.5 0 0 1 .5-.5h2V0H2Zm2 10.5H2a.5.5 0 0 1-.5-.5V8H0v2a2 2 0 0 0 2 2h2v-1.5ZM8 12v-1.5h2a.5.5 0 0 0 .5-.5V8H12v2a2 2 0 0 1-2 2H8Zm2-12a2 2 0 0 1 2 2v2h-1.5V2a.5.5 0 0 0-.5-.5H8V0h2Z\" \/>\n\t\t\t<\/svg>\n\t\t<\/button><figcaption class=\"wp-element-caption\">Gschwend &#8211; Frickenhofer Str &#8211; Hausnummer 17 &#8211; 2016<br>Foto von Klaus Ockert<\/figcaption><\/figure>\n\n\n\n<figure data-wp-context=\"{&quot;imageId&quot;:&quot;69edef712a9c6&quot;}\" data-wp-interactive=\"core\/image\" data-wp-key=\"69edef712a9c6\" class=\"wp-block-image size-large wp-lightbox-container\"><img loading=\"lazy\" decoding=\"async\" width=\"1024\" height=\"685\" data-wp-class--hide=\"state.isContentHidden\" data-wp-class--show=\"state.isContentVisible\" data-wp-init=\"callbacks.setButtonStyles\" data-wp-on--click=\"actions.showLightbox\" data-wp-on--load=\"callbacks.setButtonStyles\" data-wp-on-window--resize=\"callbacks.setButtonStyles\" data-id=\"147\" src=\"https:\/\/redesign.imlaufderzeit.de\/wp-content\/uploads\/Gschwend_Frickenhofer Str_Nr 17__02-1024x685.jpg\" alt=\"Gschwend - Frickenhofer Str - Hausnummer 17 - 2007000000\" class=\"wp-image-147\" srcset=\"https:\/\/redesign.imlaufderzeit.de\/wp-content\/uploads\/Gschwend_Frickenhofer%20Str_Nr%2017__02-1024x685.jpg 1024w, https:\/\/redesign.imlaufderzeit.de\/wp-content\/uploads\/Gschwend_Frickenhofer%20Str_Nr%2017__02-300x201.jpg 300w, https:\/\/redesign.imlaufderzeit.de\/wp-content\/uploads\/Gschwend_Frickenhofer%20Str_Nr%2017__02-768x514.jpg 768w, https:\/\/redesign.imlaufderzeit.de\/wp-content\/uploads\/Gschwend_Frickenhofer%20Str_Nr%2017__02-1536x1028.jpg 1536w, https:\/\/redesign.imlaufderzeit.de\/wp-content\/uploads\/Gschwend_Frickenhofer%20Str_Nr%2017__02.JPG 1920w\" sizes=\"auto, (max-width: 1024px) 100vw, 1024px\" \/><button\n\t\t\tclass=\"lightbox-trigger\"\n\t\t\ttype=\"button\"\n\t\t\taria-haspopup=\"dialog\"\n\t\t\taria-label=\"Vergr\u00f6\u00dfern\"\n\t\t\tdata-wp-init=\"callbacks.initTriggerButton\"\n\t\t\tdata-wp-on--click=\"actions.showLightbox\"\n\t\t\tdata-wp-style--right=\"state.imageButtonRight\"\n\t\t\tdata-wp-style--top=\"state.imageButtonTop\"\n\t\t>\n\t\t\t<svg xmlns=\"http:\/\/www.w3.org\/2000\/svg\" width=\"12\" height=\"12\" fill=\"none\" viewBox=\"0 0 12 12\">\n\t\t\t\t<path fill=\"#fff\" d=\"M2 0a2 2 0 0 0-2 2v2h1.5V2a.5.5 0 0 1 .5-.5h2V0H2Zm2 10.5H2a.5.5 0 0 1-.5-.5V8H0v2a2 2 0 0 0 2 2h2v-1.5ZM8 12v-1.5h2a.5.5 0 0 0 .5-.5V8H12v2a2 2 0 0 1-2 2H8Zm2-12a2 2 0 0 1 2 2v2h-1.5V2a.5.5 0 0 0-.5-.5H8V0h2Z\" \/>\n\t\t\t<\/svg>\n\t\t<\/button><figcaption class=\"wp-element-caption\">Gschwend &#8211; Frickenhofer Str &#8211; Hausnummer 17 &#8211; 2007<br>Foto von Klaus Ockert<\/figcaption><\/figure>\n\n\n\n<figure data-wp-context=\"{&quot;imageId&quot;:&quot;69edef712ae05&quot;}\" data-wp-interactive=\"core\/image\" data-wp-key=\"69edef712ae05\" class=\"wp-block-image size-large wp-lightbox-container\"><img loading=\"lazy\" decoding=\"async\" width=\"1024\" height=\"685\" data-wp-class--hide=\"state.isContentHidden\" data-wp-class--show=\"state.isContentVisible\" data-wp-init=\"callbacks.setButtonStyles\" data-wp-on--click=\"actions.showLightbox\" data-wp-on--load=\"callbacks.setButtonStyles\" data-wp-on-window--resize=\"callbacks.setButtonStyles\" data-id=\"146\" src=\"https:\/\/redesign.imlaufderzeit.de\/wp-content\/uploads\/Gschwend_Frickenhofer Str_Nr 17__01-1024x685.jpg\" alt=\"Gschwend - Frickenhofer Str - Hausnummer 17 - 2007000000\" class=\"wp-image-146\" srcset=\"https:\/\/redesign.imlaufderzeit.de\/wp-content\/uploads\/Gschwend_Frickenhofer%20Str_Nr%2017__01-1024x685.jpg 1024w, https:\/\/redesign.imlaufderzeit.de\/wp-content\/uploads\/Gschwend_Frickenhofer%20Str_Nr%2017__01-300x201.jpg 300w, https:\/\/redesign.imlaufderzeit.de\/wp-content\/uploads\/Gschwend_Frickenhofer%20Str_Nr%2017__01-768x514.jpg 768w, https:\/\/redesign.imlaufderzeit.de\/wp-content\/uploads\/Gschwend_Frickenhofer%20Str_Nr%2017__01-1536x1028.jpg 1536w, https:\/\/redesign.imlaufderzeit.de\/wp-content\/uploads\/Gschwend_Frickenhofer%20Str_Nr%2017__01.JPG 1920w\" sizes=\"auto, (max-width: 1024px) 100vw, 1024px\" \/><button\n\t\t\tclass=\"lightbox-trigger\"\n\t\t\ttype=\"button\"\n\t\t\taria-haspopup=\"dialog\"\n\t\t\taria-label=\"Vergr\u00f6\u00dfern\"\n\t\t\tdata-wp-init=\"callbacks.initTriggerButton\"\n\t\t\tdata-wp-on--click=\"actions.showLightbox\"\n\t\t\tdata-wp-style--right=\"state.imageButtonRight\"\n\t\t\tdata-wp-style--top=\"state.imageButtonTop\"\n\t\t>\n\t\t\t<svg xmlns=\"http:\/\/www.w3.org\/2000\/svg\" width=\"12\" height=\"12\" fill=\"none\" viewBox=\"0 0 12 12\">\n\t\t\t\t<path fill=\"#fff\" d=\"M2 0a2 2 0 0 0-2 2v2h1.5V2a.5.5 0 0 1 .5-.5h2V0H2Zm2 10.5H2a.5.5 0 0 1-.5-.5V8H0v2a2 2 0 0 0 2 2h2v-1.5ZM8 12v-1.5h2a.5.5 0 0 0 .5-.5V8H12v2a2 2 0 0 1-2 2H8Zm2-12a2 2 0 0 1 2 2v2h-1.5V2a.5.5 0 0 0-.5-.5H8V0h2Z\" \/>\n\t\t\t<\/svg>\n\t\t<\/button><figcaption class=\"wp-element-caption\">Gschwend &#8211; Frickenhofer Str &#8211; Hausnummer 17 &#8211; 2007<br>Foto von Klaus Ockert<\/figcaption><\/figure>\n\n\n\n<figure data-wp-context=\"{&quot;imageId&quot;:&quot;69edef712b244&quot;}\" data-wp-interactive=\"core\/image\" data-wp-key=\"69edef712b244\" class=\"wp-block-image size-large wp-lightbox-container\"><img loading=\"lazy\" decoding=\"async\" width=\"1024\" height=\"685\" data-wp-class--hide=\"state.isContentHidden\" data-wp-class--show=\"state.isContentVisible\" data-wp-init=\"callbacks.setButtonStyles\" data-wp-on--click=\"actions.showLightbox\" data-wp-on--load=\"callbacks.setButtonStyles\" data-wp-on-window--resize=\"callbacks.setButtonStyles\" data-id=\"148\" src=\"https:\/\/redesign.imlaufderzeit.de\/wp-content\/uploads\/Gschwend_Frickenhofer Str_Nr 17__03-1024x685.jpg\" alt=\"Gschwend - Frickenhofer Str - Hausnummer 17 - 2010000000\" class=\"wp-image-148\" srcset=\"https:\/\/redesign.imlaufderzeit.de\/wp-content\/uploads\/Gschwend_Frickenhofer%20Str_Nr%2017__03-1024x685.jpg 1024w, https:\/\/redesign.imlaufderzeit.de\/wp-content\/uploads\/Gschwend_Frickenhofer%20Str_Nr%2017__03-300x201.jpg 300w, https:\/\/redesign.imlaufderzeit.de\/wp-content\/uploads\/Gschwend_Frickenhofer%20Str_Nr%2017__03-768x514.jpg 768w, https:\/\/redesign.imlaufderzeit.de\/wp-content\/uploads\/Gschwend_Frickenhofer%20Str_Nr%2017__03-1536x1028.jpg 1536w, https:\/\/redesign.imlaufderzeit.de\/wp-content\/uploads\/Gschwend_Frickenhofer%20Str_Nr%2017__03.JPG 1920w\" sizes=\"auto, (max-width: 1024px) 100vw, 1024px\" \/><button\n\t\t\tclass=\"lightbox-trigger\"\n\t\t\ttype=\"button\"\n\t\t\taria-haspopup=\"dialog\"\n\t\t\taria-label=\"Vergr\u00f6\u00dfern\"\n\t\t\tdata-wp-init=\"callbacks.initTriggerButton\"\n\t\t\tdata-wp-on--click=\"actions.showLightbox\"\n\t\t\tdata-wp-style--right=\"state.imageButtonRight\"\n\t\t\tdata-wp-style--top=\"state.imageButtonTop\"\n\t\t>\n\t\t\t<svg xmlns=\"http:\/\/www.w3.org\/2000\/svg\" width=\"12\" height=\"12\" fill=\"none\" viewBox=\"0 0 12 12\">\n\t\t\t\t<path fill=\"#fff\" d=\"M2 0a2 2 0 0 0-2 2v2h1.5V2a.5.5 0 0 1 .5-.5h2V0H2Zm2 10.5H2a.5.5 0 0 1-.5-.5V8H0v2a2 2 0 0 0 2 2h2v-1.5ZM8 12v-1.5h2a.5.5 0 0 0 .5-.5V8H12v2a2 2 0 0 1-2 2H8Zm2-12a2 2 0 0 1 2 2v2h-1.5V2a.5.5 0 0 0-.5-.5H8V0h2Z\" \/>\n\t\t\t<\/svg>\n\t\t<\/button><figcaption class=\"wp-element-caption\">Gschwend &#8211; Frickenhofer Str &#8211; Hausnummer 17 &#8211; 2010<br>Foto von Klaus Ockert<\/figcaption><\/figure>\n\n\n\n<figure data-wp-context=\"{&quot;imageId&quot;:&quot;69edef712b6c8&quot;}\" data-wp-interactive=\"core\/image\" data-wp-key=\"69edef712b6c8\" class=\"wp-block-image size-large wp-lightbox-container\"><img loading=\"lazy\" decoding=\"async\" width=\"1024\" height=\"668\" data-wp-class--hide=\"state.isContentHidden\" data-wp-class--show=\"state.isContentVisible\" data-wp-init=\"callbacks.setButtonStyles\" data-wp-on--click=\"actions.showLightbox\" data-wp-on--load=\"callbacks.setButtonStyles\" data-wp-on-window--resize=\"callbacks.setButtonStyles\" data-id=\"157\" src=\"https:\/\/redesign.imlaufderzeit.de\/wp-content\/uploads\/Gschwend_Frickenhofer Str_Nr 19__abbruch-1024x668.jpg\" alt=\"Gschwend - Frickenhofer Str - Hausnummer 19 - 2007000000\" class=\"wp-image-157\" srcset=\"https:\/\/redesign.imlaufderzeit.de\/wp-content\/uploads\/Gschwend_Frickenhofer%20Str_Nr%2019__abbruch-1024x668.jpg 1024w, https:\/\/redesign.imlaufderzeit.de\/wp-content\/uploads\/Gschwend_Frickenhofer%20Str_Nr%2019__abbruch-300x196.jpg 300w, https:\/\/redesign.imlaufderzeit.de\/wp-content\/uploads\/Gschwend_Frickenhofer%20Str_Nr%2019__abbruch-768x501.jpg 768w, https:\/\/redesign.imlaufderzeit.de\/wp-content\/uploads\/Gschwend_Frickenhofer%20Str_Nr%2019__abbruch-1536x1002.jpg 1536w, https:\/\/redesign.imlaufderzeit.de\/wp-content\/uploads\/Gschwend_Frickenhofer%20Str_Nr%2019__abbruch.jpg 1920w\" sizes=\"auto, (max-width: 1024px) 100vw, 1024px\" \/><button\n\t\t\tclass=\"lightbox-trigger\"\n\t\t\ttype=\"button\"\n\t\t\taria-haspopup=\"dialog\"\n\t\t\taria-label=\"Vergr\u00f6\u00dfern\"\n\t\t\tdata-wp-init=\"callbacks.initTriggerButton\"\n\t\t\tdata-wp-on--click=\"actions.showLightbox\"\n\t\t\tdata-wp-style--right=\"state.imageButtonRight\"\n\t\t\tdata-wp-style--top=\"state.imageButtonTop\"\n\t\t>\n\t\t\t<svg xmlns=\"http:\/\/www.w3.org\/2000\/svg\" width=\"12\" height=\"12\" fill=\"none\" viewBox=\"0 0 12 12\">\n\t\t\t\t<path fill=\"#fff\" d=\"M2 0a2 2 0 0 0-2 2v2h1.5V2a.5.5 0 0 1 .5-.5h2V0H2Zm2 10.5H2a.5.5 0 0 1-.5-.5V8H0v2a2 2 0 0 0 2 2h2v-1.5ZM8 12v-1.5h2a.5.5 0 0 0 .5-.5V8H12v2a2 2 0 0 1-2 2H8Zm2-12a2 2 0 0 1 2 2v2h-1.5V2a.5.5 0 0 0-.5-.5H8V0h2Z\" \/>\n\t\t\t<\/svg>\n\t\t<\/button><figcaption class=\"wp-element-caption\">Gschwend &#8211; Frickenhofer Str &#8211; Hausnummer 19 &#8211; 2007<br>Abruch des Wohnteils<br> Foto Klaus Ockert<\/figcaption><\/figure>\n\n\n\n<figure data-wp-context=\"{&quot;imageId&quot;:&quot;69edef712bb23&quot;}\" data-wp-interactive=\"core\/image\" data-wp-key=\"69edef712bb23\" class=\"wp-block-image size-large wp-lightbox-container\"><img loading=\"lazy\" decoding=\"async\" width=\"1024\" height=\"685\" data-wp-class--hide=\"state.isContentHidden\" data-wp-class--show=\"state.isContentVisible\" data-wp-init=\"callbacks.setButtonStyles\" data-wp-on--click=\"actions.showLightbox\" data-wp-on--load=\"callbacks.setButtonStyles\" data-wp-on-window--resize=\"callbacks.setButtonStyles\" data-id=\"155\" src=\"https:\/\/redesign.imlaufderzeit.de\/wp-content\/uploads\/Gschwend_Frickenhofer Str_Nr 19__04-1024x685.jpg\" alt=\"Gschwend - Frickenhofer Str - Hausnummer 19 - 2007000000\" class=\"wp-image-155\" srcset=\"https:\/\/redesign.imlaufderzeit.de\/wp-content\/uploads\/Gschwend_Frickenhofer%20Str_Nr%2019__04-1024x685.jpg 1024w, https:\/\/redesign.imlaufderzeit.de\/wp-content\/uploads\/Gschwend_Frickenhofer%20Str_Nr%2019__04-300x201.jpg 300w, https:\/\/redesign.imlaufderzeit.de\/wp-content\/uploads\/Gschwend_Frickenhofer%20Str_Nr%2019__04-768x514.jpg 768w, https:\/\/redesign.imlaufderzeit.de\/wp-content\/uploads\/Gschwend_Frickenhofer%20Str_Nr%2019__04-1536x1028.jpg 1536w, https:\/\/redesign.imlaufderzeit.de\/wp-content\/uploads\/Gschwend_Frickenhofer%20Str_Nr%2019__04.JPG 1920w\" sizes=\"auto, (max-width: 1024px) 100vw, 1024px\" \/><button\n\t\t\tclass=\"lightbox-trigger\"\n\t\t\ttype=\"button\"\n\t\t\taria-haspopup=\"dialog\"\n\t\t\taria-label=\"Vergr\u00f6\u00dfern\"\n\t\t\tdata-wp-init=\"callbacks.initTriggerButton\"\n\t\t\tdata-wp-on--click=\"actions.showLightbox\"\n\t\t\tdata-wp-style--right=\"state.imageButtonRight\"\n\t\t\tdata-wp-style--top=\"state.imageButtonTop\"\n\t\t>\n\t\t\t<svg xmlns=\"http:\/\/www.w3.org\/2000\/svg\" width=\"12\" height=\"12\" fill=\"none\" viewBox=\"0 0 12 12\">\n\t\t\t\t<path fill=\"#fff\" d=\"M2 0a2 2 0 0 0-2 2v2h1.5V2a.5.5 0 0 1 .5-.5h2V0H2Zm2 10.5H2a.5.5 0 0 1-.5-.5V8H0v2a2 2 0 0 0 2 2h2v-1.5ZM8 12v-1.5h2a.5.5 0 0 0 .5-.5V8H12v2a2 2 0 0 1-2 2H8Zm2-12a2 2 0 0 1 2 2v2h-1.5V2a.5.5 0 0 0-.5-.5H8V0h2Z\" \/>\n\t\t\t<\/svg>\n\t\t<\/button><figcaption class=\"wp-element-caption\">Gschwend &#8211; Frickenhofer Str &#8211; Hausnummer 19 &#8211; 2007 <br>Foto Klaus Ockert<\/figcaption><\/figure>\n\n\n\n<figure data-wp-context=\"{&quot;imageId&quot;:&quot;69edef712bf9f&quot;}\" data-wp-interactive=\"core\/image\" data-wp-key=\"69edef712bf9f\" class=\"wp-block-image size-large wp-lightbox-container\"><img loading=\"lazy\" decoding=\"async\" width=\"685\" height=\"1024\" data-wp-class--hide=\"state.isContentHidden\" data-wp-class--show=\"state.isContentVisible\" data-wp-init=\"callbacks.setButtonStyles\" data-wp-on--click=\"actions.showLightbox\" data-wp-on--load=\"callbacks.setButtonStyles\" data-wp-on-window--resize=\"callbacks.setButtonStyles\" data-id=\"156\" src=\"https:\/\/redesign.imlaufderzeit.de\/wp-content\/uploads\/Gschwend_Frickenhofer Str_Nr 19__05-685x1024.jpg\" alt=\"Gschwend - Frickenhofer Str - Hausnummer 19 - 2007000000\" class=\"wp-image-156\" srcset=\"https:\/\/redesign.imlaufderzeit.de\/wp-content\/uploads\/Gschwend_Frickenhofer%20Str_Nr%2019__05-685x1024.jpg 685w, https:\/\/redesign.imlaufderzeit.de\/wp-content\/uploads\/Gschwend_Frickenhofer%20Str_Nr%2019__05-201x300.jpg 201w, https:\/\/redesign.imlaufderzeit.de\/wp-content\/uploads\/Gschwend_Frickenhofer%20Str_Nr%2019__05-768x1148.jpg 768w, https:\/\/redesign.imlaufderzeit.de\/wp-content\/uploads\/Gschwend_Frickenhofer%20Str_Nr%2019__05-1028x1536.jpg 1028w, https:\/\/redesign.imlaufderzeit.de\/wp-content\/uploads\/Gschwend_Frickenhofer%20Str_Nr%2019__05-1370x2048.jpg 1370w, https:\/\/redesign.imlaufderzeit.de\/wp-content\/uploads\/Gschwend_Frickenhofer%20Str_Nr%2019__05-scaled.jpg 1713w\" sizes=\"auto, (max-width: 685px) 100vw, 685px\" \/><button\n\t\t\tclass=\"lightbox-trigger\"\n\t\t\ttype=\"button\"\n\t\t\taria-haspopup=\"dialog\"\n\t\t\taria-label=\"Vergr\u00f6\u00dfern\"\n\t\t\tdata-wp-init=\"callbacks.initTriggerButton\"\n\t\t\tdata-wp-on--click=\"actions.showLightbox\"\n\t\t\tdata-wp-style--right=\"state.imageButtonRight\"\n\t\t\tdata-wp-style--top=\"state.imageButtonTop\"\n\t\t>\n\t\t\t<svg xmlns=\"http:\/\/www.w3.org\/2000\/svg\" width=\"12\" height=\"12\" fill=\"none\" viewBox=\"0 0 12 12\">\n\t\t\t\t<path fill=\"#fff\" d=\"M2 0a2 2 0 0 0-2 2v2h1.5V2a.5.5 0 0 1 .5-.5h2V0H2Zm2 10.5H2a.5.5 0 0 1-.5-.5V8H0v2a2 2 0 0 0 2 2h2v-1.5ZM8 12v-1.5h2a.5.5 0 0 0 .5-.5V8H12v2a2 2 0 0 1-2 2H8Zm2-12a2 2 0 0 1 2 2v2h-1.5V2a.5.5 0 0 0-.5-.5H8V0h2Z\" \/>\n\t\t\t<\/svg>\n\t\t<\/button><figcaption class=\"wp-element-caption\">Gschwend &#8211; Frickenhofer Str &#8211; Hausnummer 19 &#8211; 2007 <br>Foto Klaus Ockert<\/figcaption><\/figure>\n\n\n\n<figure data-wp-context=\"{&quot;imageId&quot;:&quot;69edef712c4a3&quot;}\" data-wp-interactive=\"core\/image\" data-wp-key=\"69edef712c4a3\" class=\"wp-block-image size-large wp-lightbox-container\"><img loading=\"lazy\" decoding=\"async\" width=\"1024\" height=\"685\" data-wp-class--hide=\"state.isContentHidden\" data-wp-class--show=\"state.isContentVisible\" data-wp-init=\"callbacks.setButtonStyles\" data-wp-on--click=\"actions.showLightbox\" data-wp-on--load=\"callbacks.setButtonStyles\" data-wp-on-window--resize=\"callbacks.setButtonStyles\" data-id=\"154\" src=\"https:\/\/redesign.imlaufderzeit.de\/wp-content\/uploads\/Gschwend_Frickenhofer Str_Nr 19__03-1024x685.jpg\" alt=\"Gschwend - Frickenhofer Str - Hausnummer 19 - 2007000000\" class=\"wp-image-154\" srcset=\"https:\/\/redesign.imlaufderzeit.de\/wp-content\/uploads\/Gschwend_Frickenhofer%20Str_Nr%2019__03-1024x685.jpg 1024w, https:\/\/redesign.imlaufderzeit.de\/wp-content\/uploads\/Gschwend_Frickenhofer%20Str_Nr%2019__03-300x201.jpg 300w, https:\/\/redesign.imlaufderzeit.de\/wp-content\/uploads\/Gschwend_Frickenhofer%20Str_Nr%2019__03-768x514.jpg 768w, https:\/\/redesign.imlaufderzeit.de\/wp-content\/uploads\/Gschwend_Frickenhofer%20Str_Nr%2019__03-1536x1028.jpg 1536w, https:\/\/redesign.imlaufderzeit.de\/wp-content\/uploads\/Gschwend_Frickenhofer%20Str_Nr%2019__03.JPG 1920w\" sizes=\"auto, (max-width: 1024px) 100vw, 1024px\" \/><button\n\t\t\tclass=\"lightbox-trigger\"\n\t\t\ttype=\"button\"\n\t\t\taria-haspopup=\"dialog\"\n\t\t\taria-label=\"Vergr\u00f6\u00dfern\"\n\t\t\tdata-wp-init=\"callbacks.initTriggerButton\"\n\t\t\tdata-wp-on--click=\"actions.showLightbox\"\n\t\t\tdata-wp-style--right=\"state.imageButtonRight\"\n\t\t\tdata-wp-style--top=\"state.imageButtonTop\"\n\t\t>\n\t\t\t<svg xmlns=\"http:\/\/www.w3.org\/2000\/svg\" width=\"12\" height=\"12\" fill=\"none\" viewBox=\"0 0 12 12\">\n\t\t\t\t<path fill=\"#fff\" d=\"M2 0a2 2 0 0 0-2 2v2h1.5V2a.5.5 0 0 1 .5-.5h2V0H2Zm2 10.5H2a.5.5 0 0 1-.5-.5V8H0v2a2 2 0 0 0 2 2h2v-1.5ZM8 12v-1.5h2a.5.5 0 0 0 .5-.5V8H12v2a2 2 0 0 1-2 2H8Zm2-12a2 2 0 0 1 2 2v2h-1.5V2a.5.5 0 0 0-.5-.5H8V0h2Z\" \/>\n\t\t\t<\/svg>\n\t\t<\/button><figcaption class=\"wp-element-caption\">Gschwend &#8211; Frickenhofer Str &#8211; Hausnummer 19 &#8211; 2007 <br>Foto Klaus Ockert<\/figcaption><\/figure>\n\n\n\n<figure data-wp-context=\"{&quot;imageId&quot;:&quot;69edef712c8f5&quot;}\" data-wp-interactive=\"core\/image\" data-wp-key=\"69edef712c8f5\" class=\"wp-block-image size-large wp-lightbox-container\"><img loading=\"lazy\" decoding=\"async\" width=\"1024\" height=\"685\" data-wp-class--hide=\"state.isContentHidden\" data-wp-class--show=\"state.isContentVisible\" data-wp-init=\"callbacks.setButtonStyles\" data-wp-on--click=\"actions.showLightbox\" data-wp-on--load=\"callbacks.setButtonStyles\" data-wp-on-window--resize=\"callbacks.setButtonStyles\" data-id=\"153\" src=\"https:\/\/redesign.imlaufderzeit.de\/wp-content\/uploads\/Gschwend_Frickenhofer Str_Nr 19__02-1024x685.jpg\" alt=\"Gschwend - Frickenhofer Str - Hausnummer 19 - 2007000000\" class=\"wp-image-153\" srcset=\"https:\/\/redesign.imlaufderzeit.de\/wp-content\/uploads\/Gschwend_Frickenhofer%20Str_Nr%2019__02-1024x685.jpg 1024w, https:\/\/redesign.imlaufderzeit.de\/wp-content\/uploads\/Gschwend_Frickenhofer%20Str_Nr%2019__02-300x201.jpg 300w, https:\/\/redesign.imlaufderzeit.de\/wp-content\/uploads\/Gschwend_Frickenhofer%20Str_Nr%2019__02-768x514.jpg 768w, https:\/\/redesign.imlaufderzeit.de\/wp-content\/uploads\/Gschwend_Frickenhofer%20Str_Nr%2019__02-1536x1028.jpg 1536w, https:\/\/redesign.imlaufderzeit.de\/wp-content\/uploads\/Gschwend_Frickenhofer%20Str_Nr%2019__02.JPG 1920w\" sizes=\"auto, (max-width: 1024px) 100vw, 1024px\" \/><button\n\t\t\tclass=\"lightbox-trigger\"\n\t\t\ttype=\"button\"\n\t\t\taria-haspopup=\"dialog\"\n\t\t\taria-label=\"Vergr\u00f6\u00dfern\"\n\t\t\tdata-wp-init=\"callbacks.initTriggerButton\"\n\t\t\tdata-wp-on--click=\"actions.showLightbox\"\n\t\t\tdata-wp-style--right=\"state.imageButtonRight\"\n\t\t\tdata-wp-style--top=\"state.imageButtonTop\"\n\t\t>\n\t\t\t<svg xmlns=\"http:\/\/www.w3.org\/2000\/svg\" width=\"12\" height=\"12\" fill=\"none\" viewBox=\"0 0 12 12\">\n\t\t\t\t<path fill=\"#fff\" d=\"M2 0a2 2 0 0 0-2 2v2h1.5V2a.5.5 0 0 1 .5-.5h2V0H2Zm2 10.5H2a.5.5 0 0 1-.5-.5V8H0v2a2 2 0 0 0 2 2h2v-1.5ZM8 12v-1.5h2a.5.5 0 0 0 .5-.5V8H12v2a2 2 0 0 1-2 2H8Zm2-12a2 2 0 0 1 2 2v2h-1.5V2a.5.5 0 0 0-.5-.5H8V0h2Z\" \/>\n\t\t\t<\/svg>\n\t\t<\/button><figcaption class=\"wp-element-caption\">Gschwend &#8211; Frickenhofer Str &#8211; Hausnummer 19 &#8211; 2007 Foto Klaus Ockert<\/figcaption><\/figure>\n\n\n\n<figure data-wp-context=\"{&quot;imageId&quot;:&quot;69edef712cccd&quot;}\" data-wp-interactive=\"core\/image\" data-wp-key=\"69edef712cccd\" class=\"wp-block-image size-large wp-lightbox-container\"><img loading=\"lazy\" decoding=\"async\" width=\"1024\" height=\"685\" data-wp-class--hide=\"state.isContentHidden\" data-wp-class--show=\"state.isContentVisible\" data-wp-init=\"callbacks.setButtonStyles\" data-wp-on--click=\"actions.showLightbox\" data-wp-on--load=\"callbacks.setButtonStyles\" data-wp-on-window--resize=\"callbacks.setButtonStyles\" data-id=\"152\" src=\"https:\/\/redesign.imlaufderzeit.de\/wp-content\/uploads\/Gschwend_Frickenhofer Str_Nr 19__01-1024x685.jpg\" alt=\"Gschwend - Frickenhofer Str - Hausnummer 19 - 2007000000\" class=\"wp-image-152\" srcset=\"https:\/\/redesign.imlaufderzeit.de\/wp-content\/uploads\/Gschwend_Frickenhofer%20Str_Nr%2019__01-1024x685.jpg 1024w, https:\/\/redesign.imlaufderzeit.de\/wp-content\/uploads\/Gschwend_Frickenhofer%20Str_Nr%2019__01-300x201.jpg 300w, https:\/\/redesign.imlaufderzeit.de\/wp-content\/uploads\/Gschwend_Frickenhofer%20Str_Nr%2019__01-768x514.jpg 768w, https:\/\/redesign.imlaufderzeit.de\/wp-content\/uploads\/Gschwend_Frickenhofer%20Str_Nr%2019__01-1536x1028.jpg 1536w, https:\/\/redesign.imlaufderzeit.de\/wp-content\/uploads\/Gschwend_Frickenhofer%20Str_Nr%2019__01.JPG 1920w\" sizes=\"auto, (max-width: 1024px) 100vw, 1024px\" \/><button\n\t\t\tclass=\"lightbox-trigger\"\n\t\t\ttype=\"button\"\n\t\t\taria-haspopup=\"dialog\"\n\t\t\taria-label=\"Vergr\u00f6\u00dfern\"\n\t\t\tdata-wp-init=\"callbacks.initTriggerButton\"\n\t\t\tdata-wp-on--click=\"actions.showLightbox\"\n\t\t\tdata-wp-style--right=\"state.imageButtonRight\"\n\t\t\tdata-wp-style--top=\"state.imageButtonTop\"\n\t\t>\n\t\t\t<svg xmlns=\"http:\/\/www.w3.org\/2000\/svg\" width=\"12\" height=\"12\" fill=\"none\" viewBox=\"0 0 12 12\">\n\t\t\t\t<path fill=\"#fff\" d=\"M2 0a2 2 0 0 0-2 2v2h1.5V2a.5.5 0 0 1 .5-.5h2V0H2Zm2 10.5H2a.5.5 0 0 1-.5-.5V8H0v2a2 2 0 0 0 2 2h2v-1.5ZM8 12v-1.5h2a.5.5 0 0 0 .5-.5V8H12v2a2 2 0 0 1-2 2H8Zm2-12a2 2 0 0 1 2 2v2h-1.5V2a.5.5 0 0 0-.5-.5H8V0h2Z\" \/>\n\t\t\t<\/svg>\n\t\t<\/button><figcaption class=\"wp-element-caption\">Gschwend &#8211; Frickenhofer Str &#8211; Hausnummer 19 &#8211; 2007 Foto Klaus Ockert<\/figcaption><\/figure>\n\n\n\n<figure data-wp-context=\"{&quot;imageId&quot;:&quot;69edef712d0b7&quot;}\" data-wp-interactive=\"core\/image\" data-wp-key=\"69edef712d0b7\" class=\"wp-block-image size-large wp-lightbox-container\"><img loading=\"lazy\" decoding=\"async\" width=\"1014\" height=\"1024\" data-wp-class--hide=\"state.isContentHidden\" data-wp-class--show=\"state.isContentVisible\" data-wp-init=\"callbacks.setButtonStyles\" data-wp-on--click=\"actions.showLightbox\" data-wp-on--load=\"callbacks.setButtonStyles\" data-wp-on-window--resize=\"callbacks.setButtonStyles\" data-id=\"162\" src=\"https:\/\/redesign.imlaufderzeit.de\/wp-content\/uploads\/Gschwend_Frickenhofer Str_Nr 19a__scheuer_erntewagen-1014x1024.jpg\" alt=\"Gschwend - Frickenhofer Str - Hausnummer 19a - 1953000000\" class=\"wp-image-162\" srcset=\"https:\/\/redesign.imlaufderzeit.de\/wp-content\/uploads\/Gschwend_Frickenhofer%20Str_Nr%2019a__scheuer_erntewagen-1014x1024.jpg 1014w, https:\/\/redesign.imlaufderzeit.de\/wp-content\/uploads\/Gschwend_Frickenhofer%20Str_Nr%2019a__scheuer_erntewagen-297x300.jpg 297w, https:\/\/redesign.imlaufderzeit.de\/wp-content\/uploads\/Gschwend_Frickenhofer%20Str_Nr%2019a__scheuer_erntewagen-150x150.jpg 150w, https:\/\/redesign.imlaufderzeit.de\/wp-content\/uploads\/Gschwend_Frickenhofer%20Str_Nr%2019a__scheuer_erntewagen-768x775.jpg 768w, https:\/\/redesign.imlaufderzeit.de\/wp-content\/uploads\/Gschwend_Frickenhofer%20Str_Nr%2019a__scheuer_erntewagen-1522x1536.jpg 1522w, https:\/\/redesign.imlaufderzeit.de\/wp-content\/uploads\/Gschwend_Frickenhofer%20Str_Nr%2019a__scheuer_erntewagen.jpg 1920w\" sizes=\"auto, (max-width: 1014px) 100vw, 1014px\" \/><button\n\t\t\tclass=\"lightbox-trigger\"\n\t\t\ttype=\"button\"\n\t\t\taria-haspopup=\"dialog\"\n\t\t\taria-label=\"Vergr\u00f6\u00dfern\"\n\t\t\tdata-wp-init=\"callbacks.initTriggerButton\"\n\t\t\tdata-wp-on--click=\"actions.showLightbox\"\n\t\t\tdata-wp-style--right=\"state.imageButtonRight\"\n\t\t\tdata-wp-style--top=\"state.imageButtonTop\"\n\t\t>\n\t\t\t<svg xmlns=\"http:\/\/www.w3.org\/2000\/svg\" width=\"12\" height=\"12\" fill=\"none\" viewBox=\"0 0 12 12\">\n\t\t\t\t<path fill=\"#fff\" d=\"M2 0a2 2 0 0 0-2 2v2h1.5V2a.5.5 0 0 1 .5-.5h2V0H2Zm2 10.5H2a.5.5 0 0 1-.5-.5V8H0v2a2 2 0 0 0 2 2h2v-1.5ZM8 12v-1.5h2a.5.5 0 0 0 .5-.5V8H12v2a2 2 0 0 1-2 2H8Zm2-12a2 2 0 0 1 2 2v2h-1.5V2a.5.5 0 0 0-.5-.5H8V0h2Z\" \/>\n\t\t\t<\/svg>\n\t\t<\/button><figcaption class=\"wp-element-caption\">Gschwend &#8211; Frickenhofer Str &#8211; Hausnummer 19a &#8211; 1953<br>Erntewagen 1953, vom Hof Schober ausgehend.<\/figcaption><\/figure>\n\n\n\n<figure data-wp-context=\"{&quot;imageId&quot;:&quot;69edef712d488&quot;}\" data-wp-interactive=\"core\/image\" data-wp-key=\"69edef712d488\" class=\"wp-block-image size-large wp-lightbox-container\"><img loading=\"lazy\" decoding=\"async\" width=\"1024\" height=\"685\" data-wp-class--hide=\"state.isContentHidden\" data-wp-class--show=\"state.isContentVisible\" data-wp-init=\"callbacks.setButtonStyles\" data-wp-on--click=\"actions.showLightbox\" data-wp-on--load=\"callbacks.setButtonStyles\" data-wp-on-window--resize=\"callbacks.setButtonStyles\" data-id=\"161\" src=\"https:\/\/redesign.imlaufderzeit.de\/wp-content\/uploads\/Gschwend_Frickenhofer Str_Nr 19a__03-1024x685.jpg\" alt=\"Gschwend - Frickenhofer Str - Hausnummer 19a - 2007000000\" class=\"wp-image-161\" srcset=\"https:\/\/redesign.imlaufderzeit.de\/wp-content\/uploads\/Gschwend_Frickenhofer%20Str_Nr%2019a__03-1024x685.jpg 1024w, https:\/\/redesign.imlaufderzeit.de\/wp-content\/uploads\/Gschwend_Frickenhofer%20Str_Nr%2019a__03-300x201.jpg 300w, https:\/\/redesign.imlaufderzeit.de\/wp-content\/uploads\/Gschwend_Frickenhofer%20Str_Nr%2019a__03-768x514.jpg 768w, https:\/\/redesign.imlaufderzeit.de\/wp-content\/uploads\/Gschwend_Frickenhofer%20Str_Nr%2019a__03-1536x1028.jpg 1536w, https:\/\/redesign.imlaufderzeit.de\/wp-content\/uploads\/Gschwend_Frickenhofer%20Str_Nr%2019a__03.JPG 1920w\" sizes=\"auto, (max-width: 1024px) 100vw, 1024px\" \/><button\n\t\t\tclass=\"lightbox-trigger\"\n\t\t\ttype=\"button\"\n\t\t\taria-haspopup=\"dialog\"\n\t\t\taria-label=\"Vergr\u00f6\u00dfern\"\n\t\t\tdata-wp-init=\"callbacks.initTriggerButton\"\n\t\t\tdata-wp-on--click=\"actions.showLightbox\"\n\t\t\tdata-wp-style--right=\"state.imageButtonRight\"\n\t\t\tdata-wp-style--top=\"state.imageButtonTop\"\n\t\t>\n\t\t\t<svg xmlns=\"http:\/\/www.w3.org\/2000\/svg\" width=\"12\" height=\"12\" fill=\"none\" viewBox=\"0 0 12 12\">\n\t\t\t\t<path fill=\"#fff\" d=\"M2 0a2 2 0 0 0-2 2v2h1.5V2a.5.5 0 0 1 .5-.5h2V0H2Zm2 10.5H2a.5.5 0 0 1-.5-.5V8H0v2a2 2 0 0 0 2 2h2v-1.5ZM8 12v-1.5h2a.5.5 0 0 0 .5-.5V8H12v2a2 2 0 0 1-2 2H8Zm2-12a2 2 0 0 1 2 2v2h-1.5V2a.5.5 0 0 0-.5-.5H8V0h2Z\" \/>\n\t\t\t<\/svg>\n\t\t<\/button><figcaption class=\"wp-element-caption\">Gschwend &#8211; Frickenhofer Str &#8211; Hausnummer 19a &#8211; 2007<br>Foto von Klaus Ockert<\/figcaption><\/figure>\n\n\n\n<figure data-wp-context=\"{&quot;imageId&quot;:&quot;69edef712d866&quot;}\" data-wp-interactive=\"core\/image\" data-wp-key=\"69edef712d866\" class=\"wp-block-image size-large wp-lightbox-container\"><img loading=\"lazy\" decoding=\"async\" width=\"1024\" height=\"685\" data-wp-class--hide=\"state.isContentHidden\" data-wp-class--show=\"state.isContentVisible\" data-wp-init=\"callbacks.setButtonStyles\" data-wp-on--click=\"actions.showLightbox\" data-wp-on--load=\"callbacks.setButtonStyles\" data-wp-on-window--resize=\"callbacks.setButtonStyles\" data-id=\"160\" src=\"https:\/\/redesign.imlaufderzeit.de\/wp-content\/uploads\/Gschwend_Frickenhofer Str_Nr 19a__02-1024x685.jpg\" alt=\"Gschwend - Frickenhofer Str - Hausnummer 19a - 2007000000\" class=\"wp-image-160\" srcset=\"https:\/\/redesign.imlaufderzeit.de\/wp-content\/uploads\/Gschwend_Frickenhofer%20Str_Nr%2019a__02-1024x685.jpg 1024w, https:\/\/redesign.imlaufderzeit.de\/wp-content\/uploads\/Gschwend_Frickenhofer%20Str_Nr%2019a__02-300x201.jpg 300w, https:\/\/redesign.imlaufderzeit.de\/wp-content\/uploads\/Gschwend_Frickenhofer%20Str_Nr%2019a__02-768x514.jpg 768w, https:\/\/redesign.imlaufderzeit.de\/wp-content\/uploads\/Gschwend_Frickenhofer%20Str_Nr%2019a__02-1536x1028.jpg 1536w, https:\/\/redesign.imlaufderzeit.de\/wp-content\/uploads\/Gschwend_Frickenhofer%20Str_Nr%2019a__02.JPG 1920w\" sizes=\"auto, (max-width: 1024px) 100vw, 1024px\" \/><button\n\t\t\tclass=\"lightbox-trigger\"\n\t\t\ttype=\"button\"\n\t\t\taria-haspopup=\"dialog\"\n\t\t\taria-label=\"Vergr\u00f6\u00dfern\"\n\t\t\tdata-wp-init=\"callbacks.initTriggerButton\"\n\t\t\tdata-wp-on--click=\"actions.showLightbox\"\n\t\t\tdata-wp-style--right=\"state.imageButtonRight\"\n\t\t\tdata-wp-style--top=\"state.imageButtonTop\"\n\t\t>\n\t\t\t<svg xmlns=\"http:\/\/www.w3.org\/2000\/svg\" width=\"12\" height=\"12\" fill=\"none\" viewBox=\"0 0 12 12\">\n\t\t\t\t<path fill=\"#fff\" d=\"M2 0a2 2 0 0 0-2 2v2h1.5V2a.5.5 0 0 1 .5-.5h2V0H2Zm2 10.5H2a.5.5 0 0 1-.5-.5V8H0v2a2 2 0 0 0 2 2h2v-1.5ZM8 12v-1.5h2a.5.5 0 0 0 .5-.5V8H12v2a2 2 0 0 1-2 2H8Zm2-12a2 2 0 0 1 2 2v2h-1.5V2a.5.5 0 0 0-.5-.5H8V0h2Z\" \/>\n\t\t\t<\/svg>\n\t\t<\/button><figcaption class=\"wp-element-caption\">Gschwend &#8211; Frickenhofer Str &#8211; Hausnummer 19a &#8211; 2007<br>Bild von hinten<br>Foto von Klaus Ockert<\/figcaption><\/figure>\n\n\n\n<figure data-wp-context=\"{&quot;imageId&quot;:&quot;69edef712dc30&quot;}\" data-wp-interactive=\"core\/image\" data-wp-key=\"69edef712dc30\" class=\"wp-block-image size-large wp-lightbox-container\"><img loading=\"lazy\" decoding=\"async\" width=\"1024\" height=\"685\" data-wp-class--hide=\"state.isContentHidden\" data-wp-class--show=\"state.isContentVisible\" data-wp-init=\"callbacks.setButtonStyles\" data-wp-on--click=\"actions.showLightbox\" data-wp-on--load=\"callbacks.setButtonStyles\" data-wp-on-window--resize=\"callbacks.setButtonStyles\" data-id=\"159\" src=\"https:\/\/redesign.imlaufderzeit.de\/wp-content\/uploads\/Gschwend_Frickenhofer Str_Nr 19a__01-1024x685.jpg\" alt=\"Gschwend - Frickenhofer Str - Hausnummer 19a - 2007000000\" class=\"wp-image-159\" srcset=\"https:\/\/redesign.imlaufderzeit.de\/wp-content\/uploads\/Gschwend_Frickenhofer%20Str_Nr%2019a__01-1024x685.jpg 1024w, https:\/\/redesign.imlaufderzeit.de\/wp-content\/uploads\/Gschwend_Frickenhofer%20Str_Nr%2019a__01-300x201.jpg 300w, https:\/\/redesign.imlaufderzeit.de\/wp-content\/uploads\/Gschwend_Frickenhofer%20Str_Nr%2019a__01-768x514.jpg 768w, https:\/\/redesign.imlaufderzeit.de\/wp-content\/uploads\/Gschwend_Frickenhofer%20Str_Nr%2019a__01-1536x1028.jpg 1536w, https:\/\/redesign.imlaufderzeit.de\/wp-content\/uploads\/Gschwend_Frickenhofer%20Str_Nr%2019a__01.JPG 1920w\" sizes=\"auto, (max-width: 1024px) 100vw, 1024px\" \/><button\n\t\t\tclass=\"lightbox-trigger\"\n\t\t\ttype=\"button\"\n\t\t\taria-haspopup=\"dialog\"\n\t\t\taria-label=\"Vergr\u00f6\u00dfern\"\n\t\t\tdata-wp-init=\"callbacks.initTriggerButton\"\n\t\t\tdata-wp-on--click=\"actions.showLightbox\"\n\t\t\tdata-wp-style--right=\"state.imageButtonRight\"\n\t\t\tdata-wp-style--top=\"state.imageButtonTop\"\n\t\t>\n\t\t\t<svg xmlns=\"http:\/\/www.w3.org\/2000\/svg\" width=\"12\" height=\"12\" fill=\"none\" viewBox=\"0 0 12 12\">\n\t\t\t\t<path fill=\"#fff\" d=\"M2 0a2 2 0 0 0-2 2v2h1.5V2a.5.5 0 0 1 .5-.5h2V0H2Zm2 10.5H2a.5.5 0 0 1-.5-.5V8H0v2a2 2 0 0 0 2 2h2v-1.5ZM8 12v-1.5h2a.5.5 0 0 0 .5-.5V8H12v2a2 2 0 0 1-2 2H8Zm2-12a2 2 0 0 1 2 2v2h-1.5V2a.5.5 0 0 0-.5-.5H8V0h2Z\" \/>\n\t\t\t<\/svg>\n\t\t<\/button><figcaption class=\"wp-element-caption\">Gschwend &#8211; Frickenhofer Str &#8211; Hausnummer 19a &#8211; 2007<br> Foto von Klaus Ockert<\/figcaption><\/figure>\n\n\n\n<figure data-wp-context=\"{&quot;imageId&quot;:&quot;69edef712dff9&quot;}\" data-wp-interactive=\"core\/image\" data-wp-key=\"69edef712dff9\" class=\"wp-block-image size-large wp-lightbox-container\"><img loading=\"lazy\" decoding=\"async\" width=\"1024\" height=\"665\" data-wp-class--hide=\"state.isContentHidden\" data-wp-class--show=\"state.isContentVisible\" data-wp-init=\"callbacks.setButtonStyles\" data-wp-on--click=\"actions.showLightbox\" data-wp-on--load=\"callbacks.setButtonStyles\" data-wp-on-window--resize=\"callbacks.setButtonStyles\" data-id=\"167\" src=\"https:\/\/redesign.imlaufderzeit.de\/wp-content\/uploads\/Gschwend_Frickenhofer Str_Nr 22__wahl_bosch-1024x665.jpg\" alt=\"Gschwend - Frickenhofer Str - Hausnummer 22 - 1934000000\" class=\"wp-image-167\" srcset=\"https:\/\/redesign.imlaufderzeit.de\/wp-content\/uploads\/Gschwend_Frickenhofer%20Str_Nr%2022__wahl_bosch-1024x665.jpg 1024w, https:\/\/redesign.imlaufderzeit.de\/wp-content\/uploads\/Gschwend_Frickenhofer%20Str_Nr%2022__wahl_bosch-300x195.jpg 300w, https:\/\/redesign.imlaufderzeit.de\/wp-content\/uploads\/Gschwend_Frickenhofer%20Str_Nr%2022__wahl_bosch-768x498.jpg 768w, https:\/\/redesign.imlaufderzeit.de\/wp-content\/uploads\/Gschwend_Frickenhofer%20Str_Nr%2022__wahl_bosch-1536x997.jpg 1536w, https:\/\/redesign.imlaufderzeit.de\/wp-content\/uploads\/Gschwend_Frickenhofer%20Str_Nr%2022__wahl_bosch.jpg 1920w\" sizes=\"auto, (max-width: 1024px) 100vw, 1024px\" \/><button\n\t\t\tclass=\"lightbox-trigger\"\n\t\t\ttype=\"button\"\n\t\t\taria-haspopup=\"dialog\"\n\t\t\taria-label=\"Vergr\u00f6\u00dfern\"\n\t\t\tdata-wp-init=\"callbacks.initTriggerButton\"\n\t\t\tdata-wp-on--click=\"actions.showLightbox\"\n\t\t\tdata-wp-style--right=\"state.imageButtonRight\"\n\t\t\tdata-wp-style--top=\"state.imageButtonTop\"\n\t\t>\n\t\t\t<svg xmlns=\"http:\/\/www.w3.org\/2000\/svg\" width=\"12\" height=\"12\" fill=\"none\" viewBox=\"0 0 12 12\">\n\t\t\t\t<path fill=\"#fff\" d=\"M2 0a2 2 0 0 0-2 2v2h1.5V2a.5.5 0 0 1 .5-.5h2V0H2Zm2 10.5H2a.5.5 0 0 1-.5-.5V8H0v2a2 2 0 0 0 2 2h2v-1.5ZM8 12v-1.5h2a.5.5 0 0 0 .5-.5V8H12v2a2 2 0 0 1-2 2H8Zm2-12a2 2 0 0 1 2 2v2h-1.5V2a.5.5 0 0 0-.5-.5H8V0h2Z\" \/>\n\t\t\t<\/svg>\n\t\t<\/button><figcaption class=\"wp-element-caption\">Gschwend &#8211; Frickenhofer Str &#8211; Hausnummer 22 &#8211; 1934<br>War zu der Zeit Schumacher und Samenhandel Bosch. <br>Bild von der R\u00fcckseite<\/figcaption><\/figure>\n\n\n\n<figure data-wp-context=\"{&quot;imageId&quot;:&quot;69edef712e3c4&quot;}\" data-wp-interactive=\"core\/image\" data-wp-key=\"69edef712e3c4\" class=\"wp-block-image size-large wp-lightbox-container\"><img loading=\"lazy\" decoding=\"async\" width=\"668\" height=\"1024\" data-wp-class--hide=\"state.isContentHidden\" data-wp-class--show=\"state.isContentVisible\" data-wp-init=\"callbacks.setButtonStyles\" data-wp-on--click=\"actions.showLightbox\" data-wp-on--load=\"callbacks.setButtonStyles\" data-wp-on-window--resize=\"callbacks.setButtonStyles\" data-id=\"166\" src=\"https:\/\/redesign.imlaufderzeit.de\/wp-content\/uploads\/Gschwend_Frickenhofer Str_Nr 22__bosch-668x1024.jpg\" alt=\"Gschwend - Frickenhofer Str - Hausnummer 22 - 1948000000\" class=\"wp-image-166\" srcset=\"https:\/\/redesign.imlaufderzeit.de\/wp-content\/uploads\/Gschwend_Frickenhofer%20Str_Nr%2022__bosch-668x1024.jpg 668w, https:\/\/redesign.imlaufderzeit.de\/wp-content\/uploads\/Gschwend_Frickenhofer%20Str_Nr%2022__bosch-196x300.jpg 196w, https:\/\/redesign.imlaufderzeit.de\/wp-content\/uploads\/Gschwend_Frickenhofer%20Str_Nr%2022__bosch-768x1177.jpg 768w, https:\/\/redesign.imlaufderzeit.de\/wp-content\/uploads\/Gschwend_Frickenhofer%20Str_Nr%2022__bosch-1002x1536.jpg 1002w, https:\/\/redesign.imlaufderzeit.de\/wp-content\/uploads\/Gschwend_Frickenhofer%20Str_Nr%2022__bosch-1337x2048.jpg 1337w, https:\/\/redesign.imlaufderzeit.de\/wp-content\/uploads\/Gschwend_Frickenhofer%20Str_Nr%2022__bosch-scaled.jpg 1671w\" sizes=\"auto, (max-width: 668px) 100vw, 668px\" \/><button\n\t\t\tclass=\"lightbox-trigger\"\n\t\t\ttype=\"button\"\n\t\t\taria-haspopup=\"dialog\"\n\t\t\taria-label=\"Vergr\u00f6\u00dfern\"\n\t\t\tdata-wp-init=\"callbacks.initTriggerButton\"\n\t\t\tdata-wp-on--click=\"actions.showLightbox\"\n\t\t\tdata-wp-style--right=\"state.imageButtonRight\"\n\t\t\tdata-wp-style--top=\"state.imageButtonTop\"\n\t\t>\n\t\t\t<svg xmlns=\"http:\/\/www.w3.org\/2000\/svg\" width=\"12\" height=\"12\" fill=\"none\" viewBox=\"0 0 12 12\">\n\t\t\t\t<path fill=\"#fff\" d=\"M2 0a2 2 0 0 0-2 2v2h1.5V2a.5.5 0 0 1 .5-.5h2V0H2Zm2 10.5H2a.5.5 0 0 1-.5-.5V8H0v2a2 2 0 0 0 2 2h2v-1.5ZM8 12v-1.5h2a.5.5 0 0 0 .5-.5V8H12v2a2 2 0 0 1-2 2H8Zm2-12a2 2 0 0 1 2 2v2h-1.5V2a.5.5 0 0 0-.5-.5H8V0h2Z\" \/>\n\t\t\t<\/svg>\n\t\t<\/button><figcaption class=\"wp-element-caption\">Gschwend &#8211; Frickenhofer Str &#8211; Hausnummer 22 &#8211; 1948<br>Zu der Zeit Schuhmacher und Samen Bosch<\/figcaption><\/figure>\n\n\n\n<figure data-wp-context=\"{&quot;imageId&quot;:&quot;69edef712e798&quot;}\" data-wp-interactive=\"core\/image\" data-wp-key=\"69edef712e798\" class=\"wp-block-image size-large wp-lightbox-container\"><img loading=\"lazy\" decoding=\"async\" width=\"1024\" height=\"685\" data-wp-class--hide=\"state.isContentHidden\" data-wp-class--show=\"state.isContentVisible\" data-wp-init=\"callbacks.setButtonStyles\" data-wp-on--click=\"actions.showLightbox\" data-wp-on--load=\"callbacks.setButtonStyles\" data-wp-on-window--resize=\"callbacks.setButtonStyles\" data-id=\"164\" src=\"https:\/\/redesign.imlaufderzeit.de\/wp-content\/uploads\/Gschwend_Frickenhofer Str_Nr 22__02-1024x685.jpg\" alt=\"Gschwend - Frickenhofer Str - Hausnummer 22 - 2007000000\" class=\"wp-image-164\" srcset=\"https:\/\/redesign.imlaufderzeit.de\/wp-content\/uploads\/Gschwend_Frickenhofer%20Str_Nr%2022__02-1024x685.jpg 1024w, https:\/\/redesign.imlaufderzeit.de\/wp-content\/uploads\/Gschwend_Frickenhofer%20Str_Nr%2022__02-300x201.jpg 300w, https:\/\/redesign.imlaufderzeit.de\/wp-content\/uploads\/Gschwend_Frickenhofer%20Str_Nr%2022__02-768x514.jpg 768w, https:\/\/redesign.imlaufderzeit.de\/wp-content\/uploads\/Gschwend_Frickenhofer%20Str_Nr%2022__02-1536x1028.jpg 1536w, https:\/\/redesign.imlaufderzeit.de\/wp-content\/uploads\/Gschwend_Frickenhofer%20Str_Nr%2022__02.JPG 1920w\" sizes=\"auto, (max-width: 1024px) 100vw, 1024px\" \/><button\n\t\t\tclass=\"lightbox-trigger\"\n\t\t\ttype=\"button\"\n\t\t\taria-haspopup=\"dialog\"\n\t\t\taria-label=\"Vergr\u00f6\u00dfern\"\n\t\t\tdata-wp-init=\"callbacks.initTriggerButton\"\n\t\t\tdata-wp-on--click=\"actions.showLightbox\"\n\t\t\tdata-wp-style--right=\"state.imageButtonRight\"\n\t\t\tdata-wp-style--top=\"state.imageButtonTop\"\n\t\t>\n\t\t\t<svg xmlns=\"http:\/\/www.w3.org\/2000\/svg\" width=\"12\" height=\"12\" fill=\"none\" viewBox=\"0 0 12 12\">\n\t\t\t\t<path fill=\"#fff\" d=\"M2 0a2 2 0 0 0-2 2v2h1.5V2a.5.5 0 0 1 .5-.5h2V0H2Zm2 10.5H2a.5.5 0 0 1-.5-.5V8H0v2a2 2 0 0 0 2 2h2v-1.5ZM8 12v-1.5h2a.5.5 0 0 0 .5-.5V8H12v2a2 2 0 0 1-2 2H8Zm2-12a2 2 0 0 1 2 2v2h-1.5V2a.5.5 0 0 0-.5-.5H8V0h2Z\" \/>\n\t\t\t<\/svg>\n\t\t<\/button><figcaption class=\"wp-element-caption\">Gschwend &#8211; Frickenhofer Str &#8211; Hausnummer 22 &#8211; 2007<br>Foto von Klaus Ockert<\/figcaption><\/figure>\n\n\n\n<figure data-wp-context=\"{&quot;imageId&quot;:&quot;69edef712eb9a&quot;}\" data-wp-interactive=\"core\/image\" data-wp-key=\"69edef712eb9a\" class=\"wp-block-image size-large wp-lightbox-container\"><img loading=\"lazy\" decoding=\"async\" width=\"1024\" height=\"685\" data-wp-class--hide=\"state.isContentHidden\" data-wp-class--show=\"state.isContentVisible\" data-wp-init=\"callbacks.setButtonStyles\" data-wp-on--click=\"actions.showLightbox\" data-wp-on--load=\"callbacks.setButtonStyles\" data-wp-on-window--resize=\"callbacks.setButtonStyles\" data-id=\"165\" src=\"https:\/\/redesign.imlaufderzeit.de\/wp-content\/uploads\/Gschwend_Frickenhofer Str_Nr 22__03-1024x685.jpg\" alt=\"Gschwend - Frickenhofer Str - Hausnummer 22 - 2007000000\" class=\"wp-image-165\" srcset=\"https:\/\/redesign.imlaufderzeit.de\/wp-content\/uploads\/Gschwend_Frickenhofer%20Str_Nr%2022__03-1024x685.jpg 1024w, https:\/\/redesign.imlaufderzeit.de\/wp-content\/uploads\/Gschwend_Frickenhofer%20Str_Nr%2022__03-300x201.jpg 300w, https:\/\/redesign.imlaufderzeit.de\/wp-content\/uploads\/Gschwend_Frickenhofer%20Str_Nr%2022__03-768x514.jpg 768w, https:\/\/redesign.imlaufderzeit.de\/wp-content\/uploads\/Gschwend_Frickenhofer%20Str_Nr%2022__03-1536x1028.jpg 1536w, https:\/\/redesign.imlaufderzeit.de\/wp-content\/uploads\/Gschwend_Frickenhofer%20Str_Nr%2022__03.JPG 1920w\" sizes=\"auto, (max-width: 1024px) 100vw, 1024px\" \/><button\n\t\t\tclass=\"lightbox-trigger\"\n\t\t\ttype=\"button\"\n\t\t\taria-haspopup=\"dialog\"\n\t\t\taria-label=\"Vergr\u00f6\u00dfern\"\n\t\t\tdata-wp-init=\"callbacks.initTriggerButton\"\n\t\t\tdata-wp-on--click=\"actions.showLightbox\"\n\t\t\tdata-wp-style--right=\"state.imageButtonRight\"\n\t\t\tdata-wp-style--top=\"state.imageButtonTop\"\n\t\t>\n\t\t\t<svg xmlns=\"http:\/\/www.w3.org\/2000\/svg\" width=\"12\" height=\"12\" fill=\"none\" viewBox=\"0 0 12 12\">\n\t\t\t\t<path fill=\"#fff\" d=\"M2 0a2 2 0 0 0-2 2v2h1.5V2a.5.5 0 0 1 .5-.5h2V0H2Zm2 10.5H2a.5.5 0 0 1-.5-.5V8H0v2a2 2 0 0 0 2 2h2v-1.5ZM8 12v-1.5h2a.5.5 0 0 0 .5-.5V8H12v2a2 2 0 0 1-2 2H8Zm2-12a2 2 0 0 1 2 2v2h-1.5V2a.5.5 0 0 0-.5-.5H8V0h2Z\" \/>\n\t\t\t<\/svg>\n\t\t<\/button><figcaption class=\"wp-element-caption\">Gschwend &#8211; Frickenhofer Str &#8211; Hausnummer 22 &#8211; 2007<br>Foto von Klaus Ockert<\/figcaption><\/figure>\n\n\n\n<figure data-wp-context=\"{&quot;imageId&quot;:&quot;69edef712ef77&quot;}\" data-wp-interactive=\"core\/image\" data-wp-key=\"69edef712ef77\" class=\"wp-block-image size-large wp-lightbox-container\"><img loading=\"lazy\" decoding=\"async\" width=\"1024\" height=\"685\" data-wp-class--hide=\"state.isContentHidden\" data-wp-class--show=\"state.isContentVisible\" data-wp-init=\"callbacks.setButtonStyles\" data-wp-on--click=\"actions.showLightbox\" data-wp-on--load=\"callbacks.setButtonStyles\" data-wp-on-window--resize=\"callbacks.setButtonStyles\" data-id=\"163\" src=\"https:\/\/redesign.imlaufderzeit.de\/wp-content\/uploads\/Gschwend_Frickenhofer Str_Nr 22__01-1024x685.jpg\" alt=\"Gschwend - Frickenhofer Str - Hausnummer 22 - 2007000000\" class=\"wp-image-163\" srcset=\"https:\/\/redesign.imlaufderzeit.de\/wp-content\/uploads\/Gschwend_Frickenhofer%20Str_Nr%2022__01-1024x685.jpg 1024w, https:\/\/redesign.imlaufderzeit.de\/wp-content\/uploads\/Gschwend_Frickenhofer%20Str_Nr%2022__01-300x201.jpg 300w, https:\/\/redesign.imlaufderzeit.de\/wp-content\/uploads\/Gschwend_Frickenhofer%20Str_Nr%2022__01-768x514.jpg 768w, https:\/\/redesign.imlaufderzeit.de\/wp-content\/uploads\/Gschwend_Frickenhofer%20Str_Nr%2022__01-1536x1028.jpg 1536w, https:\/\/redesign.imlaufderzeit.de\/wp-content\/uploads\/Gschwend_Frickenhofer%20Str_Nr%2022__01.JPG 1920w\" sizes=\"auto, (max-width: 1024px) 100vw, 1024px\" \/><button\n\t\t\tclass=\"lightbox-trigger\"\n\t\t\ttype=\"button\"\n\t\t\taria-haspopup=\"dialog\"\n\t\t\taria-label=\"Vergr\u00f6\u00dfern\"\n\t\t\tdata-wp-init=\"callbacks.initTriggerButton\"\n\t\t\tdata-wp-on--click=\"actions.showLightbox\"\n\t\t\tdata-wp-style--right=\"state.imageButtonRight\"\n\t\t\tdata-wp-style--top=\"state.imageButtonTop\"\n\t\t>\n\t\t\t<svg xmlns=\"http:\/\/www.w3.org\/2000\/svg\" width=\"12\" height=\"12\" fill=\"none\" viewBox=\"0 0 12 12\">\n\t\t\t\t<path fill=\"#fff\" d=\"M2 0a2 2 0 0 0-2 2v2h1.5V2a.5.5 0 0 1 .5-.5h2V0H2Zm2 10.5H2a.5.5 0 0 1-.5-.5V8H0v2a2 2 0 0 0 2 2h2v-1.5ZM8 12v-1.5h2a.5.5 0 0 0 .5-.5V8H12v2a2 2 0 0 1-2 2H8Zm2-12a2 2 0 0 1 2 2v2h-1.5V2a.5.5 0 0 0-.5-.5H8V0h2Z\" \/>\n\t\t\t<\/svg>\n\t\t<\/button><figcaption class=\"wp-element-caption\">Gschwend &#8211; Frickenhofer Str &#8211; Hausnummer 22 &#8211; 2007<br>Foto von Klaus Ockert<\/figcaption><\/figure>\n\n\n\n<figure data-wp-context=\"{&quot;imageId&quot;:&quot;69edef712f350&quot;}\" data-wp-interactive=\"core\/image\" data-wp-key=\"69edef712f350\" class=\"wp-block-image size-large wp-lightbox-container\"><img loading=\"lazy\" decoding=\"async\" width=\"1024\" height=\"653\" data-wp-class--hide=\"state.isContentHidden\" data-wp-class--show=\"state.isContentVisible\" data-wp-init=\"callbacks.setButtonStyles\" data-wp-on--click=\"actions.showLightbox\" data-wp-on--load=\"callbacks.setButtonStyles\" data-wp-on-window--resize=\"callbacks.setButtonStyles\" data-id=\"173\" src=\"https:\/\/redesign.imlaufderzeit.de\/wp-content\/uploads\/Gschwend_Frickenhofer Str_Nr 23__wahl_rueckseite-1024x653.jpg\" alt=\"Gschwend - Frickenhofer Str - Hausnummer 23 - 1938000000\" class=\"wp-image-173\" srcset=\"https:\/\/redesign.imlaufderzeit.de\/wp-content\/uploads\/Gschwend_Frickenhofer%20Str_Nr%2023__wahl_rueckseite-1024x653.jpg 1024w, https:\/\/redesign.imlaufderzeit.de\/wp-content\/uploads\/Gschwend_Frickenhofer%20Str_Nr%2023__wahl_rueckseite-300x191.jpg 300w, https:\/\/redesign.imlaufderzeit.de\/wp-content\/uploads\/Gschwend_Frickenhofer%20Str_Nr%2023__wahl_rueckseite-768x490.jpg 768w, https:\/\/redesign.imlaufderzeit.de\/wp-content\/uploads\/Gschwend_Frickenhofer%20Str_Nr%2023__wahl_rueckseite-1536x980.jpg 1536w, https:\/\/redesign.imlaufderzeit.de\/wp-content\/uploads\/Gschwend_Frickenhofer%20Str_Nr%2023__wahl_rueckseite.jpg 1920w\" sizes=\"auto, (max-width: 1024px) 100vw, 1024px\" \/><button\n\t\t\tclass=\"lightbox-trigger\"\n\t\t\ttype=\"button\"\n\t\t\taria-haspopup=\"dialog\"\n\t\t\taria-label=\"Vergr\u00f6\u00dfern\"\n\t\t\tdata-wp-init=\"callbacks.initTriggerButton\"\n\t\t\tdata-wp-on--click=\"actions.showLightbox\"\n\t\t\tdata-wp-style--right=\"state.imageButtonRight\"\n\t\t\tdata-wp-style--top=\"state.imageButtonTop\"\n\t\t>\n\t\t\t<svg xmlns=\"http:\/\/www.w3.org\/2000\/svg\" width=\"12\" height=\"12\" fill=\"none\" viewBox=\"0 0 12 12\">\n\t\t\t\t<path fill=\"#fff\" d=\"M2 0a2 2 0 0 0-2 2v2h1.5V2a.5.5 0 0 1 .5-.5h2V0H2Zm2 10.5H2a.5.5 0 0 1-.5-.5V8H0v2a2 2 0 0 0 2 2h2v-1.5ZM8 12v-1.5h2a.5.5 0 0 0 .5-.5V8H12v2a2 2 0 0 1-2 2H8Zm2-12a2 2 0 0 1 2 2v2h-1.5V2a.5.5 0 0 0-.5-.5H8V0h2Z\" \/>\n\t\t\t<\/svg>\n\t\t<\/button><figcaption class=\"wp-element-caption\">Gschwend &#8211; Frickenhofer Str &#8211; Hausnummer 23 &#8211; 1938<br>Flaschnerei Wahl, <br>Bild von der R\u00fcckseite<\/figcaption><\/figure>\n\n\n\n<figure data-wp-context=\"{&quot;imageId&quot;:&quot;69edef712f71f&quot;}\" data-wp-interactive=\"core\/image\" data-wp-key=\"69edef712f71f\" class=\"wp-block-image size-large wp-lightbox-container\"><img loading=\"lazy\" decoding=\"async\" width=\"1024\" height=\"685\" data-wp-class--hide=\"state.isContentHidden\" data-wp-class--show=\"state.isContentVisible\" data-wp-init=\"callbacks.setButtonStyles\" data-wp-on--click=\"actions.showLightbox\" data-wp-on--load=\"callbacks.setButtonStyles\" data-wp-on-window--resize=\"callbacks.setButtonStyles\" data-id=\"168\" src=\"https:\/\/redesign.imlaufderzeit.de\/wp-content\/uploads\/Gschwend_Frickenhofer Str_Nr 23__01-1024x685.jpg\" alt=\"Gschwend - Frickenhofer Str - Hausnummer 23 - 2007000000\" class=\"wp-image-168\" srcset=\"https:\/\/redesign.imlaufderzeit.de\/wp-content\/uploads\/Gschwend_Frickenhofer%20Str_Nr%2023__01-1024x685.jpg 1024w, https:\/\/redesign.imlaufderzeit.de\/wp-content\/uploads\/Gschwend_Frickenhofer%20Str_Nr%2023__01-300x201.jpg 300w, https:\/\/redesign.imlaufderzeit.de\/wp-content\/uploads\/Gschwend_Frickenhofer%20Str_Nr%2023__01-768x514.jpg 768w, https:\/\/redesign.imlaufderzeit.de\/wp-content\/uploads\/Gschwend_Frickenhofer%20Str_Nr%2023__01-1536x1028.jpg 1536w, https:\/\/redesign.imlaufderzeit.de\/wp-content\/uploads\/Gschwend_Frickenhofer%20Str_Nr%2023__01.JPG 1920w\" sizes=\"auto, (max-width: 1024px) 100vw, 1024px\" \/><button\n\t\t\tclass=\"lightbox-trigger\"\n\t\t\ttype=\"button\"\n\t\t\taria-haspopup=\"dialog\"\n\t\t\taria-label=\"Vergr\u00f6\u00dfern\"\n\t\t\tdata-wp-init=\"callbacks.initTriggerButton\"\n\t\t\tdata-wp-on--click=\"actions.showLightbox\"\n\t\t\tdata-wp-style--right=\"state.imageButtonRight\"\n\t\t\tdata-wp-style--top=\"state.imageButtonTop\"\n\t\t>\n\t\t\t<svg xmlns=\"http:\/\/www.w3.org\/2000\/svg\" width=\"12\" height=\"12\" fill=\"none\" viewBox=\"0 0 12 12\">\n\t\t\t\t<path fill=\"#fff\" d=\"M2 0a2 2 0 0 0-2 2v2h1.5V2a.5.5 0 0 1 .5-.5h2V0H2Zm2 10.5H2a.5.5 0 0 1-.5-.5V8H0v2a2 2 0 0 0 2 2h2v-1.5ZM8 12v-1.5h2a.5.5 0 0 0 .5-.5V8H12v2a2 2 0 0 1-2 2H8Zm2-12a2 2 0 0 1 2 2v2h-1.5V2a.5.5 0 0 0-.5-.5H8V0h2Z\" \/>\n\t\t\t<\/svg>\n\t\t<\/button><figcaption class=\"wp-element-caption\">Gschwend &#8211; Frickenhofer Str &#8211; Hausnummer 23 &#8211; 2007 <br>Foto Klaus Ockert<\/figcaption><\/figure>\n\n\n\n<figure data-wp-context=\"{&quot;imageId&quot;:&quot;69edef712faf3&quot;}\" data-wp-interactive=\"core\/image\" data-wp-key=\"69edef712faf3\" class=\"wp-block-image size-large wp-lightbox-container\"><img loading=\"lazy\" decoding=\"async\" width=\"1024\" height=\"685\" data-wp-class--hide=\"state.isContentHidden\" data-wp-class--show=\"state.isContentVisible\" data-wp-init=\"callbacks.setButtonStyles\" data-wp-on--click=\"actions.showLightbox\" data-wp-on--load=\"callbacks.setButtonStyles\" data-wp-on-window--resize=\"callbacks.setButtonStyles\" data-id=\"171\" src=\"https:\/\/redesign.imlaufderzeit.de\/wp-content\/uploads\/Gschwend_Frickenhofer Str_Nr 23__DSC03412-1024x685.jpg\" alt=\"Gschwend - Frickenhofer Str - Hausnummer 23 - 2007000000\" class=\"wp-image-171\" srcset=\"https:\/\/redesign.imlaufderzeit.de\/wp-content\/uploads\/Gschwend_Frickenhofer%20Str_Nr%2023__DSC03412-1024x685.jpg 1024w, https:\/\/redesign.imlaufderzeit.de\/wp-content\/uploads\/Gschwend_Frickenhofer%20Str_Nr%2023__DSC03412-300x201.jpg 300w, https:\/\/redesign.imlaufderzeit.de\/wp-content\/uploads\/Gschwend_Frickenhofer%20Str_Nr%2023__DSC03412-768x514.jpg 768w, https:\/\/redesign.imlaufderzeit.de\/wp-content\/uploads\/Gschwend_Frickenhofer%20Str_Nr%2023__DSC03412-1536x1028.jpg 1536w, https:\/\/redesign.imlaufderzeit.de\/wp-content\/uploads\/Gschwend_Frickenhofer%20Str_Nr%2023__DSC03412.JPG 1920w\" sizes=\"auto, (max-width: 1024px) 100vw, 1024px\" \/><button\n\t\t\tclass=\"lightbox-trigger\"\n\t\t\ttype=\"button\"\n\t\t\taria-haspopup=\"dialog\"\n\t\t\taria-label=\"Vergr\u00f6\u00dfern\"\n\t\t\tdata-wp-init=\"callbacks.initTriggerButton\"\n\t\t\tdata-wp-on--click=\"actions.showLightbox\"\n\t\t\tdata-wp-style--right=\"state.imageButtonRight\"\n\t\t\tdata-wp-style--top=\"state.imageButtonTop\"\n\t\t>\n\t\t\t<svg xmlns=\"http:\/\/www.w3.org\/2000\/svg\" width=\"12\" height=\"12\" fill=\"none\" viewBox=\"0 0 12 12\">\n\t\t\t\t<path fill=\"#fff\" d=\"M2 0a2 2 0 0 0-2 2v2h1.5V2a.5.5 0 0 1 .5-.5h2V0H2Zm2 10.5H2a.5.5 0 0 1-.5-.5V8H0v2a2 2 0 0 0 2 2h2v-1.5ZM8 12v-1.5h2a.5.5 0 0 0 .5-.5V8H12v2a2 2 0 0 1-2 2H8Zm2-12a2 2 0 0 1 2 2v2h-1.5V2a.5.5 0 0 0-.5-.5H8V0h2Z\" \/>\n\t\t\t<\/svg>\n\t\t<\/button><figcaption class=\"wp-element-caption\">Gschwend &#8211; Frickenhofer Str &#8211; Hausnummer 23 &#8211; 2007<br>Foto von Klaus Ockert<\/figcaption><\/figure>\n\n\n\n<figure data-wp-context=\"{&quot;imageId&quot;:&quot;69edef712fede&quot;}\" data-wp-interactive=\"core\/image\" data-wp-key=\"69edef712fede\" class=\"wp-block-image size-large wp-lightbox-container\"><img loading=\"lazy\" decoding=\"async\" width=\"1024\" height=\"685\" data-wp-class--hide=\"state.isContentHidden\" data-wp-class--show=\"state.isContentVisible\" data-wp-init=\"callbacks.setButtonStyles\" data-wp-on--click=\"actions.showLightbox\" data-wp-on--load=\"callbacks.setButtonStyles\" data-wp-on-window--resize=\"callbacks.setButtonStyles\" data-id=\"169\" src=\"https:\/\/redesign.imlaufderzeit.de\/wp-content\/uploads\/Gschwend_Frickenhofer Str_Nr 23__02-1024x685.jpg\" alt=\"Gschwend - Frickenhofer Str - Hausnummer 23 - 2007000000\" class=\"wp-image-169\" srcset=\"https:\/\/redesign.imlaufderzeit.de\/wp-content\/uploads\/Gschwend_Frickenhofer%20Str_Nr%2023__02-1024x685.jpg 1024w, https:\/\/redesign.imlaufderzeit.de\/wp-content\/uploads\/Gschwend_Frickenhofer%20Str_Nr%2023__02-300x201.jpg 300w, https:\/\/redesign.imlaufderzeit.de\/wp-content\/uploads\/Gschwend_Frickenhofer%20Str_Nr%2023__02-768x514.jpg 768w, https:\/\/redesign.imlaufderzeit.de\/wp-content\/uploads\/Gschwend_Frickenhofer%20Str_Nr%2023__02-1536x1028.jpg 1536w, https:\/\/redesign.imlaufderzeit.de\/wp-content\/uploads\/Gschwend_Frickenhofer%20Str_Nr%2023__02.JPG 1920w\" sizes=\"auto, (max-width: 1024px) 100vw, 1024px\" \/><button\n\t\t\tclass=\"lightbox-trigger\"\n\t\t\ttype=\"button\"\n\t\t\taria-haspopup=\"dialog\"\n\t\t\taria-label=\"Vergr\u00f6\u00dfern\"\n\t\t\tdata-wp-init=\"callbacks.initTriggerButton\"\n\t\t\tdata-wp-on--click=\"actions.showLightbox\"\n\t\t\tdata-wp-style--right=\"state.imageButtonRight\"\n\t\t\tdata-wp-style--top=\"state.imageButtonTop\"\n\t\t>\n\t\t\t<svg xmlns=\"http:\/\/www.w3.org\/2000\/svg\" width=\"12\" height=\"12\" fill=\"none\" viewBox=\"0 0 12 12\">\n\t\t\t\t<path fill=\"#fff\" d=\"M2 0a2 2 0 0 0-2 2v2h1.5V2a.5.5 0 0 1 .5-.5h2V0H2Zm2 10.5H2a.5.5 0 0 1-.5-.5V8H0v2a2 2 0 0 0 2 2h2v-1.5ZM8 12v-1.5h2a.5.5 0 0 0 .5-.5V8H12v2a2 2 0 0 1-2 2H8Zm2-12a2 2 0 0 1 2 2v2h-1.5V2a.5.5 0 0 0-.5-.5H8V0h2Z\" \/>\n\t\t\t<\/svg>\n\t\t<\/button><figcaption class=\"wp-element-caption\">Gschwend &#8211; Frickenhofer Str &#8211; Hausnummer 23 &#8211; 2007<br>Fr\u00fcher Flaschnerei Wahl<br>Foto von Klaus Ockert<\/figcaption><\/figure>\n\n\n\n<figure data-wp-context=\"{&quot;imageId&quot;:&quot;69edef71302b8&quot;}\" data-wp-interactive=\"core\/image\" data-wp-key=\"69edef71302b8\" class=\"wp-block-image size-large wp-lightbox-container\"><img loading=\"lazy\" decoding=\"async\" width=\"1024\" height=\"685\" data-wp-class--hide=\"state.isContentHidden\" data-wp-class--show=\"state.isContentVisible\" data-wp-init=\"callbacks.setButtonStyles\" data-wp-on--click=\"actions.showLightbox\" data-wp-on--load=\"callbacks.setButtonStyles\" data-wp-on-window--resize=\"callbacks.setButtonStyles\" data-id=\"170\" src=\"https:\/\/redesign.imlaufderzeit.de\/wp-content\/uploads\/Gschwend_Frickenhofer Str_Nr 23__DSC03383-1024x685.jpg\" alt=\"Gschwend - Frickenhofer Str - Hausnummer 23 - 2007000000\" class=\"wp-image-170\" srcset=\"https:\/\/redesign.imlaufderzeit.de\/wp-content\/uploads\/Gschwend_Frickenhofer%20Str_Nr%2023__DSC03383-1024x685.jpg 1024w, https:\/\/redesign.imlaufderzeit.de\/wp-content\/uploads\/Gschwend_Frickenhofer%20Str_Nr%2023__DSC03383-300x201.jpg 300w, https:\/\/redesign.imlaufderzeit.de\/wp-content\/uploads\/Gschwend_Frickenhofer%20Str_Nr%2023__DSC03383-768x514.jpg 768w, https:\/\/redesign.imlaufderzeit.de\/wp-content\/uploads\/Gschwend_Frickenhofer%20Str_Nr%2023__DSC03383-1536x1028.jpg 1536w, https:\/\/redesign.imlaufderzeit.de\/wp-content\/uploads\/Gschwend_Frickenhofer%20Str_Nr%2023__DSC03383.JPG 1920w\" sizes=\"auto, (max-width: 1024px) 100vw, 1024px\" \/><button\n\t\t\tclass=\"lightbox-trigger\"\n\t\t\ttype=\"button\"\n\t\t\taria-haspopup=\"dialog\"\n\t\t\taria-label=\"Vergr\u00f6\u00dfern\"\n\t\t\tdata-wp-init=\"callbacks.initTriggerButton\"\n\t\t\tdata-wp-on--click=\"actions.showLightbox\"\n\t\t\tdata-wp-style--right=\"state.imageButtonRight\"\n\t\t\tdata-wp-style--top=\"state.imageButtonTop\"\n\t\t>\n\t\t\t<svg xmlns=\"http:\/\/www.w3.org\/2000\/svg\" width=\"12\" height=\"12\" fill=\"none\" viewBox=\"0 0 12 12\">\n\t\t\t\t<path fill=\"#fff\" d=\"M2 0a2 2 0 0 0-2 2v2h1.5V2a.5.5 0 0 1 .5-.5h2V0H2Zm2 10.5H2a.5.5 0 0 1-.5-.5V8H0v2a2 2 0 0 0 2 2h2v-1.5ZM8 12v-1.5h2a.5.5 0 0 0 .5-.5V8H12v2a2 2 0 0 1-2 2H8Zm2-12a2 2 0 0 1 2 2v2h-1.5V2a.5.5 0 0 0-.5-.5H8V0h2Z\" \/>\n\t\t\t<\/svg>\n\t\t<\/button><figcaption class=\"wp-element-caption\">Gschwend &#8211; Frickenhofer Str &#8211; Hausnummer 23 &#8211; 2007<br>R\u00fcckseite<br>Foto von Klaus Ockert<\/figcaption><\/figure>\n\n\n\n<figure data-wp-context=\"{&quot;imageId&quot;:&quot;69edef713069f&quot;}\" data-wp-interactive=\"core\/image\" data-wp-key=\"69edef713069f\" class=\"wp-block-image size-large wp-lightbox-container\"><img loading=\"lazy\" decoding=\"async\" width=\"1024\" height=\"685\" data-wp-class--hide=\"state.isContentHidden\" data-wp-class--show=\"state.isContentVisible\" data-wp-init=\"callbacks.setButtonStyles\" data-wp-on--click=\"actions.showLightbox\" data-wp-on--load=\"callbacks.setButtonStyles\" data-wp-on-window--resize=\"callbacks.setButtonStyles\" data-id=\"175\" src=\"https:\/\/redesign.imlaufderzeit.de\/wp-content\/uploads\/Gschwend_Frickenhofer Str_Nr 24__02-1024x685.jpg\" alt=\"Gschwend - Frickenhofer Str - Hausnummer 27 - 2007000000\" class=\"wp-image-175\" srcset=\"https:\/\/redesign.imlaufderzeit.de\/wp-content\/uploads\/Gschwend_Frickenhofer%20Str_Nr%2024__02-1024x685.jpg 1024w, https:\/\/redesign.imlaufderzeit.de\/wp-content\/uploads\/Gschwend_Frickenhofer%20Str_Nr%2024__02-300x201.jpg 300w, https:\/\/redesign.imlaufderzeit.de\/wp-content\/uploads\/Gschwend_Frickenhofer%20Str_Nr%2024__02-768x514.jpg 768w, https:\/\/redesign.imlaufderzeit.de\/wp-content\/uploads\/Gschwend_Frickenhofer%20Str_Nr%2024__02-1536x1028.jpg 1536w, https:\/\/redesign.imlaufderzeit.de\/wp-content\/uploads\/Gschwend_Frickenhofer%20Str_Nr%2024__02.JPG 1920w\" sizes=\"auto, (max-width: 1024px) 100vw, 1024px\" \/><button\n\t\t\tclass=\"lightbox-trigger\"\n\t\t\ttype=\"button\"\n\t\t\taria-haspopup=\"dialog\"\n\t\t\taria-label=\"Vergr\u00f6\u00dfern\"\n\t\t\tdata-wp-init=\"callbacks.initTriggerButton\"\n\t\t\tdata-wp-on--click=\"actions.showLightbox\"\n\t\t\tdata-wp-style--right=\"state.imageButtonRight\"\n\t\t\tdata-wp-style--top=\"state.imageButtonTop\"\n\t\t>\n\t\t\t<svg xmlns=\"http:\/\/www.w3.org\/2000\/svg\" width=\"12\" height=\"12\" fill=\"none\" viewBox=\"0 0 12 12\">\n\t\t\t\t<path fill=\"#fff\" d=\"M2 0a2 2 0 0 0-2 2v2h1.5V2a.5.5 0 0 1 .5-.5h2V0H2Zm2 10.5H2a.5.5 0 0 1-.5-.5V8H0v2a2 2 0 0 0 2 2h2v-1.5ZM8 12v-1.5h2a.5.5 0 0 0 .5-.5V8H12v2a2 2 0 0 1-2 2H8Zm2-12a2 2 0 0 1 2 2v2h-1.5V2a.5.5 0 0 0-.5-.5H8V0h2Z\" \/>\n\t\t\t<\/svg>\n\t\t<\/button><figcaption class=\"wp-element-caption\">Gschwend &#8211; Frickenhofer Str &#8211; Hausnummer 24 &#8211; 2007<br>Bild von der Ostseite.<br>Foto von Klaus Ockert<\/figcaption><\/figure>\n\n\n\n<figure data-wp-context=\"{&quot;imageId&quot;:&quot;69edef7130a6b&quot;}\" data-wp-interactive=\"core\/image\" data-wp-key=\"69edef7130a6b\" class=\"wp-block-image size-large wp-lightbox-container\"><img loading=\"lazy\" decoding=\"async\" width=\"1024\" height=\"685\" data-wp-class--hide=\"state.isContentHidden\" data-wp-class--show=\"state.isContentVisible\" data-wp-init=\"callbacks.setButtonStyles\" data-wp-on--click=\"actions.showLightbox\" data-wp-on--load=\"callbacks.setButtonStyles\" data-wp-on-window--resize=\"callbacks.setButtonStyles\" data-id=\"174\" src=\"https:\/\/redesign.imlaufderzeit.de\/wp-content\/uploads\/Gschwend_Frickenhofer Str_Nr 24__01-1024x685.jpg\" alt=\"Gschwend - Frickenhofer Str - Hausnummer 24 - 2007000000\" class=\"wp-image-174\" srcset=\"https:\/\/redesign.imlaufderzeit.de\/wp-content\/uploads\/Gschwend_Frickenhofer%20Str_Nr%2024__01-1024x685.jpg 1024w, https:\/\/redesign.imlaufderzeit.de\/wp-content\/uploads\/Gschwend_Frickenhofer%20Str_Nr%2024__01-300x201.jpg 300w, https:\/\/redesign.imlaufderzeit.de\/wp-content\/uploads\/Gschwend_Frickenhofer%20Str_Nr%2024__01-768x514.jpg 768w, https:\/\/redesign.imlaufderzeit.de\/wp-content\/uploads\/Gschwend_Frickenhofer%20Str_Nr%2024__01-1536x1028.jpg 1536w, https:\/\/redesign.imlaufderzeit.de\/wp-content\/uploads\/Gschwend_Frickenhofer%20Str_Nr%2024__01.JPG 1920w\" sizes=\"auto, (max-width: 1024px) 100vw, 1024px\" \/><button\n\t\t\tclass=\"lightbox-trigger\"\n\t\t\ttype=\"button\"\n\t\t\taria-haspopup=\"dialog\"\n\t\t\taria-label=\"Vergr\u00f6\u00dfern\"\n\t\t\tdata-wp-init=\"callbacks.initTriggerButton\"\n\t\t\tdata-wp-on--click=\"actions.showLightbox\"\n\t\t\tdata-wp-style--right=\"state.imageButtonRight\"\n\t\t\tdata-wp-style--top=\"state.imageButtonTop\"\n\t\t>\n\t\t\t<svg xmlns=\"http:\/\/www.w3.org\/2000\/svg\" width=\"12\" height=\"12\" fill=\"none\" viewBox=\"0 0 12 12\">\n\t\t\t\t<path fill=\"#fff\" d=\"M2 0a2 2 0 0 0-2 2v2h1.5V2a.5.5 0 0 1 .5-.5h2V0H2Zm2 10.5H2a.5.5 0 0 1-.5-.5V8H0v2a2 2 0 0 0 2 2h2v-1.5ZM8 12v-1.5h2a.5.5 0 0 0 .5-.5V8H12v2a2 2 0 0 1-2 2H8Zm2-12a2 2 0 0 1 2 2v2h-1.5V2a.5.5 0 0 0-.5-.5H8V0h2Z\" \/>\n\t\t\t<\/svg>\n\t\t<\/button><figcaption class=\"wp-element-caption\">Gschwend &#8211; Frickenhofer Str &#8211; Hausnummer 24 &#8211; 2007<br>Foto von Klaus Ockert<\/figcaption><\/figure>\n\n\n\n<figure data-wp-context=\"{&quot;imageId&quot;:&quot;69edef7130e47&quot;}\" data-wp-interactive=\"core\/image\" data-wp-key=\"69edef7130e47\" class=\"wp-block-image size-large wp-lightbox-container\"><img loading=\"lazy\" decoding=\"async\" width=\"1024\" height=\"737\" data-wp-class--hide=\"state.isContentHidden\" data-wp-class--show=\"state.isContentVisible\" data-wp-init=\"callbacks.setButtonStyles\" data-wp-on--click=\"actions.showLightbox\" data-wp-on--load=\"callbacks.setButtonStyles\" data-wp-on-window--resize=\"callbacks.setButtonStyles\" data-id=\"178\" src=\"https:\/\/redesign.imlaufderzeit.de\/wp-content\/uploads\/Gschwend_Frickenhofer Str_Nr 27__lillich-1024x737.jpg\" alt=\"Gschwend - Frickenhofer Str - Hausnummer 27 - 1930000000\" class=\"wp-image-178\" srcset=\"https:\/\/redesign.imlaufderzeit.de\/wp-content\/uploads\/Gschwend_Frickenhofer%20Str_Nr%2027__lillich-1024x737.jpg 1024w, https:\/\/redesign.imlaufderzeit.de\/wp-content\/uploads\/Gschwend_Frickenhofer%20Str_Nr%2027__lillich-300x216.jpg 300w, https:\/\/redesign.imlaufderzeit.de\/wp-content\/uploads\/Gschwend_Frickenhofer%20Str_Nr%2027__lillich-768x552.jpg 768w, https:\/\/redesign.imlaufderzeit.de\/wp-content\/uploads\/Gschwend_Frickenhofer%20Str_Nr%2027__lillich-1536x1105.jpg 1536w, https:\/\/redesign.imlaufderzeit.de\/wp-content\/uploads\/Gschwend_Frickenhofer%20Str_Nr%2027__lillich.jpg 1920w\" sizes=\"auto, (max-width: 1024px) 100vw, 1024px\" \/><button\n\t\t\tclass=\"lightbox-trigger\"\n\t\t\ttype=\"button\"\n\t\t\taria-haspopup=\"dialog\"\n\t\t\taria-label=\"Vergr\u00f6\u00dfern\"\n\t\t\tdata-wp-init=\"callbacks.initTriggerButton\"\n\t\t\tdata-wp-on--click=\"actions.showLightbox\"\n\t\t\tdata-wp-style--right=\"state.imageButtonRight\"\n\t\t\tdata-wp-style--top=\"state.imageButtonTop\"\n\t\t>\n\t\t\t<svg xmlns=\"http:\/\/www.w3.org\/2000\/svg\" width=\"12\" height=\"12\" fill=\"none\" viewBox=\"0 0 12 12\">\n\t\t\t\t<path fill=\"#fff\" d=\"M2 0a2 2 0 0 0-2 2v2h1.5V2a.5.5 0 0 1 .5-.5h2V0H2Zm2 10.5H2a.5.5 0 0 1-.5-.5V8H0v2a2 2 0 0 0 2 2h2v-1.5ZM8 12v-1.5h2a.5.5 0 0 0 .5-.5V8H12v2a2 2 0 0 1-2 2H8Zm2-12a2 2 0 0 1 2 2v2h-1.5V2a.5.5 0 0 0-.5-.5H8V0h2Z\" \/>\n\t\t\t<\/svg>\n\t\t<\/button><figcaption class=\"wp-element-caption\">Gschwend &#8211; Frickenhofer Str &#8211; Hausnummer 27 &#8211; 1930<br>Wohngeb\u00e4ude von Gottfried Sch\u00e4ufele Gipser u. Seiler, Kommandant der Feuerwehr Gschwend<\/figcaption><\/figure>\n\n\n\n<figure data-wp-context=\"{&quot;imageId&quot;:&quot;69edef7131217&quot;}\" data-wp-interactive=\"core\/image\" data-wp-key=\"69edef7131217\" class=\"wp-block-image size-large wp-lightbox-container\"><img loading=\"lazy\" decoding=\"async\" width=\"1024\" height=\"685\" data-wp-class--hide=\"state.isContentHidden\" data-wp-class--show=\"state.isContentVisible\" data-wp-init=\"callbacks.setButtonStyles\" data-wp-on--click=\"actions.showLightbox\" data-wp-on--load=\"callbacks.setButtonStyles\" data-wp-on-window--resize=\"callbacks.setButtonStyles\" data-id=\"177\" src=\"https:\/\/redesign.imlaufderzeit.de\/wp-content\/uploads\/Gschwend_Frickenhofer Str_Nr 27__02-1024x685.jpg\" alt=\"Gschwend - Frickenhofer Str - Hausnummer 27 - 2007000000\" class=\"wp-image-177\" srcset=\"https:\/\/redesign.imlaufderzeit.de\/wp-content\/uploads\/Gschwend_Frickenhofer%20Str_Nr%2027__02-1024x685.jpg 1024w, https:\/\/redesign.imlaufderzeit.de\/wp-content\/uploads\/Gschwend_Frickenhofer%20Str_Nr%2027__02-300x201.jpg 300w, https:\/\/redesign.imlaufderzeit.de\/wp-content\/uploads\/Gschwend_Frickenhofer%20Str_Nr%2027__02-768x514.jpg 768w, https:\/\/redesign.imlaufderzeit.de\/wp-content\/uploads\/Gschwend_Frickenhofer%20Str_Nr%2027__02-1536x1028.jpg 1536w, https:\/\/redesign.imlaufderzeit.de\/wp-content\/uploads\/Gschwend_Frickenhofer%20Str_Nr%2027__02.JPG 1920w\" sizes=\"auto, (max-width: 1024px) 100vw, 1024px\" \/><button\n\t\t\tclass=\"lightbox-trigger\"\n\t\t\ttype=\"button\"\n\t\t\taria-haspopup=\"dialog\"\n\t\t\taria-label=\"Vergr\u00f6\u00dfern\"\n\t\t\tdata-wp-init=\"callbacks.initTriggerButton\"\n\t\t\tdata-wp-on--click=\"actions.showLightbox\"\n\t\t\tdata-wp-style--right=\"state.imageButtonRight\"\n\t\t\tdata-wp-style--top=\"state.imageButtonTop\"\n\t\t>\n\t\t\t<svg xmlns=\"http:\/\/www.w3.org\/2000\/svg\" width=\"12\" height=\"12\" fill=\"none\" viewBox=\"0 0 12 12\">\n\t\t\t\t<path fill=\"#fff\" d=\"M2 0a2 2 0 0 0-2 2v2h1.5V2a.5.5 0 0 1 .5-.5h2V0H2Zm2 10.5H2a.5.5 0 0 1-.5-.5V8H0v2a2 2 0 0 0 2 2h2v-1.5ZM8 12v-1.5h2a.5.5 0 0 0 .5-.5V8H12v2a2 2 0 0 1-2 2H8Zm2-12a2 2 0 0 1 2 2v2h-1.5V2a.5.5 0 0 0-.5-.5H8V0h2Z\" \/>\n\t\t\t<\/svg>\n\t\t<\/button><figcaption class=\"wp-element-caption\">Gschwend &#8211; Frickenhofer Str &#8211; Hausnummer 27 &#8211; 2007<br>Wohngeb\u00e4ude von Gottfried Sch\u00e4ufele Gipser u. Seiler, Kommandant der Feuerwehr Gschwend <br>Sp\u00e4ter Lillich Blumen und Gem\u00fcse.<br>Foto von Klaus Ockert<\/figcaption><\/figure>\n\n\n\n<figure data-wp-context=\"{&quot;imageId&quot;:&quot;69edef71315fb&quot;}\" data-wp-interactive=\"core\/image\" data-wp-key=\"69edef71315fb\" class=\"wp-block-image size-large wp-lightbox-container\"><img loading=\"lazy\" decoding=\"async\" width=\"1024\" height=\"685\" data-wp-class--hide=\"state.isContentHidden\" data-wp-class--show=\"state.isContentVisible\" data-wp-init=\"callbacks.setButtonStyles\" data-wp-on--click=\"actions.showLightbox\" data-wp-on--load=\"callbacks.setButtonStyles\" data-wp-on-window--resize=\"callbacks.setButtonStyles\" data-id=\"176\" src=\"https:\/\/redesign.imlaufderzeit.de\/wp-content\/uploads\/Gschwend_Frickenhofer Str_Nr 27__01-1024x685.jpg\" alt=\"Gschwend - Frickenhofer Str - Hausnummer 27 - 2007000000\" class=\"wp-image-176\" srcset=\"https:\/\/redesign.imlaufderzeit.de\/wp-content\/uploads\/Gschwend_Frickenhofer%20Str_Nr%2027__01-1024x685.jpg 1024w, https:\/\/redesign.imlaufderzeit.de\/wp-content\/uploads\/Gschwend_Frickenhofer%20Str_Nr%2027__01-300x201.jpg 300w, https:\/\/redesign.imlaufderzeit.de\/wp-content\/uploads\/Gschwend_Frickenhofer%20Str_Nr%2027__01-768x514.jpg 768w, https:\/\/redesign.imlaufderzeit.de\/wp-content\/uploads\/Gschwend_Frickenhofer%20Str_Nr%2027__01-1536x1028.jpg 1536w, https:\/\/redesign.imlaufderzeit.de\/wp-content\/uploads\/Gschwend_Frickenhofer%20Str_Nr%2027__01.JPG 1920w\" sizes=\"auto, (max-width: 1024px) 100vw, 1024px\" \/><button\n\t\t\tclass=\"lightbox-trigger\"\n\t\t\ttype=\"button\"\n\t\t\taria-haspopup=\"dialog\"\n\t\t\taria-label=\"Vergr\u00f6\u00dfern\"\n\t\t\tdata-wp-init=\"callbacks.initTriggerButton\"\n\t\t\tdata-wp-on--click=\"actions.showLightbox\"\n\t\t\tdata-wp-style--right=\"state.imageButtonRight\"\n\t\t\tdata-wp-style--top=\"state.imageButtonTop\"\n\t\t>\n\t\t\t<svg xmlns=\"http:\/\/www.w3.org\/2000\/svg\" width=\"12\" height=\"12\" fill=\"none\" viewBox=\"0 0 12 12\">\n\t\t\t\t<path fill=\"#fff\" d=\"M2 0a2 2 0 0 0-2 2v2h1.5V2a.5.5 0 0 1 .5-.5h2V0H2Zm2 10.5H2a.5.5 0 0 1-.5-.5V8H0v2a2 2 0 0 0 2 2h2v-1.5ZM8 12v-1.5h2a.5.5 0 0 0 .5-.5V8H12v2a2 2 0 0 1-2 2H8Zm2-12a2 2 0 0 1 2 2v2h-1.5V2a.5.5 0 0 0-.5-.5H8V0h2Z\" \/>\n\t\t\t<\/svg>\n\t\t<\/button><figcaption class=\"wp-element-caption\">Gschwend &#8211; Frickenhofer Str &#8211; Hausnummer 27 &#8211; 2007<br>Zu der Zeit Gschwender Kebap Haus.<br>Foto von Klaus Ockert<\/figcaption><\/figure>\n\n\n\n<figure data-wp-context=\"{&quot;imageId&quot;:&quot;69edef71319eb&quot;}\" data-wp-interactive=\"core\/image\" data-wp-key=\"69edef71319eb\" class=\"wp-block-image size-large wp-lightbox-container\"><img loading=\"lazy\" decoding=\"async\" width=\"1024\" height=\"785\" data-wp-class--hide=\"state.isContentHidden\" data-wp-class--show=\"state.isContentVisible\" data-wp-init=\"callbacks.setButtonStyles\" data-wp-on--click=\"actions.showLightbox\" data-wp-on--load=\"callbacks.setButtonStyles\" data-wp-on-window--resize=\"callbacks.setButtonStyles\" data-id=\"182\" src=\"https:\/\/redesign.imlaufderzeit.de\/wp-content\/uploads\/Gschwend_Frickenhofer Str_Nr 28__1934_1-1024x785.jpg\" alt=\"Gschwend - Frickenhofer Str - Hausnummer 28 - 1934000000\" class=\"wp-image-182\" srcset=\"https:\/\/redesign.imlaufderzeit.de\/wp-content\/uploads\/Gschwend_Frickenhofer%20Str_Nr%2028__1934_1-1024x785.jpg 1024w, https:\/\/redesign.imlaufderzeit.de\/wp-content\/uploads\/Gschwend_Frickenhofer%20Str_Nr%2028__1934_1-300x230.jpg 300w, https:\/\/redesign.imlaufderzeit.de\/wp-content\/uploads\/Gschwend_Frickenhofer%20Str_Nr%2028__1934_1-768x589.jpg 768w, https:\/\/redesign.imlaufderzeit.de\/wp-content\/uploads\/Gschwend_Frickenhofer%20Str_Nr%2028__1934_1-1536x1178.jpg 1536w, https:\/\/redesign.imlaufderzeit.de\/wp-content\/uploads\/Gschwend_Frickenhofer%20Str_Nr%2028__1934_1.jpg 1920w\" sizes=\"auto, (max-width: 1024px) 100vw, 1024px\" \/><button\n\t\t\tclass=\"lightbox-trigger\"\n\t\t\ttype=\"button\"\n\t\t\taria-haspopup=\"dialog\"\n\t\t\taria-label=\"Vergr\u00f6\u00dfern\"\n\t\t\tdata-wp-init=\"callbacks.initTriggerButton\"\n\t\t\tdata-wp-on--click=\"actions.showLightbox\"\n\t\t\tdata-wp-style--right=\"state.imageButtonRight\"\n\t\t\tdata-wp-style--top=\"state.imageButtonTop\"\n\t\t>\n\t\t\t<svg xmlns=\"http:\/\/www.w3.org\/2000\/svg\" width=\"12\" height=\"12\" fill=\"none\" viewBox=\"0 0 12 12\">\n\t\t\t\t<path fill=\"#fff\" d=\"M2 0a2 2 0 0 0-2 2v2h1.5V2a.5.5 0 0 1 .5-.5h2V0H2Zm2 10.5H2a.5.5 0 0 1-.5-.5V8H0v2a2 2 0 0 0 2 2h2v-1.5ZM8 12v-1.5h2a.5.5 0 0 0 .5-.5V8H12v2a2 2 0 0 1-2 2H8Zm2-12a2 2 0 0 1 2 2v2h-1.5V2a.5.5 0 0 0-.5-.5H8V0h2Z\" \/>\n\t\t\t<\/svg>\n\t\t<\/button><figcaption class=\"wp-element-caption\">Gschwend &#8211; Frickenhofer Str &#8211; Hausnummer 28 &#8211; 1934<br>Wohnhaus von Senator Gustav Kunz, Ehrenb\u00fcrger von Gschwend<\/figcaption><\/figure>\n\n\n\n<figure data-wp-context=\"{&quot;imageId&quot;:&quot;69edef7131dc5&quot;}\" data-wp-interactive=\"core\/image\" data-wp-key=\"69edef7131dc5\" class=\"wp-block-image size-large wp-lightbox-container\"><img loading=\"lazy\" decoding=\"async\" width=\"1024\" height=\"668\" data-wp-class--hide=\"state.isContentHidden\" data-wp-class--show=\"state.isContentVisible\" data-wp-init=\"callbacks.setButtonStyles\" data-wp-on--click=\"actions.showLightbox\" data-wp-on--load=\"callbacks.setButtonStyles\" data-wp-on-window--resize=\"callbacks.setButtonStyles\" data-id=\"181\" src=\"https:\/\/redesign.imlaufderzeit.de\/wp-content\/uploads\/Gschwend_Frickenhofer Str_Nr 28__1934-1024x668.jpg\" alt=\"Gschwend - Frickenhofer Str - Hausnummer 28 - 1934000000\" class=\"wp-image-181\" srcset=\"https:\/\/redesign.imlaufderzeit.de\/wp-content\/uploads\/Gschwend_Frickenhofer%20Str_Nr%2028__1934-1024x668.jpg 1024w, https:\/\/redesign.imlaufderzeit.de\/wp-content\/uploads\/Gschwend_Frickenhofer%20Str_Nr%2028__1934-300x196.jpg 300w, https:\/\/redesign.imlaufderzeit.de\/wp-content\/uploads\/Gschwend_Frickenhofer%20Str_Nr%2028__1934-768x501.jpg 768w, https:\/\/redesign.imlaufderzeit.de\/wp-content\/uploads\/Gschwend_Frickenhofer%20Str_Nr%2028__1934-1536x1002.jpg 1536w, https:\/\/redesign.imlaufderzeit.de\/wp-content\/uploads\/Gschwend_Frickenhofer%20Str_Nr%2028__1934.jpg 1920w\" sizes=\"auto, (max-width: 1024px) 100vw, 1024px\" \/><button\n\t\t\tclass=\"lightbox-trigger\"\n\t\t\ttype=\"button\"\n\t\t\taria-haspopup=\"dialog\"\n\t\t\taria-label=\"Vergr\u00f6\u00dfern\"\n\t\t\tdata-wp-init=\"callbacks.initTriggerButton\"\n\t\t\tdata-wp-on--click=\"actions.showLightbox\"\n\t\t\tdata-wp-style--right=\"state.imageButtonRight\"\n\t\t\tdata-wp-style--top=\"state.imageButtonTop\"\n\t\t>\n\t\t\t<svg xmlns=\"http:\/\/www.w3.org\/2000\/svg\" width=\"12\" height=\"12\" fill=\"none\" viewBox=\"0 0 12 12\">\n\t\t\t\t<path fill=\"#fff\" d=\"M2 0a2 2 0 0 0-2 2v2h1.5V2a.5.5 0 0 1 .5-.5h2V0H2Zm2 10.5H2a.5.5 0 0 1-.5-.5V8H0v2a2 2 0 0 0 2 2h2v-1.5ZM8 12v-1.5h2a.5.5 0 0 0 .5-.5V8H12v2a2 2 0 0 1-2 2H8Zm2-12a2 2 0 0 1 2 2v2h-1.5V2a.5.5 0 0 0-.5-.5H8V0h2Z\" \/>\n\t\t\t<\/svg>\n\t\t<\/button><figcaption class=\"wp-element-caption\">Gschwend &#8211; Frickenhofer Str &#8211; Hausnummer 28 &#8211; 1934<\/figcaption><\/figure>\n\n\n\n<figure data-wp-context=\"{&quot;imageId&quot;:&quot;69edef713218d&quot;}\" data-wp-interactive=\"core\/image\" data-wp-key=\"69edef713218d\" class=\"wp-block-image size-large wp-lightbox-container\"><img loading=\"lazy\" decoding=\"async\" width=\"1024\" height=\"685\" data-wp-class--hide=\"state.isContentHidden\" data-wp-class--show=\"state.isContentVisible\" data-wp-init=\"callbacks.setButtonStyles\" data-wp-on--click=\"actions.showLightbox\" data-wp-on--load=\"callbacks.setButtonStyles\" data-wp-on-window--resize=\"callbacks.setButtonStyles\" data-id=\"179\" src=\"https:\/\/redesign.imlaufderzeit.de\/wp-content\/uploads\/Gschwend_Frickenhofer Str_Nr 28__01-1024x685.jpg\" alt=\"Gschwend - Frickenhofer Str - Hausnummer 28 - 2007000000\" class=\"wp-image-179\" srcset=\"https:\/\/redesign.imlaufderzeit.de\/wp-content\/uploads\/Gschwend_Frickenhofer%20Str_Nr%2028__01-1024x685.jpg 1024w, https:\/\/redesign.imlaufderzeit.de\/wp-content\/uploads\/Gschwend_Frickenhofer%20Str_Nr%2028__01-300x201.jpg 300w, https:\/\/redesign.imlaufderzeit.de\/wp-content\/uploads\/Gschwend_Frickenhofer%20Str_Nr%2028__01-768x514.jpg 768w, https:\/\/redesign.imlaufderzeit.de\/wp-content\/uploads\/Gschwend_Frickenhofer%20Str_Nr%2028__01-1536x1028.jpg 1536w, https:\/\/redesign.imlaufderzeit.de\/wp-content\/uploads\/Gschwend_Frickenhofer%20Str_Nr%2028__01.JPG 1920w\" sizes=\"auto, (max-width: 1024px) 100vw, 1024px\" \/><button\n\t\t\tclass=\"lightbox-trigger\"\n\t\t\ttype=\"button\"\n\t\t\taria-haspopup=\"dialog\"\n\t\t\taria-label=\"Vergr\u00f6\u00dfern\"\n\t\t\tdata-wp-init=\"callbacks.initTriggerButton\"\n\t\t\tdata-wp-on--click=\"actions.showLightbox\"\n\t\t\tdata-wp-style--right=\"state.imageButtonRight\"\n\t\t\tdata-wp-style--top=\"state.imageButtonTop\"\n\t\t>\n\t\t\t<svg xmlns=\"http:\/\/www.w3.org\/2000\/svg\" width=\"12\" height=\"12\" fill=\"none\" viewBox=\"0 0 12 12\">\n\t\t\t\t<path fill=\"#fff\" d=\"M2 0a2 2 0 0 0-2 2v2h1.5V2a.5.5 0 0 1 .5-.5h2V0H2Zm2 10.5H2a.5.5 0 0 1-.5-.5V8H0v2a2 2 0 0 0 2 2h2v-1.5ZM8 12v-1.5h2a.5.5 0 0 0 .5-.5V8H12v2a2 2 0 0 1-2 2H8Zm2-12a2 2 0 0 1 2 2v2h-1.5V2a.5.5 0 0 0-.5-.5H8V0h2Z\" \/>\n\t\t\t<\/svg>\n\t\t<\/button><figcaption class=\"wp-element-caption\">Gschwend &#8211; Frickenhofer Str &#8211; Hausnummer 28 &#8211; 2007<br>Foto von Klaus Ockert<\/figcaption><\/figure>\n\n\n\n<figure data-wp-context=\"{&quot;imageId&quot;:&quot;69edef7132564&quot;}\" data-wp-interactive=\"core\/image\" data-wp-key=\"69edef7132564\" class=\"wp-block-image size-large wp-lightbox-container\"><img loading=\"lazy\" decoding=\"async\" width=\"1024\" height=\"685\" data-wp-class--hide=\"state.isContentHidden\" data-wp-class--show=\"state.isContentVisible\" data-wp-init=\"callbacks.setButtonStyles\" data-wp-on--click=\"actions.showLightbox\" data-wp-on--load=\"callbacks.setButtonStyles\" data-wp-on-window--resize=\"callbacks.setButtonStyles\" data-id=\"180\" src=\"https:\/\/redesign.imlaufderzeit.de\/wp-content\/uploads\/Gschwend_Frickenhofer Str_Nr 28__02-1024x685.jpg\" alt=\"Gschwend - Frickenhofer Str - Hausnummer 28 - 2007000000\" class=\"wp-image-180\" srcset=\"https:\/\/redesign.imlaufderzeit.de\/wp-content\/uploads\/Gschwend_Frickenhofer%20Str_Nr%2028__02-1024x685.jpg 1024w, https:\/\/redesign.imlaufderzeit.de\/wp-content\/uploads\/Gschwend_Frickenhofer%20Str_Nr%2028__02-300x201.jpg 300w, https:\/\/redesign.imlaufderzeit.de\/wp-content\/uploads\/Gschwend_Frickenhofer%20Str_Nr%2028__02-768x514.jpg 768w, https:\/\/redesign.imlaufderzeit.de\/wp-content\/uploads\/Gschwend_Frickenhofer%20Str_Nr%2028__02-1536x1028.jpg 1536w, https:\/\/redesign.imlaufderzeit.de\/wp-content\/uploads\/Gschwend_Frickenhofer%20Str_Nr%2028__02.JPG 1920w\" sizes=\"auto, (max-width: 1024px) 100vw, 1024px\" \/><button\n\t\t\tclass=\"lightbox-trigger\"\n\t\t\ttype=\"button\"\n\t\t\taria-haspopup=\"dialog\"\n\t\t\taria-label=\"Vergr\u00f6\u00dfern\"\n\t\t\tdata-wp-init=\"callbacks.initTriggerButton\"\n\t\t\tdata-wp-on--click=\"actions.showLightbox\"\n\t\t\tdata-wp-style--right=\"state.imageButtonRight\"\n\t\t\tdata-wp-style--top=\"state.imageButtonTop\"\n\t\t>\n\t\t\t<svg xmlns=\"http:\/\/www.w3.org\/2000\/svg\" width=\"12\" height=\"12\" fill=\"none\" viewBox=\"0 0 12 12\">\n\t\t\t\t<path fill=\"#fff\" d=\"M2 0a2 2 0 0 0-2 2v2h1.5V2a.5.5 0 0 1 .5-.5h2V0H2Zm2 10.5H2a.5.5 0 0 1-.5-.5V8H0v2a2 2 0 0 0 2 2h2v-1.5ZM8 12v-1.5h2a.5.5 0 0 0 .5-.5V8H12v2a2 2 0 0 1-2 2H8Zm2-12a2 2 0 0 1 2 2v2h-1.5V2a.5.5 0 0 0-.5-.5H8V0h2Z\" \/>\n\t\t\t<\/svg>\n\t\t<\/button><figcaption class=\"wp-element-caption\">Gschwend &#8211; Frickenhofer Str &#8211; Hausnummer 28 &#8211; 2007<br>Bild von hinten<br>Foto von Klaus Ockert<\/figcaption><\/figure>\n\n\n\n<figure data-wp-context=\"{&quot;imageId&quot;:&quot;69edef713292f&quot;}\" data-wp-interactive=\"core\/image\" data-wp-key=\"69edef713292f\" class=\"wp-block-image size-large wp-lightbox-container\"><img loading=\"lazy\" decoding=\"async\" width=\"1024\" height=\"685\" data-wp-class--hide=\"state.isContentHidden\" data-wp-class--show=\"state.isContentVisible\" data-wp-init=\"callbacks.setButtonStyles\" data-wp-on--click=\"actions.showLightbox\" data-wp-on--load=\"callbacks.setButtonStyles\" data-wp-on-window--resize=\"callbacks.setButtonStyles\" data-id=\"183\" src=\"https:\/\/redesign.imlaufderzeit.de\/wp-content\/uploads\/Gschwend_Frickenhofer Str_Nr 28__DSC03464-1024x685.jpg\" alt=\"Gschwend - Frickenhofer Str - Hausnummer 28 - 2007000000\" class=\"wp-image-183\" srcset=\"https:\/\/redesign.imlaufderzeit.de\/wp-content\/uploads\/Gschwend_Frickenhofer%20Str_Nr%2028__DSC03464-1024x685.jpg 1024w, https:\/\/redesign.imlaufderzeit.de\/wp-content\/uploads\/Gschwend_Frickenhofer%20Str_Nr%2028__DSC03464-300x201.jpg 300w, https:\/\/redesign.imlaufderzeit.de\/wp-content\/uploads\/Gschwend_Frickenhofer%20Str_Nr%2028__DSC03464-768x514.jpg 768w, https:\/\/redesign.imlaufderzeit.de\/wp-content\/uploads\/Gschwend_Frickenhofer%20Str_Nr%2028__DSC03464-1536x1028.jpg 1536w, https:\/\/redesign.imlaufderzeit.de\/wp-content\/uploads\/Gschwend_Frickenhofer%20Str_Nr%2028__DSC03464.JPG 1920w\" sizes=\"auto, (max-width: 1024px) 100vw, 1024px\" \/><button\n\t\t\tclass=\"lightbox-trigger\"\n\t\t\ttype=\"button\"\n\t\t\taria-haspopup=\"dialog\"\n\t\t\taria-label=\"Vergr\u00f6\u00dfern\"\n\t\t\tdata-wp-init=\"callbacks.initTriggerButton\"\n\t\t\tdata-wp-on--click=\"actions.showLightbox\"\n\t\t\tdata-wp-style--right=\"state.imageButtonRight\"\n\t\t\tdata-wp-style--top=\"state.imageButtonTop\"\n\t\t>\n\t\t\t<svg xmlns=\"http:\/\/www.w3.org\/2000\/svg\" width=\"12\" height=\"12\" fill=\"none\" viewBox=\"0 0 12 12\">\n\t\t\t\t<path fill=\"#fff\" d=\"M2 0a2 2 0 0 0-2 2v2h1.5V2a.5.5 0 0 1 .5-.5h2V0H2Zm2 10.5H2a.5.5 0 0 1-.5-.5V8H0v2a2 2 0 0 0 2 2h2v-1.5ZM8 12v-1.5h2a.5.5 0 0 0 .5-.5V8H12v2a2 2 0 0 1-2 2H8Zm2-12a2 2 0 0 1 2 2v2h-1.5V2a.5.5 0 0 0-.5-.5H8V0h2Z\" \/>\n\t\t\t<\/svg>\n\t\t<\/button><figcaption class=\"wp-element-caption\">Gschwend &#8211; Frickenhofer Str &#8211; Hausnummer 28 &#8211; 2007<br>Bild von Westen<br>Foto von Klaus Ockert<\/figcaption><\/figure>\n\n\n\n<figure data-wp-context=\"{&quot;imageId&quot;:&quot;69edef7132d0b&quot;}\" data-wp-interactive=\"core\/image\" data-wp-key=\"69edef7132d0b\" class=\"wp-block-image size-large wp-lightbox-container\"><img loading=\"lazy\" decoding=\"async\" width=\"671\" height=\"1024\" data-wp-class--hide=\"state.isContentHidden\" data-wp-class--show=\"state.isContentVisible\" data-wp-init=\"callbacks.setButtonStyles\" data-wp-on--click=\"actions.showLightbox\" data-wp-on--load=\"callbacks.setButtonStyles\" data-wp-on-window--resize=\"callbacks.setButtonStyles\" data-id=\"185\" src=\"https:\/\/redesign.imlaufderzeit.de\/wp-content\/uploads\/Gschwend_Frickenhofer Str_Nr 28__gustav_kunz-671x1024.jpg\" alt=\"Gschwend - Frickenhofer Str - Hausnummer 28 - 1980000000\" class=\"wp-image-185\" srcset=\"https:\/\/redesign.imlaufderzeit.de\/wp-content\/uploads\/Gschwend_Frickenhofer%20Str_Nr%2028__gustav_kunz-671x1024.jpg 671w, https:\/\/redesign.imlaufderzeit.de\/wp-content\/uploads\/Gschwend_Frickenhofer%20Str_Nr%2028__gustav_kunz-197x300.jpg 197w, https:\/\/redesign.imlaufderzeit.de\/wp-content\/uploads\/Gschwend_Frickenhofer%20Str_Nr%2028__gustav_kunz-768x1172.jpg 768w, https:\/\/redesign.imlaufderzeit.de\/wp-content\/uploads\/Gschwend_Frickenhofer%20Str_Nr%2028__gustav_kunz-1007x1536.jpg 1007w, https:\/\/redesign.imlaufderzeit.de\/wp-content\/uploads\/Gschwend_Frickenhofer%20Str_Nr%2028__gustav_kunz-1342x2048.jpg 1342w, https:\/\/redesign.imlaufderzeit.de\/wp-content\/uploads\/Gschwend_Frickenhofer%20Str_Nr%2028__gustav_kunz-scaled.jpg 1678w\" sizes=\"auto, (max-width: 671px) 100vw, 671px\" \/><button\n\t\t\tclass=\"lightbox-trigger\"\n\t\t\ttype=\"button\"\n\t\t\taria-haspopup=\"dialog\"\n\t\t\taria-label=\"Vergr\u00f6\u00dfern\"\n\t\t\tdata-wp-init=\"callbacks.initTriggerButton\"\n\t\t\tdata-wp-on--click=\"actions.showLightbox\"\n\t\t\tdata-wp-style--right=\"state.imageButtonRight\"\n\t\t\tdata-wp-style--top=\"state.imageButtonTop\"\n\t\t>\n\t\t\t<svg xmlns=\"http:\/\/www.w3.org\/2000\/svg\" width=\"12\" height=\"12\" fill=\"none\" viewBox=\"0 0 12 12\">\n\t\t\t\t<path fill=\"#fff\" d=\"M2 0a2 2 0 0 0-2 2v2h1.5V2a.5.5 0 0 1 .5-.5h2V0H2Zm2 10.5H2a.5.5 0 0 1-.5-.5V8H0v2a2 2 0 0 0 2 2h2v-1.5ZM8 12v-1.5h2a.5.5 0 0 0 .5-.5V8H12v2a2 2 0 0 1-2 2H8Zm2-12a2 2 0 0 1 2 2v2h-1.5V2a.5.5 0 0 0-.5-.5H8V0h2Z\" \/>\n\t\t\t<\/svg>\n\t\t<\/button><figcaption class=\"wp-element-caption\">Gschwend &#8211; Frickenhofer Str &#8211; Hausnummer 28 &#8211; 1980<br>Wohnhaus von Senator Gustav Kunz, Ehrenb\u00fcrger von Gschwend<br>Foto Kurt Weigle<\/figcaption><\/figure>\n\n\n\n<figure data-wp-context=\"{&quot;imageId&quot;:&quot;69edef7133114&quot;}\" data-wp-interactive=\"core\/image\" data-wp-key=\"69edef7133114\" class=\"wp-block-image size-large wp-lightbox-container\"><img loading=\"lazy\" decoding=\"async\" width=\"1024\" height=\"989\" data-wp-class--hide=\"state.isContentHidden\" data-wp-class--show=\"state.isContentVisible\" data-wp-init=\"callbacks.setButtonStyles\" data-wp-on--click=\"actions.showLightbox\" data-wp-on--load=\"callbacks.setButtonStyles\" data-wp-on-window--resize=\"callbacks.setButtonStyles\" data-id=\"189\" src=\"https:\/\/redesign.imlaufderzeit.de\/wp-content\/uploads\/Gschwend_Frickenhofer Str_Nr 30__1928-1024x989.jpg\" alt=\"Gschwend - Frickenhofer Str - Hausnummer 30 - 1928000000\" class=\"wp-image-189\" srcset=\"https:\/\/redesign.imlaufderzeit.de\/wp-content\/uploads\/Gschwend_Frickenhofer%20Str_Nr%2030__1928-1024x989.jpg 1024w, https:\/\/redesign.imlaufderzeit.de\/wp-content\/uploads\/Gschwend_Frickenhofer%20Str_Nr%2030__1928-300x290.jpg 300w, https:\/\/redesign.imlaufderzeit.de\/wp-content\/uploads\/Gschwend_Frickenhofer%20Str_Nr%2030__1928-768x742.jpg 768w, https:\/\/redesign.imlaufderzeit.de\/wp-content\/uploads\/Gschwend_Frickenhofer%20Str_Nr%2030__1928-1536x1484.jpg 1536w, https:\/\/redesign.imlaufderzeit.de\/wp-content\/uploads\/Gschwend_Frickenhofer%20Str_Nr%2030__1928.jpg 1920w\" sizes=\"auto, (max-width: 1024px) 100vw, 1024px\" \/><button\n\t\t\tclass=\"lightbox-trigger\"\n\t\t\ttype=\"button\"\n\t\t\taria-haspopup=\"dialog\"\n\t\t\taria-label=\"Vergr\u00f6\u00dfern\"\n\t\t\tdata-wp-init=\"callbacks.initTriggerButton\"\n\t\t\tdata-wp-on--click=\"actions.showLightbox\"\n\t\t\tdata-wp-style--right=\"state.imageButtonRight\"\n\t\t\tdata-wp-style--top=\"state.imageButtonTop\"\n\t\t>\n\t\t\t<svg xmlns=\"http:\/\/www.w3.org\/2000\/svg\" width=\"12\" height=\"12\" fill=\"none\" viewBox=\"0 0 12 12\">\n\t\t\t\t<path fill=\"#fff\" d=\"M2 0a2 2 0 0 0-2 2v2h1.5V2a.5.5 0 0 1 .5-.5h2V0H2Zm2 10.5H2a.5.5 0 0 1-.5-.5V8H0v2a2 2 0 0 0 2 2h2v-1.5ZM8 12v-1.5h2a.5.5 0 0 0 .5-.5V8H12v2a2 2 0 0 1-2 2H8Zm2-12a2 2 0 0 1 2 2v2h-1.5V2a.5.5 0 0 0-.5-.5H8V0h2Z\" \/>\n\t\t\t<\/svg>\n\t\t<\/button><figcaption class=\"wp-element-caption\">Gschwend &#8211; Frickenhofer Str &#8211; Hausnummer 30 &#8211; 1928<br>B\u00fcrogeb\u00e4ude der Firmen Gebr. Kunz<\/figcaption><\/figure>\n\n\n\n<figure data-wp-context=\"{&quot;imageId&quot;:&quot;69edef71334fb&quot;}\" data-wp-interactive=\"core\/image\" data-wp-key=\"69edef71334fb\" class=\"wp-block-image size-large wp-lightbox-container\"><img loading=\"lazy\" decoding=\"async\" width=\"1024\" height=\"642\" data-wp-class--hide=\"state.isContentHidden\" data-wp-class--show=\"state.isContentVisible\" data-wp-init=\"callbacks.setButtonStyles\" data-wp-on--click=\"actions.showLightbox\" data-wp-on--load=\"callbacks.setButtonStyles\" data-wp-on-window--resize=\"callbacks.setButtonStyles\" data-id=\"191\" src=\"https:\/\/redesign.imlaufderzeit.de\/wp-content\/uploads\/Gschwend_Frickenhofer Str_Nr 30__Kunz-1024x642.jpg\" alt=\"Gschwend - Frickenhofer Str - Hausnummer 30 - 1951000000\" class=\"wp-image-191\" srcset=\"https:\/\/redesign.imlaufderzeit.de\/wp-content\/uploads\/Gschwend_Frickenhofer%20Str_Nr%2030__Kunz-1024x642.jpg 1024w, https:\/\/redesign.imlaufderzeit.de\/wp-content\/uploads\/Gschwend_Frickenhofer%20Str_Nr%2030__Kunz-300x188.jpg 300w, https:\/\/redesign.imlaufderzeit.de\/wp-content\/uploads\/Gschwend_Frickenhofer%20Str_Nr%2030__Kunz-768x481.jpg 768w, https:\/\/redesign.imlaufderzeit.de\/wp-content\/uploads\/Gschwend_Frickenhofer%20Str_Nr%2030__Kunz-1536x962.jpg 1536w, https:\/\/redesign.imlaufderzeit.de\/wp-content\/uploads\/Gschwend_Frickenhofer%20Str_Nr%2030__Kunz.jpg 1920w\" sizes=\"auto, (max-width: 1024px) 100vw, 1024px\" \/><button\n\t\t\tclass=\"lightbox-trigger\"\n\t\t\ttype=\"button\"\n\t\t\taria-haspopup=\"dialog\"\n\t\t\taria-label=\"Vergr\u00f6\u00dfern\"\n\t\t\tdata-wp-init=\"callbacks.initTriggerButton\"\n\t\t\tdata-wp-on--click=\"actions.showLightbox\"\n\t\t\tdata-wp-style--right=\"state.imageButtonRight\"\n\t\t\tdata-wp-style--top=\"state.imageButtonTop\"\n\t\t>\n\t\t\t<svg xmlns=\"http:\/\/www.w3.org\/2000\/svg\" width=\"12\" height=\"12\" fill=\"none\" viewBox=\"0 0 12 12\">\n\t\t\t\t<path fill=\"#fff\" d=\"M2 0a2 2 0 0 0-2 2v2h1.5V2a.5.5 0 0 1 .5-.5h2V0H2Zm2 10.5H2a.5.5 0 0 1-.5-.5V8H0v2a2 2 0 0 0 2 2h2v-1.5ZM8 12v-1.5h2a.5.5 0 0 0 .5-.5V8H12v2a2 2 0 0 1-2 2H8Zm2-12a2 2 0 0 1 2 2v2h-1.5V2a.5.5 0 0 0-.5-.5H8V0h2Z\" \/>\n\t\t\t<\/svg>\n\t\t<\/button><figcaption class=\"wp-element-caption\">Gschwend &#8211; Frickenhofer Str &#8211; Hausnummer 30 &#8211; 1951<br>B\u00fcrogeb\u00e4ude der Firmen Gebr. Kunz u. Fuhrpark<\/figcaption><\/figure>\n\n\n\n<figure data-wp-context=\"{&quot;imageId&quot;:&quot;69edef7133934&quot;}\" data-wp-interactive=\"core\/image\" data-wp-key=\"69edef7133934\" class=\"wp-block-image size-large wp-lightbox-container\"><img loading=\"lazy\" decoding=\"async\" width=\"1024\" height=\"661\" data-wp-class--hide=\"state.isContentHidden\" data-wp-class--show=\"state.isContentVisible\" data-wp-init=\"callbacks.setButtonStyles\" data-wp-on--click=\"actions.showLightbox\" data-wp-on--load=\"callbacks.setButtonStyles\" data-wp-on-window--resize=\"callbacks.setButtonStyles\" data-id=\"190\" src=\"https:\/\/redesign.imlaufderzeit.de\/wp-content\/uploads\/Gschwend_Frickenhofer Str_Nr 30__1951-1024x661.jpg\" alt=\"Gschwend - Frickenhofer Str - Hausnummer 30 - 1951000000\" class=\"wp-image-190\" srcset=\"https:\/\/redesign.imlaufderzeit.de\/wp-content\/uploads\/Gschwend_Frickenhofer%20Str_Nr%2030__1951-1024x661.jpg 1024w, https:\/\/redesign.imlaufderzeit.de\/wp-content\/uploads\/Gschwend_Frickenhofer%20Str_Nr%2030__1951-300x194.jpg 300w, https:\/\/redesign.imlaufderzeit.de\/wp-content\/uploads\/Gschwend_Frickenhofer%20Str_Nr%2030__1951-768x496.jpg 768w, https:\/\/redesign.imlaufderzeit.de\/wp-content\/uploads\/Gschwend_Frickenhofer%20Str_Nr%2030__1951-1536x992.jpg 1536w, https:\/\/redesign.imlaufderzeit.de\/wp-content\/uploads\/Gschwend_Frickenhofer%20Str_Nr%2030__1951.jpg 1920w\" sizes=\"auto, (max-width: 1024px) 100vw, 1024px\" \/><button\n\t\t\tclass=\"lightbox-trigger\"\n\t\t\ttype=\"button\"\n\t\t\taria-haspopup=\"dialog\"\n\t\t\taria-label=\"Vergr\u00f6\u00dfern\"\n\t\t\tdata-wp-init=\"callbacks.initTriggerButton\"\n\t\t\tdata-wp-on--click=\"actions.showLightbox\"\n\t\t\tdata-wp-style--right=\"state.imageButtonRight\"\n\t\t\tdata-wp-style--top=\"state.imageButtonTop\"\n\t\t>\n\t\t\t<svg xmlns=\"http:\/\/www.w3.org\/2000\/svg\" width=\"12\" height=\"12\" fill=\"none\" viewBox=\"0 0 12 12\">\n\t\t\t\t<path fill=\"#fff\" d=\"M2 0a2 2 0 0 0-2 2v2h1.5V2a.5.5 0 0 1 .5-.5h2V0H2Zm2 10.5H2a.5.5 0 0 1-.5-.5V8H0v2a2 2 0 0 0 2 2h2v-1.5ZM8 12v-1.5h2a.5.5 0 0 0 .5-.5V8H12v2a2 2 0 0 1-2 2H8Zm2-12a2 2 0 0 1 2 2v2h-1.5V2a.5.5 0 0 0-.5-.5H8V0h2Z\" \/>\n\t\t\t<\/svg>\n\t\t<\/button><figcaption class=\"wp-element-caption\">Gschwend &#8211; Frickenhofer Str &#8211; Hausnummer 30 &#8211; 1951<br>B\u00fcrogeb\u00e4ude der Firmen Gebr. Kunz, sp\u00e4ter B\u00fcro u. Lager Reparaturwerkstatt von Katastrophenschutz von 1966 bis 1996.<\/figcaption><\/figure>\n\n\n\n<figure data-wp-context=\"{&quot;imageId&quot;:&quot;69edef7133d0d&quot;}\" data-wp-interactive=\"core\/image\" data-wp-key=\"69edef7133d0d\" class=\"wp-block-image size-large wp-lightbox-container\"><img loading=\"lazy\" decoding=\"async\" width=\"1024\" height=\"685\" data-wp-class--hide=\"state.isContentHidden\" data-wp-class--show=\"state.isContentVisible\" data-wp-init=\"callbacks.setButtonStyles\" data-wp-on--click=\"actions.showLightbox\" data-wp-on--load=\"callbacks.setButtonStyles\" data-wp-on-window--resize=\"callbacks.setButtonStyles\" data-id=\"186\" src=\"https:\/\/redesign.imlaufderzeit.de\/wp-content\/uploads\/Gschwend_Frickenhofer Str_Nr 30__01-1024x685.jpg\" alt=\"Gschwend - Frickenhofer Str - Hausnummer 30 - 2007000000\" class=\"wp-image-186\" srcset=\"https:\/\/redesign.imlaufderzeit.de\/wp-content\/uploads\/Gschwend_Frickenhofer%20Str_Nr%2030__01-1024x685.jpg 1024w, https:\/\/redesign.imlaufderzeit.de\/wp-content\/uploads\/Gschwend_Frickenhofer%20Str_Nr%2030__01-300x201.jpg 300w, https:\/\/redesign.imlaufderzeit.de\/wp-content\/uploads\/Gschwend_Frickenhofer%20Str_Nr%2030__01-768x514.jpg 768w, https:\/\/redesign.imlaufderzeit.de\/wp-content\/uploads\/Gschwend_Frickenhofer%20Str_Nr%2030__01-1536x1028.jpg 1536w, https:\/\/redesign.imlaufderzeit.de\/wp-content\/uploads\/Gschwend_Frickenhofer%20Str_Nr%2030__01.JPG 1920w\" sizes=\"auto, (max-width: 1024px) 100vw, 1024px\" \/><button\n\t\t\tclass=\"lightbox-trigger\"\n\t\t\ttype=\"button\"\n\t\t\taria-haspopup=\"dialog\"\n\t\t\taria-label=\"Vergr\u00f6\u00dfern\"\n\t\t\tdata-wp-init=\"callbacks.initTriggerButton\"\n\t\t\tdata-wp-on--click=\"actions.showLightbox\"\n\t\t\tdata-wp-style--right=\"state.imageButtonRight\"\n\t\t\tdata-wp-style--top=\"state.imageButtonTop\"\n\t\t>\n\t\t\t<svg xmlns=\"http:\/\/www.w3.org\/2000\/svg\" width=\"12\" height=\"12\" fill=\"none\" viewBox=\"0 0 12 12\">\n\t\t\t\t<path fill=\"#fff\" d=\"M2 0a2 2 0 0 0-2 2v2h1.5V2a.5.5 0 0 1 .5-.5h2V0H2Zm2 10.5H2a.5.5 0 0 1-.5-.5V8H0v2a2 2 0 0 0 2 2h2v-1.5ZM8 12v-1.5h2a.5.5 0 0 0 .5-.5V8H12v2a2 2 0 0 1-2 2H8Zm2-12a2 2 0 0 1 2 2v2h-1.5V2a.5.5 0 0 0-.5-.5H8V0h2Z\" \/>\n\t\t\t<\/svg>\n\t\t<\/button><figcaption class=\"wp-element-caption\">Gschwend &#8211; Frickenhofer Str &#8211; Hausnummer 30 &#8211; 2007<br>Foto von Klaus Ockert<\/figcaption><\/figure>\n\n\n\n<figure data-wp-context=\"{&quot;imageId&quot;:&quot;69edef71340e3&quot;}\" data-wp-interactive=\"core\/image\" data-wp-key=\"69edef71340e3\" class=\"wp-block-image size-large wp-lightbox-container\"><img loading=\"lazy\" decoding=\"async\" width=\"1024\" height=\"685\" data-wp-class--hide=\"state.isContentHidden\" data-wp-class--show=\"state.isContentVisible\" data-wp-init=\"callbacks.setButtonStyles\" data-wp-on--click=\"actions.showLightbox\" data-wp-on--load=\"callbacks.setButtonStyles\" data-wp-on-window--resize=\"callbacks.setButtonStyles\" data-id=\"187\" src=\"https:\/\/redesign.imlaufderzeit.de\/wp-content\/uploads\/Gschwend_Frickenhofer Str_Nr 30__02-1024x685.jpg\" alt=\"Gschwend - Frickenhofer Str - Hausnummer 30 - 2007000000\" class=\"wp-image-187\" srcset=\"https:\/\/redesign.imlaufderzeit.de\/wp-content\/uploads\/Gschwend_Frickenhofer%20Str_Nr%2030__02-1024x685.jpg 1024w, https:\/\/redesign.imlaufderzeit.de\/wp-content\/uploads\/Gschwend_Frickenhofer%20Str_Nr%2030__02-300x201.jpg 300w, https:\/\/redesign.imlaufderzeit.de\/wp-content\/uploads\/Gschwend_Frickenhofer%20Str_Nr%2030__02-768x514.jpg 768w, https:\/\/redesign.imlaufderzeit.de\/wp-content\/uploads\/Gschwend_Frickenhofer%20Str_Nr%2030__02-1536x1028.jpg 1536w, https:\/\/redesign.imlaufderzeit.de\/wp-content\/uploads\/Gschwend_Frickenhofer%20Str_Nr%2030__02.JPG 1920w\" sizes=\"auto, (max-width: 1024px) 100vw, 1024px\" \/><button\n\t\t\tclass=\"lightbox-trigger\"\n\t\t\ttype=\"button\"\n\t\t\taria-haspopup=\"dialog\"\n\t\t\taria-label=\"Vergr\u00f6\u00dfern\"\n\t\t\tdata-wp-init=\"callbacks.initTriggerButton\"\n\t\t\tdata-wp-on--click=\"actions.showLightbox\"\n\t\t\tdata-wp-style--right=\"state.imageButtonRight\"\n\t\t\tdata-wp-style--top=\"state.imageButtonTop\"\n\t\t>\n\t\t\t<svg xmlns=\"http:\/\/www.w3.org\/2000\/svg\" width=\"12\" height=\"12\" fill=\"none\" viewBox=\"0 0 12 12\">\n\t\t\t\t<path fill=\"#fff\" d=\"M2 0a2 2 0 0 0-2 2v2h1.5V2a.5.5 0 0 1 .5-.5h2V0H2Zm2 10.5H2a.5.5 0 0 1-.5-.5V8H0v2a2 2 0 0 0 2 2h2v-1.5ZM8 12v-1.5h2a.5.5 0 0 0 .5-.5V8H12v2a2 2 0 0 1-2 2H8Zm2-12a2 2 0 0 1 2 2v2h-1.5V2a.5.5 0 0 0-.5-.5H8V0h2Z\" \/>\n\t\t\t<\/svg>\n\t\t<\/button><figcaption class=\"wp-element-caption\">Gschwend &#8211; Frickenhofer Str &#8211; Hausnummer 30 &#8211; 2007<br>Bild von hinten.<br>Foto von Klaus Ockert<\/figcaption><\/figure>\n\n\n\n<figure data-wp-context=\"{&quot;imageId&quot;:&quot;69edef71344ce&quot;}\" data-wp-interactive=\"core\/image\" data-wp-key=\"69edef71344ce\" class=\"wp-block-image size-large wp-lightbox-container\"><img loading=\"lazy\" decoding=\"async\" width=\"1024\" height=\"685\" data-wp-class--hide=\"state.isContentHidden\" data-wp-class--show=\"state.isContentVisible\" data-wp-init=\"callbacks.setButtonStyles\" data-wp-on--click=\"actions.showLightbox\" data-wp-on--load=\"callbacks.setButtonStyles\" data-wp-on-window--resize=\"callbacks.setButtonStyles\" data-id=\"188\" src=\"https:\/\/redesign.imlaufderzeit.de\/wp-content\/uploads\/Gschwend_Frickenhofer Str_Nr 30__03-1024x685.jpg\" alt=\"Gschwend - Frickenhofer Str - Hausnummer 30 - 2007000000\" class=\"wp-image-188\" srcset=\"https:\/\/redesign.imlaufderzeit.de\/wp-content\/uploads\/Gschwend_Frickenhofer%20Str_Nr%2030__03-1024x685.jpg 1024w, https:\/\/redesign.imlaufderzeit.de\/wp-content\/uploads\/Gschwend_Frickenhofer%20Str_Nr%2030__03-300x201.jpg 300w, https:\/\/redesign.imlaufderzeit.de\/wp-content\/uploads\/Gschwend_Frickenhofer%20Str_Nr%2030__03-768x514.jpg 768w, https:\/\/redesign.imlaufderzeit.de\/wp-content\/uploads\/Gschwend_Frickenhofer%20Str_Nr%2030__03-1536x1028.jpg 1536w, https:\/\/redesign.imlaufderzeit.de\/wp-content\/uploads\/Gschwend_Frickenhofer%20Str_Nr%2030__03.JPG 1920w\" sizes=\"auto, (max-width: 1024px) 100vw, 1024px\" \/><button\n\t\t\tclass=\"lightbox-trigger\"\n\t\t\ttype=\"button\"\n\t\t\taria-haspopup=\"dialog\"\n\t\t\taria-label=\"Vergr\u00f6\u00dfern\"\n\t\t\tdata-wp-init=\"callbacks.initTriggerButton\"\n\t\t\tdata-wp-on--click=\"actions.showLightbox\"\n\t\t\tdata-wp-style--right=\"state.imageButtonRight\"\n\t\t\tdata-wp-style--top=\"state.imageButtonTop\"\n\t\t>\n\t\t\t<svg xmlns=\"http:\/\/www.w3.org\/2000\/svg\" width=\"12\" height=\"12\" fill=\"none\" viewBox=\"0 0 12 12\">\n\t\t\t\t<path fill=\"#fff\" d=\"M2 0a2 2 0 0 0-2 2v2h1.5V2a.5.5 0 0 1 .5-.5h2V0H2Zm2 10.5H2a.5.5 0 0 1-.5-.5V8H0v2a2 2 0 0 0 2 2h2v-1.5ZM8 12v-1.5h2a.5.5 0 0 0 .5-.5V8H12v2a2 2 0 0 1-2 2H8Zm2-12a2 2 0 0 1 2 2v2h-1.5V2a.5.5 0 0 0-.5-.5H8V0h2Z\" \/>\n\t\t\t<\/svg>\n\t\t<\/button><figcaption class=\"wp-element-caption\">Gschwend &#8211; Frickenhofer Str &#8211; Hausnummer 30 &#8211; 2007<br>von hinten<br>Gschwend &#8211; Frickenhofer Str &#8211; Hausnummer 30 &#8211; 2007<br>Foto von Klaus Ockert<\/figcaption><\/figure>\n\n\n\n<figure data-wp-context=\"{&quot;imageId&quot;:&quot;69edef713489f&quot;}\" data-wp-interactive=\"core\/image\" data-wp-key=\"69edef713489f\" class=\"wp-block-image size-large wp-lightbox-container\"><img loading=\"lazy\" decoding=\"async\" width=\"1024\" height=\"997\" data-wp-class--hide=\"state.isContentHidden\" data-wp-class--show=\"state.isContentVisible\" data-wp-init=\"callbacks.setButtonStyles\" data-wp-on--click=\"actions.showLightbox\" data-wp-on--load=\"callbacks.setButtonStyles\" data-wp-on-window--resize=\"callbacks.setButtonStyles\" data-id=\"196\" src=\"https:\/\/redesign.imlaufderzeit.de\/wp-content\/uploads\/Gschwend_Frickenhofer Str_Nr 31__forsthaus-1024x997.jpg\" alt=\"Gschwend - Frickenhofer Str - Hausnummer 31 - 1956000000\" class=\"wp-image-196\" srcset=\"https:\/\/redesign.imlaufderzeit.de\/wp-content\/uploads\/Gschwend_Frickenhofer%20Str_Nr%2031__forsthaus-1024x997.jpg 1024w, https:\/\/redesign.imlaufderzeit.de\/wp-content\/uploads\/Gschwend_Frickenhofer%20Str_Nr%2031__forsthaus-300x292.jpg 300w, https:\/\/redesign.imlaufderzeit.de\/wp-content\/uploads\/Gschwend_Frickenhofer%20Str_Nr%2031__forsthaus-768x748.jpg 768w, https:\/\/redesign.imlaufderzeit.de\/wp-content\/uploads\/Gschwend_Frickenhofer%20Str_Nr%2031__forsthaus-1536x1495.jpg 1536w, https:\/\/redesign.imlaufderzeit.de\/wp-content\/uploads\/Gschwend_Frickenhofer%20Str_Nr%2031__forsthaus.jpg 1920w\" sizes=\"auto, (max-width: 1024px) 100vw, 1024px\" \/><button\n\t\t\tclass=\"lightbox-trigger\"\n\t\t\ttype=\"button\"\n\t\t\taria-haspopup=\"dialog\"\n\t\t\taria-label=\"Vergr\u00f6\u00dfern\"\n\t\t\tdata-wp-init=\"callbacks.initTriggerButton\"\n\t\t\tdata-wp-on--click=\"actions.showLightbox\"\n\t\t\tdata-wp-style--right=\"state.imageButtonRight\"\n\t\t\tdata-wp-style--top=\"state.imageButtonTop\"\n\t\t>\n\t\t\t<svg xmlns=\"http:\/\/www.w3.org\/2000\/svg\" width=\"12\" height=\"12\" fill=\"none\" viewBox=\"0 0 12 12\">\n\t\t\t\t<path fill=\"#fff\" d=\"M2 0a2 2 0 0 0-2 2v2h1.5V2a.5.5 0 0 1 .5-.5h2V0H2Zm2 10.5H2a.5.5 0 0 1-.5-.5V8H0v2a2 2 0 0 0 2 2h2v-1.5ZM8 12v-1.5h2a.5.5 0 0 0 .5-.5V8H12v2a2 2 0 0 1-2 2H8Zm2-12a2 2 0 0 1 2 2v2h-1.5V2a.5.5 0 0 0-.5-.5H8V0h2Z\" \/>\n\t\t\t<\/svg>\n\t\t<\/button><figcaption class=\"wp-element-caption\">Gschwend &#8211; Frickenhofer Str &#8211; Hausnummer 31 &#8211; 1956<br>Forsthaus, F\u00f6rster Alg\u00f6wer<\/figcaption><\/figure>\n\n\n\n<figure data-wp-context=\"{&quot;imageId&quot;:&quot;69edef7134c62&quot;}\" data-wp-interactive=\"core\/image\" data-wp-key=\"69edef7134c62\" class=\"wp-block-image size-large wp-lightbox-container\"><img loading=\"lazy\" decoding=\"async\" width=\"1024\" height=\"1020\" data-wp-class--hide=\"state.isContentHidden\" data-wp-class--show=\"state.isContentVisible\" data-wp-init=\"callbacks.setButtonStyles\" data-wp-on--click=\"actions.showLightbox\" data-wp-on--load=\"callbacks.setButtonStyles\" data-wp-on-window--resize=\"callbacks.setButtonStyles\" data-id=\"197\" src=\"https:\/\/redesign.imlaufderzeit.de\/wp-content\/uploads\/Gschwend_Frickenhofer Str_Nr 31__hof-1024x1020.jpg\" alt=\"Gschwend - Frickenhofer Str - Hausnummer 31 - 1958000000\" class=\"wp-image-197\" srcset=\"https:\/\/redesign.imlaufderzeit.de\/wp-content\/uploads\/Gschwend_Frickenhofer%20Str_Nr%2031__hof-1024x1020.jpg 1024w, https:\/\/redesign.imlaufderzeit.de\/wp-content\/uploads\/Gschwend_Frickenhofer%20Str_Nr%2031__hof-300x300.jpg 300w, https:\/\/redesign.imlaufderzeit.de\/wp-content\/uploads\/Gschwend_Frickenhofer%20Str_Nr%2031__hof-150x150.jpg 150w, https:\/\/redesign.imlaufderzeit.de\/wp-content\/uploads\/Gschwend_Frickenhofer%20Str_Nr%2031__hof-768x765.jpg 768w, https:\/\/redesign.imlaufderzeit.de\/wp-content\/uploads\/Gschwend_Frickenhofer%20Str_Nr%2031__hof-1536x1530.jpg 1536w, https:\/\/redesign.imlaufderzeit.de\/wp-content\/uploads\/Gschwend_Frickenhofer%20Str_Nr%2031__hof.jpg 1920w\" sizes=\"auto, (max-width: 1024px) 100vw, 1024px\" \/><button\n\t\t\tclass=\"lightbox-trigger\"\n\t\t\ttype=\"button\"\n\t\t\taria-haspopup=\"dialog\"\n\t\t\taria-label=\"Vergr\u00f6\u00dfern\"\n\t\t\tdata-wp-init=\"callbacks.initTriggerButton\"\n\t\t\tdata-wp-on--click=\"actions.showLightbox\"\n\t\t\tdata-wp-style--right=\"state.imageButtonRight\"\n\t\t\tdata-wp-style--top=\"state.imageButtonTop\"\n\t\t>\n\t\t\t<svg xmlns=\"http:\/\/www.w3.org\/2000\/svg\" width=\"12\" height=\"12\" fill=\"none\" viewBox=\"0 0 12 12\">\n\t\t\t\t<path fill=\"#fff\" d=\"M2 0a2 2 0 0 0-2 2v2h1.5V2a.5.5 0 0 1 .5-.5h2V0H2Zm2 10.5H2a.5.5 0 0 1-.5-.5V8H0v2a2 2 0 0 0 2 2h2v-1.5ZM8 12v-1.5h2a.5.5 0 0 0 .5-.5V8H12v2a2 2 0 0 1-2 2H8Zm2-12a2 2 0 0 1 2 2v2h-1.5V2a.5.5 0 0 0-.5-.5H8V0h2Z\" \/>\n\t\t\t<\/svg>\n\t\t<\/button><figcaption class=\"wp-element-caption\">Gschwend &#8211; Frickenhofer Str &#8211; Hausnummer 31 &#8211; 1958<br>Hof hinter dem Haus<\/figcaption><\/figure>\n\n\n\n<figure data-wp-context=\"{&quot;imageId&quot;:&quot;69edef7135026&quot;}\" data-wp-interactive=\"core\/image\" data-wp-key=\"69edef7135026\" class=\"wp-block-image size-large wp-lightbox-container\"><img loading=\"lazy\" decoding=\"async\" width=\"766\" height=\"1024\" data-wp-class--hide=\"state.isContentHidden\" data-wp-class--show=\"state.isContentVisible\" data-wp-init=\"callbacks.setButtonStyles\" data-wp-on--click=\"actions.showLightbox\" data-wp-on--load=\"callbacks.setButtonStyles\" data-wp-on-window--resize=\"callbacks.setButtonStyles\" data-id=\"195\" src=\"https:\/\/redesign.imlaufderzeit.de\/wp-content\/uploads\/Gschwend_Frickenhofer Str_Nr 31__Allg\u00f6wer-766x1024.jpg\" alt=\"Gschwend - Frickenhofer Str - Hausnummer 31 - 1975000000\" class=\"wp-image-195\" srcset=\"https:\/\/redesign.imlaufderzeit.de\/wp-content\/uploads\/Gschwend_Frickenhofer%20Str_Nr%2031__Allg\u00f6wer-766x1024.jpg 766w, https:\/\/redesign.imlaufderzeit.de\/wp-content\/uploads\/Gschwend_Frickenhofer%20Str_Nr%2031__Allg\u00f6wer-224x300.jpg 224w, https:\/\/redesign.imlaufderzeit.de\/wp-content\/uploads\/Gschwend_Frickenhofer%20Str_Nr%2031__Allg\u00f6wer-768x1027.jpg 768w, https:\/\/redesign.imlaufderzeit.de\/wp-content\/uploads\/Gschwend_Frickenhofer%20Str_Nr%2031__Allg\u00f6wer-1149x1536.jpg 1149w, https:\/\/redesign.imlaufderzeit.de\/wp-content\/uploads\/Gschwend_Frickenhofer%20Str_Nr%2031__Allg\u00f6wer-1532x2048.jpg 1532w, https:\/\/redesign.imlaufderzeit.de\/wp-content\/uploads\/Gschwend_Frickenhofer%20Str_Nr%2031__Allg\u00f6wer-scaled.jpg 1915w\" sizes=\"auto, (max-width: 766px) 100vw, 766px\" \/><button\n\t\t\tclass=\"lightbox-trigger\"\n\t\t\ttype=\"button\"\n\t\t\taria-haspopup=\"dialog\"\n\t\t\taria-label=\"Vergr\u00f6\u00dfern\"\n\t\t\tdata-wp-init=\"callbacks.initTriggerButton\"\n\t\t\tdata-wp-on--click=\"actions.showLightbox\"\n\t\t\tdata-wp-style--right=\"state.imageButtonRight\"\n\t\t\tdata-wp-style--top=\"state.imageButtonTop\"\n\t\t>\n\t\t\t<svg xmlns=\"http:\/\/www.w3.org\/2000\/svg\" width=\"12\" height=\"12\" fill=\"none\" viewBox=\"0 0 12 12\">\n\t\t\t\t<path fill=\"#fff\" d=\"M2 0a2 2 0 0 0-2 2v2h1.5V2a.5.5 0 0 1 .5-.5h2V0H2Zm2 10.5H2a.5.5 0 0 1-.5-.5V8H0v2a2 2 0 0 0 2 2h2v-1.5ZM8 12v-1.5h2a.5.5 0 0 0 .5-.5V8H12v2a2 2 0 0 1-2 2H8Zm2-12a2 2 0 0 1 2 2v2h-1.5V2a.5.5 0 0 0-.5-.5H8V0h2Z\" \/>\n\t\t\t<\/svg>\n\t\t<\/button><figcaption class=\"wp-element-caption\">Gschwend &#8211; Frickenhofer Str &#8211; Hausnummer 31 &#8211; 1975<br>F\u00f6rster Allg\u00f6wer <br>Bild: K. Weigle<\/figcaption><\/figure>\n\n\n\n<figure data-wp-context=\"{&quot;imageId&quot;:&quot;69edef7135448&quot;}\" data-wp-interactive=\"core\/image\" data-wp-key=\"69edef7135448\" class=\"wp-block-image size-large wp-lightbox-container\"><img loading=\"lazy\" decoding=\"async\" width=\"1024\" height=\"683\" data-wp-class--hide=\"state.isContentHidden\" data-wp-class--show=\"state.isContentVisible\" data-wp-init=\"callbacks.setButtonStyles\" data-wp-on--click=\"actions.showLightbox\" data-wp-on--load=\"callbacks.setButtonStyles\" data-wp-on-window--resize=\"callbacks.setButtonStyles\" data-id=\"192\" src=\"https:\/\/redesign.imlaufderzeit.de\/wp-content\/uploads\/Gschwend_Frickenhofer Str_Nr 31__01-1024x683.jpg\" alt=\"Gschwend - Frickenhofer Str - Hausnummer 31 - 2007000000\" class=\"wp-image-192\" srcset=\"https:\/\/redesign.imlaufderzeit.de\/wp-content\/uploads\/Gschwend_Frickenhofer%20Str_Nr%2031__01-1024x683.jpg 1024w, https:\/\/redesign.imlaufderzeit.de\/wp-content\/uploads\/Gschwend_Frickenhofer%20Str_Nr%2031__01-300x200.jpg 300w, https:\/\/redesign.imlaufderzeit.de\/wp-content\/uploads\/Gschwend_Frickenhofer%20Str_Nr%2031__01-768x512.jpg 768w, https:\/\/redesign.imlaufderzeit.de\/wp-content\/uploads\/Gschwend_Frickenhofer%20Str_Nr%2031__01-1536x1024.jpg 1536w, https:\/\/redesign.imlaufderzeit.de\/wp-content\/uploads\/Gschwend_Frickenhofer%20Str_Nr%2031__01.JPG 1920w\" sizes=\"auto, (max-width: 1024px) 100vw, 1024px\" \/><button\n\t\t\tclass=\"lightbox-trigger\"\n\t\t\ttype=\"button\"\n\t\t\taria-haspopup=\"dialog\"\n\t\t\taria-label=\"Vergr\u00f6\u00dfern\"\n\t\t\tdata-wp-init=\"callbacks.initTriggerButton\"\n\t\t\tdata-wp-on--click=\"actions.showLightbox\"\n\t\t\tdata-wp-style--right=\"state.imageButtonRight\"\n\t\t\tdata-wp-style--top=\"state.imageButtonTop\"\n\t\t>\n\t\t\t<svg xmlns=\"http:\/\/www.w3.org\/2000\/svg\" width=\"12\" height=\"12\" fill=\"none\" viewBox=\"0 0 12 12\">\n\t\t\t\t<path fill=\"#fff\" d=\"M2 0a2 2 0 0 0-2 2v2h1.5V2a.5.5 0 0 1 .5-.5h2V0H2Zm2 10.5H2a.5.5 0 0 1-.5-.5V8H0v2a2 2 0 0 0 2 2h2v-1.5ZM8 12v-1.5h2a.5.5 0 0 0 .5-.5V8H12v2a2 2 0 0 1-2 2H8Zm2-12a2 2 0 0 1 2 2v2h-1.5V2a.5.5 0 0 0-.5-.5H8V0h2Z\" \/>\n\t\t\t<\/svg>\n\t\t<\/button><figcaption class=\"wp-element-caption\">Gschwend &#8211; Frickenhofer Str &#8211; Hausnummer 31 &#8211; 2007<br>War fr\u00fcher Forsthaus. Sp\u00e4ter ein Getr\u00e4nkemarkt<br>Foto von Klaus Ockert<\/figcaption><\/figure>\n\n\n\n<figure data-wp-context=\"{&quot;imageId&quot;:&quot;69edef7135856&quot;}\" data-wp-interactive=\"core\/image\" data-wp-key=\"69edef7135856\" class=\"wp-block-image size-large wp-lightbox-container\"><img loading=\"lazy\" decoding=\"async\" width=\"1024\" height=\"685\" data-wp-class--hide=\"state.isContentHidden\" data-wp-class--show=\"state.isContentVisible\" data-wp-init=\"callbacks.setButtonStyles\" data-wp-on--click=\"actions.showLightbox\" data-wp-on--load=\"callbacks.setButtonStyles\" data-wp-on-window--resize=\"callbacks.setButtonStyles\" data-id=\"193\" src=\"https:\/\/redesign.imlaufderzeit.de\/wp-content\/uploads\/Gschwend_Frickenhofer Str_Nr 31__02-1024x685.jpg\" alt=\"Gschwend - Frickenhofer Str - Hausnummer 31 - 2007000000\" class=\"wp-image-193\" srcset=\"https:\/\/redesign.imlaufderzeit.de\/wp-content\/uploads\/Gschwend_Frickenhofer%20Str_Nr%2031__02-1024x685.jpg 1024w, https:\/\/redesign.imlaufderzeit.de\/wp-content\/uploads\/Gschwend_Frickenhofer%20Str_Nr%2031__02-300x201.jpg 300w, https:\/\/redesign.imlaufderzeit.de\/wp-content\/uploads\/Gschwend_Frickenhofer%20Str_Nr%2031__02-768x514.jpg 768w, https:\/\/redesign.imlaufderzeit.de\/wp-content\/uploads\/Gschwend_Frickenhofer%20Str_Nr%2031__02-1536x1028.jpg 1536w, https:\/\/redesign.imlaufderzeit.de\/wp-content\/uploads\/Gschwend_Frickenhofer%20Str_Nr%2031__02.JPG 1920w\" sizes=\"auto, (max-width: 1024px) 100vw, 1024px\" \/><button\n\t\t\tclass=\"lightbox-trigger\"\n\t\t\ttype=\"button\"\n\t\t\taria-haspopup=\"dialog\"\n\t\t\taria-label=\"Vergr\u00f6\u00dfern\"\n\t\t\tdata-wp-init=\"callbacks.initTriggerButton\"\n\t\t\tdata-wp-on--click=\"actions.showLightbox\"\n\t\t\tdata-wp-style--right=\"state.imageButtonRight\"\n\t\t\tdata-wp-style--top=\"state.imageButtonTop\"\n\t\t>\n\t\t\t<svg xmlns=\"http:\/\/www.w3.org\/2000\/svg\" width=\"12\" height=\"12\" fill=\"none\" viewBox=\"0 0 12 12\">\n\t\t\t\t<path fill=\"#fff\" d=\"M2 0a2 2 0 0 0-2 2v2h1.5V2a.5.5 0 0 1 .5-.5h2V0H2Zm2 10.5H2a.5.5 0 0 1-.5-.5V8H0v2a2 2 0 0 0 2 2h2v-1.5ZM8 12v-1.5h2a.5.5 0 0 0 .5-.5V8H12v2a2 2 0 0 1-2 2H8Zm2-12a2 2 0 0 1 2 2v2h-1.5V2a.5.5 0 0 0-.5-.5H8V0h2Z\" \/>\n\t\t\t<\/svg>\n\t\t<\/button><figcaption class=\"wp-element-caption\">Gschwend &#8211; Frickenhofer Str &#8211; Hausnummer 31 &#8211; 2007<br>Fr\u00fcher Forsthaus <br>Foto von Klaus Ockert<\/figcaption><\/figure>\n\n\n\n<figure data-wp-context=\"{&quot;imageId&quot;:&quot;69edef7135c40&quot;}\" data-wp-interactive=\"core\/image\" data-wp-key=\"69edef7135c40\" class=\"wp-block-image size-large wp-lightbox-container\"><img loading=\"lazy\" decoding=\"async\" width=\"1024\" height=\"685\" data-wp-class--hide=\"state.isContentHidden\" data-wp-class--show=\"state.isContentVisible\" data-wp-init=\"callbacks.setButtonStyles\" data-wp-on--click=\"actions.showLightbox\" data-wp-on--load=\"callbacks.setButtonStyles\" data-wp-on-window--resize=\"callbacks.setButtonStyles\" data-id=\"194\" src=\"https:\/\/redesign.imlaufderzeit.de\/wp-content\/uploads\/Gschwend_Frickenhofer Str_Nr 31__03-1024x685.jpg\" alt=\"Gschwend - Frickenhofer Str - Hausnummer 31 - 2007000000\" class=\"wp-image-194\" srcset=\"https:\/\/redesign.imlaufderzeit.de\/wp-content\/uploads\/Gschwend_Frickenhofer%20Str_Nr%2031__03-1024x685.jpg 1024w, https:\/\/redesign.imlaufderzeit.de\/wp-content\/uploads\/Gschwend_Frickenhofer%20Str_Nr%2031__03-300x201.jpg 300w, https:\/\/redesign.imlaufderzeit.de\/wp-content\/uploads\/Gschwend_Frickenhofer%20Str_Nr%2031__03-768x514.jpg 768w, https:\/\/redesign.imlaufderzeit.de\/wp-content\/uploads\/Gschwend_Frickenhofer%20Str_Nr%2031__03-1536x1028.jpg 1536w, https:\/\/redesign.imlaufderzeit.de\/wp-content\/uploads\/Gschwend_Frickenhofer%20Str_Nr%2031__03.JPG 1920w\" sizes=\"auto, (max-width: 1024px) 100vw, 1024px\" \/><button\n\t\t\tclass=\"lightbox-trigger\"\n\t\t\ttype=\"button\"\n\t\t\taria-haspopup=\"dialog\"\n\t\t\taria-label=\"Vergr\u00f6\u00dfern\"\n\t\t\tdata-wp-init=\"callbacks.initTriggerButton\"\n\t\t\tdata-wp-on--click=\"actions.showLightbox\"\n\t\t\tdata-wp-style--right=\"state.imageButtonRight\"\n\t\t\tdata-wp-style--top=\"state.imageButtonTop\"\n\t\t>\n\t\t\t<svg xmlns=\"http:\/\/www.w3.org\/2000\/svg\" width=\"12\" height=\"12\" fill=\"none\" viewBox=\"0 0 12 12\">\n\t\t\t\t<path fill=\"#fff\" d=\"M2 0a2 2 0 0 0-2 2v2h1.5V2a.5.5 0 0 1 .5-.5h2V0H2Zm2 10.5H2a.5.5 0 0 1-.5-.5V8H0v2a2 2 0 0 0 2 2h2v-1.5ZM8 12v-1.5h2a.5.5 0 0 0 .5-.5V8H12v2a2 2 0 0 1-2 2H8Zm2-12a2 2 0 0 1 2 2v2h-1.5V2a.5.5 0 0 0-.5-.5H8V0h2Z\" \/>\n\t\t\t<\/svg>\n\t\t<\/button><figcaption class=\"wp-element-caption\">Gschwend &#8211; Frickenhofer Str &#8211; Hausnummer 31 &#8211; 2007<br>Garten hinter dem Haus<br>Foto von Klaus Ockert<\/figcaption><\/figure>\n\n\n\n<figure data-wp-context=\"{&quot;imageId&quot;:&quot;69edef7136013&quot;}\" data-wp-interactive=\"core\/image\" data-wp-key=\"69edef7136013\" class=\"wp-block-image size-large wp-lightbox-container\"><img loading=\"lazy\" decoding=\"async\" width=\"1024\" height=\"683\" data-wp-class--hide=\"state.isContentHidden\" data-wp-class--show=\"state.isContentVisible\" data-wp-init=\"callbacks.setButtonStyles\" data-wp-on--click=\"actions.showLightbox\" data-wp-on--load=\"callbacks.setButtonStyles\" data-wp-on-window--resize=\"callbacks.setButtonStyles\" data-id=\"201\" src=\"https:\/\/redesign.imlaufderzeit.de\/wp-content\/uploads\/Gschwend_Frickenhofer Str_Nr 32__IMG_5906-1024x683.jpg\" alt=\"Gschwend - Frickenhofer Str - Hausnummer 32 - 2007000000\" class=\"wp-image-201\" srcset=\"https:\/\/redesign.imlaufderzeit.de\/wp-content\/uploads\/Gschwend_Frickenhofer%20Str_Nr%2032__IMG_5906-1024x683.jpg 1024w, https:\/\/redesign.imlaufderzeit.de\/wp-content\/uploads\/Gschwend_Frickenhofer%20Str_Nr%2032__IMG_5906-300x200.jpg 300w, https:\/\/redesign.imlaufderzeit.de\/wp-content\/uploads\/Gschwend_Frickenhofer%20Str_Nr%2032__IMG_5906-768x512.jpg 768w, https:\/\/redesign.imlaufderzeit.de\/wp-content\/uploads\/Gschwend_Frickenhofer%20Str_Nr%2032__IMG_5906-1536x1024.jpg 1536w, https:\/\/redesign.imlaufderzeit.de\/wp-content\/uploads\/Gschwend_Frickenhofer%20Str_Nr%2032__IMG_5906.JPG 1920w\" sizes=\"auto, (max-width: 1024px) 100vw, 1024px\" \/><button\n\t\t\tclass=\"lightbox-trigger\"\n\t\t\ttype=\"button\"\n\t\t\taria-haspopup=\"dialog\"\n\t\t\taria-label=\"Vergr\u00f6\u00dfern\"\n\t\t\tdata-wp-init=\"callbacks.initTriggerButton\"\n\t\t\tdata-wp-on--click=\"actions.showLightbox\"\n\t\t\tdata-wp-style--right=\"state.imageButtonRight\"\n\t\t\tdata-wp-style--top=\"state.imageButtonTop\"\n\t\t>\n\t\t\t<svg xmlns=\"http:\/\/www.w3.org\/2000\/svg\" width=\"12\" height=\"12\" fill=\"none\" viewBox=\"0 0 12 12\">\n\t\t\t\t<path fill=\"#fff\" d=\"M2 0a2 2 0 0 0-2 2v2h1.5V2a.5.5 0 0 1 .5-.5h2V0H2Zm2 10.5H2a.5.5 0 0 1-.5-.5V8H0v2a2 2 0 0 0 2 2h2v-1.5ZM8 12v-1.5h2a.5.5 0 0 0 .5-.5V8H12v2a2 2 0 0 1-2 2H8Zm2-12a2 2 0 0 1 2 2v2h-1.5V2a.5.5 0 0 0-.5-.5H8V0h2Z\" \/>\n\t\t\t<\/svg>\n\t\t<\/button><figcaption class=\"wp-element-caption\">Gschwend &#8211; Frickenhofer Str &#8211; Hausnummer 32 &#8211; 2007<br>War fr\u00fcher Omnibushalle der Gebr. Kunz, Werkstatt des Luftschutz, Ziviler B\u00fcrgerschutz.<br>Foto von Klaus Ockert<\/figcaption><\/figure>\n\n\n\n<figure data-wp-context=\"{&quot;imageId&quot;:&quot;69edef71363f5&quot;}\" data-wp-interactive=\"core\/image\" data-wp-key=\"69edef71363f5\" class=\"wp-block-image size-large wp-lightbox-container\"><img loading=\"lazy\" decoding=\"async\" width=\"1024\" height=\"685\" data-wp-class--hide=\"state.isContentHidden\" data-wp-class--show=\"state.isContentVisible\" data-wp-init=\"callbacks.setButtonStyles\" data-wp-on--click=\"actions.showLightbox\" data-wp-on--load=\"callbacks.setButtonStyles\" data-wp-on-window--resize=\"callbacks.setButtonStyles\" data-id=\"200\" src=\"https:\/\/redesign.imlaufderzeit.de\/wp-content\/uploads\/Gschwend_Frickenhofer Str_Nr 32__03-1024x685.jpg\" alt=\"Gschwend - Frickenhofer Str - Hausnummer 32 - 2007000000\" class=\"wp-image-200\" srcset=\"https:\/\/redesign.imlaufderzeit.de\/wp-content\/uploads\/Gschwend_Frickenhofer%20Str_Nr%2032__03-1024x685.jpg 1024w, https:\/\/redesign.imlaufderzeit.de\/wp-content\/uploads\/Gschwend_Frickenhofer%20Str_Nr%2032__03-300x201.jpg 300w, https:\/\/redesign.imlaufderzeit.de\/wp-content\/uploads\/Gschwend_Frickenhofer%20Str_Nr%2032__03-768x514.jpg 768w, https:\/\/redesign.imlaufderzeit.de\/wp-content\/uploads\/Gschwend_Frickenhofer%20Str_Nr%2032__03-1536x1028.jpg 1536w, https:\/\/redesign.imlaufderzeit.de\/wp-content\/uploads\/Gschwend_Frickenhofer%20Str_Nr%2032__03.JPG 1920w\" sizes=\"auto, (max-width: 1024px) 100vw, 1024px\" \/><button\n\t\t\tclass=\"lightbox-trigger\"\n\t\t\ttype=\"button\"\n\t\t\taria-haspopup=\"dialog\"\n\t\t\taria-label=\"Vergr\u00f6\u00dfern\"\n\t\t\tdata-wp-init=\"callbacks.initTriggerButton\"\n\t\t\tdata-wp-on--click=\"actions.showLightbox\"\n\t\t\tdata-wp-style--right=\"state.imageButtonRight\"\n\t\t\tdata-wp-style--top=\"state.imageButtonTop\"\n\t\t>\n\t\t\t<svg xmlns=\"http:\/\/www.w3.org\/2000\/svg\" width=\"12\" height=\"12\" fill=\"none\" viewBox=\"0 0 12 12\">\n\t\t\t\t<path fill=\"#fff\" d=\"M2 0a2 2 0 0 0-2 2v2h1.5V2a.5.5 0 0 1 .5-.5h2V0H2Zm2 10.5H2a.5.5 0 0 1-.5-.5V8H0v2a2 2 0 0 0 2 2h2v-1.5ZM8 12v-1.5h2a.5.5 0 0 0 .5-.5V8H12v2a2 2 0 0 1-2 2H8Zm2-12a2 2 0 0 1 2 2v2h-1.5V2a.5.5 0 0 0-.5-.5H8V0h2Z\" \/>\n\t\t\t<\/svg>\n\t\t<\/button><figcaption class=\"wp-element-caption\">Gschwend &#8211; Frickenhofer Str &#8211; Hausnummer 32 &#8211; 2007<br>von hinten<br>Foto von Klaus Ockert<\/figcaption><\/figure>\n\n\n\n<figure data-wp-context=\"{&quot;imageId&quot;:&quot;69edef71367c1&quot;}\" data-wp-interactive=\"core\/image\" data-wp-key=\"69edef71367c1\" class=\"wp-block-image size-large wp-lightbox-container\"><img loading=\"lazy\" decoding=\"async\" width=\"1024\" height=\"685\" data-wp-class--hide=\"state.isContentHidden\" data-wp-class--show=\"state.isContentVisible\" data-wp-init=\"callbacks.setButtonStyles\" data-wp-on--click=\"actions.showLightbox\" data-wp-on--load=\"callbacks.setButtonStyles\" data-wp-on-window--resize=\"callbacks.setButtonStyles\" data-id=\"198\" src=\"https:\/\/redesign.imlaufderzeit.de\/wp-content\/uploads\/Gschwend_Frickenhofer Str_Nr 32__01-1024x685.jpg\" alt=\"Gschwend - Frickenhofer Str - Hausnummer 32 - 2007000000\" class=\"wp-image-198\" srcset=\"https:\/\/redesign.imlaufderzeit.de\/wp-content\/uploads\/Gschwend_Frickenhofer%20Str_Nr%2032__01-1024x685.jpg 1024w, https:\/\/redesign.imlaufderzeit.de\/wp-content\/uploads\/Gschwend_Frickenhofer%20Str_Nr%2032__01-300x201.jpg 300w, https:\/\/redesign.imlaufderzeit.de\/wp-content\/uploads\/Gschwend_Frickenhofer%20Str_Nr%2032__01-768x514.jpg 768w, https:\/\/redesign.imlaufderzeit.de\/wp-content\/uploads\/Gschwend_Frickenhofer%20Str_Nr%2032__01-1536x1028.jpg 1536w, https:\/\/redesign.imlaufderzeit.de\/wp-content\/uploads\/Gschwend_Frickenhofer%20Str_Nr%2032__01.JPG 1920w\" sizes=\"auto, (max-width: 1024px) 100vw, 1024px\" \/><button\n\t\t\tclass=\"lightbox-trigger\"\n\t\t\ttype=\"button\"\n\t\t\taria-haspopup=\"dialog\"\n\t\t\taria-label=\"Vergr\u00f6\u00dfern\"\n\t\t\tdata-wp-init=\"callbacks.initTriggerButton\"\n\t\t\tdata-wp-on--click=\"actions.showLightbox\"\n\t\t\tdata-wp-style--right=\"state.imageButtonRight\"\n\t\t\tdata-wp-style--top=\"state.imageButtonTop\"\n\t\t>\n\t\t\t<svg xmlns=\"http:\/\/www.w3.org\/2000\/svg\" width=\"12\" height=\"12\" fill=\"none\" viewBox=\"0 0 12 12\">\n\t\t\t\t<path fill=\"#fff\" d=\"M2 0a2 2 0 0 0-2 2v2h1.5V2a.5.5 0 0 1 .5-.5h2V0H2Zm2 10.5H2a.5.5 0 0 1-.5-.5V8H0v2a2 2 0 0 0 2 2h2v-1.5ZM8 12v-1.5h2a.5.5 0 0 0 .5-.5V8H12v2a2 2 0 0 1-2 2H8Zm2-12a2 2 0 0 1 2 2v2h-1.5V2a.5.5 0 0 0-.5-.5H8V0h2Z\" \/>\n\t\t\t<\/svg>\n\t\t<\/button><figcaption class=\"wp-element-caption\">Gschwend &#8211; Frickenhofer Str &#8211; Hausnummer 32 &#8211; 2007<br>Foto von Klaus Ockert<\/figcaption><\/figure>\n\n\n\n<figure data-wp-context=\"{&quot;imageId&quot;:&quot;69edef7136b87&quot;}\" data-wp-interactive=\"core\/image\" data-wp-key=\"69edef7136b87\" class=\"wp-block-image size-large wp-lightbox-container\"><img loading=\"lazy\" decoding=\"async\" width=\"1024\" height=\"683\" data-wp-class--hide=\"state.isContentHidden\" data-wp-class--show=\"state.isContentVisible\" data-wp-init=\"callbacks.setButtonStyles\" data-wp-on--click=\"actions.showLightbox\" data-wp-on--load=\"callbacks.setButtonStyles\" data-wp-on-window--resize=\"callbacks.setButtonStyles\" data-id=\"202\" src=\"https:\/\/redesign.imlaufderzeit.de\/wp-content\/uploads\/Gschwend_Frickenhofer Str_Nr 32__IMG_5909-1024x683.jpg\" alt=\"Gschwend - Frickenhofer Str - Hausnummer 32 - 2009000000\" class=\"wp-image-202\" srcset=\"https:\/\/redesign.imlaufderzeit.de\/wp-content\/uploads\/Gschwend_Frickenhofer%20Str_Nr%2032__IMG_5909-1024x683.jpg 1024w, https:\/\/redesign.imlaufderzeit.de\/wp-content\/uploads\/Gschwend_Frickenhofer%20Str_Nr%2032__IMG_5909-300x200.jpg 300w, https:\/\/redesign.imlaufderzeit.de\/wp-content\/uploads\/Gschwend_Frickenhofer%20Str_Nr%2032__IMG_5909-768x512.jpg 768w, https:\/\/redesign.imlaufderzeit.de\/wp-content\/uploads\/Gschwend_Frickenhofer%20Str_Nr%2032__IMG_5909-1536x1024.jpg 1536w, https:\/\/redesign.imlaufderzeit.de\/wp-content\/uploads\/Gschwend_Frickenhofer%20Str_Nr%2032__IMG_5909.JPG 1920w\" sizes=\"auto, (max-width: 1024px) 100vw, 1024px\" \/><button\n\t\t\tclass=\"lightbox-trigger\"\n\t\t\ttype=\"button\"\n\t\t\taria-haspopup=\"dialog\"\n\t\t\taria-label=\"Vergr\u00f6\u00dfern\"\n\t\t\tdata-wp-init=\"callbacks.initTriggerButton\"\n\t\t\tdata-wp-on--click=\"actions.showLightbox\"\n\t\t\tdata-wp-style--right=\"state.imageButtonRight\"\n\t\t\tdata-wp-style--top=\"state.imageButtonTop\"\n\t\t>\n\t\t\t<svg xmlns=\"http:\/\/www.w3.org\/2000\/svg\" width=\"12\" height=\"12\" fill=\"none\" viewBox=\"0 0 12 12\">\n\t\t\t\t<path fill=\"#fff\" d=\"M2 0a2 2 0 0 0-2 2v2h1.5V2a.5.5 0 0 1 .5-.5h2V0H2Zm2 10.5H2a.5.5 0 0 1-.5-.5V8H0v2a2 2 0 0 0 2 2h2v-1.5ZM8 12v-1.5h2a.5.5 0 0 0 .5-.5V8H12v2a2 2 0 0 1-2 2H8Zm2-12a2 2 0 0 1 2 2v2h-1.5V2a.5.5 0 0 0-.5-.5H8V0h2Z\" \/>\n\t\t\t<\/svg>\n\t\t<\/button><figcaption class=\"wp-element-caption\">Gschwend &#8211; Frickenhofer Str &#8211; Hausnummer 32 &#8211; 2009<br>War fr\u00fcher Omnibushalle der Gebr. Kunz, Werkstatt des Luftschutz, Ziviler B\u00fcrgerschutz.<br>Foto von Klaus Ockert<\/figcaption><\/figure>\n\n\n\n<figure data-wp-context=\"{&quot;imageId&quot;:&quot;69edef7136f50&quot;}\" data-wp-interactive=\"core\/image\" data-wp-key=\"69edef7136f50\" class=\"wp-block-image size-large wp-lightbox-container\"><img loading=\"lazy\" decoding=\"async\" width=\"1024\" height=\"685\" data-wp-class--hide=\"state.isContentHidden\" data-wp-class--show=\"state.isContentVisible\" data-wp-init=\"callbacks.setButtonStyles\" data-wp-on--click=\"actions.showLightbox\" data-wp-on--load=\"callbacks.setButtonStyles\" data-wp-on-window--resize=\"callbacks.setButtonStyles\" data-id=\"203\" src=\"https:\/\/redesign.imlaufderzeit.de\/wp-content\/uploads\/Gschwend_Frickenhofer Str_Nr 33__01-1024x685.jpg\" alt=\"Gschwend - Frickenhofer Str - Hausnummer 33 - 2007000000\" class=\"wp-image-203\" srcset=\"https:\/\/redesign.imlaufderzeit.de\/wp-content\/uploads\/Gschwend_Frickenhofer%20Str_Nr%2033__01-1024x685.jpg 1024w, https:\/\/redesign.imlaufderzeit.de\/wp-content\/uploads\/Gschwend_Frickenhofer%20Str_Nr%2033__01-300x201.jpg 300w, https:\/\/redesign.imlaufderzeit.de\/wp-content\/uploads\/Gschwend_Frickenhofer%20Str_Nr%2033__01-768x514.jpg 768w, https:\/\/redesign.imlaufderzeit.de\/wp-content\/uploads\/Gschwend_Frickenhofer%20Str_Nr%2033__01-1536x1028.jpg 1536w, https:\/\/redesign.imlaufderzeit.de\/wp-content\/uploads\/Gschwend_Frickenhofer%20Str_Nr%2033__01.JPG 1920w\" sizes=\"auto, (max-width: 1024px) 100vw, 1024px\" \/><button\n\t\t\tclass=\"lightbox-trigger\"\n\t\t\ttype=\"button\"\n\t\t\taria-haspopup=\"dialog\"\n\t\t\taria-label=\"Vergr\u00f6\u00dfern\"\n\t\t\tdata-wp-init=\"callbacks.initTriggerButton\"\n\t\t\tdata-wp-on--click=\"actions.showLightbox\"\n\t\t\tdata-wp-style--right=\"state.imageButtonRight\"\n\t\t\tdata-wp-style--top=\"state.imageButtonTop\"\n\t\t>\n\t\t\t<svg xmlns=\"http:\/\/www.w3.org\/2000\/svg\" width=\"12\" height=\"12\" fill=\"none\" viewBox=\"0 0 12 12\">\n\t\t\t\t<path fill=\"#fff\" d=\"M2 0a2 2 0 0 0-2 2v2h1.5V2a.5.5 0 0 1 .5-.5h2V0H2Zm2 10.5H2a.5.5 0 0 1-.5-.5V8H0v2a2 2 0 0 0 2 2h2v-1.5ZM8 12v-1.5h2a.5.5 0 0 0 .5-.5V8H12v2a2 2 0 0 1-2 2H8Zm2-12a2 2 0 0 1 2 2v2h-1.5V2a.5.5 0 0 0-.5-.5H8V0h2Z\" \/>\n\t\t\t<\/svg>\n\t\t<\/button><figcaption class=\"wp-element-caption\">Gschwend &#8211; Frickenhofer Str &#8211; Hausnummer 33 &#8211; 2007<br>Mit Geb\u00e4uden 31, 34 u. 35<br>Foto von Klaus Ockert<\/figcaption><\/figure>\n\n\n\n<figure data-wp-context=\"{&quot;imageId&quot;:&quot;69edef7137335&quot;}\" data-wp-interactive=\"core\/image\" data-wp-key=\"69edef7137335\" class=\"wp-block-image size-large wp-lightbox-container\"><img loading=\"lazy\" decoding=\"async\" width=\"1004\" height=\"1024\" data-wp-class--hide=\"state.isContentHidden\" data-wp-class--show=\"state.isContentVisible\" data-wp-init=\"callbacks.setButtonStyles\" data-wp-on--click=\"actions.showLightbox\" data-wp-on--load=\"callbacks.setButtonStyles\" data-wp-on-window--resize=\"callbacks.setButtonStyles\" data-id=\"210\" src=\"https:\/\/redesign.imlaufderzeit.de\/wp-content\/uploads\/Gschwend_Frickenhofer Str_Nr 33__neu5-1004x1024.jpg\" alt=\"Gschwend - Frickenhofer Str - Hausnummer 33 - 1965000000\" class=\"wp-image-210\" srcset=\"https:\/\/redesign.imlaufderzeit.de\/wp-content\/uploads\/Gschwend_Frickenhofer%20Str_Nr%2033__neu5-1004x1024.jpg 1004w, https:\/\/redesign.imlaufderzeit.de\/wp-content\/uploads\/Gschwend_Frickenhofer%20Str_Nr%2033__neu5-294x300.jpg 294w, https:\/\/redesign.imlaufderzeit.de\/wp-content\/uploads\/Gschwend_Frickenhofer%20Str_Nr%2033__neu5-768x783.jpg 768w, https:\/\/redesign.imlaufderzeit.de\/wp-content\/uploads\/Gschwend_Frickenhofer%20Str_Nr%2033__neu5-1506x1536.jpg 1506w, https:\/\/redesign.imlaufderzeit.de\/wp-content\/uploads\/Gschwend_Frickenhofer%20Str_Nr%2033__neu5.jpg 1920w\" sizes=\"auto, (max-width: 1004px) 100vw, 1004px\" \/><button\n\t\t\tclass=\"lightbox-trigger\"\n\t\t\ttype=\"button\"\n\t\t\taria-haspopup=\"dialog\"\n\t\t\taria-label=\"Vergr\u00f6\u00dfern\"\n\t\t\tdata-wp-init=\"callbacks.initTriggerButton\"\n\t\t\tdata-wp-on--click=\"actions.showLightbox\"\n\t\t\tdata-wp-style--right=\"state.imageButtonRight\"\n\t\t\tdata-wp-style--top=\"state.imageButtonTop\"\n\t\t>\n\t\t\t<svg xmlns=\"http:\/\/www.w3.org\/2000\/svg\" width=\"12\" height=\"12\" fill=\"none\" viewBox=\"0 0 12 12\">\n\t\t\t\t<path fill=\"#fff\" d=\"M2 0a2 2 0 0 0-2 2v2h1.5V2a.5.5 0 0 1 .5-.5h2V0H2Zm2 10.5H2a.5.5 0 0 1-.5-.5V8H0v2a2 2 0 0 0 2 2h2v-1.5ZM8 12v-1.5h2a.5.5 0 0 0 .5-.5V8H12v2a2 2 0 0 1-2 2H8Zm2-12a2 2 0 0 1 2 2v2h-1.5V2a.5.5 0 0 0-.5-.5H8V0h2Z\" \/>\n\t\t\t<\/svg>\n\t\t<\/button><figcaption class=\"wp-element-caption\">Gschwend &#8211; Frickenhofer Str &#8211; Hausnummer 33 &#8211; 19650<br>Wohnhaus von Notar Aldinger<\/figcaption><\/figure>\n\n\n\n<figure data-wp-context=\"{&quot;imageId&quot;:&quot;69edef713773b&quot;}\" data-wp-interactive=\"core\/image\" data-wp-key=\"69edef713773b\" class=\"wp-block-image size-large wp-lightbox-container\"><img loading=\"lazy\" decoding=\"async\" width=\"996\" height=\"1024\" data-wp-class--hide=\"state.isContentHidden\" data-wp-class--show=\"state.isContentVisible\" data-wp-init=\"callbacks.setButtonStyles\" data-wp-on--click=\"actions.showLightbox\" data-wp-on--load=\"callbacks.setButtonStyles\" data-wp-on-window--resize=\"callbacks.setButtonStyles\" data-id=\"209\" src=\"https:\/\/redesign.imlaufderzeit.de\/wp-content\/uploads\/Gschwend_Frickenhofer Str_Nr 33__neu3-996x1024.jpg\" alt=\"Gschwend - Frickenhofer Str - Hausnummer 35-1 - 1965000000\" class=\"wp-image-209\" srcset=\"https:\/\/redesign.imlaufderzeit.de\/wp-content\/uploads\/Gschwend_Frickenhofer%20Str_Nr%2033__neu3-996x1024.jpg 996w, https:\/\/redesign.imlaufderzeit.de\/wp-content\/uploads\/Gschwend_Frickenhofer%20Str_Nr%2033__neu3-292x300.jpg 292w, https:\/\/redesign.imlaufderzeit.de\/wp-content\/uploads\/Gschwend_Frickenhofer%20Str_Nr%2033__neu3-768x790.jpg 768w, https:\/\/redesign.imlaufderzeit.de\/wp-content\/uploads\/Gschwend_Frickenhofer%20Str_Nr%2033__neu3-1494x1536.jpg 1494w, https:\/\/redesign.imlaufderzeit.de\/wp-content\/uploads\/Gschwend_Frickenhofer%20Str_Nr%2033__neu3.jpg 1920w\" sizes=\"auto, (max-width: 996px) 100vw, 996px\" \/><button\n\t\t\tclass=\"lightbox-trigger\"\n\t\t\ttype=\"button\"\n\t\t\taria-haspopup=\"dialog\"\n\t\t\taria-label=\"Vergr\u00f6\u00dfern\"\n\t\t\tdata-wp-init=\"callbacks.initTriggerButton\"\n\t\t\tdata-wp-on--click=\"actions.showLightbox\"\n\t\t\tdata-wp-style--right=\"state.imageButtonRight\"\n\t\t\tdata-wp-style--top=\"state.imageButtonTop\"\n\t\t>\n\t\t\t<svg xmlns=\"http:\/\/www.w3.org\/2000\/svg\" width=\"12\" height=\"12\" fill=\"none\" viewBox=\"0 0 12 12\">\n\t\t\t\t<path fill=\"#fff\" d=\"M2 0a2 2 0 0 0-2 2v2h1.5V2a.5.5 0 0 1 .5-.5h2V0H2Zm2 10.5H2a.5.5 0 0 1-.5-.5V8H0v2a2 2 0 0 0 2 2h2v-1.5ZM8 12v-1.5h2a.5.5 0 0 0 .5-.5V8H12v2a2 2 0 0 1-2 2H8Zm2-12a2 2 0 0 1 2 2v2h-1.5V2a.5.5 0 0 0-.5-.5H8V0h2Z\" \/>\n\t\t\t<\/svg>\n\t\t<\/button><figcaption class=\"wp-element-caption\">Gschwend &#8211; Frickenhofer Str &#8211; Hausnummer 33 &#8211; 1965<br>Haus von B\u00fcrgermeister Kopp, sp\u00e4ter Notar Aldinger.<\/figcaption><\/figure>\n\n\n\n<figure data-wp-context=\"{&quot;imageId&quot;:&quot;69edef7137b13&quot;}\" data-wp-interactive=\"core\/image\" data-wp-key=\"69edef7137b13\" class=\"wp-block-image size-large wp-lightbox-container\"><img loading=\"lazy\" decoding=\"async\" width=\"1024\" height=\"685\" data-wp-class--hide=\"state.isContentHidden\" data-wp-class--show=\"state.isContentVisible\" data-wp-init=\"callbacks.setButtonStyles\" data-wp-on--click=\"actions.showLightbox\" data-wp-on--load=\"callbacks.setButtonStyles\" data-wp-on-window--resize=\"callbacks.setButtonStyles\" data-id=\"208\" src=\"https:\/\/redesign.imlaufderzeit.de\/wp-content\/uploads\/Gschwend_Frickenhofer Str_Nr 33__neu1-1024x685.jpg\" alt=\"Gschwend - Frickenhofer Str - Hausnummer 33 - 1975000000\" class=\"wp-image-208\" srcset=\"https:\/\/redesign.imlaufderzeit.de\/wp-content\/uploads\/Gschwend_Frickenhofer%20Str_Nr%2033__neu1-1024x685.jpg 1024w, https:\/\/redesign.imlaufderzeit.de\/wp-content\/uploads\/Gschwend_Frickenhofer%20Str_Nr%2033__neu1-300x201.jpg 300w, https:\/\/redesign.imlaufderzeit.de\/wp-content\/uploads\/Gschwend_Frickenhofer%20Str_Nr%2033__neu1-768x514.jpg 768w, https:\/\/redesign.imlaufderzeit.de\/wp-content\/uploads\/Gschwend_Frickenhofer%20Str_Nr%2033__neu1-1536x1027.jpg 1536w, https:\/\/redesign.imlaufderzeit.de\/wp-content\/uploads\/Gschwend_Frickenhofer%20Str_Nr%2033__neu1.jpg 1920w\" sizes=\"auto, (max-width: 1024px) 100vw, 1024px\" \/><button\n\t\t\tclass=\"lightbox-trigger\"\n\t\t\ttype=\"button\"\n\t\t\taria-haspopup=\"dialog\"\n\t\t\taria-label=\"Vergr\u00f6\u00dfern\"\n\t\t\tdata-wp-init=\"callbacks.initTriggerButton\"\n\t\t\tdata-wp-on--click=\"actions.showLightbox\"\n\t\t\tdata-wp-style--right=\"state.imageButtonRight\"\n\t\t\tdata-wp-style--top=\"state.imageButtonTop\"\n\t\t>\n\t\t\t<svg xmlns=\"http:\/\/www.w3.org\/2000\/svg\" width=\"12\" height=\"12\" fill=\"none\" viewBox=\"0 0 12 12\">\n\t\t\t\t<path fill=\"#fff\" d=\"M2 0a2 2 0 0 0-2 2v2h1.5V2a.5.5 0 0 1 .5-.5h2V0H2Zm2 10.5H2a.5.5 0 0 1-.5-.5V8H0v2a2 2 0 0 0 2 2h2v-1.5ZM8 12v-1.5h2a.5.5 0 0 0 .5-.5V8H12v2a2 2 0 0 1-2 2H8Zm2-12a2 2 0 0 1 2 2v2h-1.5V2a.5.5 0 0 0-.5-.5H8V0h2Z\" \/>\n\t\t\t<\/svg>\n\t\t<\/button><figcaption class=\"wp-element-caption\">Gschwend &#8211; Frickenhofer Str &#8211; Hausnummer 33 &#8211; 197<br>Foto von Gipser Nixdorf<\/figcaption><\/figure>\n\n\n\n<figure data-wp-context=\"{&quot;imageId&quot;:&quot;69edef7137eda&quot;}\" data-wp-interactive=\"core\/image\" data-wp-key=\"69edef7137eda\" class=\"wp-block-image size-large wp-lightbox-container\"><img loading=\"lazy\" decoding=\"async\" width=\"1024\" height=\"683\" data-wp-class--hide=\"state.isContentHidden\" data-wp-class--show=\"state.isContentVisible\" data-wp-init=\"callbacks.setButtonStyles\" data-wp-on--click=\"actions.showLightbox\" data-wp-on--load=\"callbacks.setButtonStyles\" data-wp-on-window--resize=\"callbacks.setButtonStyles\" data-id=\"207\" src=\"https:\/\/redesign.imlaufderzeit.de\/wp-content\/uploads\/Gschwend_Frickenhofer Str_Nr 33__IMG_5889-1024x683.jpg\" alt=\"Gschwend - Frickenhofer Str - Hausnummer 33 - 2007000000\" class=\"wp-image-207\" srcset=\"https:\/\/redesign.imlaufderzeit.de\/wp-content\/uploads\/Gschwend_Frickenhofer%20Str_Nr%2033__IMG_5889-1024x683.jpg 1024w, https:\/\/redesign.imlaufderzeit.de\/wp-content\/uploads\/Gschwend_Frickenhofer%20Str_Nr%2033__IMG_5889-300x200.jpg 300w, https:\/\/redesign.imlaufderzeit.de\/wp-content\/uploads\/Gschwend_Frickenhofer%20Str_Nr%2033__IMG_5889-768x512.jpg 768w, https:\/\/redesign.imlaufderzeit.de\/wp-content\/uploads\/Gschwend_Frickenhofer%20Str_Nr%2033__IMG_5889-1536x1024.jpg 1536w, https:\/\/redesign.imlaufderzeit.de\/wp-content\/uploads\/Gschwend_Frickenhofer%20Str_Nr%2033__IMG_5889.JPG 1920w\" sizes=\"auto, (max-width: 1024px) 100vw, 1024px\" \/><button\n\t\t\tclass=\"lightbox-trigger\"\n\t\t\ttype=\"button\"\n\t\t\taria-haspopup=\"dialog\"\n\t\t\taria-label=\"Vergr\u00f6\u00dfern\"\n\t\t\tdata-wp-init=\"callbacks.initTriggerButton\"\n\t\t\tdata-wp-on--click=\"actions.showLightbox\"\n\t\t\tdata-wp-style--right=\"state.imageButtonRight\"\n\t\t\tdata-wp-style--top=\"state.imageButtonTop\"\n\t\t>\n\t\t\t<svg xmlns=\"http:\/\/www.w3.org\/2000\/svg\" width=\"12\" height=\"12\" fill=\"none\" viewBox=\"0 0 12 12\">\n\t\t\t\t<path fill=\"#fff\" d=\"M2 0a2 2 0 0 0-2 2v2h1.5V2a.5.5 0 0 1 .5-.5h2V0H2Zm2 10.5H2a.5.5 0 0 1-.5-.5V8H0v2a2 2 0 0 0 2 2h2v-1.5ZM8 12v-1.5h2a.5.5 0 0 0 .5-.5V8H12v2a2 2 0 0 1-2 2H8Zm2-12a2 2 0 0 1 2 2v2h-1.5V2a.5.5 0 0 0-.5-.5H8V0h2Z\" \/>\n\t\t\t<\/svg>\n\t\t<\/button><figcaption class=\"wp-element-caption\">Gschwend &#8211; Frickenhofer Str &#8211; Hausnummer 33 &#8211; 2007<br>Gipser Nixdorf<br>Foto von Klaus Ockert<\/figcaption><\/figure>\n\n\n\n<figure data-wp-context=\"{&quot;imageId&quot;:&quot;69edef71382da&quot;}\" data-wp-interactive=\"core\/image\" data-wp-key=\"69edef71382da\" class=\"wp-block-image size-large wp-lightbox-container\"><img loading=\"lazy\" decoding=\"async\" width=\"1024\" height=\"685\" data-wp-class--hide=\"state.isContentHidden\" data-wp-class--show=\"state.isContentVisible\" data-wp-init=\"callbacks.setButtonStyles\" data-wp-on--click=\"actions.showLightbox\" data-wp-on--load=\"callbacks.setButtonStyles\" data-wp-on-window--resize=\"callbacks.setButtonStyles\" data-id=\"206\" src=\"https:\/\/redesign.imlaufderzeit.de\/wp-content\/uploads\/Gschwend_Frickenhofer Str_Nr 33__05-1024x685.jpg\" alt=\"Gschwend - Frickenhofer Str - Hausnummer 33 - 2007000000\" class=\"wp-image-206\" srcset=\"https:\/\/redesign.imlaufderzeit.de\/wp-content\/uploads\/Gschwend_Frickenhofer%20Str_Nr%2033__05-1024x685.jpg 1024w, https:\/\/redesign.imlaufderzeit.de\/wp-content\/uploads\/Gschwend_Frickenhofer%20Str_Nr%2033__05-300x201.jpg 300w, https:\/\/redesign.imlaufderzeit.de\/wp-content\/uploads\/Gschwend_Frickenhofer%20Str_Nr%2033__05-768x514.jpg 768w, https:\/\/redesign.imlaufderzeit.de\/wp-content\/uploads\/Gschwend_Frickenhofer%20Str_Nr%2033__05-1536x1028.jpg 1536w, https:\/\/redesign.imlaufderzeit.de\/wp-content\/uploads\/Gschwend_Frickenhofer%20Str_Nr%2033__05.JPG 1920w\" sizes=\"auto, (max-width: 1024px) 100vw, 1024px\" \/><button\n\t\t\tclass=\"lightbox-trigger\"\n\t\t\ttype=\"button\"\n\t\t\taria-haspopup=\"dialog\"\n\t\t\taria-label=\"Vergr\u00f6\u00dfern\"\n\t\t\tdata-wp-init=\"callbacks.initTriggerButton\"\n\t\t\tdata-wp-on--click=\"actions.showLightbox\"\n\t\t\tdata-wp-style--right=\"state.imageButtonRight\"\n\t\t\tdata-wp-style--top=\"state.imageButtonTop\"\n\t\t>\n\t\t\t<svg xmlns=\"http:\/\/www.w3.org\/2000\/svg\" width=\"12\" height=\"12\" fill=\"none\" viewBox=\"0 0 12 12\">\n\t\t\t\t<path fill=\"#fff\" d=\"M2 0a2 2 0 0 0-2 2v2h1.5V2a.5.5 0 0 1 .5-.5h2V0H2Zm2 10.5H2a.5.5 0 0 1-.5-.5V8H0v2a2 2 0 0 0 2 2h2v-1.5ZM8 12v-1.5h2a.5.5 0 0 0 .5-.5V8H12v2a2 2 0 0 1-2 2H8Zm2-12a2 2 0 0 1 2 2v2h-1.5V2a.5.5 0 0 0-.5-.5H8V0h2Z\" \/>\n\t\t\t<\/svg>\n\t\t<\/button><figcaption class=\"wp-element-caption\">Gschwend &#8211; Frickenhofer Str &#8211; Hausnummer 33 &#8211; 2007<br>Foto von Klaus Ockert<\/figcaption><\/figure>\n\n\n\n<figure data-wp-context=\"{&quot;imageId&quot;:&quot;69edef71386be&quot;}\" data-wp-interactive=\"core\/image\" data-wp-key=\"69edef71386be\" class=\"wp-block-image size-large wp-lightbox-container\"><img loading=\"lazy\" decoding=\"async\" width=\"1024\" height=\"685\" data-wp-class--hide=\"state.isContentHidden\" data-wp-class--show=\"state.isContentVisible\" data-wp-init=\"callbacks.setButtonStyles\" data-wp-on--click=\"actions.showLightbox\" data-wp-on--load=\"callbacks.setButtonStyles\" data-wp-on-window--resize=\"callbacks.setButtonStyles\" data-id=\"205\" src=\"https:\/\/redesign.imlaufderzeit.de\/wp-content\/uploads\/Gschwend_Frickenhofer Str_Nr 33__03-1024x685.jpg\" alt=\"Gschwend - Frickenhofer Str - Hausnummer 33 - 2007000000\" class=\"wp-image-205\" srcset=\"https:\/\/redesign.imlaufderzeit.de\/wp-content\/uploads\/Gschwend_Frickenhofer%20Str_Nr%2033__03-1024x685.jpg 1024w, https:\/\/redesign.imlaufderzeit.de\/wp-content\/uploads\/Gschwend_Frickenhofer%20Str_Nr%2033__03-300x201.jpg 300w, https:\/\/redesign.imlaufderzeit.de\/wp-content\/uploads\/Gschwend_Frickenhofer%20Str_Nr%2033__03-768x514.jpg 768w, https:\/\/redesign.imlaufderzeit.de\/wp-content\/uploads\/Gschwend_Frickenhofer%20Str_Nr%2033__03-1536x1028.jpg 1536w, https:\/\/redesign.imlaufderzeit.de\/wp-content\/uploads\/Gschwend_Frickenhofer%20Str_Nr%2033__03.JPG 1920w\" sizes=\"auto, (max-width: 1024px) 100vw, 1024px\" \/><button\n\t\t\tclass=\"lightbox-trigger\"\n\t\t\ttype=\"button\"\n\t\t\taria-haspopup=\"dialog\"\n\t\t\taria-label=\"Vergr\u00f6\u00dfern\"\n\t\t\tdata-wp-init=\"callbacks.initTriggerButton\"\n\t\t\tdata-wp-on--click=\"actions.showLightbox\"\n\t\t\tdata-wp-style--right=\"state.imageButtonRight\"\n\t\t\tdata-wp-style--top=\"state.imageButtonTop\"\n\t\t>\n\t\t\t<svg xmlns=\"http:\/\/www.w3.org\/2000\/svg\" width=\"12\" height=\"12\" fill=\"none\" viewBox=\"0 0 12 12\">\n\t\t\t\t<path fill=\"#fff\" d=\"M2 0a2 2 0 0 0-2 2v2h1.5V2a.5.5 0 0 1 .5-.5h2V0H2Zm2 10.5H2a.5.5 0 0 1-.5-.5V8H0v2a2 2 0 0 0 2 2h2v-1.5ZM8 12v-1.5h2a.5.5 0 0 0 .5-.5V8H12v2a2 2 0 0 1-2 2H8Zm2-12a2 2 0 0 1 2 2v2h-1.5V2a.5.5 0 0 0-.5-.5H8V0h2Z\" \/>\n\t\t\t<\/svg>\n\t\t<\/button><figcaption class=\"wp-element-caption\">Gschwend &#8211; Frickenhofer Str &#8211; Hausnummer 33 &#8211; 2007<br>Foto von Klaus Ockert<\/figcaption><\/figure>\n\n\n\n<figure data-wp-context=\"{&quot;imageId&quot;:&quot;69edef7138a95&quot;}\" data-wp-interactive=\"core\/image\" data-wp-key=\"69edef7138a95\" class=\"wp-block-image size-large wp-lightbox-container\"><img loading=\"lazy\" decoding=\"async\" width=\"1024\" height=\"685\" data-wp-class--hide=\"state.isContentHidden\" data-wp-class--show=\"state.isContentVisible\" data-wp-init=\"callbacks.setButtonStyles\" data-wp-on--click=\"actions.showLightbox\" data-wp-on--load=\"callbacks.setButtonStyles\" data-wp-on-window--resize=\"callbacks.setButtonStyles\" data-id=\"204\" src=\"https:\/\/redesign.imlaufderzeit.de\/wp-content\/uploads\/Gschwend_Frickenhofer Str_Nr 33__02-1024x685.jpg\" alt=\"Gschwend - Frickenhofer Str - Hausnummer 33 - 2007000000\" class=\"wp-image-204\" srcset=\"https:\/\/redesign.imlaufderzeit.de\/wp-content\/uploads\/Gschwend_Frickenhofer%20Str_Nr%2033__02-1024x685.jpg 1024w, https:\/\/redesign.imlaufderzeit.de\/wp-content\/uploads\/Gschwend_Frickenhofer%20Str_Nr%2033__02-300x201.jpg 300w, https:\/\/redesign.imlaufderzeit.de\/wp-content\/uploads\/Gschwend_Frickenhofer%20Str_Nr%2033__02-768x514.jpg 768w, https:\/\/redesign.imlaufderzeit.de\/wp-content\/uploads\/Gschwend_Frickenhofer%20Str_Nr%2033__02-1536x1028.jpg 1536w, https:\/\/redesign.imlaufderzeit.de\/wp-content\/uploads\/Gschwend_Frickenhofer%20Str_Nr%2033__02.JPG 1920w\" sizes=\"auto, (max-width: 1024px) 100vw, 1024px\" \/><button\n\t\t\tclass=\"lightbox-trigger\"\n\t\t\ttype=\"button\"\n\t\t\taria-haspopup=\"dialog\"\n\t\t\taria-label=\"Vergr\u00f6\u00dfern\"\n\t\t\tdata-wp-init=\"callbacks.initTriggerButton\"\n\t\t\tdata-wp-on--click=\"actions.showLightbox\"\n\t\t\tdata-wp-style--right=\"state.imageButtonRight\"\n\t\t\tdata-wp-style--top=\"state.imageButtonTop\"\n\t\t>\n\t\t\t<svg xmlns=\"http:\/\/www.w3.org\/2000\/svg\" width=\"12\" height=\"12\" fill=\"none\" viewBox=\"0 0 12 12\">\n\t\t\t\t<path fill=\"#fff\" d=\"M2 0a2 2 0 0 0-2 2v2h1.5V2a.5.5 0 0 1 .5-.5h2V0H2Zm2 10.5H2a.5.5 0 0 1-.5-.5V8H0v2a2 2 0 0 0 2 2h2v-1.5ZM8 12v-1.5h2a.5.5 0 0 0 .5-.5V8H12v2a2 2 0 0 1-2 2H8Zm2-12a2 2 0 0 1 2 2v2h-1.5V2a.5.5 0 0 0-.5-.5H8V0h2Z\" \/>\n\t\t\t<\/svg>\n\t\t<\/button><figcaption class=\"wp-element-caption\">Gschwend &#8211; Frickenhofer Str &#8211; Hausnummer 33 &#8211; 2007<br>Foto von Klaus Ockert<\/figcaption><\/figure>\n\n\n\n<figure data-wp-context=\"{&quot;imageId&quot;:&quot;69edef7138e69&quot;}\" data-wp-interactive=\"core\/image\" data-wp-key=\"69edef7138e69\" class=\"wp-block-image size-large wp-lightbox-container\"><img loading=\"lazy\" decoding=\"async\" width=\"1024\" height=\"683\" data-wp-class--hide=\"state.isContentHidden\" data-wp-class--show=\"state.isContentVisible\" data-wp-init=\"callbacks.setButtonStyles\" data-wp-on--click=\"actions.showLightbox\" data-wp-on--load=\"callbacks.setButtonStyles\" data-wp-on-window--resize=\"callbacks.setButtonStyles\" data-id=\"215\" src=\"https:\/\/redesign.imlaufderzeit.de\/wp-content\/uploads\/Gschwend_Frickenhofer Str_Nr 35__IMG_5892-1024x683.jpg\" alt=\"Gschwend - Frickenhofer Str - Hausnummer 35 - 2009000000\" class=\"wp-image-215\" srcset=\"https:\/\/redesign.imlaufderzeit.de\/wp-content\/uploads\/Gschwend_Frickenhofer%20Str_Nr%2035__IMG_5892-1024x683.jpg 1024w, https:\/\/redesign.imlaufderzeit.de\/wp-content\/uploads\/Gschwend_Frickenhofer%20Str_Nr%2035__IMG_5892-300x200.jpg 300w, https:\/\/redesign.imlaufderzeit.de\/wp-content\/uploads\/Gschwend_Frickenhofer%20Str_Nr%2035__IMG_5892-768x512.jpg 768w, https:\/\/redesign.imlaufderzeit.de\/wp-content\/uploads\/Gschwend_Frickenhofer%20Str_Nr%2035__IMG_5892-1536x1024.jpg 1536w, https:\/\/redesign.imlaufderzeit.de\/wp-content\/uploads\/Gschwend_Frickenhofer%20Str_Nr%2035__IMG_5892.jpg 1920w\" sizes=\"auto, (max-width: 1024px) 100vw, 1024px\" \/><button\n\t\t\tclass=\"lightbox-trigger\"\n\t\t\ttype=\"button\"\n\t\t\taria-haspopup=\"dialog\"\n\t\t\taria-label=\"Vergr\u00f6\u00dfern\"\n\t\t\tdata-wp-init=\"callbacks.initTriggerButton\"\n\t\t\tdata-wp-on--click=\"actions.showLightbox\"\n\t\t\tdata-wp-style--right=\"state.imageButtonRight\"\n\t\t\tdata-wp-style--top=\"state.imageButtonTop\"\n\t\t>\n\t\t\t<svg xmlns=\"http:\/\/www.w3.org\/2000\/svg\" width=\"12\" height=\"12\" fill=\"none\" viewBox=\"0 0 12 12\">\n\t\t\t\t<path fill=\"#fff\" d=\"M2 0a2 2 0 0 0-2 2v2h1.5V2a.5.5 0 0 1 .5-.5h2V0H2Zm2 10.5H2a.5.5 0 0 1-.5-.5V8H0v2a2 2 0 0 0 2 2h2v-1.5ZM8 12v-1.5h2a.5.5 0 0 0 .5-.5V8H12v2a2 2 0 0 1-2 2H8Zm2-12a2 2 0 0 1 2 2v2h-1.5V2a.5.5 0 0 0-.5-.5H8V0h2Z\" \/>\n\t\t\t<\/svg>\n\t\t<\/button><figcaption class=\"wp-element-caption\">Gschwend &#8211; Frickenhofer Str &#8211; Hausnummer 35 &#8211; 2009<br>Foto von Klaus Ockert<\/figcaption><\/figure>\n\n\n\n<figure data-wp-context=\"{&quot;imageId&quot;:&quot;69edef713922d&quot;}\" data-wp-interactive=\"core\/image\" data-wp-key=\"69edef713922d\" class=\"wp-block-image size-large wp-lightbox-container\"><img loading=\"lazy\" decoding=\"async\" width=\"1024\" height=\"768\" data-wp-class--hide=\"state.isContentHidden\" data-wp-class--show=\"state.isContentVisible\" data-wp-init=\"callbacks.setButtonStyles\" data-wp-on--click=\"actions.showLightbox\" data-wp-on--load=\"callbacks.setButtonStyles\" data-wp-on-window--resize=\"callbacks.setButtonStyles\" data-id=\"214\" src=\"https:\/\/redesign.imlaufderzeit.de\/wp-content\/uploads\/Gschwend_Frickenhofer Str_Nr 35__2006_1-1024x768.jpg\" alt=\"Gschwend - Frickenhofer Str - Hausnummer 35 - 2006000000\" class=\"wp-image-214\" srcset=\"https:\/\/redesign.imlaufderzeit.de\/wp-content\/uploads\/Gschwend_Frickenhofer%20Str_Nr%2035__2006_1-1024x768.jpg 1024w, https:\/\/redesign.imlaufderzeit.de\/wp-content\/uploads\/Gschwend_Frickenhofer%20Str_Nr%2035__2006_1-300x225.jpg 300w, https:\/\/redesign.imlaufderzeit.de\/wp-content\/uploads\/Gschwend_Frickenhofer%20Str_Nr%2035__2006_1-768x576.jpg 768w, https:\/\/redesign.imlaufderzeit.de\/wp-content\/uploads\/Gschwend_Frickenhofer%20Str_Nr%2035__2006_1-1536x1152.jpg 1536w, https:\/\/redesign.imlaufderzeit.de\/wp-content\/uploads\/Gschwend_Frickenhofer%20Str_Nr%2035__2006_1.jpg 1920w\" sizes=\"auto, (max-width: 1024px) 100vw, 1024px\" \/><button\n\t\t\tclass=\"lightbox-trigger\"\n\t\t\ttype=\"button\"\n\t\t\taria-haspopup=\"dialog\"\n\t\t\taria-label=\"Vergr\u00f6\u00dfern\"\n\t\t\tdata-wp-init=\"callbacks.initTriggerButton\"\n\t\t\tdata-wp-on--click=\"actions.showLightbox\"\n\t\t\tdata-wp-style--right=\"state.imageButtonRight\"\n\t\t\tdata-wp-style--top=\"state.imageButtonTop\"\n\t\t>\n\t\t\t<svg xmlns=\"http:\/\/www.w3.org\/2000\/svg\" width=\"12\" height=\"12\" fill=\"none\" viewBox=\"0 0 12 12\">\n\t\t\t\t<path fill=\"#fff\" d=\"M2 0a2 2 0 0 0-2 2v2h1.5V2a.5.5 0 0 1 .5-.5h2V0H2Zm2 10.5H2a.5.5 0 0 1-.5-.5V8H0v2a2 2 0 0 0 2 2h2v-1.5ZM8 12v-1.5h2a.5.5 0 0 0 .5-.5V8H12v2a2 2 0 0 1-2 2H8Zm2-12a2 2 0 0 1 2 2v2h-1.5V2a.5.5 0 0 0-.5-.5H8V0h2Z\" \/>\n\t\t\t<\/svg>\n\t\t<\/button><figcaption class=\"wp-element-caption\">Gschwend &#8211; Frickenhofer Str &#8211; Hausnummer 35 &#8211; 2006<br>Foto von Klaus Ockert<\/figcaption><\/figure>\n\n\n\n<figure data-wp-context=\"{&quot;imageId&quot;:&quot;69edef7139603&quot;}\" data-wp-interactive=\"core\/image\" data-wp-key=\"69edef7139603\" class=\"wp-block-image size-large wp-lightbox-container\"><img loading=\"lazy\" decoding=\"async\" width=\"1024\" height=\"685\" data-wp-class--hide=\"state.isContentHidden\" data-wp-class--show=\"state.isContentVisible\" data-wp-init=\"callbacks.setButtonStyles\" data-wp-on--click=\"actions.showLightbox\" data-wp-on--load=\"callbacks.setButtonStyles\" data-wp-on-window--resize=\"callbacks.setButtonStyles\" data-id=\"212\" src=\"https:\/\/redesign.imlaufderzeit.de\/wp-content\/uploads\/Gschwend_Frickenhofer Str_Nr 35__02-1024x685.jpg\" alt=\"Gschwend - Frickenhofer Str - Hausnummer 35 - 2007000000\" class=\"wp-image-212\" srcset=\"https:\/\/redesign.imlaufderzeit.de\/wp-content\/uploads\/Gschwend_Frickenhofer%20Str_Nr%2035__02-1024x685.jpg 1024w, https:\/\/redesign.imlaufderzeit.de\/wp-content\/uploads\/Gschwend_Frickenhofer%20Str_Nr%2035__02-300x201.jpg 300w, https:\/\/redesign.imlaufderzeit.de\/wp-content\/uploads\/Gschwend_Frickenhofer%20Str_Nr%2035__02-768x514.jpg 768w, https:\/\/redesign.imlaufderzeit.de\/wp-content\/uploads\/Gschwend_Frickenhofer%20Str_Nr%2035__02-1536x1028.jpg 1536w, https:\/\/redesign.imlaufderzeit.de\/wp-content\/uploads\/Gschwend_Frickenhofer%20Str_Nr%2035__02.JPG 1920w\" sizes=\"auto, (max-width: 1024px) 100vw, 1024px\" \/><button\n\t\t\tclass=\"lightbox-trigger\"\n\t\t\ttype=\"button\"\n\t\t\taria-haspopup=\"dialog\"\n\t\t\taria-label=\"Vergr\u00f6\u00dfern\"\n\t\t\tdata-wp-init=\"callbacks.initTriggerButton\"\n\t\t\tdata-wp-on--click=\"actions.showLightbox\"\n\t\t\tdata-wp-style--right=\"state.imageButtonRight\"\n\t\t\tdata-wp-style--top=\"state.imageButtonTop\"\n\t\t>\n\t\t\t<svg xmlns=\"http:\/\/www.w3.org\/2000\/svg\" width=\"12\" height=\"12\" fill=\"none\" viewBox=\"0 0 12 12\">\n\t\t\t\t<path fill=\"#fff\" d=\"M2 0a2 2 0 0 0-2 2v2h1.5V2a.5.5 0 0 1 .5-.5h2V0H2Zm2 10.5H2a.5.5 0 0 1-.5-.5V8H0v2a2 2 0 0 0 2 2h2v-1.5ZM8 12v-1.5h2a.5.5 0 0 0 .5-.5V8H12v2a2 2 0 0 1-2 2H8Zm2-12a2 2 0 0 1 2 2v2h-1.5V2a.5.5 0 0 0-.5-.5H8V0h2Z\" \/>\n\t\t\t<\/svg>\n\t\t<\/button><figcaption class=\"wp-element-caption\">Gschwend &#8211; Frickenhofer Str &#8211; Hausnummer 35 &#8211; 2007<br>von hinten <br>Foto von Klaus Ockert<\/figcaption><\/figure>\n\n\n\n<figure data-wp-context=\"{&quot;imageId&quot;:&quot;69edef71399d7&quot;}\" data-wp-interactive=\"core\/image\" data-wp-key=\"69edef71399d7\" class=\"wp-block-image size-large wp-lightbox-container\"><img loading=\"lazy\" decoding=\"async\" width=\"1024\" height=\"768\" data-wp-class--hide=\"state.isContentHidden\" data-wp-class--show=\"state.isContentVisible\" data-wp-init=\"callbacks.setButtonStyles\" data-wp-on--click=\"actions.showLightbox\" data-wp-on--load=\"callbacks.setButtonStyles\" data-wp-on-window--resize=\"callbacks.setButtonStyles\" data-id=\"213\" src=\"https:\/\/redesign.imlaufderzeit.de\/wp-content\/uploads\/Gschwend_Frickenhofer Str_Nr 35__2006-1024x768.jpg\" alt=\"Gschwend - Frickenhofer Str - Hausnummer 35 - 2006000000\" class=\"wp-image-213\" srcset=\"https:\/\/redesign.imlaufderzeit.de\/wp-content\/uploads\/Gschwend_Frickenhofer%20Str_Nr%2035__2006-1024x768.jpg 1024w, https:\/\/redesign.imlaufderzeit.de\/wp-content\/uploads\/Gschwend_Frickenhofer%20Str_Nr%2035__2006-300x225.jpg 300w, https:\/\/redesign.imlaufderzeit.de\/wp-content\/uploads\/Gschwend_Frickenhofer%20Str_Nr%2035__2006-768x576.jpg 768w, https:\/\/redesign.imlaufderzeit.de\/wp-content\/uploads\/Gschwend_Frickenhofer%20Str_Nr%2035__2006-1536x1152.jpg 1536w, https:\/\/redesign.imlaufderzeit.de\/wp-content\/uploads\/Gschwend_Frickenhofer%20Str_Nr%2035__2006.jpg 1920w\" sizes=\"auto, (max-width: 1024px) 100vw, 1024px\" \/><button\n\t\t\tclass=\"lightbox-trigger\"\n\t\t\ttype=\"button\"\n\t\t\taria-haspopup=\"dialog\"\n\t\t\taria-label=\"Vergr\u00f6\u00dfern\"\n\t\t\tdata-wp-init=\"callbacks.initTriggerButton\"\n\t\t\tdata-wp-on--click=\"actions.showLightbox\"\n\t\t\tdata-wp-style--right=\"state.imageButtonRight\"\n\t\t\tdata-wp-style--top=\"state.imageButtonTop\"\n\t\t>\n\t\t\t<svg xmlns=\"http:\/\/www.w3.org\/2000\/svg\" width=\"12\" height=\"12\" fill=\"none\" viewBox=\"0 0 12 12\">\n\t\t\t\t<path fill=\"#fff\" d=\"M2 0a2 2 0 0 0-2 2v2h1.5V2a.5.5 0 0 1 .5-.5h2V0H2Zm2 10.5H2a.5.5 0 0 1-.5-.5V8H0v2a2 2 0 0 0 2 2h2v-1.5ZM8 12v-1.5h2a.5.5 0 0 0 .5-.5V8H12v2a2 2 0 0 1-2 2H8Zm2-12a2 2 0 0 1 2 2v2h-1.5V2a.5.5 0 0 0-.5-.5H8V0h2Z\" \/>\n\t\t\t<\/svg>\n\t\t<\/button><figcaption class=\"wp-element-caption\">Gschwend &#8211; Frickenhofer Str &#8211; Hausnummer 35 &#8211; 2006<br>R\u00fcckseite<br>Foto von Klaus Ockert<\/figcaption><\/figure>\n\n\n\n<figure class=\"wp-block-image size-large\"><img loading=\"lazy\" decoding=\"async\" width=\"1024\" height=\"683\" data-id=\"1233\" src=\"https:\/\/redesign.imlaufderzeit.de\/wp-content\/uploads\/2025\/12\/IMG-7_1822-1024x683.jpg\" alt=\"Gschwend - Frickenhofer Str - Hausnummer 35 - 2025\" class=\"wp-image-1233\" srcset=\"https:\/\/redesign.imlaufderzeit.de\/wp-content\/uploads\/2025\/12\/IMG-7_1822-1024x683.jpg 1024w, https:\/\/redesign.imlaufderzeit.de\/wp-content\/uploads\/2025\/12\/IMG-7_1822-300x200.jpg 300w, https:\/\/redesign.imlaufderzeit.de\/wp-content\/uploads\/2025\/12\/IMG-7_1822-768x512.jpg 768w, https:\/\/redesign.imlaufderzeit.de\/wp-content\/uploads\/2025\/12\/IMG-7_1822-1536x1024.jpg 1536w, https:\/\/redesign.imlaufderzeit.de\/wp-content\/uploads\/2025\/12\/IMG-7_1822.jpg 1920w\" sizes=\"auto, (max-width: 1024px) 100vw, 1024px\" \/><figcaption class=\"wp-element-caption\">Gschwend &#8211; Frickenhofer Str &#8211; Hausnummer 35 &#8211; 2025 <br>Foto von Klaus Ockert<\/figcaption><\/figure>\n\n\n\n<figure class=\"wp-block-image size-large\"><img loading=\"lazy\" decoding=\"async\" width=\"1024\" height=\"683\" data-id=\"1232\" src=\"https:\/\/redesign.imlaufderzeit.de\/wp-content\/uploads\/2025\/12\/IMG-7_1821-1024x683.jpg\" alt=\"\" class=\"wp-image-1232\" srcset=\"https:\/\/redesign.imlaufderzeit.de\/wp-content\/uploads\/2025\/12\/IMG-7_1821-1024x683.jpg 1024w, https:\/\/redesign.imlaufderzeit.de\/wp-content\/uploads\/2025\/12\/IMG-7_1821-300x200.jpg 300w, https:\/\/redesign.imlaufderzeit.de\/wp-content\/uploads\/2025\/12\/IMG-7_1821-768x512.jpg 768w, https:\/\/redesign.imlaufderzeit.de\/wp-content\/uploads\/2025\/12\/IMG-7_1821-1536x1024.jpg 1536w, https:\/\/redesign.imlaufderzeit.de\/wp-content\/uploads\/2025\/12\/IMG-7_1821.jpg 1920w\" sizes=\"auto, (max-width: 1024px) 100vw, 1024px\" \/><figcaption class=\"wp-element-caption\">Gschwend &#8211; Frickenhofer Str &#8211; Hausnummer 35 &#8211; 2025 <br>Foto von Klaus Ockert<\/figcaption><\/figure>\n\n\n\n<figure data-wp-context=\"{&quot;imageId&quot;:&quot;69edef7139e3a&quot;}\" data-wp-interactive=\"core\/image\" data-wp-key=\"69edef7139e3a\" class=\"wp-block-image size-large wp-lightbox-container\"><img loading=\"lazy\" decoding=\"async\" width=\"1024\" height=\"683\" data-wp-class--hide=\"state.isContentHidden\" data-wp-class--show=\"state.isContentVisible\" data-wp-init=\"callbacks.setButtonStyles\" data-wp-on--click=\"actions.showLightbox\" data-wp-on--load=\"callbacks.setButtonStyles\" data-wp-on-window--resize=\"callbacks.setButtonStyles\" data-id=\"218\" src=\"https:\/\/redesign.imlaufderzeit.de\/wp-content\/uploads\/Gschwend_Frickenhofer Str_Nr 37__01-1024x683.jpg\" alt=\"Gschwend - Frickenhofer Str - Hausnummer 39 - 2009000000\" class=\"wp-image-218\" srcset=\"https:\/\/redesign.imlaufderzeit.de\/wp-content\/uploads\/Gschwend_Frickenhofer%20Str_Nr%2037__01-1024x683.jpg 1024w, https:\/\/redesign.imlaufderzeit.de\/wp-content\/uploads\/Gschwend_Frickenhofer%20Str_Nr%2037__01-300x200.jpg 300w, https:\/\/redesign.imlaufderzeit.de\/wp-content\/uploads\/Gschwend_Frickenhofer%20Str_Nr%2037__01-768x512.jpg 768w, https:\/\/redesign.imlaufderzeit.de\/wp-content\/uploads\/Gschwend_Frickenhofer%20Str_Nr%2037__01-1536x1024.jpg 1536w, https:\/\/redesign.imlaufderzeit.de\/wp-content\/uploads\/Gschwend_Frickenhofer%20Str_Nr%2037__01.jpg 1920w\" sizes=\"auto, (max-width: 1024px) 100vw, 1024px\" \/><button\n\t\t\tclass=\"lightbox-trigger\"\n\t\t\ttype=\"button\"\n\t\t\taria-haspopup=\"dialog\"\n\t\t\taria-label=\"Vergr\u00f6\u00dfern\"\n\t\t\tdata-wp-init=\"callbacks.initTriggerButton\"\n\t\t\tdata-wp-on--click=\"actions.showLightbox\"\n\t\t\tdata-wp-style--right=\"state.imageButtonRight\"\n\t\t\tdata-wp-style--top=\"state.imageButtonTop\"\n\t\t>\n\t\t\t<svg xmlns=\"http:\/\/www.w3.org\/2000\/svg\" width=\"12\" height=\"12\" fill=\"none\" viewBox=\"0 0 12 12\">\n\t\t\t\t<path fill=\"#fff\" d=\"M2 0a2 2 0 0 0-2 2v2h1.5V2a.5.5 0 0 1 .5-.5h2V0H2Zm2 10.5H2a.5.5 0 0 1-.5-.5V8H0v2a2 2 0 0 0 2 2h2v-1.5ZM8 12v-1.5h2a.5.5 0 0 0 .5-.5V8H12v2a2 2 0 0 1-2 2H8Zm2-12a2 2 0 0 1 2 2v2h-1.5V2a.5.5 0 0 0-.5-.5H8V0h2Z\" \/>\n\t\t\t<\/svg>\n\t\t<\/button><figcaption class=\"wp-element-caption\">Gschwend &#8211; Frickenhofer Str &#8211; Hausnummer 37 &#8211; 2009<br>Der ehemalige Polizeiposten von Gschwend<br>Foto von Klaus Ockert<\/figcaption><\/figure>\n\n\n\n<figure data-wp-context=\"{&quot;imageId&quot;:&quot;69edef713a209&quot;}\" data-wp-interactive=\"core\/image\" data-wp-key=\"69edef713a209\" class=\"wp-block-image size-large wp-lightbox-container\"><img loading=\"lazy\" decoding=\"async\" width=\"1024\" height=\"685\" data-wp-class--hide=\"state.isContentHidden\" data-wp-class--show=\"state.isContentVisible\" data-wp-init=\"callbacks.setButtonStyles\" data-wp-on--click=\"actions.showLightbox\" data-wp-on--load=\"callbacks.setButtonStyles\" data-wp-on-window--resize=\"callbacks.setButtonStyles\" data-id=\"219\" src=\"https:\/\/redesign.imlaufderzeit.de\/wp-content\/uploads\/Gschwend_Frickenhofer Str_Nr 37__02-1024x685.jpg\" alt=\"Gschwend - Frickenhofer Str - Hausnummer 39 - 2009000000\" class=\"wp-image-219\" srcset=\"https:\/\/redesign.imlaufderzeit.de\/wp-content\/uploads\/Gschwend_Frickenhofer%20Str_Nr%2037__02-1024x685.jpg 1024w, https:\/\/redesign.imlaufderzeit.de\/wp-content\/uploads\/Gschwend_Frickenhofer%20Str_Nr%2037__02-300x201.jpg 300w, https:\/\/redesign.imlaufderzeit.de\/wp-content\/uploads\/Gschwend_Frickenhofer%20Str_Nr%2037__02-768x514.jpg 768w, https:\/\/redesign.imlaufderzeit.de\/wp-content\/uploads\/Gschwend_Frickenhofer%20Str_Nr%2037__02-1536x1028.jpg 1536w, https:\/\/redesign.imlaufderzeit.de\/wp-content\/uploads\/Gschwend_Frickenhofer%20Str_Nr%2037__02.JPG 1920w\" sizes=\"auto, (max-width: 1024px) 100vw, 1024px\" \/><button\n\t\t\tclass=\"lightbox-trigger\"\n\t\t\ttype=\"button\"\n\t\t\taria-haspopup=\"dialog\"\n\t\t\taria-label=\"Vergr\u00f6\u00dfern\"\n\t\t\tdata-wp-init=\"callbacks.initTriggerButton\"\n\t\t\tdata-wp-on--click=\"actions.showLightbox\"\n\t\t\tdata-wp-style--right=\"state.imageButtonRight\"\n\t\t\tdata-wp-style--top=\"state.imageButtonTop\"\n\t\t>\n\t\t\t<svg xmlns=\"http:\/\/www.w3.org\/2000\/svg\" width=\"12\" height=\"12\" fill=\"none\" viewBox=\"0 0 12 12\">\n\t\t\t\t<path fill=\"#fff\" d=\"M2 0a2 2 0 0 0-2 2v2h1.5V2a.5.5 0 0 1 .5-.5h2V0H2Zm2 10.5H2a.5.5 0 0 1-.5-.5V8H0v2a2 2 0 0 0 2 2h2v-1.5ZM8 12v-1.5h2a.5.5 0 0 0 .5-.5V8H12v2a2 2 0 0 1-2 2H8Zm2-12a2 2 0 0 1 2 2v2h-1.5V2a.5.5 0 0 0-.5-.5H8V0h2Z\" \/>\n\t\t\t<\/svg>\n\t\t<\/button><figcaption class=\"wp-element-caption\">Gschwend &#8211; Frickenhofer Str &#8211; Hausnummer 37 &#8211; 2009<br>Der ehemalige Polizeiposten von Gschwend, R\u00fcckseite<br>Foto von Klaus Ockert<\/figcaption><\/figure>\n\n\n\n<figure data-wp-context=\"{&quot;imageId&quot;:&quot;69edef713a5e0&quot;}\" data-wp-interactive=\"core\/image\" data-wp-key=\"69edef713a5e0\" class=\"wp-block-image size-large wp-lightbox-container\"><img loading=\"lazy\" decoding=\"async\" width=\"1024\" height=\"683\" data-wp-class--hide=\"state.isContentHidden\" data-wp-class--show=\"state.isContentVisible\" data-wp-init=\"callbacks.setButtonStyles\" data-wp-on--click=\"actions.showLightbox\" data-wp-on--load=\"callbacks.setButtonStyles\" data-wp-on-window--resize=\"callbacks.setButtonStyles\" data-id=\"211\" src=\"https:\/\/redesign.imlaufderzeit.de\/wp-content\/uploads\/Gschwend_Frickenhofer Str_Nr 35-1__IMG_6978-1024x683.jpg\" alt=\"Gschwend - Frickenhofer Str - Hausnummer 35-1 - 2014000000\" class=\"wp-image-211\" srcset=\"https:\/\/redesign.imlaufderzeit.de\/wp-content\/uploads\/Gschwend_Frickenhofer%20Str_Nr%2035-1__IMG_6978-1024x683.jpg 1024w, https:\/\/redesign.imlaufderzeit.de\/wp-content\/uploads\/Gschwend_Frickenhofer%20Str_Nr%2035-1__IMG_6978-300x200.jpg 300w, https:\/\/redesign.imlaufderzeit.de\/wp-content\/uploads\/Gschwend_Frickenhofer%20Str_Nr%2035-1__IMG_6978-768x512.jpg 768w, https:\/\/redesign.imlaufderzeit.de\/wp-content\/uploads\/Gschwend_Frickenhofer%20Str_Nr%2035-1__IMG_6978-1536x1024.jpg 1536w, https:\/\/redesign.imlaufderzeit.de\/wp-content\/uploads\/Gschwend_Frickenhofer%20Str_Nr%2035-1__IMG_6978.JPG 1920w\" sizes=\"auto, (max-width: 1024px) 100vw, 1024px\" \/><button\n\t\t\tclass=\"lightbox-trigger\"\n\t\t\ttype=\"button\"\n\t\t\taria-haspopup=\"dialog\"\n\t\t\taria-label=\"Vergr\u00f6\u00dfern\"\n\t\t\tdata-wp-init=\"callbacks.initTriggerButton\"\n\t\t\tdata-wp-on--click=\"actions.showLightbox\"\n\t\t\tdata-wp-style--right=\"state.imageButtonRight\"\n\t\t\tdata-wp-style--top=\"state.imageButtonTop\"\n\t\t>\n\t\t\t<svg xmlns=\"http:\/\/www.w3.org\/2000\/svg\" width=\"12\" height=\"12\" fill=\"none\" viewBox=\"0 0 12 12\">\n\t\t\t\t<path fill=\"#fff\" d=\"M2 0a2 2 0 0 0-2 2v2h1.5V2a.5.5 0 0 1 .5-.5h2V0H2Zm2 10.5H2a.5.5 0 0 1-.5-.5V8H0v2a2 2 0 0 0 2 2h2v-1.5ZM8 12v-1.5h2a.5.5 0 0 0 .5-.5V8H12v2a2 2 0 0 1-2 2H8Zm2-12a2 2 0 0 1 2 2v2h-1.5V2a.5.5 0 0 0-.5-.5H8V0h2Z\" \/>\n\t\t\t<\/svg>\n\t\t<\/button><figcaption class=\"wp-element-caption\">Gschwend &#8211; Frickenhofer Str &#8211; Hausnummer 35-1 &#8211; 2014<br>Feldscheuer der Familie Wahl, fr\u00fcher Hof Schober<br>Foto von Klaus Ockert<\/figcaption><\/figure>\n\n\n\n<figure data-wp-context=\"{&quot;imageId&quot;:&quot;69edef713a9c4&quot;}\" data-wp-interactive=\"core\/image\" data-wp-key=\"69edef713a9c4\" class=\"wp-block-image size-large wp-lightbox-container\"><img loading=\"lazy\" decoding=\"async\" width=\"1024\" height=\"683\" data-wp-class--hide=\"state.isContentHidden\" data-wp-class--show=\"state.isContentVisible\" data-wp-init=\"callbacks.setButtonStyles\" data-wp-on--click=\"actions.showLightbox\" data-wp-on--load=\"callbacks.setButtonStyles\" data-wp-on-window--resize=\"callbacks.setButtonStyles\" data-id=\"95\" src=\"https:\/\/redesign.imlaufderzeit.de\/wp-content\/uploads\/Gschwend_Frickenhofer Str_Kurr Feldscheuer__IMG_6976-1024x683.jpg\" alt=\"Gschwend - Frickenhofer Str - Feldscheuer - 2014000000\" class=\"wp-image-95\" srcset=\"https:\/\/redesign.imlaufderzeit.de\/wp-content\/uploads\/Gschwend_Frickenhofer%20Str_Kurr%20Feldscheuer__IMG_6976-1024x683.jpg 1024w, https:\/\/redesign.imlaufderzeit.de\/wp-content\/uploads\/Gschwend_Frickenhofer%20Str_Kurr%20Feldscheuer__IMG_6976-300x200.jpg 300w, https:\/\/redesign.imlaufderzeit.de\/wp-content\/uploads\/Gschwend_Frickenhofer%20Str_Kurr%20Feldscheuer__IMG_6976-768x512.jpg 768w, https:\/\/redesign.imlaufderzeit.de\/wp-content\/uploads\/Gschwend_Frickenhofer%20Str_Kurr%20Feldscheuer__IMG_6976-1536x1024.jpg 1536w, https:\/\/redesign.imlaufderzeit.de\/wp-content\/uploads\/Gschwend_Frickenhofer%20Str_Kurr%20Feldscheuer__IMG_6976.JPG 1920w\" sizes=\"auto, (max-width: 1024px) 100vw, 1024px\" \/><button\n\t\t\tclass=\"lightbox-trigger\"\n\t\t\ttype=\"button\"\n\t\t\taria-haspopup=\"dialog\"\n\t\t\taria-label=\"Vergr\u00f6\u00dfern\"\n\t\t\tdata-wp-init=\"callbacks.initTriggerButton\"\n\t\t\tdata-wp-on--click=\"actions.showLightbox\"\n\t\t\tdata-wp-style--right=\"state.imageButtonRight\"\n\t\t\tdata-wp-style--top=\"state.imageButtonTop\"\n\t\t>\n\t\t\t<svg xmlns=\"http:\/\/www.w3.org\/2000\/svg\" width=\"12\" height=\"12\" fill=\"none\" viewBox=\"0 0 12 12\">\n\t\t\t\t<path fill=\"#fff\" d=\"M2 0a2 2 0 0 0-2 2v2h1.5V2a.5.5 0 0 1 .5-.5h2V0H2Zm2 10.5H2a.5.5 0 0 1-.5-.5V8H0v2a2 2 0 0 0 2 2h2v-1.5ZM8 12v-1.5h2a.5.5 0 0 0 .5-.5V8H12v2a2 2 0 0 1-2 2H8Zm2-12a2 2 0 0 1 2 2v2h-1.5V2a.5.5 0 0 0-.5-.5H8V0h2Z\" \/>\n\t\t\t<\/svg>\n\t\t<\/button><figcaption class=\"wp-element-caption\">Gschwend &#8211; Frickenhofer Str &#8211; Feldscheuer &#8211; 2014<br>Feldscheuer der Familie Kurr. Sie wurde f\u00fcr das Baugebiet Badsee abgerissen.<br>War zwischen Frickenhofer Str. und Badsee. <br>Foto von Klaus Ockert<\/figcaption><\/figure>\n\n\n\n<figure data-wp-context=\"{&quot;imageId&quot;:&quot;69edef713adca&quot;}\" data-wp-interactive=\"core\/image\" data-wp-key=\"69edef713adca\" class=\"wp-block-image size-large wp-lightbox-container\"><img loading=\"lazy\" decoding=\"async\" width=\"1024\" height=\"683\" data-wp-class--hide=\"state.isContentHidden\" data-wp-class--show=\"state.isContentVisible\" data-wp-init=\"callbacks.setButtonStyles\" data-wp-on--click=\"actions.showLightbox\" data-wp-on--load=\"callbacks.setButtonStyles\" data-wp-on-window--resize=\"callbacks.setButtonStyles\" data-id=\"229\" src=\"https:\/\/redesign.imlaufderzeit.de\/wp-content\/uploads\/Gschwend_Frickenhofer Str_Nr 39__IMG_5902-1024x683.jpg\" alt=\"Gschwend - Frickenhofer Str - Hausnummer 39 - 2009000000\" class=\"wp-image-229\" srcset=\"https:\/\/redesign.imlaufderzeit.de\/wp-content\/uploads\/Gschwend_Frickenhofer%20Str_Nr%2039__IMG_5902-1024x683.jpg 1024w, https:\/\/redesign.imlaufderzeit.de\/wp-content\/uploads\/Gschwend_Frickenhofer%20Str_Nr%2039__IMG_5902-300x200.jpg 300w, https:\/\/redesign.imlaufderzeit.de\/wp-content\/uploads\/Gschwend_Frickenhofer%20Str_Nr%2039__IMG_5902-768x512.jpg 768w, https:\/\/redesign.imlaufderzeit.de\/wp-content\/uploads\/Gschwend_Frickenhofer%20Str_Nr%2039__IMG_5902-1536x1024.jpg 1536w, https:\/\/redesign.imlaufderzeit.de\/wp-content\/uploads\/Gschwend_Frickenhofer%20Str_Nr%2039__IMG_5902.jpg 1920w\" sizes=\"auto, (max-width: 1024px) 100vw, 1024px\" \/><button\n\t\t\tclass=\"lightbox-trigger\"\n\t\t\ttype=\"button\"\n\t\t\taria-haspopup=\"dialog\"\n\t\t\taria-label=\"Vergr\u00f6\u00dfern\"\n\t\t\tdata-wp-init=\"callbacks.initTriggerButton\"\n\t\t\tdata-wp-on--click=\"actions.showLightbox\"\n\t\t\tdata-wp-style--right=\"state.imageButtonRight\"\n\t\t\tdata-wp-style--top=\"state.imageButtonTop\"\n\t\t>\n\t\t\t<svg xmlns=\"http:\/\/www.w3.org\/2000\/svg\" width=\"12\" height=\"12\" fill=\"none\" viewBox=\"0 0 12 12\">\n\t\t\t\t<path fill=\"#fff\" d=\"M2 0a2 2 0 0 0-2 2v2h1.5V2a.5.5 0 0 1 .5-.5h2V0H2Zm2 10.5H2a.5.5 0 0 1-.5-.5V8H0v2a2 2 0 0 0 2 2h2v-1.5ZM8 12v-1.5h2a.5.5 0 0 0 .5-.5V8H12v2a2 2 0 0 1-2 2H8Zm2-12a2 2 0 0 1 2 2v2h-1.5V2a.5.5 0 0 0-.5-.5H8V0h2Z\" \/>\n\t\t\t<\/svg>\n\t\t<\/button><figcaption class=\"wp-element-caption\">Gschwend &#8211; Frickenhofer Str &#8211; Hausnummer 39 &#8211; 2007<br>Foto von Klaus Ockert<\/figcaption><\/figure>\n\n\n\n<figure data-wp-context=\"{&quot;imageId&quot;:&quot;69edef713b19a&quot;}\" data-wp-interactive=\"core\/image\" data-wp-key=\"69edef713b19a\" class=\"wp-block-image size-large wp-lightbox-container\"><img loading=\"lazy\" decoding=\"async\" width=\"1024\" height=\"685\" data-wp-class--hide=\"state.isContentHidden\" data-wp-class--show=\"state.isContentVisible\" data-wp-init=\"callbacks.setButtonStyles\" data-wp-on--click=\"actions.showLightbox\" data-wp-on--load=\"callbacks.setButtonStyles\" data-wp-on-window--resize=\"callbacks.setButtonStyles\" data-id=\"228\" src=\"https:\/\/redesign.imlaufderzeit.de\/wp-content\/uploads\/Gschwend_Frickenhofer Str_Nr 39__04-1024x685.jpg\" alt=\"Gschwend - Frickenhofer Str - Hausnummer 39 - 2007000000\" class=\"wp-image-228\" srcset=\"https:\/\/redesign.imlaufderzeit.de\/wp-content\/uploads\/Gschwend_Frickenhofer%20Str_Nr%2039__04-1024x685.jpg 1024w, https:\/\/redesign.imlaufderzeit.de\/wp-content\/uploads\/Gschwend_Frickenhofer%20Str_Nr%2039__04-300x201.jpg 300w, https:\/\/redesign.imlaufderzeit.de\/wp-content\/uploads\/Gschwend_Frickenhofer%20Str_Nr%2039__04-768x514.jpg 768w, https:\/\/redesign.imlaufderzeit.de\/wp-content\/uploads\/Gschwend_Frickenhofer%20Str_Nr%2039__04-1536x1028.jpg 1536w, https:\/\/redesign.imlaufderzeit.de\/wp-content\/uploads\/Gschwend_Frickenhofer%20Str_Nr%2039__04.JPG 1920w\" sizes=\"auto, (max-width: 1024px) 100vw, 1024px\" \/><button\n\t\t\tclass=\"lightbox-trigger\"\n\t\t\ttype=\"button\"\n\t\t\taria-haspopup=\"dialog\"\n\t\t\taria-label=\"Vergr\u00f6\u00dfern\"\n\t\t\tdata-wp-init=\"callbacks.initTriggerButton\"\n\t\t\tdata-wp-on--click=\"actions.showLightbox\"\n\t\t\tdata-wp-style--right=\"state.imageButtonRight\"\n\t\t\tdata-wp-style--top=\"state.imageButtonTop\"\n\t\t>\n\t\t\t<svg xmlns=\"http:\/\/www.w3.org\/2000\/svg\" width=\"12\" height=\"12\" fill=\"none\" viewBox=\"0 0 12 12\">\n\t\t\t\t<path fill=\"#fff\" d=\"M2 0a2 2 0 0 0-2 2v2h1.5V2a.5.5 0 0 1 .5-.5h2V0H2Zm2 10.5H2a.5.5 0 0 1-.5-.5V8H0v2a2 2 0 0 0 2 2h2v-1.5ZM8 12v-1.5h2a.5.5 0 0 0 .5-.5V8H12v2a2 2 0 0 1-2 2H8Zm2-12a2 2 0 0 1 2 2v2h-1.5V2a.5.5 0 0 0-.5-.5H8V0h2Z\" \/>\n\t\t\t<\/svg>\n\t\t<\/button><figcaption class=\"wp-element-caption\">Gschwend &#8211; Frickenhofer Str &#8211; Hausnummer 39 &#8211; 2007<br>Ansicht von hinten.<br>Foto von Klaus Ockert<br><\/figcaption><\/figure>\n\n\n\n<figure data-wp-context=\"{&quot;imageId&quot;:&quot;69edef713b584&quot;}\" data-wp-interactive=\"core\/image\" data-wp-key=\"69edef713b584\" class=\"wp-block-image size-large wp-lightbox-container\"><img loading=\"lazy\" decoding=\"async\" width=\"1024\" height=\"685\" data-wp-class--hide=\"state.isContentHidden\" data-wp-class--show=\"state.isContentVisible\" data-wp-init=\"callbacks.setButtonStyles\" data-wp-on--click=\"actions.showLightbox\" data-wp-on--load=\"callbacks.setButtonStyles\" data-wp-on-window--resize=\"callbacks.setButtonStyles\" data-id=\"227\" src=\"https:\/\/redesign.imlaufderzeit.de\/wp-content\/uploads\/Gschwend_Frickenhofer Str_Nr 39__03-1024x685.jpg\" alt=\"Gschwend - Frickenhofer Str - Hausnummer 39 - 2007000000\" class=\"wp-image-227\" srcset=\"https:\/\/redesign.imlaufderzeit.de\/wp-content\/uploads\/Gschwend_Frickenhofer%20Str_Nr%2039__03-1024x685.jpg 1024w, https:\/\/redesign.imlaufderzeit.de\/wp-content\/uploads\/Gschwend_Frickenhofer%20Str_Nr%2039__03-300x201.jpg 300w, https:\/\/redesign.imlaufderzeit.de\/wp-content\/uploads\/Gschwend_Frickenhofer%20Str_Nr%2039__03-768x514.jpg 768w, https:\/\/redesign.imlaufderzeit.de\/wp-content\/uploads\/Gschwend_Frickenhofer%20Str_Nr%2039__03-1536x1028.jpg 1536w, https:\/\/redesign.imlaufderzeit.de\/wp-content\/uploads\/Gschwend_Frickenhofer%20Str_Nr%2039__03.JPG 1920w\" sizes=\"auto, (max-width: 1024px) 100vw, 1024px\" \/><button\n\t\t\tclass=\"lightbox-trigger\"\n\t\t\ttype=\"button\"\n\t\t\taria-haspopup=\"dialog\"\n\t\t\taria-label=\"Vergr\u00f6\u00dfern\"\n\t\t\tdata-wp-init=\"callbacks.initTriggerButton\"\n\t\t\tdata-wp-on--click=\"actions.showLightbox\"\n\t\t\tdata-wp-style--right=\"state.imageButtonRight\"\n\t\t\tdata-wp-style--top=\"state.imageButtonTop\"\n\t\t>\n\t\t\t<svg xmlns=\"http:\/\/www.w3.org\/2000\/svg\" width=\"12\" height=\"12\" fill=\"none\" viewBox=\"0 0 12 12\">\n\t\t\t\t<path fill=\"#fff\" d=\"M2 0a2 2 0 0 0-2 2v2h1.5V2a.5.5 0 0 1 .5-.5h2V0H2Zm2 10.5H2a.5.5 0 0 1-.5-.5V8H0v2a2 2 0 0 0 2 2h2v-1.5ZM8 12v-1.5h2a.5.5 0 0 0 .5-.5V8H12v2a2 2 0 0 1-2 2H8Zm2-12a2 2 0 0 1 2 2v2h-1.5V2a.5.5 0 0 0-.5-.5H8V0h2Z\" \/>\n\t\t\t<\/svg>\n\t\t<\/button><figcaption class=\"wp-element-caption\">Gschwend &#8211; Frickenhofer Str &#8211; Hausnummer 39 &#8211; 2007<br>Foto von Klaus Ockert<\/figcaption><\/figure>\n\n\n\n<figure data-wp-context=\"{&quot;imageId&quot;:&quot;69edef713b950&quot;}\" data-wp-interactive=\"core\/image\" data-wp-key=\"69edef713b950\" class=\"wp-block-image size-large wp-lightbox-container\"><img loading=\"lazy\" decoding=\"async\" width=\"1024\" height=\"980\" data-wp-class--hide=\"state.isContentHidden\" data-wp-class--show=\"state.isContentVisible\" data-wp-init=\"callbacks.setButtonStyles\" data-wp-on--click=\"actions.showLightbox\" data-wp-on--load=\"callbacks.setButtonStyles\" data-wp-on-window--resize=\"callbacks.setButtonStyles\" data-id=\"226\" src=\"https:\/\/redesign.imlaufderzeit.de\/wp-content\/uploads\/Gschwend_Frickenhofer Str_Nr 39__02-1024x980.jpg\" alt=\"Gschwend - Frickenhofer Str - Hausnummer 39 - 1965000000\" class=\"wp-image-226\" srcset=\"https:\/\/redesign.imlaufderzeit.de\/wp-content\/uploads\/Gschwend_Frickenhofer%20Str_Nr%2039__02-1024x980.jpg 1024w, https:\/\/redesign.imlaufderzeit.de\/wp-content\/uploads\/Gschwend_Frickenhofer%20Str_Nr%2039__02-300x287.jpg 300w, https:\/\/redesign.imlaufderzeit.de\/wp-content\/uploads\/Gschwend_Frickenhofer%20Str_Nr%2039__02-768x735.jpg 768w, https:\/\/redesign.imlaufderzeit.de\/wp-content\/uploads\/Gschwend_Frickenhofer%20Str_Nr%2039__02-1536x1470.jpg 1536w, https:\/\/redesign.imlaufderzeit.de\/wp-content\/uploads\/Gschwend_Frickenhofer%20Str_Nr%2039__02.jpg 1920w\" sizes=\"auto, (max-width: 1024px) 100vw, 1024px\" \/><button\n\t\t\tclass=\"lightbox-trigger\"\n\t\t\ttype=\"button\"\n\t\t\taria-haspopup=\"dialog\"\n\t\t\taria-label=\"Vergr\u00f6\u00dfern\"\n\t\t\tdata-wp-init=\"callbacks.initTriggerButton\"\n\t\t\tdata-wp-on--click=\"actions.showLightbox\"\n\t\t\tdata-wp-style--right=\"state.imageButtonRight\"\n\t\t\tdata-wp-style--top=\"state.imageButtonTop\"\n\t\t>\n\t\t\t<svg xmlns=\"http:\/\/www.w3.org\/2000\/svg\" width=\"12\" height=\"12\" fill=\"none\" viewBox=\"0 0 12 12\">\n\t\t\t\t<path fill=\"#fff\" d=\"M2 0a2 2 0 0 0-2 2v2h1.5V2a.5.5 0 0 1 .5-.5h2V0H2Zm2 10.5H2a.5.5 0 0 1-.5-.5V8H0v2a2 2 0 0 0 2 2h2v-1.5ZM8 12v-1.5h2a.5.5 0 0 0 .5-.5V8H12v2a2 2 0 0 1-2 2H8Zm2-12a2 2 0 0 1 2 2v2h-1.5V2a.5.5 0 0 0-.5-.5H8V0h2Z\" \/>\n\t\t\t<\/svg>\n\t\t<\/button><figcaption class=\"wp-element-caption\">Gschwend &#8211; Frickenhofer Str &#8211; Hausnummer 39 &#8211; 1965<br>Foto Wahl<\/figcaption><\/figure>\n\n\n\n<figure data-wp-context=\"{&quot;imageId&quot;:&quot;69edef713bd27&quot;}\" data-wp-interactive=\"core\/image\" data-wp-key=\"69edef713bd27\" class=\"wp-block-image size-large wp-lightbox-container\"><img loading=\"lazy\" decoding=\"async\" width=\"1024\" height=\"653\" data-wp-class--hide=\"state.isContentHidden\" data-wp-class--show=\"state.isContentVisible\" data-wp-init=\"callbacks.setButtonStyles\" data-wp-on--click=\"actions.showLightbox\" data-wp-on--load=\"callbacks.setButtonStyles\" data-wp-on-window--resize=\"callbacks.setButtonStyles\" data-id=\"225\" src=\"https:\/\/redesign.imlaufderzeit.de\/wp-content\/uploads\/Gschwend_Frickenhofer Str_Nr 39__01-1024x653.jpg\" alt=\"Gschwend - Frickenhofer Str - Hausnummer 39 - 1963000000\" class=\"wp-image-225\" srcset=\"https:\/\/redesign.imlaufderzeit.de\/wp-content\/uploads\/Gschwend_Frickenhofer%20Str_Nr%2039__01-1024x653.jpg 1024w, https:\/\/redesign.imlaufderzeit.de\/wp-content\/uploads\/Gschwend_Frickenhofer%20Str_Nr%2039__01-300x191.jpg 300w, https:\/\/redesign.imlaufderzeit.de\/wp-content\/uploads\/Gschwend_Frickenhofer%20Str_Nr%2039__01-768x490.jpg 768w, https:\/\/redesign.imlaufderzeit.de\/wp-content\/uploads\/Gschwend_Frickenhofer%20Str_Nr%2039__01-1536x980.jpg 1536w, https:\/\/redesign.imlaufderzeit.de\/wp-content\/uploads\/Gschwend_Frickenhofer%20Str_Nr%2039__01.jpg 1920w\" sizes=\"auto, (max-width: 1024px) 100vw, 1024px\" \/><button\n\t\t\tclass=\"lightbox-trigger\"\n\t\t\ttype=\"button\"\n\t\t\taria-haspopup=\"dialog\"\n\t\t\taria-label=\"Vergr\u00f6\u00dfern\"\n\t\t\tdata-wp-init=\"callbacks.initTriggerButton\"\n\t\t\tdata-wp-on--click=\"actions.showLightbox\"\n\t\t\tdata-wp-style--right=\"state.imageButtonRight\"\n\t\t\tdata-wp-style--top=\"state.imageButtonTop\"\n\t\t>\n\t\t\t<svg xmlns=\"http:\/\/www.w3.org\/2000\/svg\" width=\"12\" height=\"12\" fill=\"none\" viewBox=\"0 0 12 12\">\n\t\t\t\t<path fill=\"#fff\" d=\"M2 0a2 2 0 0 0-2 2v2h1.5V2a.5.5 0 0 1 .5-.5h2V0H2Zm2 10.5H2a.5.5 0 0 1-.5-.5V8H0v2a2 2 0 0 0 2 2h2v-1.5ZM8 12v-1.5h2a.5.5 0 0 0 .5-.5V8H12v2a2 2 0 0 1-2 2H8Zm2-12a2 2 0 0 1 2 2v2h-1.5V2a.5.5 0 0 0-.5-.5H8V0h2Z\" \/>\n\t\t\t<\/svg>\n\t\t<\/button><figcaption class=\"wp-element-caption\">Gschwend &#8211; Frickenhofer Str &#8211; Hausnummer 39 &#8211; 1963<br>Foto von Wahl<\/figcaption><\/figure>\n\n\n\n<figure data-wp-context=\"{&quot;imageId&quot;:&quot;69edef713c1a4&quot;}\" data-wp-interactive=\"core\/image\" data-wp-key=\"69edef713c1a4\" class=\"wp-block-image size-large wp-lightbox-container\"><img loading=\"lazy\" decoding=\"async\" width=\"915\" height=\"1024\" data-wp-class--hide=\"state.isContentHidden\" data-wp-class--show=\"state.isContentVisible\" data-wp-init=\"callbacks.setButtonStyles\" data-wp-on--click=\"actions.showLightbox\" data-wp-on--load=\"callbacks.setButtonStyles\" data-wp-on-window--resize=\"callbacks.setButtonStyles\" data-id=\"224\" src=\"https:\/\/redesign.imlaufderzeit.de\/wp-content\/uploads\/Gschwend_Frickenhofer Str_Nr 39-1__wahl1970-915x1024.jpg\" alt=\"Gschwend - Frickenhofer Str - Hausnummer 39 - 1970000000\" class=\"wp-image-224\" srcset=\"https:\/\/redesign.imlaufderzeit.de\/wp-content\/uploads\/Gschwend_Frickenhofer%20Str_Nr%2039-1__wahl1970-915x1024.jpg 915w, https:\/\/redesign.imlaufderzeit.de\/wp-content\/uploads\/Gschwend_Frickenhofer%20Str_Nr%2039-1__wahl1970-268x300.jpg 268w, https:\/\/redesign.imlaufderzeit.de\/wp-content\/uploads\/Gschwend_Frickenhofer%20Str_Nr%2039-1__wahl1970-768x859.jpg 768w, https:\/\/redesign.imlaufderzeit.de\/wp-content\/uploads\/Gschwend_Frickenhofer%20Str_Nr%2039-1__wahl1970-1373x1536.jpg 1373w, https:\/\/redesign.imlaufderzeit.de\/wp-content\/uploads\/Gschwend_Frickenhofer%20Str_Nr%2039-1__wahl1970-1831x2048.jpg 1831w, https:\/\/redesign.imlaufderzeit.de\/wp-content\/uploads\/Gschwend_Frickenhofer%20Str_Nr%2039-1__wahl1970.jpg 1920w\" sizes=\"auto, (max-width: 915px) 100vw, 915px\" \/><button\n\t\t\tclass=\"lightbox-trigger\"\n\t\t\ttype=\"button\"\n\t\t\taria-haspopup=\"dialog\"\n\t\t\taria-label=\"Vergr\u00f6\u00dfern\"\n\t\t\tdata-wp-init=\"callbacks.initTriggerButton\"\n\t\t\tdata-wp-on--click=\"actions.showLightbox\"\n\t\t\tdata-wp-style--right=\"state.imageButtonRight\"\n\t\t\tdata-wp-style--top=\"state.imageButtonTop\"\n\t\t>\n\t\t\t<svg xmlns=\"http:\/\/www.w3.org\/2000\/svg\" width=\"12\" height=\"12\" fill=\"none\" viewBox=\"0 0 12 12\">\n\t\t\t\t<path fill=\"#fff\" d=\"M2 0a2 2 0 0 0-2 2v2h1.5V2a.5.5 0 0 1 .5-.5h2V0H2Zm2 10.5H2a.5.5 0 0 1-.5-.5V8H0v2a2 2 0 0 0 2 2h2v-1.5ZM8 12v-1.5h2a.5.5 0 0 0 .5-.5V8H12v2a2 2 0 0 1-2 2H8Zm2-12a2 2 0 0 1 2 2v2h-1.5V2a.5.5 0 0 0-.5-.5H8V0h2Z\" \/>\n\t\t\t<\/svg>\n\t\t<\/button><figcaption class=\"wp-element-caption\">Gschwend &#8211; Frickenhofer Str &#8211; Hausnummer 39 &#8211; 1970<br>Das Wohgeb\u00e4ude von Herrn Gerhard Wahl Ehrenb\u00fcrger von Gschwend<br>Foto von Wahl<\/figcaption><\/figure>\n\n\n\n<figure data-wp-context=\"{&quot;imageId&quot;:&quot;69edef713c57f&quot;}\" data-wp-interactive=\"core\/image\" data-wp-key=\"69edef713c57f\" class=\"wp-block-image size-large wp-lightbox-container\"><img loading=\"lazy\" decoding=\"async\" width=\"718\" height=\"1024\" data-wp-class--hide=\"state.isContentHidden\" data-wp-class--show=\"state.isContentVisible\" data-wp-init=\"callbacks.setButtonStyles\" data-wp-on--click=\"actions.showLightbox\" data-wp-on--load=\"callbacks.setButtonStyles\" data-wp-on-window--resize=\"callbacks.setButtonStyles\" data-id=\"223\" src=\"https:\/\/redesign.imlaufderzeit.de\/wp-content\/uploads\/Gschwend_Frickenhofer Str_Nr 39-1__g_wahl-718x1024.jpg\" alt=\"Gschwend - Frickenhofer Str - Hausnummer 39 - 1980000000\" class=\"wp-image-223\" srcset=\"https:\/\/redesign.imlaufderzeit.de\/wp-content\/uploads\/Gschwend_Frickenhofer%20Str_Nr%2039-1__g_wahl-718x1024.jpg 718w, https:\/\/redesign.imlaufderzeit.de\/wp-content\/uploads\/Gschwend_Frickenhofer%20Str_Nr%2039-1__g_wahl-210x300.jpg 210w, https:\/\/redesign.imlaufderzeit.de\/wp-content\/uploads\/Gschwend_Frickenhofer%20Str_Nr%2039-1__g_wahl-768x1095.jpg 768w, https:\/\/redesign.imlaufderzeit.de\/wp-content\/uploads\/Gschwend_Frickenhofer%20Str_Nr%2039-1__g_wahl-1078x1536.jpg 1078w, https:\/\/redesign.imlaufderzeit.de\/wp-content\/uploads\/Gschwend_Frickenhofer%20Str_Nr%2039-1__g_wahl-1437x2048.jpg 1437w, https:\/\/redesign.imlaufderzeit.de\/wp-content\/uploads\/Gschwend_Frickenhofer%20Str_Nr%2039-1__g_wahl-scaled.jpg 1796w\" sizes=\"auto, (max-width: 718px) 100vw, 718px\" \/><button\n\t\t\tclass=\"lightbox-trigger\"\n\t\t\ttype=\"button\"\n\t\t\taria-haspopup=\"dialog\"\n\t\t\taria-label=\"Vergr\u00f6\u00dfern\"\n\t\t\tdata-wp-init=\"callbacks.initTriggerButton\"\n\t\t\tdata-wp-on--click=\"actions.showLightbox\"\n\t\t\tdata-wp-style--right=\"state.imageButtonRight\"\n\t\t\tdata-wp-style--top=\"state.imageButtonTop\"\n\t\t>\n\t\t\t<svg xmlns=\"http:\/\/www.w3.org\/2000\/svg\" width=\"12\" height=\"12\" fill=\"none\" viewBox=\"0 0 12 12\">\n\t\t\t\t<path fill=\"#fff\" d=\"M2 0a2 2 0 0 0-2 2v2h1.5V2a.5.5 0 0 1 .5-.5h2V0H2Zm2 10.5H2a.5.5 0 0 1-.5-.5V8H0v2a2 2 0 0 0 2 2h2v-1.5ZM8 12v-1.5h2a.5.5 0 0 0 .5-.5V8H12v2a2 2 0 0 1-2 2H8Zm2-12a2 2 0 0 1 2 2v2h-1.5V2a.5.5 0 0 0-.5-.5H8V0h2Z\" \/>\n\t\t\t<\/svg>\n\t\t<\/button><figcaption class=\"wp-element-caption\">Gschwend &#8211; Frickenhofer Str &#8211; Hausnummer 39 &#8211; 1980<br>Gerhard Wahl Ehrenb\u00fcrger von Gschwend<br>Foto von Weigle<\/figcaption><\/figure>\n\n\n\n<figure data-wp-context=\"{&quot;imageId&quot;:&quot;69edef713c97d&quot;}\" data-wp-interactive=\"core\/image\" data-wp-key=\"69edef713c97d\" class=\"wp-block-image size-large wp-lightbox-container\"><img loading=\"lazy\" decoding=\"async\" width=\"1024\" height=\"692\" data-wp-class--hide=\"state.isContentHidden\" data-wp-class--show=\"state.isContentVisible\" data-wp-init=\"callbacks.setButtonStyles\" data-wp-on--click=\"actions.showLightbox\" data-wp-on--load=\"callbacks.setButtonStyles\" data-wp-on-window--resize=\"callbacks.setButtonStyles\" data-id=\"220\" src=\"https:\/\/redesign.imlaufderzeit.de\/wp-content\/uploads\/Gschwend_Frickenhofer Str_Nr 37__polizei1962-1024x692.jpg\" alt=\"Gschwend - Frickenhofer Str - Hausnummer 37 - 2007000000\" class=\"wp-image-220\" srcset=\"https:\/\/redesign.imlaufderzeit.de\/wp-content\/uploads\/Gschwend_Frickenhofer%20Str_Nr%2037__polizei1962-1024x692.jpg 1024w, https:\/\/redesign.imlaufderzeit.de\/wp-content\/uploads\/Gschwend_Frickenhofer%20Str_Nr%2037__polizei1962-300x203.jpg 300w, https:\/\/redesign.imlaufderzeit.de\/wp-content\/uploads\/Gschwend_Frickenhofer%20Str_Nr%2037__polizei1962-768x519.jpg 768w, https:\/\/redesign.imlaufderzeit.de\/wp-content\/uploads\/Gschwend_Frickenhofer%20Str_Nr%2037__polizei1962-1536x1038.jpg 1536w, https:\/\/redesign.imlaufderzeit.de\/wp-content\/uploads\/Gschwend_Frickenhofer%20Str_Nr%2037__polizei1962.jpg 1920w\" sizes=\"auto, (max-width: 1024px) 100vw, 1024px\" \/><button\n\t\t\tclass=\"lightbox-trigger\"\n\t\t\ttype=\"button\"\n\t\t\taria-haspopup=\"dialog\"\n\t\t\taria-label=\"Vergr\u00f6\u00dfern\"\n\t\t\tdata-wp-init=\"callbacks.initTriggerButton\"\n\t\t\tdata-wp-on--click=\"actions.showLightbox\"\n\t\t\tdata-wp-style--right=\"state.imageButtonRight\"\n\t\t\tdata-wp-style--top=\"state.imageButtonTop\"\n\t\t>\n\t\t\t<svg xmlns=\"http:\/\/www.w3.org\/2000\/svg\" width=\"12\" height=\"12\" fill=\"none\" viewBox=\"0 0 12 12\">\n\t\t\t\t<path fill=\"#fff\" d=\"M2 0a2 2 0 0 0-2 2v2h1.5V2a.5.5 0 0 1 .5-.5h2V0H2Zm2 10.5H2a.5.5 0 0 1-.5-.5V8H0v2a2 2 0 0 0 2 2h2v-1.5ZM8 12v-1.5h2a.5.5 0 0 0 .5-.5V8H12v2a2 2 0 0 1-2 2H8Zm2-12a2 2 0 0 1 2 2v2h-1.5V2a.5.5 0 0 0-.5-.5H8V0h2Z\" \/>\n\t\t\t<\/svg>\n\t\t<\/button><figcaption class=\"wp-element-caption\">Gschwend &#8211; Frickenhofer Str &#8211; Hausnummer 37 &#8211; 2007<br>Der Polizeiposten von Gschwend<br>Luftbild von Wengert<\/figcaption><\/figure>\n\n\n\n<figure data-wp-context=\"{&quot;imageId&quot;:&quot;69edef713cd55&quot;}\" data-wp-interactive=\"core\/image\" data-wp-key=\"69edef713cd55\" class=\"wp-block-image size-large wp-lightbox-container\"><img loading=\"lazy\" decoding=\"async\" width=\"1024\" height=\"683\" data-wp-class--hide=\"state.isContentHidden\" data-wp-class--show=\"state.isContentVisible\" data-wp-init=\"callbacks.setButtonStyles\" data-wp-on--click=\"actions.showLightbox\" data-wp-on--load=\"callbacks.setButtonStyles\" data-wp-on-window--resize=\"callbacks.setButtonStyles\" data-id=\"222\" src=\"https:\/\/redesign.imlaufderzeit.de\/wp-content\/uploads\/Gschwend_Frickenhofer Str_Nr 39-1__IMG_5904-1024x683.jpg\" alt=\"Gschwend - Frickenhofer Str - Hausnummer 39 - 2009000000\" class=\"wp-image-222\" srcset=\"https:\/\/redesign.imlaufderzeit.de\/wp-content\/uploads\/Gschwend_Frickenhofer%20Str_Nr%2039-1__IMG_5904-1024x683.jpg 1024w, https:\/\/redesign.imlaufderzeit.de\/wp-content\/uploads\/Gschwend_Frickenhofer%20Str_Nr%2039-1__IMG_5904-300x200.jpg 300w, https:\/\/redesign.imlaufderzeit.de\/wp-content\/uploads\/Gschwend_Frickenhofer%20Str_Nr%2039-1__IMG_5904-768x512.jpg 768w, https:\/\/redesign.imlaufderzeit.de\/wp-content\/uploads\/Gschwend_Frickenhofer%20Str_Nr%2039-1__IMG_5904-1536x1024.jpg 1536w, https:\/\/redesign.imlaufderzeit.de\/wp-content\/uploads\/Gschwend_Frickenhofer%20Str_Nr%2039-1__IMG_5904.JPG 1920w\" sizes=\"auto, (max-width: 1024px) 100vw, 1024px\" \/><button\n\t\t\tclass=\"lightbox-trigger\"\n\t\t\ttype=\"button\"\n\t\t\taria-haspopup=\"dialog\"\n\t\t\taria-label=\"Vergr\u00f6\u00dfern\"\n\t\t\tdata-wp-init=\"callbacks.initTriggerButton\"\n\t\t\tdata-wp-on--click=\"actions.showLightbox\"\n\t\t\tdata-wp-style--right=\"state.imageButtonRight\"\n\t\t\tdata-wp-style--top=\"state.imageButtonTop\"\n\t\t>\n\t\t\t<svg xmlns=\"http:\/\/www.w3.org\/2000\/svg\" width=\"12\" height=\"12\" fill=\"none\" viewBox=\"0 0 12 12\">\n\t\t\t\t<path fill=\"#fff\" d=\"M2 0a2 2 0 0 0-2 2v2h1.5V2a.5.5 0 0 1 .5-.5h2V0H2Zm2 10.5H2a.5.5 0 0 1-.5-.5V8H0v2a2 2 0 0 0 2 2h2v-1.5ZM8 12v-1.5h2a.5.5 0 0 0 .5-.5V8H12v2a2 2 0 0 1-2 2H8Zm2-12a2 2 0 0 1 2 2v2h-1.5V2a.5.5 0 0 0-.5-.5H8V0h2Z\" \/>\n\t\t\t<\/svg>\n\t\t<\/button><figcaption class=\"wp-element-caption\">Gschwend &#8211; Frickenhofer Str &#8211; Hausnummer 39 &#8211; 2009<br>Foto von Klaus Ockert<\/figcaption><\/figure>\n\n\n\n<figure data-wp-context=\"{&quot;imageId&quot;:&quot;69edef713d147&quot;}\" data-wp-interactive=\"core\/image\" data-wp-key=\"69edef713d147\" class=\"wp-block-image size-large wp-lightbox-container\"><img loading=\"lazy\" decoding=\"async\" width=\"1024\" height=\"685\" data-wp-class--hide=\"state.isContentHidden\" data-wp-class--show=\"state.isContentVisible\" data-wp-init=\"callbacks.setButtonStyles\" data-wp-on--click=\"actions.showLightbox\" data-wp-on--load=\"callbacks.setButtonStyles\" data-wp-on-window--resize=\"callbacks.setButtonStyles\" data-id=\"221\" src=\"https:\/\/redesign.imlaufderzeit.de\/wp-content\/uploads\/Gschwend_Frickenhofer Str_Nr 39-1__02-1024x685.jpg\" alt=\"Gschwend - Frickenhofer Str - Hausnummer 39 - 2007000000\" class=\"wp-image-221\" srcset=\"https:\/\/redesign.imlaufderzeit.de\/wp-content\/uploads\/Gschwend_Frickenhofer%20Str_Nr%2039-1__02-1024x685.jpg 1024w, https:\/\/redesign.imlaufderzeit.de\/wp-content\/uploads\/Gschwend_Frickenhofer%20Str_Nr%2039-1__02-300x201.jpg 300w, https:\/\/redesign.imlaufderzeit.de\/wp-content\/uploads\/Gschwend_Frickenhofer%20Str_Nr%2039-1__02-768x514.jpg 768w, https:\/\/redesign.imlaufderzeit.de\/wp-content\/uploads\/Gschwend_Frickenhofer%20Str_Nr%2039-1__02-1536x1028.jpg 1536w, https:\/\/redesign.imlaufderzeit.de\/wp-content\/uploads\/Gschwend_Frickenhofer%20Str_Nr%2039-1__02.JPG 1920w\" sizes=\"auto, (max-width: 1024px) 100vw, 1024px\" \/><button\n\t\t\tclass=\"lightbox-trigger\"\n\t\t\ttype=\"button\"\n\t\t\taria-haspopup=\"dialog\"\n\t\t\taria-label=\"Vergr\u00f6\u00dfern\"\n\t\t\tdata-wp-init=\"callbacks.initTriggerButton\"\n\t\t\tdata-wp-on--click=\"actions.showLightbox\"\n\t\t\tdata-wp-style--right=\"state.imageButtonRight\"\n\t\t\tdata-wp-style--top=\"state.imageButtonTop\"\n\t\t>\n\t\t\t<svg xmlns=\"http:\/\/www.w3.org\/2000\/svg\" width=\"12\" height=\"12\" fill=\"none\" viewBox=\"0 0 12 12\">\n\t\t\t\t<path fill=\"#fff\" d=\"M2 0a2 2 0 0 0-2 2v2h1.5V2a.5.5 0 0 1 .5-.5h2V0H2Zm2 10.5H2a.5.5 0 0 1-.5-.5V8H0v2a2 2 0 0 0 2 2h2v-1.5ZM8 12v-1.5h2a.5.5 0 0 0 .5-.5V8H12v2a2 2 0 0 1-2 2H8Zm2-12a2 2 0 0 1 2 2v2h-1.5V2a.5.5 0 0 0-.5-.5H8V0h2Z\" \/>\n\t\t\t<\/svg>\n\t\t<\/button><figcaption class=\"wp-element-caption\">Gschwend &#8211; Frickenhofer Str &#8211; Hausnummer 39 &#8211; 2007<br>R\u00fcckseite<br>Foto von Klaus Ockert<\/figcaption><\/figure>\n\n\n\n<figure data-wp-context=\"{&quot;imageId&quot;:&quot;69edef713d527&quot;}\" data-wp-interactive=\"core\/image\" data-wp-key=\"69edef713d527\" class=\"wp-block-image size-large wp-lightbox-container\"><img loading=\"lazy\" decoding=\"async\" width=\"1024\" height=\"685\" data-wp-class--hide=\"state.isContentHidden\" data-wp-class--show=\"state.isContentVisible\" data-wp-init=\"callbacks.setButtonStyles\" data-wp-on--click=\"actions.showLightbox\" data-wp-on--load=\"callbacks.setButtonStyles\" data-wp-on-window--resize=\"callbacks.setButtonStyles\" data-id=\"230\" src=\"https:\/\/redesign.imlaufderzeit.de\/wp-content\/uploads\/Gschwend_Frickenhofer Str_Nr 41__01-1024x685.jpg\" alt=\"Gschwend - Frickenhofer Str - Hausnummer 41 - 2007000000\" class=\"wp-image-230\" srcset=\"https:\/\/redesign.imlaufderzeit.de\/wp-content\/uploads\/Gschwend_Frickenhofer%20Str_Nr%2041__01-1024x685.jpg 1024w, https:\/\/redesign.imlaufderzeit.de\/wp-content\/uploads\/Gschwend_Frickenhofer%20Str_Nr%2041__01-300x201.jpg 300w, https:\/\/redesign.imlaufderzeit.de\/wp-content\/uploads\/Gschwend_Frickenhofer%20Str_Nr%2041__01-768x514.jpg 768w, https:\/\/redesign.imlaufderzeit.de\/wp-content\/uploads\/Gschwend_Frickenhofer%20Str_Nr%2041__01-1536x1028.jpg 1536w, https:\/\/redesign.imlaufderzeit.de\/wp-content\/uploads\/Gschwend_Frickenhofer%20Str_Nr%2041__01.JPG 1920w\" sizes=\"auto, (max-width: 1024px) 100vw, 1024px\" \/><button\n\t\t\tclass=\"lightbox-trigger\"\n\t\t\ttype=\"button\"\n\t\t\taria-haspopup=\"dialog\"\n\t\t\taria-label=\"Vergr\u00f6\u00dfern\"\n\t\t\tdata-wp-init=\"callbacks.initTriggerButton\"\n\t\t\tdata-wp-on--click=\"actions.showLightbox\"\n\t\t\tdata-wp-style--right=\"state.imageButtonRight\"\n\t\t\tdata-wp-style--top=\"state.imageButtonTop\"\n\t\t>\n\t\t\t<svg xmlns=\"http:\/\/www.w3.org\/2000\/svg\" width=\"12\" height=\"12\" fill=\"none\" viewBox=\"0 0 12 12\">\n\t\t\t\t<path fill=\"#fff\" d=\"M2 0a2 2 0 0 0-2 2v2h1.5V2a.5.5 0 0 1 .5-.5h2V0H2Zm2 10.5H2a.5.5 0 0 1-.5-.5V8H0v2a2 2 0 0 0 2 2h2v-1.5ZM8 12v-1.5h2a.5.5 0 0 0 .5-.5V8H12v2a2 2 0 0 1-2 2H8Zm2-12a2 2 0 0 1 2 2v2h-1.5V2a.5.5 0 0 0-.5-.5H8V0h2Z\" \/>\n\t\t\t<\/svg>\n\t\t<\/button><figcaption class=\"wp-element-caption\">Gschwend &#8211; Frickenhofer Str &#8211; Hausnummer 41 &#8211; 2007<br>Foto Klaus Ockert<\/figcaption><\/figure>\n\n\n\n<figure data-wp-context=\"{&quot;imageId&quot;:&quot;69edef713d8f2&quot;}\" data-wp-interactive=\"core\/image\" data-wp-key=\"69edef713d8f2\" class=\"wp-block-image size-large wp-lightbox-container\"><img loading=\"lazy\" decoding=\"async\" width=\"1024\" height=\"685\" data-wp-class--hide=\"state.isContentHidden\" data-wp-class--show=\"state.isContentVisible\" data-wp-init=\"callbacks.setButtonStyles\" data-wp-on--click=\"actions.showLightbox\" data-wp-on--load=\"callbacks.setButtonStyles\" data-wp-on-window--resize=\"callbacks.setButtonStyles\" data-id=\"231\" src=\"https:\/\/redesign.imlaufderzeit.de\/wp-content\/uploads\/Gschwend_Frickenhofer Str_Nr 41__02-1024x685.jpg\" alt=\"Gschwend - Frickenhofer Str - Hausnummer 41 - 2007000000\" class=\"wp-image-231\" srcset=\"https:\/\/redesign.imlaufderzeit.de\/wp-content\/uploads\/Gschwend_Frickenhofer%20Str_Nr%2041__02-1024x685.jpg 1024w, https:\/\/redesign.imlaufderzeit.de\/wp-content\/uploads\/Gschwend_Frickenhofer%20Str_Nr%2041__02-300x201.jpg 300w, https:\/\/redesign.imlaufderzeit.de\/wp-content\/uploads\/Gschwend_Frickenhofer%20Str_Nr%2041__02-768x514.jpg 768w, https:\/\/redesign.imlaufderzeit.de\/wp-content\/uploads\/Gschwend_Frickenhofer%20Str_Nr%2041__02-1536x1028.jpg 1536w, https:\/\/redesign.imlaufderzeit.de\/wp-content\/uploads\/Gschwend_Frickenhofer%20Str_Nr%2041__02.JPG 1920w\" sizes=\"auto, (max-width: 1024px) 100vw, 1024px\" \/><button\n\t\t\tclass=\"lightbox-trigger\"\n\t\t\ttype=\"button\"\n\t\t\taria-haspopup=\"dialog\"\n\t\t\taria-label=\"Vergr\u00f6\u00dfern\"\n\t\t\tdata-wp-init=\"callbacks.initTriggerButton\"\n\t\t\tdata-wp-on--click=\"actions.showLightbox\"\n\t\t\tdata-wp-style--right=\"state.imageButtonRight\"\n\t\t\tdata-wp-style--top=\"state.imageButtonTop\"\n\t\t>\n\t\t\t<svg xmlns=\"http:\/\/www.w3.org\/2000\/svg\" width=\"12\" height=\"12\" fill=\"none\" viewBox=\"0 0 12 12\">\n\t\t\t\t<path fill=\"#fff\" d=\"M2 0a2 2 0 0 0-2 2v2h1.5V2a.5.5 0 0 1 .5-.5h2V0H2Zm2 10.5H2a.5.5 0 0 1-.5-.5V8H0v2a2 2 0 0 0 2 2h2v-1.5ZM8 12v-1.5h2a.5.5 0 0 0 .5-.5V8H12v2a2 2 0 0 1-2 2H8Zm2-12a2 2 0 0 1 2 2v2h-1.5V2a.5.5 0 0 0-.5-.5H8V0h2Z\" \/>\n\t\t\t<\/svg>\n\t\t<\/button><figcaption class=\"wp-element-caption\">Gschwend &#8211; Frickenhofer Str &#8211; Hausnummer 41 &#8211; 2007<br>Fr\u00fcher stellte die Firma Gebr\u00fcder Kunz, nach dem 2. Weltkrieg, Hohlblocksteine her.<br>Foto von Klaus Ockert<\/figcaption><\/figure>\n\n\n\n<figure data-wp-context=\"{&quot;imageId&quot;:&quot;69edef713dcb6&quot;}\" data-wp-interactive=\"core\/image\" data-wp-key=\"69edef713dcb6\" class=\"wp-block-image size-large wp-lightbox-container\"><img loading=\"lazy\" decoding=\"async\" width=\"1024\" height=\"617\" data-wp-class--hide=\"state.isContentHidden\" data-wp-class--show=\"state.isContentVisible\" data-wp-init=\"callbacks.setButtonStyles\" data-wp-on--click=\"actions.showLightbox\" data-wp-on--load=\"callbacks.setButtonStyles\" data-wp-on-window--resize=\"callbacks.setButtonStyles\" data-id=\"85\" src=\"http:\/\/redesign.imlaufderzeit.de\/wp-content\/uploads\/Gschwend_Frickenhofer Str_Ansichten__frickenhofer_str_ansicht_ca_1900-1024x617.jpg\" alt=\"\" class=\"wp-image-85\" srcset=\"https:\/\/redesign.imlaufderzeit.de\/wp-content\/uploads\/Gschwend_Frickenhofer%20Str_Ansichten__frickenhofer_str_ansicht_ca_1900-1024x617.jpg 1024w, https:\/\/redesign.imlaufderzeit.de\/wp-content\/uploads\/Gschwend_Frickenhofer%20Str_Ansichten__frickenhofer_str_ansicht_ca_1900-300x181.jpg 300w, https:\/\/redesign.imlaufderzeit.de\/wp-content\/uploads\/Gschwend_Frickenhofer%20Str_Ansichten__frickenhofer_str_ansicht_ca_1900-768x463.jpg 768w, https:\/\/redesign.imlaufderzeit.de\/wp-content\/uploads\/Gschwend_Frickenhofer%20Str_Ansichten__frickenhofer_str_ansicht_ca_1900-1536x926.jpg 1536w, https:\/\/redesign.imlaufderzeit.de\/wp-content\/uploads\/Gschwend_Frickenhofer%20Str_Ansichten__frickenhofer_str_ansicht_ca_1900.jpg 1920w\" sizes=\"auto, (max-width: 1024px) 100vw, 1024px\" \/><button\n\t\t\tclass=\"lightbox-trigger\"\n\t\t\ttype=\"button\"\n\t\t\taria-haspopup=\"dialog\"\n\t\t\taria-label=\"Vergr\u00f6\u00dfern\"\n\t\t\tdata-wp-init=\"callbacks.initTriggerButton\"\n\t\t\tdata-wp-on--click=\"actions.showLightbox\"\n\t\t\tdata-wp-style--right=\"state.imageButtonRight\"\n\t\t\tdata-wp-style--top=\"state.imageButtonTop\"\n\t\t>\n\t\t\t<svg xmlns=\"http:\/\/www.w3.org\/2000\/svg\" width=\"12\" height=\"12\" fill=\"none\" viewBox=\"0 0 12 12\">\n\t\t\t\t<path fill=\"#fff\" d=\"M2 0a2 2 0 0 0-2 2v2h1.5V2a.5.5 0 0 1 .5-.5h2V0H2Zm2 10.5H2a.5.5 0 0 1-.5-.5V8H0v2a2 2 0 0 0 2 2h2v-1.5ZM8 12v-1.5h2a.5.5 0 0 0 .5-.5V8H12v2a2 2 0 0 1-2 2H8Zm2-12a2 2 0 0 1 2 2v2h-1.5V2a.5.5 0 0 0-.5-.5H8V0h2Z\" \/>\n\t\t\t<\/svg>\n\t\t<\/button><figcaption class=\"wp-element-caption\">Gschwend &#8211; Frickenhofer Str &#8211; Ansichten &#8211; 1900<\/figcaption><\/figure>\n\n\n\n<figure data-wp-context=\"{&quot;imageId&quot;:&quot;69edef713e08a&quot;}\" data-wp-interactive=\"core\/image\" data-wp-key=\"69edef713e08a\" class=\"wp-block-image size-large wp-lightbox-container\"><img loading=\"lazy\" decoding=\"async\" width=\"1024\" height=\"580\" data-wp-class--hide=\"state.isContentHidden\" data-wp-class--show=\"state.isContentVisible\" data-wp-init=\"callbacks.setButtonStyles\" data-wp-on--click=\"actions.showLightbox\" data-wp-on--load=\"callbacks.setButtonStyles\" data-wp-on-window--resize=\"callbacks.setButtonStyles\" data-id=\"82\" src=\"https:\/\/redesign.imlaufderzeit.de\/wp-content\/uploads\/Gschwend_Frickenhofer Str_Ansichten__Kurgaeste1915-1024x580.jpg\" alt=\"Gschwend - Frickenhofer Str - Ansichten - 1915000000\" class=\"wp-image-82\" srcset=\"https:\/\/redesign.imlaufderzeit.de\/wp-content\/uploads\/Gschwend_Frickenhofer%20Str_Ansichten__Kurgaeste1915-1024x580.jpg 1024w, https:\/\/redesign.imlaufderzeit.de\/wp-content\/uploads\/Gschwend_Frickenhofer%20Str_Ansichten__Kurgaeste1915-300x170.jpg 300w, https:\/\/redesign.imlaufderzeit.de\/wp-content\/uploads\/Gschwend_Frickenhofer%20Str_Ansichten__Kurgaeste1915-768x435.jpg 768w, https:\/\/redesign.imlaufderzeit.de\/wp-content\/uploads\/Gschwend_Frickenhofer%20Str_Ansichten__Kurgaeste1915-1536x870.jpg 1536w, https:\/\/redesign.imlaufderzeit.de\/wp-content\/uploads\/Gschwend_Frickenhofer%20Str_Ansichten__Kurgaeste1915.jpg 1920w\" sizes=\"auto, (max-width: 1024px) 100vw, 1024px\" \/><button\n\t\t\tclass=\"lightbox-trigger\"\n\t\t\ttype=\"button\"\n\t\t\taria-haspopup=\"dialog\"\n\t\t\taria-label=\"Vergr\u00f6\u00dfern\"\n\t\t\tdata-wp-init=\"callbacks.initTriggerButton\"\n\t\t\tdata-wp-on--click=\"actions.showLightbox\"\n\t\t\tdata-wp-style--right=\"state.imageButtonRight\"\n\t\t\tdata-wp-style--top=\"state.imageButtonTop\"\n\t\t>\n\t\t\t<svg xmlns=\"http:\/\/www.w3.org\/2000\/svg\" width=\"12\" height=\"12\" fill=\"none\" viewBox=\"0 0 12 12\">\n\t\t\t\t<path fill=\"#fff\" d=\"M2 0a2 2 0 0 0-2 2v2h1.5V2a.5.5 0 0 1 .5-.5h2V0H2Zm2 10.5H2a.5.5 0 0 1-.5-.5V8H0v2a2 2 0 0 0 2 2h2v-1.5ZM8 12v-1.5h2a.5.5 0 0 0 .5-.5V8H12v2a2 2 0 0 1-2 2H8Zm2-12a2 2 0 0 1 2 2v2h-1.5V2a.5.5 0 0 0-.5-.5H8V0h2Z\" \/>\n\t\t\t<\/svg>\n\t\t<\/button><figcaption class=\"wp-element-caption\">Gschwend &#8211; Frickenhofer Str &#8211; Ansichten &#8211; 1915<br>Bild mit Kurg\u00e4sten<\/figcaption><\/figure>\n\n\n\n<figure data-wp-context=\"{&quot;imageId&quot;:&quot;69edef713e464&quot;}\" data-wp-interactive=\"core\/image\" data-wp-key=\"69edef713e464\" class=\"wp-block-image size-large wp-lightbox-container\"><img loading=\"lazy\" decoding=\"async\" width=\"1024\" height=\"638\" data-wp-class--hide=\"state.isContentHidden\" data-wp-class--show=\"state.isContentVisible\" data-wp-init=\"callbacks.setButtonStyles\" data-wp-on--click=\"actions.showLightbox\" data-wp-on--load=\"callbacks.setButtonStyles\" data-wp-on-window--resize=\"callbacks.setButtonStyles\" data-id=\"89\" src=\"https:\/\/redesign.imlaufderzeit.de\/wp-content\/uploads\/Gschwend_Frickenhofer Str_Ansichten__luftbild_ca_1920-1024x638.jpg\" alt=\"Gschwend - Ansichten - 1920000000\" class=\"wp-image-89\" srcset=\"https:\/\/redesign.imlaufderzeit.de\/wp-content\/uploads\/Gschwend_Frickenhofer%20Str_Ansichten__luftbild_ca_1920-1024x638.jpg 1024w, https:\/\/redesign.imlaufderzeit.de\/wp-content\/uploads\/Gschwend_Frickenhofer%20Str_Ansichten__luftbild_ca_1920-300x187.jpg 300w, https:\/\/redesign.imlaufderzeit.de\/wp-content\/uploads\/Gschwend_Frickenhofer%20Str_Ansichten__luftbild_ca_1920-768x478.jpg 768w, https:\/\/redesign.imlaufderzeit.de\/wp-content\/uploads\/Gschwend_Frickenhofer%20Str_Ansichten__luftbild_ca_1920-1536x957.jpg 1536w, https:\/\/redesign.imlaufderzeit.de\/wp-content\/uploads\/Gschwend_Frickenhofer%20Str_Ansichten__luftbild_ca_1920.jpg 1920w\" sizes=\"auto, (max-width: 1024px) 100vw, 1024px\" \/><button\n\t\t\tclass=\"lightbox-trigger\"\n\t\t\ttype=\"button\"\n\t\t\taria-haspopup=\"dialog\"\n\t\t\taria-label=\"Vergr\u00f6\u00dfern\"\n\t\t\tdata-wp-init=\"callbacks.initTriggerButton\"\n\t\t\tdata-wp-on--click=\"actions.showLightbox\"\n\t\t\tdata-wp-style--right=\"state.imageButtonRight\"\n\t\t\tdata-wp-style--top=\"state.imageButtonTop\"\n\t\t>\n\t\t\t<svg xmlns=\"http:\/\/www.w3.org\/2000\/svg\" width=\"12\" height=\"12\" fill=\"none\" viewBox=\"0 0 12 12\">\n\t\t\t\t<path fill=\"#fff\" d=\"M2 0a2 2 0 0 0-2 2v2h1.5V2a.5.5 0 0 1 .5-.5h2V0H2Zm2 10.5H2a.5.5 0 0 1-.5-.5V8H0v2a2 2 0 0 0 2 2h2v-1.5ZM8 12v-1.5h2a.5.5 0 0 0 .5-.5V8H12v2a2 2 0 0 1-2 2H8Zm2-12a2 2 0 0 1 2 2v2h-1.5V2a.5.5 0 0 0-.5-.5H8V0h2Z\" \/>\n\t\t\t<\/svg>\n\t\t<\/button><figcaption class=\"wp-element-caption\">Gschwend &#8211; Ansichten &#8211; 1920<br>Luftbild von 1920<\/figcaption><\/figure>\n\n\n\n<figure data-wp-context=\"{&quot;imageId&quot;:&quot;69edef713e844&quot;}\" data-wp-interactive=\"core\/image\" data-wp-key=\"69edef713e844\" class=\"wp-block-image size-large wp-lightbox-container\"><img loading=\"lazy\" decoding=\"async\" width=\"1024\" height=\"630\" data-wp-class--hide=\"state.isContentHidden\" data-wp-class--show=\"state.isContentVisible\" data-wp-init=\"callbacks.setButtonStyles\" data-wp-on--click=\"actions.showLightbox\" data-wp-on--load=\"callbacks.setButtonStyles\" data-wp-on-window--resize=\"callbacks.setButtonStyles\" data-id=\"84\" src=\"https:\/\/redesign.imlaufderzeit.de\/wp-content\/uploads\/Gschwend_Frickenhofer Str_Ansichten__ansicht_v_halde-1024x630.jpg\" alt=\"Gschwend - Frickenhofer Str - Ansichten - 1932000000\" class=\"wp-image-84\" srcset=\"https:\/\/redesign.imlaufderzeit.de\/wp-content\/uploads\/Gschwend_Frickenhofer%20Str_Ansichten__ansicht_v_halde-1024x630.jpg 1024w, https:\/\/redesign.imlaufderzeit.de\/wp-content\/uploads\/Gschwend_Frickenhofer%20Str_Ansichten__ansicht_v_halde-300x185.jpg 300w, https:\/\/redesign.imlaufderzeit.de\/wp-content\/uploads\/Gschwend_Frickenhofer%20Str_Ansichten__ansicht_v_halde-768x473.jpg 768w, https:\/\/redesign.imlaufderzeit.de\/wp-content\/uploads\/Gschwend_Frickenhofer%20Str_Ansichten__ansicht_v_halde-1536x946.jpg 1536w, https:\/\/redesign.imlaufderzeit.de\/wp-content\/uploads\/Gschwend_Frickenhofer%20Str_Ansichten__ansicht_v_halde.jpg 1920w\" sizes=\"auto, (max-width: 1024px) 100vw, 1024px\" \/><button\n\t\t\tclass=\"lightbox-trigger\"\n\t\t\ttype=\"button\"\n\t\t\taria-haspopup=\"dialog\"\n\t\t\taria-label=\"Vergr\u00f6\u00dfern\"\n\t\t\tdata-wp-init=\"callbacks.initTriggerButton\"\n\t\t\tdata-wp-on--click=\"actions.showLightbox\"\n\t\t\tdata-wp-style--right=\"state.imageButtonRight\"\n\t\t\tdata-wp-style--top=\"state.imageButtonTop\"\n\t\t>\n\t\t\t<svg xmlns=\"http:\/\/www.w3.org\/2000\/svg\" width=\"12\" height=\"12\" fill=\"none\" viewBox=\"0 0 12 12\">\n\t\t\t\t<path fill=\"#fff\" d=\"M2 0a2 2 0 0 0-2 2v2h1.5V2a.5.5 0 0 1 .5-.5h2V0H2Zm2 10.5H2a.5.5 0 0 1-.5-.5V8H0v2a2 2 0 0 0 2 2h2v-1.5ZM8 12v-1.5h2a.5.5 0 0 0 .5-.5V8H12v2a2 2 0 0 1-2 2H8Zm2-12a2 2 0 0 1 2 2v2h-1.5V2a.5.5 0 0 0-.5-.5H8V0h2Z\" \/>\n\t\t\t<\/svg>\n\t\t<\/button><figcaption class=\"wp-element-caption\">Gschwend &#8211; Frickenhofer Str &#8211; Ansichten &#8211; 1932<\/figcaption><\/figure>\n\n\n\n<figure data-wp-context=\"{&quot;imageId&quot;:&quot;69edef713ec0d&quot;}\" data-wp-interactive=\"core\/image\" data-wp-key=\"69edef713ec0d\" class=\"wp-block-image size-large wp-lightbox-container\"><img loading=\"lazy\" decoding=\"async\" width=\"1024\" height=\"785\" data-wp-class--hide=\"state.isContentHidden\" data-wp-class--show=\"state.isContentVisible\" data-wp-init=\"callbacks.setButtonStyles\" data-wp-on--click=\"actions.showLightbox\" data-wp-on--load=\"callbacks.setButtonStyles\" data-wp-on-window--resize=\"callbacks.setButtonStyles\" data-id=\"232\" src=\"https:\/\/redesign.imlaufderzeit.de\/wp-content\/uploads\/Gschwend_Frickenhofer Str_Schober Bild__P1030107-1024x785.jpg\" alt=\"Gschwend Frickenhofer Stra\u00dfe\" class=\"wp-image-232\" srcset=\"https:\/\/redesign.imlaufderzeit.de\/wp-content\/uploads\/Gschwend_Frickenhofer%20Str_Schober%20Bild__P1030107-1024x785.jpg 1024w, https:\/\/redesign.imlaufderzeit.de\/wp-content\/uploads\/Gschwend_Frickenhofer%20Str_Schober%20Bild__P1030107-300x230.jpg 300w, https:\/\/redesign.imlaufderzeit.de\/wp-content\/uploads\/Gschwend_Frickenhofer%20Str_Schober%20Bild__P1030107-768x589.jpg 768w, https:\/\/redesign.imlaufderzeit.de\/wp-content\/uploads\/Gschwend_Frickenhofer%20Str_Schober%20Bild__P1030107-1536x1178.jpg 1536w, https:\/\/redesign.imlaufderzeit.de\/wp-content\/uploads\/Gschwend_Frickenhofer%20Str_Schober%20Bild__P1030107.JPG 1920w\" sizes=\"auto, (max-width: 1024px) 100vw, 1024px\" \/><button\n\t\t\tclass=\"lightbox-trigger\"\n\t\t\ttype=\"button\"\n\t\t\taria-haspopup=\"dialog\"\n\t\t\taria-label=\"Vergr\u00f6\u00dfern\"\n\t\t\tdata-wp-init=\"callbacks.initTriggerButton\"\n\t\t\tdata-wp-on--click=\"actions.showLightbox\"\n\t\t\tdata-wp-style--right=\"state.imageButtonRight\"\n\t\t\tdata-wp-style--top=\"state.imageButtonTop\"\n\t\t>\n\t\t\t<svg xmlns=\"http:\/\/www.w3.org\/2000\/svg\" width=\"12\" height=\"12\" fill=\"none\" viewBox=\"0 0 12 12\">\n\t\t\t\t<path fill=\"#fff\" d=\"M2 0a2 2 0 0 0-2 2v2h1.5V2a.5.5 0 0 1 .5-.5h2V0H2Zm2 10.5H2a.5.5 0 0 1-.5-.5V8H0v2a2 2 0 0 0 2 2h2v-1.5ZM8 12v-1.5h2a.5.5 0 0 0 .5-.5V8H12v2a2 2 0 0 1-2 2H8Zm2-12a2 2 0 0 1 2 2v2h-1.5V2a.5.5 0 0 0-.5-.5H8V0h2Z\" \/>\n\t\t\t<\/svg>\n\t\t<\/button><figcaption class=\"wp-element-caption\">Gschwend Frickenhofer Stra\u00dfe<br>&#8222;Bild von Peter Jakob Schober&#8220;<br>*Foto vom Original 2008 Klaus Ockert<\/figcaption><\/figure>\n\n\n\n<figure data-wp-context=\"{&quot;imageId&quot;:&quot;69edef713efd3&quot;}\" data-wp-interactive=\"core\/image\" data-wp-key=\"69edef713efd3\" class=\"wp-block-image size-large wp-lightbox-container\"><img loading=\"lazy\" decoding=\"async\" width=\"1024\" height=\"692\" data-wp-class--hide=\"state.isContentHidden\" data-wp-class--show=\"state.isContentVisible\" data-wp-init=\"callbacks.setButtonStyles\" data-wp-on--click=\"actions.showLightbox\" data-wp-on--load=\"callbacks.setButtonStyles\" data-wp-on-window--resize=\"callbacks.setButtonStyles\" data-id=\"87\" src=\"https:\/\/redesign.imlaufderzeit.de\/wp-content\/uploads\/Gschwend_Frickenhofer Str_Ansichten__luftansicht_1990-1024x692.jpg\" alt=\"Gschwend - Frickenhofer Str - Ansichten - 1990000000\" class=\"wp-image-87\" srcset=\"https:\/\/redesign.imlaufderzeit.de\/wp-content\/uploads\/Gschwend_Frickenhofer%20Str_Ansichten__luftansicht_1990-1024x692.jpg 1024w, https:\/\/redesign.imlaufderzeit.de\/wp-content\/uploads\/Gschwend_Frickenhofer%20Str_Ansichten__luftansicht_1990-300x203.jpg 300w, https:\/\/redesign.imlaufderzeit.de\/wp-content\/uploads\/Gschwend_Frickenhofer%20Str_Ansichten__luftansicht_1990-768x519.jpg 768w, https:\/\/redesign.imlaufderzeit.de\/wp-content\/uploads\/Gschwend_Frickenhofer%20Str_Ansichten__luftansicht_1990-1536x1038.jpg 1536w, https:\/\/redesign.imlaufderzeit.de\/wp-content\/uploads\/Gschwend_Frickenhofer%20Str_Ansichten__luftansicht_1990.jpg 1920w\" sizes=\"auto, (max-width: 1024px) 100vw, 1024px\" \/><button\n\t\t\tclass=\"lightbox-trigger\"\n\t\t\ttype=\"button\"\n\t\t\taria-haspopup=\"dialog\"\n\t\t\taria-label=\"Vergr\u00f6\u00dfern\"\n\t\t\tdata-wp-init=\"callbacks.initTriggerButton\"\n\t\t\tdata-wp-on--click=\"actions.showLightbox\"\n\t\t\tdata-wp-style--right=\"state.imageButtonRight\"\n\t\t\tdata-wp-style--top=\"state.imageButtonTop\"\n\t\t>\n\t\t\t<svg xmlns=\"http:\/\/www.w3.org\/2000\/svg\" width=\"12\" height=\"12\" fill=\"none\" viewBox=\"0 0 12 12\">\n\t\t\t\t<path fill=\"#fff\" d=\"M2 0a2 2 0 0 0-2 2v2h1.5V2a.5.5 0 0 1 .5-.5h2V0H2Zm2 10.5H2a.5.5 0 0 1-.5-.5V8H0v2a2 2 0 0 0 2 2h2v-1.5ZM8 12v-1.5h2a.5.5 0 0 0 .5-.5V8H12v2a2 2 0 0 1-2 2H8Zm2-12a2 2 0 0 1 2 2v2h-1.5V2a.5.5 0 0 0-.5-.5H8V0h2Z\" \/>\n\t\t\t<\/svg>\n\t\t<\/button><figcaption class=\"wp-element-caption\">Gschwend &#8211; Frickenhofer Str &#8211; Ansichten &#8211; 1990<br>Luftbild von 1990<\/figcaption><\/figure>\n\n\n\n<figure data-wp-context=\"{&quot;imageId&quot;:&quot;69edef713f3a9&quot;}\" data-wp-interactive=\"core\/image\" data-wp-key=\"69edef713f3a9\" class=\"wp-block-image size-large wp-lightbox-container\"><img loading=\"lazy\" decoding=\"async\" width=\"1024\" height=\"683\" data-wp-class--hide=\"state.isContentHidden\" data-wp-class--show=\"state.isContentVisible\" data-wp-init=\"callbacks.setButtonStyles\" data-wp-on--click=\"actions.showLightbox\" data-wp-on--load=\"callbacks.setButtonStyles\" data-wp-on-window--resize=\"callbacks.setButtonStyles\" data-id=\"86\" src=\"https:\/\/redesign.imlaufderzeit.de\/wp-content\/uploads\/Gschwend_Frickenhofer Str_Ansichten__luft_2005-1024x683.jpg\" alt=\"Gschwend - Frickenhofer Str - Ansichten - 2005000000\" class=\"wp-image-86\" srcset=\"https:\/\/redesign.imlaufderzeit.de\/wp-content\/uploads\/Gschwend_Frickenhofer%20Str_Ansichten__luft_2005-1024x683.jpg 1024w, https:\/\/redesign.imlaufderzeit.de\/wp-content\/uploads\/Gschwend_Frickenhofer%20Str_Ansichten__luft_2005-300x200.jpg 300w, https:\/\/redesign.imlaufderzeit.de\/wp-content\/uploads\/Gschwend_Frickenhofer%20Str_Ansichten__luft_2005-768x512.jpg 768w, https:\/\/redesign.imlaufderzeit.de\/wp-content\/uploads\/Gschwend_Frickenhofer%20Str_Ansichten__luft_2005-1536x1024.jpg 1536w, https:\/\/redesign.imlaufderzeit.de\/wp-content\/uploads\/Gschwend_Frickenhofer%20Str_Ansichten__luft_2005.JPG 1920w\" sizes=\"auto, (max-width: 1024px) 100vw, 1024px\" \/><button\n\t\t\tclass=\"lightbox-trigger\"\n\t\t\ttype=\"button\"\n\t\t\taria-haspopup=\"dialog\"\n\t\t\taria-label=\"Vergr\u00f6\u00dfern\"\n\t\t\tdata-wp-init=\"callbacks.initTriggerButton\"\n\t\t\tdata-wp-on--click=\"actions.showLightbox\"\n\t\t\tdata-wp-style--right=\"state.imageButtonRight\"\n\t\t\tdata-wp-style--top=\"state.imageButtonTop\"\n\t\t>\n\t\t\t<svg xmlns=\"http:\/\/www.w3.org\/2000\/svg\" width=\"12\" height=\"12\" fill=\"none\" viewBox=\"0 0 12 12\">\n\t\t\t\t<path fill=\"#fff\" d=\"M2 0a2 2 0 0 0-2 2v2h1.5V2a.5.5 0 0 1 .5-.5h2V0H2Zm2 10.5H2a.5.5 0 0 1-.5-.5V8H0v2a2 2 0 0 0 2 2h2v-1.5ZM8 12v-1.5h2a.5.5 0 0 0 .5-.5V8H12v2a2 2 0 0 1-2 2H8Zm2-12a2 2 0 0 1 2 2v2h-1.5V2a.5.5 0 0 0-.5-.5H8V0h2Z\" \/>\n\t\t\t<\/svg>\n\t\t<\/button><figcaption class=\"wp-element-caption\">Gschwend &#8211; Frickenhofer Str &#8211; Ansichten &#8211; 2005<br>Luftbild von 2005<\/figcaption><\/figure>\n\n\n\n<figure data-wp-context=\"{&quot;imageId&quot;:&quot;69edef713f777&quot;}\" data-wp-interactive=\"core\/image\" data-wp-key=\"69edef713f777\" class=\"wp-block-image size-large wp-lightbox-container\"><img loading=\"lazy\" decoding=\"async\" width=\"1024\" height=\"685\" data-wp-class--hide=\"state.isContentHidden\" data-wp-class--show=\"state.isContentVisible\" data-wp-init=\"callbacks.setButtonStyles\" data-wp-on--click=\"actions.showLightbox\" data-wp-on--load=\"callbacks.setButtonStyles\" data-wp-on-window--resize=\"callbacks.setButtonStyles\" data-id=\"83\" src=\"https:\/\/redesign.imlaufderzeit.de\/wp-content\/uploads\/Gschwend_Frickenhofer Str_Ansichten__ansicht_links_2007-1024x685.jpg\" alt=\"Gschwend - Frickenhofer Str - Ansichten - 2007000000\" class=\"wp-image-83\" srcset=\"https:\/\/redesign.imlaufderzeit.de\/wp-content\/uploads\/Gschwend_Frickenhofer%20Str_Ansichten__ansicht_links_2007-1024x685.jpg 1024w, https:\/\/redesign.imlaufderzeit.de\/wp-content\/uploads\/Gschwend_Frickenhofer%20Str_Ansichten__ansicht_links_2007-300x201.jpg 300w, https:\/\/redesign.imlaufderzeit.de\/wp-content\/uploads\/Gschwend_Frickenhofer%20Str_Ansichten__ansicht_links_2007-768x514.jpg 768w, https:\/\/redesign.imlaufderzeit.de\/wp-content\/uploads\/Gschwend_Frickenhofer%20Str_Ansichten__ansicht_links_2007-1536x1028.jpg 1536w, https:\/\/redesign.imlaufderzeit.de\/wp-content\/uploads\/Gschwend_Frickenhofer%20Str_Ansichten__ansicht_links_2007.JPG 1920w\" sizes=\"auto, (max-width: 1024px) 100vw, 1024px\" \/><button\n\t\t\tclass=\"lightbox-trigger\"\n\t\t\ttype=\"button\"\n\t\t\taria-haspopup=\"dialog\"\n\t\t\taria-label=\"Vergr\u00f6\u00dfern\"\n\t\t\tdata-wp-init=\"callbacks.initTriggerButton\"\n\t\t\tdata-wp-on--click=\"actions.showLightbox\"\n\t\t\tdata-wp-style--right=\"state.imageButtonRight\"\n\t\t\tdata-wp-style--top=\"state.imageButtonTop\"\n\t\t>\n\t\t\t<svg xmlns=\"http:\/\/www.w3.org\/2000\/svg\" width=\"12\" height=\"12\" fill=\"none\" viewBox=\"0 0 12 12\">\n\t\t\t\t<path fill=\"#fff\" d=\"M2 0a2 2 0 0 0-2 2v2h1.5V2a.5.5 0 0 1 .5-.5h2V0H2Zm2 10.5H2a.5.5 0 0 1-.5-.5V8H0v2a2 2 0 0 0 2 2h2v-1.5ZM8 12v-1.5h2a.5.5 0 0 0 .5-.5V8H12v2a2 2 0 0 1-2 2H8Zm2-12a2 2 0 0 1 2 2v2h-1.5V2a.5.5 0 0 0-.5-.5H8V0h2Z\" \/>\n\t\t\t<\/svg>\n\t\t<\/button><figcaption class=\"wp-element-caption\">Gschwend &#8211; Frickenhofer Str &#8211; Ansichten &#8211; 2007 <br>Foto Klaus Ockert <\/figcaption><\/figure>\n\n\n\n<figure data-wp-context=\"{&quot;imageId&quot;:&quot;69edef713fb41&quot;}\" data-wp-interactive=\"core\/image\" data-wp-key=\"69edef713fb41\" class=\"wp-block-image size-large wp-lightbox-container\"><img loading=\"lazy\" decoding=\"async\" width=\"1024\" height=\"673\" data-wp-class--hide=\"state.isContentHidden\" data-wp-class--show=\"state.isContentVisible\" data-wp-init=\"callbacks.setButtonStyles\" data-wp-on--click=\"actions.showLightbox\" data-wp-on--load=\"callbacks.setButtonStyles\" data-wp-on-window--resize=\"callbacks.setButtonStyles\" data-id=\"94\" src=\"https:\/\/redesign.imlaufderzeit.de\/wp-content\/uploads\/Gschwend_Frickenhofer Str_Kanalisation__kanalisation_1963_2-1024x673.jpg\" alt=\"Gschwend - Frickenhofer Str - Kanalisation - 1963000000\" class=\"wp-image-94\" srcset=\"https:\/\/redesign.imlaufderzeit.de\/wp-content\/uploads\/Gschwend_Frickenhofer%20Str_Kanalisation__kanalisation_1963_2-1024x673.jpg 1024w, https:\/\/redesign.imlaufderzeit.de\/wp-content\/uploads\/Gschwend_Frickenhofer%20Str_Kanalisation__kanalisation_1963_2-300x197.jpg 300w, https:\/\/redesign.imlaufderzeit.de\/wp-content\/uploads\/Gschwend_Frickenhofer%20Str_Kanalisation__kanalisation_1963_2-768x504.jpg 768w, https:\/\/redesign.imlaufderzeit.de\/wp-content\/uploads\/Gschwend_Frickenhofer%20Str_Kanalisation__kanalisation_1963_2-1536x1009.jpg 1536w, https:\/\/redesign.imlaufderzeit.de\/wp-content\/uploads\/Gschwend_Frickenhofer%20Str_Kanalisation__kanalisation_1963_2.jpg 1920w\" sizes=\"auto, (max-width: 1024px) 100vw, 1024px\" \/><button\n\t\t\tclass=\"lightbox-trigger\"\n\t\t\ttype=\"button\"\n\t\t\taria-haspopup=\"dialog\"\n\t\t\taria-label=\"Vergr\u00f6\u00dfern\"\n\t\t\tdata-wp-init=\"callbacks.initTriggerButton\"\n\t\t\tdata-wp-on--click=\"actions.showLightbox\"\n\t\t\tdata-wp-style--right=\"state.imageButtonRight\"\n\t\t\tdata-wp-style--top=\"state.imageButtonTop\"\n\t\t>\n\t\t\t<svg xmlns=\"http:\/\/www.w3.org\/2000\/svg\" width=\"12\" height=\"12\" fill=\"none\" viewBox=\"0 0 12 12\">\n\t\t\t\t<path fill=\"#fff\" d=\"M2 0a2 2 0 0 0-2 2v2h1.5V2a.5.5 0 0 1 .5-.5h2V0H2Zm2 10.5H2a.5.5 0 0 1-.5-.5V8H0v2a2 2 0 0 0 2 2h2v-1.5ZM8 12v-1.5h2a.5.5 0 0 0 .5-.5V8H12v2a2 2 0 0 1-2 2H8Zm2-12a2 2 0 0 1 2 2v2h-1.5V2a.5.5 0 0 0-.5-.5H8V0h2Z\" \/>\n\t\t\t<\/svg>\n\t\t<\/button><figcaption class=\"wp-element-caption\">Gschwend &#8211; Frickenhofer Str &#8211; Kanalisation &#8211; 1963<br>Bau der Kanalisation. Rechts Friseur Ockert. <br>Foto Kranich<\/figcaption><\/figure>\n\n\n\n<figure data-wp-context=\"{&quot;imageId&quot;:&quot;69edef713ff0e&quot;}\" data-wp-interactive=\"core\/image\" data-wp-key=\"69edef713ff0e\" class=\"wp-block-image size-large wp-lightbox-container\"><img loading=\"lazy\" decoding=\"async\" width=\"1024\" height=\"682\" data-wp-class--hide=\"state.isContentHidden\" data-wp-class--show=\"state.isContentVisible\" data-wp-init=\"callbacks.setButtonStyles\" data-wp-on--click=\"actions.showLightbox\" data-wp-on--load=\"callbacks.setButtonStyles\" data-wp-on-window--resize=\"callbacks.setButtonStyles\" data-id=\"93\" src=\"https:\/\/redesign.imlaufderzeit.de\/wp-content\/uploads\/Gschwend_Frickenhofer Str_Kanalisation__kanalisation_1963_1-1024x682.jpg\" alt=\"Gschwend - Frickenhofer Str - Kanalisation - 1963000000 Bau der Kanalisation. Rechts Friseur Ockert.\" class=\"wp-image-93\" srcset=\"https:\/\/redesign.imlaufderzeit.de\/wp-content\/uploads\/Gschwend_Frickenhofer%20Str_Kanalisation__kanalisation_1963_1-1024x682.jpg 1024w, https:\/\/redesign.imlaufderzeit.de\/wp-content\/uploads\/Gschwend_Frickenhofer%20Str_Kanalisation__kanalisation_1963_1-300x200.jpg 300w, https:\/\/redesign.imlaufderzeit.de\/wp-content\/uploads\/Gschwend_Frickenhofer%20Str_Kanalisation__kanalisation_1963_1-768x512.jpg 768w, https:\/\/redesign.imlaufderzeit.de\/wp-content\/uploads\/Gschwend_Frickenhofer%20Str_Kanalisation__kanalisation_1963_1-1536x1023.jpg 1536w, https:\/\/redesign.imlaufderzeit.de\/wp-content\/uploads\/Gschwend_Frickenhofer%20Str_Kanalisation__kanalisation_1963_1.jpg 1920w\" sizes=\"auto, (max-width: 1024px) 100vw, 1024px\" \/><button\n\t\t\tclass=\"lightbox-trigger\"\n\t\t\ttype=\"button\"\n\t\t\taria-haspopup=\"dialog\"\n\t\t\taria-label=\"Vergr\u00f6\u00dfern\"\n\t\t\tdata-wp-init=\"callbacks.initTriggerButton\"\n\t\t\tdata-wp-on--click=\"actions.showLightbox\"\n\t\t\tdata-wp-style--right=\"state.imageButtonRight\"\n\t\t\tdata-wp-style--top=\"state.imageButtonTop\"\n\t\t>\n\t\t\t<svg xmlns=\"http:\/\/www.w3.org\/2000\/svg\" width=\"12\" height=\"12\" fill=\"none\" viewBox=\"0 0 12 12\">\n\t\t\t\t<path fill=\"#fff\" d=\"M2 0a2 2 0 0 0-2 2v2h1.5V2a.5.5 0 0 1 .5-.5h2V0H2Zm2 10.5H2a.5.5 0 0 1-.5-.5V8H0v2a2 2 0 0 0 2 2h2v-1.5ZM8 12v-1.5h2a.5.5 0 0 0 .5-.5V8H12v2a2 2 0 0 1-2 2H8Zm2-12a2 2 0 0 1 2 2v2h-1.5V2a.5.5 0 0 0-.5-.5H8V0h2Z\" \/>\n\t\t\t<\/svg>\n\t\t<\/button><figcaption class=\"wp-element-caption\">Gschwend &#8211; Frickenhofer Str &#8211; Kanalisation &#8211; 1963<br>Bau der Kanalisation. Rechts Friseur Ockert<br>Foto Kranich. <\/figcaption><\/figure>\n\n\n\n<figure data-wp-context=\"{&quot;imageId&quot;:&quot;69edef7140312&quot;}\" data-wp-interactive=\"core\/image\" data-wp-key=\"69edef7140312\" class=\"wp-block-image size-large wp-lightbox-container\"><img loading=\"lazy\" decoding=\"async\" width=\"1024\" height=\"693\" data-wp-class--hide=\"state.isContentHidden\" data-wp-class--show=\"state.isContentVisible\" data-wp-init=\"callbacks.setButtonStyles\" data-wp-on--click=\"actions.showLightbox\" data-wp-on--load=\"callbacks.setButtonStyles\" data-wp-on-window--resize=\"callbacks.setButtonStyles\" data-id=\"92\" src=\"https:\/\/redesign.imlaufderzeit.de\/wp-content\/uploads\/Gschwend_Frickenhofer Str_Kanalisation__kanalisation_1963-1024x693.jpg\" alt=\"Gschwend - Frickenhofer Str - Kanalisation - 1963000000\" class=\"wp-image-92\" srcset=\"https:\/\/redesign.imlaufderzeit.de\/wp-content\/uploads\/Gschwend_Frickenhofer%20Str_Kanalisation__kanalisation_1963-1024x693.jpg 1024w, https:\/\/redesign.imlaufderzeit.de\/wp-content\/uploads\/Gschwend_Frickenhofer%20Str_Kanalisation__kanalisation_1963-300x203.jpg 300w, https:\/\/redesign.imlaufderzeit.de\/wp-content\/uploads\/Gschwend_Frickenhofer%20Str_Kanalisation__kanalisation_1963-768x520.jpg 768w, https:\/\/redesign.imlaufderzeit.de\/wp-content\/uploads\/Gschwend_Frickenhofer%20Str_Kanalisation__kanalisation_1963-1536x1040.jpg 1536w, https:\/\/redesign.imlaufderzeit.de\/wp-content\/uploads\/Gschwend_Frickenhofer%20Str_Kanalisation__kanalisation_1963.jpg 1920w\" sizes=\"auto, (max-width: 1024px) 100vw, 1024px\" \/><button\n\t\t\tclass=\"lightbox-trigger\"\n\t\t\ttype=\"button\"\n\t\t\taria-haspopup=\"dialog\"\n\t\t\taria-label=\"Vergr\u00f6\u00dfern\"\n\t\t\tdata-wp-init=\"callbacks.initTriggerButton\"\n\t\t\tdata-wp-on--click=\"actions.showLightbox\"\n\t\t\tdata-wp-style--right=\"state.imageButtonRight\"\n\t\t\tdata-wp-style--top=\"state.imageButtonTop\"\n\t\t>\n\t\t\t<svg xmlns=\"http:\/\/www.w3.org\/2000\/svg\" width=\"12\" height=\"12\" fill=\"none\" viewBox=\"0 0 12 12\">\n\t\t\t\t<path fill=\"#fff\" d=\"M2 0a2 2 0 0 0-2 2v2h1.5V2a.5.5 0 0 1 .5-.5h2V0H2Zm2 10.5H2a.5.5 0 0 1-.5-.5V8H0v2a2 2 0 0 0 2 2h2v-1.5ZM8 12v-1.5h2a.5.5 0 0 0 .5-.5V8H12v2a2 2 0 0 1-2 2H8Zm2-12a2 2 0 0 1 2 2v2h-1.5V2a.5.5 0 0 0-.5-.5H8V0h2Z\" \/>\n\t\t\t<\/svg>\n\t\t<\/button><figcaption class=\"wp-element-caption\">Gschwend &#8211; Frickenhofer Str &#8211; Kanalisation &#8211; 1963<br>Im Hintergrund die ersten H\u00e4user des Asperg.<br> Foto Kranich<\/figcaption><\/figure>\n\n\n\n<figure data-wp-context=\"{&quot;imageId&quot;:&quot;69edef71406d6&quot;}\" data-wp-interactive=\"core\/image\" data-wp-key=\"69edef71406d6\" class=\"wp-block-image size-large wp-lightbox-container\"><img loading=\"lazy\" decoding=\"async\" width=\"1024\" height=\"668\" data-wp-class--hide=\"state.isContentHidden\" data-wp-class--show=\"state.isContentVisible\" data-wp-init=\"callbacks.setButtonStyles\" data-wp-on--click=\"actions.showLightbox\" data-wp-on--load=\"callbacks.setButtonStyles\" data-wp-on-window--resize=\"callbacks.setButtonStyles\" data-id=\"90\" src=\"http:\/\/redesign.imlaufderzeit.de\/wp-content\/uploads\/Gschwend_Frickenhofer Str_Kanalisation__1991-1024x668.jpg\" alt=\"Gschwend - Frickenhofer Str - Kanalisation__1991\" class=\"wp-image-90\" srcset=\"https:\/\/redesign.imlaufderzeit.de\/wp-content\/uploads\/Gschwend_Frickenhofer%20Str_Kanalisation__1991-1024x668.jpg 1024w, https:\/\/redesign.imlaufderzeit.de\/wp-content\/uploads\/Gschwend_Frickenhofer%20Str_Kanalisation__1991-300x196.jpg 300w, https:\/\/redesign.imlaufderzeit.de\/wp-content\/uploads\/Gschwend_Frickenhofer%20Str_Kanalisation__1991-768x501.jpg 768w, https:\/\/redesign.imlaufderzeit.de\/wp-content\/uploads\/Gschwend_Frickenhofer%20Str_Kanalisation__1991-1536x1002.jpg 1536w, https:\/\/redesign.imlaufderzeit.de\/wp-content\/uploads\/Gschwend_Frickenhofer%20Str_Kanalisation__1991.jpg 1920w\" sizes=\"auto, (max-width: 1024px) 100vw, 1024px\" \/><button\n\t\t\tclass=\"lightbox-trigger\"\n\t\t\ttype=\"button\"\n\t\t\taria-haspopup=\"dialog\"\n\t\t\taria-label=\"Vergr\u00f6\u00dfern\"\n\t\t\tdata-wp-init=\"callbacks.initTriggerButton\"\n\t\t\tdata-wp-on--click=\"actions.showLightbox\"\n\t\t\tdata-wp-style--right=\"state.imageButtonRight\"\n\t\t\tdata-wp-style--top=\"state.imageButtonTop\"\n\t\t>\n\t\t\t<svg xmlns=\"http:\/\/www.w3.org\/2000\/svg\" width=\"12\" height=\"12\" fill=\"none\" viewBox=\"0 0 12 12\">\n\t\t\t\t<path fill=\"#fff\" d=\"M2 0a2 2 0 0 0-2 2v2h1.5V2a.5.5 0 0 1 .5-.5h2V0H2Zm2 10.5H2a.5.5 0 0 1-.5-.5V8H0v2a2 2 0 0 0 2 2h2v-1.5ZM8 12v-1.5h2a.5.5 0 0 0 .5-.5V8H12v2a2 2 0 0 1-2 2H8Zm2-12a2 2 0 0 1 2 2v2h-1.5V2a.5.5 0 0 0-.5-.5H8V0h2Z\" \/>\n\t\t\t<\/svg>\n\t\t<\/button><figcaption class=\"wp-element-caption\">Gschwend &#8211; Frickenhofer Str &#8211; Kanalisation &#8211; 1991 <br>Erneuerung der Kanalisation 1991Erneuerung der Kanalisation <br>Foto Klaus Ockert<\/figcaption><\/figure>\n\n\n\n<figure data-wp-context=\"{&quot;imageId&quot;:&quot;69edef7140a96&quot;}\" data-wp-interactive=\"core\/image\" data-wp-key=\"69edef7140a96\" class=\"wp-block-image size-large wp-lightbox-container\"><img loading=\"lazy\" decoding=\"async\" width=\"1024\" height=\"668\" data-wp-class--hide=\"state.isContentHidden\" data-wp-class--show=\"state.isContentVisible\" data-wp-init=\"callbacks.setButtonStyles\" data-wp-on--click=\"actions.showLightbox\" data-wp-on--load=\"callbacks.setButtonStyles\" data-wp-on-window--resize=\"callbacks.setButtonStyles\" data-id=\"91\" src=\"http:\/\/redesign.imlaufderzeit.de\/wp-content\/uploads\/Gschwend_Frickenhofer Str_Kanalisation__1991_1-1024x668.jpg\" alt=\"Gschwend - Frickenhofer Str - Kanalisation__1991\" class=\"wp-image-91\" srcset=\"https:\/\/redesign.imlaufderzeit.de\/wp-content\/uploads\/Gschwend_Frickenhofer%20Str_Kanalisation__1991_1-1024x668.jpg 1024w, https:\/\/redesign.imlaufderzeit.de\/wp-content\/uploads\/Gschwend_Frickenhofer%20Str_Kanalisation__1991_1-300x196.jpg 300w, https:\/\/redesign.imlaufderzeit.de\/wp-content\/uploads\/Gschwend_Frickenhofer%20Str_Kanalisation__1991_1-768x501.jpg 768w, https:\/\/redesign.imlaufderzeit.de\/wp-content\/uploads\/Gschwend_Frickenhofer%20Str_Kanalisation__1991_1-1536x1002.jpg 1536w, https:\/\/redesign.imlaufderzeit.de\/wp-content\/uploads\/Gschwend_Frickenhofer%20Str_Kanalisation__1991_1.jpg 1920w\" sizes=\"auto, (max-width: 1024px) 100vw, 1024px\" \/><button\n\t\t\tclass=\"lightbox-trigger\"\n\t\t\ttype=\"button\"\n\t\t\taria-haspopup=\"dialog\"\n\t\t\taria-label=\"Vergr\u00f6\u00dfern\"\n\t\t\tdata-wp-init=\"callbacks.initTriggerButton\"\n\t\t\tdata-wp-on--click=\"actions.showLightbox\"\n\t\t\tdata-wp-style--right=\"state.imageButtonRight\"\n\t\t\tdata-wp-style--top=\"state.imageButtonTop\"\n\t\t>\n\t\t\t<svg xmlns=\"http:\/\/www.w3.org\/2000\/svg\" width=\"12\" height=\"12\" fill=\"none\" viewBox=\"0 0 12 12\">\n\t\t\t\t<path fill=\"#fff\" d=\"M2 0a2 2 0 0 0-2 2v2h1.5V2a.5.5 0 0 1 .5-.5h2V0H2Zm2 10.5H2a.5.5 0 0 1-.5-.5V8H0v2a2 2 0 0 0 2 2h2v-1.5ZM8 12v-1.5h2a.5.5 0 0 0 .5-.5V8H12v2a2 2 0 0 1-2 2H8Zm2-12a2 2 0 0 1 2 2v2h-1.5V2a.5.5 0 0 0-.5-.5H8V0h2Z\" \/>\n\t\t\t<\/svg>\n\t\t<\/button><figcaption class=\"wp-element-caption\">Gschwend &#8211; Frickenhofer Str &#8211; Kanalisation &#8211; 1991 <br>Erneuerung der Kanalisation 1991 <br>Foto Klaus Ockert<\/figcaption><\/figure>\n\n\n\n<figure data-wp-context=\"{&quot;imageId&quot;:&quot;69edef7140e5d&quot;}\" data-wp-interactive=\"core\/image\" data-wp-key=\"69edef7140e5d\" class=\"wp-block-image size-large wp-lightbox-container\"><img loading=\"lazy\" decoding=\"async\" width=\"1024\" height=\"660\" data-wp-class--hide=\"state.isContentHidden\" data-wp-class--show=\"state.isContentVisible\" data-wp-init=\"callbacks.setButtonStyles\" data-wp-on--click=\"actions.showLightbox\" data-wp-on--load=\"callbacks.setButtonStyles\" data-wp-on-window--resize=\"callbacks.setButtonStyles\" data-id=\"81\" src=\"https:\/\/redesign.imlaufderzeit.de\/wp-content\/uploads\/Gschwend_Frickenhofer Str_Ansichten__Dia-001a-1024x660.jpg\" alt=\"Gschwend - Frickenhofer Str_Ansichten - 1960000000\" class=\"wp-image-81\" srcset=\"https:\/\/redesign.imlaufderzeit.de\/wp-content\/uploads\/Gschwend_Frickenhofer%20Str_Ansichten__Dia-001a-1024x660.jpg 1024w, https:\/\/redesign.imlaufderzeit.de\/wp-content\/uploads\/Gschwend_Frickenhofer%20Str_Ansichten__Dia-001a-300x193.jpg 300w, https:\/\/redesign.imlaufderzeit.de\/wp-content\/uploads\/Gschwend_Frickenhofer%20Str_Ansichten__Dia-001a-768x495.jpg 768w, https:\/\/redesign.imlaufderzeit.de\/wp-content\/uploads\/Gschwend_Frickenhofer%20Str_Ansichten__Dia-001a-1536x990.jpg 1536w, https:\/\/redesign.imlaufderzeit.de\/wp-content\/uploads\/Gschwend_Frickenhofer%20Str_Ansichten__Dia-001a.jpg 1920w\" sizes=\"auto, (max-width: 1024px) 100vw, 1024px\" \/><button\n\t\t\tclass=\"lightbox-trigger\"\n\t\t\ttype=\"button\"\n\t\t\taria-haspopup=\"dialog\"\n\t\t\taria-label=\"Vergr\u00f6\u00dfern\"\n\t\t\tdata-wp-init=\"callbacks.initTriggerButton\"\n\t\t\tdata-wp-on--click=\"actions.showLightbox\"\n\t\t\tdata-wp-style--right=\"state.imageButtonRight\"\n\t\t\tdata-wp-style--top=\"state.imageButtonTop\"\n\t\t>\n\t\t\t<svg xmlns=\"http:\/\/www.w3.org\/2000\/svg\" width=\"12\" height=\"12\" fill=\"none\" viewBox=\"0 0 12 12\">\n\t\t\t\t<path fill=\"#fff\" d=\"M2 0a2 2 0 0 0-2 2v2h1.5V2a.5.5 0 0 1 .5-.5h2V0H2Zm2 10.5H2a.5.5 0 0 1-.5-.5V8H0v2a2 2 0 0 0 2 2h2v-1.5ZM8 12v-1.5h2a.5.5 0 0 0 .5-.5V8H12v2a2 2 0 0 1-2 2H8Zm2-12a2 2 0 0 1 2 2v2h-1.5V2a.5.5 0 0 0-.5-.5H8V0h2Z\" \/>\n\t\t\t<\/svg>\n\t\t<\/button><figcaption class=\"wp-element-caption\">Gschwend &#8211; Frickenhofer Str &#8211; Ansichten &#8211; 1960<br>Feldscheuer der Fam. Schurr. Wurde im Zuge von Gel\u00e4ndeauff\u00fcllungen der Fa. Kunz abgerissen.<br>Der Buckel rechts hei\u00dft heute noch Schurenbuckel.<br>Befand sich an der Abzweigung von der Frickenhofer Str. Richtung Gschwender M\u00fchle.<\/figcaption><\/figure>\n<\/figure>\n","protected":false},"excerpt":{"rendered":"","protected":false},"author":1,"featured_media":0,"parent":8,"menu_order":0,"comment_status":"closed","ping_status":"closed","template":"","meta":{"footnotes":""},"class_list":["post-560","page","type-page","status-publish","hentry"],"_links":{"self":[{"href":"https:\/\/redesign.imlaufderzeit.de\/index.php?rest_route=\/wp\/v2\/pages\/560","targetHints":{"allow":["GET"]}}],"collection":[{"href":"https:\/\/redesign.imlaufderzeit.de\/index.php?rest_route=\/wp\/v2\/pages"}],"about":[{"href":"https:\/\/redesign.imlaufderzeit.de\/index.php?rest_route=\/wp\/v2\/types\/page"}],"author":[{"embeddable":true,"href":"https:\/\/redesign.imlaufderzeit.de\/index.php?rest_route=\/wp\/v2\/users\/1"}],"replies":[{"embeddable":true,"href":"https:\/\/redesign.imlaufderzeit.de\/index.php?rest_route=%2Fwp%2Fv2%2Fcomments&post=560"}],"version-history":[{"count":115,"href":"https:\/\/redesign.imlaufderzeit.de\/index.php?rest_route=\/wp\/v2\/pages\/560\/revisions"}],"predecessor-version":[{"id":1487,"href":"https:\/\/redesign.imlaufderzeit.de\/index.php?rest_route=\/wp\/v2\/pages\/560\/revisions\/1487"}],"up":[{"embeddable":true,"href":"https:\/\/redesign.imlaufderzeit.de\/index.php?rest_route=\/wp\/v2\/pages\/8"}],"wp:attachment":[{"href":"https:\/\/redesign.imlaufderzeit.de\/index.php?rest_route=%2Fwp%2Fv2%2Fmedia&parent=560"}],"curies":[{"name":"wp","href":"https:\/\/api.w.org\/{rel}","templated":true}]}}