{"id":561,"date":"2025-10-31T11:50:28","date_gmt":"2025-10-31T10:50:28","guid":{"rendered":"https:\/\/redesign.imlaufderzeit.de\/?page_id=561"},"modified":"2026-02-27T13:51:57","modified_gmt":"2026-02-27T12:51:57","slug":"friedhofstrasse","status":"publish","type":"page","link":"https:\/\/redesign.imlaufderzeit.de\/?page_id=561","title":{"rendered":"Friedhofstra\u00dfe"},"content":{"rendered":"<h2 class=\"wp-block-post-title\">Friedhofstra\u00dfe<\/h2>\n\n\n<figure class=\"wp-block-gallery has-nested-images columns-2 wp-block-gallery-1 is-layout-flex wp-block-gallery-is-layout-flex\">\n<figure data-wp-context=\"{&quot;imageId&quot;:&quot;69eddeeab750b&quot;}\" data-wp-interactive=\"core\/image\" data-wp-key=\"69eddeeab750b\" class=\"wp-block-image size-large wp-lightbox-container\"><img loading=\"lazy\" decoding=\"async\" width=\"1024\" height=\"921\" data-wp-class--hide=\"state.isContentHidden\" data-wp-class--show=\"state.isContentVisible\" data-wp-init=\"callbacks.setButtonStyles\" data-wp-on--click=\"actions.showLightbox\" data-wp-on--load=\"callbacks.setButtonStyles\" data-wp-on-window--resize=\"callbacks.setButtonStyles\" data-id=\"243\" src=\"https:\/\/redesign.imlaufderzeit.de\/wp-content\/uploads\/Gschwend_Friedhofstra\u00dfe_Nr1__Grau 1910-1024x921.jpg\" alt=\"Gschwend - Friedhofstra\u00dfe - Hausnummer 1 - 1910000000\" class=\"wp-image-243\" srcset=\"https:\/\/redesign.imlaufderzeit.de\/wp-content\/uploads\/Gschwend_Friedhofstra\u00dfe_Nr1__Grau%201910-1024x921.jpg 1024w, https:\/\/redesign.imlaufderzeit.de\/wp-content\/uploads\/Gschwend_Friedhofstra\u00dfe_Nr1__Grau%201910-300x270.jpg 300w, https:\/\/redesign.imlaufderzeit.de\/wp-content\/uploads\/Gschwend_Friedhofstra\u00dfe_Nr1__Grau%201910-768x690.jpg 768w, https:\/\/redesign.imlaufderzeit.de\/wp-content\/uploads\/Gschwend_Friedhofstra\u00dfe_Nr1__Grau%201910-1536x1381.jpg 1536w, https:\/\/redesign.imlaufderzeit.de\/wp-content\/uploads\/Gschwend_Friedhofstra\u00dfe_Nr1__Grau%201910.jpg 1920w\" sizes=\"auto, (max-width: 1024px) 100vw, 1024px\" \/><button\n\t\t\tclass=\"lightbox-trigger\"\n\t\t\ttype=\"button\"\n\t\t\taria-haspopup=\"dialog\"\n\t\t\taria-label=\"Vergr\u00f6\u00dfern\"\n\t\t\tdata-wp-init=\"callbacks.initTriggerButton\"\n\t\t\tdata-wp-on--click=\"actions.showLightbox\"\n\t\t\tdata-wp-style--right=\"state.imageButtonRight\"\n\t\t\tdata-wp-style--top=\"state.imageButtonTop\"\n\t\t>\n\t\t\t<svg xmlns=\"http:\/\/www.w3.org\/2000\/svg\" width=\"12\" height=\"12\" fill=\"none\" viewBox=\"0 0 12 12\">\n\t\t\t\t<path fill=\"#fff\" d=\"M2 0a2 2 0 0 0-2 2v2h1.5V2a.5.5 0 0 1 .5-.5h2V0H2Zm2 10.5H2a.5.5 0 0 1-.5-.5V8H0v2a2 2 0 0 0 2 2h2v-1.5ZM8 12v-1.5h2a.5.5 0 0 0 .5-.5V8H12v2a2 2 0 0 1-2 2H8Zm2-12a2 2 0 0 1 2 2v2h-1.5V2a.5.5 0 0 0-.5-.5H8V0h2Z\" \/>\n\t\t\t<\/svg>\n\t\t<\/button><figcaption class=\"wp-element-caption\">Gschwend &#8211; Friedhofstra\u00dfe &#8211; Hausnummer 1 &#8211; 1901<br>Gem\u00e4lde von A. Gr\u00f6z<\/figcaption><\/figure>\n\n\n\n<figure data-wp-context=\"{&quot;imageId&quot;:&quot;69eddeeab792a&quot;}\" data-wp-interactive=\"core\/image\" data-wp-key=\"69eddeeab792a\" class=\"wp-block-image size-large wp-lightbox-container\"><img loading=\"lazy\" decoding=\"async\" width=\"1024\" height=\"683\" data-wp-class--hide=\"state.isContentHidden\" data-wp-class--show=\"state.isContentVisible\" data-wp-init=\"callbacks.setButtonStyles\" data-wp-on--click=\"actions.showLightbox\" data-wp-on--load=\"callbacks.setButtonStyles\" data-wp-on-window--resize=\"callbacks.setButtonStyles\" data-id=\"246\" src=\"https:\/\/redesign.imlaufderzeit.de\/wp-content\/uploads\/Gschwend_Friedhofstra\u00dfe_Nr1__IMG-7_4596-1024x683.jpg\" alt=\"Gschwend - Friedhofstra\u00dfe - Hausnummer 1 - 2020000000\" class=\"wp-image-246\" srcset=\"https:\/\/redesign.imlaufderzeit.de\/wp-content\/uploads\/Gschwend_Friedhofstra\u00dfe_Nr1__IMG-7_4596-1024x683.jpg 1024w, https:\/\/redesign.imlaufderzeit.de\/wp-content\/uploads\/Gschwend_Friedhofstra\u00dfe_Nr1__IMG-7_4596-300x200.jpg 300w, https:\/\/redesign.imlaufderzeit.de\/wp-content\/uploads\/Gschwend_Friedhofstra\u00dfe_Nr1__IMG-7_4596-768x512.jpg 768w, https:\/\/redesign.imlaufderzeit.de\/wp-content\/uploads\/Gschwend_Friedhofstra\u00dfe_Nr1__IMG-7_4596-1536x1024.jpg 1536w, https:\/\/redesign.imlaufderzeit.de\/wp-content\/uploads\/Gschwend_Friedhofstra\u00dfe_Nr1__IMG-7_4596.JPG 1920w\" sizes=\"auto, (max-width: 1024px) 100vw, 1024px\" \/><button\n\t\t\tclass=\"lightbox-trigger\"\n\t\t\ttype=\"button\"\n\t\t\taria-haspopup=\"dialog\"\n\t\t\taria-label=\"Vergr\u00f6\u00dfern\"\n\t\t\tdata-wp-init=\"callbacks.initTriggerButton\"\n\t\t\tdata-wp-on--click=\"actions.showLightbox\"\n\t\t\tdata-wp-style--right=\"state.imageButtonRight\"\n\t\t\tdata-wp-style--top=\"state.imageButtonTop\"\n\t\t>\n\t\t\t<svg xmlns=\"http:\/\/www.w3.org\/2000\/svg\" width=\"12\" height=\"12\" fill=\"none\" viewBox=\"0 0 12 12\">\n\t\t\t\t<path fill=\"#fff\" d=\"M2 0a2 2 0 0 0-2 2v2h1.5V2a.5.5 0 0 1 .5-.5h2V0H2Zm2 10.5H2a.5.5 0 0 1-.5-.5V8H0v2a2 2 0 0 0 2 2h2v-1.5ZM8 12v-1.5h2a.5.5 0 0 0 .5-.5V8H12v2a2 2 0 0 1-2 2H8Zm2-12a2 2 0 0 1 2 2v2h-1.5V2a.5.5 0 0 0-.5-.5H8V0h2Z\" \/>\n\t\t\t<\/svg>\n\t\t<\/button><figcaption class=\"wp-element-caption\">Gschwend &#8211; Friedhofstra\u00dfe &#8211; Hausnummer 1 &#8211; 2020<br>Fr\u00fcher Wagner Grau <br>Foto Klaus Ockert<\/figcaption><\/figure>\n\n\n\n<figure data-wp-context=\"{&quot;imageId&quot;:&quot;69eddeeab7cc2&quot;}\" data-wp-interactive=\"core\/image\" data-wp-key=\"69eddeeab7cc2\" class=\"wp-block-image size-large wp-lightbox-container\"><img loading=\"lazy\" decoding=\"async\" width=\"1024\" height=\"683\" data-wp-class--hide=\"state.isContentHidden\" data-wp-class--show=\"state.isContentVisible\" data-wp-init=\"callbacks.setButtonStyles\" data-wp-on--click=\"actions.showLightbox\" data-wp-on--load=\"callbacks.setButtonStyles\" data-wp-on-window--resize=\"callbacks.setButtonStyles\" data-id=\"245\" src=\"https:\/\/redesign.imlaufderzeit.de\/wp-content\/uploads\/Gschwend_Friedhofstra\u00dfe_Nr1__IMG-7_4590-1024x683.jpg\" alt=\"Gschwend - Friedhofstra\u00dfe - Hausnummer 1 - 2020000000\" class=\"wp-image-245\" srcset=\"https:\/\/redesign.imlaufderzeit.de\/wp-content\/uploads\/Gschwend_Friedhofstra\u00dfe_Nr1__IMG-7_4590-1024x683.jpg 1024w, https:\/\/redesign.imlaufderzeit.de\/wp-content\/uploads\/Gschwend_Friedhofstra\u00dfe_Nr1__IMG-7_4590-300x200.jpg 300w, https:\/\/redesign.imlaufderzeit.de\/wp-content\/uploads\/Gschwend_Friedhofstra\u00dfe_Nr1__IMG-7_4590-768x512.jpg 768w, https:\/\/redesign.imlaufderzeit.de\/wp-content\/uploads\/Gschwend_Friedhofstra\u00dfe_Nr1__IMG-7_4590-1536x1024.jpg 1536w, https:\/\/redesign.imlaufderzeit.de\/wp-content\/uploads\/Gschwend_Friedhofstra\u00dfe_Nr1__IMG-7_4590.JPG 1920w\" sizes=\"auto, (max-width: 1024px) 100vw, 1024px\" \/><button\n\t\t\tclass=\"lightbox-trigger\"\n\t\t\ttype=\"button\"\n\t\t\taria-haspopup=\"dialog\"\n\t\t\taria-label=\"Vergr\u00f6\u00dfern\"\n\t\t\tdata-wp-init=\"callbacks.initTriggerButton\"\n\t\t\tdata-wp-on--click=\"actions.showLightbox\"\n\t\t\tdata-wp-style--right=\"state.imageButtonRight\"\n\t\t\tdata-wp-style--top=\"state.imageButtonTop\"\n\t\t>\n\t\t\t<svg xmlns=\"http:\/\/www.w3.org\/2000\/svg\" width=\"12\" height=\"12\" fill=\"none\" viewBox=\"0 0 12 12\">\n\t\t\t\t<path fill=\"#fff\" d=\"M2 0a2 2 0 0 0-2 2v2h1.5V2a.5.5 0 0 1 .5-.5h2V0H2Zm2 10.5H2a.5.5 0 0 1-.5-.5V8H0v2a2 2 0 0 0 2 2h2v-1.5ZM8 12v-1.5h2a.5.5 0 0 0 .5-.5V8H12v2a2 2 0 0 1-2 2H8Zm2-12a2 2 0 0 1 2 2v2h-1.5V2a.5.5 0 0 0-.5-.5H8V0h2Z\" \/>\n\t\t\t<\/svg>\n\t\t<\/button><figcaption class=\"wp-element-caption\">Gschwend &#8211; Friedhofstra\u00dfe &#8211; Hausnummer 1 &#8211; 2020 <br>Foto Klaus Ockert<\/figcaption><\/figure>\n\n\n\n<figure data-wp-context=\"{&quot;imageId&quot;:&quot;69eddeeab8058&quot;}\" data-wp-interactive=\"core\/image\" data-wp-key=\"69eddeeab8058\" class=\"wp-block-image size-large wp-lightbox-container\"><img loading=\"lazy\" decoding=\"async\" width=\"1024\" height=\"683\" data-wp-class--hide=\"state.isContentHidden\" data-wp-class--show=\"state.isContentVisible\" data-wp-init=\"callbacks.setButtonStyles\" data-wp-on--click=\"actions.showLightbox\" data-wp-on--load=\"callbacks.setButtonStyles\" data-wp-on-window--resize=\"callbacks.setButtonStyles\" data-id=\"244\" src=\"https:\/\/redesign.imlaufderzeit.de\/wp-content\/uploads\/Gschwend_Friedhofstra\u00dfe_Nr1__IMG-7_4567-1024x683.jpg\" alt=\"Gschwend - Friedhofstra\u00dfe - Hausnummer 1 - 2020000000\" class=\"wp-image-244\" srcset=\"https:\/\/redesign.imlaufderzeit.de\/wp-content\/uploads\/Gschwend_Friedhofstra\u00dfe_Nr1__IMG-7_4567-1024x683.jpg 1024w, https:\/\/redesign.imlaufderzeit.de\/wp-content\/uploads\/Gschwend_Friedhofstra\u00dfe_Nr1__IMG-7_4567-300x200.jpg 300w, https:\/\/redesign.imlaufderzeit.de\/wp-content\/uploads\/Gschwend_Friedhofstra\u00dfe_Nr1__IMG-7_4567-768x512.jpg 768w, https:\/\/redesign.imlaufderzeit.de\/wp-content\/uploads\/Gschwend_Friedhofstra\u00dfe_Nr1__IMG-7_4567-1536x1024.jpg 1536w, https:\/\/redesign.imlaufderzeit.de\/wp-content\/uploads\/Gschwend_Friedhofstra\u00dfe_Nr1__IMG-7_4567.JPG 1920w\" sizes=\"auto, (max-width: 1024px) 100vw, 1024px\" \/><button\n\t\t\tclass=\"lightbox-trigger\"\n\t\t\ttype=\"button\"\n\t\t\taria-haspopup=\"dialog\"\n\t\t\taria-label=\"Vergr\u00f6\u00dfern\"\n\t\t\tdata-wp-init=\"callbacks.initTriggerButton\"\n\t\t\tdata-wp-on--click=\"actions.showLightbox\"\n\t\t\tdata-wp-style--right=\"state.imageButtonRight\"\n\t\t\tdata-wp-style--top=\"state.imageButtonTop\"\n\t\t>\n\t\t\t<svg xmlns=\"http:\/\/www.w3.org\/2000\/svg\" width=\"12\" height=\"12\" fill=\"none\" viewBox=\"0 0 12 12\">\n\t\t\t\t<path fill=\"#fff\" d=\"M2 0a2 2 0 0 0-2 2v2h1.5V2a.5.5 0 0 1 .5-.5h2V0H2Zm2 10.5H2a.5.5 0 0 1-.5-.5V8H0v2a2 2 0 0 0 2 2h2v-1.5ZM8 12v-1.5h2a.5.5 0 0 0 .5-.5V8H12v2a2 2 0 0 1-2 2H8Zm2-12a2 2 0 0 1 2 2v2h-1.5V2a.5.5 0 0 0-.5-.5H8V0h2Z\" \/>\n\t\t\t<\/svg>\n\t\t<\/button><figcaption class=\"wp-element-caption\">Gschwend &#8211; Friedhofstra\u00dfe &#8211; Hausnummer 1 &#8211; 2020<br>Foto Klaus Ockert<br>Fr\u00fcher Wagner Grau<br>Foto Klaus Ockert<\/figcaption><\/figure>\n\n\n\n<figure data-wp-context=\"{&quot;imageId&quot;:&quot;69eddeeab83d7&quot;}\" data-wp-interactive=\"core\/image\" data-wp-key=\"69eddeeab83d7\" class=\"wp-block-image size-large wp-lightbox-container\"><img loading=\"lazy\" decoding=\"async\" width=\"910\" height=\"1024\" data-wp-class--hide=\"state.isContentHidden\" data-wp-class--show=\"state.isContentVisible\" data-wp-init=\"callbacks.setButtonStyles\" data-wp-on--click=\"actions.showLightbox\" data-wp-on--load=\"callbacks.setButtonStyles\" data-wp-on-window--resize=\"callbacks.setButtonStyles\" data-id=\"254\" src=\"https:\/\/redesign.imlaufderzeit.de\/wp-content\/uploads\/Gschwend_Friedhofstra\u00dfe_Nr2__IMG8-910x1024.jpg\" alt=\"Gschwend - Friedhofstra\u00dfe - Hausnummer 2 - 1950000000\" class=\"wp-image-254\" srcset=\"https:\/\/redesign.imlaufderzeit.de\/wp-content\/uploads\/Gschwend_Friedhofstra\u00dfe_Nr2__IMG8-910x1024.jpg 910w, https:\/\/redesign.imlaufderzeit.de\/wp-content\/uploads\/Gschwend_Friedhofstra\u00dfe_Nr2__IMG8-267x300.jpg 267w, https:\/\/redesign.imlaufderzeit.de\/wp-content\/uploads\/Gschwend_Friedhofstra\u00dfe_Nr2__IMG8-768x864.jpg 768w, https:\/\/redesign.imlaufderzeit.de\/wp-content\/uploads\/Gschwend_Friedhofstra\u00dfe_Nr2__IMG8-1365x1536.jpg 1365w, https:\/\/redesign.imlaufderzeit.de\/wp-content\/uploads\/Gschwend_Friedhofstra\u00dfe_Nr2__IMG8-1820x2048.jpg 1820w, https:\/\/redesign.imlaufderzeit.de\/wp-content\/uploads\/Gschwend_Friedhofstra\u00dfe_Nr2__IMG8.jpg 1920w\" sizes=\"auto, (max-width: 910px) 100vw, 910px\" \/><button\n\t\t\tclass=\"lightbox-trigger\"\n\t\t\ttype=\"button\"\n\t\t\taria-haspopup=\"dialog\"\n\t\t\taria-label=\"Vergr\u00f6\u00dfern\"\n\t\t\tdata-wp-init=\"callbacks.initTriggerButton\"\n\t\t\tdata-wp-on--click=\"actions.showLightbox\"\n\t\t\tdata-wp-style--right=\"state.imageButtonRight\"\n\t\t\tdata-wp-style--top=\"state.imageButtonTop\"\n\t\t>\n\t\t\t<svg xmlns=\"http:\/\/www.w3.org\/2000\/svg\" width=\"12\" height=\"12\" fill=\"none\" viewBox=\"0 0 12 12\">\n\t\t\t\t<path fill=\"#fff\" d=\"M2 0a2 2 0 0 0-2 2v2h1.5V2a.5.5 0 0 1 .5-.5h2V0H2Zm2 10.5H2a.5.5 0 0 1-.5-.5V8H0v2a2 2 0 0 0 2 2h2v-1.5ZM8 12v-1.5h2a.5.5 0 0 0 .5-.5V8H12v2a2 2 0 0 1-2 2H8Zm2-12a2 2 0 0 1 2 2v2h-1.5V2a.5.5 0 0 0-.5-.5H8V0h2Z\" \/>\n\t\t\t<\/svg>\n\t\t<\/button><figcaption class=\"wp-element-caption\">Gschwend &#8211; Friedhofstra\u00dfe &#8211; Hausnummer 2 &#8211; 1950<br>Wurde 2019 abgebrochen.<\/figcaption><\/figure>\n\n\n\n<figure data-wp-context=\"{&quot;imageId&quot;:&quot;69eddeeab8744&quot;}\" data-wp-interactive=\"core\/image\" data-wp-key=\"69eddeeab8744\" class=\"wp-block-image size-large wp-lightbox-container\"><img loading=\"lazy\" decoding=\"async\" width=\"1024\" height=\"683\" data-wp-class--hide=\"state.isContentHidden\" data-wp-class--show=\"state.isContentVisible\" data-wp-init=\"callbacks.setButtonStyles\" data-wp-on--click=\"actions.showLightbox\" data-wp-on--load=\"callbacks.setButtonStyles\" data-wp-on-window--resize=\"callbacks.setButtonStyles\" data-id=\"253\" src=\"https:\/\/redesign.imlaufderzeit.de\/wp-content\/uploads\/Gschwend_Friedhofstra\u00dfe_Nr2__IMG-7_4563-1024x683.jpg\" alt=\"Gschwend - Friedhofstra\u00dfe - Hausnummer 2 - 2020000000\" class=\"wp-image-253\" srcset=\"https:\/\/redesign.imlaufderzeit.de\/wp-content\/uploads\/Gschwend_Friedhofstra\u00dfe_Nr2__IMG-7_4563-1024x683.jpg 1024w, https:\/\/redesign.imlaufderzeit.de\/wp-content\/uploads\/Gschwend_Friedhofstra\u00dfe_Nr2__IMG-7_4563-300x200.jpg 300w, https:\/\/redesign.imlaufderzeit.de\/wp-content\/uploads\/Gschwend_Friedhofstra\u00dfe_Nr2__IMG-7_4563-768x512.jpg 768w, https:\/\/redesign.imlaufderzeit.de\/wp-content\/uploads\/Gschwend_Friedhofstra\u00dfe_Nr2__IMG-7_4563-1536x1024.jpg 1536w, https:\/\/redesign.imlaufderzeit.de\/wp-content\/uploads\/Gschwend_Friedhofstra\u00dfe_Nr2__IMG-7_4563.JPG 1920w\" sizes=\"auto, (max-width: 1024px) 100vw, 1024px\" \/><button\n\t\t\tclass=\"lightbox-trigger\"\n\t\t\ttype=\"button\"\n\t\t\taria-haspopup=\"dialog\"\n\t\t\taria-label=\"Vergr\u00f6\u00dfern\"\n\t\t\tdata-wp-init=\"callbacks.initTriggerButton\"\n\t\t\tdata-wp-on--click=\"actions.showLightbox\"\n\t\t\tdata-wp-style--right=\"state.imageButtonRight\"\n\t\t\tdata-wp-style--top=\"state.imageButtonTop\"\n\t\t>\n\t\t\t<svg xmlns=\"http:\/\/www.w3.org\/2000\/svg\" width=\"12\" height=\"12\" fill=\"none\" viewBox=\"0 0 12 12\">\n\t\t\t\t<path fill=\"#fff\" d=\"M2 0a2 2 0 0 0-2 2v2h1.5V2a.5.5 0 0 1 .5-.5h2V0H2Zm2 10.5H2a.5.5 0 0 1-.5-.5V8H0v2a2 2 0 0 0 2 2h2v-1.5ZM8 12v-1.5h2a.5.5 0 0 0 .5-.5V8H12v2a2 2 0 0 1-2 2H8Zm2-12a2 2 0 0 1 2 2v2h-1.5V2a.5.5 0 0 0-.5-.5H8V0h2Z\" \/>\n\t\t\t<\/svg>\n\t\t<\/button><figcaption class=\"wp-element-caption\">Gschwend &#8211; Friedhofstra\u00dfe &#8211; Hausnummer 2 &#8211; 2020<br>Wurde 2019 abgebrochen.<br>Foto Klaus Ockert<\/figcaption><\/figure>\n\n\n\n<figure data-wp-context=\"{&quot;imageId&quot;:&quot;69eddeeab8aca&quot;}\" data-wp-interactive=\"core\/image\" data-wp-key=\"69eddeeab8aca\" class=\"wp-block-image size-large wp-lightbox-container\"><img loading=\"lazy\" decoding=\"async\" width=\"1024\" height=\"683\" data-wp-class--hide=\"state.isContentHidden\" data-wp-class--show=\"state.isContentVisible\" data-wp-init=\"callbacks.setButtonStyles\" data-wp-on--click=\"actions.showLightbox\" data-wp-on--load=\"callbacks.setButtonStyles\" data-wp-on-window--resize=\"callbacks.setButtonStyles\" data-id=\"266\" src=\"https:\/\/redesign.imlaufderzeit.de\/wp-content\/uploads\/Gschwend_Friedhofstra\u00dfe_Nr3__IMG-7_4591-1024x683.jpg\" alt=\"Gschwend - Friedhofstra\u00dfe - Hausnummer 3 - 2020000000\" class=\"wp-image-266\" srcset=\"https:\/\/redesign.imlaufderzeit.de\/wp-content\/uploads\/Gschwend_Friedhofstra\u00dfe_Nr3__IMG-7_4591-1024x683.jpg 1024w, https:\/\/redesign.imlaufderzeit.de\/wp-content\/uploads\/Gschwend_Friedhofstra\u00dfe_Nr3__IMG-7_4591-300x200.jpg 300w, https:\/\/redesign.imlaufderzeit.de\/wp-content\/uploads\/Gschwend_Friedhofstra\u00dfe_Nr3__IMG-7_4591-768x512.jpg 768w, https:\/\/redesign.imlaufderzeit.de\/wp-content\/uploads\/Gschwend_Friedhofstra\u00dfe_Nr3__IMG-7_4591-1536x1024.jpg 1536w, https:\/\/redesign.imlaufderzeit.de\/wp-content\/uploads\/Gschwend_Friedhofstra\u00dfe_Nr3__IMG-7_4591.JPG 1920w\" sizes=\"auto, (max-width: 1024px) 100vw, 1024px\" \/><button\n\t\t\tclass=\"lightbox-trigger\"\n\t\t\ttype=\"button\"\n\t\t\taria-haspopup=\"dialog\"\n\t\t\taria-label=\"Vergr\u00f6\u00dfern\"\n\t\t\tdata-wp-init=\"callbacks.initTriggerButton\"\n\t\t\tdata-wp-on--click=\"actions.showLightbox\"\n\t\t\tdata-wp-style--right=\"state.imageButtonRight\"\n\t\t\tdata-wp-style--top=\"state.imageButtonTop\"\n\t\t>\n\t\t\t<svg xmlns=\"http:\/\/www.w3.org\/2000\/svg\" width=\"12\" height=\"12\" fill=\"none\" viewBox=\"0 0 12 12\">\n\t\t\t\t<path fill=\"#fff\" d=\"M2 0a2 2 0 0 0-2 2v2h1.5V2a.5.5 0 0 1 .5-.5h2V0H2Zm2 10.5H2a.5.5 0 0 1-.5-.5V8H0v2a2 2 0 0 0 2 2h2v-1.5ZM8 12v-1.5h2a.5.5 0 0 0 .5-.5V8H12v2a2 2 0 0 1-2 2H8Zm2-12a2 2 0 0 1 2 2v2h-1.5V2a.5.5 0 0 0-.5-.5H8V0h2Z\" \/>\n\t\t\t<\/svg>\n\t\t<\/button><figcaption class=\"wp-element-caption\">Gschwend &#8211; Friedhofstra\u00dfe &#8211; Hausnummer 3 &#8211; 2020 <br>Foto Klaus Ockert<\/figcaption><\/figure>\n\n\n\n<figure class=\"wp-block-image size-large\"><img loading=\"lazy\" decoding=\"async\" width=\"767\" height=\"1024\" data-id=\"60\" src=\"https:\/\/redesign.imlaufderzeit.de\/wp-content\/uploads\/Gschwend_Auf dem Kugelwasen_Nr4__1935-767x1024.jpg\" alt=\"Gschwend - Friedhof Str - Hausnummer 4 - 1935\" class=\"wp-image-60\" srcset=\"https:\/\/redesign.imlaufderzeit.de\/wp-content\/uploads\/Gschwend_Auf%20dem%20Kugelwasen_Nr4__1935-767x1024.jpg 767w, https:\/\/redesign.imlaufderzeit.de\/wp-content\/uploads\/Gschwend_Auf%20dem%20Kugelwasen_Nr4__1935-225x300.jpg 225w, https:\/\/redesign.imlaufderzeit.de\/wp-content\/uploads\/Gschwend_Auf%20dem%20Kugelwasen_Nr4__1935-768x1026.jpg 768w, https:\/\/redesign.imlaufderzeit.de\/wp-content\/uploads\/Gschwend_Auf%20dem%20Kugelwasen_Nr4__1935-1150x1536.jpg 1150w, https:\/\/redesign.imlaufderzeit.de\/wp-content\/uploads\/Gschwend_Auf%20dem%20Kugelwasen_Nr4__1935-1534x2048.jpg 1534w, https:\/\/redesign.imlaufderzeit.de\/wp-content\/uploads\/Gschwend_Auf%20dem%20Kugelwasen_Nr4__1935-scaled.jpg 1917w\" sizes=\"auto, (max-width: 767px) 100vw, 767px\" \/><figcaption class=\"wp-element-caption\">Gschwend &#8211; Friedhof Str &#8211; Hausnummer 4 &#8211; 1935<\/figcaption><\/figure>\n\n\n\n<figure data-wp-context=\"{&quot;imageId&quot;:&quot;69eddeeab987e&quot;}\" data-wp-interactive=\"core\/image\" data-wp-key=\"69eddeeab987e\" class=\"wp-block-image size-large wp-lightbox-container\"><img loading=\"lazy\" decoding=\"async\" width=\"1024\" height=\"683\" data-wp-class--hide=\"state.isContentHidden\" data-wp-class--show=\"state.isContentVisible\" data-wp-init=\"callbacks.setButtonStyles\" data-wp-on--click=\"actions.showLightbox\" data-wp-on--load=\"callbacks.setButtonStyles\" data-wp-on-window--resize=\"callbacks.setButtonStyles\" data-id=\"272\" src=\"https:\/\/redesign.imlaufderzeit.de\/wp-content\/uploads\/Gschwend_Friedhofstra\u00dfe_Nr4__IMG-7_4564-1024x683.jpg\" alt=\"Gschwend - Friedhofstra\u00dfe - Hausnummer 4 - 2020000000\" class=\"wp-image-272\" srcset=\"https:\/\/redesign.imlaufderzeit.de\/wp-content\/uploads\/Gschwend_Friedhofstra\u00dfe_Nr4__IMG-7_4564-1024x683.jpg 1024w, https:\/\/redesign.imlaufderzeit.de\/wp-content\/uploads\/Gschwend_Friedhofstra\u00dfe_Nr4__IMG-7_4564-300x200.jpg 300w, https:\/\/redesign.imlaufderzeit.de\/wp-content\/uploads\/Gschwend_Friedhofstra\u00dfe_Nr4__IMG-7_4564-768x512.jpg 768w, https:\/\/redesign.imlaufderzeit.de\/wp-content\/uploads\/Gschwend_Friedhofstra\u00dfe_Nr4__IMG-7_4564-1536x1024.jpg 1536w, https:\/\/redesign.imlaufderzeit.de\/wp-content\/uploads\/Gschwend_Friedhofstra\u00dfe_Nr4__IMG-7_4564.JPG 1920w\" sizes=\"auto, (max-width: 1024px) 100vw, 1024px\" \/><button\n\t\t\tclass=\"lightbox-trigger\"\n\t\t\ttype=\"button\"\n\t\t\taria-haspopup=\"dialog\"\n\t\t\taria-label=\"Vergr\u00f6\u00dfern\"\n\t\t\tdata-wp-init=\"callbacks.initTriggerButton\"\n\t\t\tdata-wp-on--click=\"actions.showLightbox\"\n\t\t\tdata-wp-style--right=\"state.imageButtonRight\"\n\t\t\tdata-wp-style--top=\"state.imageButtonTop\"\n\t\t>\n\t\t\t<svg xmlns=\"http:\/\/www.w3.org\/2000\/svg\" width=\"12\" height=\"12\" fill=\"none\" viewBox=\"0 0 12 12\">\n\t\t\t\t<path fill=\"#fff\" d=\"M2 0a2 2 0 0 0-2 2v2h1.5V2a.5.5 0 0 1 .5-.5h2V0H2Zm2 10.5H2a.5.5 0 0 1-.5-.5V8H0v2a2 2 0 0 0 2 2h2v-1.5ZM8 12v-1.5h2a.5.5 0 0 0 .5-.5V8H12v2a2 2 0 0 1-2 2H8Zm2-12a2 2 0 0 1 2 2v2h-1.5V2a.5.5 0 0 0-.5-.5H8V0h2Z\" \/>\n\t\t\t<\/svg>\n\t\t<\/button><figcaption class=\"wp-element-caption\">Gschwend &#8211; Friedhofstra\u00dfe &#8211; Hausnummer 4 &#8211; 2020<br>Foto Klaus Ockert<\/figcaption><\/figure>\n\n\n\n<figure data-wp-context=\"{&quot;imageId&quot;:&quot;69eddeeab9c00&quot;}\" data-wp-interactive=\"core\/image\" data-wp-key=\"69eddeeab9c00\" class=\"wp-block-image size-large wp-lightbox-container\"><img loading=\"lazy\" decoding=\"async\" width=\"1024\" height=\"683\" data-wp-class--hide=\"state.isContentHidden\" data-wp-class--show=\"state.isContentVisible\" data-wp-init=\"callbacks.setButtonStyles\" data-wp-on--click=\"actions.showLightbox\" data-wp-on--load=\"callbacks.setButtonStyles\" data-wp-on-window--resize=\"callbacks.setButtonStyles\" data-id=\"274\" src=\"https:\/\/redesign.imlaufderzeit.de\/wp-content\/uploads\/Gschwend_Friedhofstra\u00dfe_Nr8-8a__IMG-7_4595-1024x683.jpg\" alt=\"Gschwend - Friedhofstra\u00dfe - Hausnummer 8 + 8a - 2020000000\" class=\"wp-image-274\" srcset=\"https:\/\/redesign.imlaufderzeit.de\/wp-content\/uploads\/Gschwend_Friedhofstra\u00dfe_Nr8-8a__IMG-7_4595-1024x683.jpg 1024w, https:\/\/redesign.imlaufderzeit.de\/wp-content\/uploads\/Gschwend_Friedhofstra\u00dfe_Nr8-8a__IMG-7_4595-300x200.jpg 300w, https:\/\/redesign.imlaufderzeit.de\/wp-content\/uploads\/Gschwend_Friedhofstra\u00dfe_Nr8-8a__IMG-7_4595-768x512.jpg 768w, https:\/\/redesign.imlaufderzeit.de\/wp-content\/uploads\/Gschwend_Friedhofstra\u00dfe_Nr8-8a__IMG-7_4595-1536x1024.jpg 1536w, https:\/\/redesign.imlaufderzeit.de\/wp-content\/uploads\/Gschwend_Friedhofstra\u00dfe_Nr8-8a__IMG-7_4595.JPG 1920w\" sizes=\"auto, (max-width: 1024px) 100vw, 1024px\" \/><button\n\t\t\tclass=\"lightbox-trigger\"\n\t\t\ttype=\"button\"\n\t\t\taria-haspopup=\"dialog\"\n\t\t\taria-label=\"Vergr\u00f6\u00dfern\"\n\t\t\tdata-wp-init=\"callbacks.initTriggerButton\"\n\t\t\tdata-wp-on--click=\"actions.showLightbox\"\n\t\t\tdata-wp-style--right=\"state.imageButtonRight\"\n\t\t\tdata-wp-style--top=\"state.imageButtonTop\"\n\t\t>\n\t\t\t<svg xmlns=\"http:\/\/www.w3.org\/2000\/svg\" width=\"12\" height=\"12\" fill=\"none\" viewBox=\"0 0 12 12\">\n\t\t\t\t<path fill=\"#fff\" d=\"M2 0a2 2 0 0 0-2 2v2h1.5V2a.5.5 0 0 1 .5-.5h2V0H2Zm2 10.5H2a.5.5 0 0 1-.5-.5V8H0v2a2 2 0 0 0 2 2h2v-1.5ZM8 12v-1.5h2a.5.5 0 0 0 .5-.5V8H12v2a2 2 0 0 1-2 2H8Zm2-12a2 2 0 0 1 2 2v2h-1.5V2a.5.5 0 0 0-.5-.5H8V0h2Z\" \/>\n\t\t\t<\/svg>\n\t\t<\/button><figcaption class=\"wp-element-caption\">Gschwend &#8211; Friedhofstra\u00dfe &#8211; Hausnummer 8 + 8a &#8211; 2020 <br>Foto Klaus Ockert<\/figcaption><\/figure>\n\n\n\n<figure data-wp-context=\"{&quot;imageId&quot;:&quot;69eddeeab9f66&quot;}\" data-wp-interactive=\"core\/image\" data-wp-key=\"69eddeeab9f66\" class=\"wp-block-image size-large wp-lightbox-container\"><img loading=\"lazy\" decoding=\"async\" width=\"1024\" height=\"683\" data-wp-class--hide=\"state.isContentHidden\" data-wp-class--show=\"state.isContentVisible\" data-wp-init=\"callbacks.setButtonStyles\" data-wp-on--click=\"actions.showLightbox\" data-wp-on--load=\"callbacks.setButtonStyles\" data-wp-on-window--resize=\"callbacks.setButtonStyles\" data-id=\"273\" src=\"http:\/\/redesign.imlaufderzeit.de\/wp-content\/uploads\/Gschwend_Friedhofstra\u00dfe_Nr6__IMG-7_4597-1024x683.jpg\" alt=\"Gschwend_Friedhofstra\u00dfe_Hausnummer 6__2020 Foto Klaus Ockert\" class=\"wp-image-273\" srcset=\"https:\/\/redesign.imlaufderzeit.de\/wp-content\/uploads\/Gschwend_Friedhofstra\u00dfe_Nr6__IMG-7_4597-1024x683.jpg 1024w, https:\/\/redesign.imlaufderzeit.de\/wp-content\/uploads\/Gschwend_Friedhofstra\u00dfe_Nr6__IMG-7_4597-300x200.jpg 300w, https:\/\/redesign.imlaufderzeit.de\/wp-content\/uploads\/Gschwend_Friedhofstra\u00dfe_Nr6__IMG-7_4597-768x512.jpg 768w, https:\/\/redesign.imlaufderzeit.de\/wp-content\/uploads\/Gschwend_Friedhofstra\u00dfe_Nr6__IMG-7_4597-1536x1024.jpg 1536w, https:\/\/redesign.imlaufderzeit.de\/wp-content\/uploads\/Gschwend_Friedhofstra\u00dfe_Nr6__IMG-7_4597.JPG 1920w\" sizes=\"auto, (max-width: 1024px) 100vw, 1024px\" \/><button\n\t\t\tclass=\"lightbox-trigger\"\n\t\t\ttype=\"button\"\n\t\t\taria-haspopup=\"dialog\"\n\t\t\taria-label=\"Vergr\u00f6\u00dfern\"\n\t\t\tdata-wp-init=\"callbacks.initTriggerButton\"\n\t\t\tdata-wp-on--click=\"actions.showLightbox\"\n\t\t\tdata-wp-style--right=\"state.imageButtonRight\"\n\t\t\tdata-wp-style--top=\"state.imageButtonTop\"\n\t\t>\n\t\t\t<svg xmlns=\"http:\/\/www.w3.org\/2000\/svg\" width=\"12\" height=\"12\" fill=\"none\" viewBox=\"0 0 12 12\">\n\t\t\t\t<path fill=\"#fff\" d=\"M2 0a2 2 0 0 0-2 2v2h1.5V2a.5.5 0 0 1 .5-.5h2V0H2Zm2 10.5H2a.5.5 0 0 1-.5-.5V8H0v2a2 2 0 0 0 2 2h2v-1.5ZM8 12v-1.5h2a.5.5 0 0 0 .5-.5V8H12v2a2 2 0 0 1-2 2H8Zm2-12a2 2 0 0 1 2 2v2h-1.5V2a.5.5 0 0 0-.5-.5H8V0h2Z\" \/>\n\t\t\t<\/svg>\n\t\t<\/button><figcaption class=\"wp-element-caption\">Gschwend_Friedhofstra\u00dfe &#8211; <br>Hausnume6 &#8211; 2020 <br>Foto Klaus Ockert<\/figcaption><\/figure>\n\n\n\n<figure data-wp-context=\"{&quot;imageId&quot;:&quot;69eddeeaba2db&quot;}\" data-wp-interactive=\"core\/image\" data-wp-key=\"69eddeeaba2db\" class=\"wp-block-image size-large wp-lightbox-container\"><img loading=\"lazy\" decoding=\"async\" width=\"1024\" height=\"683\" data-wp-class--hide=\"state.isContentHidden\" data-wp-class--show=\"state.isContentVisible\" data-wp-init=\"callbacks.setButtonStyles\" data-wp-on--click=\"actions.showLightbox\" data-wp-on--load=\"callbacks.setButtonStyles\" data-wp-on-window--resize=\"callbacks.setButtonStyles\" data-id=\"236\" src=\"https:\/\/redesign.imlaufderzeit.de\/wp-content\/uploads\/Gschwend_Friedhofstra\u00dfe_Nr10__IMG-7_4593-1024x683.jpg\" alt=\"Gschwend - Friedhofstra\u00dfe - Hausnummer 10 - 2019000000\" class=\"wp-image-236\" srcset=\"https:\/\/redesign.imlaufderzeit.de\/wp-content\/uploads\/Gschwend_Friedhofstra\u00dfe_Nr10__IMG-7_4593-1024x683.jpg 1024w, https:\/\/redesign.imlaufderzeit.de\/wp-content\/uploads\/Gschwend_Friedhofstra\u00dfe_Nr10__IMG-7_4593-300x200.jpg 300w, https:\/\/redesign.imlaufderzeit.de\/wp-content\/uploads\/Gschwend_Friedhofstra\u00dfe_Nr10__IMG-7_4593-768x512.jpg 768w, https:\/\/redesign.imlaufderzeit.de\/wp-content\/uploads\/Gschwend_Friedhofstra\u00dfe_Nr10__IMG-7_4593-1536x1024.jpg 1536w, https:\/\/redesign.imlaufderzeit.de\/wp-content\/uploads\/Gschwend_Friedhofstra\u00dfe_Nr10__IMG-7_4593.JPG 1920w\" sizes=\"auto, (max-width: 1024px) 100vw, 1024px\" \/><button\n\t\t\tclass=\"lightbox-trigger\"\n\t\t\ttype=\"button\"\n\t\t\taria-haspopup=\"dialog\"\n\t\t\taria-label=\"Vergr\u00f6\u00dfern\"\n\t\t\tdata-wp-init=\"callbacks.initTriggerButton\"\n\t\t\tdata-wp-on--click=\"actions.showLightbox\"\n\t\t\tdata-wp-style--right=\"state.imageButtonRight\"\n\t\t\tdata-wp-style--top=\"state.imageButtonTop\"\n\t\t>\n\t\t\t<svg xmlns=\"http:\/\/www.w3.org\/2000\/svg\" width=\"12\" height=\"12\" fill=\"none\" viewBox=\"0 0 12 12\">\n\t\t\t\t<path fill=\"#fff\" d=\"M2 0a2 2 0 0 0-2 2v2h1.5V2a.5.5 0 0 1 .5-.5h2V0H2Zm2 10.5H2a.5.5 0 0 1-.5-.5V8H0v2a2 2 0 0 0 2 2h2v-1.5ZM8 12v-1.5h2a.5.5 0 0 0 .5-.5V8H12v2a2 2 0 0 1-2 2H8Zm2-12a2 2 0 0 1 2 2v2h-1.5V2a.5.5 0 0 0-.5-.5H8V0h2Z\" \/>\n\t\t\t<\/svg>\n\t\t<\/button><figcaption class=\"wp-element-caption\">Gschwend &#8211; Friedhofstra\u00dfe &#8211; Hausnummer 10 &#8211; 2019<br>Foto Klaus Ockert<\/figcaption><\/figure>\n\n\n\n<figure data-wp-context=\"{&quot;imageId&quot;:&quot;69eddeeaba655&quot;}\" data-wp-interactive=\"core\/image\" data-wp-key=\"69eddeeaba655\" class=\"wp-block-image size-large wp-lightbox-container\"><img loading=\"lazy\" decoding=\"async\" width=\"1024\" height=\"683\" data-wp-class--hide=\"state.isContentHidden\" data-wp-class--show=\"state.isContentVisible\" data-wp-init=\"callbacks.setButtonStyles\" data-wp-on--click=\"actions.showLightbox\" data-wp-on--load=\"callbacks.setButtonStyles\" data-wp-on-window--resize=\"callbacks.setButtonStyles\" data-id=\"238\" src=\"https:\/\/redesign.imlaufderzeit.de\/wp-content\/uploads\/Gschwend_Friedhofstra\u00dfe_Nr11__IMG-7_4601-1024x683.jpg\" alt=\"Gschwend - Friedhofstra\u00dfe - Hausnummer 11 - 2019000000\" class=\"wp-image-238\" srcset=\"https:\/\/redesign.imlaufderzeit.de\/wp-content\/uploads\/Gschwend_Friedhofstra\u00dfe_Nr11__IMG-7_4601-1024x683.jpg 1024w, https:\/\/redesign.imlaufderzeit.de\/wp-content\/uploads\/Gschwend_Friedhofstra\u00dfe_Nr11__IMG-7_4601-300x200.jpg 300w, https:\/\/redesign.imlaufderzeit.de\/wp-content\/uploads\/Gschwend_Friedhofstra\u00dfe_Nr11__IMG-7_4601-768x512.jpg 768w, https:\/\/redesign.imlaufderzeit.de\/wp-content\/uploads\/Gschwend_Friedhofstra\u00dfe_Nr11__IMG-7_4601-1536x1024.jpg 1536w, https:\/\/redesign.imlaufderzeit.de\/wp-content\/uploads\/Gschwend_Friedhofstra\u00dfe_Nr11__IMG-7_4601.JPG 1920w\" sizes=\"auto, (max-width: 1024px) 100vw, 1024px\" \/><button\n\t\t\tclass=\"lightbox-trigger\"\n\t\t\ttype=\"button\"\n\t\t\taria-haspopup=\"dialog\"\n\t\t\taria-label=\"Vergr\u00f6\u00dfern\"\n\t\t\tdata-wp-init=\"callbacks.initTriggerButton\"\n\t\t\tdata-wp-on--click=\"actions.showLightbox\"\n\t\t\tdata-wp-style--right=\"state.imageButtonRight\"\n\t\t\tdata-wp-style--top=\"state.imageButtonTop\"\n\t\t>\n\t\t\t<svg xmlns=\"http:\/\/www.w3.org\/2000\/svg\" width=\"12\" height=\"12\" fill=\"none\" viewBox=\"0 0 12 12\">\n\t\t\t\t<path fill=\"#fff\" d=\"M2 0a2 2 0 0 0-2 2v2h1.5V2a.5.5 0 0 1 .5-.5h2V0H2Zm2 10.5H2a.5.5 0 0 1-.5-.5V8H0v2a2 2 0 0 0 2 2h2v-1.5ZM8 12v-1.5h2a.5.5 0 0 0 .5-.5V8H12v2a2 2 0 0 1-2 2H8Zm2-12a2 2 0 0 1 2 2v2h-1.5V2a.5.5 0 0 0-.5-.5H8V0h2Z\" \/>\n\t\t\t<\/svg>\n\t\t<\/button><figcaption class=\"wp-element-caption\">Gschwend &#8211; Friedhofstra\u00dfe &#8211; Hausnummer 11 &#8211; 2019<br>Fr\u00fcher Schuhmacher Spohner<br>Foto Klaus Ockert<\/figcaption><\/figure>\n\n\n\n<figure data-wp-context=\"{&quot;imageId&quot;:&quot;69eddeeaba9b8&quot;}\" data-wp-interactive=\"core\/image\" data-wp-key=\"69eddeeaba9b8\" class=\"wp-block-image size-large wp-lightbox-container\"><img loading=\"lazy\" decoding=\"async\" width=\"1024\" height=\"683\" data-wp-class--hide=\"state.isContentHidden\" data-wp-class--show=\"state.isContentVisible\" data-wp-init=\"callbacks.setButtonStyles\" data-wp-on--click=\"actions.showLightbox\" data-wp-on--load=\"callbacks.setButtonStyles\" data-wp-on-window--resize=\"callbacks.setButtonStyles\" data-id=\"237\" src=\"http:\/\/redesign.imlaufderzeit.de\/wp-content\/uploads\/Gschwend_Friedhofstra\u00dfe_Nr11__IMG-7_4599-1024x683.jpg\" alt=\"Gschwend_Friedhofstra\u00dfe_Nr11__2020\" class=\"wp-image-237\" srcset=\"https:\/\/redesign.imlaufderzeit.de\/wp-content\/uploads\/Gschwend_Friedhofstra\u00dfe_Nr11__IMG-7_4599-1024x683.jpg 1024w, https:\/\/redesign.imlaufderzeit.de\/wp-content\/uploads\/Gschwend_Friedhofstra\u00dfe_Nr11__IMG-7_4599-300x200.jpg 300w, https:\/\/redesign.imlaufderzeit.de\/wp-content\/uploads\/Gschwend_Friedhofstra\u00dfe_Nr11__IMG-7_4599-768x512.jpg 768w, https:\/\/redesign.imlaufderzeit.de\/wp-content\/uploads\/Gschwend_Friedhofstra\u00dfe_Nr11__IMG-7_4599-1536x1024.jpg 1536w, https:\/\/redesign.imlaufderzeit.de\/wp-content\/uploads\/Gschwend_Friedhofstra\u00dfe_Nr11__IMG-7_4599.JPG 1920w\" sizes=\"auto, (max-width: 1024px) 100vw, 1024px\" \/><button\n\t\t\tclass=\"lightbox-trigger\"\n\t\t\ttype=\"button\"\n\t\t\taria-haspopup=\"dialog\"\n\t\t\taria-label=\"Vergr\u00f6\u00dfern\"\n\t\t\tdata-wp-init=\"callbacks.initTriggerButton\"\n\t\t\tdata-wp-on--click=\"actions.showLightbox\"\n\t\t\tdata-wp-style--right=\"state.imageButtonRight\"\n\t\t\tdata-wp-style--top=\"state.imageButtonTop\"\n\t\t>\n\t\t\t<svg xmlns=\"http:\/\/www.w3.org\/2000\/svg\" width=\"12\" height=\"12\" fill=\"none\" viewBox=\"0 0 12 12\">\n\t\t\t\t<path fill=\"#fff\" d=\"M2 0a2 2 0 0 0-2 2v2h1.5V2a.5.5 0 0 1 .5-.5h2V0H2Zm2 10.5H2a.5.5 0 0 1-.5-.5V8H0v2a2 2 0 0 0 2 2h2v-1.5ZM8 12v-1.5h2a.5.5 0 0 0 .5-.5V8H12v2a2 2 0 0 1-2 2H8Zm2-12a2 2 0 0 1 2 2v2h-1.5V2a.5.5 0 0 0-.5-.5H8V0h2Z\" \/>\n\t\t\t<\/svg>\n\t\t<\/button><figcaption class=\"wp-element-caption\">Gschwend_Friedhofstra\u00dfe_Nr11 &#8211; 2020 Foto Klaus Ockert<\/figcaption><\/figure>\n\n\n\n<figure data-wp-context=\"{&quot;imageId&quot;:&quot;69eddeeabad12&quot;}\" data-wp-interactive=\"core\/image\" data-wp-key=\"69eddeeabad12\" class=\"wp-block-image size-large wp-lightbox-container\"><img loading=\"lazy\" decoding=\"async\" width=\"1024\" height=\"683\" data-wp-class--hide=\"state.isContentHidden\" data-wp-class--show=\"state.isContentVisible\" data-wp-init=\"callbacks.setButtonStyles\" data-wp-on--click=\"actions.showLightbox\" data-wp-on--load=\"callbacks.setButtonStyles\" data-wp-on-window--resize=\"callbacks.setButtonStyles\" data-id=\"239\" src=\"https:\/\/redesign.imlaufderzeit.de\/wp-content\/uploads\/Gschwend_Friedhofstra\u00dfe_Nr13__IMG-7_4602-1024x683.jpg\" alt=\"Gschwend - Friedhofstra\u00dfe - Hausnummer 13 - 2020000000\" class=\"wp-image-239\" srcset=\"https:\/\/redesign.imlaufderzeit.de\/wp-content\/uploads\/Gschwend_Friedhofstra\u00dfe_Nr13__IMG-7_4602-1024x683.jpg 1024w, https:\/\/redesign.imlaufderzeit.de\/wp-content\/uploads\/Gschwend_Friedhofstra\u00dfe_Nr13__IMG-7_4602-300x200.jpg 300w, https:\/\/redesign.imlaufderzeit.de\/wp-content\/uploads\/Gschwend_Friedhofstra\u00dfe_Nr13__IMG-7_4602-768x512.jpg 768w, https:\/\/redesign.imlaufderzeit.de\/wp-content\/uploads\/Gschwend_Friedhofstra\u00dfe_Nr13__IMG-7_4602-1536x1024.jpg 1536w, https:\/\/redesign.imlaufderzeit.de\/wp-content\/uploads\/Gschwend_Friedhofstra\u00dfe_Nr13__IMG-7_4602.JPG 1920w\" sizes=\"auto, (max-width: 1024px) 100vw, 1024px\" \/><button\n\t\t\tclass=\"lightbox-trigger\"\n\t\t\ttype=\"button\"\n\t\t\taria-haspopup=\"dialog\"\n\t\t\taria-label=\"Vergr\u00f6\u00dfern\"\n\t\t\tdata-wp-init=\"callbacks.initTriggerButton\"\n\t\t\tdata-wp-on--click=\"actions.showLightbox\"\n\t\t\tdata-wp-style--right=\"state.imageButtonRight\"\n\t\t\tdata-wp-style--top=\"state.imageButtonTop\"\n\t\t>\n\t\t\t<svg xmlns=\"http:\/\/www.w3.org\/2000\/svg\" width=\"12\" height=\"12\" fill=\"none\" viewBox=\"0 0 12 12\">\n\t\t\t\t<path fill=\"#fff\" d=\"M2 0a2 2 0 0 0-2 2v2h1.5V2a.5.5 0 0 1 .5-.5h2V0H2Zm2 10.5H2a.5.5 0 0 1-.5-.5V8H0v2a2 2 0 0 0 2 2h2v-1.5ZM8 12v-1.5h2a.5.5 0 0 0 .5-.5V8H12v2a2 2 0 0 1-2 2H8Zm2-12a2 2 0 0 1 2 2v2h-1.5V2a.5.5 0 0 0-.5-.5H8V0h2Z\" \/>\n\t\t\t<\/svg>\n\t\t<\/button><figcaption class=\"wp-element-caption\">Gschwend &#8211; Friedhofstra\u00dfe &#8211; Hausnummer 13 &#8211; 2020<br>Fr\u00fcher K\u00fcnstler L\u00fcnenschlo\u00df<br>Foto Klaus Ockert<\/figcaption><\/figure>\n\n\n\n<figure data-wp-context=\"{&quot;imageId&quot;:&quot;69eddeeabb083&quot;}\" data-wp-interactive=\"core\/image\" data-wp-key=\"69eddeeabb083\" class=\"wp-block-image size-large wp-lightbox-container\"><img loading=\"lazy\" decoding=\"async\" width=\"1024\" height=\"683\" data-wp-class--hide=\"state.isContentHidden\" data-wp-class--show=\"state.isContentVisible\" data-wp-init=\"callbacks.setButtonStyles\" data-wp-on--click=\"actions.showLightbox\" data-wp-on--load=\"callbacks.setButtonStyles\" data-wp-on-window--resize=\"callbacks.setButtonStyles\" data-id=\"240\" src=\"https:\/\/redesign.imlaufderzeit.de\/wp-content\/uploads\/Gschwend_Friedhofstra\u00dfe_Nr16__IMG-7_4592-1024x683.jpg\" alt=\"Gschwend - Friedhofstra\u00dfe - Hausnummer 16 - 2020000000\" class=\"wp-image-240\" srcset=\"https:\/\/redesign.imlaufderzeit.de\/wp-content\/uploads\/Gschwend_Friedhofstra\u00dfe_Nr16__IMG-7_4592-1024x683.jpg 1024w, https:\/\/redesign.imlaufderzeit.de\/wp-content\/uploads\/Gschwend_Friedhofstra\u00dfe_Nr16__IMG-7_4592-300x200.jpg 300w, https:\/\/redesign.imlaufderzeit.de\/wp-content\/uploads\/Gschwend_Friedhofstra\u00dfe_Nr16__IMG-7_4592-768x512.jpg 768w, https:\/\/redesign.imlaufderzeit.de\/wp-content\/uploads\/Gschwend_Friedhofstra\u00dfe_Nr16__IMG-7_4592-1536x1024.jpg 1536w, https:\/\/redesign.imlaufderzeit.de\/wp-content\/uploads\/Gschwend_Friedhofstra\u00dfe_Nr16__IMG-7_4592.JPG 1920w\" sizes=\"auto, (max-width: 1024px) 100vw, 1024px\" \/><button\n\t\t\tclass=\"lightbox-trigger\"\n\t\t\ttype=\"button\"\n\t\t\taria-haspopup=\"dialog\"\n\t\t\taria-label=\"Vergr\u00f6\u00dfern\"\n\t\t\tdata-wp-init=\"callbacks.initTriggerButton\"\n\t\t\tdata-wp-on--click=\"actions.showLightbox\"\n\t\t\tdata-wp-style--right=\"state.imageButtonRight\"\n\t\t\tdata-wp-style--top=\"state.imageButtonTop\"\n\t\t>\n\t\t\t<svg xmlns=\"http:\/\/www.w3.org\/2000\/svg\" width=\"12\" height=\"12\" fill=\"none\" viewBox=\"0 0 12 12\">\n\t\t\t\t<path fill=\"#fff\" d=\"M2 0a2 2 0 0 0-2 2v2h1.5V2a.5.5 0 0 1 .5-.5h2V0H2Zm2 10.5H2a.5.5 0 0 1-.5-.5V8H0v2a2 2 0 0 0 2 2h2v-1.5ZM8 12v-1.5h2a.5.5 0 0 0 .5-.5V8H12v2a2 2 0 0 1-2 2H8Zm2-12a2 2 0 0 1 2 2v2h-1.5V2a.5.5 0 0 0-.5-.5H8V0h2Z\" \/>\n\t\t\t<\/svg>\n\t\t<\/button><figcaption class=\"wp-element-caption\">Gschwend &#8211; Friedhofstra\u00dfe &#8211; Hausnummer 16 &#8211; 2020<br>Sattlerei, Bodenbel\u00e4ge Fritz<br>Foto Klaus Ockert<\/figcaption><\/figure>\n\n\n\n<figure data-wp-context=\"{&quot;imageId&quot;:&quot;69eddeeabb3ef&quot;}\" data-wp-interactive=\"core\/image\" data-wp-key=\"69eddeeabb3ef\" class=\"wp-block-image size-large wp-lightbox-container\"><img loading=\"lazy\" decoding=\"async\" width=\"1024\" height=\"683\" data-wp-class--hide=\"state.isContentHidden\" data-wp-class--show=\"state.isContentVisible\" data-wp-init=\"callbacks.setButtonStyles\" data-wp-on--click=\"actions.showLightbox\" data-wp-on--load=\"callbacks.setButtonStyles\" data-wp-on-window--resize=\"callbacks.setButtonStyles\" data-id=\"241\" src=\"https:\/\/redesign.imlaufderzeit.de\/wp-content\/uploads\/Gschwend_Friedhofstra\u00dfe_Nr16__IMG-7_4598-1024x683.jpg\" alt=\"Gschwend - Friedhofstra\u00dfe - Hausnummer 16 - 2020000000\" class=\"wp-image-241\" srcset=\"https:\/\/redesign.imlaufderzeit.de\/wp-content\/uploads\/Gschwend_Friedhofstra\u00dfe_Nr16__IMG-7_4598-1024x683.jpg 1024w, https:\/\/redesign.imlaufderzeit.de\/wp-content\/uploads\/Gschwend_Friedhofstra\u00dfe_Nr16__IMG-7_4598-300x200.jpg 300w, https:\/\/redesign.imlaufderzeit.de\/wp-content\/uploads\/Gschwend_Friedhofstra\u00dfe_Nr16__IMG-7_4598-768x512.jpg 768w, https:\/\/redesign.imlaufderzeit.de\/wp-content\/uploads\/Gschwend_Friedhofstra\u00dfe_Nr16__IMG-7_4598-1536x1024.jpg 1536w, https:\/\/redesign.imlaufderzeit.de\/wp-content\/uploads\/Gschwend_Friedhofstra\u00dfe_Nr16__IMG-7_4598.JPG 1920w\" sizes=\"auto, (max-width: 1024px) 100vw, 1024px\" \/><button\n\t\t\tclass=\"lightbox-trigger\"\n\t\t\ttype=\"button\"\n\t\t\taria-haspopup=\"dialog\"\n\t\t\taria-label=\"Vergr\u00f6\u00dfern\"\n\t\t\tdata-wp-init=\"callbacks.initTriggerButton\"\n\t\t\tdata-wp-on--click=\"actions.showLightbox\"\n\t\t\tdata-wp-style--right=\"state.imageButtonRight\"\n\t\t\tdata-wp-style--top=\"state.imageButtonTop\"\n\t\t>\n\t\t\t<svg xmlns=\"http:\/\/www.w3.org\/2000\/svg\" width=\"12\" height=\"12\" fill=\"none\" viewBox=\"0 0 12 12\">\n\t\t\t\t<path fill=\"#fff\" d=\"M2 0a2 2 0 0 0-2 2v2h1.5V2a.5.5 0 0 1 .5-.5h2V0H2Zm2 10.5H2a.5.5 0 0 1-.5-.5V8H0v2a2 2 0 0 0 2 2h2v-1.5ZM8 12v-1.5h2a.5.5 0 0 0 .5-.5V8H12v2a2 2 0 0 1-2 2H8Zm2-12a2 2 0 0 1 2 2v2h-1.5V2a.5.5 0 0 0-.5-.5H8V0h2Z\" \/>\n\t\t\t<\/svg>\n\t\t<\/button><figcaption class=\"wp-element-caption\">Gschwend &#8211; Friedhofstra\u00dfe &#8211; Hausnummer 16 &#8211; 2020<br>Fr\u00fcher Sattlerei, Bodenbel\u00e4ge Fritz<br>Foto Klaus Ockert<\/figcaption><\/figure>\n\n\n\n<figure data-wp-context=\"{&quot;imageId&quot;:&quot;69eddeeabb750&quot;}\" data-wp-interactive=\"core\/image\" data-wp-key=\"69eddeeabb750\" class=\"wp-block-image size-large wp-lightbox-container\"><img loading=\"lazy\" decoding=\"async\" width=\"1024\" height=\"683\" data-wp-class--hide=\"state.isContentHidden\" data-wp-class--show=\"state.isContentVisible\" data-wp-init=\"callbacks.setButtonStyles\" data-wp-on--click=\"actions.showLightbox\" data-wp-on--load=\"callbacks.setButtonStyles\" data-wp-on-window--resize=\"callbacks.setButtonStyles\" data-id=\"242\" src=\"https:\/\/redesign.imlaufderzeit.de\/wp-content\/uploads\/Gschwend_Friedhofstra\u00dfe_Nr19__IMG-7_4603-1024x683.jpg\" alt=\"Gschwend - Friedhofstra\u00dfe - Hausnummer 19 - 2020000000\" class=\"wp-image-242\" srcset=\"https:\/\/redesign.imlaufderzeit.de\/wp-content\/uploads\/Gschwend_Friedhofstra\u00dfe_Nr19__IMG-7_4603-1024x683.jpg 1024w, https:\/\/redesign.imlaufderzeit.de\/wp-content\/uploads\/Gschwend_Friedhofstra\u00dfe_Nr19__IMG-7_4603-300x200.jpg 300w, https:\/\/redesign.imlaufderzeit.de\/wp-content\/uploads\/Gschwend_Friedhofstra\u00dfe_Nr19__IMG-7_4603-768x512.jpg 768w, https:\/\/redesign.imlaufderzeit.de\/wp-content\/uploads\/Gschwend_Friedhofstra\u00dfe_Nr19__IMG-7_4603-1536x1024.jpg 1536w, https:\/\/redesign.imlaufderzeit.de\/wp-content\/uploads\/Gschwend_Friedhofstra\u00dfe_Nr19__IMG-7_4603.JPG 1920w\" sizes=\"auto, (max-width: 1024px) 100vw, 1024px\" \/><button\n\t\t\tclass=\"lightbox-trigger\"\n\t\t\ttype=\"button\"\n\t\t\taria-haspopup=\"dialog\"\n\t\t\taria-label=\"Vergr\u00f6\u00dfern\"\n\t\t\tdata-wp-init=\"callbacks.initTriggerButton\"\n\t\t\tdata-wp-on--click=\"actions.showLightbox\"\n\t\t\tdata-wp-style--right=\"state.imageButtonRight\"\n\t\t\tdata-wp-style--top=\"state.imageButtonTop\"\n\t\t>\n\t\t\t<svg xmlns=\"http:\/\/www.w3.org\/2000\/svg\" width=\"12\" height=\"12\" fill=\"none\" viewBox=\"0 0 12 12\">\n\t\t\t\t<path fill=\"#fff\" d=\"M2 0a2 2 0 0 0-2 2v2h1.5V2a.5.5 0 0 1 .5-.5h2V0H2Zm2 10.5H2a.5.5 0 0 1-.5-.5V8H0v2a2 2 0 0 0 2 2h2v-1.5ZM8 12v-1.5h2a.5.5 0 0 0 .5-.5V8H12v2a2 2 0 0 1-2 2H8Zm2-12a2 2 0 0 1 2 2v2h-1.5V2a.5.5 0 0 0-.5-.5H8V0h2Z\" \/>\n\t\t\t<\/svg>\n\t\t<\/button><figcaption class=\"wp-element-caption\">Gschwend &#8211; Friedhofstra\u00dfe &#8211; Hausnummer 19 &#8211; 2020 <br>Foto Klaus Ockert<\/figcaption><\/figure>\n\n\n\n<figure data-wp-context=\"{&quot;imageId&quot;:&quot;69eddeeabbaaf&quot;}\" data-wp-interactive=\"core\/image\" data-wp-key=\"69eddeeabbaaf\" class=\"wp-block-image size-large wp-lightbox-container\"><img loading=\"lazy\" decoding=\"async\" width=\"1024\" height=\"683\" data-wp-class--hide=\"state.isContentHidden\" data-wp-class--show=\"state.isContentVisible\" data-wp-init=\"callbacks.setButtonStyles\" data-wp-on--click=\"actions.showLightbox\" data-wp-on--load=\"callbacks.setButtonStyles\" data-wp-on-window--resize=\"callbacks.setButtonStyles\" data-id=\"247\" src=\"https:\/\/redesign.imlaufderzeit.de\/wp-content\/uploads\/Gschwend_Friedhofstra\u00dfe_Nr21__IMG-7_4604-1024x683.jpg\" alt=\"Gschwend - Friedhofstra\u00dfe - Hausnummer 21 - 2020000000\" class=\"wp-image-247\" srcset=\"https:\/\/redesign.imlaufderzeit.de\/wp-content\/uploads\/Gschwend_Friedhofstra\u00dfe_Nr21__IMG-7_4604-1024x683.jpg 1024w, https:\/\/redesign.imlaufderzeit.de\/wp-content\/uploads\/Gschwend_Friedhofstra\u00dfe_Nr21__IMG-7_4604-300x200.jpg 300w, https:\/\/redesign.imlaufderzeit.de\/wp-content\/uploads\/Gschwend_Friedhofstra\u00dfe_Nr21__IMG-7_4604-768x512.jpg 768w, https:\/\/redesign.imlaufderzeit.de\/wp-content\/uploads\/Gschwend_Friedhofstra\u00dfe_Nr21__IMG-7_4604-1536x1024.jpg 1536w, https:\/\/redesign.imlaufderzeit.de\/wp-content\/uploads\/Gschwend_Friedhofstra\u00dfe_Nr21__IMG-7_4604.JPG 1920w\" sizes=\"auto, (max-width: 1024px) 100vw, 1024px\" \/><button\n\t\t\tclass=\"lightbox-trigger\"\n\t\t\ttype=\"button\"\n\t\t\taria-haspopup=\"dialog\"\n\t\t\taria-label=\"Vergr\u00f6\u00dfern\"\n\t\t\tdata-wp-init=\"callbacks.initTriggerButton\"\n\t\t\tdata-wp-on--click=\"actions.showLightbox\"\n\t\t\tdata-wp-style--right=\"state.imageButtonRight\"\n\t\t\tdata-wp-style--top=\"state.imageButtonTop\"\n\t\t>\n\t\t\t<svg xmlns=\"http:\/\/www.w3.org\/2000\/svg\" width=\"12\" height=\"12\" fill=\"none\" viewBox=\"0 0 12 12\">\n\t\t\t\t<path fill=\"#fff\" d=\"M2 0a2 2 0 0 0-2 2v2h1.5V2a.5.5 0 0 1 .5-.5h2V0H2Zm2 10.5H2a.5.5 0 0 1-.5-.5V8H0v2a2 2 0 0 0 2 2h2v-1.5ZM8 12v-1.5h2a.5.5 0 0 0 .5-.5V8H12v2a2 2 0 0 1-2 2H8Zm2-12a2 2 0 0 1 2 2v2h-1.5V2a.5.5 0 0 0-.5-.5H8V0h2Z\" \/>\n\t\t\t<\/svg>\n\t\t<\/button><figcaption class=\"wp-element-caption\">Gschwend &#8211; Friedhofstra\u00dfe &#8211; Hausnummer 21 &#8211; 2020 <br>Foto Klaus Ockert<\/figcaption><\/figure>\n\n\n\n<figure data-wp-context=\"{&quot;imageId&quot;:&quot;69eddeeabbe0c&quot;}\" data-wp-interactive=\"core\/image\" data-wp-key=\"69eddeeabbe0c\" class=\"wp-block-image size-large wp-lightbox-container\"><img loading=\"lazy\" decoding=\"async\" width=\"1024\" height=\"887\" data-wp-class--hide=\"state.isContentHidden\" data-wp-class--show=\"state.isContentVisible\" data-wp-init=\"callbacks.setButtonStyles\" data-wp-on--click=\"actions.showLightbox\" data-wp-on--load=\"callbacks.setButtonStyles\" data-wp-on-window--resize=\"callbacks.setButtonStyles\" data-id=\"248\" src=\"https:\/\/redesign.imlaufderzeit.de\/wp-content\/uploads\/Gschwend_Friedhofstra\u00dfe_Nr24__Langer 1948-1024x887.jpg\" alt=\"Gschwend - Friedhofstra\u00dfe - Hausnummer 24 - 1948000000\" class=\"wp-image-248\" srcset=\"https:\/\/redesign.imlaufderzeit.de\/wp-content\/uploads\/Gschwend_Friedhofstra\u00dfe_Nr24__Langer%201948-1024x887.jpg 1024w, https:\/\/redesign.imlaufderzeit.de\/wp-content\/uploads\/Gschwend_Friedhofstra\u00dfe_Nr24__Langer%201948-300x260.jpg 300w, https:\/\/redesign.imlaufderzeit.de\/wp-content\/uploads\/Gschwend_Friedhofstra\u00dfe_Nr24__Langer%201948-768x666.jpg 768w, https:\/\/redesign.imlaufderzeit.de\/wp-content\/uploads\/Gschwend_Friedhofstra\u00dfe_Nr24__Langer%201948-1536x1331.jpg 1536w, https:\/\/redesign.imlaufderzeit.de\/wp-content\/uploads\/Gschwend_Friedhofstra\u00dfe_Nr24__Langer%201948.jpg 1920w\" sizes=\"auto, (max-width: 1024px) 100vw, 1024px\" \/><button\n\t\t\tclass=\"lightbox-trigger\"\n\t\t\ttype=\"button\"\n\t\t\taria-haspopup=\"dialog\"\n\t\t\taria-label=\"Vergr\u00f6\u00dfern\"\n\t\t\tdata-wp-init=\"callbacks.initTriggerButton\"\n\t\t\tdata-wp-on--click=\"actions.showLightbox\"\n\t\t\tdata-wp-style--right=\"state.imageButtonRight\"\n\t\t\tdata-wp-style--top=\"state.imageButtonTop\"\n\t\t>\n\t\t\t<svg xmlns=\"http:\/\/www.w3.org\/2000\/svg\" width=\"12\" height=\"12\" fill=\"none\" viewBox=\"0 0 12 12\">\n\t\t\t\t<path fill=\"#fff\" d=\"M2 0a2 2 0 0 0-2 2v2h1.5V2a.5.5 0 0 1 .5-.5h2V0H2Zm2 10.5H2a.5.5 0 0 1-.5-.5V8H0v2a2 2 0 0 0 2 2h2v-1.5ZM8 12v-1.5h2a.5.5 0 0 0 .5-.5V8H12v2a2 2 0 0 1-2 2H8Zm2-12a2 2 0 0 1 2 2v2h-1.5V2a.5.5 0 0 0-.5-.5H8V0h2Z\" \/>\n\t\t\t<\/svg>\n\t\t<\/button><figcaption class=\"wp-element-caption\">Gschwend &#8211; Friedhofstra\u00dfe &#8211; Hausnummer 24 &#8211; 1948 <br>Foto Langer<\/figcaption><\/figure>\n\n\n\n<figure class=\"wp-block-image size-large\"><img loading=\"lazy\" decoding=\"async\" width=\"1024\" height=\"576\" data-id=\"1423\" src=\"https:\/\/redesign.imlaufderzeit.de\/wp-content\/uploads\/2026\/02\/1962-1-1-1024x576.jpg\" alt=\"Gschwend - Friedhofstra\u00dfe - Hausnummer 24 - 1962\" class=\"wp-image-1423\" srcset=\"https:\/\/redesign.imlaufderzeit.de\/wp-content\/uploads\/2026\/02\/1962-1-1-1024x576.jpg 1024w, https:\/\/redesign.imlaufderzeit.de\/wp-content\/uploads\/2026\/02\/1962-1-1-300x169.jpg 300w, https:\/\/redesign.imlaufderzeit.de\/wp-content\/uploads\/2026\/02\/1962-1-1-768x432.jpg 768w, https:\/\/redesign.imlaufderzeit.de\/wp-content\/uploads\/2026\/02\/1962-1-1-1536x864.jpg 1536w, https:\/\/redesign.imlaufderzeit.de\/wp-content\/uploads\/2026\/02\/1962-1-1.jpg 1920w\" sizes=\"auto, (max-width: 1024px) 100vw, 1024px\" \/><figcaption class=\"wp-element-caption\">Gschwend &#8211; Friedhofstra\u00dfe &#8211; Hausnummer 24 &#8211; 1962 <br>Foto Langer<\/figcaption><\/figure>\n\n\n\n<figure class=\"wp-block-image size-large\"><img loading=\"lazy\" decoding=\"async\" width=\"1024\" height=\"576\" data-id=\"1421\" src=\"https:\/\/redesign.imlaufderzeit.de\/wp-content\/uploads\/2026\/02\/1962-1024x576.jpg\" alt=\"Gschwend - Friedhofstra\u00dfe - Hausnummer 24 - 1962\" class=\"wp-image-1421\" srcset=\"https:\/\/redesign.imlaufderzeit.de\/wp-content\/uploads\/2026\/02\/1962-1024x576.jpg 1024w, https:\/\/redesign.imlaufderzeit.de\/wp-content\/uploads\/2026\/02\/1962-300x169.jpg 300w, https:\/\/redesign.imlaufderzeit.de\/wp-content\/uploads\/2026\/02\/1962-768x432.jpg 768w, https:\/\/redesign.imlaufderzeit.de\/wp-content\/uploads\/2026\/02\/1962-1536x864.jpg 1536w, https:\/\/redesign.imlaufderzeit.de\/wp-content\/uploads\/2026\/02\/1962.jpg 1920w\" sizes=\"auto, (max-width: 1024px) 100vw, 1024px\" \/><figcaption class=\"wp-element-caption\">Gschwend &#8211; Friedhofstra\u00dfe &#8211; Hausnummer 24 &#8211; 1962 <br>Foto Langer<\/figcaption><\/figure>\n\n\n\n<figure data-wp-context=\"{&quot;imageId&quot;:&quot;69eddeeabc23d&quot;}\" data-wp-interactive=\"core\/image\" data-wp-key=\"69eddeeabc23d\" class=\"wp-block-image size-large wp-lightbox-container\"><img loading=\"lazy\" decoding=\"async\" width=\"1024\" height=\"683\" data-wp-class--hide=\"state.isContentHidden\" data-wp-class--show=\"state.isContentVisible\" data-wp-init=\"callbacks.setButtonStyles\" data-wp-on--click=\"actions.showLightbox\" data-wp-on--load=\"callbacks.setButtonStyles\" data-wp-on-window--resize=\"callbacks.setButtonStyles\" data-id=\"249\" src=\"https:\/\/redesign.imlaufderzeit.de\/wp-content\/uploads\/Gschwend_Friedhofstra\u00dfe_Nr24__Langer2019-1024x683.jpg\" alt=\"Gschwend - Friedhofstra\u00dfe - Hausnummer 24 - 2019000000\" class=\"wp-image-249\" srcset=\"https:\/\/redesign.imlaufderzeit.de\/wp-content\/uploads\/Gschwend_Friedhofstra\u00dfe_Nr24__Langer2019-1024x683.jpg 1024w, https:\/\/redesign.imlaufderzeit.de\/wp-content\/uploads\/Gschwend_Friedhofstra\u00dfe_Nr24__Langer2019-300x200.jpg 300w, https:\/\/redesign.imlaufderzeit.de\/wp-content\/uploads\/Gschwend_Friedhofstra\u00dfe_Nr24__Langer2019-768x512.jpg 768w, https:\/\/redesign.imlaufderzeit.de\/wp-content\/uploads\/Gschwend_Friedhofstra\u00dfe_Nr24__Langer2019-1536x1024.jpg 1536w, https:\/\/redesign.imlaufderzeit.de\/wp-content\/uploads\/Gschwend_Friedhofstra\u00dfe_Nr24__Langer2019.JPG 1920w\" sizes=\"auto, (max-width: 1024px) 100vw, 1024px\" \/><button\n\t\t\tclass=\"lightbox-trigger\"\n\t\t\ttype=\"button\"\n\t\t\taria-haspopup=\"dialog\"\n\t\t\taria-label=\"Vergr\u00f6\u00dfern\"\n\t\t\tdata-wp-init=\"callbacks.initTriggerButton\"\n\t\t\tdata-wp-on--click=\"actions.showLightbox\"\n\t\t\tdata-wp-style--right=\"state.imageButtonRight\"\n\t\t\tdata-wp-style--top=\"state.imageButtonTop\"\n\t\t>\n\t\t\t<svg xmlns=\"http:\/\/www.w3.org\/2000\/svg\" width=\"12\" height=\"12\" fill=\"none\" viewBox=\"0 0 12 12\">\n\t\t\t\t<path fill=\"#fff\" d=\"M2 0a2 2 0 0 0-2 2v2h1.5V2a.5.5 0 0 1 .5-.5h2V0H2Zm2 10.5H2a.5.5 0 0 1-.5-.5V8H0v2a2 2 0 0 0 2 2h2v-1.5ZM8 12v-1.5h2a.5.5 0 0 0 .5-.5V8H12v2a2 2 0 0 1-2 2H8Zm2-12a2 2 0 0 1 2 2v2h-1.5V2a.5.5 0 0 0-.5-.5H8V0h2Z\" \/>\n\t\t\t<\/svg>\n\t\t<\/button><figcaption class=\"wp-element-caption\">Gschwend &#8211; Friedhofstra\u00dfe &#8211; Hausnummer 24 &#8211; 2019<br> Foto Ockert<\/figcaption><\/figure>\n\n\n\n<figure data-wp-context=\"{&quot;imageId&quot;:&quot;69eddeeabc5aa&quot;}\" data-wp-interactive=\"core\/image\" data-wp-key=\"69eddeeabc5aa\" class=\"wp-block-image size-large wp-lightbox-container\"><img loading=\"lazy\" decoding=\"async\" width=\"1024\" height=\"683\" data-wp-class--hide=\"state.isContentHidden\" data-wp-class--show=\"state.isContentVisible\" data-wp-init=\"callbacks.setButtonStyles\" data-wp-on--click=\"actions.showLightbox\" data-wp-on--load=\"callbacks.setButtonStyles\" data-wp-on-window--resize=\"callbacks.setButtonStyles\" data-id=\"250\" src=\"https:\/\/redesign.imlaufderzeit.de\/wp-content\/uploads\/Gschwend_Friedhofstra\u00dfe_Nr25__IMG-7_4605-1024x683.jpg\" alt=\"Gschwend - Friedhofstra\u00dfe - Hausnummer 25 - 2020000000\" class=\"wp-image-250\" srcset=\"https:\/\/redesign.imlaufderzeit.de\/wp-content\/uploads\/Gschwend_Friedhofstra\u00dfe_Nr25__IMG-7_4605-1024x683.jpg 1024w, https:\/\/redesign.imlaufderzeit.de\/wp-content\/uploads\/Gschwend_Friedhofstra\u00dfe_Nr25__IMG-7_4605-300x200.jpg 300w, https:\/\/redesign.imlaufderzeit.de\/wp-content\/uploads\/Gschwend_Friedhofstra\u00dfe_Nr25__IMG-7_4605-768x512.jpg 768w, https:\/\/redesign.imlaufderzeit.de\/wp-content\/uploads\/Gschwend_Friedhofstra\u00dfe_Nr25__IMG-7_4605-1536x1024.jpg 1536w, https:\/\/redesign.imlaufderzeit.de\/wp-content\/uploads\/Gschwend_Friedhofstra\u00dfe_Nr25__IMG-7_4605.JPG 1920w\" sizes=\"auto, (max-width: 1024px) 100vw, 1024px\" \/><button\n\t\t\tclass=\"lightbox-trigger\"\n\t\t\ttype=\"button\"\n\t\t\taria-haspopup=\"dialog\"\n\t\t\taria-label=\"Vergr\u00f6\u00dfern\"\n\t\t\tdata-wp-init=\"callbacks.initTriggerButton\"\n\t\t\tdata-wp-on--click=\"actions.showLightbox\"\n\t\t\tdata-wp-style--right=\"state.imageButtonRight\"\n\t\t\tdata-wp-style--top=\"state.imageButtonTop\"\n\t\t>\n\t\t\t<svg xmlns=\"http:\/\/www.w3.org\/2000\/svg\" width=\"12\" height=\"12\" fill=\"none\" viewBox=\"0 0 12 12\">\n\t\t\t\t<path fill=\"#fff\" d=\"M2 0a2 2 0 0 0-2 2v2h1.5V2a.5.5 0 0 1 .5-.5h2V0H2Zm2 10.5H2a.5.5 0 0 1-.5-.5V8H0v2a2 2 0 0 0 2 2h2v-1.5ZM8 12v-1.5h2a.5.5 0 0 0 .5-.5V8H12v2a2 2 0 0 1-2 2H8Zm2-12a2 2 0 0 1 2 2v2h-1.5V2a.5.5 0 0 0-.5-.5H8V0h2Z\" \/>\n\t\t\t<\/svg>\n\t\t<\/button><figcaption class=\"wp-element-caption\">Gschwend &#8211; Friedhofstra\u00dfe &#8211; Hausnummer 25 &#8211; 2020 <br>Foto Klaus Ockert<\/figcaption><\/figure>\n\n\n\n<figure data-wp-context=\"{&quot;imageId&quot;:&quot;69eddeeabc90b&quot;}\" data-wp-interactive=\"core\/image\" data-wp-key=\"69eddeeabc90b\" class=\"wp-block-image size-large wp-lightbox-container\"><img loading=\"lazy\" decoding=\"async\" width=\"1024\" height=\"683\" data-wp-class--hide=\"state.isContentHidden\" data-wp-class--show=\"state.isContentVisible\" data-wp-init=\"callbacks.setButtonStyles\" data-wp-on--click=\"actions.showLightbox\" data-wp-on--load=\"callbacks.setButtonStyles\" data-wp-on-window--resize=\"callbacks.setButtonStyles\" data-id=\"251\" src=\"https:\/\/redesign.imlaufderzeit.de\/wp-content\/uploads\/Gschwend_Friedhofstra\u00dfe_Nr26__IMG-7_4607-1024x683.jpg\" alt=\"Gschwend - Friedhofstra\u00dfe - Hausnummer 26 - 2020000000\" class=\"wp-image-251\" srcset=\"https:\/\/redesign.imlaufderzeit.de\/wp-content\/uploads\/Gschwend_Friedhofstra\u00dfe_Nr26__IMG-7_4607-1024x683.jpg 1024w, https:\/\/redesign.imlaufderzeit.de\/wp-content\/uploads\/Gschwend_Friedhofstra\u00dfe_Nr26__IMG-7_4607-300x200.jpg 300w, https:\/\/redesign.imlaufderzeit.de\/wp-content\/uploads\/Gschwend_Friedhofstra\u00dfe_Nr26__IMG-7_4607-768x512.jpg 768w, https:\/\/redesign.imlaufderzeit.de\/wp-content\/uploads\/Gschwend_Friedhofstra\u00dfe_Nr26__IMG-7_4607-1536x1024.jpg 1536w, https:\/\/redesign.imlaufderzeit.de\/wp-content\/uploads\/Gschwend_Friedhofstra\u00dfe_Nr26__IMG-7_4607.JPG 1920w\" sizes=\"auto, (max-width: 1024px) 100vw, 1024px\" \/><button\n\t\t\tclass=\"lightbox-trigger\"\n\t\t\ttype=\"button\"\n\t\t\taria-haspopup=\"dialog\"\n\t\t\taria-label=\"Vergr\u00f6\u00dfern\"\n\t\t\tdata-wp-init=\"callbacks.initTriggerButton\"\n\t\t\tdata-wp-on--click=\"actions.showLightbox\"\n\t\t\tdata-wp-style--right=\"state.imageButtonRight\"\n\t\t\tdata-wp-style--top=\"state.imageButtonTop\"\n\t\t>\n\t\t\t<svg xmlns=\"http:\/\/www.w3.org\/2000\/svg\" width=\"12\" height=\"12\" fill=\"none\" viewBox=\"0 0 12 12\">\n\t\t\t\t<path fill=\"#fff\" d=\"M2 0a2 2 0 0 0-2 2v2h1.5V2a.5.5 0 0 1 .5-.5h2V0H2Zm2 10.5H2a.5.5 0 0 1-.5-.5V8H0v2a2 2 0 0 0 2 2h2v-1.5ZM8 12v-1.5h2a.5.5 0 0 0 .5-.5V8H12v2a2 2 0 0 1-2 2H8Zm2-12a2 2 0 0 1 2 2v2h-1.5V2a.5.5 0 0 0-.5-.5H8V0h2Z\" \/>\n\t\t\t<\/svg>\n\t\t<\/button><figcaption class=\"wp-element-caption\">Gschwend &#8211; Friedhofstra\u00dfe &#8211; Hausnummer 26 &#8211; 2020 <br>Foto Klaus Ockert<\/figcaption><\/figure>\n\n\n\n<figure data-wp-context=\"{&quot;imageId&quot;:&quot;69eddeeabcc8c&quot;}\" data-wp-interactive=\"core\/image\" data-wp-key=\"69eddeeabcc8c\" class=\"wp-block-image size-large wp-lightbox-container\"><img loading=\"lazy\" decoding=\"async\" width=\"1024\" height=\"683\" data-wp-class--hide=\"state.isContentHidden\" data-wp-class--show=\"state.isContentVisible\" data-wp-init=\"callbacks.setButtonStyles\" data-wp-on--click=\"actions.showLightbox\" data-wp-on--load=\"callbacks.setButtonStyles\" data-wp-on-window--resize=\"callbacks.setButtonStyles\" data-id=\"252\" src=\"https:\/\/redesign.imlaufderzeit.de\/wp-content\/uploads\/Gschwend_Friedhofstra\u00dfe_Nr28__IMG-7_4608-1024x683.jpg\" alt=\"Gschwend - Friedhofstra\u00dfe - Hausnummer 28 - 2020000000\" class=\"wp-image-252\" srcset=\"https:\/\/redesign.imlaufderzeit.de\/wp-content\/uploads\/Gschwend_Friedhofstra\u00dfe_Nr28__IMG-7_4608-1024x683.jpg 1024w, https:\/\/redesign.imlaufderzeit.de\/wp-content\/uploads\/Gschwend_Friedhofstra\u00dfe_Nr28__IMG-7_4608-300x200.jpg 300w, https:\/\/redesign.imlaufderzeit.de\/wp-content\/uploads\/Gschwend_Friedhofstra\u00dfe_Nr28__IMG-7_4608-768x512.jpg 768w, https:\/\/redesign.imlaufderzeit.de\/wp-content\/uploads\/Gschwend_Friedhofstra\u00dfe_Nr28__IMG-7_4608-1536x1024.jpg 1536w, https:\/\/redesign.imlaufderzeit.de\/wp-content\/uploads\/Gschwend_Friedhofstra\u00dfe_Nr28__IMG-7_4608.JPG 1920w\" sizes=\"auto, (max-width: 1024px) 100vw, 1024px\" \/><button\n\t\t\tclass=\"lightbox-trigger\"\n\t\t\ttype=\"button\"\n\t\t\taria-haspopup=\"dialog\"\n\t\t\taria-label=\"Vergr\u00f6\u00dfern\"\n\t\t\tdata-wp-init=\"callbacks.initTriggerButton\"\n\t\t\tdata-wp-on--click=\"actions.showLightbox\"\n\t\t\tdata-wp-style--right=\"state.imageButtonRight\"\n\t\t\tdata-wp-style--top=\"state.imageButtonTop\"\n\t\t>\n\t\t\t<svg xmlns=\"http:\/\/www.w3.org\/2000\/svg\" width=\"12\" height=\"12\" fill=\"none\" viewBox=\"0 0 12 12\">\n\t\t\t\t<path fill=\"#fff\" d=\"M2 0a2 2 0 0 0-2 2v2h1.5V2a.5.5 0 0 1 .5-.5h2V0H2Zm2 10.5H2a.5.5 0 0 1-.5-.5V8H0v2a2 2 0 0 0 2 2h2v-1.5ZM8 12v-1.5h2a.5.5 0 0 0 .5-.5V8H12v2a2 2 0 0 1-2 2H8Zm2-12a2 2 0 0 1 2 2v2h-1.5V2a.5.5 0 0 0-.5-.5H8V0h2Z\" \/>\n\t\t\t<\/svg>\n\t\t<\/button><figcaption class=\"wp-element-caption\">Gschwend &#8211; Friedhofstra\u00dfe &#8211; Hausnummer 28 + 30 &#8211; 2020 <br>Foto Klaus Ockert<\/figcaption><\/figure>\n\n\n\n<figure data-wp-context=\"{&quot;imageId&quot;:&quot;69eddeeabd020&quot;}\" data-wp-interactive=\"core\/image\" data-wp-key=\"69eddeeabd020\" class=\"wp-block-image size-large wp-lightbox-container\"><img loading=\"lazy\" decoding=\"async\" width=\"1024\" height=\"683\" data-wp-class--hide=\"state.isContentHidden\" data-wp-class--show=\"state.isContentVisible\" data-wp-init=\"callbacks.setButtonStyles\" data-wp-on--click=\"actions.showLightbox\" data-wp-on--load=\"callbacks.setButtonStyles\" data-wp-on-window--resize=\"callbacks.setButtonStyles\" data-id=\"255\" src=\"https:\/\/redesign.imlaufderzeit.de\/wp-content\/uploads\/Gschwend_Friedhofstra\u00dfe_Nr31__IMG-7_4625-1024x683.jpg\" alt=\"Gschwend - Friedhofstra\u00dfe - Hausnummer 31 - 2020000000\" class=\"wp-image-255\" srcset=\"https:\/\/redesign.imlaufderzeit.de\/wp-content\/uploads\/Gschwend_Friedhofstra\u00dfe_Nr31__IMG-7_4625-1024x683.jpg 1024w, https:\/\/redesign.imlaufderzeit.de\/wp-content\/uploads\/Gschwend_Friedhofstra\u00dfe_Nr31__IMG-7_4625-300x200.jpg 300w, https:\/\/redesign.imlaufderzeit.de\/wp-content\/uploads\/Gschwend_Friedhofstra\u00dfe_Nr31__IMG-7_4625-768x512.jpg 768w, https:\/\/redesign.imlaufderzeit.de\/wp-content\/uploads\/Gschwend_Friedhofstra\u00dfe_Nr31__IMG-7_4625-1536x1024.jpg 1536w, https:\/\/redesign.imlaufderzeit.de\/wp-content\/uploads\/Gschwend_Friedhofstra\u00dfe_Nr31__IMG-7_4625.JPG 1920w\" sizes=\"auto, (max-width: 1024px) 100vw, 1024px\" \/><button\n\t\t\tclass=\"lightbox-trigger\"\n\t\t\ttype=\"button\"\n\t\t\taria-haspopup=\"dialog\"\n\t\t\taria-label=\"Vergr\u00f6\u00dfern\"\n\t\t\tdata-wp-init=\"callbacks.initTriggerButton\"\n\t\t\tdata-wp-on--click=\"actions.showLightbox\"\n\t\t\tdata-wp-style--right=\"state.imageButtonRight\"\n\t\t\tdata-wp-style--top=\"state.imageButtonTop\"\n\t\t>\n\t\t\t<svg xmlns=\"http:\/\/www.w3.org\/2000\/svg\" width=\"12\" height=\"12\" fill=\"none\" viewBox=\"0 0 12 12\">\n\t\t\t\t<path fill=\"#fff\" d=\"M2 0a2 2 0 0 0-2 2v2h1.5V2a.5.5 0 0 1 .5-.5h2V0H2Zm2 10.5H2a.5.5 0 0 1-.5-.5V8H0v2a2 2 0 0 0 2 2h2v-1.5ZM8 12v-1.5h2a.5.5 0 0 0 .5-.5V8H12v2a2 2 0 0 1-2 2H8Zm2-12a2 2 0 0 1 2 2v2h-1.5V2a.5.5 0 0 0-.5-.5H8V0h2Z\" \/>\n\t\t\t<\/svg>\n\t\t<\/button><figcaption class=\"wp-element-caption\">Gschwend &#8211; Friedhofstra\u00dfe &#8211; Hausnummer 31 &#8211; 2020<br>Foto Klaus Ockert<\/figcaption><\/figure>\n\n\n\n<figure data-wp-context=\"{&quot;imageId&quot;:&quot;69eddeeabd392&quot;}\" data-wp-interactive=\"core\/image\" data-wp-key=\"69eddeeabd392\" class=\"wp-block-image size-large wp-lightbox-container\"><img loading=\"lazy\" decoding=\"async\" width=\"1024\" height=\"683\" data-wp-class--hide=\"state.isContentHidden\" data-wp-class--show=\"state.isContentVisible\" data-wp-init=\"callbacks.setButtonStyles\" data-wp-on--click=\"actions.showLightbox\" data-wp-on--load=\"callbacks.setButtonStyles\" data-wp-on-window--resize=\"callbacks.setButtonStyles\" data-id=\"263\" src=\"https:\/\/redesign.imlaufderzeit.de\/wp-content\/uploads\/Gschwend_Friedhofstra\u00dfe_Nr36__IMG-7_4626-1024x683.jpg\" alt=\"Gschwend - Friedhofstra\u00dfe - Hausnummer 36 - 2020000000\" class=\"wp-image-263\" srcset=\"https:\/\/redesign.imlaufderzeit.de\/wp-content\/uploads\/Gschwend_Friedhofstra\u00dfe_Nr36__IMG-7_4626-1024x683.jpg 1024w, https:\/\/redesign.imlaufderzeit.de\/wp-content\/uploads\/Gschwend_Friedhofstra\u00dfe_Nr36__IMG-7_4626-300x200.jpg 300w, https:\/\/redesign.imlaufderzeit.de\/wp-content\/uploads\/Gschwend_Friedhofstra\u00dfe_Nr36__IMG-7_4626-768x512.jpg 768w, https:\/\/redesign.imlaufderzeit.de\/wp-content\/uploads\/Gschwend_Friedhofstra\u00dfe_Nr36__IMG-7_4626-1536x1024.jpg 1536w, https:\/\/redesign.imlaufderzeit.de\/wp-content\/uploads\/Gschwend_Friedhofstra\u00dfe_Nr36__IMG-7_4626.JPG 1920w\" sizes=\"auto, (max-width: 1024px) 100vw, 1024px\" \/><button\n\t\t\tclass=\"lightbox-trigger\"\n\t\t\ttype=\"button\"\n\t\t\taria-haspopup=\"dialog\"\n\t\t\taria-label=\"Vergr\u00f6\u00dfern\"\n\t\t\tdata-wp-init=\"callbacks.initTriggerButton\"\n\t\t\tdata-wp-on--click=\"actions.showLightbox\"\n\t\t\tdata-wp-style--right=\"state.imageButtonRight\"\n\t\t\tdata-wp-style--top=\"state.imageButtonTop\"\n\t\t>\n\t\t\t<svg xmlns=\"http:\/\/www.w3.org\/2000\/svg\" width=\"12\" height=\"12\" fill=\"none\" viewBox=\"0 0 12 12\">\n\t\t\t\t<path fill=\"#fff\" d=\"M2 0a2 2 0 0 0-2 2v2h1.5V2a.5.5 0 0 1 .5-.5h2V0H2Zm2 10.5H2a.5.5 0 0 1-.5-.5V8H0v2a2 2 0 0 0 2 2h2v-1.5ZM8 12v-1.5h2a.5.5 0 0 0 .5-.5V8H12v2a2 2 0 0 1-2 2H8Zm2-12a2 2 0 0 1 2 2v2h-1.5V2a.5.5 0 0 0-.5-.5H8V0h2Z\" \/>\n\t\t\t<\/svg>\n\t\t<\/button><figcaption class=\"wp-element-caption\">Gschwend &#8211; Friedhofstra\u00dfe &#8211; Hausnummer 36 &#8211; 2020<br>Foto Klaus Ockert<\/figcaption><\/figure>\n\n\n\n<figure data-wp-context=\"{&quot;imageId&quot;:&quot;69eddeeabd71c&quot;}\" data-wp-interactive=\"core\/image\" data-wp-key=\"69eddeeabd71c\" class=\"wp-block-image size-large wp-lightbox-container\"><img loading=\"lazy\" decoding=\"async\" width=\"1021\" height=\"1024\" data-wp-class--hide=\"state.isContentHidden\" data-wp-class--show=\"state.isContentVisible\" data-wp-init=\"callbacks.setButtonStyles\" data-wp-on--click=\"actions.showLightbox\" data-wp-on--load=\"callbacks.setButtonStyles\" data-wp-on-window--resize=\"callbacks.setButtonStyles\" data-id=\"256\" src=\"http:\/\/redesign.imlaufderzeit.de\/wp-content\/uploads\/Gschwend_Friedhofstra\u00dfe_Nr32__1971-1021x1024.jpg\" alt=\"Gschwend - Friedhofstra\u00dfe - Hausnummer 32 - 1971\" class=\"wp-image-256\" srcset=\"https:\/\/redesign.imlaufderzeit.de\/wp-content\/uploads\/Gschwend_Friedhofstra\u00dfe_Nr32__1971-1021x1024.jpg 1021w, https:\/\/redesign.imlaufderzeit.de\/wp-content\/uploads\/Gschwend_Friedhofstra\u00dfe_Nr32__1971-300x300.jpg 300w, https:\/\/redesign.imlaufderzeit.de\/wp-content\/uploads\/Gschwend_Friedhofstra\u00dfe_Nr32__1971-150x150.jpg 150w, https:\/\/redesign.imlaufderzeit.de\/wp-content\/uploads\/Gschwend_Friedhofstra\u00dfe_Nr32__1971-768x770.jpg 768w, https:\/\/redesign.imlaufderzeit.de\/wp-content\/uploads\/Gschwend_Friedhofstra\u00dfe_Nr32__1971-1532x1536.jpg 1532w, https:\/\/redesign.imlaufderzeit.de\/wp-content\/uploads\/Gschwend_Friedhofstra\u00dfe_Nr32__1971.jpg 1920w\" sizes=\"auto, (max-width: 1021px) 100vw, 1021px\" \/><button\n\t\t\tclass=\"lightbox-trigger\"\n\t\t\ttype=\"button\"\n\t\t\taria-haspopup=\"dialog\"\n\t\t\taria-label=\"Vergr\u00f6\u00dfern\"\n\t\t\tdata-wp-init=\"callbacks.initTriggerButton\"\n\t\t\tdata-wp-on--click=\"actions.showLightbox\"\n\t\t\tdata-wp-style--right=\"state.imageButtonRight\"\n\t\t\tdata-wp-style--top=\"state.imageButtonTop\"\n\t\t>\n\t\t\t<svg xmlns=\"http:\/\/www.w3.org\/2000\/svg\" width=\"12\" height=\"12\" fill=\"none\" viewBox=\"0 0 12 12\">\n\t\t\t\t<path fill=\"#fff\" d=\"M2 0a2 2 0 0 0-2 2v2h1.5V2a.5.5 0 0 1 .5-.5h2V0H2Zm2 10.5H2a.5.5 0 0 1-.5-.5V8H0v2a2 2 0 0 0 2 2h2v-1.5ZM8 12v-1.5h2a.5.5 0 0 0 .5-.5V8H12v2a2 2 0 0 1-2 2H8Zm2-12a2 2 0 0 1 2 2v2h-1.5V2a.5.5 0 0 0-.5-.5H8V0h2Z\" \/>\n\t\t\t<\/svg>\n\t\t<\/button><figcaption class=\"wp-element-caption\">Gschwend &#8211; Friedhofstra\u00dfe &#8211; Hausnummer 32 &#8211; 1971<\/figcaption><\/figure>\n\n\n\n<figure data-wp-context=\"{&quot;imageId&quot;:&quot;69eddeeabdb37&quot;}\" data-wp-interactive=\"core\/image\" data-wp-key=\"69eddeeabdb37\" class=\"wp-block-image size-large wp-lightbox-container\"><img loading=\"lazy\" decoding=\"async\" width=\"1024\" height=\"683\" data-wp-class--hide=\"state.isContentHidden\" data-wp-class--show=\"state.isContentVisible\" data-wp-init=\"callbacks.setButtonStyles\" data-wp-on--click=\"actions.showLightbox\" data-wp-on--load=\"callbacks.setButtonStyles\" data-wp-on-window--resize=\"callbacks.setButtonStyles\" data-id=\"257\" src=\"https:\/\/redesign.imlaufderzeit.de\/wp-content\/uploads\/Gschwend_Friedhofstra\u00dfe_Nr32__IMG-7_4610-1024x683.jpg\" alt=\"Gschwend - Friedhofstra\u00dfe - Hausnummer 32 - 2020000000\" class=\"wp-image-257\" srcset=\"https:\/\/redesign.imlaufderzeit.de\/wp-content\/uploads\/Gschwend_Friedhofstra\u00dfe_Nr32__IMG-7_4610-1024x683.jpg 1024w, https:\/\/redesign.imlaufderzeit.de\/wp-content\/uploads\/Gschwend_Friedhofstra\u00dfe_Nr32__IMG-7_4610-300x200.jpg 300w, https:\/\/redesign.imlaufderzeit.de\/wp-content\/uploads\/Gschwend_Friedhofstra\u00dfe_Nr32__IMG-7_4610-768x512.jpg 768w, https:\/\/redesign.imlaufderzeit.de\/wp-content\/uploads\/Gschwend_Friedhofstra\u00dfe_Nr32__IMG-7_4610-1536x1024.jpg 1536w, https:\/\/redesign.imlaufderzeit.de\/wp-content\/uploads\/Gschwend_Friedhofstra\u00dfe_Nr32__IMG-7_4610.JPG 1920w\" sizes=\"auto, (max-width: 1024px) 100vw, 1024px\" \/><button\n\t\t\tclass=\"lightbox-trigger\"\n\t\t\ttype=\"button\"\n\t\t\taria-haspopup=\"dialog\"\n\t\t\taria-label=\"Vergr\u00f6\u00dfern\"\n\t\t\tdata-wp-init=\"callbacks.initTriggerButton\"\n\t\t\tdata-wp-on--click=\"actions.showLightbox\"\n\t\t\tdata-wp-style--right=\"state.imageButtonRight\"\n\t\t\tdata-wp-style--top=\"state.imageButtonTop\"\n\t\t>\n\t\t\t<svg xmlns=\"http:\/\/www.w3.org\/2000\/svg\" width=\"12\" height=\"12\" fill=\"none\" viewBox=\"0 0 12 12\">\n\t\t\t\t<path fill=\"#fff\" d=\"M2 0a2 2 0 0 0-2 2v2h1.5V2a.5.5 0 0 1 .5-.5h2V0H2Zm2 10.5H2a.5.5 0 0 1-.5-.5V8H0v2a2 2 0 0 0 2 2h2v-1.5ZM8 12v-1.5h2a.5.5 0 0 0 .5-.5V8H12v2a2 2 0 0 1-2 2H8Zm2-12a2 2 0 0 1 2 2v2h-1.5V2a.5.5 0 0 0-.5-.5H8V0h2Z\" \/>\n\t\t\t<\/svg>\n\t\t<\/button><figcaption class=\"wp-element-caption\">Gschwend &#8211; Friedhofstra\u00dfe &#8211; Hausnummer 32 &#8211; 2020 <br>Foto Klaus Ockert<\/figcaption><\/figure>\n\n\n\n<figure data-wp-context=\"{&quot;imageId&quot;:&quot;69eddeeabdf58&quot;}\" data-wp-interactive=\"core\/image\" data-wp-key=\"69eddeeabdf58\" class=\"wp-block-image size-large wp-lightbox-container\"><img loading=\"lazy\" decoding=\"async\" width=\"1024\" height=\"683\" data-wp-class--hide=\"state.isContentHidden\" data-wp-class--show=\"state.isContentVisible\" data-wp-init=\"callbacks.setButtonStyles\" data-wp-on--click=\"actions.showLightbox\" data-wp-on--load=\"callbacks.setButtonStyles\" data-wp-on-window--resize=\"callbacks.setButtonStyles\" data-id=\"258\" src=\"https:\/\/redesign.imlaufderzeit.de\/wp-content\/uploads\/Gschwend_Friedhofstra\u00dfe_Nr33__IMG-7_4611-1024x683.jpg\" alt=\"Gschwend - Friedhofstra\u00dfe - Hausnummer 33 - 2020000000\" class=\"wp-image-258\" srcset=\"https:\/\/redesign.imlaufderzeit.de\/wp-content\/uploads\/Gschwend_Friedhofstra\u00dfe_Nr33__IMG-7_4611-1024x683.jpg 1024w, https:\/\/redesign.imlaufderzeit.de\/wp-content\/uploads\/Gschwend_Friedhofstra\u00dfe_Nr33__IMG-7_4611-300x200.jpg 300w, https:\/\/redesign.imlaufderzeit.de\/wp-content\/uploads\/Gschwend_Friedhofstra\u00dfe_Nr33__IMG-7_4611-768x512.jpg 768w, https:\/\/redesign.imlaufderzeit.de\/wp-content\/uploads\/Gschwend_Friedhofstra\u00dfe_Nr33__IMG-7_4611-1536x1024.jpg 1536w, https:\/\/redesign.imlaufderzeit.de\/wp-content\/uploads\/Gschwend_Friedhofstra\u00dfe_Nr33__IMG-7_4611.JPG 1920w\" sizes=\"auto, (max-width: 1024px) 100vw, 1024px\" \/><button\n\t\t\tclass=\"lightbox-trigger\"\n\t\t\ttype=\"button\"\n\t\t\taria-haspopup=\"dialog\"\n\t\t\taria-label=\"Vergr\u00f6\u00dfern\"\n\t\t\tdata-wp-init=\"callbacks.initTriggerButton\"\n\t\t\tdata-wp-on--click=\"actions.showLightbox\"\n\t\t\tdata-wp-style--right=\"state.imageButtonRight\"\n\t\t\tdata-wp-style--top=\"state.imageButtonTop\"\n\t\t>\n\t\t\t<svg xmlns=\"http:\/\/www.w3.org\/2000\/svg\" width=\"12\" height=\"12\" fill=\"none\" viewBox=\"0 0 12 12\">\n\t\t\t\t<path fill=\"#fff\" d=\"M2 0a2 2 0 0 0-2 2v2h1.5V2a.5.5 0 0 1 .5-.5h2V0H2Zm2 10.5H2a.5.5 0 0 1-.5-.5V8H0v2a2 2 0 0 0 2 2h2v-1.5ZM8 12v-1.5h2a.5.5 0 0 0 .5-.5V8H12v2a2 2 0 0 1-2 2H8Zm2-12a2 2 0 0 1 2 2v2h-1.5V2a.5.5 0 0 0-.5-.5H8V0h2Z\" \/>\n\t\t\t<\/svg>\n\t\t<\/button><figcaption class=\"wp-element-caption\">Gschwend &#8211; Friedhofstra\u00dfe &#8211; Hausnummer 33 &#8211; 2020<br>Foto Klaus Ockert<\/figcaption><\/figure>\n\n\n\n<figure data-wp-context=\"{&quot;imageId&quot;:&quot;69eddeeabe3bc&quot;}\" data-wp-interactive=\"core\/image\" data-wp-key=\"69eddeeabe3bc\" class=\"wp-block-image size-large wp-lightbox-container\"><img loading=\"lazy\" decoding=\"async\" width=\"1024\" height=\"683\" data-wp-class--hide=\"state.isContentHidden\" data-wp-class--show=\"state.isContentVisible\" data-wp-init=\"callbacks.setButtonStyles\" data-wp-on--click=\"actions.showLightbox\" data-wp-on--load=\"callbacks.setButtonStyles\" data-wp-on-window--resize=\"callbacks.setButtonStyles\" data-id=\"259\" src=\"https:\/\/redesign.imlaufderzeit.de\/wp-content\/uploads\/Gschwend_Friedhofstra\u00dfe_Nr34__IMG-7_4609-1024x683.jpg\" alt=\"Gschwend - Friedhofstra\u00dfe - Hausnummer 34 - 2020000000\" class=\"wp-image-259\" srcset=\"https:\/\/redesign.imlaufderzeit.de\/wp-content\/uploads\/Gschwend_Friedhofstra\u00dfe_Nr34__IMG-7_4609-1024x683.jpg 1024w, https:\/\/redesign.imlaufderzeit.de\/wp-content\/uploads\/Gschwend_Friedhofstra\u00dfe_Nr34__IMG-7_4609-300x200.jpg 300w, https:\/\/redesign.imlaufderzeit.de\/wp-content\/uploads\/Gschwend_Friedhofstra\u00dfe_Nr34__IMG-7_4609-768x512.jpg 768w, https:\/\/redesign.imlaufderzeit.de\/wp-content\/uploads\/Gschwend_Friedhofstra\u00dfe_Nr34__IMG-7_4609-1536x1024.jpg 1536w, https:\/\/redesign.imlaufderzeit.de\/wp-content\/uploads\/Gschwend_Friedhofstra\u00dfe_Nr34__IMG-7_4609.JPG 1920w\" sizes=\"auto, (max-width: 1024px) 100vw, 1024px\" \/><button\n\t\t\tclass=\"lightbox-trigger\"\n\t\t\ttype=\"button\"\n\t\t\taria-haspopup=\"dialog\"\n\t\t\taria-label=\"Vergr\u00f6\u00dfern\"\n\t\t\tdata-wp-init=\"callbacks.initTriggerButton\"\n\t\t\tdata-wp-on--click=\"actions.showLightbox\"\n\t\t\tdata-wp-style--right=\"state.imageButtonRight\"\n\t\t\tdata-wp-style--top=\"state.imageButtonTop\"\n\t\t>\n\t\t\t<svg xmlns=\"http:\/\/www.w3.org\/2000\/svg\" width=\"12\" height=\"12\" fill=\"none\" viewBox=\"0 0 12 12\">\n\t\t\t\t<path fill=\"#fff\" d=\"M2 0a2 2 0 0 0-2 2v2h1.5V2a.5.5 0 0 1 .5-.5h2V0H2Zm2 10.5H2a.5.5 0 0 1-.5-.5V8H0v2a2 2 0 0 0 2 2h2v-1.5ZM8 12v-1.5h2a.5.5 0 0 0 .5-.5V8H12v2a2 2 0 0 1-2 2H8Zm2-12a2 2 0 0 1 2 2v2h-1.5V2a.5.5 0 0 0-.5-.5H8V0h2Z\" \/>\n\t\t\t<\/svg>\n\t\t<\/button><figcaption class=\"wp-element-caption\">Gschwend &#8211; Friedhofstra\u00dfe &#8211; Hausnummer 34 &#8211; 2020<br>Foto Klaus Ockert<\/figcaption><\/figure>\n\n\n\n<figure data-wp-context=\"{&quot;imageId&quot;:&quot;69eddeeabe7ef&quot;}\" data-wp-interactive=\"core\/image\" data-wp-key=\"69eddeeabe7ef\" class=\"wp-block-image size-large wp-lightbox-container\"><img loading=\"lazy\" decoding=\"async\" width=\"1024\" height=\"683\" data-wp-class--hide=\"state.isContentHidden\" data-wp-class--show=\"state.isContentVisible\" data-wp-init=\"callbacks.setButtonStyles\" data-wp-on--click=\"actions.showLightbox\" data-wp-on--load=\"callbacks.setButtonStyles\" data-wp-on-window--resize=\"callbacks.setButtonStyles\" data-id=\"260\" src=\"https:\/\/redesign.imlaufderzeit.de\/wp-content\/uploads\/Gschwend_Friedhofstra\u00dfe_Nr35__IMG-7_4612-1024x683.jpg\" alt=\"Gschwend - Friedhofstra\u00dfe - Hausnummer 35 - 2020000000\" class=\"wp-image-260\" srcset=\"https:\/\/redesign.imlaufderzeit.de\/wp-content\/uploads\/Gschwend_Friedhofstra\u00dfe_Nr35__IMG-7_4612-1024x683.jpg 1024w, https:\/\/redesign.imlaufderzeit.de\/wp-content\/uploads\/Gschwend_Friedhofstra\u00dfe_Nr35__IMG-7_4612-300x200.jpg 300w, https:\/\/redesign.imlaufderzeit.de\/wp-content\/uploads\/Gschwend_Friedhofstra\u00dfe_Nr35__IMG-7_4612-768x512.jpg 768w, https:\/\/redesign.imlaufderzeit.de\/wp-content\/uploads\/Gschwend_Friedhofstra\u00dfe_Nr35__IMG-7_4612-1536x1024.jpg 1536w, https:\/\/redesign.imlaufderzeit.de\/wp-content\/uploads\/Gschwend_Friedhofstra\u00dfe_Nr35__IMG-7_4612.JPG 1920w\" sizes=\"auto, (max-width: 1024px) 100vw, 1024px\" \/><button\n\t\t\tclass=\"lightbox-trigger\"\n\t\t\ttype=\"button\"\n\t\t\taria-haspopup=\"dialog\"\n\t\t\taria-label=\"Vergr\u00f6\u00dfern\"\n\t\t\tdata-wp-init=\"callbacks.initTriggerButton\"\n\t\t\tdata-wp-on--click=\"actions.showLightbox\"\n\t\t\tdata-wp-style--right=\"state.imageButtonRight\"\n\t\t\tdata-wp-style--top=\"state.imageButtonTop\"\n\t\t>\n\t\t\t<svg xmlns=\"http:\/\/www.w3.org\/2000\/svg\" width=\"12\" height=\"12\" fill=\"none\" viewBox=\"0 0 12 12\">\n\t\t\t\t<path fill=\"#fff\" d=\"M2 0a2 2 0 0 0-2 2v2h1.5V2a.5.5 0 0 1 .5-.5h2V0H2Zm2 10.5H2a.5.5 0 0 1-.5-.5V8H0v2a2 2 0 0 0 2 2h2v-1.5ZM8 12v-1.5h2a.5.5 0 0 0 .5-.5V8H12v2a2 2 0 0 1-2 2H8Zm2-12a2 2 0 0 1 2 2v2h-1.5V2a.5.5 0 0 0-.5-.5H8V0h2Z\" \/>\n\t\t\t<\/svg>\n\t\t<\/button><figcaption class=\"wp-element-caption\">Gschwend &#8211; Friedhofstra\u00dfe &#8211; Hausnummer 35 &#8211; 2020<br>Foto Klaus Ockert<\/figcaption><\/figure>\n\n\n\n<figure data-wp-context=\"{&quot;imageId&quot;:&quot;69eddeeabec17&quot;}\" data-wp-interactive=\"core\/image\" data-wp-key=\"69eddeeabec17\" class=\"wp-block-image size-large wp-lightbox-container\"><img loading=\"lazy\" decoding=\"async\" width=\"1024\" height=\"683\" data-wp-class--hide=\"state.isContentHidden\" data-wp-class--show=\"state.isContentVisible\" data-wp-init=\"callbacks.setButtonStyles\" data-wp-on--click=\"actions.showLightbox\" data-wp-on--load=\"callbacks.setButtonStyles\" data-wp-on-window--resize=\"callbacks.setButtonStyles\" data-id=\"262\" src=\"http:\/\/redesign.imlaufderzeit.de\/wp-content\/uploads\/Gschwend_Friedhofstra\u00dfe_Nr35__IMG-7_4614-1024x683.jpg\" alt=\"Gschwend - Friedhofstra\u00dfe - Hausnummer 35 - 2020\" class=\"wp-image-262\" srcset=\"https:\/\/redesign.imlaufderzeit.de\/wp-content\/uploads\/Gschwend_Friedhofstra\u00dfe_Nr35__IMG-7_4614-1024x683.jpg 1024w, https:\/\/redesign.imlaufderzeit.de\/wp-content\/uploads\/Gschwend_Friedhofstra\u00dfe_Nr35__IMG-7_4614-300x200.jpg 300w, https:\/\/redesign.imlaufderzeit.de\/wp-content\/uploads\/Gschwend_Friedhofstra\u00dfe_Nr35__IMG-7_4614-768x512.jpg 768w, https:\/\/redesign.imlaufderzeit.de\/wp-content\/uploads\/Gschwend_Friedhofstra\u00dfe_Nr35__IMG-7_4614-1536x1024.jpg 1536w, https:\/\/redesign.imlaufderzeit.de\/wp-content\/uploads\/Gschwend_Friedhofstra\u00dfe_Nr35__IMG-7_4614.JPG 1920w\" sizes=\"auto, (max-width: 1024px) 100vw, 1024px\" \/><button\n\t\t\tclass=\"lightbox-trigger\"\n\t\t\ttype=\"button\"\n\t\t\taria-haspopup=\"dialog\"\n\t\t\taria-label=\"Vergr\u00f6\u00dfern\"\n\t\t\tdata-wp-init=\"callbacks.initTriggerButton\"\n\t\t\tdata-wp-on--click=\"actions.showLightbox\"\n\t\t\tdata-wp-style--right=\"state.imageButtonRight\"\n\t\t\tdata-wp-style--top=\"state.imageButtonTop\"\n\t\t>\n\t\t\t<svg xmlns=\"http:\/\/www.w3.org\/2000\/svg\" width=\"12\" height=\"12\" fill=\"none\" viewBox=\"0 0 12 12\">\n\t\t\t\t<path fill=\"#fff\" d=\"M2 0a2 2 0 0 0-2 2v2h1.5V2a.5.5 0 0 1 .5-.5h2V0H2Zm2 10.5H2a.5.5 0 0 1-.5-.5V8H0v2a2 2 0 0 0 2 2h2v-1.5ZM8 12v-1.5h2a.5.5 0 0 0 .5-.5V8H12v2a2 2 0 0 1-2 2H8Zm2-12a2 2 0 0 1 2 2v2h-1.5V2a.5.5 0 0 0-.5-.5H8V0h2Z\" \/>\n\t\t\t<\/svg>\n\t\t<\/button><figcaption class=\"wp-element-caption\">Gschwend &#8211; Friedhofstra\u00dfe &#8211; Hausnummer 35 &#8211; 2020<br> Foto Klaus Ockert<\/figcaption><\/figure>\n\n\n\n<figure data-wp-context=\"{&quot;imageId&quot;:&quot;69eddeeabf046&quot;}\" data-wp-interactive=\"core\/image\" data-wp-key=\"69eddeeabf046\" class=\"wp-block-image size-large wp-lightbox-container\"><img loading=\"lazy\" decoding=\"async\" width=\"1024\" height=\"683\" data-wp-class--hide=\"state.isContentHidden\" data-wp-class--show=\"state.isContentVisible\" data-wp-init=\"callbacks.setButtonStyles\" data-wp-on--click=\"actions.showLightbox\" data-wp-on--load=\"callbacks.setButtonStyles\" data-wp-on-window--resize=\"callbacks.setButtonStyles\" data-id=\"261\" src=\"https:\/\/redesign.imlaufderzeit.de\/wp-content\/uploads\/Gschwend_Friedhofstra\u00dfe_Nr35__IMG-7_4613-1024x683.jpg\" alt=\"Gschwend - Friedhofstra\u00dfe - Hausnummer 35 - 2020000000\" class=\"wp-image-261\" srcset=\"https:\/\/redesign.imlaufderzeit.de\/wp-content\/uploads\/Gschwend_Friedhofstra\u00dfe_Nr35__IMG-7_4613-1024x683.jpg 1024w, https:\/\/redesign.imlaufderzeit.de\/wp-content\/uploads\/Gschwend_Friedhofstra\u00dfe_Nr35__IMG-7_4613-300x200.jpg 300w, https:\/\/redesign.imlaufderzeit.de\/wp-content\/uploads\/Gschwend_Friedhofstra\u00dfe_Nr35__IMG-7_4613-768x512.jpg 768w, https:\/\/redesign.imlaufderzeit.de\/wp-content\/uploads\/Gschwend_Friedhofstra\u00dfe_Nr35__IMG-7_4613-1536x1024.jpg 1536w, https:\/\/redesign.imlaufderzeit.de\/wp-content\/uploads\/Gschwend_Friedhofstra\u00dfe_Nr35__IMG-7_4613.JPG 1920w\" sizes=\"auto, (max-width: 1024px) 100vw, 1024px\" \/><button\n\t\t\tclass=\"lightbox-trigger\"\n\t\t\ttype=\"button\"\n\t\t\taria-haspopup=\"dialog\"\n\t\t\taria-label=\"Vergr\u00f6\u00dfern\"\n\t\t\tdata-wp-init=\"callbacks.initTriggerButton\"\n\t\t\tdata-wp-on--click=\"actions.showLightbox\"\n\t\t\tdata-wp-style--right=\"state.imageButtonRight\"\n\t\t\tdata-wp-style--top=\"state.imageButtonTop\"\n\t\t>\n\t\t\t<svg xmlns=\"http:\/\/www.w3.org\/2000\/svg\" width=\"12\" height=\"12\" fill=\"none\" viewBox=\"0 0 12 12\">\n\t\t\t\t<path fill=\"#fff\" d=\"M2 0a2 2 0 0 0-2 2v2h1.5V2a.5.5 0 0 1 .5-.5h2V0H2Zm2 10.5H2a.5.5 0 0 1-.5-.5V8H0v2a2 2 0 0 0 2 2h2v-1.5ZM8 12v-1.5h2a.5.5 0 0 0 .5-.5V8H12v2a2 2 0 0 1-2 2H8Zm2-12a2 2 0 0 1 2 2v2h-1.5V2a.5.5 0 0 0-.5-.5H8V0h2Z\" \/>\n\t\t\t<\/svg>\n\t\t<\/button><figcaption class=\"wp-element-caption\">Gschwend &#8211; Friedhofstra\u00dfe &#8211; Hausnummer 35 &#8211; 2020  <br>Foto Klaus Ockert<\/figcaption><\/figure>\n\n\n\n<figure data-wp-context=\"{&quot;imageId&quot;:&quot;69eddeeabf473&quot;}\" data-wp-interactive=\"core\/image\" data-wp-key=\"69eddeeabf473\" class=\"wp-block-image size-large wp-lightbox-container\"><img loading=\"lazy\" decoding=\"async\" width=\"1024\" height=\"683\" data-wp-class--hide=\"state.isContentHidden\" data-wp-class--show=\"state.isContentVisible\" data-wp-init=\"callbacks.setButtonStyles\" data-wp-on--click=\"actions.showLightbox\" data-wp-on--load=\"callbacks.setButtonStyles\" data-wp-on-window--resize=\"callbacks.setButtonStyles\" data-id=\"264\" src=\"https:\/\/redesign.imlaufderzeit.de\/wp-content\/uploads\/Gschwend_Friedhofstra\u00dfe_Nr38__IMG-7_4616-1024x683.jpg\" alt=\"Gschwend - Friedhofstra\u00dfe - Hausnummer 38 - 2020000000\" class=\"wp-image-264\" srcset=\"https:\/\/redesign.imlaufderzeit.de\/wp-content\/uploads\/Gschwend_Friedhofstra\u00dfe_Nr38__IMG-7_4616-1024x683.jpg 1024w, https:\/\/redesign.imlaufderzeit.de\/wp-content\/uploads\/Gschwend_Friedhofstra\u00dfe_Nr38__IMG-7_4616-300x200.jpg 300w, https:\/\/redesign.imlaufderzeit.de\/wp-content\/uploads\/Gschwend_Friedhofstra\u00dfe_Nr38__IMG-7_4616-768x512.jpg 768w, https:\/\/redesign.imlaufderzeit.de\/wp-content\/uploads\/Gschwend_Friedhofstra\u00dfe_Nr38__IMG-7_4616-1536x1024.jpg 1536w, https:\/\/redesign.imlaufderzeit.de\/wp-content\/uploads\/Gschwend_Friedhofstra\u00dfe_Nr38__IMG-7_4616.JPG 1920w\" sizes=\"auto, (max-width: 1024px) 100vw, 1024px\" \/><button\n\t\t\tclass=\"lightbox-trigger\"\n\t\t\ttype=\"button\"\n\t\t\taria-haspopup=\"dialog\"\n\t\t\taria-label=\"Vergr\u00f6\u00dfern\"\n\t\t\tdata-wp-init=\"callbacks.initTriggerButton\"\n\t\t\tdata-wp-on--click=\"actions.showLightbox\"\n\t\t\tdata-wp-style--right=\"state.imageButtonRight\"\n\t\t\tdata-wp-style--top=\"state.imageButtonTop\"\n\t\t>\n\t\t\t<svg xmlns=\"http:\/\/www.w3.org\/2000\/svg\" width=\"12\" height=\"12\" fill=\"none\" viewBox=\"0 0 12 12\">\n\t\t\t\t<path fill=\"#fff\" d=\"M2 0a2 2 0 0 0-2 2v2h1.5V2a.5.5 0 0 1 .5-.5h2V0H2Zm2 10.5H2a.5.5 0 0 1-.5-.5V8H0v2a2 2 0 0 0 2 2h2v-1.5ZM8 12v-1.5h2a.5.5 0 0 0 .5-.5V8H12v2a2 2 0 0 1-2 2H8Zm2-12a2 2 0 0 1 2 2v2h-1.5V2a.5.5 0 0 0-.5-.5H8V0h2Z\" \/>\n\t\t\t<\/svg>\n\t\t<\/button><figcaption class=\"wp-element-caption\">Gschwend &#8211; Friedhofstra\u00dfe &#8211; Hausnummer 38 &#8211; 2020<br>Foto Klaus Ockert<\/figcaption><\/figure>\n\n\n\n<figure data-wp-context=\"{&quot;imageId&quot;:&quot;69eddeeabf8d2&quot;}\" data-wp-interactive=\"core\/image\" data-wp-key=\"69eddeeabf8d2\" class=\"wp-block-image size-large wp-lightbox-container\"><img loading=\"lazy\" decoding=\"async\" width=\"1024\" height=\"683\" data-wp-class--hide=\"state.isContentHidden\" data-wp-class--show=\"state.isContentVisible\" data-wp-init=\"callbacks.setButtonStyles\" data-wp-on--click=\"actions.showLightbox\" data-wp-on--load=\"callbacks.setButtonStyles\" data-wp-on-window--resize=\"callbacks.setButtonStyles\" data-id=\"265\" src=\"https:\/\/redesign.imlaufderzeit.de\/wp-content\/uploads\/Gschwend_Friedhofstra\u00dfe_Nr38__IMG-7_4624-1024x683.jpg\" alt=\"Gschwend - Friedhofstra\u00dfe - Hausnummer 38 - 2020000000\" class=\"wp-image-265\" srcset=\"https:\/\/redesign.imlaufderzeit.de\/wp-content\/uploads\/Gschwend_Friedhofstra\u00dfe_Nr38__IMG-7_4624-1024x683.jpg 1024w, https:\/\/redesign.imlaufderzeit.de\/wp-content\/uploads\/Gschwend_Friedhofstra\u00dfe_Nr38__IMG-7_4624-300x200.jpg 300w, https:\/\/redesign.imlaufderzeit.de\/wp-content\/uploads\/Gschwend_Friedhofstra\u00dfe_Nr38__IMG-7_4624-768x512.jpg 768w, https:\/\/redesign.imlaufderzeit.de\/wp-content\/uploads\/Gschwend_Friedhofstra\u00dfe_Nr38__IMG-7_4624-1536x1024.jpg 1536w, https:\/\/redesign.imlaufderzeit.de\/wp-content\/uploads\/Gschwend_Friedhofstra\u00dfe_Nr38__IMG-7_4624.JPG 1920w\" sizes=\"auto, (max-width: 1024px) 100vw, 1024px\" \/><button\n\t\t\tclass=\"lightbox-trigger\"\n\t\t\ttype=\"button\"\n\t\t\taria-haspopup=\"dialog\"\n\t\t\taria-label=\"Vergr\u00f6\u00dfern\"\n\t\t\tdata-wp-init=\"callbacks.initTriggerButton\"\n\t\t\tdata-wp-on--click=\"actions.showLightbox\"\n\t\t\tdata-wp-style--right=\"state.imageButtonRight\"\n\t\t\tdata-wp-style--top=\"state.imageButtonTop\"\n\t\t>\n\t\t\t<svg xmlns=\"http:\/\/www.w3.org\/2000\/svg\" width=\"12\" height=\"12\" fill=\"none\" viewBox=\"0 0 12 12\">\n\t\t\t\t<path fill=\"#fff\" d=\"M2 0a2 2 0 0 0-2 2v2h1.5V2a.5.5 0 0 1 .5-.5h2V0H2Zm2 10.5H2a.5.5 0 0 1-.5-.5V8H0v2a2 2 0 0 0 2 2h2v-1.5ZM8 12v-1.5h2a.5.5 0 0 0 .5-.5V8H12v2a2 2 0 0 1-2 2H8Zm2-12a2 2 0 0 1 2 2v2h-1.5V2a.5.5 0 0 0-.5-.5H8V0h2Z\" \/>\n\t\t\t<\/svg>\n\t\t<\/button><figcaption class=\"wp-element-caption\">Gschwend &#8211; Friedhofstra\u00dfe &#8211; Hausnummer 38 &#8211; 2020<br>Foto Klaus Ockert<\/figcaption><\/figure>\n\n\n\n<figure data-wp-context=\"{&quot;imageId&quot;:&quot;69eddeeabfceb&quot;}\" data-wp-interactive=\"core\/image\" data-wp-key=\"69eddeeabfceb\" class=\"wp-block-image size-large wp-lightbox-container\"><img loading=\"lazy\" decoding=\"async\" width=\"1024\" height=\"683\" data-wp-class--hide=\"state.isContentHidden\" data-wp-class--show=\"state.isContentVisible\" data-wp-init=\"callbacks.setButtonStyles\" data-wp-on--click=\"actions.showLightbox\" data-wp-on--load=\"callbacks.setButtonStyles\" data-wp-on-window--resize=\"callbacks.setButtonStyles\" data-id=\"268\" src=\"https:\/\/redesign.imlaufderzeit.de\/wp-content\/uploads\/Gschwend_Friedhofstra\u00dfe_Nr40__IMG-7_4618-1024x683.jpg\" alt=\"Gschwend - Friedhofstra\u00dfe - Hausnummer 40 - 2020000000\" class=\"wp-image-268\" srcset=\"https:\/\/redesign.imlaufderzeit.de\/wp-content\/uploads\/Gschwend_Friedhofstra\u00dfe_Nr40__IMG-7_4618-1024x683.jpg 1024w, https:\/\/redesign.imlaufderzeit.de\/wp-content\/uploads\/Gschwend_Friedhofstra\u00dfe_Nr40__IMG-7_4618-300x200.jpg 300w, https:\/\/redesign.imlaufderzeit.de\/wp-content\/uploads\/Gschwend_Friedhofstra\u00dfe_Nr40__IMG-7_4618-768x512.jpg 768w, https:\/\/redesign.imlaufderzeit.de\/wp-content\/uploads\/Gschwend_Friedhofstra\u00dfe_Nr40__IMG-7_4618-1536x1024.jpg 1536w, https:\/\/redesign.imlaufderzeit.de\/wp-content\/uploads\/Gschwend_Friedhofstra\u00dfe_Nr40__IMG-7_4618.JPG 1920w\" sizes=\"auto, (max-width: 1024px) 100vw, 1024px\" \/><button\n\t\t\tclass=\"lightbox-trigger\"\n\t\t\ttype=\"button\"\n\t\t\taria-haspopup=\"dialog\"\n\t\t\taria-label=\"Vergr\u00f6\u00dfern\"\n\t\t\tdata-wp-init=\"callbacks.initTriggerButton\"\n\t\t\tdata-wp-on--click=\"actions.showLightbox\"\n\t\t\tdata-wp-style--right=\"state.imageButtonRight\"\n\t\t\tdata-wp-style--top=\"state.imageButtonTop\"\n\t\t>\n\t\t\t<svg xmlns=\"http:\/\/www.w3.org\/2000\/svg\" width=\"12\" height=\"12\" fill=\"none\" viewBox=\"0 0 12 12\">\n\t\t\t\t<path fill=\"#fff\" d=\"M2 0a2 2 0 0 0-2 2v2h1.5V2a.5.5 0 0 1 .5-.5h2V0H2Zm2 10.5H2a.5.5 0 0 1-.5-.5V8H0v2a2 2 0 0 0 2 2h2v-1.5ZM8 12v-1.5h2a.5.5 0 0 0 .5-.5V8H12v2a2 2 0 0 1-2 2H8Zm2-12a2 2 0 0 1 2 2v2h-1.5V2a.5.5 0 0 0-.5-.5H8V0h2Z\" \/>\n\t\t\t<\/svg>\n\t\t<\/button><figcaption class=\"wp-element-caption\">Gschwend &#8211; Friedhofstra\u00dfe &#8211; Hausnummer 40 &#8211; 2020<br>Foto Klaus Ockert<\/figcaption><\/figure>\n\n\n\n<figure data-wp-context=\"{&quot;imageId&quot;:&quot;69eddeeac015e&quot;}\" data-wp-interactive=\"core\/image\" data-wp-key=\"69eddeeac015e\" class=\"wp-block-image size-large wp-lightbox-container\"><img loading=\"lazy\" decoding=\"async\" width=\"1024\" height=\"683\" data-wp-class--hide=\"state.isContentHidden\" data-wp-class--show=\"state.isContentVisible\" data-wp-init=\"callbacks.setButtonStyles\" data-wp-on--click=\"actions.showLightbox\" data-wp-on--load=\"callbacks.setButtonStyles\" data-wp-on-window--resize=\"callbacks.setButtonStyles\" data-id=\"267\" src=\"https:\/\/redesign.imlaufderzeit.de\/wp-content\/uploads\/Gschwend_Friedhofstra\u00dfe_Nr40-1__IMG-7_4619-1024x683.jpg\" alt=\"Gschwend - Friedhofstra\u00dfe - Hausnummer 40-1 - 2020000000\" class=\"wp-image-267\" srcset=\"https:\/\/redesign.imlaufderzeit.de\/wp-content\/uploads\/Gschwend_Friedhofstra\u00dfe_Nr40-1__IMG-7_4619-1024x683.jpg 1024w, https:\/\/redesign.imlaufderzeit.de\/wp-content\/uploads\/Gschwend_Friedhofstra\u00dfe_Nr40-1__IMG-7_4619-300x200.jpg 300w, https:\/\/redesign.imlaufderzeit.de\/wp-content\/uploads\/Gschwend_Friedhofstra\u00dfe_Nr40-1__IMG-7_4619-768x512.jpg 768w, https:\/\/redesign.imlaufderzeit.de\/wp-content\/uploads\/Gschwend_Friedhofstra\u00dfe_Nr40-1__IMG-7_4619-1536x1024.jpg 1536w, https:\/\/redesign.imlaufderzeit.de\/wp-content\/uploads\/Gschwend_Friedhofstra\u00dfe_Nr40-1__IMG-7_4619.JPG 1920w\" sizes=\"auto, (max-width: 1024px) 100vw, 1024px\" \/><button\n\t\t\tclass=\"lightbox-trigger\"\n\t\t\ttype=\"button\"\n\t\t\taria-haspopup=\"dialog\"\n\t\t\taria-label=\"Vergr\u00f6\u00dfern\"\n\t\t\tdata-wp-init=\"callbacks.initTriggerButton\"\n\t\t\tdata-wp-on--click=\"actions.showLightbox\"\n\t\t\tdata-wp-style--right=\"state.imageButtonRight\"\n\t\t\tdata-wp-style--top=\"state.imageButtonTop\"\n\t\t>\n\t\t\t<svg xmlns=\"http:\/\/www.w3.org\/2000\/svg\" width=\"12\" height=\"12\" fill=\"none\" viewBox=\"0 0 12 12\">\n\t\t\t\t<path fill=\"#fff\" d=\"M2 0a2 2 0 0 0-2 2v2h1.5V2a.5.5 0 0 1 .5-.5h2V0H2Zm2 10.5H2a.5.5 0 0 1-.5-.5V8H0v2a2 2 0 0 0 2 2h2v-1.5ZM8 12v-1.5h2a.5.5 0 0 0 .5-.5V8H12v2a2 2 0 0 1-2 2H8Zm2-12a2 2 0 0 1 2 2v2h-1.5V2a.5.5 0 0 0-.5-.5H8V0h2Z\" \/>\n\t\t\t<\/svg>\n\t\t<\/button><figcaption class=\"wp-element-caption\">Gschwend &#8211; Friedhofstra\u00dfe &#8211; Hausnummer 40-1 &#8211; 2020 <br>Foto Klaus Ockert<\/figcaption><\/figure>\n\n\n\n<figure data-wp-context=\"{&quot;imageId&quot;:&quot;69eddeeac0587&quot;}\" data-wp-interactive=\"core\/image\" data-wp-key=\"69eddeeac0587\" class=\"wp-block-image size-large wp-lightbox-container\"><img loading=\"lazy\" decoding=\"async\" width=\"1024\" height=\"683\" data-wp-class--hide=\"state.isContentHidden\" data-wp-class--show=\"state.isContentVisible\" data-wp-init=\"callbacks.setButtonStyles\" data-wp-on--click=\"actions.showLightbox\" data-wp-on--load=\"callbacks.setButtonStyles\" data-wp-on-window--resize=\"callbacks.setButtonStyles\" data-id=\"269\" src=\"http:\/\/redesign.imlaufderzeit.de\/wp-content\/uploads\/Gschwend_Friedhofstra\u00dfe_Nr42__IMG-7_4620-1024x683.jpg\" alt=\"Gschwend_Friedhofstra\u00dfe_Nr42__2020\" class=\"wp-image-269\" srcset=\"https:\/\/redesign.imlaufderzeit.de\/wp-content\/uploads\/Gschwend_Friedhofstra\u00dfe_Nr42__IMG-7_4620-1024x683.jpg 1024w, https:\/\/redesign.imlaufderzeit.de\/wp-content\/uploads\/Gschwend_Friedhofstra\u00dfe_Nr42__IMG-7_4620-300x200.jpg 300w, https:\/\/redesign.imlaufderzeit.de\/wp-content\/uploads\/Gschwend_Friedhofstra\u00dfe_Nr42__IMG-7_4620-768x512.jpg 768w, https:\/\/redesign.imlaufderzeit.de\/wp-content\/uploads\/Gschwend_Friedhofstra\u00dfe_Nr42__IMG-7_4620-1536x1024.jpg 1536w, https:\/\/redesign.imlaufderzeit.de\/wp-content\/uploads\/Gschwend_Friedhofstra\u00dfe_Nr42__IMG-7_4620.JPG 1920w\" sizes=\"auto, (max-width: 1024px) 100vw, 1024px\" \/><button\n\t\t\tclass=\"lightbox-trigger\"\n\t\t\ttype=\"button\"\n\t\t\taria-haspopup=\"dialog\"\n\t\t\taria-label=\"Vergr\u00f6\u00dfern\"\n\t\t\tdata-wp-init=\"callbacks.initTriggerButton\"\n\t\t\tdata-wp-on--click=\"actions.showLightbox\"\n\t\t\tdata-wp-style--right=\"state.imageButtonRight\"\n\t\t\tdata-wp-style--top=\"state.imageButtonTop\"\n\t\t>\n\t\t\t<svg xmlns=\"http:\/\/www.w3.org\/2000\/svg\" width=\"12\" height=\"12\" fill=\"none\" viewBox=\"0 0 12 12\">\n\t\t\t\t<path fill=\"#fff\" d=\"M2 0a2 2 0 0 0-2 2v2h1.5V2a.5.5 0 0 1 .5-.5h2V0H2Zm2 10.5H2a.5.5 0 0 1-.5-.5V8H0v2a2 2 0 0 0 2 2h2v-1.5ZM8 12v-1.5h2a.5.5 0 0 0 .5-.5V8H12v2a2 2 0 0 1-2 2H8Zm2-12a2 2 0 0 1 2 2v2h-1.5V2a.5.5 0 0 0-.5-.5H8V0h2Z\" \/>\n\t\t\t<\/svg>\n\t\t<\/button><figcaption class=\"wp-element-caption\">Gschwend_Hausnummer 42 &#8211; 2020 Foto Klaus Ockert <\/figcaption><\/figure>\n\n\n\n<figure data-wp-context=\"{&quot;imageId&quot;:&quot;69eddeeac09a8&quot;}\" data-wp-interactive=\"core\/image\" data-wp-key=\"69eddeeac09a8\" class=\"wp-block-image size-large wp-lightbox-container\"><img loading=\"lazy\" decoding=\"async\" width=\"1024\" height=\"683\" data-wp-class--hide=\"state.isContentHidden\" data-wp-class--show=\"state.isContentVisible\" data-wp-init=\"callbacks.setButtonStyles\" data-wp-on--click=\"actions.showLightbox\" data-wp-on--load=\"callbacks.setButtonStyles\" data-wp-on-window--resize=\"callbacks.setButtonStyles\" data-id=\"271\" src=\"https:\/\/redesign.imlaufderzeit.de\/wp-content\/uploads\/Gschwend_Friedhofstra\u00dfe_Nr42__IMG-7_4622-1024x683.jpg\" alt=\"Gschwend - Friedhofstra\u00dfe - Hausnummer 42 - 2020000000\" class=\"wp-image-271\" srcset=\"https:\/\/redesign.imlaufderzeit.de\/wp-content\/uploads\/Gschwend_Friedhofstra\u00dfe_Nr42__IMG-7_4622-1024x683.jpg 1024w, https:\/\/redesign.imlaufderzeit.de\/wp-content\/uploads\/Gschwend_Friedhofstra\u00dfe_Nr42__IMG-7_4622-300x200.jpg 300w, https:\/\/redesign.imlaufderzeit.de\/wp-content\/uploads\/Gschwend_Friedhofstra\u00dfe_Nr42__IMG-7_4622-768x512.jpg 768w, https:\/\/redesign.imlaufderzeit.de\/wp-content\/uploads\/Gschwend_Friedhofstra\u00dfe_Nr42__IMG-7_4622-1536x1024.jpg 1536w, https:\/\/redesign.imlaufderzeit.de\/wp-content\/uploads\/Gschwend_Friedhofstra\u00dfe_Nr42__IMG-7_4622.JPG 1920w\" sizes=\"auto, (max-width: 1024px) 100vw, 1024px\" \/><button\n\t\t\tclass=\"lightbox-trigger\"\n\t\t\ttype=\"button\"\n\t\t\taria-haspopup=\"dialog\"\n\t\t\taria-label=\"Vergr\u00f6\u00dfern\"\n\t\t\tdata-wp-init=\"callbacks.initTriggerButton\"\n\t\t\tdata-wp-on--click=\"actions.showLightbox\"\n\t\t\tdata-wp-style--right=\"state.imageButtonRight\"\n\t\t\tdata-wp-style--top=\"state.imageButtonTop\"\n\t\t>\n\t\t\t<svg xmlns=\"http:\/\/www.w3.org\/2000\/svg\" width=\"12\" height=\"12\" fill=\"none\" viewBox=\"0 0 12 12\">\n\t\t\t\t<path fill=\"#fff\" d=\"M2 0a2 2 0 0 0-2 2v2h1.5V2a.5.5 0 0 1 .5-.5h2V0H2Zm2 10.5H2a.5.5 0 0 1-.5-.5V8H0v2a2 2 0 0 0 2 2h2v-1.5ZM8 12v-1.5h2a.5.5 0 0 0 .5-.5V8H12v2a2 2 0 0 1-2 2H8Zm2-12a2 2 0 0 1 2 2v2h-1.5V2a.5.5 0 0 0-.5-.5H8V0h2Z\" \/>\n\t\t\t<\/svg>\n\t\t<\/button><figcaption class=\"wp-element-caption\">Gschwend &#8211; Friedhofstra\u00dfe &#8211; Hausnummer 42 &#8211; 2020 <br>Foto Klaus Ockert<\/figcaption><\/figure>\n\n\n\n<figure data-wp-context=\"{&quot;imageId&quot;:&quot;69eddeeac0dc1&quot;}\" data-wp-interactive=\"core\/image\" data-wp-key=\"69eddeeac0dc1\" class=\"wp-block-image size-large wp-lightbox-container\"><img loading=\"lazy\" decoding=\"async\" width=\"1024\" height=\"683\" data-wp-class--hide=\"state.isContentHidden\" data-wp-class--show=\"state.isContentVisible\" data-wp-init=\"callbacks.setButtonStyles\" data-wp-on--click=\"actions.showLightbox\" data-wp-on--load=\"callbacks.setButtonStyles\" data-wp-on-window--resize=\"callbacks.setButtonStyles\" data-id=\"270\" src=\"https:\/\/redesign.imlaufderzeit.de\/wp-content\/uploads\/Gschwend_Friedhofstra\u00dfe_Nr42__IMG-7_4621-1024x683.jpg\" alt=\"Gschwend - Friedhofstra\u00dfe - Hausnummer 42 - 2020000000\" class=\"wp-image-270\" srcset=\"https:\/\/redesign.imlaufderzeit.de\/wp-content\/uploads\/Gschwend_Friedhofstra\u00dfe_Nr42__IMG-7_4621-1024x683.jpg 1024w, https:\/\/redesign.imlaufderzeit.de\/wp-content\/uploads\/Gschwend_Friedhofstra\u00dfe_Nr42__IMG-7_4621-300x200.jpg 300w, https:\/\/redesign.imlaufderzeit.de\/wp-content\/uploads\/Gschwend_Friedhofstra\u00dfe_Nr42__IMG-7_4621-768x512.jpg 768w, https:\/\/redesign.imlaufderzeit.de\/wp-content\/uploads\/Gschwend_Friedhofstra\u00dfe_Nr42__IMG-7_4621-1536x1024.jpg 1536w, https:\/\/redesign.imlaufderzeit.de\/wp-content\/uploads\/Gschwend_Friedhofstra\u00dfe_Nr42__IMG-7_4621.JPG 1920w\" sizes=\"auto, (max-width: 1024px) 100vw, 1024px\" \/><button\n\t\t\tclass=\"lightbox-trigger\"\n\t\t\ttype=\"button\"\n\t\t\taria-haspopup=\"dialog\"\n\t\t\taria-label=\"Vergr\u00f6\u00dfern\"\n\t\t\tdata-wp-init=\"callbacks.initTriggerButton\"\n\t\t\tdata-wp-on--click=\"actions.showLightbox\"\n\t\t\tdata-wp-style--right=\"state.imageButtonRight\"\n\t\t\tdata-wp-style--top=\"state.imageButtonTop\"\n\t\t>\n\t\t\t<svg xmlns=\"http:\/\/www.w3.org\/2000\/svg\" width=\"12\" height=\"12\" fill=\"none\" viewBox=\"0 0 12 12\">\n\t\t\t\t<path fill=\"#fff\" d=\"M2 0a2 2 0 0 0-2 2v2h1.5V2a.5.5 0 0 1 .5-.5h2V0H2Zm2 10.5H2a.5.5 0 0 1-.5-.5V8H0v2a2 2 0 0 0 2 2h2v-1.5ZM8 12v-1.5h2a.5.5 0 0 0 .5-.5V8H12v2a2 2 0 0 1-2 2H8Zm2-12a2 2 0 0 1 2 2v2h-1.5V2a.5.5 0 0 0-.5-.5H8V0h2Z\" \/>\n\t\t\t<\/svg>\n\t\t<\/button><figcaption class=\"wp-element-caption\">Gschwend &#8211; Friedhofstra\u00dfe &#8211; Hausnummer 42 &#8211; 2020<br>Foto Klaus Ockert<br><\/figcaption><\/figure>\n\n\n\n<figure data-wp-context=\"{&quot;imageId&quot;:&quot;69eddeeac11f4&quot;}\" data-wp-interactive=\"core\/image\" data-wp-key=\"69eddeeac11f4\" class=\"wp-block-image size-large wp-lightbox-container\"><img loading=\"lazy\" decoding=\"async\" width=\"1024\" height=\"683\" data-wp-class--hide=\"state.isContentHidden\" data-wp-class--show=\"state.isContentVisible\" data-wp-init=\"callbacks.setButtonStyles\" data-wp-on--click=\"actions.showLightbox\" data-wp-on--load=\"callbacks.setButtonStyles\" data-wp-on-window--resize=\"callbacks.setButtonStyles\" data-id=\"235\" src=\"https:\/\/redesign.imlaufderzeit.de\/wp-content\/uploads\/Gschwend_Friedhofstra\u00dfe_Friedhof__IMG-7_4636-1024x683.jpg\" alt=\"Gschwend - Friedhofstra\u00dfe - Friedhof - 2020000000\" class=\"wp-image-235\" srcset=\"https:\/\/redesign.imlaufderzeit.de\/wp-content\/uploads\/Gschwend_Friedhofstra\u00dfe_Friedhof__IMG-7_4636-1024x683.jpg 1024w, https:\/\/redesign.imlaufderzeit.de\/wp-content\/uploads\/Gschwend_Friedhofstra\u00dfe_Friedhof__IMG-7_4636-300x200.jpg 300w, https:\/\/redesign.imlaufderzeit.de\/wp-content\/uploads\/Gschwend_Friedhofstra\u00dfe_Friedhof__IMG-7_4636-768x512.jpg 768w, https:\/\/redesign.imlaufderzeit.de\/wp-content\/uploads\/Gschwend_Friedhofstra\u00dfe_Friedhof__IMG-7_4636-1536x1024.jpg 1536w, https:\/\/redesign.imlaufderzeit.de\/wp-content\/uploads\/Gschwend_Friedhofstra\u00dfe_Friedhof__IMG-7_4636.JPG 1920w\" sizes=\"auto, (max-width: 1024px) 100vw, 1024px\" \/><button\n\t\t\tclass=\"lightbox-trigger\"\n\t\t\ttype=\"button\"\n\t\t\taria-haspopup=\"dialog\"\n\t\t\taria-label=\"Vergr\u00f6\u00dfern\"\n\t\t\tdata-wp-init=\"callbacks.initTriggerButton\"\n\t\t\tdata-wp-on--click=\"actions.showLightbox\"\n\t\t\tdata-wp-style--right=\"state.imageButtonRight\"\n\t\t\tdata-wp-style--top=\"state.imageButtonTop\"\n\t\t>\n\t\t\t<svg xmlns=\"http:\/\/www.w3.org\/2000\/svg\" width=\"12\" height=\"12\" fill=\"none\" viewBox=\"0 0 12 12\">\n\t\t\t\t<path fill=\"#fff\" d=\"M2 0a2 2 0 0 0-2 2v2h1.5V2a.5.5 0 0 1 .5-.5h2V0H2Zm2 10.5H2a.5.5 0 0 1-.5-.5V8H0v2a2 2 0 0 0 2 2h2v-1.5ZM8 12v-1.5h2a.5.5 0 0 0 .5-.5V8H12v2a2 2 0 0 1-2 2H8Zm2-12a2 2 0 0 1 2 2v2h-1.5V2a.5.5 0 0 0-.5-.5H8V0h2Z\" \/>\n\t\t\t<\/svg>\n\t\t<\/button><figcaption class=\"wp-element-caption\">Gschwend &#8211; Friedhofstra\u00dfe &#8211; Friedhof &#8211; 2020 <br>Foto Klaus Ockert<\/figcaption><\/figure>\n\n\n\n<figure data-wp-context=\"{&quot;imageId&quot;:&quot;69eddeeac161c&quot;}\" data-wp-interactive=\"core\/image\" data-wp-key=\"69eddeeac161c\" class=\"wp-block-image size-large wp-lightbox-container\"><img loading=\"lazy\" decoding=\"async\" width=\"1024\" height=\"683\" data-wp-class--hide=\"state.isContentHidden\" data-wp-class--show=\"state.isContentVisible\" data-wp-init=\"callbacks.setButtonStyles\" data-wp-on--click=\"actions.showLightbox\" data-wp-on--load=\"callbacks.setButtonStyles\" data-wp-on-window--resize=\"callbacks.setButtonStyles\" data-id=\"234\" src=\"https:\/\/redesign.imlaufderzeit.de\/wp-content\/uploads\/Gschwend_Friedhofstra\u00dfe_Friedhof__IMG-7_4627-1024x683.jpg\" alt=\"Gschwend - Friedhofstra\u00dfe - Friedhof - 2020000000\" class=\"wp-image-234\" srcset=\"https:\/\/redesign.imlaufderzeit.de\/wp-content\/uploads\/Gschwend_Friedhofstra\u00dfe_Friedhof__IMG-7_4627-1024x683.jpg 1024w, https:\/\/redesign.imlaufderzeit.de\/wp-content\/uploads\/Gschwend_Friedhofstra\u00dfe_Friedhof__IMG-7_4627-300x200.jpg 300w, https:\/\/redesign.imlaufderzeit.de\/wp-content\/uploads\/Gschwend_Friedhofstra\u00dfe_Friedhof__IMG-7_4627-768x512.jpg 768w, https:\/\/redesign.imlaufderzeit.de\/wp-content\/uploads\/Gschwend_Friedhofstra\u00dfe_Friedhof__IMG-7_4627-1536x1024.jpg 1536w, https:\/\/redesign.imlaufderzeit.de\/wp-content\/uploads\/Gschwend_Friedhofstra\u00dfe_Friedhof__IMG-7_4627.JPG 1920w\" sizes=\"auto, (max-width: 1024px) 100vw, 1024px\" \/><button\n\t\t\tclass=\"lightbox-trigger\"\n\t\t\ttype=\"button\"\n\t\t\taria-haspopup=\"dialog\"\n\t\t\taria-label=\"Vergr\u00f6\u00dfern\"\n\t\t\tdata-wp-init=\"callbacks.initTriggerButton\"\n\t\t\tdata-wp-on--click=\"actions.showLightbox\"\n\t\t\tdata-wp-style--right=\"state.imageButtonRight\"\n\t\t\tdata-wp-style--top=\"state.imageButtonTop\"\n\t\t>\n\t\t\t<svg xmlns=\"http:\/\/www.w3.org\/2000\/svg\" width=\"12\" height=\"12\" fill=\"none\" viewBox=\"0 0 12 12\">\n\t\t\t\t<path fill=\"#fff\" d=\"M2 0a2 2 0 0 0-2 2v2h1.5V2a.5.5 0 0 1 .5-.5h2V0H2Zm2 10.5H2a.5.5 0 0 1-.5-.5V8H0v2a2 2 0 0 0 2 2h2v-1.5ZM8 12v-1.5h2a.5.5 0 0 0 .5-.5V8H12v2a2 2 0 0 1-2 2H8Zm2-12a2 2 0 0 1 2 2v2h-1.5V2a.5.5 0 0 0-.5-.5H8V0h2Z\" \/>\n\t\t\t<\/svg>\n\t\t<\/button><figcaption class=\"wp-element-caption\">Gschwend &#8211; Friedhofstra\u00dfe &#8211; Friedhof &#8211; 2020<br>Foto Klaus Ockert<\/figcaption><\/figure>\n<\/figure>\n","protected":false},"excerpt":{"rendered":"","protected":false},"author":1,"featured_media":0,"parent":8,"menu_order":0,"comment_status":"closed","ping_status":"closed","template":"","meta":{"footnotes":""},"class_list":["post-561","page","type-page","status-publish","hentry"],"_links":{"self":[{"href":"https:\/\/redesign.imlaufderzeit.de\/index.php?rest_route=\/wp\/v2\/pages\/561","targetHints":{"allow":["GET"]}}],"collection":[{"href":"https:\/\/redesign.imlaufderzeit.de\/index.php?rest_route=\/wp\/v2\/pages"}],"about":[{"href":"https:\/\/redesign.imlaufderzeit.de\/index.php?rest_route=\/wp\/v2\/types\/page"}],"author":[{"embeddable":true,"href":"https:\/\/redesign.imlaufderzeit.de\/index.php?rest_route=\/wp\/v2\/users\/1"}],"replies":[{"embeddable":true,"href":"https:\/\/redesign.imlaufderzeit.de\/index.php?rest_route=%2Fwp%2Fv2%2Fcomments&post=561"}],"version-history":[{"count":18,"href":"https:\/\/redesign.imlaufderzeit.de\/index.php?rest_route=\/wp\/v2\/pages\/561\/revisions"}],"predecessor-version":[{"id":1456,"href":"https:\/\/redesign.imlaufderzeit.de\/index.php?rest_route=\/wp\/v2\/pages\/561\/revisions\/1456"}],"up":[{"embeddable":true,"href":"https:\/\/redesign.imlaufderzeit.de\/index.php?rest_route=\/wp\/v2\/pages\/8"}],"wp:attachment":[{"href":"https:\/\/redesign.imlaufderzeit.de\/index.php?rest_route=%2Fwp%2Fv2%2Fmedia&parent=561"}],"curies":[{"name":"wp","href":"https:\/\/api.w.org\/{rel}","templated":true}]}}