{"id":575,"date":"2025-10-31T11:51:01","date_gmt":"2025-10-31T10:51:01","guid":{"rendered":"https:\/\/redesign.imlaufderzeit.de\/?page_id=575"},"modified":"2026-02-27T13:52:23","modified_gmt":"2026-02-27T12:52:23","slug":"gmuender-strasse","status":"publish","type":"page","link":"https:\/\/redesign.imlaufderzeit.de\/?page_id=575","title":{"rendered":"Gm\u00fcnder Stra\u00dfe"},"content":{"rendered":"<h2 class=\"wp-block-post-title\">Gm\u00fcnder Stra\u00dfe<\/h2>\n\n\n<figure class=\"wp-block-gallery has-nested-images columns-2 wp-block-gallery-1 is-layout-flex wp-block-gallery-is-layout-flex\">\n<figure data-wp-context=\"{&quot;imageId&quot;:&quot;69eddeea8016c&quot;}\" data-wp-interactive=\"core\/image\" data-wp-key=\"69eddeea8016c\" class=\"wp-block-image size-large wp-lightbox-container\"><img loading=\"lazy\" decoding=\"async\" width=\"1024\" height=\"683\" data-wp-class--hide=\"state.isContentHidden\" data-wp-class--show=\"state.isContentVisible\" data-wp-init=\"callbacks.setButtonStyles\" data-wp-on--click=\"actions.showLightbox\" data-wp-on--load=\"callbacks.setButtonStyles\" data-wp-on-window--resize=\"callbacks.setButtonStyles\" data-id=\"334\" src=\"https:\/\/redesign.imlaufderzeit.de\/wp-content\/uploads\/Gschwend_Gm\u00fcnder Stra\u00dfe_Nr2__IMG-7_4545-1024x683.jpg\" alt=\"Gschwend - Gm\u00fcnder Stra\u00dfe - Hausnummer 2 - 201900000\" class=\"wp-image-334\" srcset=\"https:\/\/redesign.imlaufderzeit.de\/wp-content\/uploads\/Gschwend_Gm\u00fcnder%20Stra\u00dfe_Nr2__IMG-7_4545-1024x683.jpg 1024w, https:\/\/redesign.imlaufderzeit.de\/wp-content\/uploads\/Gschwend_Gm\u00fcnder%20Stra\u00dfe_Nr2__IMG-7_4545-300x200.jpg 300w, https:\/\/redesign.imlaufderzeit.de\/wp-content\/uploads\/Gschwend_Gm\u00fcnder%20Stra\u00dfe_Nr2__IMG-7_4545-768x512.jpg 768w, https:\/\/redesign.imlaufderzeit.de\/wp-content\/uploads\/Gschwend_Gm\u00fcnder%20Stra\u00dfe_Nr2__IMG-7_4545-1536x1024.jpg 1536w, https:\/\/redesign.imlaufderzeit.de\/wp-content\/uploads\/Gschwend_Gm\u00fcnder%20Stra\u00dfe_Nr2__IMG-7_4545.JPG 1920w\" sizes=\"auto, (max-width: 1024px) 100vw, 1024px\" \/><button\n\t\t\tclass=\"lightbox-trigger\"\n\t\t\ttype=\"button\"\n\t\t\taria-haspopup=\"dialog\"\n\t\t\taria-label=\"Vergr\u00f6\u00dfern\"\n\t\t\tdata-wp-init=\"callbacks.initTriggerButton\"\n\t\t\tdata-wp-on--click=\"actions.showLightbox\"\n\t\t\tdata-wp-style--right=\"state.imageButtonRight\"\n\t\t\tdata-wp-style--top=\"state.imageButtonTop\"\n\t\t>\n\t\t\t<svg xmlns=\"http:\/\/www.w3.org\/2000\/svg\" width=\"12\" height=\"12\" fill=\"none\" viewBox=\"0 0 12 12\">\n\t\t\t\t<path fill=\"#fff\" d=\"M2 0a2 2 0 0 0-2 2v2h1.5V2a.5.5 0 0 1 .5-.5h2V0H2Zm2 10.5H2a.5.5 0 0 1-.5-.5V8H0v2a2 2 0 0 0 2 2h2v-1.5ZM8 12v-1.5h2a.5.5 0 0 0 .5-.5V8H12v2a2 2 0 0 1-2 2H8Zm2-12a2 2 0 0 1 2 2v2h-1.5V2a.5.5 0 0 0-.5-.5H8V0h2Z\" \/>\n\t\t\t<\/svg>\n\t\t<\/button><figcaption class=\"wp-element-caption\">Gschwend &#8211; Gm\u00fcnder Stra\u00dfe &#8211; Hausnummer 2 &#8211; 2019 <br>Rathaus<br>Foto Klaus Ockert<\/figcaption><\/figure>\n\n\n\n<figure data-wp-context=\"{&quot;imageId&quot;:&quot;69eddeea80574&quot;}\" data-wp-interactive=\"core\/image\" data-wp-key=\"69eddeea80574\" class=\"wp-block-image size-large wp-lightbox-container\"><img loading=\"lazy\" decoding=\"async\" width=\"1024\" height=\"683\" data-wp-class--hide=\"state.isContentHidden\" data-wp-class--show=\"state.isContentVisible\" data-wp-init=\"callbacks.setButtonStyles\" data-wp-on--click=\"actions.showLightbox\" data-wp-on--load=\"callbacks.setButtonStyles\" data-wp-on-window--resize=\"callbacks.setButtonStyles\" data-id=\"346\" src=\"https:\/\/redesign.imlaufderzeit.de\/wp-content\/uploads\/Gschwend_Gm\u00fcnder Stra\u00dfe_Nr3__IMG-7_4550-1024x683.jpg\" alt=\"Gschwend - Gm\u00fcnder Stra\u00dfe - Hausnummer 41 - 201900000\" class=\"wp-image-346\" srcset=\"https:\/\/redesign.imlaufderzeit.de\/wp-content\/uploads\/Gschwend_Gm\u00fcnder%20Stra\u00dfe_Nr3__IMG-7_4550-1024x683.jpg 1024w, https:\/\/redesign.imlaufderzeit.de\/wp-content\/uploads\/Gschwend_Gm\u00fcnder%20Stra\u00dfe_Nr3__IMG-7_4550-300x200.jpg 300w, https:\/\/redesign.imlaufderzeit.de\/wp-content\/uploads\/Gschwend_Gm\u00fcnder%20Stra\u00dfe_Nr3__IMG-7_4550-768x512.jpg 768w, https:\/\/redesign.imlaufderzeit.de\/wp-content\/uploads\/Gschwend_Gm\u00fcnder%20Stra\u00dfe_Nr3__IMG-7_4550-1536x1024.jpg 1536w, https:\/\/redesign.imlaufderzeit.de\/wp-content\/uploads\/Gschwend_Gm\u00fcnder%20Stra\u00dfe_Nr3__IMG-7_4550.JPG 1920w\" sizes=\"auto, (max-width: 1024px) 100vw, 1024px\" \/><button\n\t\t\tclass=\"lightbox-trigger\"\n\t\t\ttype=\"button\"\n\t\t\taria-haspopup=\"dialog\"\n\t\t\taria-label=\"Vergr\u00f6\u00dfern\"\n\t\t\tdata-wp-init=\"callbacks.initTriggerButton\"\n\t\t\tdata-wp-on--click=\"actions.showLightbox\"\n\t\t\tdata-wp-style--right=\"state.imageButtonRight\"\n\t\t\tdata-wp-style--top=\"state.imageButtonTop\"\n\t\t>\n\t\t\t<svg xmlns=\"http:\/\/www.w3.org\/2000\/svg\" width=\"12\" height=\"12\" fill=\"none\" viewBox=\"0 0 12 12\">\n\t\t\t\t<path fill=\"#fff\" d=\"M2 0a2 2 0 0 0-2 2v2h1.5V2a.5.5 0 0 1 .5-.5h2V0H2Zm2 10.5H2a.5.5 0 0 1-.5-.5V8H0v2a2 2 0 0 0 2 2h2v-1.5ZM8 12v-1.5h2a.5.5 0 0 0 .5-.5V8H12v2a2 2 0 0 1-2 2H8Zm2-12a2 2 0 0 1 2 2v2h-1.5V2a.5.5 0 0 0-.5-.5H8V0h2Z\" \/>\n\t\t\t<\/svg>\n\t\t<\/button><figcaption class=\"wp-element-caption\">Gschwend &#8211; Gm\u00fcnder Stra\u00dfe &#8211; Hausnummer 3 &#8211; 2019<br>Fr\u00fcher: Metzgerei Hirt<br>Foto Klaus Ockert<\/figcaption><\/figure>\n\n\n\n<figure data-wp-context=\"{&quot;imageId&quot;:&quot;69eddeea8092f&quot;}\" data-wp-interactive=\"core\/image\" data-wp-key=\"69eddeea8092f\" class=\"wp-block-image size-large wp-lightbox-container\"><img loading=\"lazy\" decoding=\"async\" width=\"1024\" height=\"725\" data-wp-class--hide=\"state.isContentHidden\" data-wp-class--show=\"state.isContentVisible\" data-wp-init=\"callbacks.setButtonStyles\" data-wp-on--click=\"actions.showLightbox\" data-wp-on--load=\"callbacks.setButtonStyles\" data-wp-on-window--resize=\"callbacks.setButtonStyles\" data-id=\"355\" src=\"https:\/\/redesign.imlaufderzeit.de\/wp-content\/uploads\/Gschwend_Gm\u00fcnder Stra\u00dfe_Nr4__1907-1024x725.jpg\" alt=\"Gschwend - Gm\u00fcnder Stra\u00dfe - Hausnummer 4 - 19070000\" class=\"wp-image-355\" srcset=\"https:\/\/redesign.imlaufderzeit.de\/wp-content\/uploads\/Gschwend_Gm\u00fcnder%20Stra\u00dfe_Nr4__1907-1024x725.jpg 1024w, https:\/\/redesign.imlaufderzeit.de\/wp-content\/uploads\/Gschwend_Gm\u00fcnder%20Stra\u00dfe_Nr4__1907-300x213.jpg 300w, https:\/\/redesign.imlaufderzeit.de\/wp-content\/uploads\/Gschwend_Gm\u00fcnder%20Stra\u00dfe_Nr4__1907-768x544.jpg 768w, https:\/\/redesign.imlaufderzeit.de\/wp-content\/uploads\/Gschwend_Gm\u00fcnder%20Stra\u00dfe_Nr4__1907-1536x1088.jpg 1536w, https:\/\/redesign.imlaufderzeit.de\/wp-content\/uploads\/Gschwend_Gm\u00fcnder%20Stra\u00dfe_Nr4__1907.jpg 1920w\" sizes=\"auto, (max-width: 1024px) 100vw, 1024px\" \/><button\n\t\t\tclass=\"lightbox-trigger\"\n\t\t\ttype=\"button\"\n\t\t\taria-haspopup=\"dialog\"\n\t\t\taria-label=\"Vergr\u00f6\u00dfern\"\n\t\t\tdata-wp-init=\"callbacks.initTriggerButton\"\n\t\t\tdata-wp-on--click=\"actions.showLightbox\"\n\t\t\tdata-wp-style--right=\"state.imageButtonRight\"\n\t\t\tdata-wp-style--top=\"state.imageButtonTop\"\n\t\t>\n\t\t\t<svg xmlns=\"http:\/\/www.w3.org\/2000\/svg\" width=\"12\" height=\"12\" fill=\"none\" viewBox=\"0 0 12 12\">\n\t\t\t\t<path fill=\"#fff\" d=\"M2 0a2 2 0 0 0-2 2v2h1.5V2a.5.5 0 0 1 .5-.5h2V0H2Zm2 10.5H2a.5.5 0 0 1-.5-.5V8H0v2a2 2 0 0 0 2 2h2v-1.5ZM8 12v-1.5h2a.5.5 0 0 0 .5-.5V8H12v2a2 2 0 0 1-2 2H8Zm2-12a2 2 0 0 1 2 2v2h-1.5V2a.5.5 0 0 0-.5-.5H8V0h2Z\" \/>\n\t\t\t<\/svg>\n\t\t<\/button><figcaption class=\"wp-element-caption\">Gschwend &#8211; Gm\u00fcnder Stra\u00dfe &#8211; Hausnummer 4 &#8211; 1907<\/figcaption><\/figure>\n\n\n\n<figure data-wp-context=\"{&quot;imageId&quot;:&quot;69eddeea80cc3&quot;}\" data-wp-interactive=\"core\/image\" data-wp-key=\"69eddeea80cc3\" class=\"wp-block-image size-large wp-lightbox-container\"><img loading=\"lazy\" decoding=\"async\" width=\"1024\" height=\"819\" data-wp-class--hide=\"state.isContentHidden\" data-wp-class--show=\"state.isContentVisible\" data-wp-init=\"callbacks.setButtonStyles\" data-wp-on--click=\"actions.showLightbox\" data-wp-on--load=\"callbacks.setButtonStyles\" data-wp-on-window--resize=\"callbacks.setButtonStyles\" data-id=\"356\" src=\"https:\/\/redesign.imlaufderzeit.de\/wp-content\/uploads\/Gschwend_Gm\u00fcnder Stra\u00dfe_Nr4__Germania1960-1024x819.jpg\" alt=\"Gschwend - Gm\u00fcnder Stra\u00dfe - Hausnummer 4 - 19600000\" class=\"wp-image-356\" srcset=\"https:\/\/redesign.imlaufderzeit.de\/wp-content\/uploads\/Gschwend_Gm\u00fcnder%20Stra\u00dfe_Nr4__Germania1960-1024x819.jpg 1024w, https:\/\/redesign.imlaufderzeit.de\/wp-content\/uploads\/Gschwend_Gm\u00fcnder%20Stra\u00dfe_Nr4__Germania1960-300x240.jpg 300w, https:\/\/redesign.imlaufderzeit.de\/wp-content\/uploads\/Gschwend_Gm\u00fcnder%20Stra\u00dfe_Nr4__Germania1960-768x614.jpg 768w, https:\/\/redesign.imlaufderzeit.de\/wp-content\/uploads\/Gschwend_Gm\u00fcnder%20Stra\u00dfe_Nr4__Germania1960-1536x1229.jpg 1536w, https:\/\/redesign.imlaufderzeit.de\/wp-content\/uploads\/Gschwend_Gm\u00fcnder%20Stra\u00dfe_Nr4__Germania1960.jpg 1920w\" sizes=\"auto, (max-width: 1024px) 100vw, 1024px\" \/><button\n\t\t\tclass=\"lightbox-trigger\"\n\t\t\ttype=\"button\"\n\t\t\taria-haspopup=\"dialog\"\n\t\t\taria-label=\"Vergr\u00f6\u00dfern\"\n\t\t\tdata-wp-init=\"callbacks.initTriggerButton\"\n\t\t\tdata-wp-on--click=\"actions.showLightbox\"\n\t\t\tdata-wp-style--right=\"state.imageButtonRight\"\n\t\t\tdata-wp-style--top=\"state.imageButtonTop\"\n\t\t>\n\t\t\t<svg xmlns=\"http:\/\/www.w3.org\/2000\/svg\" width=\"12\" height=\"12\" fill=\"none\" viewBox=\"0 0 12 12\">\n\t\t\t\t<path fill=\"#fff\" d=\"M2 0a2 2 0 0 0-2 2v2h1.5V2a.5.5 0 0 1 .5-.5h2V0H2Zm2 10.5H2a.5.5 0 0 1-.5-.5V8H0v2a2 2 0 0 0 2 2h2v-1.5ZM8 12v-1.5h2a.5.5 0 0 0 .5-.5V8H12v2a2 2 0 0 1-2 2H8Zm2-12a2 2 0 0 1 2 2v2h-1.5V2a.5.5 0 0 0-.5-.5H8V0h2Z\" \/>\n\t\t\t<\/svg>\n\t\t<\/button><figcaption class=\"wp-element-caption\">Gschwend &#8211; Gm\u00fcnder Stra\u00dfe &#8211; Hausnummer 4 &#8211; 1960<br>Foto Klaus Ockert<\/figcaption><\/figure>\n\n\n\n<figure data-wp-context=\"{&quot;imageId&quot;:&quot;69eddeea81050&quot;}\" data-wp-interactive=\"core\/image\" data-wp-key=\"69eddeea81050\" class=\"wp-block-image size-large wp-lightbox-container\"><img loading=\"lazy\" decoding=\"async\" width=\"1024\" height=\"683\" data-wp-class--hide=\"state.isContentHidden\" data-wp-class--show=\"state.isContentVisible\" data-wp-init=\"callbacks.setButtonStyles\" data-wp-on--click=\"actions.showLightbox\" data-wp-on--load=\"callbacks.setButtonStyles\" data-wp-on-window--resize=\"callbacks.setButtonStyles\" data-id=\"359\" src=\"https:\/\/redesign.imlaufderzeit.de\/wp-content\/uploads\/Gschwend_Gm\u00fcnder Stra\u00dfe_Nr5__IMG-7_4548-1024x683.jpg\" alt=\"Gschwend - Gm\u00fcnder Stra\u00dfe - Hausnummer 5 - 20200000\" class=\"wp-image-359\" srcset=\"https:\/\/redesign.imlaufderzeit.de\/wp-content\/uploads\/Gschwend_Gm\u00fcnder%20Stra\u00dfe_Nr5__IMG-7_4548-1024x683.jpg 1024w, https:\/\/redesign.imlaufderzeit.de\/wp-content\/uploads\/Gschwend_Gm\u00fcnder%20Stra\u00dfe_Nr5__IMG-7_4548-300x200.jpg 300w, https:\/\/redesign.imlaufderzeit.de\/wp-content\/uploads\/Gschwend_Gm\u00fcnder%20Stra\u00dfe_Nr5__IMG-7_4548-768x512.jpg 768w, https:\/\/redesign.imlaufderzeit.de\/wp-content\/uploads\/Gschwend_Gm\u00fcnder%20Stra\u00dfe_Nr5__IMG-7_4548-1536x1024.jpg 1536w, https:\/\/redesign.imlaufderzeit.de\/wp-content\/uploads\/Gschwend_Gm\u00fcnder%20Stra\u00dfe_Nr5__IMG-7_4548.JPG 1920w\" sizes=\"auto, (max-width: 1024px) 100vw, 1024px\" \/><button\n\t\t\tclass=\"lightbox-trigger\"\n\t\t\ttype=\"button\"\n\t\t\taria-haspopup=\"dialog\"\n\t\t\taria-label=\"Vergr\u00f6\u00dfern\"\n\t\t\tdata-wp-init=\"callbacks.initTriggerButton\"\n\t\t\tdata-wp-on--click=\"actions.showLightbox\"\n\t\t\tdata-wp-style--right=\"state.imageButtonRight\"\n\t\t\tdata-wp-style--top=\"state.imageButtonTop\"\n\t\t>\n\t\t\t<svg xmlns=\"http:\/\/www.w3.org\/2000\/svg\" width=\"12\" height=\"12\" fill=\"none\" viewBox=\"0 0 12 12\">\n\t\t\t\t<path fill=\"#fff\" d=\"M2 0a2 2 0 0 0-2 2v2h1.5V2a.5.5 0 0 1 .5-.5h2V0H2Zm2 10.5H2a.5.5 0 0 1-.5-.5V8H0v2a2 2 0 0 0 2 2h2v-1.5ZM8 12v-1.5h2a.5.5 0 0 0 .5-.5V8H12v2a2 2 0 0 1-2 2H8Zm2-12a2 2 0 0 1 2 2v2h-1.5V2a.5.5 0 0 0-.5-.5H8V0h2Z\" \/>\n\t\t\t<\/svg>\n\t\t<\/button><figcaption class=\"wp-element-caption\">Gschwend &#8211; Gm\u00fcnder Stra\u00dfe &#8211; Hausnummer 5 &#8211; 2020<br>Fr\u00fcher Friseur + Fotogesch\u00e4ft Weigle<br>Foto Klaus Ockert<\/figcaption><\/figure>\n\n\n\n<figure data-wp-context=\"{&quot;imageId&quot;:&quot;69eddeea813e7&quot;}\" data-wp-interactive=\"core\/image\" data-wp-key=\"69eddeea813e7\" class=\"wp-block-image size-large wp-lightbox-container\"><img loading=\"lazy\" decoding=\"async\" width=\"1024\" height=\"683\" data-wp-class--hide=\"state.isContentHidden\" data-wp-class--show=\"state.isContentVisible\" data-wp-init=\"callbacks.setButtonStyles\" data-wp-on--click=\"actions.showLightbox\" data-wp-on--load=\"callbacks.setButtonStyles\" data-wp-on-window--resize=\"callbacks.setButtonStyles\" data-id=\"360\" src=\"https:\/\/redesign.imlaufderzeit.de\/wp-content\/uploads\/Gschwend_Gm\u00fcnder Stra\u00dfe_Nr5__IMG-7_4554-1024x683.jpg\" alt=\"Gschwend - Gm\u00fcnder Stra\u00dfe - Hausnummer 5 - 20200000\" class=\"wp-image-360\" srcset=\"https:\/\/redesign.imlaufderzeit.de\/wp-content\/uploads\/Gschwend_Gm\u00fcnder%20Stra\u00dfe_Nr5__IMG-7_4554-1024x683.jpg 1024w, https:\/\/redesign.imlaufderzeit.de\/wp-content\/uploads\/Gschwend_Gm\u00fcnder%20Stra\u00dfe_Nr5__IMG-7_4554-300x200.jpg 300w, https:\/\/redesign.imlaufderzeit.de\/wp-content\/uploads\/Gschwend_Gm\u00fcnder%20Stra\u00dfe_Nr5__IMG-7_4554-768x512.jpg 768w, https:\/\/redesign.imlaufderzeit.de\/wp-content\/uploads\/Gschwend_Gm\u00fcnder%20Stra\u00dfe_Nr5__IMG-7_4554-1536x1024.jpg 1536w, https:\/\/redesign.imlaufderzeit.de\/wp-content\/uploads\/Gschwend_Gm\u00fcnder%20Stra\u00dfe_Nr5__IMG-7_4554.JPG 1920w\" sizes=\"auto, (max-width: 1024px) 100vw, 1024px\" \/><button\n\t\t\tclass=\"lightbox-trigger\"\n\t\t\ttype=\"button\"\n\t\t\taria-haspopup=\"dialog\"\n\t\t\taria-label=\"Vergr\u00f6\u00dfern\"\n\t\t\tdata-wp-init=\"callbacks.initTriggerButton\"\n\t\t\tdata-wp-on--click=\"actions.showLightbox\"\n\t\t\tdata-wp-style--right=\"state.imageButtonRight\"\n\t\t\tdata-wp-style--top=\"state.imageButtonTop\"\n\t\t>\n\t\t\t<svg xmlns=\"http:\/\/www.w3.org\/2000\/svg\" width=\"12\" height=\"12\" fill=\"none\" viewBox=\"0 0 12 12\">\n\t\t\t\t<path fill=\"#fff\" d=\"M2 0a2 2 0 0 0-2 2v2h1.5V2a.5.5 0 0 1 .5-.5h2V0H2Zm2 10.5H2a.5.5 0 0 1-.5-.5V8H0v2a2 2 0 0 0 2 2h2v-1.5ZM8 12v-1.5h2a.5.5 0 0 0 .5-.5V8H12v2a2 2 0 0 1-2 2H8Zm2-12a2 2 0 0 1 2 2v2h-1.5V2a.5.5 0 0 0-.5-.5H8V0h2Z\" \/>\n\t\t\t<\/svg>\n\t\t<\/button><figcaption class=\"wp-element-caption\">Gschwend &#8211; Gm\u00fcnder Stra\u00dfe &#8211; Hausnummer 5 &#8211; 2020<br>von hinten<br>Foto Klaus Ockert<\/figcaption><\/figure>\n\n\n\n<figure data-wp-context=\"{&quot;imageId&quot;:&quot;69eddeea81781&quot;}\" data-wp-interactive=\"core\/image\" data-wp-key=\"69eddeea81781\" class=\"wp-block-image size-large wp-lightbox-container\"><img loading=\"lazy\" decoding=\"async\" width=\"1024\" height=\"683\" data-wp-class--hide=\"state.isContentHidden\" data-wp-class--show=\"state.isContentVisible\" data-wp-init=\"callbacks.setButtonStyles\" data-wp-on--click=\"actions.showLightbox\" data-wp-on--load=\"callbacks.setButtonStyles\" data-wp-on-window--resize=\"callbacks.setButtonStyles\" data-id=\"357\" src=\"https:\/\/redesign.imlaufderzeit.de\/wp-content\/uploads\/Gschwend_Gm\u00fcnder Stra\u00dfe_Nr5-1__2020-1024x683.jpg\" alt=\"Gschwend - Gm\u00fcnder Stra\u00dfe - Hausnummer 5-1 - 20200000\" class=\"wp-image-357\" srcset=\"https:\/\/redesign.imlaufderzeit.de\/wp-content\/uploads\/Gschwend_Gm\u00fcnder%20Stra\u00dfe_Nr5-1__2020-1024x683.jpg 1024w, https:\/\/redesign.imlaufderzeit.de\/wp-content\/uploads\/Gschwend_Gm\u00fcnder%20Stra\u00dfe_Nr5-1__2020-300x200.jpg 300w, https:\/\/redesign.imlaufderzeit.de\/wp-content\/uploads\/Gschwend_Gm\u00fcnder%20Stra\u00dfe_Nr5-1__2020-768x512.jpg 768w, https:\/\/redesign.imlaufderzeit.de\/wp-content\/uploads\/Gschwend_Gm\u00fcnder%20Stra\u00dfe_Nr5-1__2020-1536x1024.jpg 1536w, https:\/\/redesign.imlaufderzeit.de\/wp-content\/uploads\/Gschwend_Gm\u00fcnder%20Stra\u00dfe_Nr5-1__2020.JPG 1920w\" sizes=\"auto, (max-width: 1024px) 100vw, 1024px\" \/><button\n\t\t\tclass=\"lightbox-trigger\"\n\t\t\ttype=\"button\"\n\t\t\taria-haspopup=\"dialog\"\n\t\t\taria-label=\"Vergr\u00f6\u00dfern\"\n\t\t\tdata-wp-init=\"callbacks.initTriggerButton\"\n\t\t\tdata-wp-on--click=\"actions.showLightbox\"\n\t\t\tdata-wp-style--right=\"state.imageButtonRight\"\n\t\t\tdata-wp-style--top=\"state.imageButtonTop\"\n\t\t>\n\t\t\t<svg xmlns=\"http:\/\/www.w3.org\/2000\/svg\" width=\"12\" height=\"12\" fill=\"none\" viewBox=\"0 0 12 12\">\n\t\t\t\t<path fill=\"#fff\" d=\"M2 0a2 2 0 0 0-2 2v2h1.5V2a.5.5 0 0 1 .5-.5h2V0H2Zm2 10.5H2a.5.5 0 0 1-.5-.5V8H0v2a2 2 0 0 0 2 2h2v-1.5ZM8 12v-1.5h2a.5.5 0 0 0 .5-.5V8H12v2a2 2 0 0 1-2 2H8Zm2-12a2 2 0 0 1 2 2v2h-1.5V2a.5.5 0 0 0-.5-.5H8V0h2Z\" \/>\n\t\t\t<\/svg>\n\t\t<\/button><figcaption class=\"wp-element-caption\">Gschwend &#8211; Gm\u00fcnder Stra\u00dfe &#8211; Hausnummer 5-1 &#8211; 2020<br>Abbruch 2024<br>Foto Klaus Ockert<\/figcaption><\/figure>\n\n\n\n<figure data-wp-context=\"{&quot;imageId&quot;:&quot;69eddeea81b07&quot;}\" data-wp-interactive=\"core\/image\" data-wp-key=\"69eddeea81b07\" class=\"wp-block-image size-large wp-lightbox-container\"><img loading=\"lazy\" decoding=\"async\" width=\"1024\" height=\"768\" data-wp-class--hide=\"state.isContentHidden\" data-wp-class--show=\"state.isContentVisible\" data-wp-init=\"callbacks.setButtonStyles\" data-wp-on--click=\"actions.showLightbox\" data-wp-on--load=\"callbacks.setButtonStyles\" data-wp-on-window--resize=\"callbacks.setButtonStyles\" data-id=\"358\" src=\"https:\/\/redesign.imlaufderzeit.de\/wp-content\/uploads\/Gschwend_Gm\u00fcnder Stra\u00dfe_Nr5-1__2024-1024x768.jpg\" alt=\"Gschwend - Gm\u00fcnder Stra\u00dfe - Hausnummer 5-1 - 20240000\" class=\"wp-image-358\" srcset=\"https:\/\/redesign.imlaufderzeit.de\/wp-content\/uploads\/Gschwend_Gm\u00fcnder%20Stra\u00dfe_Nr5-1__2024-1024x768.jpg 1024w, https:\/\/redesign.imlaufderzeit.de\/wp-content\/uploads\/Gschwend_Gm\u00fcnder%20Stra\u00dfe_Nr5-1__2024-300x225.jpg 300w, https:\/\/redesign.imlaufderzeit.de\/wp-content\/uploads\/Gschwend_Gm\u00fcnder%20Stra\u00dfe_Nr5-1__2024-768x576.jpg 768w, https:\/\/redesign.imlaufderzeit.de\/wp-content\/uploads\/Gschwend_Gm\u00fcnder%20Stra\u00dfe_Nr5-1__2024-1536x1152.jpg 1536w, https:\/\/redesign.imlaufderzeit.de\/wp-content\/uploads\/Gschwend_Gm\u00fcnder%20Stra\u00dfe_Nr5-1__2024.jpg 1920w\" sizes=\"auto, (max-width: 1024px) 100vw, 1024px\" \/><button\n\t\t\tclass=\"lightbox-trigger\"\n\t\t\ttype=\"button\"\n\t\t\taria-haspopup=\"dialog\"\n\t\t\taria-label=\"Vergr\u00f6\u00dfern\"\n\t\t\tdata-wp-init=\"callbacks.initTriggerButton\"\n\t\t\tdata-wp-on--click=\"actions.showLightbox\"\n\t\t\tdata-wp-style--right=\"state.imageButtonRight\"\n\t\t\tdata-wp-style--top=\"state.imageButtonTop\"\n\t\t>\n\t\t\t<svg xmlns=\"http:\/\/www.w3.org\/2000\/svg\" width=\"12\" height=\"12\" fill=\"none\" viewBox=\"0 0 12 12\">\n\t\t\t\t<path fill=\"#fff\" d=\"M2 0a2 2 0 0 0-2 2v2h1.5V2a.5.5 0 0 1 .5-.5h2V0H2Zm2 10.5H2a.5.5 0 0 1-.5-.5V8H0v2a2 2 0 0 0 2 2h2v-1.5ZM8 12v-1.5h2a.5.5 0 0 0 .5-.5V8H12v2a2 2 0 0 1-2 2H8Zm2-12a2 2 0 0 1 2 2v2h-1.5V2a.5.5 0 0 0-.5-.5H8V0h2Z\" \/>\n\t\t\t<\/svg>\n\t\t<\/button><figcaption class=\"wp-element-caption\">Gschwend &#8211; Gm\u00fcnder Stra\u00dfe &#8211; Hausnummer 5-1 &#8211; 2024<br>Abbruch 2024<br>Foto Klaus Ockert<\/figcaption><\/figure>\n\n\n\n<figure data-wp-context=\"{&quot;imageId&quot;:&quot;69eddeea81ead&quot;}\" data-wp-interactive=\"core\/image\" data-wp-key=\"69eddeea81ead\" class=\"wp-block-image size-large wp-lightbox-container\"><img loading=\"lazy\" decoding=\"async\" width=\"822\" height=\"1024\" data-wp-class--hide=\"state.isContentHidden\" data-wp-class--show=\"state.isContentVisible\" data-wp-init=\"callbacks.setButtonStyles\" data-wp-on--click=\"actions.showLightbox\" data-wp-on--load=\"callbacks.setButtonStyles\" data-wp-on-window--resize=\"callbacks.setButtonStyles\" data-id=\"362\" src=\"https:\/\/redesign.imlaufderzeit.de\/wp-content\/uploads\/Gschwend_Gm\u00fcnder Stra\u00dfe_Nr7__Beyerbach1-822x1024.jpg\" alt=\"Gschwend - Gm\u00fcnder Stra\u00dfe - Hausnummer 7 - 19300000\" class=\"wp-image-362\" srcset=\"https:\/\/redesign.imlaufderzeit.de\/wp-content\/uploads\/Gschwend_Gm\u00fcnder%20Stra\u00dfe_Nr7__Beyerbach1-822x1024.jpg 822w, https:\/\/redesign.imlaufderzeit.de\/wp-content\/uploads\/Gschwend_Gm\u00fcnder%20Stra\u00dfe_Nr7__Beyerbach1-241x300.jpg 241w, https:\/\/redesign.imlaufderzeit.de\/wp-content\/uploads\/Gschwend_Gm\u00fcnder%20Stra\u00dfe_Nr7__Beyerbach1-768x957.jpg 768w, https:\/\/redesign.imlaufderzeit.de\/wp-content\/uploads\/Gschwend_Gm\u00fcnder%20Stra\u00dfe_Nr7__Beyerbach1-1232x1536.jpg 1232w, https:\/\/redesign.imlaufderzeit.de\/wp-content\/uploads\/Gschwend_Gm\u00fcnder%20Stra\u00dfe_Nr7__Beyerbach1-1643x2048.jpg 1643w, https:\/\/redesign.imlaufderzeit.de\/wp-content\/uploads\/Gschwend_Gm\u00fcnder%20Stra\u00dfe_Nr7__Beyerbach1.jpg 1920w\" sizes=\"auto, (max-width: 822px) 100vw, 822px\" \/><button\n\t\t\tclass=\"lightbox-trigger\"\n\t\t\ttype=\"button\"\n\t\t\taria-haspopup=\"dialog\"\n\t\t\taria-label=\"Vergr\u00f6\u00dfern\"\n\t\t\tdata-wp-init=\"callbacks.initTriggerButton\"\n\t\t\tdata-wp-on--click=\"actions.showLightbox\"\n\t\t\tdata-wp-style--right=\"state.imageButtonRight\"\n\t\t\tdata-wp-style--top=\"state.imageButtonTop\"\n\t\t>\n\t\t\t<svg xmlns=\"http:\/\/www.w3.org\/2000\/svg\" width=\"12\" height=\"12\" fill=\"none\" viewBox=\"0 0 12 12\">\n\t\t\t\t<path fill=\"#fff\" d=\"M2 0a2 2 0 0 0-2 2v2h1.5V2a.5.5 0 0 1 .5-.5h2V0H2Zm2 10.5H2a.5.5 0 0 1-.5-.5V8H0v2a2 2 0 0 0 2 2h2v-1.5ZM8 12v-1.5h2a.5.5 0 0 0 .5-.5V8H12v2a2 2 0 0 1-2 2H8Zm2-12a2 2 0 0 1 2 2v2h-1.5V2a.5.5 0 0 0-.5-.5H8V0h2Z\" \/>\n\t\t\t<\/svg>\n\t\t<\/button><figcaption class=\"wp-element-caption\">Gschwend &#8211; Gm\u00fcnder Stra\u00dfe &#8211; Hausnummer 7 &#8211; 1930<br>Kfz Werkstatt Beyerbach<\/figcaption><\/figure>\n\n\n\n<figure data-wp-context=\"{&quot;imageId&quot;:&quot;69eddeea82253&quot;}\" data-wp-interactive=\"core\/image\" data-wp-key=\"69eddeea82253\" class=\"wp-block-image size-large wp-lightbox-container\"><img loading=\"lazy\" decoding=\"async\" width=\"1024\" height=\"787\" data-wp-class--hide=\"state.isContentHidden\" data-wp-class--show=\"state.isContentVisible\" data-wp-init=\"callbacks.setButtonStyles\" data-wp-on--click=\"actions.showLightbox\" data-wp-on--load=\"callbacks.setButtonStyles\" data-wp-on-window--resize=\"callbacks.setButtonStyles\" data-id=\"361\" src=\"https:\/\/redesign.imlaufderzeit.de\/wp-content\/uploads\/Gschwend_Gm\u00fcnder Stra\u00dfe_Nr7__Beyerbach-1024x787.jpg\" alt=\"Gschwend - Gm\u00fcnder Stra\u00dfe - Hausnummer 7 - 19570000\" class=\"wp-image-361\" srcset=\"https:\/\/redesign.imlaufderzeit.de\/wp-content\/uploads\/Gschwend_Gm\u00fcnder%20Stra\u00dfe_Nr7__Beyerbach-1024x787.jpg 1024w, https:\/\/redesign.imlaufderzeit.de\/wp-content\/uploads\/Gschwend_Gm\u00fcnder%20Stra\u00dfe_Nr7__Beyerbach-300x231.jpg 300w, https:\/\/redesign.imlaufderzeit.de\/wp-content\/uploads\/Gschwend_Gm\u00fcnder%20Stra\u00dfe_Nr7__Beyerbach-768x590.jpg 768w, https:\/\/redesign.imlaufderzeit.de\/wp-content\/uploads\/Gschwend_Gm\u00fcnder%20Stra\u00dfe_Nr7__Beyerbach-1536x1181.jpg 1536w, https:\/\/redesign.imlaufderzeit.de\/wp-content\/uploads\/Gschwend_Gm\u00fcnder%20Stra\u00dfe_Nr7__Beyerbach.jpg 1920w\" sizes=\"auto, (max-width: 1024px) 100vw, 1024px\" \/><button\n\t\t\tclass=\"lightbox-trigger\"\n\t\t\ttype=\"button\"\n\t\t\taria-haspopup=\"dialog\"\n\t\t\taria-label=\"Vergr\u00f6\u00dfern\"\n\t\t\tdata-wp-init=\"callbacks.initTriggerButton\"\n\t\t\tdata-wp-on--click=\"actions.showLightbox\"\n\t\t\tdata-wp-style--right=\"state.imageButtonRight\"\n\t\t\tdata-wp-style--top=\"state.imageButtonTop\"\n\t\t>\n\t\t\t<svg xmlns=\"http:\/\/www.w3.org\/2000\/svg\" width=\"12\" height=\"12\" fill=\"none\" viewBox=\"0 0 12 12\">\n\t\t\t\t<path fill=\"#fff\" d=\"M2 0a2 2 0 0 0-2 2v2h1.5V2a.5.5 0 0 1 .5-.5h2V0H2Zm2 10.5H2a.5.5 0 0 1-.5-.5V8H0v2a2 2 0 0 0 2 2h2v-1.5ZM8 12v-1.5h2a.5.5 0 0 0 .5-.5V8H12v2a2 2 0 0 1-2 2H8Zm2-12a2 2 0 0 1 2 2v2h-1.5V2a.5.5 0 0 0-.5-.5H8V0h2Z\" \/>\n\t\t\t<\/svg>\n\t\t<\/button><figcaption class=\"wp-element-caption\">Gschwend &#8211; Gm\u00fcnder Stra\u00dfe &#8211; Hausnummer 7 &#8211; 1957 <br>links Firseur Gscheidle, Werstatt Beyerbach, rechts hinten Genossenschaftsbank, und W\u00e4scherei, davor der Gemeideschuppen mit Feuerwehr und Progymnasium.<\/figcaption><\/figure>\n\n\n\n<figure data-wp-context=\"{&quot;imageId&quot;:&quot;69eddeea825e1&quot;}\" data-wp-interactive=\"core\/image\" data-wp-key=\"69eddeea825e1\" class=\"wp-block-image size-large wp-lightbox-container\"><img loading=\"lazy\" decoding=\"async\" width=\"1024\" height=\"645\" data-wp-class--hide=\"state.isContentHidden\" data-wp-class--show=\"state.isContentVisible\" data-wp-init=\"callbacks.setButtonStyles\" data-wp-on--click=\"actions.showLightbox\" data-wp-on--load=\"callbacks.setButtonStyles\" data-wp-on-window--resize=\"callbacks.setButtonStyles\" data-id=\"363\" src=\"https:\/\/redesign.imlaufderzeit.de\/wp-content\/uploads\/Gschwend_Gm\u00fcnder Stra\u00dfe_Nr7__Collin1982-1024x645.jpg\" alt=\"Gschwend - Gm\u00fcnder Stra\u00dfe - Hausnummer 7 - 19820000\" class=\"wp-image-363\" srcset=\"https:\/\/redesign.imlaufderzeit.de\/wp-content\/uploads\/Gschwend_Gm\u00fcnder%20Stra\u00dfe_Nr7__Collin1982-1024x645.jpg 1024w, https:\/\/redesign.imlaufderzeit.de\/wp-content\/uploads\/Gschwend_Gm\u00fcnder%20Stra\u00dfe_Nr7__Collin1982-300x189.jpg 300w, https:\/\/redesign.imlaufderzeit.de\/wp-content\/uploads\/Gschwend_Gm\u00fcnder%20Stra\u00dfe_Nr7__Collin1982-768x484.jpg 768w, https:\/\/redesign.imlaufderzeit.de\/wp-content\/uploads\/Gschwend_Gm\u00fcnder%20Stra\u00dfe_Nr7__Collin1982-1536x967.jpg 1536w, https:\/\/redesign.imlaufderzeit.de\/wp-content\/uploads\/Gschwend_Gm\u00fcnder%20Stra\u00dfe_Nr7__Collin1982.jpg 1920w\" sizes=\"auto, (max-width: 1024px) 100vw, 1024px\" \/><button\n\t\t\tclass=\"lightbox-trigger\"\n\t\t\ttype=\"button\"\n\t\t\taria-haspopup=\"dialog\"\n\t\t\taria-label=\"Vergr\u00f6\u00dfern\"\n\t\t\tdata-wp-init=\"callbacks.initTriggerButton\"\n\t\t\tdata-wp-on--click=\"actions.showLightbox\"\n\t\t\tdata-wp-style--right=\"state.imageButtonRight\"\n\t\t\tdata-wp-style--top=\"state.imageButtonTop\"\n\t\t>\n\t\t\t<svg xmlns=\"http:\/\/www.w3.org\/2000\/svg\" width=\"12\" height=\"12\" fill=\"none\" viewBox=\"0 0 12 12\">\n\t\t\t\t<path fill=\"#fff\" d=\"M2 0a2 2 0 0 0-2 2v2h1.5V2a.5.5 0 0 1 .5-.5h2V0H2Zm2 10.5H2a.5.5 0 0 1-.5-.5V8H0v2a2 2 0 0 0 2 2h2v-1.5ZM8 12v-1.5h2a.5.5 0 0 0 .5-.5V8H12v2a2 2 0 0 1-2 2H8Zm2-12a2 2 0 0 1 2 2v2h-1.5V2a.5.5 0 0 0-.5-.5H8V0h2Z\" \/>\n\t\t\t<\/svg>\n\t\t<\/button><figcaption class=\"wp-element-caption\">Gschwend &#8211; Gm\u00fcnder Stra\u00dfe &#8211; Hausnummer 7 &#8211; 1982<br>Fr\u00fcher Kfz Werkstatt Beyerbach<\/figcaption><\/figure>\n\n\n\n<figure data-wp-context=\"{&quot;imageId&quot;:&quot;69eddeea8297d&quot;}\" data-wp-interactive=\"core\/image\" data-wp-key=\"69eddeea8297d\" class=\"wp-block-image size-large wp-lightbox-container\"><img loading=\"lazy\" decoding=\"async\" width=\"1024\" height=\"647\" data-wp-class--hide=\"state.isContentHidden\" data-wp-class--show=\"state.isContentVisible\" data-wp-init=\"callbacks.setButtonStyles\" data-wp-on--click=\"actions.showLightbox\" data-wp-on--load=\"callbacks.setButtonStyles\" data-wp-on-window--resize=\"callbacks.setButtonStyles\" data-id=\"364\" src=\"https:\/\/redesign.imlaufderzeit.de\/wp-content\/uploads\/Gschwend_Gm\u00fcnder Stra\u00dfe_Nr7__Collin_1982-1024x647.jpg\" alt=\"Gschwend - Gm\u00fcnder Stra\u00dfe - Hausnummer 7 - 19820000\" class=\"wp-image-364\" srcset=\"https:\/\/redesign.imlaufderzeit.de\/wp-content\/uploads\/Gschwend_Gm\u00fcnder%20Stra\u00dfe_Nr7__Collin_1982-1024x647.jpg 1024w, https:\/\/redesign.imlaufderzeit.de\/wp-content\/uploads\/Gschwend_Gm\u00fcnder%20Stra\u00dfe_Nr7__Collin_1982-300x190.jpg 300w, https:\/\/redesign.imlaufderzeit.de\/wp-content\/uploads\/Gschwend_Gm\u00fcnder%20Stra\u00dfe_Nr7__Collin_1982-768x485.jpg 768w, https:\/\/redesign.imlaufderzeit.de\/wp-content\/uploads\/Gschwend_Gm\u00fcnder%20Stra\u00dfe_Nr7__Collin_1982-1536x970.jpg 1536w, https:\/\/redesign.imlaufderzeit.de\/wp-content\/uploads\/Gschwend_Gm\u00fcnder%20Stra\u00dfe_Nr7__Collin_1982.jpg 1920w\" sizes=\"auto, (max-width: 1024px) 100vw, 1024px\" \/><button\n\t\t\tclass=\"lightbox-trigger\"\n\t\t\ttype=\"button\"\n\t\t\taria-haspopup=\"dialog\"\n\t\t\taria-label=\"Vergr\u00f6\u00dfern\"\n\t\t\tdata-wp-init=\"callbacks.initTriggerButton\"\n\t\t\tdata-wp-on--click=\"actions.showLightbox\"\n\t\t\tdata-wp-style--right=\"state.imageButtonRight\"\n\t\t\tdata-wp-style--top=\"state.imageButtonTop\"\n\t\t>\n\t\t\t<svg xmlns=\"http:\/\/www.w3.org\/2000\/svg\" width=\"12\" height=\"12\" fill=\"none\" viewBox=\"0 0 12 12\">\n\t\t\t\t<path fill=\"#fff\" d=\"M2 0a2 2 0 0 0-2 2v2h1.5V2a.5.5 0 0 1 .5-.5h2V0H2Zm2 10.5H2a.5.5 0 0 1-.5-.5V8H0v2a2 2 0 0 0 2 2h2v-1.5ZM8 12v-1.5h2a.5.5 0 0 0 .5-.5V8H12v2a2 2 0 0 1-2 2H8Zm2-12a2 2 0 0 1 2 2v2h-1.5V2a.5.5 0 0 0-.5-.5H8V0h2Z\" \/>\n\t\t\t<\/svg>\n\t\t<\/button><figcaption class=\"wp-element-caption\">Gschwend &#8211; Gm\u00fcnder Stra\u00dfe &#8211; Hausnummer 7 &#8211; 1982<br>Fr\u00fcher Kfz Werkstatt Beyerbach<\/figcaption><\/figure>\n\n\n\n<figure data-wp-context=\"{&quot;imageId&quot;:&quot;69eddeea82d02&quot;}\" data-wp-interactive=\"core\/image\" data-wp-key=\"69eddeea82d02\" class=\"wp-block-image size-large wp-lightbox-container\"><img loading=\"lazy\" decoding=\"async\" width=\"1024\" height=\"683\" data-wp-class--hide=\"state.isContentHidden\" data-wp-class--show=\"state.isContentVisible\" data-wp-init=\"callbacks.setButtonStyles\" data-wp-on--click=\"actions.showLightbox\" data-wp-on--load=\"callbacks.setButtonStyles\" data-wp-on-window--resize=\"callbacks.setButtonStyles\" data-id=\"365\" src=\"https:\/\/redesign.imlaufderzeit.de\/wp-content\/uploads\/Gschwend_Gm\u00fcnder Stra\u00dfe_Nr7__IMG-7_4549-1024x683.jpg\" alt=\"Gschwend - Gm\u00fcnder Stra\u00dfe - Hausnummer 7 - 20190000\" class=\"wp-image-365\" srcset=\"https:\/\/redesign.imlaufderzeit.de\/wp-content\/uploads\/Gschwend_Gm\u00fcnder%20Stra\u00dfe_Nr7__IMG-7_4549-1024x683.jpg 1024w, https:\/\/redesign.imlaufderzeit.de\/wp-content\/uploads\/Gschwend_Gm\u00fcnder%20Stra\u00dfe_Nr7__IMG-7_4549-300x200.jpg 300w, https:\/\/redesign.imlaufderzeit.de\/wp-content\/uploads\/Gschwend_Gm\u00fcnder%20Stra\u00dfe_Nr7__IMG-7_4549-768x512.jpg 768w, https:\/\/redesign.imlaufderzeit.de\/wp-content\/uploads\/Gschwend_Gm\u00fcnder%20Stra\u00dfe_Nr7__IMG-7_4549-1536x1024.jpg 1536w, https:\/\/redesign.imlaufderzeit.de\/wp-content\/uploads\/Gschwend_Gm\u00fcnder%20Stra\u00dfe_Nr7__IMG-7_4549.JPG 1920w\" sizes=\"auto, (max-width: 1024px) 100vw, 1024px\" \/><button\n\t\t\tclass=\"lightbox-trigger\"\n\t\t\ttype=\"button\"\n\t\t\taria-haspopup=\"dialog\"\n\t\t\taria-label=\"Vergr\u00f6\u00dfern\"\n\t\t\tdata-wp-init=\"callbacks.initTriggerButton\"\n\t\t\tdata-wp-on--click=\"actions.showLightbox\"\n\t\t\tdata-wp-style--right=\"state.imageButtonRight\"\n\t\t\tdata-wp-style--top=\"state.imageButtonTop\"\n\t\t>\n\t\t\t<svg xmlns=\"http:\/\/www.w3.org\/2000\/svg\" width=\"12\" height=\"12\" fill=\"none\" viewBox=\"0 0 12 12\">\n\t\t\t\t<path fill=\"#fff\" d=\"M2 0a2 2 0 0 0-2 2v2h1.5V2a.5.5 0 0 1 .5-.5h2V0H2Zm2 10.5H2a.5.5 0 0 1-.5-.5V8H0v2a2 2 0 0 0 2 2h2v-1.5ZM8 12v-1.5h2a.5.5 0 0 0 .5-.5V8H12v2a2 2 0 0 1-2 2H8Zm2-12a2 2 0 0 1 2 2v2h-1.5V2a.5.5 0 0 0-.5-.5H8V0h2Z\" \/>\n\t\t\t<\/svg>\n\t\t<\/button><figcaption class=\"wp-element-caption\">Gschwend &#8211; Gm\u00fcnder Stra\u00dfe &#8211; Hausnummer 7 &#8211; 2019<br>Fr\u00fcher Kfz Werkstatt Beyerbach, Collin<br>Foto Klaus Ockert<\/figcaption><\/figure>\n\n\n\n<figure data-wp-context=\"{&quot;imageId&quot;:&quot;69eddeea83103&quot;}\" data-wp-interactive=\"core\/image\" data-wp-key=\"69eddeea83103\" class=\"wp-block-image size-large wp-lightbox-container\"><img loading=\"lazy\" decoding=\"async\" width=\"1024\" height=\"715\" data-wp-class--hide=\"state.isContentHidden\" data-wp-class--show=\"state.isContentVisible\" data-wp-init=\"callbacks.setButtonStyles\" data-wp-on--click=\"actions.showLightbox\" data-wp-on--load=\"callbacks.setButtonStyles\" data-wp-on-window--resize=\"callbacks.setButtonStyles\" data-id=\"315\" src=\"https:\/\/redesign.imlaufderzeit.de\/wp-content\/uploads\/Gschwend_Gm\u00fcnder Stra\u00dfe_Nr10__Baumann-1024x715.jpg\" alt=\"Gschwend - Gm\u00fcnder Stra\u00dfe - Hausnummer 10 - 193800000\" class=\"wp-image-315\" srcset=\"https:\/\/redesign.imlaufderzeit.de\/wp-content\/uploads\/Gschwend_Gm\u00fcnder%20Stra\u00dfe_Nr10__Baumann-1024x715.jpg 1024w, https:\/\/redesign.imlaufderzeit.de\/wp-content\/uploads\/Gschwend_Gm\u00fcnder%20Stra\u00dfe_Nr10__Baumann-300x210.jpg 300w, https:\/\/redesign.imlaufderzeit.de\/wp-content\/uploads\/Gschwend_Gm\u00fcnder%20Stra\u00dfe_Nr10__Baumann-768x536.jpg 768w, https:\/\/redesign.imlaufderzeit.de\/wp-content\/uploads\/Gschwend_Gm\u00fcnder%20Stra\u00dfe_Nr10__Baumann-1536x1073.jpg 1536w, https:\/\/redesign.imlaufderzeit.de\/wp-content\/uploads\/Gschwend_Gm\u00fcnder%20Stra\u00dfe_Nr10__Baumann.jpg 1920w\" sizes=\"auto, (max-width: 1024px) 100vw, 1024px\" \/><button\n\t\t\tclass=\"lightbox-trigger\"\n\t\t\ttype=\"button\"\n\t\t\taria-haspopup=\"dialog\"\n\t\t\taria-label=\"Vergr\u00f6\u00dfern\"\n\t\t\tdata-wp-init=\"callbacks.initTriggerButton\"\n\t\t\tdata-wp-on--click=\"actions.showLightbox\"\n\t\t\tdata-wp-style--right=\"state.imageButtonRight\"\n\t\t\tdata-wp-style--top=\"state.imageButtonTop\"\n\t\t>\n\t\t\t<svg xmlns=\"http:\/\/www.w3.org\/2000\/svg\" width=\"12\" height=\"12\" fill=\"none\" viewBox=\"0 0 12 12\">\n\t\t\t\t<path fill=\"#fff\" d=\"M2 0a2 2 0 0 0-2 2v2h1.5V2a.5.5 0 0 1 .5-.5h2V0H2Zm2 10.5H2a.5.5 0 0 1-.5-.5V8H0v2a2 2 0 0 0 2 2h2v-1.5ZM8 12v-1.5h2a.5.5 0 0 0 .5-.5V8H12v2a2 2 0 0 1-2 2H8Zm2-12a2 2 0 0 1 2 2v2h-1.5V2a.5.5 0 0 0-.5-.5H8V0h2Z\" \/>\n\t\t\t<\/svg>\n\t\t<\/button><figcaption class=\"wp-element-caption\">Gschwend &#8211; Gm\u00fcnder Stra\u00dfe &#8211; Hausnummer 10 &#8211; 1938 Postkarte: Badsee, Rathaus, Gelatinefabrik ugs: Gebr. Baumann.<\/figcaption><\/figure>\n\n\n\n<figure data-wp-context=\"{&quot;imageId&quot;:&quot;69eddeea834d2&quot;}\" data-wp-interactive=\"core\/image\" data-wp-key=\"69eddeea834d2\" class=\"wp-block-image size-large wp-lightbox-container\"><img loading=\"lazy\" decoding=\"async\" width=\"1024\" height=\"683\" data-wp-class--hide=\"state.isContentHidden\" data-wp-class--show=\"state.isContentVisible\" data-wp-init=\"callbacks.setButtonStyles\" data-wp-on--click=\"actions.showLightbox\" data-wp-on--load=\"callbacks.setButtonStyles\" data-wp-on-window--resize=\"callbacks.setButtonStyles\" data-id=\"319\" src=\"https:\/\/redesign.imlaufderzeit.de\/wp-content\/uploads\/Gschwend_Gm\u00fcnder Stra\u00dfe_Nr11__IMG-7_4557-1024x683.jpg\" alt=\"Gschwend - Gm\u00fcnder Stra\u00dfe - Hausnummer 11 - 202000000\" class=\"wp-image-319\" srcset=\"https:\/\/redesign.imlaufderzeit.de\/wp-content\/uploads\/Gschwend_Gm\u00fcnder%20Stra\u00dfe_Nr11__IMG-7_4557-1024x683.jpg 1024w, https:\/\/redesign.imlaufderzeit.de\/wp-content\/uploads\/Gschwend_Gm\u00fcnder%20Stra\u00dfe_Nr11__IMG-7_4557-300x200.jpg 300w, https:\/\/redesign.imlaufderzeit.de\/wp-content\/uploads\/Gschwend_Gm\u00fcnder%20Stra\u00dfe_Nr11__IMG-7_4557-768x512.jpg 768w, https:\/\/redesign.imlaufderzeit.de\/wp-content\/uploads\/Gschwend_Gm\u00fcnder%20Stra\u00dfe_Nr11__IMG-7_4557-1536x1024.jpg 1536w, https:\/\/redesign.imlaufderzeit.de\/wp-content\/uploads\/Gschwend_Gm\u00fcnder%20Stra\u00dfe_Nr11__IMG-7_4557.JPG 1920w\" sizes=\"auto, (max-width: 1024px) 100vw, 1024px\" \/><button\n\t\t\tclass=\"lightbox-trigger\"\n\t\t\ttype=\"button\"\n\t\t\taria-haspopup=\"dialog\"\n\t\t\taria-label=\"Vergr\u00f6\u00dfern\"\n\t\t\tdata-wp-init=\"callbacks.initTriggerButton\"\n\t\t\tdata-wp-on--click=\"actions.showLightbox\"\n\t\t\tdata-wp-style--right=\"state.imageButtonRight\"\n\t\t\tdata-wp-style--top=\"state.imageButtonTop\"\n\t\t>\n\t\t\t<svg xmlns=\"http:\/\/www.w3.org\/2000\/svg\" width=\"12\" height=\"12\" fill=\"none\" viewBox=\"0 0 12 12\">\n\t\t\t\t<path fill=\"#fff\" d=\"M2 0a2 2 0 0 0-2 2v2h1.5V2a.5.5 0 0 1 .5-.5h2V0H2Zm2 10.5H2a.5.5 0 0 1-.5-.5V8H0v2a2 2 0 0 0 2 2h2v-1.5ZM8 12v-1.5h2a.5.5 0 0 0 .5-.5V8H12v2a2 2 0 0 1-2 2H8Zm2-12a2 2 0 0 1 2 2v2h-1.5V2a.5.5 0 0 0-.5-.5H8V0h2Z\" \/>\n\t\t\t<\/svg>\n\t\t<\/button><figcaption class=\"wp-element-caption\">Gschwend &#8211; Gm\u00fcnder Stra\u00dfe &#8211; Hausnummer 11 &#8211; 2020<br>Foto Klaus Ockert<\/figcaption><\/figure>\n\n\n\n<figure data-wp-context=\"{&quot;imageId&quot;:&quot;69eddeea83880&quot;}\" data-wp-interactive=\"core\/image\" data-wp-key=\"69eddeea83880\" class=\"wp-block-image size-large wp-lightbox-container\"><img loading=\"lazy\" decoding=\"async\" width=\"1024\" height=\"970\" data-wp-class--hide=\"state.isContentHidden\" data-wp-class--show=\"state.isContentVisible\" data-wp-init=\"callbacks.setButtonStyles\" data-wp-on--click=\"actions.showLightbox\" data-wp-on--load=\"callbacks.setButtonStyles\" data-wp-on-window--resize=\"callbacks.setButtonStyles\" data-id=\"317\" src=\"https:\/\/redesign.imlaufderzeit.de\/wp-content\/uploads\/Gschwend_Gm\u00fcnder Stra\u00dfe_Nr11__1950-1024x970.jpg\" alt=\"Gschwend - Gm\u00fcnder Stra\u00dfe - Hausnummer 11 - 195500000\" class=\"wp-image-317\" srcset=\"https:\/\/redesign.imlaufderzeit.de\/wp-content\/uploads\/Gschwend_Gm\u00fcnder%20Stra\u00dfe_Nr11__1950-1024x970.jpg 1024w, https:\/\/redesign.imlaufderzeit.de\/wp-content\/uploads\/Gschwend_Gm\u00fcnder%20Stra\u00dfe_Nr11__1950-300x284.jpg 300w, https:\/\/redesign.imlaufderzeit.de\/wp-content\/uploads\/Gschwend_Gm\u00fcnder%20Stra\u00dfe_Nr11__1950-768x728.jpg 768w, https:\/\/redesign.imlaufderzeit.de\/wp-content\/uploads\/Gschwend_Gm\u00fcnder%20Stra\u00dfe_Nr11__1950-1536x1455.jpg 1536w, https:\/\/redesign.imlaufderzeit.de\/wp-content\/uploads\/Gschwend_Gm\u00fcnder%20Stra\u00dfe_Nr11__1950.jpg 1920w\" sizes=\"auto, (max-width: 1024px) 100vw, 1024px\" \/><button\n\t\t\tclass=\"lightbox-trigger\"\n\t\t\ttype=\"button\"\n\t\t\taria-haspopup=\"dialog\"\n\t\t\taria-label=\"Vergr\u00f6\u00dfern\"\n\t\t\tdata-wp-init=\"callbacks.initTriggerButton\"\n\t\t\tdata-wp-on--click=\"actions.showLightbox\"\n\t\t\tdata-wp-style--right=\"state.imageButtonRight\"\n\t\t\tdata-wp-style--top=\"state.imageButtonTop\"\n\t\t>\n\t\t\t<svg xmlns=\"http:\/\/www.w3.org\/2000\/svg\" width=\"12\" height=\"12\" fill=\"none\" viewBox=\"0 0 12 12\">\n\t\t\t\t<path fill=\"#fff\" d=\"M2 0a2 2 0 0 0-2 2v2h1.5V2a.5.5 0 0 1 .5-.5h2V0H2Zm2 10.5H2a.5.5 0 0 1-.5-.5V8H0v2a2 2 0 0 0 2 2h2v-1.5ZM8 12v-1.5h2a.5.5 0 0 0 .5-.5V8H12v2a2 2 0 0 1-2 2H8Zm2-12a2 2 0 0 1 2 2v2h-1.5V2a.5.5 0 0 0-.5-.5H8V0h2Z\" \/>\n\t\t\t<\/svg>\n\t\t<\/button><figcaption class=\"wp-element-caption\">Gschwend &#8211; Gm\u00fcnder Stra\u00dfe &#8211; Hausnummer 11 &#8211; 1950<br>Feuerwehr, Arrest u. Progynasium. Heute Schw\u00e4bischer Wald Bank<\/figcaption><\/figure>\n\n\n\n<figure data-wp-context=\"{&quot;imageId&quot;:&quot;69eddeea83c13&quot;}\" data-wp-interactive=\"core\/image\" data-wp-key=\"69eddeea83c13\" class=\"wp-block-image size-large wp-lightbox-container\"><img loading=\"lazy\" decoding=\"async\" width=\"1024\" height=\"683\" data-wp-class--hide=\"state.isContentHidden\" data-wp-class--show=\"state.isContentVisible\" data-wp-init=\"callbacks.setButtonStyles\" data-wp-on--click=\"actions.showLightbox\" data-wp-on--load=\"callbacks.setButtonStyles\" data-wp-on-window--resize=\"callbacks.setButtonStyles\" data-id=\"316\" src=\"https:\/\/redesign.imlaufderzeit.de\/wp-content\/uploads\/Gschwend_Gm\u00fcnder Stra\u00dfe_Nr10__IMG-7_4552-1024x683.jpg\" alt=\"Gschwend - Gm\u00fcnder Stra\u00dfe - Hausnummer 11 - 202000000\" class=\"wp-image-316\" srcset=\"https:\/\/redesign.imlaufderzeit.de\/wp-content\/uploads\/Gschwend_Gm\u00fcnder%20Stra\u00dfe_Nr10__IMG-7_4552-1024x683.jpg 1024w, https:\/\/redesign.imlaufderzeit.de\/wp-content\/uploads\/Gschwend_Gm\u00fcnder%20Stra\u00dfe_Nr10__IMG-7_4552-300x200.jpg 300w, https:\/\/redesign.imlaufderzeit.de\/wp-content\/uploads\/Gschwend_Gm\u00fcnder%20Stra\u00dfe_Nr10__IMG-7_4552-768x512.jpg 768w, https:\/\/redesign.imlaufderzeit.de\/wp-content\/uploads\/Gschwend_Gm\u00fcnder%20Stra\u00dfe_Nr10__IMG-7_4552-1536x1024.jpg 1536w, https:\/\/redesign.imlaufderzeit.de\/wp-content\/uploads\/Gschwend_Gm\u00fcnder%20Stra\u00dfe_Nr10__IMG-7_4552.JPG 1920w\" sizes=\"auto, (max-width: 1024px) 100vw, 1024px\" \/><button\n\t\t\tclass=\"lightbox-trigger\"\n\t\t\ttype=\"button\"\n\t\t\taria-haspopup=\"dialog\"\n\t\t\taria-label=\"Vergr\u00f6\u00dfern\"\n\t\t\tdata-wp-init=\"callbacks.initTriggerButton\"\n\t\t\tdata-wp-on--click=\"actions.showLightbox\"\n\t\t\tdata-wp-style--right=\"state.imageButtonRight\"\n\t\t\tdata-wp-style--top=\"state.imageButtonTop\"\n\t\t>\n\t\t\t<svg xmlns=\"http:\/\/www.w3.org\/2000\/svg\" width=\"12\" height=\"12\" fill=\"none\" viewBox=\"0 0 12 12\">\n\t\t\t\t<path fill=\"#fff\" d=\"M2 0a2 2 0 0 0-2 2v2h1.5V2a.5.5 0 0 1 .5-.5h2V0H2Zm2 10.5H2a.5.5 0 0 1-.5-.5V8H0v2a2 2 0 0 0 2 2h2v-1.5ZM8 12v-1.5h2a.5.5 0 0 0 .5-.5V8H12v2a2 2 0 0 1-2 2H8Zm2-12a2 2 0 0 1 2 2v2h-1.5V2a.5.5 0 0 0-.5-.5H8V0h2Z\" \/>\n\t\t\t<\/svg>\n\t\t<\/button><figcaption class=\"wp-element-caption\">Gschwend &#8211; Gm\u00fcnder Stra\u00dfe &#8211; Hausnummer 11 &#8211; 2020<br>Fr\u00fcher Gelatine Fabrik Gebr. Baumann ( Laternlesfabrik ).<br>Foto Klaus Ockert<\/figcaption><\/figure>\n\n\n\n<figure data-wp-context=\"{&quot;imageId&quot;:&quot;69eddeea83fb6&quot;}\" data-wp-interactive=\"core\/image\" data-wp-key=\"69eddeea83fb6\" class=\"wp-block-image size-large wp-lightbox-container\"><img loading=\"lazy\" decoding=\"async\" width=\"1024\" height=\"683\" data-wp-class--hide=\"state.isContentHidden\" data-wp-class--show=\"state.isContentVisible\" data-wp-init=\"callbacks.setButtonStyles\" data-wp-on--click=\"actions.showLightbox\" data-wp-on--load=\"callbacks.setButtonStyles\" data-wp-on-window--resize=\"callbacks.setButtonStyles\" data-id=\"320\" src=\"https:\/\/redesign.imlaufderzeit.de\/wp-content\/uploads\/Gschwend_Gm\u00fcnder Stra\u00dfe_Nr14__IMG-7_4555-1024x683.jpg\" alt=\"Gschwend - Gm\u00fcnder Stra\u00dfe - Hausnummer 14 - 202000000\" class=\"wp-image-320\" srcset=\"https:\/\/redesign.imlaufderzeit.de\/wp-content\/uploads\/Gschwend_Gm\u00fcnder%20Stra\u00dfe_Nr14__IMG-7_4555-1024x683.jpg 1024w, https:\/\/redesign.imlaufderzeit.de\/wp-content\/uploads\/Gschwend_Gm\u00fcnder%20Stra\u00dfe_Nr14__IMG-7_4555-300x200.jpg 300w, https:\/\/redesign.imlaufderzeit.de\/wp-content\/uploads\/Gschwend_Gm\u00fcnder%20Stra\u00dfe_Nr14__IMG-7_4555-768x512.jpg 768w, https:\/\/redesign.imlaufderzeit.de\/wp-content\/uploads\/Gschwend_Gm\u00fcnder%20Stra\u00dfe_Nr14__IMG-7_4555-1536x1024.jpg 1536w, https:\/\/redesign.imlaufderzeit.de\/wp-content\/uploads\/Gschwend_Gm\u00fcnder%20Stra\u00dfe_Nr14__IMG-7_4555.JPG 1920w\" sizes=\"auto, (max-width: 1024px) 100vw, 1024px\" \/><button\n\t\t\tclass=\"lightbox-trigger\"\n\t\t\ttype=\"button\"\n\t\t\taria-haspopup=\"dialog\"\n\t\t\taria-label=\"Vergr\u00f6\u00dfern\"\n\t\t\tdata-wp-init=\"callbacks.initTriggerButton\"\n\t\t\tdata-wp-on--click=\"actions.showLightbox\"\n\t\t\tdata-wp-style--right=\"state.imageButtonRight\"\n\t\t\tdata-wp-style--top=\"state.imageButtonTop\"\n\t\t>\n\t\t\t<svg xmlns=\"http:\/\/www.w3.org\/2000\/svg\" width=\"12\" height=\"12\" fill=\"none\" viewBox=\"0 0 12 12\">\n\t\t\t\t<path fill=\"#fff\" d=\"M2 0a2 2 0 0 0-2 2v2h1.5V2a.5.5 0 0 1 .5-.5h2V0H2Zm2 10.5H2a.5.5 0 0 1-.5-.5V8H0v2a2 2 0 0 0 2 2h2v-1.5ZM8 12v-1.5h2a.5.5 0 0 0 .5-.5V8H12v2a2 2 0 0 1-2 2H8Zm2-12a2 2 0 0 1 2 2v2h-1.5V2a.5.5 0 0 0-.5-.5H8V0h2Z\" \/>\n\t\t\t<\/svg>\n\t\t<\/button><figcaption class=\"wp-element-caption\">Gschwend &#8211; Gm\u00fcnder Stra\u00dfe &#8211; Hausnummer 14 &#8211; 2020<br>Foto Klaus Ockert<\/figcaption><\/figure>\n\n\n\n<figure data-wp-context=\"{&quot;imageId&quot;:&quot;69eddeea84347&quot;}\" data-wp-interactive=\"core\/image\" data-wp-key=\"69eddeea84347\" class=\"wp-block-image size-large wp-lightbox-container\"><img loading=\"lazy\" decoding=\"async\" width=\"620\" height=\"1024\" data-wp-class--hide=\"state.isContentHidden\" data-wp-class--show=\"state.isContentVisible\" data-wp-init=\"callbacks.setButtonStyles\" data-wp-on--click=\"actions.showLightbox\" data-wp-on--load=\"callbacks.setButtonStyles\" data-wp-on-window--resize=\"callbacks.setButtonStyles\" data-id=\"321\" src=\"https:\/\/redesign.imlaufderzeit.de\/wp-content\/uploads\/Gschwend_Gm\u00fcnder Stra\u00dfe_Nr15__Arrest + Grandel-620x1024.jpg\" alt=\"Gschwend - Gm\u00fcnder Stra\u00dfe - Hausnummer 16 - 195400000\" class=\"wp-image-321\" srcset=\"https:\/\/redesign.imlaufderzeit.de\/wp-content\/uploads\/Gschwend_Gm\u00fcnder%20Stra\u00dfe_Nr15__Arrest%20+%20Grandel-620x1024.jpg 620w, https:\/\/redesign.imlaufderzeit.de\/wp-content\/uploads\/Gschwend_Gm\u00fcnder%20Stra\u00dfe_Nr15__Arrest%20+%20Grandel-182x300.jpg 182w, https:\/\/redesign.imlaufderzeit.de\/wp-content\/uploads\/Gschwend_Gm\u00fcnder%20Stra\u00dfe_Nr15__Arrest%20+%20Grandel-768x1269.jpg 768w, https:\/\/redesign.imlaufderzeit.de\/wp-content\/uploads\/Gschwend_Gm\u00fcnder%20Stra\u00dfe_Nr15__Arrest%20+%20Grandel-930x1536.jpg 930w, https:\/\/redesign.imlaufderzeit.de\/wp-content\/uploads\/Gschwend_Gm\u00fcnder%20Stra\u00dfe_Nr15__Arrest%20+%20Grandel-1240x2048.jpg 1240w, https:\/\/redesign.imlaufderzeit.de\/wp-content\/uploads\/Gschwend_Gm\u00fcnder%20Stra\u00dfe_Nr15__Arrest%20+%20Grandel-scaled.jpg 1550w\" sizes=\"auto, (max-width: 620px) 100vw, 620px\" \/><button\n\t\t\tclass=\"lightbox-trigger\"\n\t\t\ttype=\"button\"\n\t\t\taria-haspopup=\"dialog\"\n\t\t\taria-label=\"Vergr\u00f6\u00dfern\"\n\t\t\tdata-wp-init=\"callbacks.initTriggerButton\"\n\t\t\tdata-wp-on--click=\"actions.showLightbox\"\n\t\t\tdata-wp-style--right=\"state.imageButtonRight\"\n\t\t\tdata-wp-style--top=\"state.imageButtonTop\"\n\t\t>\n\t\t\t<svg xmlns=\"http:\/\/www.w3.org\/2000\/svg\" width=\"12\" height=\"12\" fill=\"none\" viewBox=\"0 0 12 12\">\n\t\t\t\t<path fill=\"#fff\" d=\"M2 0a2 2 0 0 0-2 2v2h1.5V2a.5.5 0 0 1 .5-.5h2V0H2Zm2 10.5H2a.5.5 0 0 1-.5-.5V8H0v2a2 2 0 0 0 2 2h2v-1.5ZM8 12v-1.5h2a.5.5 0 0 0 .5-.5V8H12v2a2 2 0 0 1-2 2H8Zm2-12a2 2 0 0 1 2 2v2h-1.5V2a.5.5 0 0 0-.5-.5H8V0h2Z\" \/>\n\t\t\t<\/svg>\n\t\t<\/button><figcaption class=\"wp-element-caption\">Gschwend &#8211; Gm\u00fcnder Stra\u00dfe &#8211; Hausnummer 15 &#8211; 1954<br>B\u00e4ckerei Grandel, im Hintergrund Feuerwehr, Arrest u. Progynasium<\/figcaption><\/figure>\n\n\n\n<figure data-wp-context=\"{&quot;imageId&quot;:&quot;69eddeea846ec&quot;}\" data-wp-interactive=\"core\/image\" data-wp-key=\"69eddeea846ec\" class=\"wp-block-image size-large wp-lightbox-container\"><img loading=\"lazy\" decoding=\"async\" width=\"1024\" height=\"683\" data-wp-class--hide=\"state.isContentHidden\" data-wp-class--show=\"state.isContentVisible\" data-wp-init=\"callbacks.setButtonStyles\" data-wp-on--click=\"actions.showLightbox\" data-wp-on--load=\"callbacks.setButtonStyles\" data-wp-on-window--resize=\"callbacks.setButtonStyles\" data-id=\"322\" src=\"https:\/\/redesign.imlaufderzeit.de\/wp-content\/uploads\/Gschwend_Gm\u00fcnder Stra\u00dfe_Nr15__IMG-7_4556-1024x683.jpg\" alt=\"Gschwend - Gm\u00fcnder Stra\u00dfe - Hausnummer 15 - 1202000000\" class=\"wp-image-322\" srcset=\"https:\/\/redesign.imlaufderzeit.de\/wp-content\/uploads\/Gschwend_Gm\u00fcnder%20Stra\u00dfe_Nr15__IMG-7_4556-1024x683.jpg 1024w, https:\/\/redesign.imlaufderzeit.de\/wp-content\/uploads\/Gschwend_Gm\u00fcnder%20Stra\u00dfe_Nr15__IMG-7_4556-300x200.jpg 300w, https:\/\/redesign.imlaufderzeit.de\/wp-content\/uploads\/Gschwend_Gm\u00fcnder%20Stra\u00dfe_Nr15__IMG-7_4556-768x512.jpg 768w, https:\/\/redesign.imlaufderzeit.de\/wp-content\/uploads\/Gschwend_Gm\u00fcnder%20Stra\u00dfe_Nr15__IMG-7_4556-1536x1024.jpg 1536w, https:\/\/redesign.imlaufderzeit.de\/wp-content\/uploads\/Gschwend_Gm\u00fcnder%20Stra\u00dfe_Nr15__IMG-7_4556.JPG 1920w\" sizes=\"auto, (max-width: 1024px) 100vw, 1024px\" \/><button\n\t\t\tclass=\"lightbox-trigger\"\n\t\t\ttype=\"button\"\n\t\t\taria-haspopup=\"dialog\"\n\t\t\taria-label=\"Vergr\u00f6\u00dfern\"\n\t\t\tdata-wp-init=\"callbacks.initTriggerButton\"\n\t\t\tdata-wp-on--click=\"actions.showLightbox\"\n\t\t\tdata-wp-style--right=\"state.imageButtonRight\"\n\t\t\tdata-wp-style--top=\"state.imageButtonTop\"\n\t\t>\n\t\t\t<svg xmlns=\"http:\/\/www.w3.org\/2000\/svg\" width=\"12\" height=\"12\" fill=\"none\" viewBox=\"0 0 12 12\">\n\t\t\t\t<path fill=\"#fff\" d=\"M2 0a2 2 0 0 0-2 2v2h1.5V2a.5.5 0 0 1 .5-.5h2V0H2Zm2 10.5H2a.5.5 0 0 1-.5-.5V8H0v2a2 2 0 0 0 2 2h2v-1.5ZM8 12v-1.5h2a.5.5 0 0 0 .5-.5V8H12v2a2 2 0 0 1-2 2H8Zm2-12a2 2 0 0 1 2 2v2h-1.5V2a.5.5 0 0 0-.5-.5H8V0h2Z\" \/>\n\t\t\t<\/svg>\n\t\t<\/button><figcaption class=\"wp-element-caption\">Gschwend &#8211; Gm\u00fcnder Stra\u00dfe &#8211; Hausnummer 15 &#8211; 2020<br>Fr\u00fcher B\u00e4ckerei Grandel<br>Foto Klaus Ockert<\/figcaption><\/figure>\n\n\n\n<figure data-wp-context=\"{&quot;imageId&quot;:&quot;69eddeea84a8e&quot;}\" data-wp-interactive=\"core\/image\" data-wp-key=\"69eddeea84a8e\" class=\"wp-block-image size-large wp-lightbox-container\"><img loading=\"lazy\" decoding=\"async\" width=\"724\" height=\"1024\" data-wp-class--hide=\"state.isContentHidden\" data-wp-class--show=\"state.isContentVisible\" data-wp-init=\"callbacks.setButtonStyles\" data-wp-on--click=\"actions.showLightbox\" data-wp-on--load=\"callbacks.setButtonStyles\" data-wp-on-window--resize=\"callbacks.setButtonStyles\" data-id=\"323\" src=\"https:\/\/redesign.imlaufderzeit.de\/wp-content\/uploads\/Gschwend_Gm\u00fcnder Stra\u00dfe_Nr16__Gscheidle Schmiede 1911-724x1024.jpg\" alt=\"Gschwend - Gm\u00fcnder Stra\u00dfe - Hausnummer 16 - 191100000\" class=\"wp-image-323\" srcset=\"https:\/\/redesign.imlaufderzeit.de\/wp-content\/uploads\/Gschwend_Gm\u00fcnder%20Stra\u00dfe_Nr16__Gscheidle%20Schmiede%201911-724x1024.jpg 724w, https:\/\/redesign.imlaufderzeit.de\/wp-content\/uploads\/Gschwend_Gm\u00fcnder%20Stra\u00dfe_Nr16__Gscheidle%20Schmiede%201911-212x300.jpg 212w, https:\/\/redesign.imlaufderzeit.de\/wp-content\/uploads\/Gschwend_Gm\u00fcnder%20Stra\u00dfe_Nr16__Gscheidle%20Schmiede%201911-768x1086.jpg 768w, https:\/\/redesign.imlaufderzeit.de\/wp-content\/uploads\/Gschwend_Gm\u00fcnder%20Stra\u00dfe_Nr16__Gscheidle%20Schmiede%201911-1086x1536.jpg 1086w, https:\/\/redesign.imlaufderzeit.de\/wp-content\/uploads\/Gschwend_Gm\u00fcnder%20Stra\u00dfe_Nr16__Gscheidle%20Schmiede%201911-1448x2048.jpg 1448w, https:\/\/redesign.imlaufderzeit.de\/wp-content\/uploads\/Gschwend_Gm\u00fcnder%20Stra\u00dfe_Nr16__Gscheidle%20Schmiede%201911-scaled.jpg 1810w\" sizes=\"auto, (max-width: 724px) 100vw, 724px\" \/><button\n\t\t\tclass=\"lightbox-trigger\"\n\t\t\ttype=\"button\"\n\t\t\taria-haspopup=\"dialog\"\n\t\t\taria-label=\"Vergr\u00f6\u00dfern\"\n\t\t\tdata-wp-init=\"callbacks.initTriggerButton\"\n\t\t\tdata-wp-on--click=\"actions.showLightbox\"\n\t\t\tdata-wp-style--right=\"state.imageButtonRight\"\n\t\t\tdata-wp-style--top=\"state.imageButtonTop\"\n\t\t>\n\t\t\t<svg xmlns=\"http:\/\/www.w3.org\/2000\/svg\" width=\"12\" height=\"12\" fill=\"none\" viewBox=\"0 0 12 12\">\n\t\t\t\t<path fill=\"#fff\" d=\"M2 0a2 2 0 0 0-2 2v2h1.5V2a.5.5 0 0 1 .5-.5h2V0H2Zm2 10.5H2a.5.5 0 0 1-.5-.5V8H0v2a2 2 0 0 0 2 2h2v-1.5ZM8 12v-1.5h2a.5.5 0 0 0 .5-.5V8H12v2a2 2 0 0 1-2 2H8Zm2-12a2 2 0 0 1 2 2v2h-1.5V2a.5.5 0 0 0-.5-.5H8V0h2Z\" \/>\n\t\t\t<\/svg>\n\t\t<\/button><figcaption class=\"wp-element-caption\">Gschwend &#8211; Gm\u00fcnder Stra\u00dfe &#8211; Hausnummer 16 &#8211; 1911<br>Schmiede Gscheidle<\/figcaption><\/figure>\n\n\n\n<figure data-wp-context=\"{&quot;imageId&quot;:&quot;69eddeea84e20&quot;}\" data-wp-interactive=\"core\/image\" data-wp-key=\"69eddeea84e20\" class=\"wp-block-image size-large wp-lightbox-container\"><img loading=\"lazy\" decoding=\"async\" width=\"1024\" height=\"683\" data-wp-class--hide=\"state.isContentHidden\" data-wp-class--show=\"state.isContentVisible\" data-wp-init=\"callbacks.setButtonStyles\" data-wp-on--click=\"actions.showLightbox\" data-wp-on--load=\"callbacks.setButtonStyles\" data-wp-on-window--resize=\"callbacks.setButtonStyles\" data-id=\"324\" src=\"https:\/\/redesign.imlaufderzeit.de\/wp-content\/uploads\/Gschwend_Gm\u00fcnder Stra\u00dfe_Nr16__IMG-7_4559-1024x683.jpg\" alt=\"Gschwend - Gm\u00fcnder Stra\u00dfe - Hausnummer 16 - 202000000\" class=\"wp-image-324\" srcset=\"https:\/\/redesign.imlaufderzeit.de\/wp-content\/uploads\/Gschwend_Gm\u00fcnder%20Stra\u00dfe_Nr16__IMG-7_4559-1024x683.jpg 1024w, https:\/\/redesign.imlaufderzeit.de\/wp-content\/uploads\/Gschwend_Gm\u00fcnder%20Stra\u00dfe_Nr16__IMG-7_4559-300x200.jpg 300w, https:\/\/redesign.imlaufderzeit.de\/wp-content\/uploads\/Gschwend_Gm\u00fcnder%20Stra\u00dfe_Nr16__IMG-7_4559-768x512.jpg 768w, https:\/\/redesign.imlaufderzeit.de\/wp-content\/uploads\/Gschwend_Gm\u00fcnder%20Stra\u00dfe_Nr16__IMG-7_4559-1536x1024.jpg 1536w, https:\/\/redesign.imlaufderzeit.de\/wp-content\/uploads\/Gschwend_Gm\u00fcnder%20Stra\u00dfe_Nr16__IMG-7_4559.JPG 1920w\" sizes=\"auto, (max-width: 1024px) 100vw, 1024px\" \/><button\n\t\t\tclass=\"lightbox-trigger\"\n\t\t\ttype=\"button\"\n\t\t\taria-haspopup=\"dialog\"\n\t\t\taria-label=\"Vergr\u00f6\u00dfern\"\n\t\t\tdata-wp-init=\"callbacks.initTriggerButton\"\n\t\t\tdata-wp-on--click=\"actions.showLightbox\"\n\t\t\tdata-wp-style--right=\"state.imageButtonRight\"\n\t\t\tdata-wp-style--top=\"state.imageButtonTop\"\n\t\t>\n\t\t\t<svg xmlns=\"http:\/\/www.w3.org\/2000\/svg\" width=\"12\" height=\"12\" fill=\"none\" viewBox=\"0 0 12 12\">\n\t\t\t\t<path fill=\"#fff\" d=\"M2 0a2 2 0 0 0-2 2v2h1.5V2a.5.5 0 0 1 .5-.5h2V0H2Zm2 10.5H2a.5.5 0 0 1-.5-.5V8H0v2a2 2 0 0 0 2 2h2v-1.5ZM8 12v-1.5h2a.5.5 0 0 0 .5-.5V8H12v2a2 2 0 0 1-2 2H8Zm2-12a2 2 0 0 1 2 2v2h-1.5V2a.5.5 0 0 0-.5-.5H8V0h2Z\" \/>\n\t\t\t<\/svg>\n\t\t<\/button><figcaption class=\"wp-element-caption\">Gschwend &#8211; Gm\u00fcnder Stra\u00dfe &#8211; Hausnummer 16 &#8211; 2020<br>Fr\u00fcher Schmiede Gscheidle<br>Foto Klaus Ockert<\/figcaption><\/figure>\n\n\n\n<figure data-wp-context=\"{&quot;imageId&quot;:&quot;69eddeea851b2&quot;}\" data-wp-interactive=\"core\/image\" data-wp-key=\"69eddeea851b2\" class=\"wp-block-image size-large wp-lightbox-container\"><img loading=\"lazy\" decoding=\"async\" width=\"1024\" height=\"683\" data-wp-class--hide=\"state.isContentHidden\" data-wp-class--show=\"state.isContentVisible\" data-wp-init=\"callbacks.setButtonStyles\" data-wp-on--click=\"actions.showLightbox\" data-wp-on--load=\"callbacks.setButtonStyles\" data-wp-on-window--resize=\"callbacks.setButtonStyles\" data-id=\"325\" src=\"https:\/\/redesign.imlaufderzeit.de\/wp-content\/uploads\/Gschwend_Gm\u00fcnder Stra\u00dfe_Nr17__IMG-7_4558-1024x683.jpg\" alt=\"Gschwend - Gm\u00fcnder Stra\u00dfe - Hausnummer 17 - 202000000\" class=\"wp-image-325\" srcset=\"https:\/\/redesign.imlaufderzeit.de\/wp-content\/uploads\/Gschwend_Gm\u00fcnder%20Stra\u00dfe_Nr17__IMG-7_4558-1024x683.jpg 1024w, https:\/\/redesign.imlaufderzeit.de\/wp-content\/uploads\/Gschwend_Gm\u00fcnder%20Stra\u00dfe_Nr17__IMG-7_4558-300x200.jpg 300w, https:\/\/redesign.imlaufderzeit.de\/wp-content\/uploads\/Gschwend_Gm\u00fcnder%20Stra\u00dfe_Nr17__IMG-7_4558-768x512.jpg 768w, https:\/\/redesign.imlaufderzeit.de\/wp-content\/uploads\/Gschwend_Gm\u00fcnder%20Stra\u00dfe_Nr17__IMG-7_4558-1536x1024.jpg 1536w, https:\/\/redesign.imlaufderzeit.de\/wp-content\/uploads\/Gschwend_Gm\u00fcnder%20Stra\u00dfe_Nr17__IMG-7_4558.JPG 1920w\" sizes=\"auto, (max-width: 1024px) 100vw, 1024px\" \/><button\n\t\t\tclass=\"lightbox-trigger\"\n\t\t\ttype=\"button\"\n\t\t\taria-haspopup=\"dialog\"\n\t\t\taria-label=\"Vergr\u00f6\u00dfern\"\n\t\t\tdata-wp-init=\"callbacks.initTriggerButton\"\n\t\t\tdata-wp-on--click=\"actions.showLightbox\"\n\t\t\tdata-wp-style--right=\"state.imageButtonRight\"\n\t\t\tdata-wp-style--top=\"state.imageButtonTop\"\n\t\t>\n\t\t\t<svg xmlns=\"http:\/\/www.w3.org\/2000\/svg\" width=\"12\" height=\"12\" fill=\"none\" viewBox=\"0 0 12 12\">\n\t\t\t\t<path fill=\"#fff\" d=\"M2 0a2 2 0 0 0-2 2v2h1.5V2a.5.5 0 0 1 .5-.5h2V0H2Zm2 10.5H2a.5.5 0 0 1-.5-.5V8H0v2a2 2 0 0 0 2 2h2v-1.5ZM8 12v-1.5h2a.5.5 0 0 0 .5-.5V8H12v2a2 2 0 0 1-2 2H8Zm2-12a2 2 0 0 1 2 2v2h-1.5V2a.5.5 0 0 0-.5-.5H8V0h2Z\" \/>\n\t\t\t<\/svg>\n\t\t<\/button><figcaption class=\"wp-element-caption\">Gschwend &#8211; Gm\u00fcnder Stra\u00dfe &#8211; Hausnummer 17 &#8211; 2020<br>Fr\u00fcher Spezereihandlung (Gew\u00fcrzhandlung) Brecht, sp\u00e4ter Edeka Schaaf.<br>Foto Klaus Ockert<\/figcaption><\/figure>\n\n\n\n<figure data-wp-context=\"{&quot;imageId&quot;:&quot;69eddeea8554d&quot;}\" data-wp-interactive=\"core\/image\" data-wp-key=\"69eddeea8554d\" class=\"wp-block-image size-large wp-lightbox-container\"><img loading=\"lazy\" decoding=\"async\" width=\"1024\" height=\"683\" data-wp-class--hide=\"state.isContentHidden\" data-wp-class--show=\"state.isContentVisible\" data-wp-init=\"callbacks.setButtonStyles\" data-wp-on--click=\"actions.showLightbox\" data-wp-on--load=\"callbacks.setButtonStyles\" data-wp-on-window--resize=\"callbacks.setButtonStyles\" data-id=\"326\" src=\"https:\/\/redesign.imlaufderzeit.de\/wp-content\/uploads\/Gschwend_Gm\u00fcnder Stra\u00dfe_Nr18__IMG-7_4560-1024x683.jpg\" alt=\"Gschwend - Gm\u00fcnder Stra\u00dfe - Hausnummer 18 - 202000000\" class=\"wp-image-326\" srcset=\"https:\/\/redesign.imlaufderzeit.de\/wp-content\/uploads\/Gschwend_Gm\u00fcnder%20Stra\u00dfe_Nr18__IMG-7_4560-1024x683.jpg 1024w, https:\/\/redesign.imlaufderzeit.de\/wp-content\/uploads\/Gschwend_Gm\u00fcnder%20Stra\u00dfe_Nr18__IMG-7_4560-300x200.jpg 300w, https:\/\/redesign.imlaufderzeit.de\/wp-content\/uploads\/Gschwend_Gm\u00fcnder%20Stra\u00dfe_Nr18__IMG-7_4560-768x512.jpg 768w, https:\/\/redesign.imlaufderzeit.de\/wp-content\/uploads\/Gschwend_Gm\u00fcnder%20Stra\u00dfe_Nr18__IMG-7_4560-1536x1024.jpg 1536w, https:\/\/redesign.imlaufderzeit.de\/wp-content\/uploads\/Gschwend_Gm\u00fcnder%20Stra\u00dfe_Nr18__IMG-7_4560.JPG 1920w\" sizes=\"auto, (max-width: 1024px) 100vw, 1024px\" \/><button\n\t\t\tclass=\"lightbox-trigger\"\n\t\t\ttype=\"button\"\n\t\t\taria-haspopup=\"dialog\"\n\t\t\taria-label=\"Vergr\u00f6\u00dfern\"\n\t\t\tdata-wp-init=\"callbacks.initTriggerButton\"\n\t\t\tdata-wp-on--click=\"actions.showLightbox\"\n\t\t\tdata-wp-style--right=\"state.imageButtonRight\"\n\t\t\tdata-wp-style--top=\"state.imageButtonTop\"\n\t\t>\n\t\t\t<svg xmlns=\"http:\/\/www.w3.org\/2000\/svg\" width=\"12\" height=\"12\" fill=\"none\" viewBox=\"0 0 12 12\">\n\t\t\t\t<path fill=\"#fff\" d=\"M2 0a2 2 0 0 0-2 2v2h1.5V2a.5.5 0 0 1 .5-.5h2V0H2Zm2 10.5H2a.5.5 0 0 1-.5-.5V8H0v2a2 2 0 0 0 2 2h2v-1.5ZM8 12v-1.5h2a.5.5 0 0 0 .5-.5V8H12v2a2 2 0 0 1-2 2H8Zm2-12a2 2 0 0 1 2 2v2h-1.5V2a.5.5 0 0 0-.5-.5H8V0h2Z\" \/>\n\t\t\t<\/svg>\n\t\t<\/button><figcaption class=\"wp-element-caption\">Gschwend &#8211; Gm\u00fcnder Stra\u00dfe &#8211; Hausnummer 18 &#8211; 2020<br>Fr\u00fcher Radio u. Fernsehen Quecke.<br>Foto Klaus Ockert<\/figcaption><\/figure>\n\n\n\n<figure data-wp-context=\"{&quot;imageId&quot;:&quot;69eddeea858e2&quot;}\" data-wp-interactive=\"core\/image\" data-wp-key=\"69eddeea858e2\" class=\"wp-block-image size-large wp-lightbox-container\"><img loading=\"lazy\" decoding=\"async\" width=\"1024\" height=\"683\" data-wp-class--hide=\"state.isContentHidden\" data-wp-class--show=\"state.isContentVisible\" data-wp-init=\"callbacks.setButtonStyles\" data-wp-on--click=\"actions.showLightbox\" data-wp-on--load=\"callbacks.setButtonStyles\" data-wp-on-window--resize=\"callbacks.setButtonStyles\" data-id=\"327\" src=\"https:\/\/redesign.imlaufderzeit.de\/wp-content\/uploads\/Gschwend_Gm\u00fcnder Stra\u00dfe_Nr19__IMG-7_4561-1024x683.jpg\" alt=\"Gschwend - Gm\u00fcnder Stra\u00dfe - Hausnummer 19 - 202000000\" class=\"wp-image-327\" srcset=\"https:\/\/redesign.imlaufderzeit.de\/wp-content\/uploads\/Gschwend_Gm\u00fcnder%20Stra\u00dfe_Nr19__IMG-7_4561-1024x683.jpg 1024w, https:\/\/redesign.imlaufderzeit.de\/wp-content\/uploads\/Gschwend_Gm\u00fcnder%20Stra\u00dfe_Nr19__IMG-7_4561-300x200.jpg 300w, https:\/\/redesign.imlaufderzeit.de\/wp-content\/uploads\/Gschwend_Gm\u00fcnder%20Stra\u00dfe_Nr19__IMG-7_4561-768x512.jpg 768w, https:\/\/redesign.imlaufderzeit.de\/wp-content\/uploads\/Gschwend_Gm\u00fcnder%20Stra\u00dfe_Nr19__IMG-7_4561-1536x1024.jpg 1536w, https:\/\/redesign.imlaufderzeit.de\/wp-content\/uploads\/Gschwend_Gm\u00fcnder%20Stra\u00dfe_Nr19__IMG-7_4561.JPG 1920w\" sizes=\"auto, (max-width: 1024px) 100vw, 1024px\" \/><button\n\t\t\tclass=\"lightbox-trigger\"\n\t\t\ttype=\"button\"\n\t\t\taria-haspopup=\"dialog\"\n\t\t\taria-label=\"Vergr\u00f6\u00dfern\"\n\t\t\tdata-wp-init=\"callbacks.initTriggerButton\"\n\t\t\tdata-wp-on--click=\"actions.showLightbox\"\n\t\t\tdata-wp-style--right=\"state.imageButtonRight\"\n\t\t\tdata-wp-style--top=\"state.imageButtonTop\"\n\t\t>\n\t\t\t<svg xmlns=\"http:\/\/www.w3.org\/2000\/svg\" width=\"12\" height=\"12\" fill=\"none\" viewBox=\"0 0 12 12\">\n\t\t\t\t<path fill=\"#fff\" d=\"M2 0a2 2 0 0 0-2 2v2h1.5V2a.5.5 0 0 1 .5-.5h2V0H2Zm2 10.5H2a.5.5 0 0 1-.5-.5V8H0v2a2 2 0 0 0 2 2h2v-1.5ZM8 12v-1.5h2a.5.5 0 0 0 .5-.5V8H12v2a2 2 0 0 1-2 2H8Zm2-12a2 2 0 0 1 2 2v2h-1.5V2a.5.5 0 0 0-.5-.5H8V0h2Z\" \/>\n\t\t\t<\/svg>\n\t\t<\/button><figcaption class=\"wp-element-caption\">Gschwend &#8211; Gm\u00fcnder Stra\u00dfe &#8211; Hausnummer 19 &#8211; 2020<br>Foto Klaus Ockert<\/figcaption><\/figure>\n\n\n\n<figure data-wp-context=\"{&quot;imageId&quot;:&quot;69eddeea85c7e&quot;}\" data-wp-interactive=\"core\/image\" data-wp-key=\"69eddeea85c7e\" class=\"wp-block-image size-large wp-lightbox-container\"><img loading=\"lazy\" decoding=\"async\" width=\"1024\" height=\"683\" data-wp-class--hide=\"state.isContentHidden\" data-wp-class--show=\"state.isContentVisible\" data-wp-init=\"callbacks.setButtonStyles\" data-wp-on--click=\"actions.showLightbox\" data-wp-on--load=\"callbacks.setButtonStyles\" data-wp-on-window--resize=\"callbacks.setButtonStyles\" data-id=\"328\" src=\"https:\/\/redesign.imlaufderzeit.de\/wp-content\/uploads\/Gschwend_Gm\u00fcnder Stra\u00dfe_Nr21__IMG-7_4562-1024x683.jpg\" alt=\"Gschwend - Gm\u00fcnder Stra\u00dfe - Hausnummer 21 - 202000000\" class=\"wp-image-328\" srcset=\"https:\/\/redesign.imlaufderzeit.de\/wp-content\/uploads\/Gschwend_Gm\u00fcnder%20Stra\u00dfe_Nr21__IMG-7_4562-1024x683.jpg 1024w, https:\/\/redesign.imlaufderzeit.de\/wp-content\/uploads\/Gschwend_Gm\u00fcnder%20Stra\u00dfe_Nr21__IMG-7_4562-300x200.jpg 300w, https:\/\/redesign.imlaufderzeit.de\/wp-content\/uploads\/Gschwend_Gm\u00fcnder%20Stra\u00dfe_Nr21__IMG-7_4562-768x512.jpg 768w, https:\/\/redesign.imlaufderzeit.de\/wp-content\/uploads\/Gschwend_Gm\u00fcnder%20Stra\u00dfe_Nr21__IMG-7_4562-1536x1024.jpg 1536w, https:\/\/redesign.imlaufderzeit.de\/wp-content\/uploads\/Gschwend_Gm\u00fcnder%20Stra\u00dfe_Nr21__IMG-7_4562.JPG 1920w\" sizes=\"auto, (max-width: 1024px) 100vw, 1024px\" \/><button\n\t\t\tclass=\"lightbox-trigger\"\n\t\t\ttype=\"button\"\n\t\t\taria-haspopup=\"dialog\"\n\t\t\taria-label=\"Vergr\u00f6\u00dfern\"\n\t\t\tdata-wp-init=\"callbacks.initTriggerButton\"\n\t\t\tdata-wp-on--click=\"actions.showLightbox\"\n\t\t\tdata-wp-style--right=\"state.imageButtonRight\"\n\t\t\tdata-wp-style--top=\"state.imageButtonTop\"\n\t\t>\n\t\t\t<svg xmlns=\"http:\/\/www.w3.org\/2000\/svg\" width=\"12\" height=\"12\" fill=\"none\" viewBox=\"0 0 12 12\">\n\t\t\t\t<path fill=\"#fff\" d=\"M2 0a2 2 0 0 0-2 2v2h1.5V2a.5.5 0 0 1 .5-.5h2V0H2Zm2 10.5H2a.5.5 0 0 1-.5-.5V8H0v2a2 2 0 0 0 2 2h2v-1.5ZM8 12v-1.5h2a.5.5 0 0 0 .5-.5V8H12v2a2 2 0 0 1-2 2H8Zm2-12a2 2 0 0 1 2 2v2h-1.5V2a.5.5 0 0 0-.5-.5H8V0h2Z\" \/>\n\t\t\t<\/svg>\n\t\t<\/button><figcaption class=\"wp-element-caption\">Gschwend &#8211; Gm\u00fcnder Stra\u00dfe &#8211; Hausnummer 21 &#8211; 2020<br>Foto Klaus Ockert<\/figcaption><\/figure>\n\n\n\n<figure data-wp-context=\"{&quot;imageId&quot;:&quot;69eddeea86010&quot;}\" data-wp-interactive=\"core\/image\" data-wp-key=\"69eddeea86010\" class=\"wp-block-image size-large wp-lightbox-container\"><img loading=\"lazy\" decoding=\"async\" width=\"1024\" height=\"683\" data-wp-class--hide=\"state.isContentHidden\" data-wp-class--show=\"state.isContentVisible\" data-wp-init=\"callbacks.setButtonStyles\" data-wp-on--click=\"actions.showLightbox\" data-wp-on--load=\"callbacks.setButtonStyles\" data-wp-on-window--resize=\"callbacks.setButtonStyles\" data-id=\"329\" src=\"https:\/\/redesign.imlaufderzeit.de\/wp-content\/uploads\/Gschwend_Gm\u00fcnder Stra\u00dfe_Nr25__IMG-7_4566-1024x683.jpg\" alt=\"Gschwend - Gm\u00fcnder Stra\u00dfe - Hausnummer 25 - 202000000\" class=\"wp-image-329\" srcset=\"https:\/\/redesign.imlaufderzeit.de\/wp-content\/uploads\/Gschwend_Gm\u00fcnder%20Stra\u00dfe_Nr25__IMG-7_4566-1024x683.jpg 1024w, https:\/\/redesign.imlaufderzeit.de\/wp-content\/uploads\/Gschwend_Gm\u00fcnder%20Stra\u00dfe_Nr25__IMG-7_4566-300x200.jpg 300w, https:\/\/redesign.imlaufderzeit.de\/wp-content\/uploads\/Gschwend_Gm\u00fcnder%20Stra\u00dfe_Nr25__IMG-7_4566-768x512.jpg 768w, https:\/\/redesign.imlaufderzeit.de\/wp-content\/uploads\/Gschwend_Gm\u00fcnder%20Stra\u00dfe_Nr25__IMG-7_4566-1536x1024.jpg 1536w, https:\/\/redesign.imlaufderzeit.de\/wp-content\/uploads\/Gschwend_Gm\u00fcnder%20Stra\u00dfe_Nr25__IMG-7_4566.JPG 1920w\" sizes=\"auto, (max-width: 1024px) 100vw, 1024px\" \/><button\n\t\t\tclass=\"lightbox-trigger\"\n\t\t\ttype=\"button\"\n\t\t\taria-haspopup=\"dialog\"\n\t\t\taria-label=\"Vergr\u00f6\u00dfern\"\n\t\t\tdata-wp-init=\"callbacks.initTriggerButton\"\n\t\t\tdata-wp-on--click=\"actions.showLightbox\"\n\t\t\tdata-wp-style--right=\"state.imageButtonRight\"\n\t\t\tdata-wp-style--top=\"state.imageButtonTop\"\n\t\t>\n\t\t\t<svg xmlns=\"http:\/\/www.w3.org\/2000\/svg\" width=\"12\" height=\"12\" fill=\"none\" viewBox=\"0 0 12 12\">\n\t\t\t\t<path fill=\"#fff\" d=\"M2 0a2 2 0 0 0-2 2v2h1.5V2a.5.5 0 0 1 .5-.5h2V0H2Zm2 10.5H2a.5.5 0 0 1-.5-.5V8H0v2a2 2 0 0 0 2 2h2v-1.5ZM8 12v-1.5h2a.5.5 0 0 0 .5-.5V8H12v2a2 2 0 0 1-2 2H8Zm2-12a2 2 0 0 1 2 2v2h-1.5V2a.5.5 0 0 0-.5-.5H8V0h2Z\" \/>\n\t\t\t<\/svg>\n\t\t<\/button><figcaption class=\"wp-element-caption\">Gschwend &#8211; Gm\u00fcnder Stra\u00dfe &#8211; Hausnummer 25 &#8211; 2020<br>Foto Klaus Ockert<\/figcaption><\/figure>\n\n\n\n<figure data-wp-context=\"{&quot;imageId&quot;:&quot;69eddeea8638c&quot;}\" data-wp-interactive=\"core\/image\" data-wp-key=\"69eddeea8638c\" class=\"wp-block-image size-large wp-lightbox-container\"><img loading=\"lazy\" decoding=\"async\" width=\"665\" height=\"1024\" data-wp-class--hide=\"state.isContentHidden\" data-wp-class--show=\"state.isContentVisible\" data-wp-init=\"callbacks.setButtonStyles\" data-wp-on--click=\"actions.showLightbox\" data-wp-on--load=\"callbacks.setButtonStyles\" data-wp-on-window--resize=\"callbacks.setButtonStyles\" data-id=\"331\" src=\"https:\/\/redesign.imlaufderzeit.de\/wp-content\/uploads\/Gschwend_Gm\u00fcnder Stra\u00dfe_Nr27__IMG7-665x1024.jpg\" alt=\"Gschwend - Gm\u00fcnder Stra\u00dfe - Hausnummer 27 - 193300000\" class=\"wp-image-331\" srcset=\"https:\/\/redesign.imlaufderzeit.de\/wp-content\/uploads\/Gschwend_Gm\u00fcnder%20Stra\u00dfe_Nr27__IMG7-665x1024.jpg 665w, https:\/\/redesign.imlaufderzeit.de\/wp-content\/uploads\/Gschwend_Gm\u00fcnder%20Stra\u00dfe_Nr27__IMG7-195x300.jpg 195w, https:\/\/redesign.imlaufderzeit.de\/wp-content\/uploads\/Gschwend_Gm\u00fcnder%20Stra\u00dfe_Nr27__IMG7-768x1183.jpg 768w, https:\/\/redesign.imlaufderzeit.de\/wp-content\/uploads\/Gschwend_Gm\u00fcnder%20Stra\u00dfe_Nr27__IMG7-997x1536.jpg 997w, https:\/\/redesign.imlaufderzeit.de\/wp-content\/uploads\/Gschwend_Gm\u00fcnder%20Stra\u00dfe_Nr27__IMG7-1329x2048.jpg 1329w, https:\/\/redesign.imlaufderzeit.de\/wp-content\/uploads\/Gschwend_Gm\u00fcnder%20Stra\u00dfe_Nr27__IMG7-scaled.jpg 1662w\" sizes=\"auto, (max-width: 665px) 100vw, 665px\" \/><button\n\t\t\tclass=\"lightbox-trigger\"\n\t\t\ttype=\"button\"\n\t\t\taria-haspopup=\"dialog\"\n\t\t\taria-label=\"Vergr\u00f6\u00dfern\"\n\t\t\tdata-wp-init=\"callbacks.initTriggerButton\"\n\t\t\tdata-wp-on--click=\"actions.showLightbox\"\n\t\t\tdata-wp-style--right=\"state.imageButtonRight\"\n\t\t\tdata-wp-style--top=\"state.imageButtonTop\"\n\t\t>\n\t\t\t<svg xmlns=\"http:\/\/www.w3.org\/2000\/svg\" width=\"12\" height=\"12\" fill=\"none\" viewBox=\"0 0 12 12\">\n\t\t\t\t<path fill=\"#fff\" d=\"M2 0a2 2 0 0 0-2 2v2h1.5V2a.5.5 0 0 1 .5-.5h2V0H2Zm2 10.5H2a.5.5 0 0 1-.5-.5V8H0v2a2 2 0 0 0 2 2h2v-1.5ZM8 12v-1.5h2a.5.5 0 0 0 .5-.5V8H12v2a2 2 0 0 1-2 2H8Zm2-12a2 2 0 0 1 2 2v2h-1.5V2a.5.5 0 0 0-.5-.5H8V0h2Z\" \/>\n\t\t\t<\/svg>\n\t\t<\/button><figcaption class=\"wp-element-caption\">Gschwend &#8211; Gm\u00fcnder Stra\u00dfe &#8211; Hausnummer 27 &#8211; 1933<\/figcaption><\/figure>\n\n\n\n<figure data-wp-context=\"{&quot;imageId&quot;:&quot;69eddeea86719&quot;}\" data-wp-interactive=\"core\/image\" data-wp-key=\"69eddeea86719\" class=\"wp-block-image size-large wp-lightbox-container\"><img loading=\"lazy\" decoding=\"async\" width=\"1024\" height=\"706\" data-wp-class--hide=\"state.isContentHidden\" data-wp-class--show=\"state.isContentVisible\" data-wp-init=\"callbacks.setButtonStyles\" data-wp-on--click=\"actions.showLightbox\" data-wp-on--load=\"callbacks.setButtonStyles\" data-wp-on-window--resize=\"callbacks.setButtonStyles\" data-id=\"330\" src=\"https:\/\/redesign.imlaufderzeit.de\/wp-content\/uploads\/Gschwend_Gm\u00fcnder Stra\u00dfe_Nr27__IMG-1024x706.jpg\" alt=\"Gschwend - Gm\u00fcnder Stra\u00dfe - Hausnummer 27 - 195400000\" class=\"wp-image-330\" srcset=\"https:\/\/redesign.imlaufderzeit.de\/wp-content\/uploads\/Gschwend_Gm\u00fcnder%20Stra\u00dfe_Nr27__IMG-1024x706.jpg 1024w, https:\/\/redesign.imlaufderzeit.de\/wp-content\/uploads\/Gschwend_Gm\u00fcnder%20Stra\u00dfe_Nr27__IMG-300x207.jpg 300w, https:\/\/redesign.imlaufderzeit.de\/wp-content\/uploads\/Gschwend_Gm\u00fcnder%20Stra\u00dfe_Nr27__IMG-768x530.jpg 768w, https:\/\/redesign.imlaufderzeit.de\/wp-content\/uploads\/Gschwend_Gm\u00fcnder%20Stra\u00dfe_Nr27__IMG-1536x1059.jpg 1536w, https:\/\/redesign.imlaufderzeit.de\/wp-content\/uploads\/Gschwend_Gm\u00fcnder%20Stra\u00dfe_Nr27__IMG.jpg 1920w\" sizes=\"auto, (max-width: 1024px) 100vw, 1024px\" \/><button\n\t\t\tclass=\"lightbox-trigger\"\n\t\t\ttype=\"button\"\n\t\t\taria-haspopup=\"dialog\"\n\t\t\taria-label=\"Vergr\u00f6\u00dfern\"\n\t\t\tdata-wp-init=\"callbacks.initTriggerButton\"\n\t\t\tdata-wp-on--click=\"actions.showLightbox\"\n\t\t\tdata-wp-style--right=\"state.imageButtonRight\"\n\t\t\tdata-wp-style--top=\"state.imageButtonTop\"\n\t\t>\n\t\t\t<svg xmlns=\"http:\/\/www.w3.org\/2000\/svg\" width=\"12\" height=\"12\" fill=\"none\" viewBox=\"0 0 12 12\">\n\t\t\t\t<path fill=\"#fff\" d=\"M2 0a2 2 0 0 0-2 2v2h1.5V2a.5.5 0 0 1 .5-.5h2V0H2Zm2 10.5H2a.5.5 0 0 1-.5-.5V8H0v2a2 2 0 0 0 2 2h2v-1.5ZM8 12v-1.5h2a.5.5 0 0 0 .5-.5V8H12v2a2 2 0 0 1-2 2H8Zm2-12a2 2 0 0 1 2 2v2h-1.5V2a.5.5 0 0 0-.5-.5H8V0h2Z\" \/>\n\t\t\t<\/svg>\n\t\t<\/button><figcaption class=\"wp-element-caption\">Gschwend &#8211; Gm\u00fcnder Stra\u00dfe &#8211; Hausnummer 27 &#8211; 1954<\/figcaption><\/figure>\n\n\n\n<figure data-wp-context=\"{&quot;imageId&quot;:&quot;69eddeea86a96&quot;}\" data-wp-interactive=\"core\/image\" data-wp-key=\"69eddeea86a96\" class=\"wp-block-image size-large wp-lightbox-container\"><img loading=\"lazy\" decoding=\"async\" width=\"1024\" height=\"705\" data-wp-class--hide=\"state.isContentHidden\" data-wp-class--show=\"state.isContentVisible\" data-wp-init=\"callbacks.setButtonStyles\" data-wp-on--click=\"actions.showLightbox\" data-wp-on--load=\"callbacks.setButtonStyles\" data-wp-on-window--resize=\"callbacks.setButtonStyles\" data-id=\"333\" src=\"https:\/\/redesign.imlaufderzeit.de\/wp-content\/uploads\/Gschwend_Gm\u00fcnder Stra\u00dfe_Nr29__IMG2-1024x705.jpg\" alt=\"Gschwend - Gm\u00fcnder Stra\u00dfe - Hausnummer 29 - 202000000\" class=\"wp-image-333\" srcset=\"https:\/\/redesign.imlaufderzeit.de\/wp-content\/uploads\/Gschwend_Gm\u00fcnder%20Stra\u00dfe_Nr29__IMG2-1024x705.jpg 1024w, https:\/\/redesign.imlaufderzeit.de\/wp-content\/uploads\/Gschwend_Gm\u00fcnder%20Stra\u00dfe_Nr29__IMG2-300x207.jpg 300w, https:\/\/redesign.imlaufderzeit.de\/wp-content\/uploads\/Gschwend_Gm\u00fcnder%20Stra\u00dfe_Nr29__IMG2-768x529.jpg 768w, https:\/\/redesign.imlaufderzeit.de\/wp-content\/uploads\/Gschwend_Gm\u00fcnder%20Stra\u00dfe_Nr29__IMG2-1536x1058.jpg 1536w, https:\/\/redesign.imlaufderzeit.de\/wp-content\/uploads\/Gschwend_Gm\u00fcnder%20Stra\u00dfe_Nr29__IMG2.jpg 1920w\" sizes=\"auto, (max-width: 1024px) 100vw, 1024px\" \/><button\n\t\t\tclass=\"lightbox-trigger\"\n\t\t\ttype=\"button\"\n\t\t\taria-haspopup=\"dialog\"\n\t\t\taria-label=\"Vergr\u00f6\u00dfern\"\n\t\t\tdata-wp-init=\"callbacks.initTriggerButton\"\n\t\t\tdata-wp-on--click=\"actions.showLightbox\"\n\t\t\tdata-wp-style--right=\"state.imageButtonRight\"\n\t\t\tdata-wp-style--top=\"state.imageButtonTop\"\n\t\t>\n\t\t\t<svg xmlns=\"http:\/\/www.w3.org\/2000\/svg\" width=\"12\" height=\"12\" fill=\"none\" viewBox=\"0 0 12 12\">\n\t\t\t\t<path fill=\"#fff\" d=\"M2 0a2 2 0 0 0-2 2v2h1.5V2a.5.5 0 0 1 .5-.5h2V0H2Zm2 10.5H2a.5.5 0 0 1-.5-.5V8H0v2a2 2 0 0 0 2 2h2v-1.5ZM8 12v-1.5h2a.5.5 0 0 0 .5-.5V8H12v2a2 2 0 0 1-2 2H8Zm2-12a2 2 0 0 1 2 2v2h-1.5V2a.5.5 0 0 0-.5-.5H8V0h2Z\" \/>\n\t\t\t<\/svg>\n\t\t<\/button><figcaption class=\"wp-element-caption\">Gschwend &#8211; Gm\u00fcnder Stra\u00dfe &#8211; Hausnummer 29 &#8211; 1935<\/figcaption><\/figure>\n\n\n\n<figure data-wp-context=\"{&quot;imageId&quot;:&quot;69eddeea86e20&quot;}\" data-wp-interactive=\"core\/image\" data-wp-key=\"69eddeea86e20\" class=\"wp-block-image size-large wp-lightbox-container\"><img loading=\"lazy\" decoding=\"async\" width=\"1024\" height=\"683\" data-wp-class--hide=\"state.isContentHidden\" data-wp-class--show=\"state.isContentVisible\" data-wp-init=\"callbacks.setButtonStyles\" data-wp-on--click=\"actions.showLightbox\" data-wp-on--load=\"callbacks.setButtonStyles\" data-wp-on-window--resize=\"callbacks.setButtonStyles\" data-id=\"332\" src=\"https:\/\/redesign.imlaufderzeit.de\/wp-content\/uploads\/Gschwend_Gm\u00fcnder Stra\u00dfe_Nr29__IMG-7_4589-1024x683.jpg\" alt=\"Gschwend - Gm\u00fcnder Stra\u00dfe - Hausnummer 29 - 202000000\" class=\"wp-image-332\" srcset=\"https:\/\/redesign.imlaufderzeit.de\/wp-content\/uploads\/Gschwend_Gm\u00fcnder%20Stra\u00dfe_Nr29__IMG-7_4589-1024x683.jpg 1024w, https:\/\/redesign.imlaufderzeit.de\/wp-content\/uploads\/Gschwend_Gm\u00fcnder%20Stra\u00dfe_Nr29__IMG-7_4589-300x200.jpg 300w, https:\/\/redesign.imlaufderzeit.de\/wp-content\/uploads\/Gschwend_Gm\u00fcnder%20Stra\u00dfe_Nr29__IMG-7_4589-768x512.jpg 768w, https:\/\/redesign.imlaufderzeit.de\/wp-content\/uploads\/Gschwend_Gm\u00fcnder%20Stra\u00dfe_Nr29__IMG-7_4589-1536x1024.jpg 1536w, https:\/\/redesign.imlaufderzeit.de\/wp-content\/uploads\/Gschwend_Gm\u00fcnder%20Stra\u00dfe_Nr29__IMG-7_4589.JPG 1920w\" sizes=\"auto, (max-width: 1024px) 100vw, 1024px\" \/><button\n\t\t\tclass=\"lightbox-trigger\"\n\t\t\ttype=\"button\"\n\t\t\taria-haspopup=\"dialog\"\n\t\t\taria-label=\"Vergr\u00f6\u00dfern\"\n\t\t\tdata-wp-init=\"callbacks.initTriggerButton\"\n\t\t\tdata-wp-on--click=\"actions.showLightbox\"\n\t\t\tdata-wp-style--right=\"state.imageButtonRight\"\n\t\t\tdata-wp-style--top=\"state.imageButtonTop\"\n\t\t>\n\t\t\t<svg xmlns=\"http:\/\/www.w3.org\/2000\/svg\" width=\"12\" height=\"12\" fill=\"none\" viewBox=\"0 0 12 12\">\n\t\t\t\t<path fill=\"#fff\" d=\"M2 0a2 2 0 0 0-2 2v2h1.5V2a.5.5 0 0 1 .5-.5h2V0H2Zm2 10.5H2a.5.5 0 0 1-.5-.5V8H0v2a2 2 0 0 0 2 2h2v-1.5ZM8 12v-1.5h2a.5.5 0 0 0 .5-.5V8H12v2a2 2 0 0 1-2 2H8Zm2-12a2 2 0 0 1 2 2v2h-1.5V2a.5.5 0 0 0-.5-.5H8V0h2Z\" \/>\n\t\t\t<\/svg>\n\t\t<\/button><figcaption class=\"wp-element-caption\">Gschwend &#8211; Gm\u00fcnder Stra\u00dfe &#8211; Hausnummer 29 &#8211; 2020<br>Foto Klaus Ockert<\/figcaption><\/figure>\n\n\n\n<figure data-wp-context=\"{&quot;imageId&quot;:&quot;69eddeea871cb&quot;}\" data-wp-interactive=\"core\/image\" data-wp-key=\"69eddeea871cb\" class=\"wp-block-image size-large wp-lightbox-container\"><img loading=\"lazy\" decoding=\"async\" width=\"1024\" height=\"683\" data-wp-class--hide=\"state.isContentHidden\" data-wp-class--show=\"state.isContentVisible\" data-wp-init=\"callbacks.setButtonStyles\" data-wp-on--click=\"actions.showLightbox\" data-wp-on--load=\"callbacks.setButtonStyles\" data-wp-on-window--resize=\"callbacks.setButtonStyles\" data-id=\"335\" src=\"https:\/\/redesign.imlaufderzeit.de\/wp-content\/uploads\/Gschwend_Gm\u00fcnder Stra\u00dfe_Nr30__IMG-7_4568-1024x683.jpg\" alt=\"Gschwend - Gm\u00fcnder Stra\u00dfe - Hausnummer 30 - 202000000\" class=\"wp-image-335\" srcset=\"https:\/\/redesign.imlaufderzeit.de\/wp-content\/uploads\/Gschwend_Gm\u00fcnder%20Stra\u00dfe_Nr30__IMG-7_4568-1024x683.jpg 1024w, https:\/\/redesign.imlaufderzeit.de\/wp-content\/uploads\/Gschwend_Gm\u00fcnder%20Stra\u00dfe_Nr30__IMG-7_4568-300x200.jpg 300w, https:\/\/redesign.imlaufderzeit.de\/wp-content\/uploads\/Gschwend_Gm\u00fcnder%20Stra\u00dfe_Nr30__IMG-7_4568-768x512.jpg 768w, https:\/\/redesign.imlaufderzeit.de\/wp-content\/uploads\/Gschwend_Gm\u00fcnder%20Stra\u00dfe_Nr30__IMG-7_4568-1536x1024.jpg 1536w, https:\/\/redesign.imlaufderzeit.de\/wp-content\/uploads\/Gschwend_Gm\u00fcnder%20Stra\u00dfe_Nr30__IMG-7_4568.JPG 1920w\" sizes=\"auto, (max-width: 1024px) 100vw, 1024px\" \/><button\n\t\t\tclass=\"lightbox-trigger\"\n\t\t\ttype=\"button\"\n\t\t\taria-haspopup=\"dialog\"\n\t\t\taria-label=\"Vergr\u00f6\u00dfern\"\n\t\t\tdata-wp-init=\"callbacks.initTriggerButton\"\n\t\t\tdata-wp-on--click=\"actions.showLightbox\"\n\t\t\tdata-wp-style--right=\"state.imageButtonRight\"\n\t\t\tdata-wp-style--top=\"state.imageButtonTop\"\n\t\t>\n\t\t\t<svg xmlns=\"http:\/\/www.w3.org\/2000\/svg\" width=\"12\" height=\"12\" fill=\"none\" viewBox=\"0 0 12 12\">\n\t\t\t\t<path fill=\"#fff\" d=\"M2 0a2 2 0 0 0-2 2v2h1.5V2a.5.5 0 0 1 .5-.5h2V0H2Zm2 10.5H2a.5.5 0 0 1-.5-.5V8H0v2a2 2 0 0 0 2 2h2v-1.5ZM8 12v-1.5h2a.5.5 0 0 0 .5-.5V8H12v2a2 2 0 0 1-2 2H8Zm2-12a2 2 0 0 1 2 2v2h-1.5V2a.5.5 0 0 0-.5-.5H8V0h2Z\" \/>\n\t\t\t<\/svg>\n\t\t<\/button><figcaption class=\"wp-element-caption\">Gschwend &#8211; Gm\u00fcnder Stra\u00dfe &#8211; Hausnummer 30 &#8211; 2020<br>Fr\u00fcher Maler Kuhn<br>Foto Klaus Ockert<\/figcaption><\/figure>\n\n\n\n<figure data-wp-context=\"{&quot;imageId&quot;:&quot;69eddeea8758b&quot;}\" data-wp-interactive=\"core\/image\" data-wp-key=\"69eddeea8758b\" class=\"wp-block-image size-large wp-lightbox-container\"><img loading=\"lazy\" decoding=\"async\" width=\"1024\" height=\"683\" data-wp-class--hide=\"state.isContentHidden\" data-wp-class--show=\"state.isContentVisible\" data-wp-init=\"callbacks.setButtonStyles\" data-wp-on--click=\"actions.showLightbox\" data-wp-on--load=\"callbacks.setButtonStyles\" data-wp-on-window--resize=\"callbacks.setButtonStyles\" data-id=\"336\" src=\"https:\/\/redesign.imlaufderzeit.de\/wp-content\/uploads\/Gschwend_Gm\u00fcnder Stra\u00dfe_Nr31__IMG-7_4569-1024x683.jpg\" alt=\"Gschwend - Gm\u00fcnder Stra\u00dfe - Hausnummer 31 - 202000000\" class=\"wp-image-336\" srcset=\"https:\/\/redesign.imlaufderzeit.de\/wp-content\/uploads\/Gschwend_Gm\u00fcnder%20Stra\u00dfe_Nr31__IMG-7_4569-1024x683.jpg 1024w, https:\/\/redesign.imlaufderzeit.de\/wp-content\/uploads\/Gschwend_Gm\u00fcnder%20Stra\u00dfe_Nr31__IMG-7_4569-300x200.jpg 300w, https:\/\/redesign.imlaufderzeit.de\/wp-content\/uploads\/Gschwend_Gm\u00fcnder%20Stra\u00dfe_Nr31__IMG-7_4569-768x512.jpg 768w, https:\/\/redesign.imlaufderzeit.de\/wp-content\/uploads\/Gschwend_Gm\u00fcnder%20Stra\u00dfe_Nr31__IMG-7_4569-1536x1024.jpg 1536w, https:\/\/redesign.imlaufderzeit.de\/wp-content\/uploads\/Gschwend_Gm\u00fcnder%20Stra\u00dfe_Nr31__IMG-7_4569.JPG 1920w\" sizes=\"auto, (max-width: 1024px) 100vw, 1024px\" \/><button\n\t\t\tclass=\"lightbox-trigger\"\n\t\t\ttype=\"button\"\n\t\t\taria-haspopup=\"dialog\"\n\t\t\taria-label=\"Vergr\u00f6\u00dfern\"\n\t\t\tdata-wp-init=\"callbacks.initTriggerButton\"\n\t\t\tdata-wp-on--click=\"actions.showLightbox\"\n\t\t\tdata-wp-style--right=\"state.imageButtonRight\"\n\t\t\tdata-wp-style--top=\"state.imageButtonTop\"\n\t\t>\n\t\t\t<svg xmlns=\"http:\/\/www.w3.org\/2000\/svg\" width=\"12\" height=\"12\" fill=\"none\" viewBox=\"0 0 12 12\">\n\t\t\t\t<path fill=\"#fff\" d=\"M2 0a2 2 0 0 0-2 2v2h1.5V2a.5.5 0 0 1 .5-.5h2V0H2Zm2 10.5H2a.5.5 0 0 1-.5-.5V8H0v2a2 2 0 0 0 2 2h2v-1.5ZM8 12v-1.5h2a.5.5 0 0 0 .5-.5V8H12v2a2 2 0 0 1-2 2H8Zm2-12a2 2 0 0 1 2 2v2h-1.5V2a.5.5 0 0 0-.5-.5H8V0h2Z\" \/>\n\t\t\t<\/svg>\n\t\t<\/button><figcaption class=\"wp-element-caption\">Gschwend &#8211; Gm\u00fcnder Stra\u00dfe &#8211; Hausnummer 31 &#8211; 2020<br>Fr\u00fcher Schreinerei Braun<br>Foto Klaus Ockert<\/figcaption><\/figure>\n\n\n\n<figure data-wp-context=\"{&quot;imageId&quot;:&quot;69eddeea87937&quot;}\" data-wp-interactive=\"core\/image\" data-wp-key=\"69eddeea87937\" class=\"wp-block-image size-large wp-lightbox-container\"><img loading=\"lazy\" decoding=\"async\" width=\"802\" height=\"1024\" data-wp-class--hide=\"state.isContentHidden\" data-wp-class--show=\"state.isContentVisible\" data-wp-init=\"callbacks.setButtonStyles\" data-wp-on--click=\"actions.showLightbox\" data-wp-on--load=\"callbacks.setButtonStyles\" data-wp-on-window--resize=\"callbacks.setButtonStyles\" data-id=\"337\" src=\"http:\/\/redesign.imlaufderzeit.de\/wp-content\/uploads\/Gschwend_Gm\u00fcnder Stra\u00dfe_Nr33__1931-802x1024.jpg\" alt=\"Gschwend Gm\u00fcnder Stra\u00dfe Hausnummer 33\" class=\"wp-image-337\" srcset=\"https:\/\/redesign.imlaufderzeit.de\/wp-content\/uploads\/Gschwend_Gm\u00fcnder%20Stra\u00dfe_Nr33__1931-802x1024.jpg 802w, https:\/\/redesign.imlaufderzeit.de\/wp-content\/uploads\/Gschwend_Gm\u00fcnder%20Stra\u00dfe_Nr33__1931-235x300.jpg 235w, https:\/\/redesign.imlaufderzeit.de\/wp-content\/uploads\/Gschwend_Gm\u00fcnder%20Stra\u00dfe_Nr33__1931-768x980.jpg 768w, https:\/\/redesign.imlaufderzeit.de\/wp-content\/uploads\/Gschwend_Gm\u00fcnder%20Stra\u00dfe_Nr33__1931-1204x1536.jpg 1204w, https:\/\/redesign.imlaufderzeit.de\/wp-content\/uploads\/Gschwend_Gm\u00fcnder%20Stra\u00dfe_Nr33__1931-1605x2048.jpg 1605w, https:\/\/redesign.imlaufderzeit.de\/wp-content\/uploads\/Gschwend_Gm\u00fcnder%20Stra\u00dfe_Nr33__1931.jpg 1920w\" sizes=\"auto, (max-width: 802px) 100vw, 802px\" \/><button\n\t\t\tclass=\"lightbox-trigger\"\n\t\t\ttype=\"button\"\n\t\t\taria-haspopup=\"dialog\"\n\t\t\taria-label=\"Vergr\u00f6\u00dfern\"\n\t\t\tdata-wp-init=\"callbacks.initTriggerButton\"\n\t\t\tdata-wp-on--click=\"actions.showLightbox\"\n\t\t\tdata-wp-style--right=\"state.imageButtonRight\"\n\t\t\tdata-wp-style--top=\"state.imageButtonTop\"\n\t\t>\n\t\t\t<svg xmlns=\"http:\/\/www.w3.org\/2000\/svg\" width=\"12\" height=\"12\" fill=\"none\" viewBox=\"0 0 12 12\">\n\t\t\t\t<path fill=\"#fff\" d=\"M2 0a2 2 0 0 0-2 2v2h1.5V2a.5.5 0 0 1 .5-.5h2V0H2Zm2 10.5H2a.5.5 0 0 1-.5-.5V8H0v2a2 2 0 0 0 2 2h2v-1.5ZM8 12v-1.5h2a.5.5 0 0 0 .5-.5V8H12v2a2 2 0 0 1-2 2H8Zm2-12a2 2 0 0 1 2 2v2h-1.5V2a.5.5 0 0 0-.5-.5H8V0h2Z\" \/>\n\t\t\t<\/svg>\n\t\t<\/button><figcaption class=\"wp-element-caption\">Gschwend &#8211; Gm\u00fcnder Stra\u00dfe -Hausnummer 33 -1931<\/figcaption><\/figure>\n\n\n\n<figure data-wp-context=\"{&quot;imageId&quot;:&quot;69eddeea87cb4&quot;}\" data-wp-interactive=\"core\/image\" data-wp-key=\"69eddeea87cb4\" class=\"wp-block-image size-large wp-lightbox-container\"><img loading=\"lazy\" decoding=\"async\" width=\"1024\" height=\"683\" data-wp-class--hide=\"state.isContentHidden\" data-wp-class--show=\"state.isContentVisible\" data-wp-init=\"callbacks.setButtonStyles\" data-wp-on--click=\"actions.showLightbox\" data-wp-on--load=\"callbacks.setButtonStyles\" data-wp-on-window--resize=\"callbacks.setButtonStyles\" data-id=\"338\" src=\"http:\/\/redesign.imlaufderzeit.de\/wp-content\/uploads\/Gschwend_Gm\u00fcnder Stra\u00dfe_Nr33__IMG-7_4571-1024x683.jpg\" alt=\"Gschwend - Gm\u00fcnder Stra\u00dfe - Hausnummer 33 - 20200\" class=\"wp-image-338\" srcset=\"https:\/\/redesign.imlaufderzeit.de\/wp-content\/uploads\/Gschwend_Gm\u00fcnder%20Stra\u00dfe_Nr33__IMG-7_4571-1024x683.jpg 1024w, https:\/\/redesign.imlaufderzeit.de\/wp-content\/uploads\/Gschwend_Gm\u00fcnder%20Stra\u00dfe_Nr33__IMG-7_4571-300x200.jpg 300w, https:\/\/redesign.imlaufderzeit.de\/wp-content\/uploads\/Gschwend_Gm\u00fcnder%20Stra\u00dfe_Nr33__IMG-7_4571-768x512.jpg 768w, https:\/\/redesign.imlaufderzeit.de\/wp-content\/uploads\/Gschwend_Gm\u00fcnder%20Stra\u00dfe_Nr33__IMG-7_4571-1536x1024.jpg 1536w, https:\/\/redesign.imlaufderzeit.de\/wp-content\/uploads\/Gschwend_Gm\u00fcnder%20Stra\u00dfe_Nr33__IMG-7_4571.JPG 1920w\" sizes=\"auto, (max-width: 1024px) 100vw, 1024px\" \/><button\n\t\t\tclass=\"lightbox-trigger\"\n\t\t\ttype=\"button\"\n\t\t\taria-haspopup=\"dialog\"\n\t\t\taria-label=\"Vergr\u00f6\u00dfern\"\n\t\t\tdata-wp-init=\"callbacks.initTriggerButton\"\n\t\t\tdata-wp-on--click=\"actions.showLightbox\"\n\t\t\tdata-wp-style--right=\"state.imageButtonRight\"\n\t\t\tdata-wp-style--top=\"state.imageButtonTop\"\n\t\t>\n\t\t\t<svg xmlns=\"http:\/\/www.w3.org\/2000\/svg\" width=\"12\" height=\"12\" fill=\"none\" viewBox=\"0 0 12 12\">\n\t\t\t\t<path fill=\"#fff\" d=\"M2 0a2 2 0 0 0-2 2v2h1.5V2a.5.5 0 0 1 .5-.5h2V0H2Zm2 10.5H2a.5.5 0 0 1-.5-.5V8H0v2a2 2 0 0 0 2 2h2v-1.5ZM8 12v-1.5h2a.5.5 0 0 0 .5-.5V8H12v2a2 2 0 0 1-2 2H8Zm2-12a2 2 0 0 1 2 2v2h-1.5V2a.5.5 0 0 0-.5-.5H8V0h2Z\" \/>\n\t\t\t<\/svg>\n\t\t<\/button><figcaption class=\"wp-element-caption\">Gschwend &#8211; Gm\u00fcnder Stra\u00dfe &#8211; Hausnummer 33 &#8211; 2020<br>Foto Klaus Ockert<\/figcaption><\/figure>\n\n\n\n<figure data-wp-context=\"{&quot;imageId&quot;:&quot;69eddeea8803c&quot;}\" data-wp-interactive=\"core\/image\" data-wp-key=\"69eddeea8803c\" class=\"wp-block-image size-large wp-lightbox-container\"><img loading=\"lazy\" decoding=\"async\" width=\"1024\" height=\"683\" data-wp-class--hide=\"state.isContentHidden\" data-wp-class--show=\"state.isContentVisible\" data-wp-init=\"callbacks.setButtonStyles\" data-wp-on--click=\"actions.showLightbox\" data-wp-on--load=\"callbacks.setButtonStyles\" data-wp-on-window--resize=\"callbacks.setButtonStyles\" data-id=\"340\" src=\"https:\/\/redesign.imlaufderzeit.de\/wp-content\/uploads\/Gschwend_Gm\u00fcnder Stra\u00dfe_Nr37__IMG-7_4583-1024x683.jpg\" alt=\"Gschwend - Gm\u00fcnder Stra\u00dfe - Hausnummer 37 - 202000000\" class=\"wp-image-340\" srcset=\"https:\/\/redesign.imlaufderzeit.de\/wp-content\/uploads\/Gschwend_Gm\u00fcnder%20Stra\u00dfe_Nr37__IMG-7_4583-1024x683.jpg 1024w, https:\/\/redesign.imlaufderzeit.de\/wp-content\/uploads\/Gschwend_Gm\u00fcnder%20Stra\u00dfe_Nr37__IMG-7_4583-300x200.jpg 300w, https:\/\/redesign.imlaufderzeit.de\/wp-content\/uploads\/Gschwend_Gm\u00fcnder%20Stra\u00dfe_Nr37__IMG-7_4583-768x512.jpg 768w, https:\/\/redesign.imlaufderzeit.de\/wp-content\/uploads\/Gschwend_Gm\u00fcnder%20Stra\u00dfe_Nr37__IMG-7_4583-1536x1024.jpg 1536w, https:\/\/redesign.imlaufderzeit.de\/wp-content\/uploads\/Gschwend_Gm\u00fcnder%20Stra\u00dfe_Nr37__IMG-7_4583.JPG 1920w\" sizes=\"auto, (max-width: 1024px) 100vw, 1024px\" \/><button\n\t\t\tclass=\"lightbox-trigger\"\n\t\t\ttype=\"button\"\n\t\t\taria-haspopup=\"dialog\"\n\t\t\taria-label=\"Vergr\u00f6\u00dfern\"\n\t\t\tdata-wp-init=\"callbacks.initTriggerButton\"\n\t\t\tdata-wp-on--click=\"actions.showLightbox\"\n\t\t\tdata-wp-style--right=\"state.imageButtonRight\"\n\t\t\tdata-wp-style--top=\"state.imageButtonTop\"\n\t\t>\n\t\t\t<svg xmlns=\"http:\/\/www.w3.org\/2000\/svg\" width=\"12\" height=\"12\" fill=\"none\" viewBox=\"0 0 12 12\">\n\t\t\t\t<path fill=\"#fff\" d=\"M2 0a2 2 0 0 0-2 2v2h1.5V2a.5.5 0 0 1 .5-.5h2V0H2Zm2 10.5H2a.5.5 0 0 1-.5-.5V8H0v2a2 2 0 0 0 2 2h2v-1.5ZM8 12v-1.5h2a.5.5 0 0 0 .5-.5V8H12v2a2 2 0 0 1-2 2H8Zm2-12a2 2 0 0 1 2 2v2h-1.5V2a.5.5 0 0 0-.5-.5H8V0h2Z\" \/>\n\t\t\t<\/svg>\n\t\t<\/button><figcaption class=\"wp-element-caption\">Gschwend &#8211; Gm\u00fcnder Stra\u00dfe &#8211; Hausnummer 37 &#8211; 2020<br>Von hinten ( Birkenweg )<br>Foto Klaus Ockert<\/figcaption><\/figure>\n\n\n\n<figure data-wp-context=\"{&quot;imageId&quot;:&quot;69eddeea883fc&quot;}\" data-wp-interactive=\"core\/image\" data-wp-key=\"69eddeea883fc\" class=\"wp-block-image size-large wp-lightbox-container\"><img loading=\"lazy\" decoding=\"async\" width=\"1024\" height=\"683\" data-wp-class--hide=\"state.isContentHidden\" data-wp-class--show=\"state.isContentVisible\" data-wp-init=\"callbacks.setButtonStyles\" data-wp-on--click=\"actions.showLightbox\" data-wp-on--load=\"callbacks.setButtonStyles\" data-wp-on-window--resize=\"callbacks.setButtonStyles\" data-id=\"339\" src=\"https:\/\/redesign.imlaufderzeit.de\/wp-content\/uploads\/Gschwend_Gm\u00fcnder Stra\u00dfe_Nr37__IMG-7_4570-1024x683.jpg\" alt=\"Gschwend - Gm\u00fcnder Stra\u00dfe - Hausnummer 37 - 202000000\" class=\"wp-image-339\" srcset=\"https:\/\/redesign.imlaufderzeit.de\/wp-content\/uploads\/Gschwend_Gm\u00fcnder%20Stra\u00dfe_Nr37__IMG-7_4570-1024x683.jpg 1024w, https:\/\/redesign.imlaufderzeit.de\/wp-content\/uploads\/Gschwend_Gm\u00fcnder%20Stra\u00dfe_Nr37__IMG-7_4570-300x200.jpg 300w, https:\/\/redesign.imlaufderzeit.de\/wp-content\/uploads\/Gschwend_Gm\u00fcnder%20Stra\u00dfe_Nr37__IMG-7_4570-768x512.jpg 768w, https:\/\/redesign.imlaufderzeit.de\/wp-content\/uploads\/Gschwend_Gm\u00fcnder%20Stra\u00dfe_Nr37__IMG-7_4570-1536x1024.jpg 1536w, https:\/\/redesign.imlaufderzeit.de\/wp-content\/uploads\/Gschwend_Gm\u00fcnder%20Stra\u00dfe_Nr37__IMG-7_4570.JPG 1920w\" sizes=\"auto, (max-width: 1024px) 100vw, 1024px\" \/><button\n\t\t\tclass=\"lightbox-trigger\"\n\t\t\ttype=\"button\"\n\t\t\taria-haspopup=\"dialog\"\n\t\t\taria-label=\"Vergr\u00f6\u00dfern\"\n\t\t\tdata-wp-init=\"callbacks.initTriggerButton\"\n\t\t\tdata-wp-on--click=\"actions.showLightbox\"\n\t\t\tdata-wp-style--right=\"state.imageButtonRight\"\n\t\t\tdata-wp-style--top=\"state.imageButtonTop\"\n\t\t>\n\t\t\t<svg xmlns=\"http:\/\/www.w3.org\/2000\/svg\" width=\"12\" height=\"12\" fill=\"none\" viewBox=\"0 0 12 12\">\n\t\t\t\t<path fill=\"#fff\" d=\"M2 0a2 2 0 0 0-2 2v2h1.5V2a.5.5 0 0 1 .5-.5h2V0H2Zm2 10.5H2a.5.5 0 0 1-.5-.5V8H0v2a2 2 0 0 0 2 2h2v-1.5ZM8 12v-1.5h2a.5.5 0 0 0 .5-.5V8H12v2a2 2 0 0 1-2 2H8Zm2-12a2 2 0 0 1 2 2v2h-1.5V2a.5.5 0 0 0-.5-.5H8V0h2Z\" \/>\n\t\t\t<\/svg>\n\t\t<\/button><figcaption class=\"wp-element-caption\">Gschwend &#8211; Gm\u00fcnder Stra\u00dfe &#8211; Hausnummer 37 &#8211; 2020<br>Foto Klaus Ockert<\/figcaption><\/figure>\n\n\n\n<figure data-wp-context=\"{&quot;imageId&quot;:&quot;69eddeea88789&quot;}\" data-wp-interactive=\"core\/image\" data-wp-key=\"69eddeea88789\" class=\"wp-block-image size-large wp-lightbox-container\"><img loading=\"lazy\" decoding=\"async\" width=\"1024\" height=\"683\" data-wp-class--hide=\"state.isContentHidden\" data-wp-class--show=\"state.isContentVisible\" data-wp-init=\"callbacks.setButtonStyles\" data-wp-on--click=\"actions.showLightbox\" data-wp-on--load=\"callbacks.setButtonStyles\" data-wp-on-window--resize=\"callbacks.setButtonStyles\" data-id=\"343\" src=\"https:\/\/redesign.imlaufderzeit.de\/wp-content\/uploads\/Gschwend_Gm\u00fcnder Stra\u00dfe_Nr38__IMG-7_4581-1024x683.jpg\" alt=\"Gschwend - Gm\u00fcnder Stra\u00dfe - Hausnummer 38 - 202000000\" class=\"wp-image-343\" srcset=\"https:\/\/redesign.imlaufderzeit.de\/wp-content\/uploads\/Gschwend_Gm\u00fcnder%20Stra\u00dfe_Nr38__IMG-7_4581-1024x683.jpg 1024w, https:\/\/redesign.imlaufderzeit.de\/wp-content\/uploads\/Gschwend_Gm\u00fcnder%20Stra\u00dfe_Nr38__IMG-7_4581-300x200.jpg 300w, https:\/\/redesign.imlaufderzeit.de\/wp-content\/uploads\/Gschwend_Gm\u00fcnder%20Stra\u00dfe_Nr38__IMG-7_4581-768x512.jpg 768w, https:\/\/redesign.imlaufderzeit.de\/wp-content\/uploads\/Gschwend_Gm\u00fcnder%20Stra\u00dfe_Nr38__IMG-7_4581-1536x1024.jpg 1536w, https:\/\/redesign.imlaufderzeit.de\/wp-content\/uploads\/Gschwend_Gm\u00fcnder%20Stra\u00dfe_Nr38__IMG-7_4581.JPG 1920w\" sizes=\"auto, (max-width: 1024px) 100vw, 1024px\" \/><button\n\t\t\tclass=\"lightbox-trigger\"\n\t\t\ttype=\"button\"\n\t\t\taria-haspopup=\"dialog\"\n\t\t\taria-label=\"Vergr\u00f6\u00dfern\"\n\t\t\tdata-wp-init=\"callbacks.initTriggerButton\"\n\t\t\tdata-wp-on--click=\"actions.showLightbox\"\n\t\t\tdata-wp-style--right=\"state.imageButtonRight\"\n\t\t\tdata-wp-style--top=\"state.imageButtonTop\"\n\t\t>\n\t\t\t<svg xmlns=\"http:\/\/www.w3.org\/2000\/svg\" width=\"12\" height=\"12\" fill=\"none\" viewBox=\"0 0 12 12\">\n\t\t\t\t<path fill=\"#fff\" d=\"M2 0a2 2 0 0 0-2 2v2h1.5V2a.5.5 0 0 1 .5-.5h2V0H2Zm2 10.5H2a.5.5 0 0 1-.5-.5V8H0v2a2 2 0 0 0 2 2h2v-1.5ZM8 12v-1.5h2a.5.5 0 0 0 .5-.5V8H12v2a2 2 0 0 1-2 2H8Zm2-12a2 2 0 0 1 2 2v2h-1.5V2a.5.5 0 0 0-.5-.5H8V0h2Z\" \/>\n\t\t\t<\/svg>\n\t\t<\/button><figcaption class=\"wp-element-caption\">Gschwend &#8211; Gm\u00fcnder Stra\u00dfe &#8211; Hausnummer 38 &#8211; 2020<br>Foto Klaus Ockert<\/figcaption><\/figure>\n\n\n\n<figure data-wp-context=\"{&quot;imageId&quot;:&quot;69eddeea88b0e&quot;}\" data-wp-interactive=\"core\/image\" data-wp-key=\"69eddeea88b0e\" class=\"wp-block-image size-large wp-lightbox-container\"><img loading=\"lazy\" decoding=\"async\" width=\"1024\" height=\"683\" data-wp-class--hide=\"state.isContentHidden\" data-wp-class--show=\"state.isContentVisible\" data-wp-init=\"callbacks.setButtonStyles\" data-wp-on--click=\"actions.showLightbox\" data-wp-on--load=\"callbacks.setButtonStyles\" data-wp-on-window--resize=\"callbacks.setButtonStyles\" data-id=\"342\" src=\"https:\/\/redesign.imlaufderzeit.de\/wp-content\/uploads\/Gschwend_Gm\u00fcnder Stra\u00dfe_Nr38__IMG-7_4574-1024x683.jpg\" alt=\"Gschwend - Gm\u00fcnder Stra\u00dfe - Hausnummer 38 - 202000000\" class=\"wp-image-342\" srcset=\"https:\/\/redesign.imlaufderzeit.de\/wp-content\/uploads\/Gschwend_Gm\u00fcnder%20Stra\u00dfe_Nr38__IMG-7_4574-1024x683.jpg 1024w, https:\/\/redesign.imlaufderzeit.de\/wp-content\/uploads\/Gschwend_Gm\u00fcnder%20Stra\u00dfe_Nr38__IMG-7_4574-300x200.jpg 300w, https:\/\/redesign.imlaufderzeit.de\/wp-content\/uploads\/Gschwend_Gm\u00fcnder%20Stra\u00dfe_Nr38__IMG-7_4574-768x512.jpg 768w, https:\/\/redesign.imlaufderzeit.de\/wp-content\/uploads\/Gschwend_Gm\u00fcnder%20Stra\u00dfe_Nr38__IMG-7_4574-1536x1024.jpg 1536w, https:\/\/redesign.imlaufderzeit.de\/wp-content\/uploads\/Gschwend_Gm\u00fcnder%20Stra\u00dfe_Nr38__IMG-7_4574.JPG 1920w\" sizes=\"auto, (max-width: 1024px) 100vw, 1024px\" \/><button\n\t\t\tclass=\"lightbox-trigger\"\n\t\t\ttype=\"button\"\n\t\t\taria-haspopup=\"dialog\"\n\t\t\taria-label=\"Vergr\u00f6\u00dfern\"\n\t\t\tdata-wp-init=\"callbacks.initTriggerButton\"\n\t\t\tdata-wp-on--click=\"actions.showLightbox\"\n\t\t\tdata-wp-style--right=\"state.imageButtonRight\"\n\t\t\tdata-wp-style--top=\"state.imageButtonTop\"\n\t\t>\n\t\t\t<svg xmlns=\"http:\/\/www.w3.org\/2000\/svg\" width=\"12\" height=\"12\" fill=\"none\" viewBox=\"0 0 12 12\">\n\t\t\t\t<path fill=\"#fff\" d=\"M2 0a2 2 0 0 0-2 2v2h1.5V2a.5.5 0 0 1 .5-.5h2V0H2Zm2 10.5H2a.5.5 0 0 1-.5-.5V8H0v2a2 2 0 0 0 2 2h2v-1.5ZM8 12v-1.5h2a.5.5 0 0 0 .5-.5V8H12v2a2 2 0 0 1-2 2H8Zm2-12a2 2 0 0 1 2 2v2h-1.5V2a.5.5 0 0 0-.5-.5H8V0h2Z\" \/>\n\t\t\t<\/svg>\n\t\t<\/button><figcaption class=\"wp-element-caption\">Gschwend &#8211; Gm\u00fcnder Stra\u00dfe &#8211; Hausnummer 38 &#8211; 2020<br>Foto Klaus Ockert<\/figcaption><\/figure>\n\n\n\n<figure data-wp-context=\"{&quot;imageId&quot;:&quot;69eddeea88e8e&quot;}\" data-wp-interactive=\"core\/image\" data-wp-key=\"69eddeea88e8e\" class=\"wp-block-image size-large wp-lightbox-container\"><img loading=\"lazy\" decoding=\"async\" width=\"1024\" height=\"683\" data-wp-class--hide=\"state.isContentHidden\" data-wp-class--show=\"state.isContentVisible\" data-wp-init=\"callbacks.setButtonStyles\" data-wp-on--click=\"actions.showLightbox\" data-wp-on--load=\"callbacks.setButtonStyles\" data-wp-on-window--resize=\"callbacks.setButtonStyles\" data-id=\"341\" src=\"https:\/\/redesign.imlaufderzeit.de\/wp-content\/uploads\/Gschwend_Gm\u00fcnder Stra\u00dfe_Nr38__IMG-7_4572-1024x683.jpg\" alt=\"Gschwend - Gm\u00fcnder Stra\u00dfe - Hausnummer 38 - 202000000\" class=\"wp-image-341\" srcset=\"https:\/\/redesign.imlaufderzeit.de\/wp-content\/uploads\/Gschwend_Gm\u00fcnder%20Stra\u00dfe_Nr38__IMG-7_4572-1024x683.jpg 1024w, https:\/\/redesign.imlaufderzeit.de\/wp-content\/uploads\/Gschwend_Gm\u00fcnder%20Stra\u00dfe_Nr38__IMG-7_4572-300x200.jpg 300w, https:\/\/redesign.imlaufderzeit.de\/wp-content\/uploads\/Gschwend_Gm\u00fcnder%20Stra\u00dfe_Nr38__IMG-7_4572-768x512.jpg 768w, https:\/\/redesign.imlaufderzeit.de\/wp-content\/uploads\/Gschwend_Gm\u00fcnder%20Stra\u00dfe_Nr38__IMG-7_4572-1536x1024.jpg 1536w, https:\/\/redesign.imlaufderzeit.de\/wp-content\/uploads\/Gschwend_Gm\u00fcnder%20Stra\u00dfe_Nr38__IMG-7_4572.JPG 1920w\" sizes=\"auto, (max-width: 1024px) 100vw, 1024px\" \/><button\n\t\t\tclass=\"lightbox-trigger\"\n\t\t\ttype=\"button\"\n\t\t\taria-haspopup=\"dialog\"\n\t\t\taria-label=\"Vergr\u00f6\u00dfern\"\n\t\t\tdata-wp-init=\"callbacks.initTriggerButton\"\n\t\t\tdata-wp-on--click=\"actions.showLightbox\"\n\t\t\tdata-wp-style--right=\"state.imageButtonRight\"\n\t\t\tdata-wp-style--top=\"state.imageButtonTop\"\n\t\t>\n\t\t\t<svg xmlns=\"http:\/\/www.w3.org\/2000\/svg\" width=\"12\" height=\"12\" fill=\"none\" viewBox=\"0 0 12 12\">\n\t\t\t\t<path fill=\"#fff\" d=\"M2 0a2 2 0 0 0-2 2v2h1.5V2a.5.5 0 0 1 .5-.5h2V0H2Zm2 10.5H2a.5.5 0 0 1-.5-.5V8H0v2a2 2 0 0 0 2 2h2v-1.5ZM8 12v-1.5h2a.5.5 0 0 0 .5-.5V8H12v2a2 2 0 0 1-2 2H8Zm2-12a2 2 0 0 1 2 2v2h-1.5V2a.5.5 0 0 0-.5-.5H8V0h2Z\" \/>\n\t\t\t<\/svg>\n\t\t<\/button><figcaption class=\"wp-element-caption\">Gschwend &#8211; Gm\u00fcnder Stra\u00dfe &#8211; Hausnummer 38 &#8211; 2020<br>Foto Klaus Ockert<\/figcaption><\/figure>\n\n\n\n<figure data-wp-context=\"{&quot;imageId&quot;:&quot;69eddeea89280&quot;}\" data-wp-interactive=\"core\/image\" data-wp-key=\"69eddeea89280\" class=\"wp-block-image size-large wp-lightbox-container\"><img loading=\"lazy\" decoding=\"async\" width=\"1024\" height=\"683\" data-wp-class--hide=\"state.isContentHidden\" data-wp-class--show=\"state.isContentVisible\" data-wp-init=\"callbacks.setButtonStyles\" data-wp-on--click=\"actions.showLightbox\" data-wp-on--load=\"callbacks.setButtonStyles\" data-wp-on-window--resize=\"callbacks.setButtonStyles\" data-id=\"345\" src=\"https:\/\/redesign.imlaufderzeit.de\/wp-content\/uploads\/Gschwend_Gm\u00fcnder Stra\u00dfe_Nr39__IMG-7_4587-1024x683.jpg\" alt=\"Gschwend - Gm\u00fcnder Stra\u00dfe - Hausnummer 39 - 202000000\" class=\"wp-image-345\" srcset=\"https:\/\/redesign.imlaufderzeit.de\/wp-content\/uploads\/Gschwend_Gm\u00fcnder%20Stra\u00dfe_Nr39__IMG-7_4587-1024x683.jpg 1024w, https:\/\/redesign.imlaufderzeit.de\/wp-content\/uploads\/Gschwend_Gm\u00fcnder%20Stra\u00dfe_Nr39__IMG-7_4587-300x200.jpg 300w, https:\/\/redesign.imlaufderzeit.de\/wp-content\/uploads\/Gschwend_Gm\u00fcnder%20Stra\u00dfe_Nr39__IMG-7_4587-768x512.jpg 768w, https:\/\/redesign.imlaufderzeit.de\/wp-content\/uploads\/Gschwend_Gm\u00fcnder%20Stra\u00dfe_Nr39__IMG-7_4587-1536x1024.jpg 1536w, https:\/\/redesign.imlaufderzeit.de\/wp-content\/uploads\/Gschwend_Gm\u00fcnder%20Stra\u00dfe_Nr39__IMG-7_4587.JPG 1920w\" sizes=\"auto, (max-width: 1024px) 100vw, 1024px\" \/><button\n\t\t\tclass=\"lightbox-trigger\"\n\t\t\ttype=\"button\"\n\t\t\taria-haspopup=\"dialog\"\n\t\t\taria-label=\"Vergr\u00f6\u00dfern\"\n\t\t\tdata-wp-init=\"callbacks.initTriggerButton\"\n\t\t\tdata-wp-on--click=\"actions.showLightbox\"\n\t\t\tdata-wp-style--right=\"state.imageButtonRight\"\n\t\t\tdata-wp-style--top=\"state.imageButtonTop\"\n\t\t>\n\t\t\t<svg xmlns=\"http:\/\/www.w3.org\/2000\/svg\" width=\"12\" height=\"12\" fill=\"none\" viewBox=\"0 0 12 12\">\n\t\t\t\t<path fill=\"#fff\" d=\"M2 0a2 2 0 0 0-2 2v2h1.5V2a.5.5 0 0 1 .5-.5h2V0H2Zm2 10.5H2a.5.5 0 0 1-.5-.5V8H0v2a2 2 0 0 0 2 2h2v-1.5ZM8 12v-1.5h2a.5.5 0 0 0 .5-.5V8H12v2a2 2 0 0 1-2 2H8Zm2-12a2 2 0 0 1 2 2v2h-1.5V2a.5.5 0 0 0-.5-.5H8V0h2Z\" \/>\n\t\t\t<\/svg>\n\t\t<\/button><figcaption class=\"wp-element-caption\">Gschwend &#8211; Gm\u00fcnder Stra\u00dfe &#8211; Hausnummer 39 &#8211; 2020<br> hinter dem Haus vom Birkenweg gesehen. <br>Foto Klaus Ockert<\/figcaption><\/figure>\n\n\n\n<figure data-wp-context=\"{&quot;imageId&quot;:&quot;69eddeea89643&quot;}\" data-wp-interactive=\"core\/image\" data-wp-key=\"69eddeea89643\" class=\"wp-block-image size-large wp-lightbox-container\"><img loading=\"lazy\" decoding=\"async\" width=\"1024\" height=\"683\" data-wp-class--hide=\"state.isContentHidden\" data-wp-class--show=\"state.isContentVisible\" data-wp-init=\"callbacks.setButtonStyles\" data-wp-on--click=\"actions.showLightbox\" data-wp-on--load=\"callbacks.setButtonStyles\" data-wp-on-window--resize=\"callbacks.setButtonStyles\" data-id=\"344\" src=\"https:\/\/redesign.imlaufderzeit.de\/wp-content\/uploads\/Gschwend_Gm\u00fcnder Stra\u00dfe_Nr39__IMG-7_4575-1024x683.jpg\" alt=\"Gschwend - Gm\u00fcnder Stra\u00dfe - Hausnummer 39 - 202000000\" class=\"wp-image-344\" srcset=\"https:\/\/redesign.imlaufderzeit.de\/wp-content\/uploads\/Gschwend_Gm\u00fcnder%20Stra\u00dfe_Nr39__IMG-7_4575-1024x683.jpg 1024w, https:\/\/redesign.imlaufderzeit.de\/wp-content\/uploads\/Gschwend_Gm\u00fcnder%20Stra\u00dfe_Nr39__IMG-7_4575-300x200.jpg 300w, https:\/\/redesign.imlaufderzeit.de\/wp-content\/uploads\/Gschwend_Gm\u00fcnder%20Stra\u00dfe_Nr39__IMG-7_4575-768x512.jpg 768w, https:\/\/redesign.imlaufderzeit.de\/wp-content\/uploads\/Gschwend_Gm\u00fcnder%20Stra\u00dfe_Nr39__IMG-7_4575-1536x1024.jpg 1536w, https:\/\/redesign.imlaufderzeit.de\/wp-content\/uploads\/Gschwend_Gm\u00fcnder%20Stra\u00dfe_Nr39__IMG-7_4575.JPG 1920w\" sizes=\"auto, (max-width: 1024px) 100vw, 1024px\" \/><button\n\t\t\tclass=\"lightbox-trigger\"\n\t\t\ttype=\"button\"\n\t\t\taria-haspopup=\"dialog\"\n\t\t\taria-label=\"Vergr\u00f6\u00dfern\"\n\t\t\tdata-wp-init=\"callbacks.initTriggerButton\"\n\t\t\tdata-wp-on--click=\"actions.showLightbox\"\n\t\t\tdata-wp-style--right=\"state.imageButtonRight\"\n\t\t\tdata-wp-style--top=\"state.imageButtonTop\"\n\t\t>\n\t\t\t<svg xmlns=\"http:\/\/www.w3.org\/2000\/svg\" width=\"12\" height=\"12\" fill=\"none\" viewBox=\"0 0 12 12\">\n\t\t\t\t<path fill=\"#fff\" d=\"M2 0a2 2 0 0 0-2 2v2h1.5V2a.5.5 0 0 1 .5-.5h2V0H2Zm2 10.5H2a.5.5 0 0 1-.5-.5V8H0v2a2 2 0 0 0 2 2h2v-1.5ZM8 12v-1.5h2a.5.5 0 0 0 .5-.5V8H12v2a2 2 0 0 1-2 2H8Zm2-12a2 2 0 0 1 2 2v2h-1.5V2a.5.5 0 0 0-.5-.5H8V0h2Z\" \/>\n\t\t\t<\/svg>\n\t\t<\/button><figcaption class=\"wp-element-caption\">Gschwend &#8211; Gm\u00fcnder Stra\u00dfe &#8211; Hausnummer 39 &#8211; 2020<br>Foto Klaus Ockert<\/figcaption><\/figure>\n\n\n\n<figure data-wp-context=\"{&quot;imageId&quot;:&quot;69eddeea899e1&quot;}\" data-wp-interactive=\"core\/image\" data-wp-key=\"69eddeea899e1\" class=\"wp-block-image size-large wp-lightbox-container\"><img loading=\"lazy\" decoding=\"async\" width=\"1024\" height=\"683\" data-wp-class--hide=\"state.isContentHidden\" data-wp-class--show=\"state.isContentVisible\" data-wp-init=\"callbacks.setButtonStyles\" data-wp-on--click=\"actions.showLightbox\" data-wp-on--load=\"callbacks.setButtonStyles\" data-wp-on-window--resize=\"callbacks.setButtonStyles\" data-id=\"348\" src=\"https:\/\/redesign.imlaufderzeit.de\/wp-content\/uploads\/Gschwend_Gm\u00fcnder Stra\u00dfe_Nr41__IMG-7_4584-1024x683.jpg\" alt=\"Gschwend - Gm\u00fcnder Stra\u00dfe - Hausnummer 41 - 202000000\" class=\"wp-image-348\" srcset=\"https:\/\/redesign.imlaufderzeit.de\/wp-content\/uploads\/Gschwend_Gm\u00fcnder%20Stra\u00dfe_Nr41__IMG-7_4584-1024x683.jpg 1024w, https:\/\/redesign.imlaufderzeit.de\/wp-content\/uploads\/Gschwend_Gm\u00fcnder%20Stra\u00dfe_Nr41__IMG-7_4584-300x200.jpg 300w, https:\/\/redesign.imlaufderzeit.de\/wp-content\/uploads\/Gschwend_Gm\u00fcnder%20Stra\u00dfe_Nr41__IMG-7_4584-768x512.jpg 768w, https:\/\/redesign.imlaufderzeit.de\/wp-content\/uploads\/Gschwend_Gm\u00fcnder%20Stra\u00dfe_Nr41__IMG-7_4584-1536x1024.jpg 1536w, https:\/\/redesign.imlaufderzeit.de\/wp-content\/uploads\/Gschwend_Gm\u00fcnder%20Stra\u00dfe_Nr41__IMG-7_4584.JPG 1920w\" sizes=\"auto, (max-width: 1024px) 100vw, 1024px\" \/><button\n\t\t\tclass=\"lightbox-trigger\"\n\t\t\ttype=\"button\"\n\t\t\taria-haspopup=\"dialog\"\n\t\t\taria-label=\"Vergr\u00f6\u00dfern\"\n\t\t\tdata-wp-init=\"callbacks.initTriggerButton\"\n\t\t\tdata-wp-on--click=\"actions.showLightbox\"\n\t\t\tdata-wp-style--right=\"state.imageButtonRight\"\n\t\t\tdata-wp-style--top=\"state.imageButtonTop\"\n\t\t>\n\t\t\t<svg xmlns=\"http:\/\/www.w3.org\/2000\/svg\" width=\"12\" height=\"12\" fill=\"none\" viewBox=\"0 0 12 12\">\n\t\t\t\t<path fill=\"#fff\" d=\"M2 0a2 2 0 0 0-2 2v2h1.5V2a.5.5 0 0 1 .5-.5h2V0H2Zm2 10.5H2a.5.5 0 0 1-.5-.5V8H0v2a2 2 0 0 0 2 2h2v-1.5ZM8 12v-1.5h2a.5.5 0 0 0 .5-.5V8H12v2a2 2 0 0 1-2 2H8Zm2-12a2 2 0 0 1 2 2v2h-1.5V2a.5.5 0 0 0-.5-.5H8V0h2Z\" \/>\n\t\t\t<\/svg>\n\t\t<\/button><figcaption class=\"wp-element-caption\">Gschwend &#8211; Gm\u00fcnder Stra\u00dfe &#8211; Hausnummer 41 &#8211; 2020<br>Von Hinten ( Birkenweg )<br>Foto Klaus Ockert<\/figcaption><\/figure>\n\n\n\n<figure data-wp-context=\"{&quot;imageId&quot;:&quot;69eddeea89d79&quot;}\" data-wp-interactive=\"core\/image\" data-wp-key=\"69eddeea89d79\" class=\"wp-block-image size-large wp-lightbox-container\"><img loading=\"lazy\" decoding=\"async\" width=\"1024\" height=\"683\" data-wp-class--hide=\"state.isContentHidden\" data-wp-class--show=\"state.isContentVisible\" data-wp-init=\"callbacks.setButtonStyles\" data-wp-on--click=\"actions.showLightbox\" data-wp-on--load=\"callbacks.setButtonStyles\" data-wp-on-window--resize=\"callbacks.setButtonStyles\" data-id=\"347\" src=\"https:\/\/redesign.imlaufderzeit.de\/wp-content\/uploads\/Gschwend_Gm\u00fcnder Stra\u00dfe_Nr41__IMG-7_4577-1024x683.jpg\" alt=\"Gschwend - Gm\u00fcnder Stra\u00dfe - Hausnummer 41 - 201900000\" class=\"wp-image-347\" srcset=\"https:\/\/redesign.imlaufderzeit.de\/wp-content\/uploads\/Gschwend_Gm\u00fcnder%20Stra\u00dfe_Nr41__IMG-7_4577-1024x683.jpg 1024w, https:\/\/redesign.imlaufderzeit.de\/wp-content\/uploads\/Gschwend_Gm\u00fcnder%20Stra\u00dfe_Nr41__IMG-7_4577-300x200.jpg 300w, https:\/\/redesign.imlaufderzeit.de\/wp-content\/uploads\/Gschwend_Gm\u00fcnder%20Stra\u00dfe_Nr41__IMG-7_4577-768x512.jpg 768w, https:\/\/redesign.imlaufderzeit.de\/wp-content\/uploads\/Gschwend_Gm\u00fcnder%20Stra\u00dfe_Nr41__IMG-7_4577-1536x1024.jpg 1536w, https:\/\/redesign.imlaufderzeit.de\/wp-content\/uploads\/Gschwend_Gm\u00fcnder%20Stra\u00dfe_Nr41__IMG-7_4577.JPG 1920w\" sizes=\"auto, (max-width: 1024px) 100vw, 1024px\" \/><button\n\t\t\tclass=\"lightbox-trigger\"\n\t\t\ttype=\"button\"\n\t\t\taria-haspopup=\"dialog\"\n\t\t\taria-label=\"Vergr\u00f6\u00dfern\"\n\t\t\tdata-wp-init=\"callbacks.initTriggerButton\"\n\t\t\tdata-wp-on--click=\"actions.showLightbox\"\n\t\t\tdata-wp-style--right=\"state.imageButtonRight\"\n\t\t\tdata-wp-style--top=\"state.imageButtonTop\"\n\t\t>\n\t\t\t<svg xmlns=\"http:\/\/www.w3.org\/2000\/svg\" width=\"12\" height=\"12\" fill=\"none\" viewBox=\"0 0 12 12\">\n\t\t\t\t<path fill=\"#fff\" d=\"M2 0a2 2 0 0 0-2 2v2h1.5V2a.5.5 0 0 1 .5-.5h2V0H2Zm2 10.5H2a.5.5 0 0 1-.5-.5V8H0v2a2 2 0 0 0 2 2h2v-1.5ZM8 12v-1.5h2a.5.5 0 0 0 .5-.5V8H12v2a2 2 0 0 1-2 2H8Zm2-12a2 2 0 0 1 2 2v2h-1.5V2a.5.5 0 0 0-.5-.5H8V0h2Z\" \/>\n\t\t\t<\/svg>\n\t\t<\/button><figcaption class=\"wp-element-caption\">Gschwend &#8211; Gm\u00fcnder Stra\u00dfe &#8211; Hausnummer 41 &#8211; 2019<br>Foto Klaus Ockert<\/figcaption><\/figure>\n\n\n\n<figure data-wp-context=\"{&quot;imageId&quot;:&quot;69eddeea8a10a&quot;}\" data-wp-interactive=\"core\/image\" data-wp-key=\"69eddeea8a10a\" class=\"wp-block-image size-large wp-lightbox-container\"><img loading=\"lazy\" decoding=\"async\" width=\"1024\" height=\"691\" data-wp-class--hide=\"state.isContentHidden\" data-wp-class--show=\"state.isContentVisible\" data-wp-init=\"callbacks.setButtonStyles\" data-wp-on--click=\"actions.showLightbox\" data-wp-on--load=\"callbacks.setButtonStyles\" data-wp-on-window--resize=\"callbacks.setButtonStyles\" data-id=\"352\" src=\"https:\/\/redesign.imlaufderzeit.de\/wp-content\/uploads\/Gschwend_Gm\u00fcnder Stra\u00dfe_Nr43__Nr 43-2-1024x691.jpg\" alt=\"Gschwend - Gm\u00fcnder Stra\u00dfe - Hausnummer 43 - 196500000\" class=\"wp-image-352\" srcset=\"https:\/\/redesign.imlaufderzeit.de\/wp-content\/uploads\/Gschwend_Gm\u00fcnder%20Stra\u00dfe_Nr43__Nr%2043-2-1024x691.jpg 1024w, https:\/\/redesign.imlaufderzeit.de\/wp-content\/uploads\/Gschwend_Gm\u00fcnder%20Stra\u00dfe_Nr43__Nr%2043-2-300x203.jpg 300w, https:\/\/redesign.imlaufderzeit.de\/wp-content\/uploads\/Gschwend_Gm\u00fcnder%20Stra\u00dfe_Nr43__Nr%2043-2-768x518.jpg 768w, https:\/\/redesign.imlaufderzeit.de\/wp-content\/uploads\/Gschwend_Gm\u00fcnder%20Stra\u00dfe_Nr43__Nr%2043-2-1536x1037.jpg 1536w, https:\/\/redesign.imlaufderzeit.de\/wp-content\/uploads\/Gschwend_Gm\u00fcnder%20Stra\u00dfe_Nr43__Nr%2043-2.jpg 1920w\" sizes=\"auto, (max-width: 1024px) 100vw, 1024px\" \/><button\n\t\t\tclass=\"lightbox-trigger\"\n\t\t\ttype=\"button\"\n\t\t\taria-haspopup=\"dialog\"\n\t\t\taria-label=\"Vergr\u00f6\u00dfern\"\n\t\t\tdata-wp-init=\"callbacks.initTriggerButton\"\n\t\t\tdata-wp-on--click=\"actions.showLightbox\"\n\t\t\tdata-wp-style--right=\"state.imageButtonRight\"\n\t\t\tdata-wp-style--top=\"state.imageButtonTop\"\n\t\t>\n\t\t\t<svg xmlns=\"http:\/\/www.w3.org\/2000\/svg\" width=\"12\" height=\"12\" fill=\"none\" viewBox=\"0 0 12 12\">\n\t\t\t\t<path fill=\"#fff\" d=\"M2 0a2 2 0 0 0-2 2v2h1.5V2a.5.5 0 0 1 .5-.5h2V0H2Zm2 10.5H2a.5.5 0 0 1-.5-.5V8H0v2a2 2 0 0 0 2 2h2v-1.5ZM8 12v-1.5h2a.5.5 0 0 0 .5-.5V8H12v2a2 2 0 0 1-2 2H8Zm2-12a2 2 0 0 1 2 2v2h-1.5V2a.5.5 0 0 0-.5-.5H8V0h2Z\" \/>\n\t\t\t<\/svg>\n\t\t<\/button><figcaption class=\"wp-element-caption\">Gschwend &#8211; Gm\u00fcnder Stra\u00dfe &#8211; Hausnummer 43 &#8211; 1960<br>Gebaut von Abele ( Kronenladen ) Zu der Zeit Landmaschinen Wacker, sp\u00e4ter Kfz Werkstatt Gnamm, Ockert<\/figcaption><\/figure>\n\n\n\n<figure data-wp-context=\"{&quot;imageId&quot;:&quot;69eddeea8a4ba&quot;}\" data-wp-interactive=\"core\/image\" data-wp-key=\"69eddeea8a4ba\" class=\"wp-block-image size-large wp-lightbox-container\"><img loading=\"lazy\" decoding=\"async\" width=\"1024\" height=\"996\" data-wp-class--hide=\"state.isContentHidden\" data-wp-class--show=\"state.isContentVisible\" data-wp-init=\"callbacks.setButtonStyles\" data-wp-on--click=\"actions.showLightbox\" data-wp-on--load=\"callbacks.setButtonStyles\" data-wp-on-window--resize=\"callbacks.setButtonStyles\" data-id=\"351\" src=\"https:\/\/redesign.imlaufderzeit.de\/wp-content\/uploads\/Gschwend_Gm\u00fcnder Stra\u00dfe_Nr43__IMG9-1024x996.jpg\" alt=\"Gschwend - Gm\u00fcnder Stra\u00dfe - Hausnummer 43 - 197000000\" class=\"wp-image-351\" srcset=\"https:\/\/redesign.imlaufderzeit.de\/wp-content\/uploads\/Gschwend_Gm\u00fcnder%20Stra\u00dfe_Nr43__IMG9-1024x996.jpg 1024w, https:\/\/redesign.imlaufderzeit.de\/wp-content\/uploads\/Gschwend_Gm\u00fcnder%20Stra\u00dfe_Nr43__IMG9-300x292.jpg 300w, https:\/\/redesign.imlaufderzeit.de\/wp-content\/uploads\/Gschwend_Gm\u00fcnder%20Stra\u00dfe_Nr43__IMG9-768x747.jpg 768w, https:\/\/redesign.imlaufderzeit.de\/wp-content\/uploads\/Gschwend_Gm\u00fcnder%20Stra\u00dfe_Nr43__IMG9-1536x1494.jpg 1536w, https:\/\/redesign.imlaufderzeit.de\/wp-content\/uploads\/Gschwend_Gm\u00fcnder%20Stra\u00dfe_Nr43__IMG9.jpg 1920w\" sizes=\"auto, (max-width: 1024px) 100vw, 1024px\" \/><button\n\t\t\tclass=\"lightbox-trigger\"\n\t\t\ttype=\"button\"\n\t\t\taria-haspopup=\"dialog\"\n\t\t\taria-label=\"Vergr\u00f6\u00dfern\"\n\t\t\tdata-wp-init=\"callbacks.initTriggerButton\"\n\t\t\tdata-wp-on--click=\"actions.showLightbox\"\n\t\t\tdata-wp-style--right=\"state.imageButtonRight\"\n\t\t\tdata-wp-style--top=\"state.imageButtonTop\"\n\t\t>\n\t\t\t<svg xmlns=\"http:\/\/www.w3.org\/2000\/svg\" width=\"12\" height=\"12\" fill=\"none\" viewBox=\"0 0 12 12\">\n\t\t\t\t<path fill=\"#fff\" d=\"M2 0a2 2 0 0 0-2 2v2h1.5V2a.5.5 0 0 1 .5-.5h2V0H2Zm2 10.5H2a.5.5 0 0 1-.5-.5V8H0v2a2 2 0 0 0 2 2h2v-1.5ZM8 12v-1.5h2a.5.5 0 0 0 .5-.5V8H12v2a2 2 0 0 1-2 2H8Zm2-12a2 2 0 0 1 2 2v2h-1.5V2a.5.5 0 0 0-.5-.5H8V0h2Z\" \/>\n\t\t\t<\/svg>\n\t\t<\/button><figcaption class=\"wp-element-caption\">Gschwend &#8211; Gm\u00fcnder Stra\u00dfe &#8211; Hausnummer 43 &#8211; 1970<br>Tankstelle Texaco Kfz BMW Werkstatt Gnamm. Fuhrwerk vermutlich Schmied Gscheidle<\/figcaption><\/figure>\n\n\n\n<figure data-wp-context=\"{&quot;imageId&quot;:&quot;69eddeea8a871&quot;}\" data-wp-interactive=\"core\/image\" data-wp-key=\"69eddeea8a871\" class=\"wp-block-image size-large wp-lightbox-container\"><img loading=\"lazy\" decoding=\"async\" width=\"1024\" height=\"683\" data-wp-class--hide=\"state.isContentHidden\" data-wp-class--show=\"state.isContentVisible\" data-wp-init=\"callbacks.setButtonStyles\" data-wp-on--click=\"actions.showLightbox\" data-wp-on--load=\"callbacks.setButtonStyles\" data-wp-on-window--resize=\"callbacks.setButtonStyles\" data-id=\"349\" src=\"https:\/\/redesign.imlaufderzeit.de\/wp-content\/uploads\/Gschwend_Gm\u00fcnder Stra\u00dfe_Nr43__IMG-7_4576-1024x683.jpg\" alt=\"Gschwend - Gm\u00fcnder Stra\u00dfe - Hausnummer 43 - 202000000\" class=\"wp-image-349\" srcset=\"https:\/\/redesign.imlaufderzeit.de\/wp-content\/uploads\/Gschwend_Gm\u00fcnder%20Stra\u00dfe_Nr43__IMG-7_4576-1024x683.jpg 1024w, https:\/\/redesign.imlaufderzeit.de\/wp-content\/uploads\/Gschwend_Gm\u00fcnder%20Stra\u00dfe_Nr43__IMG-7_4576-300x200.jpg 300w, https:\/\/redesign.imlaufderzeit.de\/wp-content\/uploads\/Gschwend_Gm\u00fcnder%20Stra\u00dfe_Nr43__IMG-7_4576-768x512.jpg 768w, https:\/\/redesign.imlaufderzeit.de\/wp-content\/uploads\/Gschwend_Gm\u00fcnder%20Stra\u00dfe_Nr43__IMG-7_4576-1536x1024.jpg 1536w, https:\/\/redesign.imlaufderzeit.de\/wp-content\/uploads\/Gschwend_Gm\u00fcnder%20Stra\u00dfe_Nr43__IMG-7_4576.JPG 1920w\" sizes=\"auto, (max-width: 1024px) 100vw, 1024px\" \/><button\n\t\t\tclass=\"lightbox-trigger\"\n\t\t\ttype=\"button\"\n\t\t\taria-haspopup=\"dialog\"\n\t\t\taria-label=\"Vergr\u00f6\u00dfern\"\n\t\t\tdata-wp-init=\"callbacks.initTriggerButton\"\n\t\t\tdata-wp-on--click=\"actions.showLightbox\"\n\t\t\tdata-wp-style--right=\"state.imageButtonRight\"\n\t\t\tdata-wp-style--top=\"state.imageButtonTop\"\n\t\t>\n\t\t\t<svg xmlns=\"http:\/\/www.w3.org\/2000\/svg\" width=\"12\" height=\"12\" fill=\"none\" viewBox=\"0 0 12 12\">\n\t\t\t\t<path fill=\"#fff\" d=\"M2 0a2 2 0 0 0-2 2v2h1.5V2a.5.5 0 0 1 .5-.5h2V0H2Zm2 10.5H2a.5.5 0 0 1-.5-.5V8H0v2a2 2 0 0 0 2 2h2v-1.5ZM8 12v-1.5h2a.5.5 0 0 0 .5-.5V8H12v2a2 2 0 0 1-2 2H8Zm2-12a2 2 0 0 1 2 2v2h-1.5V2a.5.5 0 0 0-.5-.5H8V0h2Z\" \/>\n\t\t\t<\/svg>\n\t\t<\/button><figcaption class=\"wp-element-caption\">Gschwend &#8211; Gm\u00fcnder Stra\u00dfe &#8211; Hausnummer 43 &#8211; 2020<br>Foto Klaus Ockert<\/figcaption><\/figure>\n\n\n\n<figure data-wp-context=\"{&quot;imageId&quot;:&quot;69eddeea8ac11&quot;}\" data-wp-interactive=\"core\/image\" data-wp-key=\"69eddeea8ac11\" class=\"wp-block-image size-large wp-lightbox-container\"><img loading=\"lazy\" decoding=\"async\" width=\"1024\" height=\"683\" data-wp-class--hide=\"state.isContentHidden\" data-wp-class--show=\"state.isContentVisible\" data-wp-init=\"callbacks.setButtonStyles\" data-wp-on--click=\"actions.showLightbox\" data-wp-on--load=\"callbacks.setButtonStyles\" data-wp-on-window--resize=\"callbacks.setButtonStyles\" data-id=\"350\" src=\"https:\/\/redesign.imlaufderzeit.de\/wp-content\/uploads\/Gschwend_Gm\u00fcnder Stra\u00dfe_Nr43__IMG-7_4580-1024x683.jpg\" alt=\"Gschwend - Gm\u00fcnder Stra\u00dfe - Hausnummer 43 - 202000000\" class=\"wp-image-350\" srcset=\"https:\/\/redesign.imlaufderzeit.de\/wp-content\/uploads\/Gschwend_Gm\u00fcnder%20Stra\u00dfe_Nr43__IMG-7_4580-1024x683.jpg 1024w, https:\/\/redesign.imlaufderzeit.de\/wp-content\/uploads\/Gschwend_Gm\u00fcnder%20Stra\u00dfe_Nr43__IMG-7_4580-300x200.jpg 300w, https:\/\/redesign.imlaufderzeit.de\/wp-content\/uploads\/Gschwend_Gm\u00fcnder%20Stra\u00dfe_Nr43__IMG-7_4580-768x512.jpg 768w, https:\/\/redesign.imlaufderzeit.de\/wp-content\/uploads\/Gschwend_Gm\u00fcnder%20Stra\u00dfe_Nr43__IMG-7_4580-1536x1024.jpg 1536w, https:\/\/redesign.imlaufderzeit.de\/wp-content\/uploads\/Gschwend_Gm\u00fcnder%20Stra\u00dfe_Nr43__IMG-7_4580.JPG 1920w\" sizes=\"auto, (max-width: 1024px) 100vw, 1024px\" \/><button\n\t\t\tclass=\"lightbox-trigger\"\n\t\t\ttype=\"button\"\n\t\t\taria-haspopup=\"dialog\"\n\t\t\taria-label=\"Vergr\u00f6\u00dfern\"\n\t\t\tdata-wp-init=\"callbacks.initTriggerButton\"\n\t\t\tdata-wp-on--click=\"actions.showLightbox\"\n\t\t\tdata-wp-style--right=\"state.imageButtonRight\"\n\t\t\tdata-wp-style--top=\"state.imageButtonTop\"\n\t\t>\n\t\t\t<svg xmlns=\"http:\/\/www.w3.org\/2000\/svg\" width=\"12\" height=\"12\" fill=\"none\" viewBox=\"0 0 12 12\">\n\t\t\t\t<path fill=\"#fff\" d=\"M2 0a2 2 0 0 0-2 2v2h1.5V2a.5.5 0 0 1 .5-.5h2V0H2Zm2 10.5H2a.5.5 0 0 1-.5-.5V8H0v2a2 2 0 0 0 2 2h2v-1.5ZM8 12v-1.5h2a.5.5 0 0 0 .5-.5V8H12v2a2 2 0 0 1-2 2H8Zm2-12a2 2 0 0 1 2 2v2h-1.5V2a.5.5 0 0 0-.5-.5H8V0h2Z\" \/>\n\t\t\t<\/svg>\n\t\t<\/button><figcaption class=\"wp-element-caption\">Gschwend &#8211; Gm\u00fcnder Stra\u00dfe &#8211; Hausnummer 43 &#8211; 20200<br>Foto Klaus Ockert<\/figcaption><\/figure>\n\n\n\n<figure data-wp-context=\"{&quot;imageId&quot;:&quot;69eddeea8afaa&quot;}\" data-wp-interactive=\"core\/image\" data-wp-key=\"69eddeea8afaa\" class=\"wp-block-image size-large wp-lightbox-container\"><img loading=\"lazy\" decoding=\"async\" width=\"1024\" height=\"683\" data-wp-class--hide=\"state.isContentHidden\" data-wp-class--show=\"state.isContentVisible\" data-wp-init=\"callbacks.setButtonStyles\" data-wp-on--click=\"actions.showLightbox\" data-wp-on--load=\"callbacks.setButtonStyles\" data-wp-on-window--resize=\"callbacks.setButtonStyles\" data-id=\"353\" src=\"https:\/\/redesign.imlaufderzeit.de\/wp-content\/uploads\/Gschwend_Gm\u00fcnder Stra\u00dfe_Nr47__IMG-7_4578-1024x683.jpg\" alt=\"Gschwend - Gm\u00fcnder Stra\u00dfe - Hausnummer 47 - 20200000\" class=\"wp-image-353\" srcset=\"https:\/\/redesign.imlaufderzeit.de\/wp-content\/uploads\/Gschwend_Gm\u00fcnder%20Stra\u00dfe_Nr47__IMG-7_4578-1024x683.jpg 1024w, https:\/\/redesign.imlaufderzeit.de\/wp-content\/uploads\/Gschwend_Gm\u00fcnder%20Stra\u00dfe_Nr47__IMG-7_4578-300x200.jpg 300w, https:\/\/redesign.imlaufderzeit.de\/wp-content\/uploads\/Gschwend_Gm\u00fcnder%20Stra\u00dfe_Nr47__IMG-7_4578-768x512.jpg 768w, https:\/\/redesign.imlaufderzeit.de\/wp-content\/uploads\/Gschwend_Gm\u00fcnder%20Stra\u00dfe_Nr47__IMG-7_4578-1536x1024.jpg 1536w, https:\/\/redesign.imlaufderzeit.de\/wp-content\/uploads\/Gschwend_Gm\u00fcnder%20Stra\u00dfe_Nr47__IMG-7_4578.JPG 1920w\" sizes=\"auto, (max-width: 1024px) 100vw, 1024px\" \/><button\n\t\t\tclass=\"lightbox-trigger\"\n\t\t\ttype=\"button\"\n\t\t\taria-haspopup=\"dialog\"\n\t\t\taria-label=\"Vergr\u00f6\u00dfern\"\n\t\t\tdata-wp-init=\"callbacks.initTriggerButton\"\n\t\t\tdata-wp-on--click=\"actions.showLightbox\"\n\t\t\tdata-wp-style--right=\"state.imageButtonRight\"\n\t\t\tdata-wp-style--top=\"state.imageButtonTop\"\n\t\t>\n\t\t\t<svg xmlns=\"http:\/\/www.w3.org\/2000\/svg\" width=\"12\" height=\"12\" fill=\"none\" viewBox=\"0 0 12 12\">\n\t\t\t\t<path fill=\"#fff\" d=\"M2 0a2 2 0 0 0-2 2v2h1.5V2a.5.5 0 0 1 .5-.5h2V0H2Zm2 10.5H2a.5.5 0 0 1-.5-.5V8H0v2a2 2 0 0 0 2 2h2v-1.5ZM8 12v-1.5h2a.5.5 0 0 0 .5-.5V8H12v2a2 2 0 0 1-2 2H8Zm2-12a2 2 0 0 1 2 2v2h-1.5V2a.5.5 0 0 0-.5-.5H8V0h2Z\" \/>\n\t\t\t<\/svg>\n\t\t<\/button><figcaption class=\"wp-element-caption\">Gschwend &#8211; Gm\u00fcnder Stra\u00dfe &#8211; Hausnummer 47 &#8211; 2020<br>Fr\u00fcher Malergesch\u00e4ft Dai\u00df<br>Foto Klaus Ockert<\/figcaption><\/figure>\n\n\n\n<figure data-wp-context=\"{&quot;imageId&quot;:&quot;69eddeea8b341&quot;}\" data-wp-interactive=\"core\/image\" data-wp-key=\"69eddeea8b341\" class=\"wp-block-image size-large wp-lightbox-container\"><img loading=\"lazy\" decoding=\"async\" width=\"1024\" height=\"683\" data-wp-class--hide=\"state.isContentHidden\" data-wp-class--show=\"state.isContentVisible\" data-wp-init=\"callbacks.setButtonStyles\" data-wp-on--click=\"actions.showLightbox\" data-wp-on--load=\"callbacks.setButtonStyles\" data-wp-on-window--resize=\"callbacks.setButtonStyles\" data-id=\"354\" src=\"https:\/\/redesign.imlaufderzeit.de\/wp-content\/uploads\/Gschwend_Gm\u00fcnder Stra\u00dfe_Nr49__IMG-7_4579-1024x683.jpg\" alt=\"Gschwend - Gm\u00fcnder Stra\u00dfe - Hausnummer 49 - 20200000\" class=\"wp-image-354\" srcset=\"https:\/\/redesign.imlaufderzeit.de\/wp-content\/uploads\/Gschwend_Gm\u00fcnder%20Stra\u00dfe_Nr49__IMG-7_4579-1024x683.jpg 1024w, https:\/\/redesign.imlaufderzeit.de\/wp-content\/uploads\/Gschwend_Gm\u00fcnder%20Stra\u00dfe_Nr49__IMG-7_4579-300x200.jpg 300w, https:\/\/redesign.imlaufderzeit.de\/wp-content\/uploads\/Gschwend_Gm\u00fcnder%20Stra\u00dfe_Nr49__IMG-7_4579-768x512.jpg 768w, https:\/\/redesign.imlaufderzeit.de\/wp-content\/uploads\/Gschwend_Gm\u00fcnder%20Stra\u00dfe_Nr49__IMG-7_4579-1536x1024.jpg 1536w, https:\/\/redesign.imlaufderzeit.de\/wp-content\/uploads\/Gschwend_Gm\u00fcnder%20Stra\u00dfe_Nr49__IMG-7_4579.JPG 1920w\" sizes=\"auto, (max-width: 1024px) 100vw, 1024px\" \/><button\n\t\t\tclass=\"lightbox-trigger\"\n\t\t\ttype=\"button\"\n\t\t\taria-haspopup=\"dialog\"\n\t\t\taria-label=\"Vergr\u00f6\u00dfern\"\n\t\t\tdata-wp-init=\"callbacks.initTriggerButton\"\n\t\t\tdata-wp-on--click=\"actions.showLightbox\"\n\t\t\tdata-wp-style--right=\"state.imageButtonRight\"\n\t\t\tdata-wp-style--top=\"state.imageButtonTop\"\n\t\t>\n\t\t\t<svg xmlns=\"http:\/\/www.w3.org\/2000\/svg\" width=\"12\" height=\"12\" fill=\"none\" viewBox=\"0 0 12 12\">\n\t\t\t\t<path fill=\"#fff\" d=\"M2 0a2 2 0 0 0-2 2v2h1.5V2a.5.5 0 0 1 .5-.5h2V0H2Zm2 10.5H2a.5.5 0 0 1-.5-.5V8H0v2a2 2 0 0 0 2 2h2v-1.5ZM8 12v-1.5h2a.5.5 0 0 0 .5-.5V8H12v2a2 2 0 0 1-2 2H8Zm2-12a2 2 0 0 1 2 2v2h-1.5V2a.5.5 0 0 0-.5-.5H8V0h2Z\" \/>\n\t\t\t<\/svg>\n\t\t<\/button><figcaption class=\"wp-element-caption\">Gschwend &#8211; Gm\u00fcnder Stra\u00dfe &#8211; Hausnummer 49 &#8211; 2020<br>Fr\u00fcher Kfz Werkstatt, Esso Tankstelle Foto Klaus Ockert<\/figcaption><\/figure>\n\n\n\n<figure data-wp-context=\"{&quot;imageId&quot;:&quot;69eddeea8b6c8&quot;}\" data-wp-interactive=\"core\/image\" data-wp-key=\"69eddeea8b6c8\" class=\"wp-block-image size-large wp-lightbox-container\"><img loading=\"lazy\" decoding=\"async\" width=\"1024\" height=\"660\" data-wp-class--hide=\"state.isContentHidden\" data-wp-class--show=\"state.isContentVisible\" data-wp-init=\"callbacks.setButtonStyles\" data-wp-on--click=\"actions.showLightbox\" data-wp-on--load=\"callbacks.setButtonStyles\" data-wp-on-window--resize=\"callbacks.setButtonStyles\" data-id=\"311\" src=\"https:\/\/redesign.imlaufderzeit.de\/wp-content\/uploads\/Gschwend_Gm\u00fcnder Stra\u00dfe_Ansichten__1930-1024x660.jpg\" alt=\"Gschwend - Gm\u00fcnder Stra\u00dfe - Ansichten - 19300000\" class=\"wp-image-311\" srcset=\"https:\/\/redesign.imlaufderzeit.de\/wp-content\/uploads\/Gschwend_Gm\u00fcnder%20Stra\u00dfe_Ansichten__1930-1024x660.jpg 1024w, https:\/\/redesign.imlaufderzeit.de\/wp-content\/uploads\/Gschwend_Gm\u00fcnder%20Stra\u00dfe_Ansichten__1930-300x193.jpg 300w, https:\/\/redesign.imlaufderzeit.de\/wp-content\/uploads\/Gschwend_Gm\u00fcnder%20Stra\u00dfe_Ansichten__1930-768x495.jpg 768w, https:\/\/redesign.imlaufderzeit.de\/wp-content\/uploads\/Gschwend_Gm\u00fcnder%20Stra\u00dfe_Ansichten__1930-1536x990.jpg 1536w, https:\/\/redesign.imlaufderzeit.de\/wp-content\/uploads\/Gschwend_Gm\u00fcnder%20Stra\u00dfe_Ansichten__1930.jpg 1920w\" sizes=\"auto, (max-width: 1024px) 100vw, 1024px\" \/><button\n\t\t\tclass=\"lightbox-trigger\"\n\t\t\ttype=\"button\"\n\t\t\taria-haspopup=\"dialog\"\n\t\t\taria-label=\"Vergr\u00f6\u00dfern\"\n\t\t\tdata-wp-init=\"callbacks.initTriggerButton\"\n\t\t\tdata-wp-on--click=\"actions.showLightbox\"\n\t\t\tdata-wp-style--right=\"state.imageButtonRight\"\n\t\t\tdata-wp-style--top=\"state.imageButtonTop\"\n\t\t>\n\t\t\t<svg xmlns=\"http:\/\/www.w3.org\/2000\/svg\" width=\"12\" height=\"12\" fill=\"none\" viewBox=\"0 0 12 12\">\n\t\t\t\t<path fill=\"#fff\" d=\"M2 0a2 2 0 0 0-2 2v2h1.5V2a.5.5 0 0 1 .5-.5h2V0H2Zm2 10.5H2a.5.5 0 0 1-.5-.5V8H0v2a2 2 0 0 0 2 2h2v-1.5ZM8 12v-1.5h2a.5.5 0 0 0 .5-.5V8H12v2a2 2 0 0 1-2 2H8Zm2-12a2 2 0 0 1 2 2v2h-1.5V2a.5.5 0 0 0-.5-.5H8V0h2Z\" \/>\n\t\t\t<\/svg>\n\t\t<\/button><figcaption class=\"wp-element-caption\">Gschwend &#8211; Gm\u00fcnder Stra\u00dfe &#8211; Ansichten &#8211; 1930<br>Vom Buschberg aus gesehen.<\/figcaption><\/figure>\n\n\n\n<figure data-wp-context=\"{&quot;imageId&quot;:&quot;69eddeea8ba60&quot;}\" data-wp-interactive=\"core\/image\" data-wp-key=\"69eddeea8ba60\" class=\"wp-block-image size-large wp-lightbox-container\"><img loading=\"lazy\" decoding=\"async\" width=\"1024\" height=\"705\" data-wp-class--hide=\"state.isContentHidden\" data-wp-class--show=\"state.isContentVisible\" data-wp-init=\"callbacks.setButtonStyles\" data-wp-on--click=\"actions.showLightbox\" data-wp-on--load=\"callbacks.setButtonStyles\" data-wp-on-window--resize=\"callbacks.setButtonStyles\" data-id=\"314\" src=\"http:\/\/redesign.imlaufderzeit.de\/wp-content\/uploads\/Gschwend_Gm\u00fcnder Stra\u00dfe_Ansichten__IMG5-1024x705.jpg\" alt=\"Gschwend - Gm\u00fcnder Stra\u00dfe - Ansichten - 1975\" class=\"wp-image-314\" srcset=\"https:\/\/redesign.imlaufderzeit.de\/wp-content\/uploads\/Gschwend_Gm\u00fcnder%20Stra\u00dfe_Ansichten__IMG5-1024x705.jpg 1024w, https:\/\/redesign.imlaufderzeit.de\/wp-content\/uploads\/Gschwend_Gm\u00fcnder%20Stra\u00dfe_Ansichten__IMG5-300x206.jpg 300w, https:\/\/redesign.imlaufderzeit.de\/wp-content\/uploads\/Gschwend_Gm\u00fcnder%20Stra\u00dfe_Ansichten__IMG5-768x528.jpg 768w, https:\/\/redesign.imlaufderzeit.de\/wp-content\/uploads\/Gschwend_Gm\u00fcnder%20Stra\u00dfe_Ansichten__IMG5-1536x1057.jpg 1536w, https:\/\/redesign.imlaufderzeit.de\/wp-content\/uploads\/Gschwend_Gm\u00fcnder%20Stra\u00dfe_Ansichten__IMG5.jpg 1920w\" sizes=\"auto, (max-width: 1024px) 100vw, 1024px\" \/><button\n\t\t\tclass=\"lightbox-trigger\"\n\t\t\ttype=\"button\"\n\t\t\taria-haspopup=\"dialog\"\n\t\t\taria-label=\"Vergr\u00f6\u00dfern\"\n\t\t\tdata-wp-init=\"callbacks.initTriggerButton\"\n\t\t\tdata-wp-on--click=\"actions.showLightbox\"\n\t\t\tdata-wp-style--right=\"state.imageButtonRight\"\n\t\t\tdata-wp-style--top=\"state.imageButtonTop\"\n\t\t>\n\t\t\t<svg xmlns=\"http:\/\/www.w3.org\/2000\/svg\" width=\"12\" height=\"12\" fill=\"none\" viewBox=\"0 0 12 12\">\n\t\t\t\t<path fill=\"#fff\" d=\"M2 0a2 2 0 0 0-2 2v2h1.5V2a.5.5 0 0 1 .5-.5h2V0H2Zm2 10.5H2a.5.5 0 0 1-.5-.5V8H0v2a2 2 0 0 0 2 2h2v-1.5ZM8 12v-1.5h2a.5.5 0 0 0 .5-.5V8H12v2a2 2 0 0 1-2 2H8Zm2-12a2 2 0 0 1 2 2v2h-1.5V2a.5.5 0 0 0-.5-.5H8V0h2Z\" \/>\n\t\t\t<\/svg>\n\t\t<\/button><figcaption class=\"wp-element-caption\">Gschwend &#8211; Gm\u00fcnder Stra\u00dfe &#8211; Ansichten &#8211; 1975<\/figcaption><\/figure>\n\n\n\n<figure data-wp-context=\"{&quot;imageId&quot;:&quot;69eddeea8bde1&quot;}\" data-wp-interactive=\"core\/image\" data-wp-key=\"69eddeea8bde1\" class=\"wp-block-image size-large wp-lightbox-container\"><img loading=\"lazy\" decoding=\"async\" width=\"1024\" height=\"683\" data-wp-class--hide=\"state.isContentHidden\" data-wp-class--show=\"state.isContentVisible\" data-wp-init=\"callbacks.setButtonStyles\" data-wp-on--click=\"actions.showLightbox\" data-wp-on--load=\"callbacks.setButtonStyles\" data-wp-on-window--resize=\"callbacks.setButtonStyles\" data-id=\"313\" src=\"https:\/\/redesign.imlaufderzeit.de\/wp-content\/uploads\/Gschwend_Gm\u00fcnder Stra\u00dfe_Ansichten__IMG-7_4565-1024x683.jpg\" alt=\"Gschwend - Gm\u00fcnder Stra\u00dfe - Ansichten - 20200000\" class=\"wp-image-313\" srcset=\"https:\/\/redesign.imlaufderzeit.de\/wp-content\/uploads\/Gschwend_Gm\u00fcnder%20Stra\u00dfe_Ansichten__IMG-7_4565-1024x683.jpg 1024w, https:\/\/redesign.imlaufderzeit.de\/wp-content\/uploads\/Gschwend_Gm\u00fcnder%20Stra\u00dfe_Ansichten__IMG-7_4565-300x200.jpg 300w, https:\/\/redesign.imlaufderzeit.de\/wp-content\/uploads\/Gschwend_Gm\u00fcnder%20Stra\u00dfe_Ansichten__IMG-7_4565-768x512.jpg 768w, https:\/\/redesign.imlaufderzeit.de\/wp-content\/uploads\/Gschwend_Gm\u00fcnder%20Stra\u00dfe_Ansichten__IMG-7_4565-1536x1024.jpg 1536w, https:\/\/redesign.imlaufderzeit.de\/wp-content\/uploads\/Gschwend_Gm\u00fcnder%20Stra\u00dfe_Ansichten__IMG-7_4565.JPG 1920w\" sizes=\"auto, (max-width: 1024px) 100vw, 1024px\" \/><button\n\t\t\tclass=\"lightbox-trigger\"\n\t\t\ttype=\"button\"\n\t\t\taria-haspopup=\"dialog\"\n\t\t\taria-label=\"Vergr\u00f6\u00dfern\"\n\t\t\tdata-wp-init=\"callbacks.initTriggerButton\"\n\t\t\tdata-wp-on--click=\"actions.showLightbox\"\n\t\t\tdata-wp-style--right=\"state.imageButtonRight\"\n\t\t\tdata-wp-style--top=\"state.imageButtonTop\"\n\t\t>\n\t\t\t<svg xmlns=\"http:\/\/www.w3.org\/2000\/svg\" width=\"12\" height=\"12\" fill=\"none\" viewBox=\"0 0 12 12\">\n\t\t\t\t<path fill=\"#fff\" d=\"M2 0a2 2 0 0 0-2 2v2h1.5V2a.5.5 0 0 1 .5-.5h2V0H2Zm2 10.5H2a.5.5 0 0 1-.5-.5V8H0v2a2 2 0 0 0 2 2h2v-1.5ZM8 12v-1.5h2a.5.5 0 0 0 .5-.5V8H12v2a2 2 0 0 1-2 2H8Zm2-12a2 2 0 0 1 2 2v2h-1.5V2a.5.5 0 0 0-.5-.5H8V0h2Z\" \/>\n\t\t\t<\/svg>\n\t\t<\/button><figcaption class=\"wp-element-caption\">Gschwend &#8211; Gm\u00fcnder Stra\u00dfe &#8211; Ansichten &#8211; 2020<br>Foto Klaus Ockert<\/figcaption><\/figure>\n\n\n\n<figure data-wp-context=\"{&quot;imageId&quot;:&quot;69eddeea8c16f&quot;}\" data-wp-interactive=\"core\/image\" data-wp-key=\"69eddeea8c16f\" class=\"wp-block-image size-large wp-lightbox-container\"><img loading=\"lazy\" decoding=\"async\" width=\"1024\" height=\"683\" data-wp-class--hide=\"state.isContentHidden\" data-wp-class--show=\"state.isContentVisible\" data-wp-init=\"callbacks.setButtonStyles\" data-wp-on--click=\"actions.showLightbox\" data-wp-on--load=\"callbacks.setButtonStyles\" data-wp-on-window--resize=\"callbacks.setButtonStyles\" data-id=\"312\" src=\"https:\/\/redesign.imlaufderzeit.de\/wp-content\/uploads\/Gschwend_Gm\u00fcnder Stra\u00dfe_Ansichten__IMG-7_4546-1024x683.jpg\" alt=\"Gschwend - Gm\u00fcnder Stra\u00dfe - Ansichten - 20200000\" class=\"wp-image-312\" srcset=\"https:\/\/redesign.imlaufderzeit.de\/wp-content\/uploads\/Gschwend_Gm\u00fcnder%20Stra\u00dfe_Ansichten__IMG-7_4546-1024x683.jpg 1024w, https:\/\/redesign.imlaufderzeit.de\/wp-content\/uploads\/Gschwend_Gm\u00fcnder%20Stra\u00dfe_Ansichten__IMG-7_4546-300x200.jpg 300w, https:\/\/redesign.imlaufderzeit.de\/wp-content\/uploads\/Gschwend_Gm\u00fcnder%20Stra\u00dfe_Ansichten__IMG-7_4546-768x512.jpg 768w, https:\/\/redesign.imlaufderzeit.de\/wp-content\/uploads\/Gschwend_Gm\u00fcnder%20Stra\u00dfe_Ansichten__IMG-7_4546-1536x1024.jpg 1536w, https:\/\/redesign.imlaufderzeit.de\/wp-content\/uploads\/Gschwend_Gm\u00fcnder%20Stra\u00dfe_Ansichten__IMG-7_4546.JPG 1920w\" sizes=\"auto, (max-width: 1024px) 100vw, 1024px\" \/><button\n\t\t\tclass=\"lightbox-trigger\"\n\t\t\ttype=\"button\"\n\t\t\taria-haspopup=\"dialog\"\n\t\t\taria-label=\"Vergr\u00f6\u00dfern\"\n\t\t\tdata-wp-init=\"callbacks.initTriggerButton\"\n\t\t\tdata-wp-on--click=\"actions.showLightbox\"\n\t\t\tdata-wp-style--right=\"state.imageButtonRight\"\n\t\t\tdata-wp-style--top=\"state.imageButtonTop\"\n\t\t>\n\t\t\t<svg xmlns=\"http:\/\/www.w3.org\/2000\/svg\" width=\"12\" height=\"12\" fill=\"none\" viewBox=\"0 0 12 12\">\n\t\t\t\t<path fill=\"#fff\" d=\"M2 0a2 2 0 0 0-2 2v2h1.5V2a.5.5 0 0 1 .5-.5h2V0H2Zm2 10.5H2a.5.5 0 0 1-.5-.5V8H0v2a2 2 0 0 0 2 2h2v-1.5ZM8 12v-1.5h2a.5.5 0 0 0 .5-.5V8H12v2a2 2 0 0 1-2 2H8Zm2-12a2 2 0 0 1 2 2v2h-1.5V2a.5.5 0 0 0-.5-.5H8V0h2Z\" \/>\n\t\t\t<\/svg>\n\t\t<\/button><figcaption class=\"wp-element-caption\">Gschwend &#8211; Gm\u00fcnder Stra\u00dfe &#8211; Ansichten &#8211; 2020<br>Foto Klaus Ockert<\/figcaption><\/figure>\n<\/figure>\n","protected":false},"excerpt":{"rendered":"","protected":false},"author":1,"featured_media":0,"parent":8,"menu_order":0,"comment_status":"closed","ping_status":"closed","template":"","meta":{"footnotes":""},"class_list":["post-575","page","type-page","status-publish","hentry"],"_links":{"self":[{"href":"https:\/\/redesign.imlaufderzeit.de\/index.php?rest_route=\/wp\/v2\/pages\/575","targetHints":{"allow":["GET"]}}],"collection":[{"href":"https:\/\/redesign.imlaufderzeit.de\/index.php?rest_route=\/wp\/v2\/pages"}],"about":[{"href":"https:\/\/redesign.imlaufderzeit.de\/index.php?rest_route=\/wp\/v2\/types\/page"}],"author":[{"embeddable":true,"href":"https:\/\/redesign.imlaufderzeit.de\/index.php?rest_route=\/wp\/v2\/users\/1"}],"replies":[{"embeddable":true,"href":"https:\/\/redesign.imlaufderzeit.de\/index.php?rest_route=%2Fwp%2Fv2%2Fcomments&post=575"}],"version-history":[{"count":20,"href":"https:\/\/redesign.imlaufderzeit.de\/index.php?rest_route=\/wp\/v2\/pages\/575\/revisions"}],"predecessor-version":[{"id":1458,"href":"https:\/\/redesign.imlaufderzeit.de\/index.php?rest_route=\/wp\/v2\/pages\/575\/revisions\/1458"}],"up":[{"embeddable":true,"href":"https:\/\/redesign.imlaufderzeit.de\/index.php?rest_route=\/wp\/v2\/pages\/8"}],"wp:attachment":[{"href":"https:\/\/redesign.imlaufderzeit.de\/index.php?rest_route=%2Fwp%2Fv2%2Fmedia&parent=575"}],"curies":[{"name":"wp","href":"https:\/\/api.w.org\/{rel}","templated":true}]}}