{"id":584,"date":"2025-10-31T11:52:49","date_gmt":"2025-10-31T10:52:49","guid":{"rendered":"https:\/\/redesign.imlaufderzeit.de\/?page_id=584"},"modified":"2026-02-27T13:53:12","modified_gmt":"2026-02-27T12:53:12","slug":"welzheimer-strasse","status":"publish","type":"page","link":"https:\/\/redesign.imlaufderzeit.de\/?page_id=584","title":{"rendered":"Welzheimer Stra\u00dfe"},"content":{"rendered":"<h2 class=\"wp-block-post-title\">Welzheimer Stra\u00dfe<\/h2>\n\n\n<figure class=\"wp-block-gallery has-nested-images columns-2 wp-block-gallery-1 is-layout-flex wp-block-gallery-is-layout-flex\">\n<figure data-wp-context=\"{&quot;imageId&quot;:&quot;69f08badb75cf&quot;}\" data-wp-interactive=\"core\/image\" data-wp-key=\"69f08badb75cf\" class=\"wp-block-image size-large wp-lightbox-container\"><img loading=\"lazy\" decoding=\"async\" width=\"1024\" height=\"638\" data-wp-class--hide=\"state.isContentHidden\" data-wp-class--show=\"state.isContentVisible\" data-wp-init=\"callbacks.setButtonStyles\" data-wp-on--click=\"actions.showLightbox\" data-wp-on--load=\"callbacks.setButtonStyles\" data-wp-on-window--resize=\"callbacks.setButtonStyles\" data-id=\"512\" src=\"https:\/\/redesign.imlaufderzeit.de\/wp-content\/uploads\/Gschwend_Welzheimer Stra\u00dfe_Nr1__Kronenladen-1024x638.jpg\" alt=\"Gschwend_Welzheimer Stra\u00dfe_Nr1__19600000\" class=\"wp-image-512\" srcset=\"https:\/\/redesign.imlaufderzeit.de\/wp-content\/uploads\/Gschwend_Welzheimer%20Stra\u00dfe_Nr1__Kronenladen-1024x638.jpg 1024w, https:\/\/redesign.imlaufderzeit.de\/wp-content\/uploads\/Gschwend_Welzheimer%20Stra\u00dfe_Nr1__Kronenladen-300x187.jpg 300w, https:\/\/redesign.imlaufderzeit.de\/wp-content\/uploads\/Gschwend_Welzheimer%20Stra\u00dfe_Nr1__Kronenladen-768x478.jpg 768w, https:\/\/redesign.imlaufderzeit.de\/wp-content\/uploads\/Gschwend_Welzheimer%20Stra\u00dfe_Nr1__Kronenladen-1536x957.jpg 1536w, https:\/\/redesign.imlaufderzeit.de\/wp-content\/uploads\/Gschwend_Welzheimer%20Stra\u00dfe_Nr1__Kronenladen.jpg 1920w\" sizes=\"auto, (max-width: 1024px) 100vw, 1024px\" \/><button\n\t\t\tclass=\"lightbox-trigger\"\n\t\t\ttype=\"button\"\n\t\t\taria-haspopup=\"dialog\"\n\t\t\taria-label=\"Vergr\u00f6\u00dfern\"\n\t\t\tdata-wp-init=\"callbacks.initTriggerButton\"\n\t\t\tdata-wp-on--click=\"actions.showLightbox\"\n\t\t\tdata-wp-style--right=\"state.imageButtonRight\"\n\t\t\tdata-wp-style--top=\"state.imageButtonTop\"\n\t\t>\n\t\t\t<svg xmlns=\"http:\/\/www.w3.org\/2000\/svg\" width=\"12\" height=\"12\" fill=\"none\" viewBox=\"0 0 12 12\">\n\t\t\t\t<path fill=\"#fff\" d=\"M2 0a2 2 0 0 0-2 2v2h1.5V2a.5.5 0 0 1 .5-.5h2V0H2Zm2 10.5H2a.5.5 0 0 1-.5-.5V8H0v2a2 2 0 0 0 2 2h2v-1.5ZM8 12v-1.5h2a.5.5 0 0 0 .5-.5V8H12v2a2 2 0 0 1-2 2H8Zm2-12a2 2 0 0 1 2 2v2h-1.5V2a.5.5 0 0 0-.5-.5H8V0h2Z\" \/>\n\t\t\t<\/svg>\n\t\t<\/button><figcaption class=\"wp-element-caption\">Gschwend_Welzheimer Stra\u00dfe &#8211; Hausnummer 01 &#8211; 1960<br>Kronenladen Abele<\/figcaption><\/figure>\n\n\n\n<figure data-wp-context=\"{&quot;imageId&quot;:&quot;69f08badb7a29&quot;}\" data-wp-interactive=\"core\/image\" data-wp-key=\"69f08badb7a29\" class=\"wp-block-image size-large wp-lightbox-container\"><img loading=\"lazy\" decoding=\"async\" width=\"1024\" height=\"704\" data-wp-class--hide=\"state.isContentHidden\" data-wp-class--show=\"state.isContentVisible\" data-wp-init=\"callbacks.setButtonStyles\" data-wp-on--click=\"actions.showLightbox\" data-wp-on--load=\"callbacks.setButtonStyles\" data-wp-on-window--resize=\"callbacks.setButtonStyles\" data-id=\"511\" src=\"https:\/\/redesign.imlaufderzeit.de\/wp-content\/uploads\/Gschwend_Welzheimer Stra\u00dfe_Nr1__Krone-1024x704.jpg\" alt=\"Gschwend - Welzheimer Strasse - Hausnummer 01 - 19200000\" class=\"wp-image-511\" srcset=\"https:\/\/redesign.imlaufderzeit.de\/wp-content\/uploads\/Gschwend_Welzheimer%20Stra\u00dfe_Nr1__Krone-1024x704.jpg 1024w, https:\/\/redesign.imlaufderzeit.de\/wp-content\/uploads\/Gschwend_Welzheimer%20Stra\u00dfe_Nr1__Krone-300x206.jpg 300w, https:\/\/redesign.imlaufderzeit.de\/wp-content\/uploads\/Gschwend_Welzheimer%20Stra\u00dfe_Nr1__Krone-768x528.jpg 768w, https:\/\/redesign.imlaufderzeit.de\/wp-content\/uploads\/Gschwend_Welzheimer%20Stra\u00dfe_Nr1__Krone-1536x1056.jpg 1536w, https:\/\/redesign.imlaufderzeit.de\/wp-content\/uploads\/Gschwend_Welzheimer%20Stra\u00dfe_Nr1__Krone.jpg 1920w\" sizes=\"auto, (max-width: 1024px) 100vw, 1024px\" \/><button\n\t\t\tclass=\"lightbox-trigger\"\n\t\t\ttype=\"button\"\n\t\t\taria-haspopup=\"dialog\"\n\t\t\taria-label=\"Vergr\u00f6\u00dfern\"\n\t\t\tdata-wp-init=\"callbacks.initTriggerButton\"\n\t\t\tdata-wp-on--click=\"actions.showLightbox\"\n\t\t\tdata-wp-style--right=\"state.imageButtonRight\"\n\t\t\tdata-wp-style--top=\"state.imageButtonTop\"\n\t\t>\n\t\t\t<svg xmlns=\"http:\/\/www.w3.org\/2000\/svg\" width=\"12\" height=\"12\" fill=\"none\" viewBox=\"0 0 12 12\">\n\t\t\t\t<path fill=\"#fff\" d=\"M2 0a2 2 0 0 0-2 2v2h1.5V2a.5.5 0 0 1 .5-.5h2V0H2Zm2 10.5H2a.5.5 0 0 1-.5-.5V8H0v2a2 2 0 0 0 2 2h2v-1.5ZM8 12v-1.5h2a.5.5 0 0 0 .5-.5V8H12v2a2 2 0 0 1-2 2H8Zm2-12a2 2 0 0 1 2 2v2h-1.5V2a.5.5 0 0 0-.5-.5H8V0h2Z\" \/>\n\t\t\t<\/svg>\n\t\t<\/button><figcaption class=\"wp-element-caption\">Gschwend &#8211; Welzheimer Strasse &#8211; Hausnummer 01 &#8211; 1920<br>Gasthaus Krone<\/figcaption><\/figure>\n\n\n\n<figure data-wp-context=\"{&quot;imageId&quot;:&quot;69f08badb7e0a&quot;}\" data-wp-interactive=\"core\/image\" data-wp-key=\"69f08badb7e0a\" class=\"wp-block-image size-large wp-lightbox-container\"><img loading=\"lazy\" decoding=\"async\" width=\"1024\" height=\"683\" data-wp-class--hide=\"state.isContentHidden\" data-wp-class--show=\"state.isContentVisible\" data-wp-init=\"callbacks.setButtonStyles\" data-wp-on--click=\"actions.showLightbox\" data-wp-on--load=\"callbacks.setButtonStyles\" data-wp-on-window--resize=\"callbacks.setButtonStyles\" data-id=\"510\" src=\"https:\/\/redesign.imlaufderzeit.de\/wp-content\/uploads\/Gschwend_Welzheimer Stra\u00dfe_Nr1__2020-1024x683.jpg\" alt=\"Gschwend - Welzheimer Strasse - Hausnummer 01 - 20200000\" class=\"wp-image-510\" srcset=\"https:\/\/redesign.imlaufderzeit.de\/wp-content\/uploads\/Gschwend_Welzheimer%20Stra\u00dfe_Nr1__2020-1024x683.jpg 1024w, https:\/\/redesign.imlaufderzeit.de\/wp-content\/uploads\/Gschwend_Welzheimer%20Stra\u00dfe_Nr1__2020-300x200.jpg 300w, https:\/\/redesign.imlaufderzeit.de\/wp-content\/uploads\/Gschwend_Welzheimer%20Stra\u00dfe_Nr1__2020-768x512.jpg 768w, https:\/\/redesign.imlaufderzeit.de\/wp-content\/uploads\/Gschwend_Welzheimer%20Stra\u00dfe_Nr1__2020-1536x1024.jpg 1536w, https:\/\/redesign.imlaufderzeit.de\/wp-content\/uploads\/Gschwend_Welzheimer%20Stra\u00dfe_Nr1__2020.JPG 1920w\" sizes=\"auto, (max-width: 1024px) 100vw, 1024px\" \/><button\n\t\t\tclass=\"lightbox-trigger\"\n\t\t\ttype=\"button\"\n\t\t\taria-haspopup=\"dialog\"\n\t\t\taria-label=\"Vergr\u00f6\u00dfern\"\n\t\t\tdata-wp-init=\"callbacks.initTriggerButton\"\n\t\t\tdata-wp-on--click=\"actions.showLightbox\"\n\t\t\tdata-wp-style--right=\"state.imageButtonRight\"\n\t\t\tdata-wp-style--top=\"state.imageButtonTop\"\n\t\t>\n\t\t\t<svg xmlns=\"http:\/\/www.w3.org\/2000\/svg\" width=\"12\" height=\"12\" fill=\"none\" viewBox=\"0 0 12 12\">\n\t\t\t\t<path fill=\"#fff\" d=\"M2 0a2 2 0 0 0-2 2v2h1.5V2a.5.5 0 0 1 .5-.5h2V0H2Zm2 10.5H2a.5.5 0 0 1-.5-.5V8H0v2a2 2 0 0 0 2 2h2v-1.5ZM8 12v-1.5h2a.5.5 0 0 0 .5-.5V8H12v2a2 2 0 0 1-2 2H8Zm2-12a2 2 0 0 1 2 2v2h-1.5V2a.5.5 0 0 0-.5-.5H8V0h2Z\" \/>\n\t\t\t<\/svg>\n\t\t<\/button><figcaption class=\"wp-element-caption\">Gschwend &#8211; Welzheimer Strasse &#8211; Hausnummer 01 &#8211; 2020 <br>Foto Klaus Ockert<\/figcaption><\/figure>\n\n\n\n<figure data-wp-context=\"{&quot;imageId&quot;:&quot;69f08badb8197&quot;}\" data-wp-interactive=\"core\/image\" data-wp-key=\"69f08badb8197\" class=\"wp-block-image size-large wp-lightbox-container\"><img loading=\"lazy\" decoding=\"async\" width=\"1024\" height=\"826\" data-wp-class--hide=\"state.isContentHidden\" data-wp-class--show=\"state.isContentVisible\" data-wp-init=\"callbacks.setButtonStyles\" data-wp-on--click=\"actions.showLightbox\" data-wp-on--load=\"callbacks.setButtonStyles\" data-wp-on-window--resize=\"callbacks.setButtonStyles\" data-id=\"509\" src=\"http:\/\/redesign.imlaufderzeit.de\/wp-content\/uploads\/Gschwend_Welzheimer Stra\u00dfe_Nr1__1936-1024x826.jpg\" alt=\"Gschwend - Welzheimer Strasse - Hausnummer 01 - 1936\" class=\"wp-image-509\" srcset=\"https:\/\/redesign.imlaufderzeit.de\/wp-content\/uploads\/Gschwend_Welzheimer%20Stra\u00dfe_Nr1__1936-1024x826.jpg 1024w, https:\/\/redesign.imlaufderzeit.de\/wp-content\/uploads\/Gschwend_Welzheimer%20Stra\u00dfe_Nr1__1936-300x242.jpg 300w, https:\/\/redesign.imlaufderzeit.de\/wp-content\/uploads\/Gschwend_Welzheimer%20Stra\u00dfe_Nr1__1936-768x620.jpg 768w, https:\/\/redesign.imlaufderzeit.de\/wp-content\/uploads\/Gschwend_Welzheimer%20Stra\u00dfe_Nr1__1936-1536x1239.jpg 1536w, https:\/\/redesign.imlaufderzeit.de\/wp-content\/uploads\/Gschwend_Welzheimer%20Stra\u00dfe_Nr1__1936.jpg 1920w\" sizes=\"auto, (max-width: 1024px) 100vw, 1024px\" \/><button\n\t\t\tclass=\"lightbox-trigger\"\n\t\t\ttype=\"button\"\n\t\t\taria-haspopup=\"dialog\"\n\t\t\taria-label=\"Vergr\u00f6\u00dfern\"\n\t\t\tdata-wp-init=\"callbacks.initTriggerButton\"\n\t\t\tdata-wp-on--click=\"actions.showLightbox\"\n\t\t\tdata-wp-style--right=\"state.imageButtonRight\"\n\t\t\tdata-wp-style--top=\"state.imageButtonTop\"\n\t\t>\n\t\t\t<svg xmlns=\"http:\/\/www.w3.org\/2000\/svg\" width=\"12\" height=\"12\" fill=\"none\" viewBox=\"0 0 12 12\">\n\t\t\t\t<path fill=\"#fff\" d=\"M2 0a2 2 0 0 0-2 2v2h1.5V2a.5.5 0 0 1 .5-.5h2V0H2Zm2 10.5H2a.5.5 0 0 1-.5-.5V8H0v2a2 2 0 0 0 2 2h2v-1.5ZM8 12v-1.5h2a.5.5 0 0 0 .5-.5V8H12v2a2 2 0 0 1-2 2H8Zm2-12a2 2 0 0 1 2 2v2h-1.5V2a.5.5 0 0 0-.5-.5H8V0h2Z\" \/>\n\t\t\t<\/svg>\n\t\t<\/button><figcaption class=\"wp-element-caption\">Gschwend &#8211; Welzheimer Strasse &#8211; Hausnummer 01 &#8211; 1936<\/figcaption><\/figure>\n\n\n\n<figure data-wp-context=\"{&quot;imageId&quot;:&quot;69f08badb84ee&quot;}\" data-wp-interactive=\"core\/image\" data-wp-key=\"69f08badb84ee\" class=\"wp-block-image size-large wp-lightbox-container\"><img loading=\"lazy\" decoding=\"async\" width=\"622\" height=\"1024\" data-wp-class--hide=\"state.isContentHidden\" data-wp-class--show=\"state.isContentVisible\" data-wp-init=\"callbacks.setButtonStyles\" data-wp-on--click=\"actions.showLightbox\" data-wp-on--load=\"callbacks.setButtonStyles\" data-wp-on-window--resize=\"callbacks.setButtonStyles\" data-id=\"524\" src=\"https:\/\/redesign.imlaufderzeit.de\/wp-content\/uploads\/Gschwend_Welzheimer Stra\u00dfe_Nr2__1960-622x1024.jpg\" alt=\"Gschwend - Welzheimer Strasse - Hausnummer 2 - 19600000\" class=\"wp-image-524\" srcset=\"https:\/\/redesign.imlaufderzeit.de\/wp-content\/uploads\/Gschwend_Welzheimer%20Stra\u00dfe_Nr2__1960-622x1024.jpg 622w, https:\/\/redesign.imlaufderzeit.de\/wp-content\/uploads\/Gschwend_Welzheimer%20Stra\u00dfe_Nr2__1960-182x300.jpg 182w, https:\/\/redesign.imlaufderzeit.de\/wp-content\/uploads\/Gschwend_Welzheimer%20Stra\u00dfe_Nr2__1960-768x1264.jpg 768w, https:\/\/redesign.imlaufderzeit.de\/wp-content\/uploads\/Gschwend_Welzheimer%20Stra\u00dfe_Nr2__1960-934x1536.jpg 934w, https:\/\/redesign.imlaufderzeit.de\/wp-content\/uploads\/Gschwend_Welzheimer%20Stra\u00dfe_Nr2__1960-1245x2048.jpg 1245w, https:\/\/redesign.imlaufderzeit.de\/wp-content\/uploads\/Gschwend_Welzheimer%20Stra\u00dfe_Nr2__1960-scaled.jpg 1556w\" sizes=\"auto, (max-width: 622px) 100vw, 622px\" \/><button\n\t\t\tclass=\"lightbox-trigger\"\n\t\t\ttype=\"button\"\n\t\t\taria-haspopup=\"dialog\"\n\t\t\taria-label=\"Vergr\u00f6\u00dfern\"\n\t\t\tdata-wp-init=\"callbacks.initTriggerButton\"\n\t\t\tdata-wp-on--click=\"actions.showLightbox\"\n\t\t\tdata-wp-style--right=\"state.imageButtonRight\"\n\t\t\tdata-wp-style--top=\"state.imageButtonTop\"\n\t\t>\n\t\t\t<svg xmlns=\"http:\/\/www.w3.org\/2000\/svg\" width=\"12\" height=\"12\" fill=\"none\" viewBox=\"0 0 12 12\">\n\t\t\t\t<path fill=\"#fff\" d=\"M2 0a2 2 0 0 0-2 2v2h1.5V2a.5.5 0 0 1 .5-.5h2V0H2Zm2 10.5H2a.5.5 0 0 1-.5-.5V8H0v2a2 2 0 0 0 2 2h2v-1.5ZM8 12v-1.5h2a.5.5 0 0 0 .5-.5V8H12v2a2 2 0 0 1-2 2H8Zm2-12a2 2 0 0 1 2 2v2h-1.5V2a.5.5 0 0 0-.5-.5H8V0h2Z\" \/>\n\t\t\t<\/svg>\n\t\t<\/button><figcaption class=\"wp-element-caption\">Gschwend &#8211; Welzheimer Strasse &#8211; Hausnummer 2 &#8211; 1960<br>Ev. Kirche<\/figcaption><\/figure>\n\n\n\n<figure data-wp-context=\"{&quot;imageId&quot;:&quot;69f08badb8820&quot;}\" data-wp-interactive=\"core\/image\" data-wp-key=\"69f08badb8820\" class=\"wp-block-image size-large wp-lightbox-container\"><img loading=\"lazy\" decoding=\"async\" width=\"1001\" height=\"1024\" data-wp-class--hide=\"state.isContentHidden\" data-wp-class--show=\"state.isContentVisible\" data-wp-init=\"callbacks.setButtonStyles\" data-wp-on--click=\"actions.showLightbox\" data-wp-on--load=\"callbacks.setButtonStyles\" data-wp-on-window--resize=\"callbacks.setButtonStyles\" data-id=\"525\" src=\"https:\/\/redesign.imlaufderzeit.de\/wp-content\/uploads\/Gschwend_Welzheimer Stra\u00dfe_Nr2__1969-1001x1024.jpg\" alt=\"Gschwend - Welzheimer Strasse - Hausnummer 2 - 19620000\" class=\"wp-image-525\" srcset=\"https:\/\/redesign.imlaufderzeit.de\/wp-content\/uploads\/Gschwend_Welzheimer%20Stra\u00dfe_Nr2__1969-1001x1024.jpg 1001w, https:\/\/redesign.imlaufderzeit.de\/wp-content\/uploads\/Gschwend_Welzheimer%20Stra\u00dfe_Nr2__1969-293x300.jpg 293w, https:\/\/redesign.imlaufderzeit.de\/wp-content\/uploads\/Gschwend_Welzheimer%20Stra\u00dfe_Nr2__1969-768x786.jpg 768w, https:\/\/redesign.imlaufderzeit.de\/wp-content\/uploads\/Gschwend_Welzheimer%20Stra\u00dfe_Nr2__1969-1501x1536.jpg 1501w, https:\/\/redesign.imlaufderzeit.de\/wp-content\/uploads\/Gschwend_Welzheimer%20Stra\u00dfe_Nr2__1969.jpg 1920w\" sizes=\"auto, (max-width: 1001px) 100vw, 1001px\" \/><button\n\t\t\tclass=\"lightbox-trigger\"\n\t\t\ttype=\"button\"\n\t\t\taria-haspopup=\"dialog\"\n\t\t\taria-label=\"Vergr\u00f6\u00dfern\"\n\t\t\tdata-wp-init=\"callbacks.initTriggerButton\"\n\t\t\tdata-wp-on--click=\"actions.showLightbox\"\n\t\t\tdata-wp-style--right=\"state.imageButtonRight\"\n\t\t\tdata-wp-style--top=\"state.imageButtonTop\"\n\t\t>\n\t\t\t<svg xmlns=\"http:\/\/www.w3.org\/2000\/svg\" width=\"12\" height=\"12\" fill=\"none\" viewBox=\"0 0 12 12\">\n\t\t\t\t<path fill=\"#fff\" d=\"M2 0a2 2 0 0 0-2 2v2h1.5V2a.5.5 0 0 1 .5-.5h2V0H2Zm2 10.5H2a.5.5 0 0 1-.5-.5V8H0v2a2 2 0 0 0 2 2h2v-1.5ZM8 12v-1.5h2a.5.5 0 0 0 .5-.5V8H12v2a2 2 0 0 1-2 2H8Zm2-12a2 2 0 0 1 2 2v2h-1.5V2a.5.5 0 0 0-.5-.5H8V0h2Z\" \/>\n\t\t\t<\/svg>\n\t\t<\/button><figcaption class=\"wp-element-caption\">Gschwend &#8211; Welzheimer Strasse &#8211; Hausnummer 2 &#8211; 1962<br>Kirchturmerneuerung<\/figcaption><\/figure>\n\n\n\n<figure data-wp-context=\"{&quot;imageId&quot;:&quot;69f08badb8b8c&quot;}\" data-wp-interactive=\"core\/image\" data-wp-key=\"69f08badb8b8c\" class=\"wp-block-image size-large wp-lightbox-container\"><img loading=\"lazy\" decoding=\"async\" width=\"1024\" height=\"683\" data-wp-class--hide=\"state.isContentHidden\" data-wp-class--show=\"state.isContentVisible\" data-wp-init=\"callbacks.setButtonStyles\" data-wp-on--click=\"actions.showLightbox\" data-wp-on--load=\"callbacks.setButtonStyles\" data-wp-on-window--resize=\"callbacks.setButtonStyles\" data-id=\"527\" src=\"https:\/\/redesign.imlaufderzeit.de\/wp-content\/uploads\/Gschwend_Welzheimer Stra\u00dfe_Nr2__2023-1024x683.jpg\" alt=\"Gschwend - Welzheimer Strasse - Hausnummer 2 - 20230000\" class=\"wp-image-527\" srcset=\"https:\/\/redesign.imlaufderzeit.de\/wp-content\/uploads\/Gschwend_Welzheimer%20Stra\u00dfe_Nr2__2023-1024x683.jpg 1024w, https:\/\/redesign.imlaufderzeit.de\/wp-content\/uploads\/Gschwend_Welzheimer%20Stra\u00dfe_Nr2__2023-300x200.jpg 300w, https:\/\/redesign.imlaufderzeit.de\/wp-content\/uploads\/Gschwend_Welzheimer%20Stra\u00dfe_Nr2__2023-768x512.jpg 768w, https:\/\/redesign.imlaufderzeit.de\/wp-content\/uploads\/Gschwend_Welzheimer%20Stra\u00dfe_Nr2__2023-1536x1024.jpg 1536w, https:\/\/redesign.imlaufderzeit.de\/wp-content\/uploads\/Gschwend_Welzheimer%20Stra\u00dfe_Nr2__2023.JPG 1920w\" sizes=\"auto, (max-width: 1024px) 100vw, 1024px\" \/><button\n\t\t\tclass=\"lightbox-trigger\"\n\t\t\ttype=\"button\"\n\t\t\taria-haspopup=\"dialog\"\n\t\t\taria-label=\"Vergr\u00f6\u00dfern\"\n\t\t\tdata-wp-init=\"callbacks.initTriggerButton\"\n\t\t\tdata-wp-on--click=\"actions.showLightbox\"\n\t\t\tdata-wp-style--right=\"state.imageButtonRight\"\n\t\t\tdata-wp-style--top=\"state.imageButtonTop\"\n\t\t>\n\t\t\t<svg xmlns=\"http:\/\/www.w3.org\/2000\/svg\" width=\"12\" height=\"12\" fill=\"none\" viewBox=\"0 0 12 12\">\n\t\t\t\t<path fill=\"#fff\" d=\"M2 0a2 2 0 0 0-2 2v2h1.5V2a.5.5 0 0 1 .5-.5h2V0H2Zm2 10.5H2a.5.5 0 0 1-.5-.5V8H0v2a2 2 0 0 0 2 2h2v-1.5ZM8 12v-1.5h2a.5.5 0 0 0 .5-.5V8H12v2a2 2 0 0 1-2 2H8Zm2-12a2 2 0 0 1 2 2v2h-1.5V2a.5.5 0 0 0-.5-.5H8V0h2Z\" \/>\n\t\t\t<\/svg>\n\t\t<\/button><figcaption class=\"wp-element-caption\">Gschwend &#8211; Welzheimer Strasse &#8211; Hausnummer 2 &#8211; 2023<br>Ev. Kirche <br>Foto Klaus Ockert<\/figcaption><\/figure>\n\n\n\n<figure data-wp-context=\"{&quot;imageId&quot;:&quot;69f08badb8ebd&quot;}\" data-wp-interactive=\"core\/image\" data-wp-key=\"69f08badb8ebd\" class=\"wp-block-image size-large wp-lightbox-container\"><img loading=\"lazy\" decoding=\"async\" width=\"683\" height=\"1024\" data-wp-class--hide=\"state.isContentHidden\" data-wp-class--show=\"state.isContentVisible\" data-wp-init=\"callbacks.setButtonStyles\" data-wp-on--click=\"actions.showLightbox\" data-wp-on--load=\"callbacks.setButtonStyles\" data-wp-on-window--resize=\"callbacks.setButtonStyles\" data-id=\"526\" src=\"https:\/\/redesign.imlaufderzeit.de\/wp-content\/uploads\/Gschwend_Welzheimer Stra\u00dfe_Nr2__2020-683x1024.jpg\" alt=\"Gschwend - Welzheimer Strasse - Hausnummer 2 - 20200000\" class=\"wp-image-526\" srcset=\"https:\/\/redesign.imlaufderzeit.de\/wp-content\/uploads\/Gschwend_Welzheimer%20Stra\u00dfe_Nr2__2020-683x1024.jpg 683w, https:\/\/redesign.imlaufderzeit.de\/wp-content\/uploads\/Gschwend_Welzheimer%20Stra\u00dfe_Nr2__2020-200x300.jpg 200w, https:\/\/redesign.imlaufderzeit.de\/wp-content\/uploads\/Gschwend_Welzheimer%20Stra\u00dfe_Nr2__2020-768x1152.jpg 768w, https:\/\/redesign.imlaufderzeit.de\/wp-content\/uploads\/Gschwend_Welzheimer%20Stra\u00dfe_Nr2__2020-1024x1536.jpg 1024w, https:\/\/redesign.imlaufderzeit.de\/wp-content\/uploads\/Gschwend_Welzheimer%20Stra\u00dfe_Nr2__2020-1365x2048.jpg 1365w, https:\/\/redesign.imlaufderzeit.de\/wp-content\/uploads\/Gschwend_Welzheimer%20Stra\u00dfe_Nr2__2020-scaled.jpg 1707w\" sizes=\"auto, (max-width: 683px) 100vw, 683px\" \/><button\n\t\t\tclass=\"lightbox-trigger\"\n\t\t\ttype=\"button\"\n\t\t\taria-haspopup=\"dialog\"\n\t\t\taria-label=\"Vergr\u00f6\u00dfern\"\n\t\t\tdata-wp-init=\"callbacks.initTriggerButton\"\n\t\t\tdata-wp-on--click=\"actions.showLightbox\"\n\t\t\tdata-wp-style--right=\"state.imageButtonRight\"\n\t\t\tdata-wp-style--top=\"state.imageButtonTop\"\n\t\t>\n\t\t\t<svg xmlns=\"http:\/\/www.w3.org\/2000\/svg\" width=\"12\" height=\"12\" fill=\"none\" viewBox=\"0 0 12 12\">\n\t\t\t\t<path fill=\"#fff\" d=\"M2 0a2 2 0 0 0-2 2v2h1.5V2a.5.5 0 0 1 .5-.5h2V0H2Zm2 10.5H2a.5.5 0 0 1-.5-.5V8H0v2a2 2 0 0 0 2 2h2v-1.5ZM8 12v-1.5h2a.5.5 0 0 0 .5-.5V8H12v2a2 2 0 0 1-2 2H8Zm2-12a2 2 0 0 1 2 2v2h-1.5V2a.5.5 0 0 0-.5-.5H8V0h2Z\" \/>\n\t\t\t<\/svg>\n\t\t<\/button><figcaption class=\"wp-element-caption\">Gschwend &#8211; Welzheimer Strasse &#8211; Hausnummer 2 &#8211; 2020<br>Ev. Kirche <br>Foto Klaus Ockert<\/figcaption><\/figure>\n\n\n\n<figure data-wp-context=\"{&quot;imageId&quot;:&quot;69f08badb9295&quot;}\" data-wp-interactive=\"core\/image\" data-wp-key=\"69f08badb9295\" class=\"wp-block-image size-large wp-lightbox-container\"><img loading=\"lazy\" decoding=\"async\" width=\"1024\" height=\"683\" data-wp-class--hide=\"state.isContentHidden\" data-wp-class--show=\"state.isContentVisible\" data-wp-init=\"callbacks.setButtonStyles\" data-wp-on--click=\"actions.showLightbox\" data-wp-on--load=\"callbacks.setButtonStyles\" data-wp-on-window--resize=\"callbacks.setButtonStyles\" data-id=\"531\" src=\"https:\/\/redesign.imlaufderzeit.de\/wp-content\/uploads\/Gschwend_Welzheimer Stra\u00dfe_Nr3__2023-1024x683.jpg\" alt=\"Gschwend - Welzheimer Strasse - Hausnummer 3 - 20230000\" class=\"wp-image-531\" srcset=\"https:\/\/redesign.imlaufderzeit.de\/wp-content\/uploads\/Gschwend_Welzheimer%20Stra\u00dfe_Nr3__2023-1024x683.jpg 1024w, https:\/\/redesign.imlaufderzeit.de\/wp-content\/uploads\/Gschwend_Welzheimer%20Stra\u00dfe_Nr3__2023-300x200.jpg 300w, https:\/\/redesign.imlaufderzeit.de\/wp-content\/uploads\/Gschwend_Welzheimer%20Stra\u00dfe_Nr3__2023-768x512.jpg 768w, https:\/\/redesign.imlaufderzeit.de\/wp-content\/uploads\/Gschwend_Welzheimer%20Stra\u00dfe_Nr3__2023-1536x1024.jpg 1536w, https:\/\/redesign.imlaufderzeit.de\/wp-content\/uploads\/Gschwend_Welzheimer%20Stra\u00dfe_Nr3__2023.JPG 1920w\" sizes=\"auto, (max-width: 1024px) 100vw, 1024px\" \/><button\n\t\t\tclass=\"lightbox-trigger\"\n\t\t\ttype=\"button\"\n\t\t\taria-haspopup=\"dialog\"\n\t\t\taria-label=\"Vergr\u00f6\u00dfern\"\n\t\t\tdata-wp-init=\"callbacks.initTriggerButton\"\n\t\t\tdata-wp-on--click=\"actions.showLightbox\"\n\t\t\tdata-wp-style--right=\"state.imageButtonRight\"\n\t\t\tdata-wp-style--top=\"state.imageButtonTop\"\n\t\t>\n\t\t\t<svg xmlns=\"http:\/\/www.w3.org\/2000\/svg\" width=\"12\" height=\"12\" fill=\"none\" viewBox=\"0 0 12 12\">\n\t\t\t\t<path fill=\"#fff\" d=\"M2 0a2 2 0 0 0-2 2v2h1.5V2a.5.5 0 0 1 .5-.5h2V0H2Zm2 10.5H2a.5.5 0 0 1-.5-.5V8H0v2a2 2 0 0 0 2 2h2v-1.5ZM8 12v-1.5h2a.5.5 0 0 0 .5-.5V8H12v2a2 2 0 0 1-2 2H8Zm2-12a2 2 0 0 1 2 2v2h-1.5V2a.5.5 0 0 0-.5-.5H8V0h2Z\" \/>\n\t\t\t<\/svg>\n\t\t<\/button><figcaption class=\"wp-element-caption\">Gschwend &#8211; Welzheimer Strasse &#8211; Hausnummer 3 &#8211; 2023<br>von hinten <br>Foto Klaus Ockert<\/figcaption><\/figure>\n\n\n\n<figure data-wp-context=\"{&quot;imageId&quot;:&quot;69f08badb963e&quot;}\" data-wp-interactive=\"core\/image\" data-wp-key=\"69f08badb963e\" class=\"wp-block-image size-large wp-lightbox-container\"><img loading=\"lazy\" decoding=\"async\" width=\"1024\" height=\"683\" data-wp-class--hide=\"state.isContentHidden\" data-wp-class--show=\"state.isContentVisible\" data-wp-init=\"callbacks.setButtonStyles\" data-wp-on--click=\"actions.showLightbox\" data-wp-on--load=\"callbacks.setButtonStyles\" data-wp-on-window--resize=\"callbacks.setButtonStyles\" data-id=\"530\" src=\"https:\/\/redesign.imlaufderzeit.de\/wp-content\/uploads\/Gschwend_Welzheimer Stra\u00dfe_Nr3__2019-1024x683.jpg\" alt=\"Gschwend - Welzheimer Strasse - Hausnummer 3 - 20190000\" class=\"wp-image-530\" srcset=\"https:\/\/redesign.imlaufderzeit.de\/wp-content\/uploads\/Gschwend_Welzheimer%20Stra\u00dfe_Nr3__2019-1024x683.jpg 1024w, https:\/\/redesign.imlaufderzeit.de\/wp-content\/uploads\/Gschwend_Welzheimer%20Stra\u00dfe_Nr3__2019-300x200.jpg 300w, https:\/\/redesign.imlaufderzeit.de\/wp-content\/uploads\/Gschwend_Welzheimer%20Stra\u00dfe_Nr3__2019-768x512.jpg 768w, https:\/\/redesign.imlaufderzeit.de\/wp-content\/uploads\/Gschwend_Welzheimer%20Stra\u00dfe_Nr3__2019-1536x1024.jpg 1536w, https:\/\/redesign.imlaufderzeit.de\/wp-content\/uploads\/Gschwend_Welzheimer%20Stra\u00dfe_Nr3__2019.jpg 1920w\" sizes=\"auto, (max-width: 1024px) 100vw, 1024px\" \/><button\n\t\t\tclass=\"lightbox-trigger\"\n\t\t\ttype=\"button\"\n\t\t\taria-haspopup=\"dialog\"\n\t\t\taria-label=\"Vergr\u00f6\u00dfern\"\n\t\t\tdata-wp-init=\"callbacks.initTriggerButton\"\n\t\t\tdata-wp-on--click=\"actions.showLightbox\"\n\t\t\tdata-wp-style--right=\"state.imageButtonRight\"\n\t\t\tdata-wp-style--top=\"state.imageButtonTop\"\n\t\t>\n\t\t\t<svg xmlns=\"http:\/\/www.w3.org\/2000\/svg\" width=\"12\" height=\"12\" fill=\"none\" viewBox=\"0 0 12 12\">\n\t\t\t\t<path fill=\"#fff\" d=\"M2 0a2 2 0 0 0-2 2v2h1.5V2a.5.5 0 0 1 .5-.5h2V0H2Zm2 10.5H2a.5.5 0 0 1-.5-.5V8H0v2a2 2 0 0 0 2 2h2v-1.5ZM8 12v-1.5h2a.5.5 0 0 0 .5-.5V8H12v2a2 2 0 0 1-2 2H8Zm2-12a2 2 0 0 1 2 2v2h-1.5V2a.5.5 0 0 0-.5-.5H8V0h2Z\" \/>\n\t\t\t<\/svg>\n\t\t<\/button><figcaption class=\"wp-element-caption\">Gschwend &#8211; Welzheimer Strasse &#8211; Hausnummer 3 &#8211; 2019<br>Ehemals Bekleidungsgesch\u00e4ft Pfisterer sp\u00e4ter Manke  <br>Foto Klaus Ockert<\/figcaption><\/figure>\n\n\n\n<figure data-wp-context=\"{&quot;imageId&quot;:&quot;69f08badb9997&quot;}\" data-wp-interactive=\"core\/image\" data-wp-key=\"69f08badb9997\" class=\"wp-block-image size-large wp-lightbox-container\"><img loading=\"lazy\" decoding=\"async\" width=\"1024\" height=\"683\" data-wp-class--hide=\"state.isContentHidden\" data-wp-class--show=\"state.isContentVisible\" data-wp-init=\"callbacks.setButtonStyles\" data-wp-on--click=\"actions.showLightbox\" data-wp-on--load=\"callbacks.setButtonStyles\" data-wp-on-window--resize=\"callbacks.setButtonStyles\" data-id=\"532\" src=\"https:\/\/redesign.imlaufderzeit.de\/wp-content\/uploads\/Gschwend_Welzheimer Stra\u00dfe_Nr4__Lutherstube-1024x683.jpg\" alt=\"Gschwend - Welzheimer Strasse - Hausnummer 4 - 20230000\" class=\"wp-image-532\" srcset=\"https:\/\/redesign.imlaufderzeit.de\/wp-content\/uploads\/Gschwend_Welzheimer%20Stra\u00dfe_Nr4__Lutherstube-1024x683.jpg 1024w, https:\/\/redesign.imlaufderzeit.de\/wp-content\/uploads\/Gschwend_Welzheimer%20Stra\u00dfe_Nr4__Lutherstube-300x200.jpg 300w, https:\/\/redesign.imlaufderzeit.de\/wp-content\/uploads\/Gschwend_Welzheimer%20Stra\u00dfe_Nr4__Lutherstube-768x512.jpg 768w, https:\/\/redesign.imlaufderzeit.de\/wp-content\/uploads\/Gschwend_Welzheimer%20Stra\u00dfe_Nr4__Lutherstube-1536x1024.jpg 1536w, https:\/\/redesign.imlaufderzeit.de\/wp-content\/uploads\/Gschwend_Welzheimer%20Stra\u00dfe_Nr4__Lutherstube.JPG 1920w\" sizes=\"auto, (max-width: 1024px) 100vw, 1024px\" \/><button\n\t\t\tclass=\"lightbox-trigger\"\n\t\t\ttype=\"button\"\n\t\t\taria-haspopup=\"dialog\"\n\t\t\taria-label=\"Vergr\u00f6\u00dfern\"\n\t\t\tdata-wp-init=\"callbacks.initTriggerButton\"\n\t\t\tdata-wp-on--click=\"actions.showLightbox\"\n\t\t\tdata-wp-style--right=\"state.imageButtonRight\"\n\t\t\tdata-wp-style--top=\"state.imageButtonTop\"\n\t\t>\n\t\t\t<svg xmlns=\"http:\/\/www.w3.org\/2000\/svg\" width=\"12\" height=\"12\" fill=\"none\" viewBox=\"0 0 12 12\">\n\t\t\t\t<path fill=\"#fff\" d=\"M2 0a2 2 0 0 0-2 2v2h1.5V2a.5.5 0 0 1 .5-.5h2V0H2Zm2 10.5H2a.5.5 0 0 1-.5-.5V8H0v2a2 2 0 0 0 2 2h2v-1.5ZM8 12v-1.5h2a.5.5 0 0 0 .5-.5V8H12v2a2 2 0 0 1-2 2H8Zm2-12a2 2 0 0 1 2 2v2h-1.5V2a.5.5 0 0 0-.5-.5H8V0h2Z\" \/>\n\t\t\t<\/svg>\n\t\t<\/button><figcaption class=\"wp-element-caption\">Gschwend &#8211; Welzheimer Strasse &#8211; Hausnummer 4 &#8211; 2023<br>Lutherstube <br>Foto Klaus Ockert<\/figcaption><\/figure>\n\n\n\n<figure data-wp-context=\"{&quot;imageId&quot;:&quot;69f08badb9cfb&quot;}\" data-wp-interactive=\"core\/image\" data-wp-key=\"69f08badb9cfb\" class=\"wp-block-image size-large wp-lightbox-container\"><img loading=\"lazy\" decoding=\"async\" width=\"1024\" height=\"683\" data-wp-class--hide=\"state.isContentHidden\" data-wp-class--show=\"state.isContentVisible\" data-wp-init=\"callbacks.setButtonStyles\" data-wp-on--click=\"actions.showLightbox\" data-wp-on--load=\"callbacks.setButtonStyles\" data-wp-on-window--resize=\"callbacks.setButtonStyles\" data-id=\"533\" src=\"https:\/\/redesign.imlaufderzeit.de\/wp-content\/uploads\/Gschwend_Welzheimer Stra\u00dfe_Nr5__IMG 7_0781-1024x683.jpg\" alt=\"Gschwend - Welzheimer Strasse - Hausnummer 5 - 20230000\" class=\"wp-image-533\" srcset=\"https:\/\/redesign.imlaufderzeit.de\/wp-content\/uploads\/Gschwend_Welzheimer%20Stra\u00dfe_Nr5__IMG%207_0781-1024x683.jpg 1024w, https:\/\/redesign.imlaufderzeit.de\/wp-content\/uploads\/Gschwend_Welzheimer%20Stra\u00dfe_Nr5__IMG%207_0781-300x200.jpg 300w, https:\/\/redesign.imlaufderzeit.de\/wp-content\/uploads\/Gschwend_Welzheimer%20Stra\u00dfe_Nr5__IMG%207_0781-768x512.jpg 768w, https:\/\/redesign.imlaufderzeit.de\/wp-content\/uploads\/Gschwend_Welzheimer%20Stra\u00dfe_Nr5__IMG%207_0781-1536x1024.jpg 1536w, https:\/\/redesign.imlaufderzeit.de\/wp-content\/uploads\/Gschwend_Welzheimer%20Stra\u00dfe_Nr5__IMG%207_0781.JPG 1920w\" sizes=\"auto, (max-width: 1024px) 100vw, 1024px\" \/><button\n\t\t\tclass=\"lightbox-trigger\"\n\t\t\ttype=\"button\"\n\t\t\taria-haspopup=\"dialog\"\n\t\t\taria-label=\"Vergr\u00f6\u00dfern\"\n\t\t\tdata-wp-init=\"callbacks.initTriggerButton\"\n\t\t\tdata-wp-on--click=\"actions.showLightbox\"\n\t\t\tdata-wp-style--right=\"state.imageButtonRight\"\n\t\t\tdata-wp-style--top=\"state.imageButtonTop\"\n\t\t>\n\t\t\t<svg xmlns=\"http:\/\/www.w3.org\/2000\/svg\" width=\"12\" height=\"12\" fill=\"none\" viewBox=\"0 0 12 12\">\n\t\t\t\t<path fill=\"#fff\" d=\"M2 0a2 2 0 0 0-2 2v2h1.5V2a.5.5 0 0 1 .5-.5h2V0H2Zm2 10.5H2a.5.5 0 0 1-.5-.5V8H0v2a2 2 0 0 0 2 2h2v-1.5ZM8 12v-1.5h2a.5.5 0 0 0 .5-.5V8H12v2a2 2 0 0 1-2 2H8Zm2-12a2 2 0 0 1 2 2v2h-1.5V2a.5.5 0 0 0-.5-.5H8V0h2Z\" \/>\n\t\t\t<\/svg>\n\t\t<\/button><figcaption class=\"wp-element-caption\">Gschwend &#8211; Welzheimer Strasse &#8211; Hausnummer 5 &#8211; 2023<br>Ehemals Schulhaus <br>Foto Klaus Ockert<\/figcaption><\/figure>\n\n\n\n<figure data-wp-context=\"{&quot;imageId&quot;:&quot;69f08badba055&quot;}\" data-wp-interactive=\"core\/image\" data-wp-key=\"69f08badba055\" class=\"wp-block-image size-large wp-lightbox-container\"><img loading=\"lazy\" decoding=\"async\" width=\"1024\" height=\"683\" data-wp-class--hide=\"state.isContentHidden\" data-wp-class--show=\"state.isContentVisible\" data-wp-init=\"callbacks.setButtonStyles\" data-wp-on--click=\"actions.showLightbox\" data-wp-on--load=\"callbacks.setButtonStyles\" data-wp-on-window--resize=\"callbacks.setButtonStyles\" data-id=\"534\" src=\"https:\/\/redesign.imlaufderzeit.de\/wp-content\/uploads\/Gschwend_Welzheimer Stra\u00dfe_Nr6__IMG 7_0802-1024x683.jpg\" alt=\"Gschwend - Welzheimer Strasse - Hausnummer 6 - 20230000\" class=\"wp-image-534\" srcset=\"https:\/\/redesign.imlaufderzeit.de\/wp-content\/uploads\/Gschwend_Welzheimer%20Stra\u00dfe_Nr6__IMG%207_0802-1024x683.jpg 1024w, https:\/\/redesign.imlaufderzeit.de\/wp-content\/uploads\/Gschwend_Welzheimer%20Stra\u00dfe_Nr6__IMG%207_0802-300x200.jpg 300w, https:\/\/redesign.imlaufderzeit.de\/wp-content\/uploads\/Gschwend_Welzheimer%20Stra\u00dfe_Nr6__IMG%207_0802-768x512.jpg 768w, https:\/\/redesign.imlaufderzeit.de\/wp-content\/uploads\/Gschwend_Welzheimer%20Stra\u00dfe_Nr6__IMG%207_0802-1536x1024.jpg 1536w, https:\/\/redesign.imlaufderzeit.de\/wp-content\/uploads\/Gschwend_Welzheimer%20Stra\u00dfe_Nr6__IMG%207_0802.JPG 1920w\" sizes=\"auto, (max-width: 1024px) 100vw, 1024px\" \/><button\n\t\t\tclass=\"lightbox-trigger\"\n\t\t\ttype=\"button\"\n\t\t\taria-haspopup=\"dialog\"\n\t\t\taria-label=\"Vergr\u00f6\u00dfern\"\n\t\t\tdata-wp-init=\"callbacks.initTriggerButton\"\n\t\t\tdata-wp-on--click=\"actions.showLightbox\"\n\t\t\tdata-wp-style--right=\"state.imageButtonRight\"\n\t\t\tdata-wp-style--top=\"state.imageButtonTop\"\n\t\t>\n\t\t\t<svg xmlns=\"http:\/\/www.w3.org\/2000\/svg\" width=\"12\" height=\"12\" fill=\"none\" viewBox=\"0 0 12 12\">\n\t\t\t\t<path fill=\"#fff\" d=\"M2 0a2 2 0 0 0-2 2v2h1.5V2a.5.5 0 0 1 .5-.5h2V0H2Zm2 10.5H2a.5.5 0 0 1-.5-.5V8H0v2a2 2 0 0 0 2 2h2v-1.5ZM8 12v-1.5h2a.5.5 0 0 0 .5-.5V8H12v2a2 2 0 0 1-2 2H8Zm2-12a2 2 0 0 1 2 2v2h-1.5V2a.5.5 0 0 0-.5-.5H8V0h2Z\" \/>\n\t\t\t<\/svg>\n\t\t<\/button><figcaption class=\"wp-element-caption\">Gschwend &#8211; Welzheimer Strasse &#8211; Hausnummer 6 &#8211; 2023<br>Ehemals Metzgerei und Gasthaus zum L\u00f6wen <br>Foto Klaus Ockert<\/figcaption><\/figure>\n\n\n\n<figure data-wp-context=\"{&quot;imageId&quot;:&quot;69f08badba3af&quot;}\" data-wp-interactive=\"core\/image\" data-wp-key=\"69f08badba3af\" class=\"wp-block-image size-large wp-lightbox-container\"><img loading=\"lazy\" decoding=\"async\" width=\"1024\" height=\"683\" data-wp-class--hide=\"state.isContentHidden\" data-wp-class--show=\"state.isContentVisible\" data-wp-init=\"callbacks.setButtonStyles\" data-wp-on--click=\"actions.showLightbox\" data-wp-on--load=\"callbacks.setButtonStyles\" data-wp-on-window--resize=\"callbacks.setButtonStyles\" data-id=\"536\" src=\"https:\/\/redesign.imlaufderzeit.de\/wp-content\/uploads\/Gschwend_Welzheimer Stra\u00dfe_Nr7__2023-1024x683.jpg\" alt=\"Gschwend - Welzheimer Strasse - Hausnummer 7 - 20230000\" class=\"wp-image-536\" srcset=\"https:\/\/redesign.imlaufderzeit.de\/wp-content\/uploads\/Gschwend_Welzheimer%20Stra\u00dfe_Nr7__2023-1024x683.jpg 1024w, https:\/\/redesign.imlaufderzeit.de\/wp-content\/uploads\/Gschwend_Welzheimer%20Stra\u00dfe_Nr7__2023-300x200.jpg 300w, https:\/\/redesign.imlaufderzeit.de\/wp-content\/uploads\/Gschwend_Welzheimer%20Stra\u00dfe_Nr7__2023-768x512.jpg 768w, https:\/\/redesign.imlaufderzeit.de\/wp-content\/uploads\/Gschwend_Welzheimer%20Stra\u00dfe_Nr7__2023-1536x1024.jpg 1536w, https:\/\/redesign.imlaufderzeit.de\/wp-content\/uploads\/Gschwend_Welzheimer%20Stra\u00dfe_Nr7__2023.JPG 1920w\" sizes=\"auto, (max-width: 1024px) 100vw, 1024px\" \/><button\n\t\t\tclass=\"lightbox-trigger\"\n\t\t\ttype=\"button\"\n\t\t\taria-haspopup=\"dialog\"\n\t\t\taria-label=\"Vergr\u00f6\u00dfern\"\n\t\t\tdata-wp-init=\"callbacks.initTriggerButton\"\n\t\t\tdata-wp-on--click=\"actions.showLightbox\"\n\t\t\tdata-wp-style--right=\"state.imageButtonRight\"\n\t\t\tdata-wp-style--top=\"state.imageButtonTop\"\n\t\t>\n\t\t\t<svg xmlns=\"http:\/\/www.w3.org\/2000\/svg\" width=\"12\" height=\"12\" fill=\"none\" viewBox=\"0 0 12 12\">\n\t\t\t\t<path fill=\"#fff\" d=\"M2 0a2 2 0 0 0-2 2v2h1.5V2a.5.5 0 0 1 .5-.5h2V0H2Zm2 10.5H2a.5.5 0 0 1-.5-.5V8H0v2a2 2 0 0 0 2 2h2v-1.5ZM8 12v-1.5h2a.5.5 0 0 0 .5-.5V8H12v2a2 2 0 0 1-2 2H8Zm2-12a2 2 0 0 1 2 2v2h-1.5V2a.5.5 0 0 0-.5-.5H8V0h2Z\" \/>\n\t\t\t<\/svg>\n\t\t<\/button><figcaption class=\"wp-element-caption\">Gschwend &#8211; Welzheimer Strasse &#8211; Hausnummer 7 &#8211; 2023<br>Herrengass<br>War f\u00fcher Eisenwaren, Kohlen Bauer<br>Foto Klaus Ockert<\/figcaption><\/figure>\n\n\n\n<figure data-wp-context=\"{&quot;imageId&quot;:&quot;69f08badba736&quot;}\" data-wp-interactive=\"core\/image\" data-wp-key=\"69f08badba736\" class=\"wp-block-image size-large wp-lightbox-container\"><img loading=\"lazy\" decoding=\"async\" width=\"1024\" height=\"683\" data-wp-class--hide=\"state.isContentHidden\" data-wp-class--show=\"state.isContentVisible\" data-wp-init=\"callbacks.setButtonStyles\" data-wp-on--click=\"actions.showLightbox\" data-wp-on--load=\"callbacks.setButtonStyles\" data-wp-on-window--resize=\"callbacks.setButtonStyles\" data-id=\"535\" src=\"https:\/\/redesign.imlaufderzeit.de\/wp-content\/uploads\/Gschwend_Welzheimer Stra\u00dfe_Nr7__2023-1-1024x683.jpg\" alt=\"Gschwend - Welzheimer Strasse - Hausnummer 7 - 20230000\" class=\"wp-image-535\" srcset=\"https:\/\/redesign.imlaufderzeit.de\/wp-content\/uploads\/Gschwend_Welzheimer%20Stra\u00dfe_Nr7__2023-1-1024x683.jpg 1024w, https:\/\/redesign.imlaufderzeit.de\/wp-content\/uploads\/Gschwend_Welzheimer%20Stra\u00dfe_Nr7__2023-1-300x200.jpg 300w, https:\/\/redesign.imlaufderzeit.de\/wp-content\/uploads\/Gschwend_Welzheimer%20Stra\u00dfe_Nr7__2023-1-768x512.jpg 768w, https:\/\/redesign.imlaufderzeit.de\/wp-content\/uploads\/Gschwend_Welzheimer%20Stra\u00dfe_Nr7__2023-1-1536x1024.jpg 1536w, https:\/\/redesign.imlaufderzeit.de\/wp-content\/uploads\/Gschwend_Welzheimer%20Stra\u00dfe_Nr7__2023-1.JPG 1920w\" sizes=\"auto, (max-width: 1024px) 100vw, 1024px\" \/><button\n\t\t\tclass=\"lightbox-trigger\"\n\t\t\ttype=\"button\"\n\t\t\taria-haspopup=\"dialog\"\n\t\t\taria-label=\"Vergr\u00f6\u00dfern\"\n\t\t\tdata-wp-init=\"callbacks.initTriggerButton\"\n\t\t\tdata-wp-on--click=\"actions.showLightbox\"\n\t\t\tdata-wp-style--right=\"state.imageButtonRight\"\n\t\t\tdata-wp-style--top=\"state.imageButtonTop\"\n\t\t>\n\t\t\t<svg xmlns=\"http:\/\/www.w3.org\/2000\/svg\" width=\"12\" height=\"12\" fill=\"none\" viewBox=\"0 0 12 12\">\n\t\t\t\t<path fill=\"#fff\" d=\"M2 0a2 2 0 0 0-2 2v2h1.5V2a.5.5 0 0 1 .5-.5h2V0H2Zm2 10.5H2a.5.5 0 0 1-.5-.5V8H0v2a2 2 0 0 0 2 2h2v-1.5ZM8 12v-1.5h2a.5.5 0 0 0 .5-.5V8H12v2a2 2 0 0 1-2 2H8Zm2-12a2 2 0 0 1 2 2v2h-1.5V2a.5.5 0 0 0-.5-.5H8V0h2Z\" \/>\n\t\t\t<\/svg>\n\t\t<\/button><figcaption class=\"wp-element-caption\">Gschwend &#8211; Welzheimer Strasse &#8211; Hausnummer 7 &#8211; 2023<br>Foto Klaus Ockert<\/figcaption><\/figure>\n\n\n\n<figure data-wp-context=\"{&quot;imageId&quot;:&quot;69f08badbaa7d&quot;}\" data-wp-interactive=\"core\/image\" data-wp-key=\"69f08badbaa7d\" class=\"wp-block-image size-large wp-lightbox-container\" style=\"margin-top:0;margin-right:0;margin-bottom:0;margin-left:0\"><img loading=\"lazy\" decoding=\"async\" width=\"1024\" height=\"683\" data-wp-class--hide=\"state.isContentHidden\" data-wp-class--show=\"state.isContentVisible\" data-wp-init=\"callbacks.setButtonStyles\" data-wp-on--click=\"actions.showLightbox\" data-wp-on--load=\"callbacks.setButtonStyles\" data-wp-on-window--resize=\"callbacks.setButtonStyles\" data-id=\"537\" src=\"https:\/\/redesign.imlaufderzeit.de\/wp-content\/uploads\/Gschwend_Welzheimer Stra\u00dfe_Nr8__2023-1024x683.jpg\" alt=\"Gschwend - Welzheimer Strasse - Hausnummer 8 - 20230000\" class=\"wp-image-537\" srcset=\"https:\/\/redesign.imlaufderzeit.de\/wp-content\/uploads\/Gschwend_Welzheimer%20Stra\u00dfe_Nr8__2023-1024x683.jpg 1024w, https:\/\/redesign.imlaufderzeit.de\/wp-content\/uploads\/Gschwend_Welzheimer%20Stra\u00dfe_Nr8__2023-300x200.jpg 300w, https:\/\/redesign.imlaufderzeit.de\/wp-content\/uploads\/Gschwend_Welzheimer%20Stra\u00dfe_Nr8__2023-768x512.jpg 768w, https:\/\/redesign.imlaufderzeit.de\/wp-content\/uploads\/Gschwend_Welzheimer%20Stra\u00dfe_Nr8__2023-1536x1024.jpg 1536w, https:\/\/redesign.imlaufderzeit.de\/wp-content\/uploads\/Gschwend_Welzheimer%20Stra\u00dfe_Nr8__2023.JPG 1920w\" sizes=\"auto, (max-width: 1024px) 100vw, 1024px\" \/><button\n\t\t\tclass=\"lightbox-trigger\"\n\t\t\ttype=\"button\"\n\t\t\taria-haspopup=\"dialog\"\n\t\t\taria-label=\"Vergr\u00f6\u00dfern\"\n\t\t\tdata-wp-init=\"callbacks.initTriggerButton\"\n\t\t\tdata-wp-on--click=\"actions.showLightbox\"\n\t\t\tdata-wp-style--right=\"state.imageButtonRight\"\n\t\t\tdata-wp-style--top=\"state.imageButtonTop\"\n\t\t>\n\t\t\t<svg xmlns=\"http:\/\/www.w3.org\/2000\/svg\" width=\"12\" height=\"12\" fill=\"none\" viewBox=\"0 0 12 12\">\n\t\t\t\t<path fill=\"#fff\" d=\"M2 0a2 2 0 0 0-2 2v2h1.5V2a.5.5 0 0 1 .5-.5h2V0H2Zm2 10.5H2a.5.5 0 0 1-.5-.5V8H0v2a2 2 0 0 0 2 2h2v-1.5ZM8 12v-1.5h2a.5.5 0 0 0 .5-.5V8H12v2a2 2 0 0 1-2 2H8Zm2-12a2 2 0 0 1 2 2v2h-1.5V2a.5.5 0 0 0-.5-.5H8V0h2Z\" \/>\n\t\t\t<\/svg>\n\t\t<\/button><figcaption class=\"wp-element-caption\">Gschwend &#8211; Welzheimer Strasse &#8211; Hausnummer 8 &#8211; 202<br>Ev. Pfarramt<br>Foto Klaus Ockert<\/figcaption><\/figure>\n\n\n\n<figure data-wp-context=\"{&quot;imageId&quot;:&quot;69f08badbadb5&quot;}\" data-wp-interactive=\"core\/image\" data-wp-key=\"69f08badbadb5\" class=\"wp-block-image size-large wp-lightbox-container\"><img loading=\"lazy\" decoding=\"async\" width=\"1024\" height=\"602\" data-wp-class--hide=\"state.isContentHidden\" data-wp-class--show=\"state.isContentVisible\" data-wp-init=\"callbacks.setButtonStyles\" data-wp-on--click=\"actions.showLightbox\" data-wp-on--load=\"callbacks.setButtonStyles\" data-wp-on-window--resize=\"callbacks.setButtonStyles\" data-id=\"499\" src=\"https:\/\/redesign.imlaufderzeit.de\/wp-content\/uploads\/Gschwend_Welzheimer Stra\u00dfe_Nr10__1949-1024x602.jpg\" alt=\"Gschwend - Welzheimer Strasse - Hausnummer 10 - 19490000\" class=\"wp-image-499\" srcset=\"https:\/\/redesign.imlaufderzeit.de\/wp-content\/uploads\/Gschwend_Welzheimer%20Stra\u00dfe_Nr10__1949-1024x602.jpg 1024w, https:\/\/redesign.imlaufderzeit.de\/wp-content\/uploads\/Gschwend_Welzheimer%20Stra\u00dfe_Nr10__1949-300x176.jpg 300w, https:\/\/redesign.imlaufderzeit.de\/wp-content\/uploads\/Gschwend_Welzheimer%20Stra\u00dfe_Nr10__1949-768x451.jpg 768w, https:\/\/redesign.imlaufderzeit.de\/wp-content\/uploads\/Gschwend_Welzheimer%20Stra\u00dfe_Nr10__1949-1536x902.jpg 1536w, https:\/\/redesign.imlaufderzeit.de\/wp-content\/uploads\/Gschwend_Welzheimer%20Stra\u00dfe_Nr10__1949.jpg 1920w\" sizes=\"auto, (max-width: 1024px) 100vw, 1024px\" \/><button\n\t\t\tclass=\"lightbox-trigger\"\n\t\t\ttype=\"button\"\n\t\t\taria-haspopup=\"dialog\"\n\t\t\taria-label=\"Vergr\u00f6\u00dfern\"\n\t\t\tdata-wp-init=\"callbacks.initTriggerButton\"\n\t\t\tdata-wp-on--click=\"actions.showLightbox\"\n\t\t\tdata-wp-style--right=\"state.imageButtonRight\"\n\t\t\tdata-wp-style--top=\"state.imageButtonTop\"\n\t\t>\n\t\t\t<svg xmlns=\"http:\/\/www.w3.org\/2000\/svg\" width=\"12\" height=\"12\" fill=\"none\" viewBox=\"0 0 12 12\">\n\t\t\t\t<path fill=\"#fff\" d=\"M2 0a2 2 0 0 0-2 2v2h1.5V2a.5.5 0 0 1 .5-.5h2V0H2Zm2 10.5H2a.5.5 0 0 1-.5-.5V8H0v2a2 2 0 0 0 2 2h2v-1.5ZM8 12v-1.5h2a.5.5 0 0 0 .5-.5V8H12v2a2 2 0 0 1-2 2H8Zm2-12a2 2 0 0 1 2 2v2h-1.5V2a.5.5 0 0 0-.5-.5H8V0h2Z\" \/>\n\t\t\t<\/svg>\n\t\t<\/button><figcaption class=\"wp-element-caption\">Gschwend &#8211; Welzheimer Strasse &#8211; Hausnummer 10 &#8211; 1949<br>Vorher Konditorei Bertsch. Zu der Zeit: Schumacher Joos, Mitte Pfarrhaus und rechts Gasthaus und Metzgerei L\u00f6wen.<\/figcaption><\/figure>\n\n\n\n<figure data-wp-context=\"{&quot;imageId&quot;:&quot;69f08badbb11a&quot;}\" data-wp-interactive=\"core\/image\" data-wp-key=\"69f08badbb11a\" class=\"wp-block-image size-large wp-lightbox-container\"><img loading=\"lazy\" decoding=\"async\" width=\"1024\" height=\"683\" data-wp-class--hide=\"state.isContentHidden\" data-wp-class--show=\"state.isContentVisible\" data-wp-init=\"callbacks.setButtonStyles\" data-wp-on--click=\"actions.showLightbox\" data-wp-on--load=\"callbacks.setButtonStyles\" data-wp-on-window--resize=\"callbacks.setButtonStyles\" data-id=\"500\" src=\"https:\/\/redesign.imlaufderzeit.de\/wp-content\/uploads\/Gschwend_Welzheimer Stra\u00dfe_Nr10__2023-1024x683.jpg\" alt=\"Gschwend - Welzheimer Strasse - Hausnummer 10 - 20230000\" class=\"wp-image-500\" srcset=\"https:\/\/redesign.imlaufderzeit.de\/wp-content\/uploads\/Gschwend_Welzheimer%20Stra\u00dfe_Nr10__2023-1024x683.jpg 1024w, https:\/\/redesign.imlaufderzeit.de\/wp-content\/uploads\/Gschwend_Welzheimer%20Stra\u00dfe_Nr10__2023-300x200.jpg 300w, https:\/\/redesign.imlaufderzeit.de\/wp-content\/uploads\/Gschwend_Welzheimer%20Stra\u00dfe_Nr10__2023-768x512.jpg 768w, https:\/\/redesign.imlaufderzeit.de\/wp-content\/uploads\/Gschwend_Welzheimer%20Stra\u00dfe_Nr10__2023-1536x1024.jpg 1536w, https:\/\/redesign.imlaufderzeit.de\/wp-content\/uploads\/Gschwend_Welzheimer%20Stra\u00dfe_Nr10__2023.JPG 1920w\" sizes=\"auto, (max-width: 1024px) 100vw, 1024px\" \/><button\n\t\t\tclass=\"lightbox-trigger\"\n\t\t\ttype=\"button\"\n\t\t\taria-haspopup=\"dialog\"\n\t\t\taria-label=\"Vergr\u00f6\u00dfern\"\n\t\t\tdata-wp-init=\"callbacks.initTriggerButton\"\n\t\t\tdata-wp-on--click=\"actions.showLightbox\"\n\t\t\tdata-wp-style--right=\"state.imageButtonRight\"\n\t\t\tdata-wp-style--top=\"state.imageButtonTop\"\n\t\t>\n\t\t\t<svg xmlns=\"http:\/\/www.w3.org\/2000\/svg\" width=\"12\" height=\"12\" fill=\"none\" viewBox=\"0 0 12 12\">\n\t\t\t\t<path fill=\"#fff\" d=\"M2 0a2 2 0 0 0-2 2v2h1.5V2a.5.5 0 0 1 .5-.5h2V0H2Zm2 10.5H2a.5.5 0 0 1-.5-.5V8H0v2a2 2 0 0 0 2 2h2v-1.5ZM8 12v-1.5h2a.5.5 0 0 0 .5-.5V8H12v2a2 2 0 0 1-2 2H8Zm2-12a2 2 0 0 1 2 2v2h-1.5V2a.5.5 0 0 0-.5-.5H8V0h2Z\" \/>\n\t\t\t<\/svg>\n\t\t<\/button><figcaption class=\"wp-element-caption\">Gschwend &#8211; Welzheimer Strasse &#8211; Hausnummer 10 &#8211; 2023<br>Fr\u00fcher: Schumacher Joos<br>Foto Klaus Ockert<\/figcaption><\/figure>\n\n\n\n<figure data-wp-context=\"{&quot;imageId&quot;:&quot;69f08badbb46c&quot;}\" data-wp-interactive=\"core\/image\" data-wp-key=\"69f08badbb46c\" class=\"wp-block-image size-large wp-lightbox-container\"><img loading=\"lazy\" decoding=\"async\" width=\"1024\" height=\"683\" data-wp-class--hide=\"state.isContentHidden\" data-wp-class--show=\"state.isContentVisible\" data-wp-init=\"callbacks.setButtonStyles\" data-wp-on--click=\"actions.showLightbox\" data-wp-on--load=\"callbacks.setButtonStyles\" data-wp-on-window--resize=\"callbacks.setButtonStyles\" data-id=\"501\" src=\"https:\/\/redesign.imlaufderzeit.de\/wp-content\/uploads\/Gschwend_Welzheimer Stra\u00dfe_Nr11__IMG 7_0783-1024x683.jpg\" alt=\"Gschwend - Welzheimer Strasse - Hausnummer 11 - 20230000\" class=\"wp-image-501\" srcset=\"https:\/\/redesign.imlaufderzeit.de\/wp-content\/uploads\/Gschwend_Welzheimer%20Stra\u00dfe_Nr11__IMG%207_0783-1024x683.jpg 1024w, https:\/\/redesign.imlaufderzeit.de\/wp-content\/uploads\/Gschwend_Welzheimer%20Stra\u00dfe_Nr11__IMG%207_0783-300x200.jpg 300w, https:\/\/redesign.imlaufderzeit.de\/wp-content\/uploads\/Gschwend_Welzheimer%20Stra\u00dfe_Nr11__IMG%207_0783-768x512.jpg 768w, https:\/\/redesign.imlaufderzeit.de\/wp-content\/uploads\/Gschwend_Welzheimer%20Stra\u00dfe_Nr11__IMG%207_0783-1536x1024.jpg 1536w, https:\/\/redesign.imlaufderzeit.de\/wp-content\/uploads\/Gschwend_Welzheimer%20Stra\u00dfe_Nr11__IMG%207_0783.JPG 1920w\" sizes=\"auto, (max-width: 1024px) 100vw, 1024px\" \/><button\n\t\t\tclass=\"lightbox-trigger\"\n\t\t\ttype=\"button\"\n\t\t\taria-haspopup=\"dialog\"\n\t\t\taria-label=\"Vergr\u00f6\u00dfern\"\n\t\t\tdata-wp-init=\"callbacks.initTriggerButton\"\n\t\t\tdata-wp-on--click=\"actions.showLightbox\"\n\t\t\tdata-wp-style--right=\"state.imageButtonRight\"\n\t\t\tdata-wp-style--top=\"state.imageButtonTop\"\n\t\t>\n\t\t\t<svg xmlns=\"http:\/\/www.w3.org\/2000\/svg\" width=\"12\" height=\"12\" fill=\"none\" viewBox=\"0 0 12 12\">\n\t\t\t\t<path fill=\"#fff\" d=\"M2 0a2 2 0 0 0-2 2v2h1.5V2a.5.5 0 0 1 .5-.5h2V0H2Zm2 10.5H2a.5.5 0 0 1-.5-.5V8H0v2a2 2 0 0 0 2 2h2v-1.5ZM8 12v-1.5h2a.5.5 0 0 0 .5-.5V8H12v2a2 2 0 0 1-2 2H8Zm2-12a2 2 0 0 1 2 2v2h-1.5V2a.5.5 0 0 0-.5-.5H8V0h2Z\" \/>\n\t\t\t<\/svg>\n\t\t<\/button><figcaption class=\"wp-element-caption\">Gschwend &#8211; Welzheimer Strasse &#8211; Hausnummer 11 &#8211; 2023<br>Fr\u00fcher Gemischtwaren, Kohlen Bauer Kunz.<br><br>Foto Klaus Ockert<\/figcaption><\/figure>\n\n\n\n<figure class=\"wp-block-image size-large\"><img loading=\"lazy\" decoding=\"async\" width=\"1024\" height=\"576\" data-id=\"1358\" src=\"https:\/\/redesign.imlaufderzeit.de\/wp-content\/uploads\/2026\/01\/Metzgerei-Kastenhuber-4-1024x576.jpg\" alt=\"Gschwend \u2013 Welzheimer Strasse \u2013 Hausnummer 15 \u2013 1932\" class=\"wp-image-1358\" srcset=\"https:\/\/redesign.imlaufderzeit.de\/wp-content\/uploads\/2026\/01\/Metzgerei-Kastenhuber-4-1024x576.jpg 1024w, https:\/\/redesign.imlaufderzeit.de\/wp-content\/uploads\/2026\/01\/Metzgerei-Kastenhuber-4-300x169.jpg 300w, https:\/\/redesign.imlaufderzeit.de\/wp-content\/uploads\/2026\/01\/Metzgerei-Kastenhuber-4-768x432.jpg 768w, https:\/\/redesign.imlaufderzeit.de\/wp-content\/uploads\/2026\/01\/Metzgerei-Kastenhuber-4-1536x864.jpg 1536w, https:\/\/redesign.imlaufderzeit.de\/wp-content\/uploads\/2026\/01\/Metzgerei-Kastenhuber-4.jpg 1920w\" sizes=\"auto, (max-width: 1024px) 100vw, 1024px\" \/><figcaption class=\"wp-element-caption\">Gschwend \u2013 Welzheimer Strasse \u2013 Hausnummer 15 \u2013 1932<br>Metzgerei Kastenhuber<\/figcaption><\/figure>\n\n\n\n<figure data-wp-context=\"{&quot;imageId&quot;:&quot;69f08badbc298&quot;}\" data-wp-interactive=\"core\/image\" data-wp-key=\"69f08badbc298\" class=\"wp-block-image size-large wp-lightbox-container\"><img loading=\"lazy\" decoding=\"async\" width=\"1024\" height=\"683\" data-wp-class--hide=\"state.isContentHidden\" data-wp-class--show=\"state.isContentVisible\" data-wp-init=\"callbacks.setButtonStyles\" data-wp-on--click=\"actions.showLightbox\" data-wp-on--load=\"callbacks.setButtonStyles\" data-wp-on-window--resize=\"callbacks.setButtonStyles\" data-id=\"504\" src=\"https:\/\/redesign.imlaufderzeit.de\/wp-content\/uploads\/Gschwend_Welzheimer Stra\u00dfe_Nr15__2023-1024x683.jpg\" alt=\"Gschwend - Welzheimer Strasse - Hausnummer 15 - 20230000\" class=\"wp-image-504\" srcset=\"https:\/\/redesign.imlaufderzeit.de\/wp-content\/uploads\/Gschwend_Welzheimer%20Stra\u00dfe_Nr15__2023-1024x683.jpg 1024w, https:\/\/redesign.imlaufderzeit.de\/wp-content\/uploads\/Gschwend_Welzheimer%20Stra\u00dfe_Nr15__2023-300x200.jpg 300w, https:\/\/redesign.imlaufderzeit.de\/wp-content\/uploads\/Gschwend_Welzheimer%20Stra\u00dfe_Nr15__2023-768x512.jpg 768w, https:\/\/redesign.imlaufderzeit.de\/wp-content\/uploads\/Gschwend_Welzheimer%20Stra\u00dfe_Nr15__2023-1536x1024.jpg 1536w, https:\/\/redesign.imlaufderzeit.de\/wp-content\/uploads\/Gschwend_Welzheimer%20Stra\u00dfe_Nr15__2023.jpg 1920w\" sizes=\"auto, (max-width: 1024px) 100vw, 1024px\" \/><button\n\t\t\tclass=\"lightbox-trigger\"\n\t\t\ttype=\"button\"\n\t\t\taria-haspopup=\"dialog\"\n\t\t\taria-label=\"Vergr\u00f6\u00dfern\"\n\t\t\tdata-wp-init=\"callbacks.initTriggerButton\"\n\t\t\tdata-wp-on--click=\"actions.showLightbox\"\n\t\t\tdata-wp-style--right=\"state.imageButtonRight\"\n\t\t\tdata-wp-style--top=\"state.imageButtonTop\"\n\t\t>\n\t\t\t<svg xmlns=\"http:\/\/www.w3.org\/2000\/svg\" width=\"12\" height=\"12\" fill=\"none\" viewBox=\"0 0 12 12\">\n\t\t\t\t<path fill=\"#fff\" d=\"M2 0a2 2 0 0 0-2 2v2h1.5V2a.5.5 0 0 1 .5-.5h2V0H2Zm2 10.5H2a.5.5 0 0 1-.5-.5V8H0v2a2 2 0 0 0 2 2h2v-1.5ZM8 12v-1.5h2a.5.5 0 0 0 .5-.5V8H12v2a2 2 0 0 1-2 2H8Zm2-12a2 2 0 0 1 2 2v2h-1.5V2a.5.5 0 0 0-.5-.5H8V0h2Z\" \/>\n\t\t\t<\/svg>\n\t\t<\/button><figcaption class=\"wp-element-caption\">Gschwend &#8211; Welzheimer Strasse &#8211; Hausnummer 15 &#8211; 2023<br>Fr\u00fcher: Schreinerei Schober<br>Foto Klaus Ockert<\/figcaption><\/figure>\n\n\n\n<figure data-wp-context=\"{&quot;imageId&quot;:&quot;69f08badbc614&quot;}\" data-wp-interactive=\"core\/image\" data-wp-key=\"69f08badbc614\" class=\"wp-block-image size-large wp-lightbox-container\"><img loading=\"lazy\" decoding=\"async\" width=\"1024\" height=\"683\" data-wp-class--hide=\"state.isContentHidden\" data-wp-class--show=\"state.isContentVisible\" data-wp-init=\"callbacks.setButtonStyles\" data-wp-on--click=\"actions.showLightbox\" data-wp-on--load=\"callbacks.setButtonStyles\" data-wp-on-window--resize=\"callbacks.setButtonStyles\" data-id=\"502\" src=\"https:\/\/redesign.imlaufderzeit.de\/wp-content\/uploads\/Gschwend_Welzheimer Stra\u00dfe_Nr14__2024-1024x683.jpg\" alt=\"Gschwend - Welzheimer Strasse - Hausnummer 14 - 20240000\" class=\"wp-image-502\" srcset=\"https:\/\/redesign.imlaufderzeit.de\/wp-content\/uploads\/Gschwend_Welzheimer%20Stra\u00dfe_Nr14__2024-1024x683.jpg 1024w, https:\/\/redesign.imlaufderzeit.de\/wp-content\/uploads\/Gschwend_Welzheimer%20Stra\u00dfe_Nr14__2024-300x200.jpg 300w, https:\/\/redesign.imlaufderzeit.de\/wp-content\/uploads\/Gschwend_Welzheimer%20Stra\u00dfe_Nr14__2024-768x512.jpg 768w, https:\/\/redesign.imlaufderzeit.de\/wp-content\/uploads\/Gschwend_Welzheimer%20Stra\u00dfe_Nr14__2024-1536x1024.jpg 1536w, https:\/\/redesign.imlaufderzeit.de\/wp-content\/uploads\/Gschwend_Welzheimer%20Stra\u00dfe_Nr14__2024.JPG 1920w\" sizes=\"auto, (max-width: 1024px) 100vw, 1024px\" \/><button\n\t\t\tclass=\"lightbox-trigger\"\n\t\t\ttype=\"button\"\n\t\t\taria-haspopup=\"dialog\"\n\t\t\taria-label=\"Vergr\u00f6\u00dfern\"\n\t\t\tdata-wp-init=\"callbacks.initTriggerButton\"\n\t\t\tdata-wp-on--click=\"actions.showLightbox\"\n\t\t\tdata-wp-style--right=\"state.imageButtonRight\"\n\t\t\tdata-wp-style--top=\"state.imageButtonTop\"\n\t\t>\n\t\t\t<svg xmlns=\"http:\/\/www.w3.org\/2000\/svg\" width=\"12\" height=\"12\" fill=\"none\" viewBox=\"0 0 12 12\">\n\t\t\t\t<path fill=\"#fff\" d=\"M2 0a2 2 0 0 0-2 2v2h1.5V2a.5.5 0 0 1 .5-.5h2V0H2Zm2 10.5H2a.5.5 0 0 1-.5-.5V8H0v2a2 2 0 0 0 2 2h2v-1.5ZM8 12v-1.5h2a.5.5 0 0 0 .5-.5V8H12v2a2 2 0 0 1-2 2H8Zm2-12a2 2 0 0 1 2 2v2h-1.5V2a.5.5 0 0 0-.5-.5H8V0h2Z\" \/>\n\t\t\t<\/svg>\n\t\t<\/button><figcaption class=\"wp-element-caption\">Gschwend &#8211; Welzheimer Strasse &#8211; Hausnummer 15 &#8211; 2024<br>Fr\u00fcher Schreinerei Schober.<br>Foto Klaus Ockert<\/figcaption><\/figure>\n\n\n\n<figure data-wp-context=\"{&quot;imageId&quot;:&quot;69f08badbc98a&quot;}\" data-wp-interactive=\"core\/image\" data-wp-key=\"69f08badbc98a\" class=\"wp-block-image size-large wp-lightbox-container\"><img loading=\"lazy\" decoding=\"async\" width=\"1024\" height=\"683\" data-wp-class--hide=\"state.isContentHidden\" data-wp-class--show=\"state.isContentVisible\" data-wp-init=\"callbacks.setButtonStyles\" data-wp-on--click=\"actions.showLightbox\" data-wp-on--load=\"callbacks.setButtonStyles\" data-wp-on-window--resize=\"callbacks.setButtonStyles\" data-id=\"505\" src=\"https:\/\/redesign.imlaufderzeit.de\/wp-content\/uploads\/Gschwend_Welzheimer Stra\u00dfe_Nr16__2023-1024x683.jpg\" alt=\"Gschwend - Welzheimer Strasse - Hausnummer 16 - 20230000\" class=\"wp-image-505\" srcset=\"https:\/\/redesign.imlaufderzeit.de\/wp-content\/uploads\/Gschwend_Welzheimer%20Stra\u00dfe_Nr16__2023-1024x683.jpg 1024w, https:\/\/redesign.imlaufderzeit.de\/wp-content\/uploads\/Gschwend_Welzheimer%20Stra\u00dfe_Nr16__2023-300x200.jpg 300w, https:\/\/redesign.imlaufderzeit.de\/wp-content\/uploads\/Gschwend_Welzheimer%20Stra\u00dfe_Nr16__2023-768x512.jpg 768w, https:\/\/redesign.imlaufderzeit.de\/wp-content\/uploads\/Gschwend_Welzheimer%20Stra\u00dfe_Nr16__2023-1536x1024.jpg 1536w, https:\/\/redesign.imlaufderzeit.de\/wp-content\/uploads\/Gschwend_Welzheimer%20Stra\u00dfe_Nr16__2023.JPG 1920w\" sizes=\"auto, (max-width: 1024px) 100vw, 1024px\" \/><button\n\t\t\tclass=\"lightbox-trigger\"\n\t\t\ttype=\"button\"\n\t\t\taria-haspopup=\"dialog\"\n\t\t\taria-label=\"Vergr\u00f6\u00dfern\"\n\t\t\tdata-wp-init=\"callbacks.initTriggerButton\"\n\t\t\tdata-wp-on--click=\"actions.showLightbox\"\n\t\t\tdata-wp-style--right=\"state.imageButtonRight\"\n\t\t\tdata-wp-style--top=\"state.imageButtonTop\"\n\t\t>\n\t\t\t<svg xmlns=\"http:\/\/www.w3.org\/2000\/svg\" width=\"12\" height=\"12\" fill=\"none\" viewBox=\"0 0 12 12\">\n\t\t\t\t<path fill=\"#fff\" d=\"M2 0a2 2 0 0 0-2 2v2h1.5V2a.5.5 0 0 1 .5-.5h2V0H2Zm2 10.5H2a.5.5 0 0 1-.5-.5V8H0v2a2 2 0 0 0 2 2h2v-1.5ZM8 12v-1.5h2a.5.5 0 0 0 .5-.5V8H12v2a2 2 0 0 1-2 2H8Zm2-12a2 2 0 0 1 2 2v2h-1.5V2a.5.5 0 0 0-.5-.5H8V0h2Z\" \/>\n\t\t\t<\/svg>\n\t\t<\/button><figcaption class=\"wp-element-caption\">Gschwend &#8211; Welzheimer Strasse &#8211; Hausnummer 16 &#8211; 2023<br>Fr\u00fcher links Schreibwaren Wieprecht, rechts Elektro Hofmann Nr. 14<br>.Foto Klaus Ockert<\/figcaption><\/figure>\n\n\n\n<figure data-wp-context=\"{&quot;imageId&quot;:&quot;69f08badbcccc&quot;}\" data-wp-interactive=\"core\/image\" data-wp-key=\"69f08badbcccc\" class=\"wp-block-image size-large wp-lightbox-container\"><img loading=\"lazy\" decoding=\"async\" width=\"1024\" height=\"683\" data-wp-class--hide=\"state.isContentHidden\" data-wp-class--show=\"state.isContentVisible\" data-wp-init=\"callbacks.setButtonStyles\" data-wp-on--click=\"actions.showLightbox\" data-wp-on--load=\"callbacks.setButtonStyles\" data-wp-on-window--resize=\"callbacks.setButtonStyles\" data-id=\"506\" src=\"https:\/\/redesign.imlaufderzeit.de\/wp-content\/uploads\/Gschwend_Welzheimer Stra\u00dfe_Nr17__2023-1024x683.jpg\" alt=\"Gschwend - Welzheimer Strasse - Hausnummer 17 - 20230000\" class=\"wp-image-506\" srcset=\"https:\/\/redesign.imlaufderzeit.de\/wp-content\/uploads\/Gschwend_Welzheimer%20Stra\u00dfe_Nr17__2023-1024x683.jpg 1024w, https:\/\/redesign.imlaufderzeit.de\/wp-content\/uploads\/Gschwend_Welzheimer%20Stra\u00dfe_Nr17__2023-300x200.jpg 300w, https:\/\/redesign.imlaufderzeit.de\/wp-content\/uploads\/Gschwend_Welzheimer%20Stra\u00dfe_Nr17__2023-768x512.jpg 768w, https:\/\/redesign.imlaufderzeit.de\/wp-content\/uploads\/Gschwend_Welzheimer%20Stra\u00dfe_Nr17__2023-1536x1024.jpg 1536w, https:\/\/redesign.imlaufderzeit.de\/wp-content\/uploads\/Gschwend_Welzheimer%20Stra\u00dfe_Nr17__2023.JPG 1920w\" sizes=\"auto, (max-width: 1024px) 100vw, 1024px\" \/><button\n\t\t\tclass=\"lightbox-trigger\"\n\t\t\ttype=\"button\"\n\t\t\taria-haspopup=\"dialog\"\n\t\t\taria-label=\"Vergr\u00f6\u00dfern\"\n\t\t\tdata-wp-init=\"callbacks.initTriggerButton\"\n\t\t\tdata-wp-on--click=\"actions.showLightbox\"\n\t\t\tdata-wp-style--right=\"state.imageButtonRight\"\n\t\t\tdata-wp-style--top=\"state.imageButtonTop\"\n\t\t>\n\t\t\t<svg xmlns=\"http:\/\/www.w3.org\/2000\/svg\" width=\"12\" height=\"12\" fill=\"none\" viewBox=\"0 0 12 12\">\n\t\t\t\t<path fill=\"#fff\" d=\"M2 0a2 2 0 0 0-2 2v2h1.5V2a.5.5 0 0 1 .5-.5h2V0H2Zm2 10.5H2a.5.5 0 0 1-.5-.5V8H0v2a2 2 0 0 0 2 2h2v-1.5ZM8 12v-1.5h2a.5.5 0 0 0 .5-.5V8H12v2a2 2 0 0 1-2 2H8Zm2-12a2 2 0 0 1 2 2v2h-1.5V2a.5.5 0 0 0-.5-.5H8V0h2Z\" \/>\n\t\t\t<\/svg>\n\t\t<\/button><figcaption class=\"wp-element-caption\">Gschwend &#8211; Welzheimer Strasse &#8211; Hausnummer 17 &#8211; 2023<br>Fr\u00fcher: Apotheke<\/figcaption><\/figure>\n\n\n\n<figure data-wp-context=\"{&quot;imageId&quot;:&quot;69f08badbd023&quot;}\" data-wp-interactive=\"core\/image\" data-wp-key=\"69f08badbd023\" class=\"wp-block-image size-large wp-lightbox-container\"><img loading=\"lazy\" decoding=\"async\" width=\"1024\" height=\"683\" data-wp-class--hide=\"state.isContentHidden\" data-wp-class--show=\"state.isContentVisible\" data-wp-init=\"callbacks.setButtonStyles\" data-wp-on--click=\"actions.showLightbox\" data-wp-on--load=\"callbacks.setButtonStyles\" data-wp-on-window--resize=\"callbacks.setButtonStyles\" data-id=\"507\" src=\"https:\/\/redesign.imlaufderzeit.de\/wp-content\/uploads\/Gschwend_Welzheimer Stra\u00dfe_Nr18__2023-1024x683.jpg\" alt=\"Gschwend - Welzheimer Strasse - Hausnummer 18 - 20230000\" class=\"wp-image-507\" srcset=\"https:\/\/redesign.imlaufderzeit.de\/wp-content\/uploads\/Gschwend_Welzheimer%20Stra\u00dfe_Nr18__2023-1024x683.jpg 1024w, https:\/\/redesign.imlaufderzeit.de\/wp-content\/uploads\/Gschwend_Welzheimer%20Stra\u00dfe_Nr18__2023-300x200.jpg 300w, https:\/\/redesign.imlaufderzeit.de\/wp-content\/uploads\/Gschwend_Welzheimer%20Stra\u00dfe_Nr18__2023-768x512.jpg 768w, https:\/\/redesign.imlaufderzeit.de\/wp-content\/uploads\/Gschwend_Welzheimer%20Stra\u00dfe_Nr18__2023-1536x1024.jpg 1536w, https:\/\/redesign.imlaufderzeit.de\/wp-content\/uploads\/Gschwend_Welzheimer%20Stra\u00dfe_Nr18__2023.jpg 1920w\" sizes=\"auto, (max-width: 1024px) 100vw, 1024px\" \/><button\n\t\t\tclass=\"lightbox-trigger\"\n\t\t\ttype=\"button\"\n\t\t\taria-haspopup=\"dialog\"\n\t\t\taria-label=\"Vergr\u00f6\u00dfern\"\n\t\t\tdata-wp-init=\"callbacks.initTriggerButton\"\n\t\t\tdata-wp-on--click=\"actions.showLightbox\"\n\t\t\tdata-wp-style--right=\"state.imageButtonRight\"\n\t\t\tdata-wp-style--top=\"state.imageButtonTop\"\n\t\t>\n\t\t\t<svg xmlns=\"http:\/\/www.w3.org\/2000\/svg\" width=\"12\" height=\"12\" fill=\"none\" viewBox=\"0 0 12 12\">\n\t\t\t\t<path fill=\"#fff\" d=\"M2 0a2 2 0 0 0-2 2v2h1.5V2a.5.5 0 0 1 .5-.5h2V0H2Zm2 10.5H2a.5.5 0 0 1-.5-.5V8H0v2a2 2 0 0 0 2 2h2v-1.5ZM8 12v-1.5h2a.5.5 0 0 0 .5-.5V8H12v2a2 2 0 0 1-2 2H8Zm2-12a2 2 0 0 1 2 2v2h-1.5V2a.5.5 0 0 0-.5-.5H8V0h2Z\" \/>\n\t\t\t<\/svg>\n\t\t<\/button><figcaption class=\"wp-element-caption\">Gschwend &#8211; Welzheimer Strasse &#8211; Hausnummer 18 &#8211; 2023<br>Foto Klaus Ockert<\/figcaption><\/figure>\n\n\n\n<figure data-wp-context=\"{&quot;imageId&quot;:&quot;69f08badbd39f&quot;}\" data-wp-interactive=\"core\/image\" data-wp-key=\"69f08badbd39f\" class=\"wp-block-image size-large wp-lightbox-container\"><img loading=\"lazy\" decoding=\"async\" width=\"1024\" height=\"683\" data-wp-class--hide=\"state.isContentHidden\" data-wp-class--show=\"state.isContentVisible\" data-wp-init=\"callbacks.setButtonStyles\" data-wp-on--click=\"actions.showLightbox\" data-wp-on--load=\"callbacks.setButtonStyles\" data-wp-on-window--resize=\"callbacks.setButtonStyles\" data-id=\"508\" src=\"https:\/\/redesign.imlaufderzeit.de\/wp-content\/uploads\/Gschwend_Welzheimer Stra\u00dfe_Nr19__2023-1024x683.jpg\" alt=\"Gschwend - Welzheimer Strasse - Hausnummer 19 - 20230000\" class=\"wp-image-508\" srcset=\"https:\/\/redesign.imlaufderzeit.de\/wp-content\/uploads\/Gschwend_Welzheimer%20Stra\u00dfe_Nr19__2023-1024x683.jpg 1024w, https:\/\/redesign.imlaufderzeit.de\/wp-content\/uploads\/Gschwend_Welzheimer%20Stra\u00dfe_Nr19__2023-300x200.jpg 300w, https:\/\/redesign.imlaufderzeit.de\/wp-content\/uploads\/Gschwend_Welzheimer%20Stra\u00dfe_Nr19__2023-768x512.jpg 768w, https:\/\/redesign.imlaufderzeit.de\/wp-content\/uploads\/Gschwend_Welzheimer%20Stra\u00dfe_Nr19__2023-1536x1024.jpg 1536w, https:\/\/redesign.imlaufderzeit.de\/wp-content\/uploads\/Gschwend_Welzheimer%20Stra\u00dfe_Nr19__2023.JPG 1920w\" sizes=\"auto, (max-width: 1024px) 100vw, 1024px\" \/><button\n\t\t\tclass=\"lightbox-trigger\"\n\t\t\ttype=\"button\"\n\t\t\taria-haspopup=\"dialog\"\n\t\t\taria-label=\"Vergr\u00f6\u00dfern\"\n\t\t\tdata-wp-init=\"callbacks.initTriggerButton\"\n\t\t\tdata-wp-on--click=\"actions.showLightbox\"\n\t\t\tdata-wp-style--right=\"state.imageButtonRight\"\n\t\t\tdata-wp-style--top=\"state.imageButtonTop\"\n\t\t>\n\t\t\t<svg xmlns=\"http:\/\/www.w3.org\/2000\/svg\" width=\"12\" height=\"12\" fill=\"none\" viewBox=\"0 0 12 12\">\n\t\t\t\t<path fill=\"#fff\" d=\"M2 0a2 2 0 0 0-2 2v2h1.5V2a.5.5 0 0 1 .5-.5h2V0H2Zm2 10.5H2a.5.5 0 0 1-.5-.5V8H0v2a2 2 0 0 0 2 2h2v-1.5ZM8 12v-1.5h2a.5.5 0 0 0 .5-.5V8H12v2a2 2 0 0 1-2 2H8Zm2-12a2 2 0 0 1 2 2v2h-1.5V2a.5.5 0 0 0-.5-.5H8V0h2Z\" \/>\n\t\t\t<\/svg>\n\t\t<\/button><figcaption class=\"wp-element-caption\">Gschwend &#8211; Welzheimer Strasse &#8211; Hausnummer 19 &#8211; 2023<br>Foto Klaus Ockert<\/figcaption><\/figure>\n\n\n\n<figure data-wp-context=\"{&quot;imageId&quot;:&quot;69f08badbd701&quot;}\" data-wp-interactive=\"core\/image\" data-wp-key=\"69f08badbd701\" class=\"wp-block-image size-large wp-lightbox-container\"><img loading=\"lazy\" decoding=\"async\" width=\"1024\" height=\"685\" data-wp-class--hide=\"state.isContentHidden\" data-wp-class--show=\"state.isContentVisible\" data-wp-init=\"callbacks.setButtonStyles\" data-wp-on--click=\"actions.showLightbox\" data-wp-on--load=\"callbacks.setButtonStyles\" data-wp-on-window--resize=\"callbacks.setButtonStyles\" data-id=\"514\" src=\"https:\/\/redesign.imlaufderzeit.de\/wp-content\/uploads\/Gschwend_Welzheimer Stra\u00dfe_Nr20__2008-1024x685.jpg\" alt=\"Gschwend - Welzheimer Strasse - Hausnummer 20 - 20080000\" class=\"wp-image-514\" srcset=\"https:\/\/redesign.imlaufderzeit.de\/wp-content\/uploads\/Gschwend_Welzheimer%20Stra\u00dfe_Nr20__2008-1024x685.jpg 1024w, https:\/\/redesign.imlaufderzeit.de\/wp-content\/uploads\/Gschwend_Welzheimer%20Stra\u00dfe_Nr20__2008-300x201.jpg 300w, https:\/\/redesign.imlaufderzeit.de\/wp-content\/uploads\/Gschwend_Welzheimer%20Stra\u00dfe_Nr20__2008-768x514.jpg 768w, https:\/\/redesign.imlaufderzeit.de\/wp-content\/uploads\/Gschwend_Welzheimer%20Stra\u00dfe_Nr20__2008-1536x1028.jpg 1536w, https:\/\/redesign.imlaufderzeit.de\/wp-content\/uploads\/Gschwend_Welzheimer%20Stra\u00dfe_Nr20__2008.JPG 1920w\" sizes=\"auto, (max-width: 1024px) 100vw, 1024px\" \/><button\n\t\t\tclass=\"lightbox-trigger\"\n\t\t\ttype=\"button\"\n\t\t\taria-haspopup=\"dialog\"\n\t\t\taria-label=\"Vergr\u00f6\u00dfern\"\n\t\t\tdata-wp-init=\"callbacks.initTriggerButton\"\n\t\t\tdata-wp-on--click=\"actions.showLightbox\"\n\t\t\tdata-wp-style--right=\"state.imageButtonRight\"\n\t\t\tdata-wp-style--top=\"state.imageButtonTop\"\n\t\t>\n\t\t\t<svg xmlns=\"http:\/\/www.w3.org\/2000\/svg\" width=\"12\" height=\"12\" fill=\"none\" viewBox=\"0 0 12 12\">\n\t\t\t\t<path fill=\"#fff\" d=\"M2 0a2 2 0 0 0-2 2v2h1.5V2a.5.5 0 0 1 .5-.5h2V0H2Zm2 10.5H2a.5.5 0 0 1-.5-.5V8H0v2a2 2 0 0 0 2 2h2v-1.5ZM8 12v-1.5h2a.5.5 0 0 0 .5-.5V8H12v2a2 2 0 0 1-2 2H8Zm2-12a2 2 0 0 1 2 2v2h-1.5V2a.5.5 0 0 0-.5-.5H8V0h2Z\" \/>\n\t\t\t<\/svg>\n\t\t<\/button><figcaption class=\"wp-element-caption\">Gschwend &#8211; Welzheimer Strasse &#8211; Hausnummer 20 &#8211; 2008<br>Abgerissen Hier war von 1948 bis 1951 Friseur Ockert<br>Foto Klaus Ockert<\/figcaption><\/figure>\n\n\n\n<figure data-wp-context=\"{&quot;imageId&quot;:&quot;69f08badbda63&quot;}\" data-wp-interactive=\"core\/image\" data-wp-key=\"69f08badbda63\" class=\"wp-block-image size-large wp-lightbox-container\"><img loading=\"lazy\" decoding=\"async\" width=\"1024\" height=\"685\" data-wp-class--hide=\"state.isContentHidden\" data-wp-class--show=\"state.isContentVisible\" data-wp-init=\"callbacks.setButtonStyles\" data-wp-on--click=\"actions.showLightbox\" data-wp-on--load=\"callbacks.setButtonStyles\" data-wp-on-window--resize=\"callbacks.setButtonStyles\" data-id=\"513\" src=\"http:\/\/redesign.imlaufderzeit.de\/wp-content\/uploads\/Gschwend_Welzheimer Stra\u00dfe_Nr20__2007-1024x685.jpg\" alt=\"Gschwend - Welzheimer Strasse - Hausnummer 20 - 2023\" class=\"wp-image-513\" srcset=\"https:\/\/redesign.imlaufderzeit.de\/wp-content\/uploads\/Gschwend_Welzheimer%20Stra\u00dfe_Nr20__2007-1024x685.jpg 1024w, https:\/\/redesign.imlaufderzeit.de\/wp-content\/uploads\/Gschwend_Welzheimer%20Stra\u00dfe_Nr20__2007-300x201.jpg 300w, https:\/\/redesign.imlaufderzeit.de\/wp-content\/uploads\/Gschwend_Welzheimer%20Stra\u00dfe_Nr20__2007-768x514.jpg 768w, https:\/\/redesign.imlaufderzeit.de\/wp-content\/uploads\/Gschwend_Welzheimer%20Stra\u00dfe_Nr20__2007-1536x1028.jpg 1536w, https:\/\/redesign.imlaufderzeit.de\/wp-content\/uploads\/Gschwend_Welzheimer%20Stra\u00dfe_Nr20__2007.JPG 1920w\" sizes=\"auto, (max-width: 1024px) 100vw, 1024px\" \/><button\n\t\t\tclass=\"lightbox-trigger\"\n\t\t\ttype=\"button\"\n\t\t\taria-haspopup=\"dialog\"\n\t\t\taria-label=\"Vergr\u00f6\u00dfern\"\n\t\t\tdata-wp-init=\"callbacks.initTriggerButton\"\n\t\t\tdata-wp-on--click=\"actions.showLightbox\"\n\t\t\tdata-wp-style--right=\"state.imageButtonRight\"\n\t\t\tdata-wp-style--top=\"state.imageButtonTop\"\n\t\t>\n\t\t\t<svg xmlns=\"http:\/\/www.w3.org\/2000\/svg\" width=\"12\" height=\"12\" fill=\"none\" viewBox=\"0 0 12 12\">\n\t\t\t\t<path fill=\"#fff\" d=\"M2 0a2 2 0 0 0-2 2v2h1.5V2a.5.5 0 0 1 .5-.5h2V0H2Zm2 10.5H2a.5.5 0 0 1-.5-.5V8H0v2a2 2 0 0 0 2 2h2v-1.5ZM8 12v-1.5h2a.5.5 0 0 0 .5-.5V8H12v2a2 2 0 0 1-2 2H8Zm2-12a2 2 0 0 1 2 2v2h-1.5V2a.5.5 0 0 0-.5-.5H8V0h2Z\" \/>\n\t\t\t<\/svg>\n\t\t<\/button><figcaption class=\"wp-element-caption\">Gschwend &#8211; Welzheimer Strasse &#8211; Hausnummer 20 &#8211; 2023 <br>Kfz Werkstatt Eisenmann.<br>Foto Klaus Ockert<\/figcaption><\/figure>\n\n\n\n<figure data-wp-context=\"{&quot;imageId&quot;:&quot;69f08badbdd9b&quot;}\" data-wp-interactive=\"core\/image\" data-wp-key=\"69f08badbdd9b\" class=\"wp-block-image size-large wp-lightbox-container\"><img loading=\"lazy\" decoding=\"async\" width=\"1024\" height=\"683\" data-wp-class--hide=\"state.isContentHidden\" data-wp-class--show=\"state.isContentVisible\" data-wp-init=\"callbacks.setButtonStyles\" data-wp-on--click=\"actions.showLightbox\" data-wp-on--load=\"callbacks.setButtonStyles\" data-wp-on-window--resize=\"callbacks.setButtonStyles\" data-id=\"515\" src=\"https:\/\/redesign.imlaufderzeit.de\/wp-content\/uploads\/Gschwend_Welzheimer Stra\u00dfe_Nr20__2023-1024x683.jpg\" alt=\"Gschwend - Welzheimer Strasse - Hausnummer 20 - 20230000\" class=\"wp-image-515\" srcset=\"https:\/\/redesign.imlaufderzeit.de\/wp-content\/uploads\/Gschwend_Welzheimer%20Stra\u00dfe_Nr20__2023-1024x683.jpg 1024w, https:\/\/redesign.imlaufderzeit.de\/wp-content\/uploads\/Gschwend_Welzheimer%20Stra\u00dfe_Nr20__2023-300x200.jpg 300w, https:\/\/redesign.imlaufderzeit.de\/wp-content\/uploads\/Gschwend_Welzheimer%20Stra\u00dfe_Nr20__2023-768x512.jpg 768w, https:\/\/redesign.imlaufderzeit.de\/wp-content\/uploads\/Gschwend_Welzheimer%20Stra\u00dfe_Nr20__2023-1536x1024.jpg 1536w, https:\/\/redesign.imlaufderzeit.de\/wp-content\/uploads\/Gschwend_Welzheimer%20Stra\u00dfe_Nr20__2023.JPG 1920w\" sizes=\"auto, (max-width: 1024px) 100vw, 1024px\" \/><button\n\t\t\tclass=\"lightbox-trigger\"\n\t\t\ttype=\"button\"\n\t\t\taria-haspopup=\"dialog\"\n\t\t\taria-label=\"Vergr\u00f6\u00dfern\"\n\t\t\tdata-wp-init=\"callbacks.initTriggerButton\"\n\t\t\tdata-wp-on--click=\"actions.showLightbox\"\n\t\t\tdata-wp-style--right=\"state.imageButtonRight\"\n\t\t\tdata-wp-style--top=\"state.imageButtonTop\"\n\t\t>\n\t\t\t<svg xmlns=\"http:\/\/www.w3.org\/2000\/svg\" width=\"12\" height=\"12\" fill=\"none\" viewBox=\"0 0 12 12\">\n\t\t\t\t<path fill=\"#fff\" d=\"M2 0a2 2 0 0 0-2 2v2h1.5V2a.5.5 0 0 1 .5-.5h2V0H2Zm2 10.5H2a.5.5 0 0 1-.5-.5V8H0v2a2 2 0 0 0 2 2h2v-1.5ZM8 12v-1.5h2a.5.5 0 0 0 .5-.5V8H12v2a2 2 0 0 1-2 2H8Zm2-12a2 2 0 0 1 2 2v2h-1.5V2a.5.5 0 0 0-.5-.5H8V0h2Z\" \/>\n\t\t\t<\/svg>\n\t\t<\/button><figcaption class=\"wp-element-caption\">Gschwend &#8211; Welzheimer Strasse &#8211; Hausnummer 20 &#8211; 2023. Die beiden rechtten Teile wurden abgerissen.<br>Foto Klaus Ockert<\/figcaption><\/figure>\n\n\n\n<figure data-wp-context=\"{&quot;imageId&quot;:&quot;69f08badbe10d&quot;}\" data-wp-interactive=\"core\/image\" data-wp-key=\"69f08badbe10d\" class=\"wp-block-image size-large wp-lightbox-container\"><img loading=\"lazy\" decoding=\"async\" width=\"1024\" height=\"683\" data-wp-class--hide=\"state.isContentHidden\" data-wp-class--show=\"state.isContentVisible\" data-wp-init=\"callbacks.setButtonStyles\" data-wp-on--click=\"actions.showLightbox\" data-wp-on--load=\"callbacks.setButtonStyles\" data-wp-on-window--resize=\"callbacks.setButtonStyles\" data-id=\"516\" src=\"https:\/\/redesign.imlaufderzeit.de\/wp-content\/uploads\/Gschwend_Welzheimer Stra\u00dfe_Nr21__2023-1024x683.jpg\" alt=\"Gschwend - Welzheimer Strasse - Hausnummer 21 - 20230000\" class=\"wp-image-516\" srcset=\"https:\/\/redesign.imlaufderzeit.de\/wp-content\/uploads\/Gschwend_Welzheimer%20Stra\u00dfe_Nr21__2023-1024x683.jpg 1024w, https:\/\/redesign.imlaufderzeit.de\/wp-content\/uploads\/Gschwend_Welzheimer%20Stra\u00dfe_Nr21__2023-300x200.jpg 300w, https:\/\/redesign.imlaufderzeit.de\/wp-content\/uploads\/Gschwend_Welzheimer%20Stra\u00dfe_Nr21__2023-768x512.jpg 768w, https:\/\/redesign.imlaufderzeit.de\/wp-content\/uploads\/Gschwend_Welzheimer%20Stra\u00dfe_Nr21__2023-1536x1024.jpg 1536w, https:\/\/redesign.imlaufderzeit.de\/wp-content\/uploads\/Gschwend_Welzheimer%20Stra\u00dfe_Nr21__2023.JPG 1920w\" sizes=\"auto, (max-width: 1024px) 100vw, 1024px\" \/><button\n\t\t\tclass=\"lightbox-trigger\"\n\t\t\ttype=\"button\"\n\t\t\taria-haspopup=\"dialog\"\n\t\t\taria-label=\"Vergr\u00f6\u00dfern\"\n\t\t\tdata-wp-init=\"callbacks.initTriggerButton\"\n\t\t\tdata-wp-on--click=\"actions.showLightbox\"\n\t\t\tdata-wp-style--right=\"state.imageButtonRight\"\n\t\t\tdata-wp-style--top=\"state.imageButtonTop\"\n\t\t>\n\t\t\t<svg xmlns=\"http:\/\/www.w3.org\/2000\/svg\" width=\"12\" height=\"12\" fill=\"none\" viewBox=\"0 0 12 12\">\n\t\t\t\t<path fill=\"#fff\" d=\"M2 0a2 2 0 0 0-2 2v2h1.5V2a.5.5 0 0 1 .5-.5h2V0H2Zm2 10.5H2a.5.5 0 0 1-.5-.5V8H0v2a2 2 0 0 0 2 2h2v-1.5ZM8 12v-1.5h2a.5.5 0 0 0 .5-.5V8H12v2a2 2 0 0 1-2 2H8Zm2-12a2 2 0 0 1 2 2v2h-1.5V2a.5.5 0 0 0-.5-.5H8V0h2Z\" \/>\n\t\t\t<\/svg>\n\t\t<\/button><figcaption class=\"wp-element-caption\">Gschwend &#8211; Welzheimer Strasse &#8211; Hausnummer 21 &#8211; 2023<br>Ehemals G\u00e4rtnerei Haag<br>Foto Klaus Ockert<\/figcaption><\/figure>\n\n\n\n<figure data-wp-context=\"{&quot;imageId&quot;:&quot;69f08badbe44f&quot;}\" data-wp-interactive=\"core\/image\" data-wp-key=\"69f08badbe44f\" class=\"wp-block-image size-large wp-lightbox-container\"><img loading=\"lazy\" decoding=\"async\" width=\"1024\" height=\"683\" data-wp-class--hide=\"state.isContentHidden\" data-wp-class--show=\"state.isContentVisible\" data-wp-init=\"callbacks.setButtonStyles\" data-wp-on--click=\"actions.showLightbox\" data-wp-on--load=\"callbacks.setButtonStyles\" data-wp-on-window--resize=\"callbacks.setButtonStyles\" data-id=\"517\" src=\"https:\/\/redesign.imlaufderzeit.de\/wp-content\/uploads\/Gschwend_Welzheimer Stra\u00dfe_Nr22__2023-1024x683.jpg\" alt=\"Gschwend - Welzheimer Strasse - Hausnummer 22 - 20230000\" class=\"wp-image-517\" srcset=\"https:\/\/redesign.imlaufderzeit.de\/wp-content\/uploads\/Gschwend_Welzheimer%20Stra\u00dfe_Nr22__2023-1024x683.jpg 1024w, https:\/\/redesign.imlaufderzeit.de\/wp-content\/uploads\/Gschwend_Welzheimer%20Stra\u00dfe_Nr22__2023-300x200.jpg 300w, https:\/\/redesign.imlaufderzeit.de\/wp-content\/uploads\/Gschwend_Welzheimer%20Stra\u00dfe_Nr22__2023-768x512.jpg 768w, https:\/\/redesign.imlaufderzeit.de\/wp-content\/uploads\/Gschwend_Welzheimer%20Stra\u00dfe_Nr22__2023-1536x1024.jpg 1536w, https:\/\/redesign.imlaufderzeit.de\/wp-content\/uploads\/Gschwend_Welzheimer%20Stra\u00dfe_Nr22__2023.JPG 1920w\" sizes=\"auto, (max-width: 1024px) 100vw, 1024px\" \/><button\n\t\t\tclass=\"lightbox-trigger\"\n\t\t\ttype=\"button\"\n\t\t\taria-haspopup=\"dialog\"\n\t\t\taria-label=\"Vergr\u00f6\u00dfern\"\n\t\t\tdata-wp-init=\"callbacks.initTriggerButton\"\n\t\t\tdata-wp-on--click=\"actions.showLightbox\"\n\t\t\tdata-wp-style--right=\"state.imageButtonRight\"\n\t\t\tdata-wp-style--top=\"state.imageButtonTop\"\n\t\t>\n\t\t\t<svg xmlns=\"http:\/\/www.w3.org\/2000\/svg\" width=\"12\" height=\"12\" fill=\"none\" viewBox=\"0 0 12 12\">\n\t\t\t\t<path fill=\"#fff\" d=\"M2 0a2 2 0 0 0-2 2v2h1.5V2a.5.5 0 0 1 .5-.5h2V0H2Zm2 10.5H2a.5.5 0 0 1-.5-.5V8H0v2a2 2 0 0 0 2 2h2v-1.5ZM8 12v-1.5h2a.5.5 0 0 0 .5-.5V8H12v2a2 2 0 0 1-2 2H8Zm2-12a2 2 0 0 1 2 2v2h-1.5V2a.5.5 0 0 0-.5-.5H8V0h2Z\" \/>\n\t\t\t<\/svg>\n\t\t<\/button><figcaption class=\"wp-element-caption\">Gschwend &#8211; Welzheimer Strasse &#8211; Hausnummer 22 &#8211; 2023<br>Fr\u00fcher Friseur Obergfell mit der Zahnarztprayis seiner Tochter Cl\u00e4re Koch, danach Zahnarzt G\u00e4nsslen<br>Foto Klaus Ockert<\/figcaption><\/figure>\n\n\n\n<figure data-wp-context=\"{&quot;imageId&quot;:&quot;69f08badbe792&quot;}\" data-wp-interactive=\"core\/image\" data-wp-key=\"69f08badbe792\" class=\"wp-block-image size-large wp-lightbox-container\"><img loading=\"lazy\" decoding=\"async\" width=\"1024\" height=\"589\" data-wp-class--hide=\"state.isContentHidden\" data-wp-class--show=\"state.isContentVisible\" data-wp-init=\"callbacks.setButtonStyles\" data-wp-on--click=\"actions.showLightbox\" data-wp-on--load=\"callbacks.setButtonStyles\" data-wp-on-window--resize=\"callbacks.setButtonStyles\" data-id=\"519\" src=\"https:\/\/redesign.imlaufderzeit.de\/wp-content\/uploads\/Gschwend_Welzheimer Stra\u00dfe_Nr24__Hanselmann LKW-1024x589.jpg\" alt=\"Gschwend - Welzheimer Strasse - Hausnummer 24 - 19350000\" class=\"wp-image-519\" srcset=\"https:\/\/redesign.imlaufderzeit.de\/wp-content\/uploads\/Gschwend_Welzheimer%20Stra\u00dfe_Nr24__Hanselmann%20LKW-1024x589.jpg 1024w, https:\/\/redesign.imlaufderzeit.de\/wp-content\/uploads\/Gschwend_Welzheimer%20Stra\u00dfe_Nr24__Hanselmann%20LKW-300x173.jpg 300w, https:\/\/redesign.imlaufderzeit.de\/wp-content\/uploads\/Gschwend_Welzheimer%20Stra\u00dfe_Nr24__Hanselmann%20LKW-768x442.jpg 768w, https:\/\/redesign.imlaufderzeit.de\/wp-content\/uploads\/Gschwend_Welzheimer%20Stra\u00dfe_Nr24__Hanselmann%20LKW-1536x883.jpg 1536w, https:\/\/redesign.imlaufderzeit.de\/wp-content\/uploads\/Gschwend_Welzheimer%20Stra\u00dfe_Nr24__Hanselmann%20LKW.jpg 1920w\" sizes=\"auto, (max-width: 1024px) 100vw, 1024px\" \/><button\n\t\t\tclass=\"lightbox-trigger\"\n\t\t\ttype=\"button\"\n\t\t\taria-haspopup=\"dialog\"\n\t\t\taria-label=\"Vergr\u00f6\u00dfern\"\n\t\t\tdata-wp-init=\"callbacks.initTriggerButton\"\n\t\t\tdata-wp-on--click=\"actions.showLightbox\"\n\t\t\tdata-wp-style--right=\"state.imageButtonRight\"\n\t\t\tdata-wp-style--top=\"state.imageButtonTop\"\n\t\t>\n\t\t\t<svg xmlns=\"http:\/\/www.w3.org\/2000\/svg\" width=\"12\" height=\"12\" fill=\"none\" viewBox=\"0 0 12 12\">\n\t\t\t\t<path fill=\"#fff\" d=\"M2 0a2 2 0 0 0-2 2v2h1.5V2a.5.5 0 0 1 .5-.5h2V0H2Zm2 10.5H2a.5.5 0 0 1-.5-.5V8H0v2a2 2 0 0 0 2 2h2v-1.5ZM8 12v-1.5h2a.5.5 0 0 0 .5-.5V8H12v2a2 2 0 0 1-2 2H8Zm2-12a2 2 0 0 1 2 2v2h-1.5V2a.5.5 0 0 0-.5-.5H8V0h2Z\" \/>\n\t\t\t<\/svg>\n\t\t<\/button><figcaption class=\"wp-element-caption\">Gschwend &#8211; Welzheimer Strasse &#8211; Hausnummer 24 &#8211; 1935<br>Fuhrunternehmer Hanselmann<\/figcaption><\/figure>\n\n\n\n<figure data-wp-context=\"{&quot;imageId&quot;:&quot;69f08badbead4&quot;}\" data-wp-interactive=\"core\/image\" data-wp-key=\"69f08badbead4\" class=\"wp-block-image size-large wp-lightbox-container\"><img loading=\"lazy\" decoding=\"async\" width=\"1024\" height=\"683\" data-wp-class--hide=\"state.isContentHidden\" data-wp-class--show=\"state.isContentVisible\" data-wp-init=\"callbacks.setButtonStyles\" data-wp-on--click=\"actions.showLightbox\" data-wp-on--load=\"callbacks.setButtonStyles\" data-wp-on-window--resize=\"callbacks.setButtonStyles\" data-id=\"518\" src=\"https:\/\/redesign.imlaufderzeit.de\/wp-content\/uploads\/Gschwend_Welzheimer Stra\u00dfe_Nr24__1952-1024x683.jpg\" alt=\"Gschwend - Welzheimer Strasse - Hausnummer 24 - 19520000\" class=\"wp-image-518\" srcset=\"https:\/\/redesign.imlaufderzeit.de\/wp-content\/uploads\/Gschwend_Welzheimer%20Stra\u00dfe_Nr24__1952-1024x683.jpg 1024w, https:\/\/redesign.imlaufderzeit.de\/wp-content\/uploads\/Gschwend_Welzheimer%20Stra\u00dfe_Nr24__1952-300x200.jpg 300w, https:\/\/redesign.imlaufderzeit.de\/wp-content\/uploads\/Gschwend_Welzheimer%20Stra\u00dfe_Nr24__1952-768x512.jpg 768w, https:\/\/redesign.imlaufderzeit.de\/wp-content\/uploads\/Gschwend_Welzheimer%20Stra\u00dfe_Nr24__1952-1536x1025.jpg 1536w, https:\/\/redesign.imlaufderzeit.de\/wp-content\/uploads\/Gschwend_Welzheimer%20Stra\u00dfe_Nr24__1952.jpg 1920w\" sizes=\"auto, (max-width: 1024px) 100vw, 1024px\" \/><button\n\t\t\tclass=\"lightbox-trigger\"\n\t\t\ttype=\"button\"\n\t\t\taria-haspopup=\"dialog\"\n\t\t\taria-label=\"Vergr\u00f6\u00dfern\"\n\t\t\tdata-wp-init=\"callbacks.initTriggerButton\"\n\t\t\tdata-wp-on--click=\"actions.showLightbox\"\n\t\t\tdata-wp-style--right=\"state.imageButtonRight\"\n\t\t\tdata-wp-style--top=\"state.imageButtonTop\"\n\t\t>\n\t\t\t<svg xmlns=\"http:\/\/www.w3.org\/2000\/svg\" width=\"12\" height=\"12\" fill=\"none\" viewBox=\"0 0 12 12\">\n\t\t\t\t<path fill=\"#fff\" d=\"M2 0a2 2 0 0 0-2 2v2h1.5V2a.5.5 0 0 1 .5-.5h2V0H2Zm2 10.5H2a.5.5 0 0 1-.5-.5V8H0v2a2 2 0 0 0 2 2h2v-1.5ZM8 12v-1.5h2a.5.5 0 0 0 .5-.5V8H12v2a2 2 0 0 1-2 2H8Zm2-12a2 2 0 0 1 2 2v2h-1.5V2a.5.5 0 0 0-.5-.5H8V0h2Z\" \/>\n\t\t\t<\/svg>\n\t\t<\/button><figcaption class=\"wp-element-caption\">Gschwend &#8211; Welzheimer Strasse &#8211; Hausnummer 24 &#8211; 1952<br>Festumzug<\/figcaption><\/figure>\n\n\n\n<figure data-wp-context=\"{&quot;imageId&quot;:&quot;69f08badbee17&quot;}\" data-wp-interactive=\"core\/image\" data-wp-key=\"69f08badbee17\" class=\"wp-block-image size-large wp-lightbox-container\"><img loading=\"lazy\" decoding=\"async\" width=\"1024\" height=\"1001\" data-wp-class--hide=\"state.isContentHidden\" data-wp-class--show=\"state.isContentVisible\" data-wp-init=\"callbacks.setButtonStyles\" data-wp-on--click=\"actions.showLightbox\" data-wp-on--load=\"callbacks.setButtonStyles\" data-wp-on-window--resize=\"callbacks.setButtonStyles\" data-id=\"520\" src=\"https:\/\/redesign.imlaufderzeit.de\/wp-content\/uploads\/Gschwend_Welzheimer Stra\u00dfe_Nr24__Hanselmann-1024x1001.jpg\" alt=\"Gschwend - Welzheimer Strasse - Hausnummer 24 - 19600000\" class=\"wp-image-520\" srcset=\"https:\/\/redesign.imlaufderzeit.de\/wp-content\/uploads\/Gschwend_Welzheimer%20Stra\u00dfe_Nr24__Hanselmann-1024x1001.jpg 1024w, https:\/\/redesign.imlaufderzeit.de\/wp-content\/uploads\/Gschwend_Welzheimer%20Stra\u00dfe_Nr24__Hanselmann-300x293.jpg 300w, https:\/\/redesign.imlaufderzeit.de\/wp-content\/uploads\/Gschwend_Welzheimer%20Stra\u00dfe_Nr24__Hanselmann-768x750.jpg 768w, https:\/\/redesign.imlaufderzeit.de\/wp-content\/uploads\/Gschwend_Welzheimer%20Stra\u00dfe_Nr24__Hanselmann-1536x1501.jpg 1536w, https:\/\/redesign.imlaufderzeit.de\/wp-content\/uploads\/Gschwend_Welzheimer%20Stra\u00dfe_Nr24__Hanselmann.jpg 1920w\" sizes=\"auto, (max-width: 1024px) 100vw, 1024px\" \/><button\n\t\t\tclass=\"lightbox-trigger\"\n\t\t\ttype=\"button\"\n\t\t\taria-haspopup=\"dialog\"\n\t\t\taria-label=\"Vergr\u00f6\u00dfern\"\n\t\t\tdata-wp-init=\"callbacks.initTriggerButton\"\n\t\t\tdata-wp-on--click=\"actions.showLightbox\"\n\t\t\tdata-wp-style--right=\"state.imageButtonRight\"\n\t\t\tdata-wp-style--top=\"state.imageButtonTop\"\n\t\t>\n\t\t\t<svg xmlns=\"http:\/\/www.w3.org\/2000\/svg\" width=\"12\" height=\"12\" fill=\"none\" viewBox=\"0 0 12 12\">\n\t\t\t\t<path fill=\"#fff\" d=\"M2 0a2 2 0 0 0-2 2v2h1.5V2a.5.5 0 0 1 .5-.5h2V0H2Zm2 10.5H2a.5.5 0 0 1-.5-.5V8H0v2a2 2 0 0 0 2 2h2v-1.5ZM8 12v-1.5h2a.5.5 0 0 0 .5-.5V8H12v2a2 2 0 0 1-2 2H8Zm2-12a2 2 0 0 1 2 2v2h-1.5V2a.5.5 0 0 0-.5-.5H8V0h2Z\" \/>\n\t\t\t<\/svg>\n\t\t<\/button><figcaption class=\"wp-element-caption\">Gschwend &#8211; Welzheimer Strasse &#8211; Hausnummer 24 &#8211; 1960<br>Zu der Zeit Fuhrunternehmen Hanselmann<\/figcaption><\/figure>\n\n\n\n<figure data-wp-context=\"{&quot;imageId&quot;:&quot;69f08badbf1d7&quot;}\" data-wp-interactive=\"core\/image\" data-wp-key=\"69f08badbf1d7\" class=\"wp-block-image size-large wp-lightbox-container\"><img loading=\"lazy\" decoding=\"async\" width=\"1024\" height=\"683\" data-wp-class--hide=\"state.isContentHidden\" data-wp-class--show=\"state.isContentVisible\" data-wp-init=\"callbacks.setButtonStyles\" data-wp-on--click=\"actions.showLightbox\" data-wp-on--load=\"callbacks.setButtonStyles\" data-wp-on-window--resize=\"callbacks.setButtonStyles\" data-id=\"522\" src=\"https:\/\/redesign.imlaufderzeit.de\/wp-content\/uploads\/Gschwend_Welzheimer Stra\u00dfe_Nr25__2024-1024x683.jpg\" alt=\"Gschwend - Welzheimer Strasse - Hausnummer 25 - 20240000\" class=\"wp-image-522\" srcset=\"https:\/\/redesign.imlaufderzeit.de\/wp-content\/uploads\/Gschwend_Welzheimer%20Stra\u00dfe_Nr25__2024-1024x683.jpg 1024w, https:\/\/redesign.imlaufderzeit.de\/wp-content\/uploads\/Gschwend_Welzheimer%20Stra\u00dfe_Nr25__2024-300x200.jpg 300w, https:\/\/redesign.imlaufderzeit.de\/wp-content\/uploads\/Gschwend_Welzheimer%20Stra\u00dfe_Nr25__2024-768x512.jpg 768w, https:\/\/redesign.imlaufderzeit.de\/wp-content\/uploads\/Gschwend_Welzheimer%20Stra\u00dfe_Nr25__2024-1536x1024.jpg 1536w, https:\/\/redesign.imlaufderzeit.de\/wp-content\/uploads\/Gschwend_Welzheimer%20Stra\u00dfe_Nr25__2024.JPG 1920w\" sizes=\"auto, (max-width: 1024px) 100vw, 1024px\" \/><button\n\t\t\tclass=\"lightbox-trigger\"\n\t\t\ttype=\"button\"\n\t\t\taria-haspopup=\"dialog\"\n\t\t\taria-label=\"Vergr\u00f6\u00dfern\"\n\t\t\tdata-wp-init=\"callbacks.initTriggerButton\"\n\t\t\tdata-wp-on--click=\"actions.showLightbox\"\n\t\t\tdata-wp-style--right=\"state.imageButtonRight\"\n\t\t\tdata-wp-style--top=\"state.imageButtonTop\"\n\t\t>\n\t\t\t<svg xmlns=\"http:\/\/www.w3.org\/2000\/svg\" width=\"12\" height=\"12\" fill=\"none\" viewBox=\"0 0 12 12\">\n\t\t\t\t<path fill=\"#fff\" d=\"M2 0a2 2 0 0 0-2 2v2h1.5V2a.5.5 0 0 1 .5-.5h2V0H2Zm2 10.5H2a.5.5 0 0 1-.5-.5V8H0v2a2 2 0 0 0 2 2h2v-1.5ZM8 12v-1.5h2a.5.5 0 0 0 .5-.5V8H12v2a2 2 0 0 1-2 2H8Zm2-12a2 2 0 0 1 2 2v2h-1.5V2a.5.5 0 0 0-.5-.5H8V0h2Z\" \/>\n\t\t\t<\/svg>\n\t\t<\/button><figcaption class=\"wp-element-caption\">Gschwend &#8211; Welzheimer Strasse &#8211; Hausnummer 25 &#8211; 2024<br>Garage vom Ehemaligen Forstamt<br>Foto Klaus Ockert<\/figcaption><\/figure>\n\n\n\n<figure data-wp-context=\"{&quot;imageId&quot;:&quot;69f08badbf50a&quot;}\" data-wp-interactive=\"core\/image\" data-wp-key=\"69f08badbf50a\" class=\"wp-block-image size-large wp-lightbox-container\"><img loading=\"lazy\" decoding=\"async\" width=\"1024\" height=\"783\" data-wp-class--hide=\"state.isContentHidden\" data-wp-class--show=\"state.isContentVisible\" data-wp-init=\"callbacks.setButtonStyles\" data-wp-on--click=\"actions.showLightbox\" data-wp-on--load=\"callbacks.setButtonStyles\" data-wp-on-window--resize=\"callbacks.setButtonStyles\" data-id=\"521\" src=\"https:\/\/redesign.imlaufderzeit.de\/wp-content\/uploads\/Gschwend_Welzheimer Stra\u00dfe_Nr25__2023-1024x783.jpg\" alt=\"Gschwend - Welzheimer Strasse - Hausnummer 25 - 20230000\" class=\"wp-image-521\" srcset=\"https:\/\/redesign.imlaufderzeit.de\/wp-content\/uploads\/Gschwend_Welzheimer%20Stra\u00dfe_Nr25__2023-1024x783.jpg 1024w, https:\/\/redesign.imlaufderzeit.de\/wp-content\/uploads\/Gschwend_Welzheimer%20Stra\u00dfe_Nr25__2023-300x230.jpg 300w, https:\/\/redesign.imlaufderzeit.de\/wp-content\/uploads\/Gschwend_Welzheimer%20Stra\u00dfe_Nr25__2023-768x588.jpg 768w, https:\/\/redesign.imlaufderzeit.de\/wp-content\/uploads\/Gschwend_Welzheimer%20Stra\u00dfe_Nr25__2023-1536x1175.jpg 1536w, https:\/\/redesign.imlaufderzeit.de\/wp-content\/uploads\/Gschwend_Welzheimer%20Stra\u00dfe_Nr25__2023.JPG 1920w\" sizes=\"auto, (max-width: 1024px) 100vw, 1024px\" \/><button\n\t\t\tclass=\"lightbox-trigger\"\n\t\t\ttype=\"button\"\n\t\t\taria-haspopup=\"dialog\"\n\t\t\taria-label=\"Vergr\u00f6\u00dfern\"\n\t\t\tdata-wp-init=\"callbacks.initTriggerButton\"\n\t\t\tdata-wp-on--click=\"actions.showLightbox\"\n\t\t\tdata-wp-style--right=\"state.imageButtonRight\"\n\t\t\tdata-wp-style--top=\"state.imageButtonTop\"\n\t\t>\n\t\t\t<svg xmlns=\"http:\/\/www.w3.org\/2000\/svg\" width=\"12\" height=\"12\" fill=\"none\" viewBox=\"0 0 12 12\">\n\t\t\t\t<path fill=\"#fff\" d=\"M2 0a2 2 0 0 0-2 2v2h1.5V2a.5.5 0 0 1 .5-.5h2V0H2Zm2 10.5H2a.5.5 0 0 1-.5-.5V8H0v2a2 2 0 0 0 2 2h2v-1.5ZM8 12v-1.5h2a.5.5 0 0 0 .5-.5V8H12v2a2 2 0 0 1-2 2H8Zm2-12a2 2 0 0 1 2 2v2h-1.5V2a.5.5 0 0 0-.5-.5H8V0h2Z\" \/>\n\t\t\t<\/svg>\n\t\t<\/button><figcaption class=\"wp-element-caption\">Gschwend &#8211; Welzheimer Strasse &#8211; Hausnummer 25 &#8211; 2023 <br>Fr\u00fcher Forstamt<br>Foto Klaus Ockert<\/figcaption><\/figure>\n\n\n\n<figure data-wp-context=\"{&quot;imageId&quot;:&quot;69f08badbf84e&quot;}\" data-wp-interactive=\"core\/image\" data-wp-key=\"69f08badbf84e\" class=\"wp-block-image size-large wp-lightbox-container\"><img loading=\"lazy\" decoding=\"async\" width=\"1024\" height=\"642\" data-wp-class--hide=\"state.isContentHidden\" data-wp-class--show=\"state.isContentVisible\" data-wp-init=\"callbacks.setButtonStyles\" data-wp-on--click=\"actions.showLightbox\" data-wp-on--load=\"callbacks.setButtonStyles\" data-wp-on-window--resize=\"callbacks.setButtonStyles\" data-id=\"523\" src=\"https:\/\/redesign.imlaufderzeit.de\/wp-content\/uploads\/Gschwend_Welzheimer Stra\u00dfe_Nr28__1925-1024x642.jpg\" alt=\"Gschwend - Welzheimer Strasse - Hausnummer 28 - 19250000\" class=\"wp-image-523\" srcset=\"https:\/\/redesign.imlaufderzeit.de\/wp-content\/uploads\/Gschwend_Welzheimer%20Stra\u00dfe_Nr28__1925-1024x642.jpg 1024w, https:\/\/redesign.imlaufderzeit.de\/wp-content\/uploads\/Gschwend_Welzheimer%20Stra\u00dfe_Nr28__1925-300x188.jpg 300w, https:\/\/redesign.imlaufderzeit.de\/wp-content\/uploads\/Gschwend_Welzheimer%20Stra\u00dfe_Nr28__1925-768x481.jpg 768w, https:\/\/redesign.imlaufderzeit.de\/wp-content\/uploads\/Gschwend_Welzheimer%20Stra\u00dfe_Nr28__1925-1536x962.jpg 1536w, https:\/\/redesign.imlaufderzeit.de\/wp-content\/uploads\/Gschwend_Welzheimer%20Stra\u00dfe_Nr28__1925.jpg 1920w\" sizes=\"auto, (max-width: 1024px) 100vw, 1024px\" \/><button\n\t\t\tclass=\"lightbox-trigger\"\n\t\t\ttype=\"button\"\n\t\t\taria-haspopup=\"dialog\"\n\t\t\taria-label=\"Vergr\u00f6\u00dfern\"\n\t\t\tdata-wp-init=\"callbacks.initTriggerButton\"\n\t\t\tdata-wp-on--click=\"actions.showLightbox\"\n\t\t\tdata-wp-style--right=\"state.imageButtonRight\"\n\t\t\tdata-wp-style--top=\"state.imageButtonTop\"\n\t\t>\n\t\t\t<svg xmlns=\"http:\/\/www.w3.org\/2000\/svg\" width=\"12\" height=\"12\" fill=\"none\" viewBox=\"0 0 12 12\">\n\t\t\t\t<path fill=\"#fff\" d=\"M2 0a2 2 0 0 0-2 2v2h1.5V2a.5.5 0 0 1 .5-.5h2V0H2Zm2 10.5H2a.5.5 0 0 1-.5-.5V8H0v2a2 2 0 0 0 2 2h2v-1.5ZM8 12v-1.5h2a.5.5 0 0 0 .5-.5V8H12v2a2 2 0 0 1-2 2H8Zm2-12a2 2 0 0 1 2 2v2h-1.5V2a.5.5 0 0 0-.5-.5H8V0h2Z\" \/>\n\t\t\t<\/svg>\n\t\t<\/button><figcaption class=\"wp-element-caption\">Gschwend &#8211; Welzheimer Strasse &#8211; Hausnummer 28 &#8211; 1925<br>Rechts das Forstamt<\/figcaption><\/figure>\n\n\n\n<figure class=\"wp-block-image size-large\"><img loading=\"lazy\" decoding=\"async\" width=\"1024\" height=\"682\" data-id=\"1202\" src=\"https:\/\/redesign.imlaufderzeit.de\/wp-content\/uploads\/2025\/12\/IMG-7_0797-1024x682.jpg\" alt=\"Gschwend \u2013 Welzheimer Strasse \u2013 Hausnummer 30 \u2013 2023\" class=\"wp-image-1202\" srcset=\"https:\/\/redesign.imlaufderzeit.de\/wp-content\/uploads\/2025\/12\/IMG-7_0797-1024x682.jpg 1024w, https:\/\/redesign.imlaufderzeit.de\/wp-content\/uploads\/2025\/12\/IMG-7_0797-300x200.jpg 300w, https:\/\/redesign.imlaufderzeit.de\/wp-content\/uploads\/2025\/12\/IMG-7_0797-768x512.jpg 768w, https:\/\/redesign.imlaufderzeit.de\/wp-content\/uploads\/2025\/12\/IMG-7_0797.jpg 1280w\" sizes=\"auto, (max-width: 1024px) 100vw, 1024px\" \/><figcaption class=\"wp-element-caption\">Gschwend \u2013 Welzheimer Strasse \u2013 Hausnummer 30 \u2013 2023 <br>War fr\u00fcher Gasthaus Hirsch <br>Foto Klaus Ockert<\/figcaption><\/figure>\n\n\n\n<figure data-wp-context=\"{&quot;imageId&quot;:&quot;69f08badbfc27&quot;}\" data-wp-interactive=\"core\/image\" data-wp-key=\"69f08badbfc27\" class=\"wp-block-image size-large wp-lightbox-container\"><img loading=\"lazy\" decoding=\"async\" width=\"1024\" height=\"642\" data-wp-class--hide=\"state.isContentHidden\" data-wp-class--show=\"state.isContentVisible\" data-wp-init=\"callbacks.setButtonStyles\" data-wp-on--click=\"actions.showLightbox\" data-wp-on--load=\"callbacks.setButtonStyles\" data-wp-on-window--resize=\"callbacks.setButtonStyles\" data-id=\"498\" src=\"https:\/\/redesign.imlaufderzeit.de\/wp-content\/uploads\/Gschwend_Welzheimer Stra\u00dfe_Ansichten__1925-1024x642.jpg\" alt=\"Gschwend - Welzheimer Strasse - Ansichten - 19250000\" class=\"wp-image-498\" srcset=\"https:\/\/redesign.imlaufderzeit.de\/wp-content\/uploads\/Gschwend_Welzheimer%20Stra\u00dfe_Ansichten__1925-1024x642.jpg 1024w, https:\/\/redesign.imlaufderzeit.de\/wp-content\/uploads\/Gschwend_Welzheimer%20Stra\u00dfe_Ansichten__1925-300x188.jpg 300w, https:\/\/redesign.imlaufderzeit.de\/wp-content\/uploads\/Gschwend_Welzheimer%20Stra\u00dfe_Ansichten__1925-768x481.jpg 768w, https:\/\/redesign.imlaufderzeit.de\/wp-content\/uploads\/Gschwend_Welzheimer%20Stra\u00dfe_Ansichten__1925-1536x962.jpg 1536w, https:\/\/redesign.imlaufderzeit.de\/wp-content\/uploads\/Gschwend_Welzheimer%20Stra\u00dfe_Ansichten__1925.jpg 1920w\" sizes=\"auto, (max-width: 1024px) 100vw, 1024px\" \/><button\n\t\t\tclass=\"lightbox-trigger\"\n\t\t\ttype=\"button\"\n\t\t\taria-haspopup=\"dialog\"\n\t\t\taria-label=\"Vergr\u00f6\u00dfern\"\n\t\t\tdata-wp-init=\"callbacks.initTriggerButton\"\n\t\t\tdata-wp-on--click=\"actions.showLightbox\"\n\t\t\tdata-wp-style--right=\"state.imageButtonRight\"\n\t\t\tdata-wp-style--top=\"state.imageButtonTop\"\n\t\t>\n\t\t\t<svg xmlns=\"http:\/\/www.w3.org\/2000\/svg\" width=\"12\" height=\"12\" fill=\"none\" viewBox=\"0 0 12 12\">\n\t\t\t\t<path fill=\"#fff\" d=\"M2 0a2 2 0 0 0-2 2v2h1.5V2a.5.5 0 0 1 .5-.5h2V0H2Zm2 10.5H2a.5.5 0 0 1-.5-.5V8H0v2a2 2 0 0 0 2 2h2v-1.5ZM8 12v-1.5h2a.5.5 0 0 0 .5-.5V8H12v2a2 2 0 0 1-2 2H8Zm2-12a2 2 0 0 1 2 2v2h-1.5V2a.5.5 0 0 0-.5-.5H8V0h2Z\" \/>\n\t\t\t<\/svg>\n\t\t<\/button><figcaption class=\"wp-element-caption\">Gschwend &#8211; Welzheimer Strasse &#8211; Ansichten &#8211; 1925<br>links fr\u00fcher: Schneider Schertle, Fuhrunternehmer Haselmann, rechts das Forstamt<\/figcaption><\/figure>\n\n\n\n<figure class=\"wp-block-image size-large\"><img loading=\"lazy\" decoding=\"async\" width=\"1024\" height=\"753\" data-id=\"529\" src=\"https:\/\/redesign.imlaufderzeit.de\/wp-content\/uploads\/Gschwend_Welzheimer Stra\u00dfe_Nr37__1920-1024x753.jpg\" alt=\"Gschwend - Welzheimer Strasse - Hausnummer 37 - 1920\" class=\"wp-image-529\" srcset=\"https:\/\/redesign.imlaufderzeit.de\/wp-content\/uploads\/Gschwend_Welzheimer%20Stra\u00dfe_Nr37__1920-1024x753.jpg 1024w, https:\/\/redesign.imlaufderzeit.de\/wp-content\/uploads\/Gschwend_Welzheimer%20Stra\u00dfe_Nr37__1920-300x220.jpg 300w, https:\/\/redesign.imlaufderzeit.de\/wp-content\/uploads\/Gschwend_Welzheimer%20Stra\u00dfe_Nr37__1920-768x564.jpg 768w, https:\/\/redesign.imlaufderzeit.de\/wp-content\/uploads\/Gschwend_Welzheimer%20Stra\u00dfe_Nr37__1920-1536x1129.jpg 1536w, https:\/\/redesign.imlaufderzeit.de\/wp-content\/uploads\/Gschwend_Welzheimer%20Stra\u00dfe_Nr37__1920.jpg 1920w\" sizes=\"auto, (max-width: 1024px) 100vw, 1024px\" \/><figcaption class=\"wp-element-caption\">Gschwend &#8211; Welzheimer Strasse &#8211; Hausnummer 37 &#8211; 1920<\/figcaption><\/figure>\n\n\n\n<figure class=\"wp-block-image size-large\"><img loading=\"lazy\" decoding=\"async\" width=\"1024\" height=\"665\" data-id=\"1206\" src=\"https:\/\/redesign.imlaufderzeit.de\/wp-content\/uploads\/2025\/12\/1915-1024x665.jpg\" alt=\"Gschwend - Welzheimer Strasse - Hausnummer 38 - 1915\" class=\"wp-image-1206\" srcset=\"https:\/\/redesign.imlaufderzeit.de\/wp-content\/uploads\/2025\/12\/1915-1024x665.jpg 1024w, https:\/\/redesign.imlaufderzeit.de\/wp-content\/uploads\/2025\/12\/1915-300x195.jpg 300w, https:\/\/redesign.imlaufderzeit.de\/wp-content\/uploads\/2025\/12\/1915-768x499.jpg 768w, https:\/\/redesign.imlaufderzeit.de\/wp-content\/uploads\/2025\/12\/1915-1536x998.jpg 1536w, https:\/\/redesign.imlaufderzeit.de\/wp-content\/uploads\/2025\/12\/1915-2048x1331.jpg 2048w\" sizes=\"auto, (max-width: 1024px) 100vw, 1024px\" \/><figcaption class=\"wp-element-caption\">Gschwend &#8211; Welzheimer Strasse &#8211; Hausnummer 38 &#8211; 1915<\/figcaption><\/figure>\n\n\n\n<figure class=\"wp-block-image size-large\"><img loading=\"lazy\" decoding=\"async\" width=\"1024\" height=\"759\" data-id=\"1200\" src=\"https:\/\/redesign.imlaufderzeit.de\/wp-content\/uploads\/2025\/12\/40-Weber-1024x759.jpg\" alt=\"Gschwend \u2013 Welzheimer Strasse \u2013 Hausnummer 40 \u2013 1952\" class=\"wp-image-1200\" srcset=\"https:\/\/redesign.imlaufderzeit.de\/wp-content\/uploads\/2025\/12\/40-Weber-1024x759.jpg 1024w, https:\/\/redesign.imlaufderzeit.de\/wp-content\/uploads\/2025\/12\/40-Weber-300x222.jpg 300w, https:\/\/redesign.imlaufderzeit.de\/wp-content\/uploads\/2025\/12\/40-Weber-768x569.jpg 768w, https:\/\/redesign.imlaufderzeit.de\/wp-content\/uploads\/2025\/12\/40-Weber-1536x1138.jpg 1536w, https:\/\/redesign.imlaufderzeit.de\/wp-content\/uploads\/2025\/12\/40-Weber-2048x1518.jpg 2048w\" sizes=\"auto, (max-width: 1024px) 100vw, 1024px\" \/><figcaption class=\"wp-element-caption\">Gschwend \u2013 Welzheimer Strasse \u2013 Hausnummer 40 \u2013 1948<\/figcaption><\/figure>\n\n\n\n<figure class=\"wp-block-image size-large\"><img loading=\"lazy\" decoding=\"async\" width=\"1024\" height=\"683\" data-id=\"1182\" src=\"https:\/\/redesign.imlaufderzeit.de\/wp-content\/uploads\/2025\/12\/1952-2-1024x683.jpg\" alt=\"Gschwend \u2013 Welzheimer Strasse \u2013 Hausnummer 40 \u2013 1952\" class=\"wp-image-1182\" srcset=\"https:\/\/redesign.imlaufderzeit.de\/wp-content\/uploads\/2025\/12\/1952-2-1024x683.jpg 1024w, https:\/\/redesign.imlaufderzeit.de\/wp-content\/uploads\/2025\/12\/1952-2-300x200.jpg 300w, https:\/\/redesign.imlaufderzeit.de\/wp-content\/uploads\/2025\/12\/1952-2-768x512.jpg 768w, https:\/\/redesign.imlaufderzeit.de\/wp-content\/uploads\/2025\/12\/1952-2-1536x1024.jpg 1536w, https:\/\/redesign.imlaufderzeit.de\/wp-content\/uploads\/2025\/12\/1952-2.jpg 1920w\" sizes=\"auto, (max-width: 1024px) 100vw, 1024px\" \/><figcaption class=\"wp-element-caption\">Gschwend \u2013 Welzheimer Strasse \u2013 Hausnummer 40 \u2013 1952<\/figcaption><\/figure>\n\n\n\n<figure class=\"wp-block-image size-large\"><img loading=\"lazy\" decoding=\"async\" width=\"1024\" height=\"634\" data-id=\"1201\" src=\"https:\/\/redesign.imlaufderzeit.de\/wp-content\/uploads\/2025\/12\/Nr.-43_Lillienfein-und-Nr.-45-Deess-1024x634.jpg\" alt=\"Gschwend \u2013 Welzheimer Strasse \u2013 Hausnummer 43 \u2013 1952\" class=\"wp-image-1201\" srcset=\"https:\/\/redesign.imlaufderzeit.de\/wp-content\/uploads\/2025\/12\/Nr.-43_Lillienfein-und-Nr.-45-Deess-1024x634.jpg 1024w, https:\/\/redesign.imlaufderzeit.de\/wp-content\/uploads\/2025\/12\/Nr.-43_Lillienfein-und-Nr.-45-Deess-300x186.jpg 300w, https:\/\/redesign.imlaufderzeit.de\/wp-content\/uploads\/2025\/12\/Nr.-43_Lillienfein-und-Nr.-45-Deess-768x475.jpg 768w, https:\/\/redesign.imlaufderzeit.de\/wp-content\/uploads\/2025\/12\/Nr.-43_Lillienfein-und-Nr.-45-Deess-1536x951.jpg 1536w, https:\/\/redesign.imlaufderzeit.de\/wp-content\/uploads\/2025\/12\/Nr.-43_Lillienfein-und-Nr.-45-Deess-2048x1268.jpg 2048w\" sizes=\"auto, (max-width: 1024px) 100vw, 1024px\" \/><figcaption class=\"wp-element-caption\">Gschwend \u2013 Welzheimer Strasse \u2013 Hausnummer 43 \u2013 1952 <br>Fr\u00fcher Familie Lilienfein <em>im Hintergrund Nr 45<\/em><\/figcaption><\/figure>\n\n\n\n<figure class=\"wp-block-image size-large\"><img loading=\"lazy\" decoding=\"async\" width=\"1024\" height=\"683\" data-id=\"1190\" src=\"https:\/\/redesign.imlaufderzeit.de\/wp-content\/uploads\/2025\/12\/1965-3-1024x683.jpg\" alt=\"Gschwend \u2013 Welzheimer Strasse \u2013 Hausnummer 45 \u2013 1965\" class=\"wp-image-1190\" srcset=\"https:\/\/redesign.imlaufderzeit.de\/wp-content\/uploads\/2025\/12\/1965-3-1024x683.jpg 1024w, https:\/\/redesign.imlaufderzeit.de\/wp-content\/uploads\/2025\/12\/1965-3-300x200.jpg 300w, https:\/\/redesign.imlaufderzeit.de\/wp-content\/uploads\/2025\/12\/1965-3-768x512.jpg 768w, https:\/\/redesign.imlaufderzeit.de\/wp-content\/uploads\/2025\/12\/1965-3-1536x1024.jpg 1536w, https:\/\/redesign.imlaufderzeit.de\/wp-content\/uploads\/2025\/12\/1965-3.jpg 1920w\" sizes=\"auto, (max-width: 1024px) 100vw, 1024px\" \/><figcaption class=\"wp-element-caption\">Gschwend \u2013 Welzheimer Strasse \u2013 Hausnummer 45 \u2013 1974<\/figcaption><\/figure>\n\n\n\n<figure class=\"wp-block-image size-large\"><img loading=\"lazy\" decoding=\"async\" width=\"1024\" height=\"683\" data-id=\"1184\" src=\"https:\/\/redesign.imlaufderzeit.de\/wp-content\/uploads\/2025\/12\/1975-2-1024x683.jpg\" alt=\"Gschwend \u2013 Welzheimer Strasse \u2013 Hausnummer 40 \u2013 1985\" class=\"wp-image-1184\" srcset=\"https:\/\/redesign.imlaufderzeit.de\/wp-content\/uploads\/2025\/12\/1975-2-1024x683.jpg 1024w, https:\/\/redesign.imlaufderzeit.de\/wp-content\/uploads\/2025\/12\/1975-2-300x200.jpg 300w, https:\/\/redesign.imlaufderzeit.de\/wp-content\/uploads\/2025\/12\/1975-2-768x512.jpg 768w, https:\/\/redesign.imlaufderzeit.de\/wp-content\/uploads\/2025\/12\/1975-2-1536x1024.jpg 1536w, https:\/\/redesign.imlaufderzeit.de\/wp-content\/uploads\/2025\/12\/1975-2.jpg 1920w\" sizes=\"auto, (max-width: 1024px) 100vw, 1024px\" \/><figcaption class=\"wp-element-caption\">Gschwend \u2013 Welzheimer Strasse \u2013 Hausnummer 45 \u2013 2005<br>MTD Reifen<\/figcaption><\/figure>\n\n\n\n<figure class=\"wp-block-image size-large\"><img loading=\"lazy\" decoding=\"async\" width=\"1024\" height=\"683\" data-id=\"1181\" src=\"https:\/\/redesign.imlaufderzeit.de\/wp-content\/uploads\/2025\/12\/1990-2-1024x683.jpg\" alt=\"Gschwend \u2013 Welzheimer Strasse \u2013 Hausnummer 40 \u2013 1990\" class=\"wp-image-1181\" srcset=\"https:\/\/redesign.imlaufderzeit.de\/wp-content\/uploads\/2025\/12\/1990-2-1024x683.jpg 1024w, https:\/\/redesign.imlaufderzeit.de\/wp-content\/uploads\/2025\/12\/1990-2-300x200.jpg 300w, https:\/\/redesign.imlaufderzeit.de\/wp-content\/uploads\/2025\/12\/1990-2-768x512.jpg 768w, https:\/\/redesign.imlaufderzeit.de\/wp-content\/uploads\/2025\/12\/1990-2-1536x1024.jpg 1536w, https:\/\/redesign.imlaufderzeit.de\/wp-content\/uploads\/2025\/12\/1990-2.jpg 1920w\" sizes=\"auto, (max-width: 1024px) 100vw, 1024px\" \/><figcaption class=\"wp-element-caption\">Gschwend \u2013 Welzheimer Strasse \u2013 Hausnummer 45 \u2013 2010<br>MTD Reifen<\/figcaption><\/figure>\n<\/figure>\n","protected":false},"excerpt":{"rendered":"","protected":false},"author":1,"featured_media":0,"parent":8,"menu_order":0,"comment_status":"closed","ping_status":"closed","template":"","meta":{"footnotes":""},"class_list":["post-584","page","type-page","status-publish","hentry"],"_links":{"self":[{"href":"https:\/\/redesign.imlaufderzeit.de\/index.php?rest_route=\/wp\/v2\/pages\/584","targetHints":{"allow":["GET"]}}],"collection":[{"href":"https:\/\/redesign.imlaufderzeit.de\/index.php?rest_route=\/wp\/v2\/pages"}],"about":[{"href":"https:\/\/redesign.imlaufderzeit.de\/index.php?rest_route=\/wp\/v2\/types\/page"}],"author":[{"embeddable":true,"href":"https:\/\/redesign.imlaufderzeit.de\/index.php?rest_route=\/wp\/v2\/users\/1"}],"replies":[{"embeddable":true,"href":"https:\/\/redesign.imlaufderzeit.de\/index.php?rest_route=%2Fwp%2Fv2%2Fcomments&post=584"}],"version-history":[{"count":35,"href":"https:\/\/redesign.imlaufderzeit.de\/index.php?rest_route=\/wp\/v2\/pages\/584\/revisions"}],"predecessor-version":[{"id":1462,"href":"https:\/\/redesign.imlaufderzeit.de\/index.php?rest_route=\/wp\/v2\/pages\/584\/revisions\/1462"}],"up":[{"embeddable":true,"href":"https:\/\/redesign.imlaufderzeit.de\/index.php?rest_route=\/wp\/v2\/pages\/8"}],"wp:attachment":[{"href":"https:\/\/redesign.imlaufderzeit.de\/index.php?rest_route=%2Fwp%2Fv2%2Fmedia&parent=584"}],"curies":[{"name":"wp","href":"https:\/\/api.w.org\/{rel}","templated":true}]}}